{"id":1080475,"date":"2025-07-02T00:16:03","date_gmt":"2025-07-02T00:16:03","guid":{"rendered":"https:\/\/talkpal.ai\/grammar\/konstrukcia-a-partir-des-adjectifs-vo-francuzskej-gramatike\/"},"modified":"2025-07-02T00:16:03","modified_gmt":"2025-07-02T00:16:03","slug":"konstrukcia-a-partir-des-adjectifs-vo-francuzskej-gramatike","status":"publish","type":"grammar","link":"https:\/\/talkpal.ai\/sk\/grammar\/konstrukcia-a-partir-des-adjectifs-vo-francuzskej-gramatike\/","title":{"rendered":"Kon\u0161trukcia \u00e0 partir des adjectifs vo franc\u00fazskej gramatike"},"content":{"rendered":"<p><a href=\"https:\/\/talkpal.ai\/hu\/grammar\/pozicio-a-francia-nyelvtanban\/\">Franc\u00fazska gramatika<\/a> je zn\u00e1ma svojou rozmanitos\u0165ou a d\u00f4razom na prec\u00edzne vyjadrovanie. Jedn\u00fdm z k\u013e\u00fa\u010dov\u00fdch aspektov je schopnos\u0165 roz\u0161irova\u0165 slovn\u00fa z\u00e1sobu prostredn\u00edctvom tvorby nov\u00fdch slov, najm\u00e4 pomocou adjekt\u00edv. Kon\u0161trukcia \u00e0 partir des adjectifs vo franc\u00fazskej gramatike ozna\u010duje proces vytv\u00e1rania nov\u00fdch slovn\u00fdch druhov alebo foriem vych\u00e1dzaj\u00facich z pr\u00eddavn\u00fdch mien. T\u00e1to t\u00e9ma je d\u00f4le\u017eit\u00e1 pre ka\u017ed\u00e9ho \u0161tudenta franc\u00faz\u0161tiny, ktor\u00fd si chce zlep\u0161i\u0165 p\u00edsomn\u00fd aj \u00fastny prejav a lep\u0161ie porozumie\u0165 nuans\u00e1m jazyka. <a href=\"https:\/\/talkpal.ai\/ko\/ai-%ec%96%b8%ec%96%b4-%ea%b5%90%ec%82%ac\/\">Talkpal<\/a> je skvel\u00fd sp\u00f4sob, ako sa t\u00fato kon\u0161trukciu nau\u010di\u0165 interakt\u00edvne a efekt\u00edvne, pri\u010dom podporuje nielen teoretick\u00e9, ale aj praktick\u00e9 zvl\u00e1dnutie t\u00e9my.<\/p>\n<h2>\u010co znamen\u00e1 \u201eKon\u0161trukcia \u00e0 partir des adjectifs\u201c?<\/h2>\n<p>Tvorba slov odvoden\u00fdch z pr\u00eddavn\u00fdch mien (adjekt\u00edv) je vo franc\u00faz\u0161tine be\u017en\u00fdm javom. Tento proces umo\u017e\u0148uje vytv\u00e1ra\u0165:<\/p>\n<ul>\n<li>Podstatn\u00e9 men\u00e1 (substant\u00edva)<\/li>\n<li>Pr\u00edslovky (adverb\u00e1)<\/li>\n<li>Sloves\u00e1 (verb\u00e1)<\/li>\n<\/ul>\n<p>Kon\u0161trukcia \u00e0 partir des adjectifs teda znamen\u00e1 prechod od jedn\u00e9ho slovn\u00e9ho druhu k in\u00e9mu, pri\u010dom z\u00e1kladom je pr\u00eddavn\u00e9 meno.<\/p>\n<h2>Pre\u010do je t\u00e1to kon\u0161trukcia d\u00f4le\u017eit\u00e1?<\/h2>\n<p>Spr\u00e1vne ovl\u00e1danie tejto gramatickej kon\u0161trukcie prin\u00e1\u0161a nieko\u013eko v\u00fdhod:<\/p>\n<ul>\n<li>Zlep\u0161uje porozumenie franc\u00fazskemu textu.<\/li>\n<li>Obohacuje slovn\u00fa z\u00e1sobu a variabilitu prejavu.<\/li>\n<li>Umo\u017e\u0148uje flexibilnej\u0161ie a presnej\u0161ie vyjadrovanie my\u0161lienok.<\/li>\n<li>U\u013eah\u010duje spr\u00e1vne p\u00edsanie a pochopenie tvorby slov v kontexte.<\/li>\n<\/ul>\n<h2>Hlavn\u00e9 sp\u00f4soby tvorby slov z adjekt\u00edv<\/h2>\n<p>Franc\u00faz\u0161tina vyu\u017e\u00edva nieko\u013eko pravidiel a pr\u00edpon na tvorbu nov\u00fdch slov z adjekt\u00edv. Pozrime sa na ne detailnej\u0161ie.<\/p>\n<h3>1. Tvorba podstatn\u00fdch mien z adjekt\u00edv<\/h3>\n<p>Z adjekt\u00edv m\u00f4\u017eeme vytv\u00e1ra\u0165 podstatn\u00e9 men\u00e1, ktor\u00e9 \u010dasto ozna\u010duj\u00fa vlastnos\u0165, stav alebo osobu s danou vlastnos\u0165ou.<\/p>\n<p><strong>Pr\u00edklady:<\/strong><\/p>\n<ul>\n<li><strong>Jeune<\/strong> (mlad\u00fd) \u2192 <strong>jeunesse<\/strong> (mlados\u0165)<\/li>\n<li><strong>Riche<\/strong> (bohat\u00fd) \u2192 <strong>richesse<\/strong> (bohatstvo)<\/li>\n<li><strong>Petit<\/strong> (mal\u00fd) \u2192 <strong>petitesse<\/strong> (malos\u0165)<\/li>\n<li><strong>\u00c9go\u00efste<\/strong> (egoistick\u00fd) \u2192 <strong>\u00e9go\u00efsme<\/strong> (egoizmus)<\/li>\n<\/ul>\n<p><strong>Be\u017en\u00e9 pr\u00edpony:<\/strong><\/p>\n<ul>\n<li>-esse (napr. tristesse, politesse)<\/li>\n<li>-eur (napr. grandeur, largeur)<\/li>\n<li>-isme (napr. r\u00e9alisme, patriotisme)<\/li>\n<li>-it\u00e9 (napr. rapidit\u00e9, sensibilit\u00e9)<\/li>\n<\/ul>\n<p>V\u0161imnite si, \u017ee vo\u013eba pr\u00edpony z\u00e1vis\u00ed od v\u00fdznamu a tvaru p\u00f4vodn\u00e9ho adjekt\u00edva.<\/p>\n<h3>2. Tvorba pr\u00edsloviek z adjekt\u00edv<\/h3>\n<p>Pr\u00edslovky opisuj\u00fa sp\u00f4sob, ak\u00fdm sa \u010dinnos\u0165 vykon\u00e1va. Vo franc\u00faz\u0161tine sa pr\u00edslovky \u010dasto tvoria pridan\u00edm pr\u00edpony <strong>-ment<\/strong> k \u017eenskej forme adjekt\u00edva.<\/p>\n<p><strong>Pr\u00edklady:<\/strong><\/p>\n<ul>\n<li><strong>Heureux, heureuse<\/strong> \u2192 <strong>heureusement<\/strong> (na\u0161\u0165astie)<\/li>\n<li><strong>Rapide, rapide<\/strong> \u2192 <strong>rapidement<\/strong> (r\u00fdchlo)<\/li>\n<li><strong>S\u00e9rieux, s\u00e9rieuse<\/strong> \u2192 <strong>s\u00e9rieusement<\/strong> (v\u00e1\u017ene)<\/li>\n<\/ul>\n<p><strong>Pravidl\u00e1:<\/strong><\/p>\n<ul>\n<li>Ak adjekt\u00edvum kon\u010d\u00ed na -ant, pr\u00edpona je <strong>-amment<\/strong> (napr. constant \u2192 constamment).<\/li>\n<li>Ak adjekt\u00edvum kon\u010d\u00ed na -ent, pr\u00edpona je <strong>-emment<\/strong> (napr. patient \u2192 patiemment).<\/li>\n<li>V ostatn\u00fdch pr\u00edpadoch sa prid\u00e1va -ment k \u017eenskej forme adjekt\u00edva (napr. poli \u2192 poliment).<\/li>\n<\/ul>\n<h3>3. Tvorba slovies z adjekt\u00edv<\/h3>\n<p>Aj ke\u010f je tento jav menej \u010dast\u00fd, v niektor\u00fdch pr\u00edpadoch sa zo z\u00e1kladn\u00e9ho adjekt\u00edva tvor\u00ed sloveso. Naj\u010dastej\u0161ie ide o star\u0161ie slov\u00e1 alebo \u0161tylisticky v\u00fdrazn\u00e9 v\u00fdrazy.<\/p>\n<p><strong>Pr\u00edklady:<\/strong><\/p>\n<ul>\n<li><strong>Blanc<\/strong> (biely) \u2192 <strong>blanchir<\/strong> (bieli\u0165)<\/li>\n<li><strong>Rouge<\/strong> (\u010derven\u00fd) \u2192 <strong>rougir<\/strong> (s\u010dervena\u0165)<\/li>\n<li><strong>Grand<\/strong> (ve\u013ek\u00fd) \u2192 <strong>grandir<\/strong> (r\u00e1s\u0165, zv\u00e4\u010d\u0161i\u0165 sa)<\/li>\n<\/ul>\n<h2>Naj\u010dastej\u0161ie chyby pri kon\u0161trukcii \u00e0 partir des adjectifs<\/h2>\n<p>Pri pr\u00e1ci s touto kon\u0161trukciou sa \u010dasto stret\u00e1vame s typick\u00fdmi chybami:<\/p>\n<ul>\n<li>Zamie\u0148anie pr\u00edpon (-esse, -eur, -it\u00e9, -ment, at\u010f.).<\/li>\n<li>Nespr\u00e1vna vo\u013eba \u017eensk\u00e9ho tvaru pri tvorbe pr\u00edsloviek.<\/li>\n<li>Priama <a href=\"https:\/\/talkpal.ai\/es\/descargar-la-aplicacion-talkpal-para-android-e-ios\/\">aplik\u00e1cia<\/a> pravidiel bez zoh\u013eadnenia v\u00fdnimiek.<\/li>\n<li>Nespr\u00e1vne pou\u017eitie novotvarov v kontexte vety.<\/li>\n<\/ul>\n<p><strong>Tip:<\/strong> Pri u\u010den\u00ed odpor\u00fa\u010dame pou\u017e\u00edva\u0165 aplik\u00e1cie ako Talkpal, ktor\u00e9 pon\u00fakaj\u00fa interakt\u00edvne cvi\u010denia zameran\u00e9 na tieto \u0161pecifick\u00e9 kon\u0161trukcie.<\/p>\n<h2>V\u00fdznam a pou\u017eitie novotvarov v praxi<\/h2>\n<p>Slov\u00e1 odvoden\u00e9 z adjekt\u00edv sa vyskytuj\u00fa vo v\u0161etk\u00fdch \u0161t\u00fdloch franc\u00faz\u0161tiny \u2013 od be\u017enej hovorovej re\u010di a\u017e po akademick\u00e9 texty. Ich spr\u00e1vne pou\u017eitie:<\/p>\n<ul>\n<li>Zvy\u0161uje plynulos\u0165 a prirodzenos\u0165 vyjadrovania.<\/li>\n<li>Poskytuje mo\u017enosti pre nuansovan\u00e9 vyjadrenie my\u0161lienok.<\/li>\n<li>Umo\u017e\u0148uje presnej\u0161ie opisy dejov, vlastnost\u00ed a stavov.<\/li>\n<\/ul>\n<p><strong>Pr\u00edklady vo vet\u00e1ch:<\/strong><\/p>\n<ul>\n<li>Sa <strong>gentillesse<\/strong> est remarquable. (Jeho\/jej l\u00e1skavos\u0165 je pozoruhodn\u00e1.)<\/li>\n<li>Il a agi <strong>rapidement<\/strong>. (Konala r\u00fdchlo.)<\/li>\n<li>Elle a rougi de honte. (Zahanbene sa za\u010dervenala.)<\/li>\n<\/ul>\n<h2>Tipy na efekt\u00edvne u\u010denie kon\u0161trukcie \u00e0 partir des adjectifs<\/h2>\n<ul>\n<li>Pravidelne si zapisujte nov\u00e9 slov\u00e1 odvoden\u00e9 z adjekt\u00edv do vlastn\u00e9ho slovn\u00edka.<\/li>\n<li>V\u0161\u00edmajte si pou\u017eitie t\u00fdchto slov vo franc\u00fazskych textoch a filmoch.<\/li>\n<li>Vytv\u00e1rajte vlastn\u00e9 vety, aby ste si precvi\u010dili spr\u00e1vne pou\u017eitie.<\/li>\n<li>Vyu\u017e\u00edvajte aplik\u00e1cie ako Talkpal na interakt\u00edvny tr\u00e9ning a sp\u00e4tn\u00fa v\u00e4zbu.<\/li>\n<li>Zap\u00e1jajte sa do konverz\u00e1ci\u00ed s roden\u00fdmi hovorcami a sk\u00fa\u0161ajte pou\u017e\u00edva\u0165 novotvary v praxi.<\/li>\n<\/ul>\n<h2>V\u00fdber spr\u00e1vnej pr\u00edpony: Preh\u013ead najpou\u017e\u00edvanej\u0161\u00edch pr\u00edpon<\/h2>\n<p>Pre efekt\u00edvnu tvorbu slov je d\u00f4le\u017eit\u00e9 pozna\u0165 naj\u010dastej\u0161ie pou\u017e\u00edvan\u00e9 pr\u00edpony a ich v\u00fdznam:<\/p>\n<table>\n<tr>\n<th>Pr\u00edpona<\/th>\n<th>V\u00fdznam \/ Pou\u017eitie<\/th>\n<th>Pr\u00edklady<\/th>\n<\/tr>\n<tr>\n<td>-esse<\/td>\n<td>Vlastnos\u0165, stav<\/td>\n<td>tristesse, politesse, jeunesse<\/td>\n<\/tr>\n<tr>\n<td>-eur<\/td>\n<td>Abstraktn\u00e1 vlastnos\u0165<\/td>\n<td>grandeur, longueur<\/td>\n<\/tr>\n<tr>\n<td>-it\u00e9<\/td>\n<td>V\u0161eobecn\u00e1 vlastnos\u0165<\/td>\n<td>rapidit\u00e9, sensibilit\u00e9<\/td>\n<\/tr>\n<tr>\n<td>-isme<\/td>\n<td>Ideol\u00f3gia, sp\u00f4sob myslenia<\/td>\n<td>r\u00e9alisme, \u00e9go\u00efsme<\/td>\n<\/tr>\n<tr>\n<td>-ment<\/td>\n<td>Pr\u00edslovky<\/td>\n<td>heureusement, rapidement<\/td>\n<\/tr>\n<tr>\n<td>-ir<\/td>\n<td>Sloves\u00e1 (najm\u00e4 z farieb a ve\u013ekost\u00ed)<\/td>\n<td>rougir, blanchir, grandir<\/td>\n<\/tr>\n<\/table>\n<h2>V\u00fdnimky a \u0161pecifick\u00e9 pr\u00edpady<\/h2>\n<p><a href=\"https:\/\/talkpal.ai\/sk\/ucte-sa-francuzsky\/\">Franc\u00fazsky jazyk<\/a> m\u00e1 mno\u017estvo v\u00fdnimiek. Nie v\u0161etky adjekt\u00edva m\u00f4\u017eu by\u0165 pou\u017eit\u00e9 na tvorbu in\u00fdch slovn\u00fdch druhov, a niektor\u00e9 tvary s\u00fa \u0161pecifick\u00e9 pre ur\u010dit\u00fd kontext.<\/p>\n<p><strong>Pr\u00edklady v\u00fdnimiek:<\/strong><\/p>\n<ul>\n<li>Niektor\u00e9 adjekt\u00edva nemaj\u00fa odvoden\u00e9 podstatn\u00e9 meno (napr. <strong>bleu<\/strong> nem\u00e1 <em>*bleuess<\/em>).<\/li>\n<li>Niektor\u00e9 pr\u00edslovky s\u00fa nepravideln\u00e9 (napr. <strong>bon<\/strong> \u2192 <strong>bien<\/strong>, nie <em>*bonnement<\/em>).<\/li>\n<li>Niektor\u00e9 sloves\u00e1 maj\u00fa odli\u0161n\u00fd v\u00fdznam ako p\u00f4vodn\u00e9 adjekt\u00edvum (napr. <strong>fin<\/strong> \u2192 <strong>finir<\/strong> = skon\u010di\u0165, nie \u201ezjemni\u0165\u201c).<\/li>\n<\/ul>\n<h2>Praktick\u00e9 cvi\u010denia a odpor\u00fa\u010dan\u00e9 zdroje<\/h2>\n<p><strong>Cvi\u010denia:<\/strong><\/p>\n<ol>\n<li>Preme\u0148te dan\u00e9 adjekt\u00edvum na podstatn\u00e9 meno: <br \/>\n        <em>fort \u2192 _______<\/em> (spr\u00e1vna odpove\u010f: <strong>force<\/strong>)\n    <\/li>\n<li>Preme\u0148te adjekt\u00edvum na pr\u00edslovku: <br \/>\n        <em>facile \u2192 _______<\/em> (spr\u00e1vna odpove\u010f: <strong>facilement<\/strong>)\n    <\/li>\n<li>Preme\u0148te adjekt\u00edvum na sloveso: <br \/>\n        <em>blanc \u2192 _______<\/em> (spr\u00e1vna odpove\u010f: <strong>blanchir<\/strong>)\n    <\/li>\n<\/ol>\n<p><strong>Odpor\u00fa\u010dan\u00e9 zdroje:<\/strong><\/p>\n<ul>\n<li><a href=\"https:\/\/talkpal.ai\/es\/descargar-la-aplicacion-talkpal-para-android-e-ios\/\">Aplik\u00e1cia<\/a> Talkpal na interakt\u00edvne u\u010denie a konverz\u00e1ciu<\/li>\n<li>Kvalitn\u00e9 franc\u00fazsko-slovensk\u00e9 slovn\u00edky<\/li>\n<li>Franc\u00fazske gramatick\u00e9 cvi\u010debnice (napr. Grammaire progressive du <a href=\"https:\/\/talkpal.ai\/learn-french\/\">fran\u00e7ais<\/a>)<\/li>\n<li>Online port\u00e1ly a f\u00f3ra pre \u0161tudentov franc\u00faz\u0161tiny<\/li>\n<\/ul>\n<h2>Z\u00e1ver<\/h2>\n<p>Kon\u0161trukcia \u00e0 partir des adjectifs vo franc\u00fazskej gramatike je z\u00e1kladom pre roz\u0161irovanie slovnej z\u00e1soby a preh\u013abenie jazykov\u00fdch zru\u010dnost\u00ed. Osvojenie si t\u00fdchto pravidiel umo\u017e\u0148uje \u0161tudentom efekt\u00edvnej\u0161ie komunikova\u0165, lep\u0161ie rozumie\u0165 textom a vyjadrova\u0165 sa presnej\u0161ie a pestrej\u0161ie. Pravideln\u00e9 cvi\u010denie, pozorovanie \u017eiv\u00e9ho jazyka a vyu\u017e\u00edvanie modern\u00fdch n\u00e1strojov ako Talkpal v\u00e1m pom\u00f4\u017ee zvl\u00e1dnu\u0165 t\u00fato t\u00e9mu na vysokej \u00farovni. Nezab\u00fadajte, \u017ee jazyk je \u017eiv\u00fd organizmus \u2013 \u010d\u00edm viac sa budete venova\u0165 akt\u00edvnej tvorbe slov a ich spr\u00e1vnemu pou\u017e\u00edvaniu, t\u00fdm r\u00fdchlej\u0161ie dosiahnete plynulos\u0165 a sebavedomie vo franc\u00faz\u0161tine.<\/p>\n","protected":false},"featured_media":1527736,"template":"","language":[12968,12975],"class_list":["post-1080475","grammar","type-grammar","status-publish","has-post-thumbnail","hentry","language-francuzsky","language-prislovky-francuzska-gramatika"],"acf":[],"yoast_head":"<!-- This site is optimized with the Yoast SEO Premium plugin v27.2 (Yoast SEO v27.2) - https:\/\/yoast.com\/product\/yoast-seo-premium-wordpress\/ -->\n<title>Kon\u0161trukcia \u00e0 partir des adjectifs vo franc\u00fazskej gramatike - Talkpal<\/title>\n<meta name=\"description\" content=\"Franc\u00fazska gramatika je zn\u00e1ma svojou rozmanitos\u0165ou a d\u00f4razom na prec\u00edzne vyjadrovanie. Jedn\u00fdm z k\u013e\u00fa\u010dov\u00fdch aspektov je schopnos\u0165 roz\u0161irova\u0165 slovn\u00fa z\u00e1sobu\" \/>\n<meta name=\"robots\" content=\"index, follow, max-snippet:-1, max-image-preview:large, max-video-preview:-1\" \/>\n<link rel=\"canonical\" href=\"https:\/\/talkpal.ai\/sk\/grammar\/konstrukcia-a-partir-des-adjectifs-vo-francuzskej-gramatike\/\" \/>\n<meta property=\"og:locale\" content=\"sk_SK\" \/>\n<meta property=\"og:type\" content=\"article\" \/>\n<meta property=\"og:title\" content=\"Kon\u0161trukcia \u00e0 partir des adjectifs vo franc\u00fazskej gramatike\" \/>\n<meta property=\"og:description\" content=\"Franc\u00fazska gramatika je zn\u00e1ma svojou rozmanitos\u0165ou a d\u00f4razom na prec\u00edzne vyjadrovanie. Jedn\u00fdm z k\u013e\u00fa\u010dov\u00fdch aspektov je schopnos\u0165 roz\u0161irova\u0165 slovn\u00fa z\u00e1sobu\" \/>\n<meta property=\"og:url\" content=\"https:\/\/talkpal.ai\/sk\/grammar\/konstrukcia-a-partir-des-adjectifs-vo-francuzskej-gramatike\/\" \/>\n<meta property=\"og:site_name\" content=\"Talkpal\" \/>\n<meta property=\"article:publisher\" content=\"https:\/\/www.facebook.com\/profile.php?id=100090733639311\" \/>\n<meta property=\"og:image\" content=\"https:\/\/talkpal.ai\/wp-content\/uploads\/2025\/02\/Progress-tab-16_9.png\" \/>\n\t<meta property=\"og:image:width\" content=\"2880\" \/>\n\t<meta property=\"og:image:height\" content=\"1620\" \/>\n\t<meta property=\"og:image:type\" content=\"image\/png\" \/>\n<meta name=\"twitter:card\" content=\"summary_large_image\" \/>\n<meta name=\"twitter:site\" content=\"@talkpalai\" \/>\n<meta name=\"twitter:label1\" content=\"Predpokladan\u00fd \u010das \u010d\u00edtania\" \/>\n\t<meta name=\"twitter:data1\" content=\"6 min\u00fat\" \/>\n<script type=\"application\/ld+json\" class=\"yoast-schema-graph\">{\"@context\":\"https:\/\/schema.org\",\"@graph\":[{\"@type\":\"WebPage\",\"@id\":\"https:\/\/talkpal.ai\/sk\/grammar\/konstrukcia-a-partir-des-adjectifs-vo-francuzskej-gramatike\/\",\"url\":\"https:\/\/talkpal.ai\/sk\/grammar\/konstrukcia-a-partir-des-adjectifs-vo-francuzskej-gramatike\/\",\"name\":\"Kon\u0161trukcia \u00e0 partir des adjectifs vo franc\u00fazskej gramatike - Talkpal\",\"isPartOf\":{\"@id\":\"https:\/\/talkpal.ai\/sk\/#website\"},\"primaryImageOfPage\":{\"@id\":\"https:\/\/talkpal.ai\/sk\/grammar\/konstrukcia-a-partir-des-adjectifs-vo-francuzskej-gramatike\/#primaryimage\"},\"image\":{\"@id\":\"https:\/\/talkpal.ai\/sk\/grammar\/konstrukcia-a-partir-des-adjectifs-vo-francuzskej-gramatike\/#primaryimage\"},\"thumbnailUrl\":\"https:\/\/talkpal.ai\/wp-content\/uploads\/2025\/12\/learning-languages-at-a-window-desk.webp\",\"datePublished\":\"2025-07-02T00:16:03+00:00\",\"description\":\"Franc\u00fazska gramatika je zn\u00e1ma svojou rozmanitos\u0165ou a d\u00f4razom na prec\u00edzne vyjadrovanie. Jedn\u00fdm z k\u013e\u00fa\u010dov\u00fdch aspektov je schopnos\u0165 roz\u0161irova\u0165 slovn\u00fa z\u00e1sobu\",\"breadcrumb\":{\"@id\":\"https:\/\/talkpal.ai\/sk\/grammar\/konstrukcia-a-partir-des-adjectifs-vo-francuzskej-gramatike\/#breadcrumb\"},\"inLanguage\":\"sk-SK\",\"potentialAction\":[{\"@type\":\"ReadAction\",\"target\":[\"https:\/\/talkpal.ai\/sk\/grammar\/konstrukcia-a-partir-des-adjectifs-vo-francuzskej-gramatike\/\"]}]},{\"@type\":\"ImageObject\",\"inLanguage\":\"sk-SK\",\"@id\":\"https:\/\/talkpal.ai\/sk\/grammar\/konstrukcia-a-partir-des-adjectifs-vo-francuzskej-gramatike\/#primaryimage\",\"url\":\"https:\/\/talkpal.ai\/wp-content\/uploads\/2025\/12\/learning-languages-at-a-window-desk.webp\",\"contentUrl\":\"https:\/\/talkpal.ai\/wp-content\/uploads\/2025\/12\/learning-languages-at-a-window-desk.webp\",\"width\":1200,\"height\":896,\"caption\":\"A man works on his laptop to learn languages at a desk by a window with a town view.\"},{\"@type\":\"BreadcrumbList\",\"@id\":\"https:\/\/talkpal.ai\/sk\/grammar\/konstrukcia-a-partir-des-adjectifs-vo-francuzskej-gramatike\/#breadcrumb\",\"itemListElement\":[{\"@type\":\"ListItem\",\"position\":1,\"name\":\"Homepage\",\"item\":\"https:\/\/talkpal.ai\/sk\/\"},{\"@type\":\"ListItem\",\"position\":2,\"name\":\"Kon\u0161trukcia \u00e0 partir des adjectifs vo franc\u00fazskej gramatike\"}]},{\"@type\":\"WebSite\",\"@id\":\"https:\/\/talkpal.ai\/sk\/#website\",\"url\":\"https:\/\/talkpal.ai\/sk\/\",\"name\":\"Talkpal\",\"description\":\"AI Language Learning\",\"publisher\":{\"@id\":\"https:\/\/talkpal.ai\/sk\/#organization\"},\"alternateName\":\"Talkpal AI\",\"potentialAction\":[{\"@type\":\"SearchAction\",\"target\":{\"@type\":\"EntryPoint\",\"urlTemplate\":\"https:\/\/talkpal.ai\/sk\/?s={search_term_string}\"},\"query-input\":{\"@type\":\"PropertyValueSpecification\",\"valueRequired\":true,\"valueName\":\"search_term_string\"}}],\"inLanguage\":\"sk-SK\"},{\"@type\":\"Organization\",\"@id\":\"https:\/\/talkpal.ai\/sk\/#organization\",\"name\":\"Talkpal, Inc.\",\"alternateName\":\"Talkpal AI\",\"url\":\"https:\/\/talkpal.ai\/sk\/\",\"logo\":{\"@type\":\"ImageObject\",\"inLanguage\":\"sk-SK\",\"@id\":\"https:\/\/talkpal.ai\/sk\/#\/schema\/logo\/image\/\",\"url\":\"https:\/\/talkpal.ai\/wp-content\/uploads\/2024\/03\/Talkpal-Logo-Icon.png\",\"contentUrl\":\"https:\/\/talkpal.ai\/wp-content\/uploads\/2024\/03\/Talkpal-Logo-Icon.png\",\"width\":2880,\"height\":2880,\"caption\":\"Talkpal, Inc.\"},\"image\":{\"@id\":\"https:\/\/talkpal.ai\/sk\/#\/schema\/logo\/image\/\"},\"sameAs\":[\"https:\/\/www.facebook.com\/profile.php?id=100090733639311\",\"https:\/\/x.com\/talkpalai\",\"https:\/\/www.linkedin.com\/company\/talkpal\/\",\"https:\/\/www.youtube.com\/@TalkPal\/\",\"https:\/\/www.tiktok.com\/@talkpal\",\"https:\/\/www.instagram.com\/talkpal_ai\/\",\"https:\/\/www.crunchbase.com\/organization\/talkpal-9cde\",\"https:\/\/www.g2.com\/products\/talkpal-for-business\/\",\"https:\/\/www.trustpilot.com\/review\/talkpal.ai\",\"https:\/\/www.capterra.com\/p\/10006800\/TalkPal\/\"],\"description\":\"Talkpal is a language learning web and mobile education app, powered by the latest AI technologies, that provides engaging experiences to its customers in many different languages to help them improve their language skills. Users can chat about unlimited amount of topics with the app and use other modes to practice their language learning.\",\"email\":\"support@talkpal.ai\",\"legalName\":\"Talkpal, Inc.\",\"foundingDate\":\"2023-04-03\",\"duns\":\"118989042\",\"numberOfEmployees\":{\"@type\":\"QuantitativeValue\",\"minValue\":\"11\",\"maxValue\":\"50\"},\"publishingPrinciples\":\"https:\/\/talkpal.ai\/publishing-principles\/\",\"actionableFeedbackPolicy\":\"https:\/\/talkpal.ai\/actionable-feedback-policy\/\",\"correctionsPolicy\":\"https:\/\/talkpal.ai\/corrections-policy\/\",\"ethicsPolicy\":\"https:\/\/talkpal.ai\/ethics-policy\/\",\"diversityPolicy\":\"https:\/\/talkpal.ai\/diversity-policy\/\",\"diversityStaffingReport\":\"https:\/\/talkpal.ai\/diversity-policy\/\"}]}<\/script>\n<!-- \/ Yoast SEO Premium plugin. -->","yoast_head_json":{"title":"Kon\u0161trukcia \u00e0 partir des adjectifs vo franc\u00fazskej gramatike - Talkpal","description":"Franc\u00fazska gramatika je zn\u00e1ma svojou rozmanitos\u0165ou a d\u00f4razom na prec\u00edzne vyjadrovanie. Jedn\u00fdm z k\u013e\u00fa\u010dov\u00fdch aspektov je schopnos\u0165 roz\u0161irova\u0165 slovn\u00fa z\u00e1sobu","robots":{"index":"index","follow":"follow","max-snippet":"max-snippet:-1","max-image-preview":"max-image-preview:large","max-video-preview":"max-video-preview:-1"},"canonical":"https:\/\/talkpal.ai\/sk\/grammar\/konstrukcia-a-partir-des-adjectifs-vo-francuzskej-gramatike\/","og_locale":"sk_SK","og_type":"article","og_title":"Kon\u0161trukcia \u00e0 partir des adjectifs vo franc\u00fazskej gramatike","og_description":"Franc\u00fazska gramatika je zn\u00e1ma svojou rozmanitos\u0165ou a d\u00f4razom na prec\u00edzne vyjadrovanie. Jedn\u00fdm z k\u013e\u00fa\u010dov\u00fdch aspektov je schopnos\u0165 roz\u0161irova\u0165 slovn\u00fa z\u00e1sobu","og_url":"https:\/\/talkpal.ai\/sk\/grammar\/konstrukcia-a-partir-des-adjectifs-vo-francuzskej-gramatike\/","og_site_name":"Talkpal","article_publisher":"https:\/\/www.facebook.com\/profile.php?id=100090733639311","og_image":[{"width":2880,"height":1620,"url":"https:\/\/talkpal.ai\/wp-content\/uploads\/2025\/02\/Progress-tab-16_9.png","type":"image\/png"}],"twitter_card":"summary_large_image","twitter_site":"@talkpalai","twitter_misc":{"Predpokladan\u00fd \u010das \u010d\u00edtania":"6 min\u00fat"},"schema":{"@context":"https:\/\/schema.org","@graph":[{"@type":"WebPage","@id":"https:\/\/talkpal.ai\/sk\/grammar\/konstrukcia-a-partir-des-adjectifs-vo-francuzskej-gramatike\/","url":"https:\/\/talkpal.ai\/sk\/grammar\/konstrukcia-a-partir-des-adjectifs-vo-francuzskej-gramatike\/","name":"Kon\u0161trukcia \u00e0 partir des adjectifs vo franc\u00fazskej gramatike - Talkpal","isPartOf":{"@id":"https:\/\/talkpal.ai\/sk\/#website"},"primaryImageOfPage":{"@id":"https:\/\/talkpal.ai\/sk\/grammar\/konstrukcia-a-partir-des-adjectifs-vo-francuzskej-gramatike\/#primaryimage"},"image":{"@id":"https:\/\/talkpal.ai\/sk\/grammar\/konstrukcia-a-partir-des-adjectifs-vo-francuzskej-gramatike\/#primaryimage"},"thumbnailUrl":"https:\/\/talkpal.ai\/wp-content\/uploads\/2025\/12\/learning-languages-at-a-window-desk.webp","datePublished":"2025-07-02T00:16:03+00:00","description":"Franc\u00fazska gramatika je zn\u00e1ma svojou rozmanitos\u0165ou a d\u00f4razom na prec\u00edzne vyjadrovanie. Jedn\u00fdm z k\u013e\u00fa\u010dov\u00fdch aspektov je schopnos\u0165 roz\u0161irova\u0165 slovn\u00fa z\u00e1sobu","breadcrumb":{"@id":"https:\/\/talkpal.ai\/sk\/grammar\/konstrukcia-a-partir-des-adjectifs-vo-francuzskej-gramatike\/#breadcrumb"},"inLanguage":"sk-SK","potentialAction":[{"@type":"ReadAction","target":["https:\/\/talkpal.ai\/sk\/grammar\/konstrukcia-a-partir-des-adjectifs-vo-francuzskej-gramatike\/"]}]},{"@type":"ImageObject","inLanguage":"sk-SK","@id":"https:\/\/talkpal.ai\/sk\/grammar\/konstrukcia-a-partir-des-adjectifs-vo-francuzskej-gramatike\/#primaryimage","url":"https:\/\/talkpal.ai\/wp-content\/uploads\/2025\/12\/learning-languages-at-a-window-desk.webp","contentUrl":"https:\/\/talkpal.ai\/wp-content\/uploads\/2025\/12\/learning-languages-at-a-window-desk.webp","width":1200,"height":896,"caption":"A man works on his laptop to learn languages at a desk by a window with a town view."},{"@type":"BreadcrumbList","@id":"https:\/\/talkpal.ai\/sk\/grammar\/konstrukcia-a-partir-des-adjectifs-vo-francuzskej-gramatike\/#breadcrumb","itemListElement":[{"@type":"ListItem","position":1,"name":"Homepage","item":"https:\/\/talkpal.ai\/sk\/"},{"@type":"ListItem","position":2,"name":"Kon\u0161trukcia \u00e0 partir des adjectifs vo franc\u00fazskej gramatike"}]},{"@type":"WebSite","@id":"https:\/\/talkpal.ai\/sk\/#website","url":"https:\/\/talkpal.ai\/sk\/","name":"Talkpal","description":"AI Language Learning","publisher":{"@id":"https:\/\/talkpal.ai\/sk\/#organization"},"alternateName":"Talkpal AI","potentialAction":[{"@type":"SearchAction","target":{"@type":"EntryPoint","urlTemplate":"https:\/\/talkpal.ai\/sk\/?s={search_term_string}"},"query-input":{"@type":"PropertyValueSpecification","valueRequired":true,"valueName":"search_term_string"}}],"inLanguage":"sk-SK"},{"@type":"Organization","@id":"https:\/\/talkpal.ai\/sk\/#organization","name":"Talkpal, Inc.","alternateName":"Talkpal AI","url":"https:\/\/talkpal.ai\/sk\/","logo":{"@type":"ImageObject","inLanguage":"sk-SK","@id":"https:\/\/talkpal.ai\/sk\/#\/schema\/logo\/image\/","url":"https:\/\/talkpal.ai\/wp-content\/uploads\/2024\/03\/Talkpal-Logo-Icon.png","contentUrl":"https:\/\/talkpal.ai\/wp-content\/uploads\/2024\/03\/Talkpal-Logo-Icon.png","width":2880,"height":2880,"caption":"Talkpal, Inc."},"image":{"@id":"https:\/\/talkpal.ai\/sk\/#\/schema\/logo\/image\/"},"sameAs":["https:\/\/www.facebook.com\/profile.php?id=100090733639311","https:\/\/x.com\/talkpalai","https:\/\/www.linkedin.com\/company\/talkpal\/","https:\/\/www.youtube.com\/@TalkPal\/","https:\/\/www.tiktok.com\/@talkpal","https:\/\/www.instagram.com\/talkpal_ai\/","https:\/\/www.crunchbase.com\/organization\/talkpal-9cde","https:\/\/www.g2.com\/products\/talkpal-for-business\/","https:\/\/www.trustpilot.com\/review\/talkpal.ai","https:\/\/www.capterra.com\/p\/10006800\/TalkPal\/"],"description":"Talkpal is a language learning web and mobile education app, powered by the latest AI technologies, that provides engaging experiences to its customers in many different languages to help them improve their language skills. Users can chat about unlimited amount of topics with the app and use other modes to practice their language learning.","email":"support@talkpal.ai","legalName":"Talkpal, Inc.","foundingDate":"2023-04-03","duns":"118989042","numberOfEmployees":{"@type":"QuantitativeValue","minValue":"11","maxValue":"50"},"publishingPrinciples":"https:\/\/talkpal.ai\/publishing-principles\/","actionableFeedbackPolicy":"https:\/\/talkpal.ai\/actionable-feedback-policy\/","correctionsPolicy":"https:\/\/talkpal.ai\/corrections-policy\/","ethicsPolicy":"https:\/\/talkpal.ai\/ethics-policy\/","diversityPolicy":"https:\/\/talkpal.ai\/diversity-policy\/","diversityStaffingReport":"https:\/\/talkpal.ai\/diversity-policy\/"}]}},"_links":{"self":[{"href":"https:\/\/talkpal.ai\/sk\/wp-json\/wp\/v2\/grammar\/1080475","targetHints":{"allow":["GET"]}}],"collection":[{"href":"https:\/\/talkpal.ai\/sk\/wp-json\/wp\/v2\/grammar"}],"about":[{"href":"https:\/\/talkpal.ai\/sk\/wp-json\/wp\/v2\/types\/grammar"}],"wp:featuredmedia":[{"embeddable":true,"href":"https:\/\/talkpal.ai\/sk\/wp-json\/wp\/v2\/media\/1527736"}],"wp:attachment":[{"href":"https:\/\/talkpal.ai\/sk\/wp-json\/wp\/v2\/media?parent=1080475"}],"wp:term":[{"taxonomy":"language","embeddable":true,"href":"https:\/\/talkpal.ai\/sk\/wp-json\/wp\/v2\/language?post=1080475"}],"curies":[{"name":"wp","href":"https:\/\/api.w.org\/{rel}","templated":true}]}}