{"id":1080472,"date":"2025-07-02T00:15:51","date_gmt":"2025-07-02T00:15:51","guid":{"rendered":"https:\/\/talkpal.ai\/grammar\/pronoms-relifs-vo-francuzskej-gramatike\/"},"modified":"2025-07-02T00:15:51","modified_gmt":"2025-07-02T00:15:51","slug":"pronoms-relifs-vo-francuzskej-gramatike","status":"publish","type":"grammar","link":"https:\/\/talkpal.ai\/sk\/grammar\/pronoms-relifs-vo-francuzskej-gramatike\/","title":{"rendered":"Pronoms relifs vo franc\u00fazskej gramatike"},"content":{"rendered":"<p><a href=\"https:\/\/talkpal.ai\/hu\/grammar\/pozicio-a-francia-nyelvtanban\/\">Franc\u00fazska gramatika<\/a> patr\u00ed medzi najd\u00f4le\u017eitej\u0161ie piliere efekt\u00edvneho ovl\u00e1dania tohto kr\u00e1sneho jazyka. Jedn\u00fdm z jej k\u013e\u00fa\u010dov\u00fdch aspektov s\u00fa pr\u00e1ve vz\u0165a\u017en\u00e9 z\u00e1men\u00e1 \u2013 <a href=\"https:\/\/talkpal.ai\/zh-hans\/grammar_exercises\/pronoms-relatifs-%e6%b3%95%e8%af%ad%e8%af%ad%e6%b3%95%e7%bb%83%e4%b9%a0\/\">pronoms relatifs<\/a>. Tieto z\u00e1men\u00e1 umo\u017e\u0148uj\u00fa sp\u00e1ja\u0165 vety, roz\u0161irova\u0165 inform\u00e1cie a vyjadrova\u0165 komplexn\u00e9 vz\u0165ahy medzi jednotliv\u00fdmi \u010das\u0165ami viet. Ich spr\u00e1vne pou\u017eitie je nevyhnutn\u00e9 pre plynul\u00e9 a presn\u00e9 vyjadrovanie sa vo franc\u00faz\u0161tine. Ak sa chcete nau\u010di\u0165 ovl\u00e1da\u0165 pronoms relatifs jednoducho a efekt\u00edvne, skvelou pom\u00f4ckou je <a href=\"https:\/\/talkpal.ai\/ko\/ai-%ec%96%b8%ec%96%b4-%ea%b5%90%ec%82%ac\/\">Talkpal<\/a> \u2013 modern\u00e1 platforma na <a href=\"https:\/\/talkpal.ai\/sk\/ucenie-jazykov-nebolo-s-umelou-inteligenciou-nikdy-take-jednoduche\/\">u\u010denie jazykov<\/a>, ktor\u00e1 pon\u00faka interakt\u00edvne cvi\u010denia a praktick\u00e9 pr\u00edklady.<\/p>\n<h2>\u010co s\u00fa pronoms relatifs vo franc\u00fazskej gramatike?<\/h2>\n<p>Pronoms relatifs, alebo vz\u0165a\u017en\u00e9 z\u00e1men\u00e1, s\u00fa slov\u00e1, ktor\u00e9 sp\u00e1jaj\u00fa dve vety (alebo dve \u010dasti vety) do jednej s\u00favetia a z\u00e1rove\u0148 odkazuj\u00fa na podstatn\u00e9 meno alebo z\u00e1meno v prvej vete. V sloven\u010dine ich pozn\u00e1me napr\u00edklad ako \u201ektor\u00fd\u201c, \u201ektor\u00e1\u201c, \u201ektor\u00e9\u201c, \u201e\u010do\u201c, pr\u00edpadne \u201ekto\u201c. Vo franc\u00faz\u0161tine existuje nieko\u013eko z\u00e1kladn\u00fdch aj \u0161peci\u00e1lnych vz\u0165a\u017en\u00fdch z\u00e1men, ktor\u00fdch spr\u00e1vne pou\u017e\u00edvanie je nevyhnutn\u00e9 pre tvorbu zlo\u017eitej\u0161\u00edch viet.<\/p>\n<h3>Z\u00e1kladn\u00e9 typy pronoms relatifs<\/h3>\n<p>Naj\u010dastej\u0161ie pou\u017e\u00edvan\u00e9 vz\u0165a\u017en\u00e9 z\u00e1men\u00e1 vo franc\u00faz\u0161tine s\u00fa:<\/p>\n<ul>\n<li><strong>qui<\/strong> \u2013 kto, ktor\u00fd (pou\u017e\u00edva sa pre podmet)<\/li>\n<li><strong>que (qu\u2019)<\/strong> \u2013 \u010do, ktor\u00e9ho (pou\u017e\u00edva sa pre predmet)<\/li>\n<li><strong>o\u00f9<\/strong> \u2013 kde, kedy (pre miesto alebo \u010das)<\/li>\n<li><strong>dont<\/strong> \u2013 ktor\u00e9ho, ktorej, ktor\u00fdch (vyjadruje vz\u0165ah vlastn\u00edctva alebo v\u00e4zbu s predlo\u017ekou \u201ede\u201c)<\/li>\n<li><strong>lequel, laquelle, lesquels, lesquelles<\/strong> \u2013 ktor\u00fd, ktor\u00e1, ktor\u00ed, ktor\u00e9 (pou\u017e\u00edva sa najm\u00e4 po predlo\u017ek\u00e1ch)<\/li>\n<\/ul>\n<h2>Podrobn\u00fd preh\u013ead jednotliv\u00fdch vz\u0165a\u017en\u00fdch z\u00e1men<\/h2>\n<h3>1. <em>Qui<\/em><\/h3>\n<p><strong>Qui<\/strong> je vz\u0165a\u017en\u00e9 z\u00e1meno, ktor\u00e9 odkazuje na podmet vo ved\u013eaj\u0161ej vete. M\u00f4\u017ee sa vz\u0165ahova\u0165 na osoby aj na veci.<\/p>\n<ul>\n<li>La femme <strong>qui<\/strong> parle est ma m\u00e8re. (\u017dena, <strong>ktor\u00e1<\/strong> hovor\u00ed, je moja mama.)<\/li>\n<li>C\u2019est un livre <strong>qui<\/strong> est facile \u00e0 lire. (To je kniha, <strong>ktor\u00e1<\/strong> sa \u013eahko \u010d\u00edta.)<\/li>\n<\/ul>\n<p><strong>V\u017edy je podmetom ved\u013eaj\u0161ej vety!<\/strong><\/p>\n<h3>2. <em>Que (qu\u2019)<\/em><\/h3>\n<p><strong>Que<\/strong> sa pou\u017e\u00edva, ke\u010f je vz\u0165a\u017en\u00e9 z\u00e1meno predmetom vo ved\u013eaj\u0161ej vete. Odkazuje na osoby aj veci.<\/p>\n<ul>\n<li>Le film <strong>que<\/strong> j\u2019ai vu hier \u00e9tait int\u00e9ressant. (Film, <strong>ktor\u00fd<\/strong> som v\u010dera videl, bol zauj\u00edmav\u00fd.)<\/li>\n<li>La voiture <strong>qu\u2019<\/strong>il conduit est neuve. (Auto, <strong>ktor\u00e9<\/strong> \u0161of\u00e9ruje, je nov\u00e9.)<\/li>\n<\/ul>\n<p><strong>V\u017edy je predmetom ved\u013eaj\u0161ej vety!<\/strong><\/p>\n<h3>3. <em>O\u00f9<\/em><\/h3>\n<p><strong>O\u00f9<\/strong> sa pou\u017e\u00edva na vyjadrenie miesta alebo \u010dasu.<\/p>\n<ul>\n<li>La ville <strong>o\u00f9<\/strong> je suis n\u00e9. (Mesto, <strong>kde<\/strong> som sa narodil.)<\/li>\n<li>L\u2019ann\u00e9e <strong>o\u00f9<\/strong> nous nous sommes rencontr\u00e9s. (Rok, <strong>kedy<\/strong> sme sa stretli.)<\/li>\n<\/ul>\n<h3>4. <em>Dont<\/em><\/h3>\n<p><strong>Dont<\/strong> sa pou\u017e\u00edva na vyjadrenie vlastn\u00edctva alebo v\u00e4zby s predlo\u017ekou <em>de<\/em>.<\/p>\n<ul>\n<li>Le gar\u00e7on <strong>dont<\/strong> le p\u00e8re est m\u00e9decin. (Chlapec, <strong>ktor\u00e9ho<\/strong> otec je lek\u00e1r.)<\/li>\n<li>Voici le livre <strong>dont<\/strong> je t\u2019ai parl\u00e9. (Toto je kniha, <strong>o ktorej<\/strong> som ti hovoril.)<\/li>\n<\/ul>\n<p><strong>Pam\u00e4tajte:<\/strong> <em>Dont<\/em> nahr\u00e1dza \u201ede + z\u00e1meno\/osoba\/vec\u201c vo ved\u013eaj\u0161ej vete.<\/p>\n<h3>5. <em>Lequel, laquelle, lesquels, lesquelles<\/em><\/h3>\n<p>Toto vz\u0165a\u017en\u00e9 z\u00e1meno sa pou\u017e\u00edva najm\u00e4 po predlo\u017ek\u00e1ch a zhoduje sa v rode a \u010d\u00edsle s podstatn\u00fdm menom, na ktor\u00e9 odkazuje.<\/p>\n<ul>\n<li>La chaise sur <strong>laquelle<\/strong> je m\u2019assieds. (Stoli\u010dka, <strong>na ktor\u00fa<\/strong> si sad\u00e1m.)<\/li>\n<li>Les livres parmi <strong>lesquels<\/strong> tu peux choisir. (Knihy, <strong>spomedzi ktor\u00fdch<\/strong> si m\u00f4\u017ee\u0161 vybra\u0165.)<\/li>\n<\/ul>\n<p><strong>Z\u00e1kladn\u00e9 tvary:<\/strong><\/p>\n<ul>\n<li><strong>lequel<\/strong> (m.sg.)<\/li>\n<li><strong>laquelle<\/strong> (\u017e.sg.)<\/li>\n<li><strong>lesquels<\/strong> (m.pl.)<\/li>\n<li><strong>lesquelles<\/strong> (\u017e.pl.)<\/li>\n<\/ul>\n<h2>Rozdiely a pou\u017eitie jednotliv\u00fdch z\u00e1men<\/h2>\n<p>Spr\u00e1vna vo\u013eba vz\u0165a\u017en\u00e9ho z\u00e1mena z\u00e1vis\u00ed od funkcie vety, druhu odkazu (osoba\/vec\/miesto\/\u010das), v\u00e4zby s predlo\u017ekou a \u010fal\u0161\u00edch faktorov. Pozrite si preh\u013ead ich pou\u017eitia:<\/p>\n<ul>\n<li><strong>Qui<\/strong> \u2013 podmet ved\u013eaj\u0161ej vety (osoba\/vec)<\/li>\n<li><strong>Que<\/strong> \u2013 predmet ved\u013eaj\u0161ej vety (osoba\/vec)<\/li>\n<li><strong>O\u00f9<\/strong> \u2013 miesto alebo \u010das<\/li>\n<li><strong>Dont<\/strong> \u2013 vlastn\u00edctvo alebo v\u00e4zba s \u201ede\u201c<\/li>\n<li><strong>Lequel<\/strong> \u2013 po predlo\u017ek\u00e1ch (mus\u00ed sa zhodova\u0165 v rode a \u010d\u00edsle)<\/li>\n<\/ul>\n<h3>Preh\u013eadn\u00e1 tabu\u013eka vz\u0165a\u017en\u00fdch z\u00e1men<\/h3>\n<table>\n<tr>\n<th>Vz\u0165a\u017en\u00e9 z\u00e1meno<\/th>\n<th>Funkcia<\/th>\n<th>Pr\u00edklad<\/th>\n<\/tr>\n<tr>\n<td>qui<\/td>\n<td>Podmet<\/td>\n<td>La femme <b>qui<\/b> parle<\/td>\n<\/tr>\n<tr>\n<td>que<\/td>\n<td>Predmet<\/td>\n<td>Le livre <b>que<\/b> je lis<\/td>\n<\/tr>\n<tr>\n<td>o\u00f9<\/td>\n<td>Miesto\/\u010das<\/td>\n<td>La ville <b>o\u00f9<\/b> je suis n\u00e9<\/td>\n<\/tr>\n<tr>\n<td>dont<\/td>\n<td>V\u00e4zba s \u201ede\u201c<\/td>\n<td>Le gar\u00e7on <b>dont<\/b> le p\u00e8re&#8230;<\/td>\n<\/tr>\n<tr>\n<td>lequel\/laquelle&#8230;<\/td>\n<td>Po predlo\u017ek\u00e1ch<\/td>\n<td>La chaise sur <b>laquelle<\/b>&#8230;<\/td>\n<\/tr>\n<\/table>\n<h2>\u0160pecifick\u00e9 pr\u00edpady a pokro\u010dil\u00e9 pou\u017eitie<\/h2>\n<p>Niektor\u00e9 predlo\u017eky vo franc\u00faz\u0161tine vy\u017eaduj\u00fa pou\u017eitie zlo\u017eitej\u0161\u00edch foriem vz\u0165a\u017en\u00fdch z\u00e1men. Najm\u00e4 pri kombin\u00e1cii s predlo\u017ekami <em>\u00e0<\/em> alebo <em>de<\/em> vznikaj\u00fa tvary ako:<\/p>\n<ul>\n<li><strong>auquel<\/strong> (\u00e0 + lequel)<\/li>\n<li><strong>auxquels<\/strong> (\u00e0 + lesquels)<\/li>\n<li><strong>duquel<\/strong> (de + lequel)<\/li>\n<li><strong>desquelles<\/strong> (de + lesquelles)<\/li>\n<\/ul>\n<p><strong>Pr\u00edklady:<\/strong><\/p>\n<ul>\n<li>La question \u00e0 <strong>laquelle<\/strong> je r\u00e9ponds. (Ot\u00e1zka, na <strong>ktor\u00fa<\/strong> odpoved\u00e1m.)<\/li>\n<li>Le parc pr\u00e8s duquel j\u2019habite. (Park, <strong>pri ktorom<\/strong> b\u00fdvam.)<\/li>\n<\/ul>\n<p><strong>Pozn\u00e1mka:<\/strong> Ak je v\u00e4zba s predlo\u017ekou \u201ede\u201c, uprednost\u0148uje sa \u010dasto <em>dont<\/em>. Zlo\u017eit\u00e9 tvary sa pou\u017e\u00edvaj\u00fa hlavne pri in\u00fdch predlo\u017ek\u00e1ch.<\/p>\n<h2>\u010cast\u00e9 chyby pri pou\u017e\u00edvan\u00ed pronoms relatifs<\/h2>\n<p>Vz\u0165a\u017en\u00e9 z\u00e1men\u00e1 m\u00f4\u017eu by\u0165 pre Slov\u00e1kov zradn\u00e9 kv\u00f4li odli\u0161nostiam medzi franc\u00faz\u0161tinou a sloven\u010dinou. Medzi naj\u010dastej\u0161ie chyby patr\u00ed:<\/p>\n<ul>\n<li>Zamie\u0148anie <strong>qui<\/strong> a <strong>que<\/strong> pod\u013ea slovenskej vety \u2013 vo franc\u00faz\u0161tine sa v\u017edy ur\u010duje pod\u013ea funkcie vo ved\u013eaj\u0161ej vete.<\/li>\n<li>Nespr\u00e1vne pou\u017eitie <strong>o\u00f9<\/strong> namiesto <strong>dont<\/strong> a naopak.<\/li>\n<li>Zab\u00fadanie na zhodu pri <strong>lequel\/laquelle\/lesquels\/lesquelles<\/strong> po predlo\u017ek\u00e1ch.<\/li>\n<li>Nepou\u017e\u00edvanie zlo\u017een\u00fdch tvarov (<strong>auquel, duquel<\/strong> at\u010f.) po niektor\u00fdch predlo\u017ek\u00e1ch.<\/li>\n<\/ul>\n<h3>Tipy na spr\u00e1vne pou\u017e\u00edvanie<\/h3>\n<ul>\n<li>V\u017edy analyzujte, ak\u00fa funkciu m\u00e1 z\u00e1meno vo ved\u013eaj\u0161ej vete (podmet\/predmet\/v\u00e4zba s predlo\u017ekou).<\/li>\n<li>Pri predlo\u017ek\u00e1ch sledujte, na ktor\u00e9 podstatn\u00e9 meno sa z\u00e1meno via\u017ee, a spr\u00e1vne ho sklo\u0148te.<\/li>\n<li>Precvi\u010dujte tvorbu viet s r\u00f4znymi typmi z\u00e1men v kontexte.<\/li>\n<\/ul>\n<h2>Pre\u010do s\u00fa pronoms relatifs d\u00f4le\u017eit\u00e9 pre u\u010denie franc\u00faz\u0161tiny?<\/h2>\n<p>Vz\u0165a\u017en\u00e9 z\u00e1men\u00e1 s\u00fa nevyhnutn\u00e9 pre:<\/p>\n<ul>\n<li>Tvorbu plynul\u00fdch, prirodzen\u00fdch a komplexn\u00fdch viet.<\/li>\n<li>Vyjadrovanie vz\u0165ahov medzi osobami, vecami, miestami a \u010dasom.<\/li>\n<li>Lep\u0161ie porozumenie franc\u00fazskym textom, literat\u00fare a hovorenej re\u010di.<\/li>\n<li>Schopnos\u0165 presne preklada\u0165 a interpretova\u0165 v\u00fdznamy medzi jazykmi.<\/li>\n<\/ul>\n<p>Spr\u00e1vne zvl\u00e1dnutie pronoms relatifs pos\u00fava jazykov\u00e9 schopnosti na vy\u0161\u0161iu \u00farove\u0148 a umo\u017e\u0148uje komunikova\u0165 bohat\u0161ie a presnej\u0161ie.<\/p>\n<h2>Efekt\u00edvne met\u00f3dy u\u010denia pronoms relatifs<\/h2>\n<p>Ak chcete ovl\u00e1dnu\u0165 vz\u0165a\u017en\u00e9 z\u00e1men\u00e1 vo franc\u00faz\u0161tine, odpor\u00fa\u010da sa:<\/p>\n<ul>\n<li>Precvi\u010dova\u0165 tvorbu viet s r\u00f4znymi typmi pronoms relatifs.<\/li>\n<li>\u010c\u00edta\u0165 franc\u00fazske texty a vyh\u013ead\u00e1va\u0165 v nich pr\u00edklady vz\u0165a\u017en\u00fdch viet.<\/li>\n<li>P\u00edsa\u0165 vlastn\u00e9 s\u00favetia a kontrolova\u0165 ich spr\u00e1vnos\u0165.<\/li>\n<li><a href=\"https:\/\/talkpal.ai\/sk\/ucit-sa-po-slovensky\/\">U\u010di\u0165 sa<\/a> pomocou interakt\u00edvnych platforiem, ako je <strong>Talkpal<\/strong>, ktor\u00e1 pon\u00faka cielen\u00e9 cvi\u010denia na t\u00fato t\u00e9mu.<\/li>\n<\/ul>\n<p><strong>Talkpal<\/strong> umo\u017e\u0148uje:<\/p>\n<ul>\n<li>Okam\u017eit\u00fa sp\u00e4tn\u00fa v\u00e4zbu pri tvorbe viet so vz\u0165a\u017en\u00fdmi z\u00e1menami.<\/li>\n<li>Praktick\u00e9 pr\u00edklady z re\u00e1lneho \u017eivota.<\/li>\n<li>Prisp\u00f4sobenie \u00farovne n\u00e1ro\u010dnosti pod\u013ea pokro\u010dilosti \u0161tudenta.<\/li>\n<\/ul>\n<h2>Z\u00e1ver<\/h2>\n<p>Ovl\u00e1danie pronoms relatifs vo franc\u00fazskej gramatike je nevyhnutn\u00e9 pre ka\u017ed\u00e9ho, kto chce komunikova\u0165 vo franc\u00faz\u0161tine zrozumite\u013ene, komplexne a prirodzene. Spr\u00e1vne pou\u017e\u00edvanie t\u00fdchto z\u00e1men v\u00fdrazne obohacuje slovn\u00fa z\u00e1sobu, zlep\u0161uje porozumenie textom a umo\u017e\u0148uje vyjadrova\u0165 aj tie najzlo\u017eitej\u0161ie my\u0161lienky. Ak sa chcete v tejto oblasti zdokonali\u0165, nezabudnite pravidelne tr\u00e9nova\u0165, \u010d\u00edta\u0165 a sk\u00fa\u0161a\u0165 nov\u00e9 vety \u2013 najlep\u0161ie s modern\u00fdmi n\u00e1strojmi, ak\u00fdm je Talkpal, ktor\u00fd v\u00e1s prevedie v\u0161etk\u00fdmi \u00faskaliami franc\u00fazskej gramatiky. Zvl\u00e1dnite pronoms relatifs a posu\u0148te svoju franc\u00faz\u0161tinu na nov\u00fa \u00farove\u0148!<\/p>\n","protected":false},"featured_media":1527831,"template":"","language":[12968,12973],"class_list":["post-1080472","grammar","type-grammar","status-publish","has-post-thumbnail","hentry","language-francuzsky","language-zamena-a-determinanty-francuzska-gramatika"],"acf":[],"yoast_head":"<!-- This site is optimized with the Yoast SEO Premium plugin v27.2 (Yoast SEO v27.2) - https:\/\/yoast.com\/product\/yoast-seo-premium-wordpress\/ -->\n<title>Pronoms relifs vo franc\u00fazskej gramatike - Talkpal<\/title>\n<meta name=\"description\" content=\"Franc\u00fazska gramatika patr\u00ed medzi najd\u00f4le\u017eitej\u0161ie piliere efekt\u00edvneho ovl\u00e1dania tohto kr\u00e1sneho jazyka. Jedn\u00fdm z jej k\u013e\u00fa\u010dov\u00fdch aspektov s\u00fa pr\u00e1ve vz\u0165a\u017en\u00e9\" \/>\n<meta name=\"robots\" content=\"index, follow, max-snippet:-1, max-image-preview:large, max-video-preview:-1\" \/>\n<link rel=\"canonical\" href=\"https:\/\/talkpal.ai\/sk\/grammar\/pronoms-relifs-vo-francuzskej-gramatike\/\" \/>\n<meta property=\"og:locale\" content=\"sk_SK\" \/>\n<meta property=\"og:type\" content=\"article\" \/>\n<meta property=\"og:title\" content=\"Pronoms relifs vo franc\u00fazskej gramatike\" \/>\n<meta property=\"og:description\" content=\"Franc\u00fazska gramatika patr\u00ed medzi najd\u00f4le\u017eitej\u0161ie piliere efekt\u00edvneho ovl\u00e1dania tohto kr\u00e1sneho jazyka. Jedn\u00fdm z jej k\u013e\u00fa\u010dov\u00fdch aspektov s\u00fa pr\u00e1ve vz\u0165a\u017en\u00e9\" \/>\n<meta property=\"og:url\" content=\"https:\/\/talkpal.ai\/sk\/grammar\/pronoms-relifs-vo-francuzskej-gramatike\/\" \/>\n<meta property=\"og:site_name\" content=\"Talkpal\" \/>\n<meta property=\"article:publisher\" content=\"https:\/\/www.facebook.com\/profile.php?id=100090733639311\" \/>\n<meta property=\"og:image\" content=\"https:\/\/talkpal.ai\/wp-content\/uploads\/2025\/02\/Progress-tab-16_9.png\" \/>\n\t<meta property=\"og:image:width\" content=\"2880\" \/>\n\t<meta property=\"og:image:height\" content=\"1620\" \/>\n\t<meta property=\"og:image:type\" content=\"image\/png\" \/>\n<meta name=\"twitter:card\" content=\"summary_large_image\" \/>\n<meta name=\"twitter:site\" content=\"@talkpalai\" \/>\n<meta name=\"twitter:label1\" content=\"Predpokladan\u00fd \u010das \u010d\u00edtania\" \/>\n\t<meta name=\"twitter:data1\" content=\"7 min\u00fat\" \/>\n<script type=\"application\/ld+json\" class=\"yoast-schema-graph\">{\"@context\":\"https:\/\/schema.org\",\"@graph\":[{\"@type\":\"WebPage\",\"@id\":\"https:\/\/talkpal.ai\/sk\/grammar\/pronoms-relifs-vo-francuzskej-gramatike\/\",\"url\":\"https:\/\/talkpal.ai\/sk\/grammar\/pronoms-relifs-vo-francuzskej-gramatike\/\",\"name\":\"Pronoms relifs vo franc\u00fazskej gramatike - Talkpal\",\"isPartOf\":{\"@id\":\"https:\/\/talkpal.ai\/sk\/#website\"},\"primaryImageOfPage\":{\"@id\":\"https:\/\/talkpal.ai\/sk\/grammar\/pronoms-relifs-vo-francuzskej-gramatike\/#primaryimage\"},\"image\":{\"@id\":\"https:\/\/talkpal.ai\/sk\/grammar\/pronoms-relifs-vo-francuzskej-gramatike\/#primaryimage\"},\"thumbnailUrl\":\"https:\/\/talkpal.ai\/wp-content\/uploads\/2025\/12\/people-at-desks-learning-languages-quietly.webp\",\"datePublished\":\"2025-07-02T00:15:51+00:00\",\"description\":\"Franc\u00fazska gramatika patr\u00ed medzi najd\u00f4le\u017eitej\u0161ie piliere efekt\u00edvneho ovl\u00e1dania tohto kr\u00e1sneho jazyka. Jedn\u00fdm z jej k\u013e\u00fa\u010dov\u00fdch aspektov s\u00fa pr\u00e1ve vz\u0165a\u017en\u00e9\",\"breadcrumb\":{\"@id\":\"https:\/\/talkpal.ai\/sk\/grammar\/pronoms-relifs-vo-francuzskej-gramatike\/#breadcrumb\"},\"inLanguage\":\"sk-SK\",\"potentialAction\":[{\"@type\":\"ReadAction\",\"target\":[\"https:\/\/talkpal.ai\/sk\/grammar\/pronoms-relifs-vo-francuzskej-gramatike\/\"]}]},{\"@type\":\"ImageObject\",\"inLanguage\":\"sk-SK\",\"@id\":\"https:\/\/talkpal.ai\/sk\/grammar\/pronoms-relifs-vo-francuzskej-gramatike\/#primaryimage\",\"url\":\"https:\/\/talkpal.ai\/wp-content\/uploads\/2025\/12\/people-at-desks-learning-languages-quietly.webp\",\"contentUrl\":\"https:\/\/talkpal.ai\/wp-content\/uploads\/2025\/12\/people-at-desks-learning-languages-quietly.webp\",\"width\":1200,\"height\":896,\"caption\":\"People sit at individual desks in a quiet, dimly lit library dedicated to learning languages.\"},{\"@type\":\"BreadcrumbList\",\"@id\":\"https:\/\/talkpal.ai\/sk\/grammar\/pronoms-relifs-vo-francuzskej-gramatike\/#breadcrumb\",\"itemListElement\":[{\"@type\":\"ListItem\",\"position\":1,\"name\":\"Homepage\",\"item\":\"https:\/\/talkpal.ai\/sk\/\"},{\"@type\":\"ListItem\",\"position\":2,\"name\":\"Pronoms relifs vo franc\u00fazskej gramatike\"}]},{\"@type\":\"WebSite\",\"@id\":\"https:\/\/talkpal.ai\/sk\/#website\",\"url\":\"https:\/\/talkpal.ai\/sk\/\",\"name\":\"Talkpal\",\"description\":\"AI Language Learning\",\"publisher\":{\"@id\":\"https:\/\/talkpal.ai\/sk\/#organization\"},\"alternateName\":\"Talkpal AI\",\"potentialAction\":[{\"@type\":\"SearchAction\",\"target\":{\"@type\":\"EntryPoint\",\"urlTemplate\":\"https:\/\/talkpal.ai\/sk\/?s={search_term_string}\"},\"query-input\":{\"@type\":\"PropertyValueSpecification\",\"valueRequired\":true,\"valueName\":\"search_term_string\"}}],\"inLanguage\":\"sk-SK\"},{\"@type\":\"Organization\",\"@id\":\"https:\/\/talkpal.ai\/sk\/#organization\",\"name\":\"Talkpal, Inc.\",\"alternateName\":\"Talkpal AI\",\"url\":\"https:\/\/talkpal.ai\/sk\/\",\"logo\":{\"@type\":\"ImageObject\",\"inLanguage\":\"sk-SK\",\"@id\":\"https:\/\/talkpal.ai\/sk\/#\/schema\/logo\/image\/\",\"url\":\"https:\/\/talkpal.ai\/wp-content\/uploads\/2024\/03\/Talkpal-Logo-Icon.png\",\"contentUrl\":\"https:\/\/talkpal.ai\/wp-content\/uploads\/2024\/03\/Talkpal-Logo-Icon.png\",\"width\":2880,\"height\":2880,\"caption\":\"Talkpal, Inc.\"},\"image\":{\"@id\":\"https:\/\/talkpal.ai\/sk\/#\/schema\/logo\/image\/\"},\"sameAs\":[\"https:\/\/www.facebook.com\/profile.php?id=100090733639311\",\"https:\/\/x.com\/talkpalai\",\"https:\/\/www.linkedin.com\/company\/talkpal\/\",\"https:\/\/www.youtube.com\/@TalkPal\/\",\"https:\/\/www.tiktok.com\/@talkpal\",\"https:\/\/www.instagram.com\/talkpal_ai\/\",\"https:\/\/www.crunchbase.com\/organization\/talkpal-9cde\",\"https:\/\/www.g2.com\/products\/talkpal-for-business\/\",\"https:\/\/www.trustpilot.com\/review\/talkpal.ai\",\"https:\/\/www.capterra.com\/p\/10006800\/TalkPal\/\"],\"description\":\"Talkpal is a language learning web and mobile education app, powered by the latest AI technologies, that provides engaging experiences to its customers in many different languages to help them improve their language skills. Users can chat about unlimited amount of topics with the app and use other modes to practice their language learning.\",\"email\":\"support@talkpal.ai\",\"legalName\":\"Talkpal, Inc.\",\"foundingDate\":\"2023-04-03\",\"duns\":\"118989042\",\"numberOfEmployees\":{\"@type\":\"QuantitativeValue\",\"minValue\":\"11\",\"maxValue\":\"50\"},\"publishingPrinciples\":\"https:\/\/talkpal.ai\/publishing-principles\/\",\"actionableFeedbackPolicy\":\"https:\/\/talkpal.ai\/actionable-feedback-policy\/\",\"correctionsPolicy\":\"https:\/\/talkpal.ai\/corrections-policy\/\",\"ethicsPolicy\":\"https:\/\/talkpal.ai\/ethics-policy\/\",\"diversityPolicy\":\"https:\/\/talkpal.ai\/diversity-policy\/\",\"diversityStaffingReport\":\"https:\/\/talkpal.ai\/diversity-policy\/\"}]}<\/script>\n<!-- \/ Yoast SEO Premium plugin. -->","yoast_head_json":{"title":"Pronoms relifs vo franc\u00fazskej gramatike - Talkpal","description":"Franc\u00fazska gramatika patr\u00ed medzi najd\u00f4le\u017eitej\u0161ie piliere efekt\u00edvneho ovl\u00e1dania tohto kr\u00e1sneho jazyka. Jedn\u00fdm z jej k\u013e\u00fa\u010dov\u00fdch aspektov s\u00fa pr\u00e1ve vz\u0165a\u017en\u00e9","robots":{"index":"index","follow":"follow","max-snippet":"max-snippet:-1","max-image-preview":"max-image-preview:large","max-video-preview":"max-video-preview:-1"},"canonical":"https:\/\/talkpal.ai\/sk\/grammar\/pronoms-relifs-vo-francuzskej-gramatike\/","og_locale":"sk_SK","og_type":"article","og_title":"Pronoms relifs vo franc\u00fazskej gramatike","og_description":"Franc\u00fazska gramatika patr\u00ed medzi najd\u00f4le\u017eitej\u0161ie piliere efekt\u00edvneho ovl\u00e1dania tohto kr\u00e1sneho jazyka. Jedn\u00fdm z jej k\u013e\u00fa\u010dov\u00fdch aspektov s\u00fa pr\u00e1ve vz\u0165a\u017en\u00e9","og_url":"https:\/\/talkpal.ai\/sk\/grammar\/pronoms-relifs-vo-francuzskej-gramatike\/","og_site_name":"Talkpal","article_publisher":"https:\/\/www.facebook.com\/profile.php?id=100090733639311","og_image":[{"width":2880,"height":1620,"url":"https:\/\/talkpal.ai\/wp-content\/uploads\/2025\/02\/Progress-tab-16_9.png","type":"image\/png"}],"twitter_card":"summary_large_image","twitter_site":"@talkpalai","twitter_misc":{"Predpokladan\u00fd \u010das \u010d\u00edtania":"7 min\u00fat"},"schema":{"@context":"https:\/\/schema.org","@graph":[{"@type":"WebPage","@id":"https:\/\/talkpal.ai\/sk\/grammar\/pronoms-relifs-vo-francuzskej-gramatike\/","url":"https:\/\/talkpal.ai\/sk\/grammar\/pronoms-relifs-vo-francuzskej-gramatike\/","name":"Pronoms relifs vo franc\u00fazskej gramatike - Talkpal","isPartOf":{"@id":"https:\/\/talkpal.ai\/sk\/#website"},"primaryImageOfPage":{"@id":"https:\/\/talkpal.ai\/sk\/grammar\/pronoms-relifs-vo-francuzskej-gramatike\/#primaryimage"},"image":{"@id":"https:\/\/talkpal.ai\/sk\/grammar\/pronoms-relifs-vo-francuzskej-gramatike\/#primaryimage"},"thumbnailUrl":"https:\/\/talkpal.ai\/wp-content\/uploads\/2025\/12\/people-at-desks-learning-languages-quietly.webp","datePublished":"2025-07-02T00:15:51+00:00","description":"Franc\u00fazska gramatika patr\u00ed medzi najd\u00f4le\u017eitej\u0161ie piliere efekt\u00edvneho ovl\u00e1dania tohto kr\u00e1sneho jazyka. Jedn\u00fdm z jej k\u013e\u00fa\u010dov\u00fdch aspektov s\u00fa pr\u00e1ve vz\u0165a\u017en\u00e9","breadcrumb":{"@id":"https:\/\/talkpal.ai\/sk\/grammar\/pronoms-relifs-vo-francuzskej-gramatike\/#breadcrumb"},"inLanguage":"sk-SK","potentialAction":[{"@type":"ReadAction","target":["https:\/\/talkpal.ai\/sk\/grammar\/pronoms-relifs-vo-francuzskej-gramatike\/"]}]},{"@type":"ImageObject","inLanguage":"sk-SK","@id":"https:\/\/talkpal.ai\/sk\/grammar\/pronoms-relifs-vo-francuzskej-gramatike\/#primaryimage","url":"https:\/\/talkpal.ai\/wp-content\/uploads\/2025\/12\/people-at-desks-learning-languages-quietly.webp","contentUrl":"https:\/\/talkpal.ai\/wp-content\/uploads\/2025\/12\/people-at-desks-learning-languages-quietly.webp","width":1200,"height":896,"caption":"People sit at individual desks in a quiet, dimly lit library dedicated to learning languages."},{"@type":"BreadcrumbList","@id":"https:\/\/talkpal.ai\/sk\/grammar\/pronoms-relifs-vo-francuzskej-gramatike\/#breadcrumb","itemListElement":[{"@type":"ListItem","position":1,"name":"Homepage","item":"https:\/\/talkpal.ai\/sk\/"},{"@type":"ListItem","position":2,"name":"Pronoms relifs vo franc\u00fazskej gramatike"}]},{"@type":"WebSite","@id":"https:\/\/talkpal.ai\/sk\/#website","url":"https:\/\/talkpal.ai\/sk\/","name":"Talkpal","description":"AI Language Learning","publisher":{"@id":"https:\/\/talkpal.ai\/sk\/#organization"},"alternateName":"Talkpal AI","potentialAction":[{"@type":"SearchAction","target":{"@type":"EntryPoint","urlTemplate":"https:\/\/talkpal.ai\/sk\/?s={search_term_string}"},"query-input":{"@type":"PropertyValueSpecification","valueRequired":true,"valueName":"search_term_string"}}],"inLanguage":"sk-SK"},{"@type":"Organization","@id":"https:\/\/talkpal.ai\/sk\/#organization","name":"Talkpal, Inc.","alternateName":"Talkpal AI","url":"https:\/\/talkpal.ai\/sk\/","logo":{"@type":"ImageObject","inLanguage":"sk-SK","@id":"https:\/\/talkpal.ai\/sk\/#\/schema\/logo\/image\/","url":"https:\/\/talkpal.ai\/wp-content\/uploads\/2024\/03\/Talkpal-Logo-Icon.png","contentUrl":"https:\/\/talkpal.ai\/wp-content\/uploads\/2024\/03\/Talkpal-Logo-Icon.png","width":2880,"height":2880,"caption":"Talkpal, Inc."},"image":{"@id":"https:\/\/talkpal.ai\/sk\/#\/schema\/logo\/image\/"},"sameAs":["https:\/\/www.facebook.com\/profile.php?id=100090733639311","https:\/\/x.com\/talkpalai","https:\/\/www.linkedin.com\/company\/talkpal\/","https:\/\/www.youtube.com\/@TalkPal\/","https:\/\/www.tiktok.com\/@talkpal","https:\/\/www.instagram.com\/talkpal_ai\/","https:\/\/www.crunchbase.com\/organization\/talkpal-9cde","https:\/\/www.g2.com\/products\/talkpal-for-business\/","https:\/\/www.trustpilot.com\/review\/talkpal.ai","https:\/\/www.capterra.com\/p\/10006800\/TalkPal\/"],"description":"Talkpal is a language learning web and mobile education app, powered by the latest AI technologies, that provides engaging experiences to its customers in many different languages to help them improve their language skills. Users can chat about unlimited amount of topics with the app and use other modes to practice their language learning.","email":"support@talkpal.ai","legalName":"Talkpal, Inc.","foundingDate":"2023-04-03","duns":"118989042","numberOfEmployees":{"@type":"QuantitativeValue","minValue":"11","maxValue":"50"},"publishingPrinciples":"https:\/\/talkpal.ai\/publishing-principles\/","actionableFeedbackPolicy":"https:\/\/talkpal.ai\/actionable-feedback-policy\/","correctionsPolicy":"https:\/\/talkpal.ai\/corrections-policy\/","ethicsPolicy":"https:\/\/talkpal.ai\/ethics-policy\/","diversityPolicy":"https:\/\/talkpal.ai\/diversity-policy\/","diversityStaffingReport":"https:\/\/talkpal.ai\/diversity-policy\/"}]}},"_links":{"self":[{"href":"https:\/\/talkpal.ai\/sk\/wp-json\/wp\/v2\/grammar\/1080472","targetHints":{"allow":["GET"]}}],"collection":[{"href":"https:\/\/talkpal.ai\/sk\/wp-json\/wp\/v2\/grammar"}],"about":[{"href":"https:\/\/talkpal.ai\/sk\/wp-json\/wp\/v2\/types\/grammar"}],"wp:featuredmedia":[{"embeddable":true,"href":"https:\/\/talkpal.ai\/sk\/wp-json\/wp\/v2\/media\/1527831"}],"wp:attachment":[{"href":"https:\/\/talkpal.ai\/sk\/wp-json\/wp\/v2\/media?parent=1080472"}],"wp:term":[{"taxonomy":"language","embeddable":true,"href":"https:\/\/talkpal.ai\/sk\/wp-json\/wp\/v2\/language?post=1080472"}],"curies":[{"name":"wp","href":"https:\/\/api.w.org\/{rel}","templated":true}]}}