{"id":1080468,"date":"2025-07-02T00:15:27","date_gmt":"2025-07-02T00:15:27","guid":{"rendered":"https:\/\/talkpal.ai\/grammar\/pronoms-et-determinants-demonstratifs-vo-francuzskej-gramatike\/"},"modified":"2025-07-02T00:15:27","modified_gmt":"2025-07-02T00:15:27","slug":"pronoms-et-determinants-demonstratifs-vo-francuzskej-gramatike","status":"publish","type":"grammar","link":"https:\/\/talkpal.ai\/sk\/grammar\/pronoms-et-determinants-demonstratifs-vo-francuzskej-gramatike\/","title":{"rendered":"Pronoms et d\u00e9terminants d\u00e9monstratifs vo franc\u00fazskej gramatike"},"content":{"rendered":"<p>Vo franc\u00faz\u0161tine zohr\u00e1vaj\u00fa ukazovacie z\u00e1men\u00e1 a determinat\u00edvy (<a href=\"https:\/\/talkpal.ai\/ru\/grammar_exercises\/pronoms-et-determinants-demonstratifs-%d1%83%d0%bf%d1%80%d0%b0%d0%b6%d0%bd%d0%b5%d0%bd%d0%b8%d1%8f-%d0%b4%d0%bb%d1%8f-%d1%84%d1%80%d0%b0%d0%bd%d1%86%d1%83%d0%b7%d1%81%d0%ba%d0%be%d0%b9-%d0%b3%d1%80\/\">pronoms et d\u00e9terminants d\u00e9monstratifs<\/a>) z\u00e1sadn\u00fa \u00falohu pri presnom vyjadrovan\u00ed, ke\u010f chceme nie\u010do alebo niekoho jasne ur\u010di\u0165, zd\u00f4razni\u0165 alebo odl\u00ed\u0161i\u0165. Tieto gramatick\u00e9 prostriedky umo\u017e\u0148uj\u00fa komunikova\u0165 s d\u00f4razom na konkr\u00e9tnos\u0165 \u010di vzdialenos\u0165 v priestore a \u010dase. V\u010faka spr\u00e1vnemu ovl\u00e1daniu tejto t\u00e9my z\u00edskate plynulej\u0161iu a presnej\u0161iu franc\u00faz\u0161tinu, \u010do ocen\u00edte najm\u00e4 pri konverz\u00e1ci\u00e1ch \u010di p\u00edsomn\u00fdch prejavoch. Ak si chcete t\u00fato t\u00e9mu precvi\u010di\u0165 interakt\u00edvne, <a href=\"https:\/\/talkpal.ai\/ko\/ai-%ec%96%b8%ec%96%b4-%ea%b5%90%ec%82%ac\/\">Talkpal<\/a> je skvel\u00fd sp\u00f4sob, ako sa nau\u010di\u0165 pronoms et d\u00e9terminants d\u00e9monstratifs vo franc\u00fazskej gramatike.<\/p>\n<h2>\u010co s\u00fa d\u00e9mon\u0161trat\u00edvne z\u00e1men\u00e1 a determinat\u00edvy?<\/h2>\n<p>D\u00e9mon\u0161trat\u00edvne z\u00e1men\u00e1 a determinat\u00edvy s\u00fa slovn\u00e9 druhy, ktor\u00e9 sl\u00fa\u017eia na ukazovanie na osoby, veci alebo pojmy. Vo franc\u00faz\u0161tine rozli\u0161ujeme:<\/p>\n<ul>\n<li><strong>D\u00e9mon\u0161trat\u00edvne determinat\u00edvy (d\u00e9terminants d\u00e9monstratifs):<\/strong> Stoja pred podstatn\u00fdm menom a ur\u010duj\u00fa, na ktor\u00e9 podstatn\u00e9 meno sa odkazujeme.<\/li>\n<li><strong>D\u00e9mon\u0161trat\u00edvne z\u00e1men\u00e1 (pronoms d\u00e9monstratifs):<\/strong> Nahr\u00e1dzaj\u00fa podstatn\u00e9 meno, na ktor\u00e9 ukazujeme.<\/li>\n<\/ul>\n<p>Oba typy slov patria medzi z\u00e1kladn\u00e9 stavebn\u00e9 kamene franc\u00fazskej gramatiky a s\u00fa nevyhnutn\u00e9 pre ka\u017edodenn\u00fa komunik\u00e1ciu.<\/p>\n<h2>D\u00e9mon\u0161trat\u00edvne determinat\u00edvy (d\u00e9terminants d\u00e9monstratifs)<\/h2>\n<h3>Z\u00e1kladn\u00e9 tvary d\u00e9mon\u0161trat\u00edvnych determinat\u00edvov<\/h3>\n<p>D\u00e9mon\u0161trat\u00edvne determinat\u00edvy vo franc\u00faz\u0161tine s\u00fa:<\/p>\n<ul>\n<li><strong>ce<\/strong> \u2013 pred mu\u017esk\u00fdm podstatn\u00fdm menom v jednotnom \u010d\u00edsle za\u010d\u00ednaj\u00facim spoluhl\u00e1skou (ce livre \u2013 t\u00e1to kniha)<\/li>\n<li><strong>cet<\/strong> \u2013 pred mu\u017esk\u00fdm podstatn\u00fdm menom v jednotnom \u010d\u00edsle za\u010d\u00ednaj\u00facim samohl\u00e1skou alebo nem\u00fdm h (cet arbre \u2013 tento strom, cet homme \u2013 tento mu\u017e)<\/li>\n<li><strong>cette<\/strong> \u2013 pred \u017eensk\u00fdm podstatn\u00fdm menom v jednotnom \u010d\u00edsle (cette fille \u2013 toto diev\u010da)<\/li>\n<li><strong>ces<\/strong> \u2013 pred podstatn\u00fdmi menami v mno\u017enom \u010d\u00edsle bez oh\u013eadu na rod (ces livres \u2013 tieto knihy, ces filles \u2013 tieto diev\u010dat\u00e1)<\/li>\n<\/ul>\n<h3>Pr\u00edklady pou\u017eitia v be\u017en\u00fdch vet\u00e1ch<\/h3>\n<ul>\n<li><em>Ce chien est mignon.<\/em> \u2013 Tento pes je rozko\u0161n\u00fd.<\/li>\n<li><em>Cette maison est grande.<\/em> \u2013 Tento dom je ve\u013ek\u00fd.<\/li>\n<li><em>Ces enfants jouent dans le jardin.<\/em> \u2013 Tieto deti sa hraj\u00fa v z\u00e1hrade.<\/li>\n<li><em>Cet exercice est difficile.<\/em> \u2013 Toto cvi\u010denie je \u0165a\u017ek\u00e9.<\/li>\n<\/ul>\n<h3>V\u00fdznamov\u00e1 nuansa: bl\u00edzkos\u0165 a vzdialenos\u0165<\/h3>\n<p>Franc\u00faz\u0161tina vyu\u017e\u00edva slov\u00e1 <strong>ci<\/strong> (tu) a <strong>l\u00e0<\/strong> (tam) na zd\u00f4raznenie bl\u00edzkosti alebo vzdialenosti. Prid\u00e1vaj\u00fa sa za podstatn\u00e9 meno:<\/p>\n<ul>\n<li><strong>ce livre-ci<\/strong> \u2013 t\u00e1to kniha (tu, bli\u017e\u0161ie)<\/li>\n<li><strong>ce livre-l\u00e0<\/strong> \u2013 tamt\u00e1 kniha (tam, \u010falej)<\/li>\n<\/ul>\n<p>Pou\u017eitie t\u00fdchto pr\u00edpon je u\u017eito\u010dn\u00e9 najm\u00e4 vtedy, ke\u010f hovor\u00edme o viacer\u00fdch predmetoch alebo osob\u00e1ch a chceme ich rozl\u00ed\u0161i\u0165.<\/p>\n<h2>D\u00e9mon\u0161trat\u00edvne z\u00e1men\u00e1 (pronoms d\u00e9monstratifs)<\/h2>\n<h3>Z\u00e1kladn\u00e9 tvary d\u00e9mon\u0161trat\u00edvnych z\u00e1men<\/h3>\n<p>D\u00e9mon\u0161trat\u00edvne z\u00e1men\u00e1 nahr\u00e1dzaj\u00fa podstatn\u00e9 meno, pri\u010dom zachov\u00e1vaj\u00fa inform\u00e1ciu o rode a \u010d\u00edsle:<\/p>\n<ul>\n<li><strong>celui<\/strong> \u2013 mu\u017esk\u00fd rod, jednotn\u00e9 \u010d\u00edslo<\/li>\n<li><strong>celle<\/strong> \u2013 \u017eensk\u00fd rod, jednotn\u00e9 \u010d\u00edslo<\/li>\n<li><strong>ceux<\/strong> \u2013 mu\u017esk\u00fd rod, mno\u017en\u00e9 \u010d\u00edslo<\/li>\n<li><strong>celles<\/strong> \u2013 \u017eensk\u00fd rod, mno\u017en\u00e9 \u010d\u00edslo<\/li>\n<\/ul>\n<h3>Pr\u00edklady pou\u017eitia d\u00e9mon\u0161trat\u00edvnych z\u00e1men<\/h3>\n<ul>\n<li><em>Le livre de Paul est plus int\u00e9ressant que celui de Marie.<\/em> \u2013 Paulova kniha je zauj\u00edmavej\u0161ia ne\u017e t\u00e1 od Marie.<\/li>\n<li><em>J\u2019aime celles qui sont rouges.<\/em> \u2013 <a href=\"https:\/\/talkpal.ai\/culture\/how-to-say-i-like-in-slovak-using-mam-rad\/\">M\u00e1m r\u00e1d<\/a> tie, ktor\u00e9 s\u00fa \u010derven\u00e9.<\/li>\n<li><em>Ceux que tu vois l\u00e0-bas sont mes amis.<\/em> \u2013 T\u00ed, ktor\u00fdch tam vid\u00ed\u0161, s\u00fa moji priatelia.<\/li>\n<\/ul>\n<h3>Pou\u017eitie ci a l\u00e0 s d\u00e9mon\u0161trat\u00edvnymi z\u00e1menami<\/h3>\n<p>Rovnako ako pri determinat\u00edvoch, aj z\u00e1men\u00e1 m\u00f4\u017eeme roz\u0161\u00edri\u0165 o pr\u00edpony <strong>ci<\/strong> a <strong>l\u00e0<\/strong>:<\/p>\n<ul>\n<li><strong>celui-ci<\/strong> \u2013 tento<\/li>\n<li><strong>celui-l\u00e0<\/strong> \u2013 tamten<\/li>\n<li><strong>celle-ci<\/strong> \u2013 t\u00e1to<\/li>\n<li><strong>celle-l\u00e0<\/strong> \u2013 tamt\u00e1<\/li>\n<li><strong>ceux-ci<\/strong> \u2013 t\u00edto<\/li>\n<li><strong>ceux-l\u00e0<\/strong> \u2013 tamt\u00ed<\/li>\n<li><strong>celles-ci<\/strong> \u2013 tieto<\/li>\n<li><strong>celles-l\u00e0<\/strong> \u2013 tamtie<\/li>\n<\/ul>\n<p>Pr\u00edklad:<\/p>\n<ul>\n<li><em>Pr\u00e9f\u00e9rez-vous ceux-ci ou ceux-l\u00e0?<\/em> \u2013 Uprednost\u0148ujete t\u00fdchto alebo tamt\u00fdch?<\/li>\n<\/ul>\n<h2>Rozdiely medzi d\u00e9mon\u0161trat\u00edvnymi determinat\u00edvmi a z\u00e1menami<\/h2>\n<ul>\n<li>\n    <strong>D\u00e9mon\u0161trat\u00edvne determinat\u00edvy<\/strong> v\u017edy stoja <strong>pred podstatn\u00fdm menom<\/strong> (ce livre, cette maison).\n  <\/li>\n<li>\n    <strong>D\u00e9mon\u0161trat\u00edvne z\u00e1men\u00e1<\/strong> <strong>nahr\u00e1dzaj\u00fa podstatn\u00e9 meno<\/strong> a \u010dasto b\u00fdvaj\u00fa rozvinut\u00e9 \u010fal\u0161\u00edm ur\u010duj\u00facim slovom alebo vetnou \u010das\u0165ou (celui de Paul \u2013 ten od Paula, <a href=\"https:\/\/talkpal.ai\/locations\/language-courses-in-celle\/\">celle<\/a> qui chante \u2013 t\u00e1, \u010do spieva).\n  <\/li>\n<\/ul>\n<h2>Pokro\u010dil\u00e9 pou\u017eitie d\u00e9mon\u0161trat\u00edvnych z\u00e1men a determinat\u00edvov<\/h2>\n<h3>D\u00e9mon\u0161trat\u00edvne z\u00e1men\u00e1 v spojen\u00ed s ved\u013eaj\u0161\u00edmi vetami<\/h3>\n<p>D\u00e9mon\u0161trat\u00edvne z\u00e1men\u00e1 sa \u010dasto pou\u017e\u00edvaj\u00fa na zavedenie ved\u013eaj\u0161ej vety ur\u010duj\u00facej vlastnos\u0165, ktorou sa odli\u0161uje odkazovan\u00fd predmet od in\u00fdch:<\/p>\n<ul>\n<li><em>Celui qui parle est mon fr\u00e8re.<\/em> \u2013 Ten, ktor\u00fd hovor\u00ed, je m\u00f4j brat.<\/li>\n<li><em>Celles que tu vois sont mes sester.<\/em> \u2013 Tie, ktor\u00e9 vid\u00ed\u0161, s\u00fa moje sestry.<\/li>\n<\/ul>\n<h3>D\u00e9mon\u0161trat\u00edvne z\u00e1men\u00e1 v kombin\u00e1cii s predlo\u017ekami<\/h3>\n<p>Z\u00e1men\u00e1 m\u00f4\u017eeme roz\u0161\u00edri\u0165 aj o predlo\u017eky, ktor\u00e9 ur\u010duj\u00fa vz\u0165ah medzi predmetmi:<\/p>\n<ul>\n<li><em>Celui de Marie<\/em> \u2013 ten od Marie<\/li>\n<li><em>Ceux parmi vous<\/em> \u2013 t\u00ed medzi vami<\/li>\n<li><em>Celles avec qui je travaille<\/em> \u2013 tie, s ktor\u00fdmi pracujem<\/li>\n<\/ul>\n<h3>Neutr\u00e1lny tvar d\u00e9mon\u0161trat\u00edvneho z\u00e1mena: &#8222;ce&#8220;<\/h3>\n<p>Na ozna\u010denie neur\u010dit\u00e9ho alebo abstraktn\u00e9ho predmetu, udalosti \u010di situ\u00e1cie sl\u00fa\u017ei z\u00e1meno <strong>ce<\/strong>:<\/p>\n<ul>\n<li><em>Ce n\u2019est pas possible.<\/em> \u2013 To nie je mo\u017en\u00e9.<\/li>\n<li><em>Qu\u2019est-ce que c\u2019est?<\/em> \u2013 \u010co to je?<\/li>\n<li><em>C\u2019est facile.<\/em> \u2013 To je \u013eahk\u00e9.<\/li>\n<\/ul>\n<p>Tento tvar je ve\u013emi \u010dast\u00fd a je potrebn\u00e9 ho rozli\u0161ova\u0165 od ostatn\u00fdch tvarov, ktor\u00e9 sa via\u017eu na rod a \u010d\u00edslo.<\/p>\n<h2>Naj\u010dastej\u0161ie chyby a tipy na spr\u00e1vne pou\u017e\u00edvanie<\/h2>\n<ul>\n<li>\n    <strong>Pozor na rod a \u010d\u00edslo:<\/strong> V\u017edy prisp\u00f4sobte tvar d\u00e9terminant d\u00e9monstratif alebo pronom d\u00e9monstratif podstatn\u00e9mu menu, ktor\u00e9 nahr\u00e1dzate alebo ur\u010dujete.\n  <\/li>\n<li>\n    <strong>Nezamie\u0148ajte &#8222;ce&#8220; a &#8222;cet&#8220;:<\/strong> &#8222;Cet&#8220; pou\u017e\u00edvajte len pred mu\u017esk\u00fdmi podstatn\u00fdmi menami za\u010d\u00ednaj\u00facimi samohl\u00e1skou alebo nem\u00fdm h (cet homme, cet arbre).\n  <\/li>\n<li>\n    <strong>Nezab\u00fadajte na ci\/l\u00e0:<\/strong> Ak potrebujete rozl\u00ed\u0161i\u0165 medzi viacer\u00fdmi predmetmi, pou\u017eite pr\u00edponu -ci (bli\u017e\u0161ie) alebo -l\u00e0 (\u010falej).\n  <\/li>\n<li>\n    <strong>Spr\u00e1vne pou\u017e\u00edvajte z\u00e1men\u00e1 v spojen\u00ed s ved\u013eaj\u0161\u00edmi vetami:<\/strong> Pri opise vlastnosti alebo identity v\u017edy pou\u017eite spr\u00e1vne tvarovan\u00e9 d\u00e9mon\u0161trat\u00edvne z\u00e1meno (celui qui, celle que, ceux dont).\n  <\/li>\n<\/ul>\n<h2>Praktick\u00e9 cvi\u010denia na precvi\u010denie<\/h2>\n<p>Ak si chcete upevni\u0165 svoje znalosti, vysk\u00fa\u0161ajte si nasleduj\u00face cvi\u010denia:<\/p>\n<ol>\n<li>Dopl\u0148te spr\u00e1vny d\u00e9mon\u0161trat\u00edvny determinat\u00edv: <br \/>\n    <em>___ \u00e9l\u00e8ve (\u017eensk\u00fd rod) est tr\u00e8s intelligente.<\/em><\/li>\n<li>Prelo\u017ete vetu: <br \/>\n    <em>Tieto aut\u00e1 s\u00fa drah\u0161ie ako tie tamtie.<\/em><\/li>\n<li>Nahradi\u0165 podstatn\u00e9 meno d\u00e9mon\u0161trat\u00edvnym z\u00e1menom: <br \/>\n    <em>J\u2019aime les robes bleues, mais je pr\u00e9f\u00e8re les robes rouges.<\/em><\/li>\n<\/ol>\n<p><strong>Spr\u00e1vne odpovede:<\/strong><\/p>\n<ol>\n<li>Cette \u00e9l\u00e8ve est tr\u00e8s intelligente.<\/li>\n<li>Ces voitures sont plus ch\u00e8res que celles-l\u00e0.<\/li>\n<li>J\u2019aime celles qui sont bleues, mais je pr\u00e9f\u00e8re celles qui sont rouges.<\/li>\n<\/ol>\n<h2>V\u00fdznam ovl\u00e1dania d\u00e9mon\u0161trat\u00edvnych z\u00e1men a determinat\u00edvov pre efekt\u00edvnu komunik\u00e1ciu<\/h2>\n<p>Spr\u00e1vne pou\u017e\u00edvanie d\u00e9mon\u0161trat\u00edvnych z\u00e1men a determinat\u00edvov je k\u013e\u00fa\u010dov\u00e9 pre efekt\u00edvnu, jasn\u00fa a presn\u00fa komunik\u00e1ciu vo franc\u00faz\u0161tine. Umo\u017e\u0148uje v\u00e1m jednozna\u010dne identifikova\u0165 osoby, predmety \u010di udalosti, rozli\u0161ova\u0165 medzi nimi a vyjadrova\u0165 sa presne a preh\u013eadne. Bez ovl\u00e1dania tejto gramatickej oblasti sa \u013eahko dopust\u00edte nejasnost\u00ed alebo nedorozumen\u00ed.<\/p>\n<h2>Talkpal: Modern\u00fd sp\u00f4sob u\u010denia sa franc\u00fazskych d\u00e9mon\u0161trat\u00edvov<\/h2>\n<p>Ak chcete r\u00fdchlo a efekt\u00edvne zvl\u00e1dnu\u0165 pronoms et d\u00e9terminants d\u00e9monstratifs vo franc\u00fazskej gramatike, odpor\u00fa\u010dame v\u00e1m vysk\u00fa\u0161a\u0165 aplik\u00e1ciu Talkpal. T\u00e1to interakt\u00edvna platforma umo\u017e\u0148uje precvi\u010dovanie gramatiky v kontexte, simul\u00e1ciu re\u00e1lnych rozhovorov a poskytuje okam\u017eit\u00fa sp\u00e4tn\u00fa v\u00e4zbu. V\u010faka tomu si nov\u00e9 vedomosti nielen osvoj\u00edte, ale aj prakticky upevn\u00edte.<\/p>\n<h2>Z\u00e1ver<\/h2>\n<p>D\u00e9mon\u0161trat\u00edvne z\u00e1men\u00e1 a determinat\u00edvy patria medzi neoddelite\u013en\u00fa s\u00fa\u010das\u0165 franc\u00fazskej gramatiky. Ich spr\u00e1vne pou\u017e\u00edvanie je z\u00e1kladom plynulej a presnej komunik\u00e1cie. Precvi\u010dujte ich v rozli\u010dn\u00fdch situ\u00e1ci\u00e1ch a nezabudnite vyu\u017e\u00edva\u0165 modern\u00e9 n\u00e1stroje ako Talkpal, ktor\u00e9 v\u00e1m na tejto ceste pom\u00f4\u017eu. V\u010faka d\u00f4kladn\u00e9mu zvl\u00e1dnutiu tejto gramatickej t\u00e9my budete vo franc\u00faz\u0161tine sebaistej\u0161\u00ed a va\u0161e vyjadrovanie bude jasnej\u0161ie a profesion\u00e1lnej\u0161ie.<\/p>\n","protected":false},"featured_media":1528084,"template":"","language":[12968,12973],"class_list":["post-1080468","grammar","type-grammar","status-publish","has-post-thumbnail","hentry","language-francuzsky","language-zamena-a-determinanty-francuzska-gramatika"],"acf":[],"yoast_head":"<!-- This site is optimized with the Yoast SEO Premium plugin v27.2 (Yoast SEO v27.2) - https:\/\/yoast.com\/product\/yoast-seo-premium-wordpress\/ -->\n<title>Pronoms et d\u00e9terminants d\u00e9monstratifs vo franc\u00fazskej gramatike - Talkpal<\/title>\n<meta name=\"description\" content=\"Vo franc\u00faz\u0161tine zohr\u00e1vaj\u00fa ukazovacie z\u00e1men\u00e1 a determinat\u00edvy (pronoms et d\u00e9terminants d\u00e9monstratifs) z\u00e1sadn\u00fa \u00falohu pri presnom vyjadrovan\u00ed, ke\u010f chceme\" \/>\n<meta name=\"robots\" content=\"index, follow, max-snippet:-1, max-image-preview:large, max-video-preview:-1\" \/>\n<link rel=\"canonical\" href=\"https:\/\/talkpal.ai\/sk\/grammar\/pronoms-et-determinants-demonstratifs-vo-francuzskej-gramatike\/\" \/>\n<meta property=\"og:locale\" content=\"sk_SK\" \/>\n<meta property=\"og:type\" content=\"article\" \/>\n<meta property=\"og:title\" content=\"Pronoms et d\u00e9terminants d\u00e9monstratifs vo franc\u00fazskej gramatike\" \/>\n<meta property=\"og:description\" content=\"Vo franc\u00faz\u0161tine zohr\u00e1vaj\u00fa ukazovacie z\u00e1men\u00e1 a determinat\u00edvy (pronoms et d\u00e9terminants d\u00e9monstratifs) z\u00e1sadn\u00fa \u00falohu pri presnom vyjadrovan\u00ed, ke\u010f chceme\" \/>\n<meta property=\"og:url\" content=\"https:\/\/talkpal.ai\/sk\/grammar\/pronoms-et-determinants-demonstratifs-vo-francuzskej-gramatike\/\" \/>\n<meta property=\"og:site_name\" content=\"Talkpal\" \/>\n<meta property=\"article:publisher\" content=\"https:\/\/www.facebook.com\/profile.php?id=100090733639311\" \/>\n<meta property=\"og:image\" content=\"https:\/\/talkpal.ai\/wp-content\/uploads\/2025\/02\/Progress-tab-16_9.png\" \/>\n\t<meta property=\"og:image:width\" content=\"2880\" \/>\n\t<meta property=\"og:image:height\" content=\"1620\" \/>\n\t<meta property=\"og:image:type\" content=\"image\/png\" \/>\n<meta name=\"twitter:card\" content=\"summary_large_image\" \/>\n<meta name=\"twitter:site\" content=\"@talkpalai\" \/>\n<meta name=\"twitter:label1\" content=\"Predpokladan\u00fd \u010das \u010d\u00edtania\" \/>\n\t<meta name=\"twitter:data1\" content=\"7 min\u00fat\" \/>\n<script type=\"application\/ld+json\" class=\"yoast-schema-graph\">{\"@context\":\"https:\/\/schema.org\",\"@graph\":[{\"@type\":\"WebPage\",\"@id\":\"https:\/\/talkpal.ai\/sk\/grammar\/pronoms-et-determinants-demonstratifs-vo-francuzskej-gramatike\/\",\"url\":\"https:\/\/talkpal.ai\/sk\/grammar\/pronoms-et-determinants-demonstratifs-vo-francuzskej-gramatike\/\",\"name\":\"Pronoms et d\u00e9terminants d\u00e9monstratifs vo franc\u00fazskej gramatike - Talkpal\",\"isPartOf\":{\"@id\":\"https:\/\/talkpal.ai\/sk\/#website\"},\"primaryImageOfPage\":{\"@id\":\"https:\/\/talkpal.ai\/sk\/grammar\/pronoms-et-determinants-demonstratifs-vo-francuzskej-gramatike\/#primaryimage\"},\"image\":{\"@id\":\"https:\/\/talkpal.ai\/sk\/grammar\/pronoms-et-determinants-demonstratifs-vo-francuzskej-gramatike\/#primaryimage\"},\"thumbnailUrl\":\"https:\/\/talkpal.ai\/wp-content\/uploads\/2025\/12\/woman-is-practicing-to-learn-languages.webp\",\"datePublished\":\"2025-07-02T00:15:27+00:00\",\"description\":\"Vo franc\u00faz\u0161tine zohr\u00e1vaj\u00fa ukazovacie z\u00e1men\u00e1 a determinat\u00edvy (pronoms et d\u00e9terminants d\u00e9monstratifs) z\u00e1sadn\u00fa \u00falohu pri presnom vyjadrovan\u00ed, ke\u010f chceme\",\"breadcrumb\":{\"@id\":\"https:\/\/talkpal.ai\/sk\/grammar\/pronoms-et-determinants-demonstratifs-vo-francuzskej-gramatike\/#breadcrumb\"},\"inLanguage\":\"sk-SK\",\"potentialAction\":[{\"@type\":\"ReadAction\",\"target\":[\"https:\/\/talkpal.ai\/sk\/grammar\/pronoms-et-determinants-demonstratifs-vo-francuzskej-gramatike\/\"]}]},{\"@type\":\"ImageObject\",\"inLanguage\":\"sk-SK\",\"@id\":\"https:\/\/talkpal.ai\/sk\/grammar\/pronoms-et-determinants-demonstratifs-vo-francuzskej-gramatike\/#primaryimage\",\"url\":\"https:\/\/talkpal.ai\/wp-content\/uploads\/2025\/12\/woman-is-practicing-to-learn-languages.webp\",\"contentUrl\":\"https:\/\/talkpal.ai\/wp-content\/uploads\/2025\/12\/woman-is-practicing-to-learn-languages.webp\",\"width\":1200,\"height\":896,\"caption\":\"An older woman wearing headphones writes notes for learning languages at a messy desk.\"},{\"@type\":\"BreadcrumbList\",\"@id\":\"https:\/\/talkpal.ai\/sk\/grammar\/pronoms-et-determinants-demonstratifs-vo-francuzskej-gramatike\/#breadcrumb\",\"itemListElement\":[{\"@type\":\"ListItem\",\"position\":1,\"name\":\"Homepage\",\"item\":\"https:\/\/talkpal.ai\/sk\/\"},{\"@type\":\"ListItem\",\"position\":2,\"name\":\"Pronoms et d\u00e9terminants d\u00e9monstratifs vo franc\u00fazskej gramatike\"}]},{\"@type\":\"WebSite\",\"@id\":\"https:\/\/talkpal.ai\/sk\/#website\",\"url\":\"https:\/\/talkpal.ai\/sk\/\",\"name\":\"Talkpal\",\"description\":\"AI Language Learning\",\"publisher\":{\"@id\":\"https:\/\/talkpal.ai\/sk\/#organization\"},\"alternateName\":\"Talkpal AI\",\"potentialAction\":[{\"@type\":\"SearchAction\",\"target\":{\"@type\":\"EntryPoint\",\"urlTemplate\":\"https:\/\/talkpal.ai\/sk\/?s={search_term_string}\"},\"query-input\":{\"@type\":\"PropertyValueSpecification\",\"valueRequired\":true,\"valueName\":\"search_term_string\"}}],\"inLanguage\":\"sk-SK\"},{\"@type\":\"Organization\",\"@id\":\"https:\/\/talkpal.ai\/sk\/#organization\",\"name\":\"Talkpal, Inc.\",\"alternateName\":\"Talkpal AI\",\"url\":\"https:\/\/talkpal.ai\/sk\/\",\"logo\":{\"@type\":\"ImageObject\",\"inLanguage\":\"sk-SK\",\"@id\":\"https:\/\/talkpal.ai\/sk\/#\/schema\/logo\/image\/\",\"url\":\"https:\/\/talkpal.ai\/wp-content\/uploads\/2024\/03\/Talkpal-Logo-Icon.png\",\"contentUrl\":\"https:\/\/talkpal.ai\/wp-content\/uploads\/2024\/03\/Talkpal-Logo-Icon.png\",\"width\":2880,\"height\":2880,\"caption\":\"Talkpal, Inc.\"},\"image\":{\"@id\":\"https:\/\/talkpal.ai\/sk\/#\/schema\/logo\/image\/\"},\"sameAs\":[\"https:\/\/www.facebook.com\/profile.php?id=100090733639311\",\"https:\/\/x.com\/talkpalai\",\"https:\/\/www.linkedin.com\/company\/talkpal\/\",\"https:\/\/www.youtube.com\/@TalkPal\/\",\"https:\/\/www.tiktok.com\/@talkpal\",\"https:\/\/www.instagram.com\/talkpal_ai\/\",\"https:\/\/www.crunchbase.com\/organization\/talkpal-9cde\",\"https:\/\/www.g2.com\/products\/talkpal-for-business\/\",\"https:\/\/www.trustpilot.com\/review\/talkpal.ai\",\"https:\/\/www.capterra.com\/p\/10006800\/TalkPal\/\"],\"description\":\"Talkpal is a language learning web and mobile education app, powered by the latest AI technologies, that provides engaging experiences to its customers in many different languages to help them improve their language skills. Users can chat about unlimited amount of topics with the app and use other modes to practice their language learning.\",\"email\":\"support@talkpal.ai\",\"legalName\":\"Talkpal, Inc.\",\"foundingDate\":\"2023-04-03\",\"duns\":\"118989042\",\"numberOfEmployees\":{\"@type\":\"QuantitativeValue\",\"minValue\":\"11\",\"maxValue\":\"50\"},\"publishingPrinciples\":\"https:\/\/talkpal.ai\/publishing-principles\/\",\"actionableFeedbackPolicy\":\"https:\/\/talkpal.ai\/actionable-feedback-policy\/\",\"correctionsPolicy\":\"https:\/\/talkpal.ai\/corrections-policy\/\",\"ethicsPolicy\":\"https:\/\/talkpal.ai\/ethics-policy\/\",\"diversityPolicy\":\"https:\/\/talkpal.ai\/diversity-policy\/\",\"diversityStaffingReport\":\"https:\/\/talkpal.ai\/diversity-policy\/\"}]}<\/script>\n<!-- \/ Yoast SEO Premium plugin. -->","yoast_head_json":{"title":"Pronoms et d\u00e9terminants d\u00e9monstratifs vo franc\u00fazskej gramatike - Talkpal","description":"Vo franc\u00faz\u0161tine zohr\u00e1vaj\u00fa ukazovacie z\u00e1men\u00e1 a determinat\u00edvy (pronoms et d\u00e9terminants d\u00e9monstratifs) z\u00e1sadn\u00fa \u00falohu pri presnom vyjadrovan\u00ed, ke\u010f chceme","robots":{"index":"index","follow":"follow","max-snippet":"max-snippet:-1","max-image-preview":"max-image-preview:large","max-video-preview":"max-video-preview:-1"},"canonical":"https:\/\/talkpal.ai\/sk\/grammar\/pronoms-et-determinants-demonstratifs-vo-francuzskej-gramatike\/","og_locale":"sk_SK","og_type":"article","og_title":"Pronoms et d\u00e9terminants d\u00e9monstratifs vo franc\u00fazskej gramatike","og_description":"Vo franc\u00faz\u0161tine zohr\u00e1vaj\u00fa ukazovacie z\u00e1men\u00e1 a determinat\u00edvy (pronoms et d\u00e9terminants d\u00e9monstratifs) z\u00e1sadn\u00fa \u00falohu pri presnom vyjadrovan\u00ed, ke\u010f chceme","og_url":"https:\/\/talkpal.ai\/sk\/grammar\/pronoms-et-determinants-demonstratifs-vo-francuzskej-gramatike\/","og_site_name":"Talkpal","article_publisher":"https:\/\/www.facebook.com\/profile.php?id=100090733639311","og_image":[{"width":2880,"height":1620,"url":"https:\/\/talkpal.ai\/wp-content\/uploads\/2025\/02\/Progress-tab-16_9.png","type":"image\/png"}],"twitter_card":"summary_large_image","twitter_site":"@talkpalai","twitter_misc":{"Predpokladan\u00fd \u010das \u010d\u00edtania":"7 min\u00fat"},"schema":{"@context":"https:\/\/schema.org","@graph":[{"@type":"WebPage","@id":"https:\/\/talkpal.ai\/sk\/grammar\/pronoms-et-determinants-demonstratifs-vo-francuzskej-gramatike\/","url":"https:\/\/talkpal.ai\/sk\/grammar\/pronoms-et-determinants-demonstratifs-vo-francuzskej-gramatike\/","name":"Pronoms et d\u00e9terminants d\u00e9monstratifs vo franc\u00fazskej gramatike - Talkpal","isPartOf":{"@id":"https:\/\/talkpal.ai\/sk\/#website"},"primaryImageOfPage":{"@id":"https:\/\/talkpal.ai\/sk\/grammar\/pronoms-et-determinants-demonstratifs-vo-francuzskej-gramatike\/#primaryimage"},"image":{"@id":"https:\/\/talkpal.ai\/sk\/grammar\/pronoms-et-determinants-demonstratifs-vo-francuzskej-gramatike\/#primaryimage"},"thumbnailUrl":"https:\/\/talkpal.ai\/wp-content\/uploads\/2025\/12\/woman-is-practicing-to-learn-languages.webp","datePublished":"2025-07-02T00:15:27+00:00","description":"Vo franc\u00faz\u0161tine zohr\u00e1vaj\u00fa ukazovacie z\u00e1men\u00e1 a determinat\u00edvy (pronoms et d\u00e9terminants d\u00e9monstratifs) z\u00e1sadn\u00fa \u00falohu pri presnom vyjadrovan\u00ed, ke\u010f chceme","breadcrumb":{"@id":"https:\/\/talkpal.ai\/sk\/grammar\/pronoms-et-determinants-demonstratifs-vo-francuzskej-gramatike\/#breadcrumb"},"inLanguage":"sk-SK","potentialAction":[{"@type":"ReadAction","target":["https:\/\/talkpal.ai\/sk\/grammar\/pronoms-et-determinants-demonstratifs-vo-francuzskej-gramatike\/"]}]},{"@type":"ImageObject","inLanguage":"sk-SK","@id":"https:\/\/talkpal.ai\/sk\/grammar\/pronoms-et-determinants-demonstratifs-vo-francuzskej-gramatike\/#primaryimage","url":"https:\/\/talkpal.ai\/wp-content\/uploads\/2025\/12\/woman-is-practicing-to-learn-languages.webp","contentUrl":"https:\/\/talkpal.ai\/wp-content\/uploads\/2025\/12\/woman-is-practicing-to-learn-languages.webp","width":1200,"height":896,"caption":"An older woman wearing headphones writes notes for learning languages at a messy desk."},{"@type":"BreadcrumbList","@id":"https:\/\/talkpal.ai\/sk\/grammar\/pronoms-et-determinants-demonstratifs-vo-francuzskej-gramatike\/#breadcrumb","itemListElement":[{"@type":"ListItem","position":1,"name":"Homepage","item":"https:\/\/talkpal.ai\/sk\/"},{"@type":"ListItem","position":2,"name":"Pronoms et d\u00e9terminants d\u00e9monstratifs vo franc\u00fazskej gramatike"}]},{"@type":"WebSite","@id":"https:\/\/talkpal.ai\/sk\/#website","url":"https:\/\/talkpal.ai\/sk\/","name":"Talkpal","description":"AI Language Learning","publisher":{"@id":"https:\/\/talkpal.ai\/sk\/#organization"},"alternateName":"Talkpal AI","potentialAction":[{"@type":"SearchAction","target":{"@type":"EntryPoint","urlTemplate":"https:\/\/talkpal.ai\/sk\/?s={search_term_string}"},"query-input":{"@type":"PropertyValueSpecification","valueRequired":true,"valueName":"search_term_string"}}],"inLanguage":"sk-SK"},{"@type":"Organization","@id":"https:\/\/talkpal.ai\/sk\/#organization","name":"Talkpal, Inc.","alternateName":"Talkpal AI","url":"https:\/\/talkpal.ai\/sk\/","logo":{"@type":"ImageObject","inLanguage":"sk-SK","@id":"https:\/\/talkpal.ai\/sk\/#\/schema\/logo\/image\/","url":"https:\/\/talkpal.ai\/wp-content\/uploads\/2024\/03\/Talkpal-Logo-Icon.png","contentUrl":"https:\/\/talkpal.ai\/wp-content\/uploads\/2024\/03\/Talkpal-Logo-Icon.png","width":2880,"height":2880,"caption":"Talkpal, Inc."},"image":{"@id":"https:\/\/talkpal.ai\/sk\/#\/schema\/logo\/image\/"},"sameAs":["https:\/\/www.facebook.com\/profile.php?id=100090733639311","https:\/\/x.com\/talkpalai","https:\/\/www.linkedin.com\/company\/talkpal\/","https:\/\/www.youtube.com\/@TalkPal\/","https:\/\/www.tiktok.com\/@talkpal","https:\/\/www.instagram.com\/talkpal_ai\/","https:\/\/www.crunchbase.com\/organization\/talkpal-9cde","https:\/\/www.g2.com\/products\/talkpal-for-business\/","https:\/\/www.trustpilot.com\/review\/talkpal.ai","https:\/\/www.capterra.com\/p\/10006800\/TalkPal\/"],"description":"Talkpal is a language learning web and mobile education app, powered by the latest AI technologies, that provides engaging experiences to its customers in many different languages to help them improve their language skills. Users can chat about unlimited amount of topics with the app and use other modes to practice their language learning.","email":"support@talkpal.ai","legalName":"Talkpal, Inc.","foundingDate":"2023-04-03","duns":"118989042","numberOfEmployees":{"@type":"QuantitativeValue","minValue":"11","maxValue":"50"},"publishingPrinciples":"https:\/\/talkpal.ai\/publishing-principles\/","actionableFeedbackPolicy":"https:\/\/talkpal.ai\/actionable-feedback-policy\/","correctionsPolicy":"https:\/\/talkpal.ai\/corrections-policy\/","ethicsPolicy":"https:\/\/talkpal.ai\/ethics-policy\/","diversityPolicy":"https:\/\/talkpal.ai\/diversity-policy\/","diversityStaffingReport":"https:\/\/talkpal.ai\/diversity-policy\/"}]}},"_links":{"self":[{"href":"https:\/\/talkpal.ai\/sk\/wp-json\/wp\/v2\/grammar\/1080468","targetHints":{"allow":["GET"]}}],"collection":[{"href":"https:\/\/talkpal.ai\/sk\/wp-json\/wp\/v2\/grammar"}],"about":[{"href":"https:\/\/talkpal.ai\/sk\/wp-json\/wp\/v2\/types\/grammar"}],"wp:featuredmedia":[{"embeddable":true,"href":"https:\/\/talkpal.ai\/sk\/wp-json\/wp\/v2\/media\/1528084"}],"wp:attachment":[{"href":"https:\/\/talkpal.ai\/sk\/wp-json\/wp\/v2\/media?parent=1080468"}],"wp:term":[{"taxonomy":"language","embeddable":true,"href":"https:\/\/talkpal.ai\/sk\/wp-json\/wp\/v2\/language?post=1080468"}],"curies":[{"name":"wp","href":"https:\/\/api.w.org\/{rel}","templated":true}]}}