{"id":1080427,"date":"2025-07-02T00:11:53","date_gmt":"2025-07-02T00:11:53","guid":{"rendered":"https:\/\/talkpal.ai\/grammar\/bildung-v-nemeckej-gramatike\/"},"modified":"2025-07-02T00:11:53","modified_gmt":"2025-07-02T00:11:53","slug":"bildung-v-nemeckej-gramatike","status":"publish","type":"grammar","link":"https:\/\/talkpal.ai\/sk\/grammar\/bildung-v-nemeckej-gramatike\/","title":{"rendered":"Bildung v nemeckej gramatike"},"content":{"rendered":"<p>V dne\u0161nom globalizovanom svete je ovl\u00e1danie <a href=\"https:\/\/talkpal.ai\/sk\/kurz-nemeckeho-jazyka\/\">nemeck\u00e9ho jazyka<\/a> v\u00fdhodou v osobnom aj profesion\u00e1lnom \u017eivote. K\u013e\u00fa\u010dom k \u00faspe\u0161n\u00e9mu zvl\u00e1dnutiu nem\u010diny je pochopenie jej gramatickej \u0161trukt\u00fary, kde zohr\u00e1va ve\u013ek\u00fa \u00falohu pojem &#8222;Bildung&#8220; \u2013 tvorba a formovanie slovn\u00fdch tvarov. Porozumenie <a href=\"https:\/\/talkpal.ai\/ar\/grammar_exercises\/bildung-%d8%aa%d9%85%d8%a7%d8%b1%d9%8a%d9%86-%d9%84%d9%84%d9%82%d9%88%d8%a7%d8%b9%d8%af-%d8%a7%d9%84%d8%a3%d9%84%d9%85%d8%a7%d9%86%d9%8a%d8%a9\/\">Bildung<\/a> v <a href=\"https:\/\/talkpal.ai\/sk\/grammar\/mnozne-cislo-v-nemeckej-gramatike\/\">nemeckej gramatike<\/a> v\u00e1m umo\u017en\u00ed spr\u00e1vne tvori\u0165 sloves\u00e1, podstatn\u00e9 men\u00e1 aj pr\u00eddavn\u00e9 men\u00e1, \u010do vedie k plynulej\u0161iemu a presnej\u0161iemu vyjadrovaniu. Ak chcete r\u00fdchlo a efekt\u00edvne zvl\u00e1dnu\u0165 Bildung v nemeckej gramatike, <a href=\"https:\/\/talkpal.ai\/ko\/ai-%ec%96%b8%ec%96%b4-%ea%b5%90%ec%82%ac\/\">Talkpal<\/a> je skvelou cestou, ako sa to nau\u010di\u0165 prakticky a hravo. V tomto \u010dl\u00e1nku sa podrobne pozrieme na v\u0161etky aspekty Bildung v nemeckej gramatike, vysvetl\u00edme z\u00e1kladn\u00e9 pojmy, pon\u00fakneme pr\u00edklady a tipy na u\u010denie.<\/p>\n<h2>\u010co znamen\u00e1 Bildung v nemeckej gramatike?<\/h2>\n<p>Bildung je <a href=\"https:\/\/talkpal.ai\/learn-german\/\">nemeck\u00fd<\/a> term\u00edn ozna\u010duj\u00faci \u201etvorbu\u201c alebo \u201eformovanie\u201c. V gramatickom kontexte ide o proces vytv\u00e1rania jednotliv\u00fdch gramatick\u00fdch tvarov slov, ako s\u00fa \u010dasovanie slovies, tvorba podstatn\u00fdch mien, pr\u00eddavn\u00fdch mien, \u010di tvorba zlo\u017een\u00fdch slov. Spr\u00e1vne zvl\u00e1dnutie Bildung je nevyhnutn\u00e9 pre:<\/p>\n<ul>\n<li>spr\u00e1vne sklo\u0148ovanie podstatn\u00fdch a pr\u00eddavn\u00fdch mien,<\/li>\n<li>\u010dasovanie slovies v r\u00f4znych \u010dasoch,<\/li>\n<li>tvorbu trpn\u00e9ho rodu,<\/li>\n<li>tvorbu rozkazovacieho sp\u00f4sobu,<\/li>\n<li>spr\u00e1vne pou\u017e\u00edvanie predp\u00f4n, pr\u00edpon a koncoviek,<\/li>\n<li>tvorbu zlo\u017een\u00fdch slov (Komposita).<\/li>\n<\/ul>\n<p>Porozumenie Bildung v nemeckej gramatike teda umo\u017e\u0148uje tvori\u0165 spr\u00e1vne a zmyslupln\u00e9 vety.<\/p>\n<h2>Bildung pri \u010dasovan\u00ed slovies<\/h2>\n<h3>Z\u00e1klady \u010dasovania slovies<\/h3>\n<p>Sloves\u00e1 s\u00fa z\u00e1kladom ka\u017edej vety. V nem\u010dine je ich \u010dasovanie (Konjugation) komplexn\u00e9, preto\u017ee z\u00e1vis\u00ed od osoby, \u010d\u00edsla, \u010dasu a sp\u00f4sobu. Bildung tu ozna\u010duje tvorbu spr\u00e1vnych slovesn\u00fdch tvarov pod\u013ea dan\u00e9ho vzoru.<\/p>\n<ul>\n<li><strong>Pravideln\u00e9 sloves\u00e1 (schwache Verben):<\/strong> tvoria minul\u00e9 \u010dasy a pr\u00ed\u010dastia pravidelne (napr. machen \u2013 machte \u2013 gemacht).<\/li>\n<li><strong>Nepravideln\u00e9 sloves\u00e1 (starke Verben):<\/strong> menia kme\u0148ov\u00fa samohl\u00e1sku a pr\u00ed\u010dastia maj\u00fa in\u00fd tvar (napr. gehen \u2013 ging \u2013 gegangen).<\/li>\n<li><strong>Pomocn\u00e9 sloves\u00e1:<\/strong> by\u0165 (sein), ma\u0165 (haben), sta\u0165 sa (werden) maj\u00fa vlastn\u00e9 tvary a s\u00fa z\u00e1kladom pre tvorbu zlo\u017een\u00fdch \u010dasov.<\/li>\n<\/ul>\n<h3>Pr\u00edklady Bildung v \u010dasovan\u00ed<\/h3>\n<ul>\n<li><strong>Pr\u00edtomn\u00fd \u010das (Pr\u00e4sens):<\/strong> ich mache, du machst, er\/sie\/es macht<\/li>\n<li><strong>Minul\u00fd \u010das (Pr\u00e4teritum):<\/strong> ich machte, du machtest, er\/sie\/es machte<\/li>\n<li><strong>Pr\u00ed\u010dastie minul\u00e9 (Partizip II):<\/strong> gemacht<\/li>\n<li><strong>Nepravideln\u00e9 sloveso:<\/strong> gehen \u2013 ich gehe, ich ging, ich bin gegangen<\/li>\n<\/ul>\n<p><em>Tip pre u\u010denie: Precvi\u010dujte Bildung slovies v r\u00f4znych \u010dasoch pomocou aplik\u00e1ci\u00ed ako Talkpal, kde si m\u00f4\u017eete tvary okam\u017eite overi\u0165 v kontexte.<\/em><\/p>\n<h2>Bildung podstatn\u00fdch mien<\/h2>\n<h3>Tvorba podstatn\u00fdch mien z in\u00fdch slovn\u00fdch druhov<\/h3>\n<p>V nem\u010dine je be\u017en\u00e9 tvori\u0165 nov\u00e9 podstatn\u00e9 men\u00e1 pomocou pr\u00edpon a predp\u00f4n. Bildung tu zah\u0155\u0148a:<\/p>\n<ul>\n<li><strong>Pr\u00edpony:<\/strong> -ung (die Bildung), -heit (die Freiheit), -keit (die M\u00f6glichkeit), -schaft (die Freundschaft)<\/li>\n<li><strong>Predpony:<\/strong> be-, ver-, ent-, zer- (najm\u00e4 pri sloves\u00e1ch, ale aj podstatn\u00fdch men\u00e1ch)<\/li>\n<li><strong>Kompozit\u00e1:<\/strong> Tvorba zlo\u017een\u00fdch slov sp\u00e1jan\u00edm viacer\u00fdch podstatn\u00fdch mien (der Fernseher = Fern + Seher)<\/li>\n<\/ul>\n<h3>Pravidl\u00e1 sklo\u0148ovania a Bildung podstatn\u00fdch mien<\/h3>\n<p>Podstatn\u00e9 men\u00e1 sa v nem\u010dine sklo\u0148uj\u00fa pod\u013ea rodu, \u010d\u00edsla a p\u00e1du. Bildung tu znamen\u00e1 spr\u00e1vnu tvorbu tvarov:<\/p>\n<ul>\n<li>Jednotn\u00e9 \u010d\u00edslo: die Frau, der Mann, das Kind<\/li>\n<li>Mno\u017en\u00e9 \u010d\u00edslo: die Frauen, die M\u00e4nner, die Kinder<\/li>\n<li>Genit\u00edv: der Frau, des Mannes, des Kindes<\/li>\n<\/ul>\n<h2>Bildung pr\u00eddavn\u00fdch mien a ich stup\u0148ovanie<\/h2>\n<h3>Stup\u0148ovanie pr\u00eddavn\u00fdch mien (Steigerung)<\/h3>\n<p>Pr\u00eddavn\u00e9 men\u00e1 v nem\u010dine sa stup\u0148uj\u00fa podobne ako v sloven\u010dine:<\/p>\n<ul>\n<li><strong>1. stupe\u0148 (Positiv):<\/strong> sch\u00f6n (pekn\u00fd)<\/li>\n<li><strong>2. stupe\u0148 (Komparativ):<\/strong> sch\u00f6ner (kraj\u0161\u00ed)<\/li>\n<li><strong>3. stupe\u0148 (Superlativ):<\/strong> am sch\u00f6nsten (najkraj\u0161\u00ed)<\/li>\n<\/ul>\n<h3>Bildung pr\u00edponami<\/h3>\n<p>Pr\u00eddavn\u00e9 men\u00e1 mo\u017eno tvori\u0165 aj pomocou pr\u00edpon:<\/p>\n<ul>\n<li>-lich (freundlich \u2013 priate\u013esk\u00fd)<\/li>\n<li>-bar (essbar \u2013 jedl\u00fd)<\/li>\n<li>-los (arbeitslos \u2013 nezamestnan\u00fd)<\/li>\n<\/ul>\n<h2>Bildung trpn\u00e9ho rodu (Passiv)<\/h2>\n<p>Trpn\u00fd rod je d\u00f4le\u017eit\u00fd pri form\u00e1lnom vyjadrovan\u00ed alebo v odborn\u00fdch textoch. Bildung trpn\u00e9ho rodu prebieha spojen\u00edm pomocn\u00e9ho slovesa <strong>werden<\/strong> a pr\u00ed\u010dastia minul\u00e9ho hlavn\u00e9ho slovesa.<\/p>\n<ul>\n<li><strong>Pr\u00edtomn\u00fd \u010das:<\/strong> Das Haus wird gebaut. (Dom sa stavia.)<\/li>\n<li><strong>Minul\u00fd \u010das:<\/strong> Das Haus wurde gebaut. (Dom bol postaven\u00fd.)<\/li>\n<\/ul>\n<h2>Tvorba rozkazovacieho sp\u00f4sobu (Imperativ)<\/h2>\n<p>Bildung rozkazovacieho sp\u00f4sobu z\u00e1vis\u00ed od osoby a slovesn\u00e9ho vzoru:<\/p>\n<ul>\n<li><strong>Tykanie (du):<\/strong> Mach! (Urob!)<\/li>\n<li><strong>Vykanie (Sie):<\/strong> Machen Sie! (Urobte!)<\/li>\n<li><strong>Viac os\u00f4b (ihr):<\/strong> Macht! (Urobte vy!)<\/li>\n<\/ul>\n<h2>Bildung predponami a pr\u00edponami<\/h2>\n<p>Predpony a pr\u00edpony z\u00e1sadne menia v\u00fdznam slov a s\u00fa z\u00e1kladom tvorby nov\u00fdch slov (Wortbildung):<\/p>\n<ul>\n<li><strong>Predpony:<\/strong> be-, ent-, er-, ver-, zer- (beantworten, entfernen, erleben, verlieren, zerst\u00f6ren)<\/li>\n<li><strong>Pr\u00edpony:<\/strong> -ung, -heit, -keit, -schaft, -ismus, -ist, -lich, -bar, -los<\/li>\n<\/ul>\n<p>Tieto afixy s\u00fa k\u013e\u00fa\u010dov\u00e9 pri roz\u0161irovan\u00ed slovnej z\u00e1soby a pochopen\u00ed v\u00fdznamu nezn\u00e1mych slov.<\/p>\n<h2>Naj\u010dastej\u0161ie chyby pri Bildung v nemeckej gramatike<\/h2>\n<ul>\n<li>Zamie\u0148anie pravideln\u00fdch a nepravideln\u00fdch slovies<\/li>\n<li>Nespr\u00e1vne pou\u017eitie pr\u00edpon pri tvorbe podstatn\u00fdch a pr\u00eddavn\u00fdch mien<\/li>\n<li>Chybn\u00e9 \u010dasovanie pomocn\u00fdch slovies<\/li>\n<li>Nespr\u00e1vna tvorba trpn\u00e9ho rodu<\/li>\n<li>Zanedbanie spr\u00e1vneho sklo\u0148ovania<\/li>\n<\/ul>\n<p>Preto je d\u00f4le\u017eit\u00e9 pravidelne precvi\u010dova\u0165 Bildung pomocou cvi\u010den\u00ed, konverz\u00e1cie a aplik\u00e1ci\u00ed ako Talkpal, ktor\u00e9 poskytuj\u00fa sp\u00e4tn\u00fa v\u00e4zbu a praktick\u00e9 pr\u00edklady.<\/p>\n<h2>Tipy na efekt\u00edvne u\u010denie Bildung v nemeckej gramatike<\/h2>\n<ul>\n<li>U\u010dte sa vzory \u2013 pravideln\u00e9 a nepravideln\u00e9 sloves\u00e1, typick\u00e9 pr\u00edpony a predpony.<\/li>\n<li>Precvi\u010dujte tvorbu tvarov v re\u00e1lnych vet\u00e1ch, nielen izolovane.<\/li>\n<li>Vyu\u017e\u00edvajte interakt\u00edvne n\u00e1stroje ako Talkpal na okam\u017eit\u00e9 overenie spr\u00e1vnosti.<\/li>\n<li>Venujte pozornos\u0165 v\u00fdnimk\u00e1m a \u0161peci\u00e1lnym pr\u00edpadom v gramatike.<\/li>\n<li>P\u00ed\u0161te a hovorte \u010do najviac \u2013 prax je najlep\u0161\u00ed u\u010dite\u013e.<\/li>\n<\/ul>\n<h2>V\u00fdznam Bildung pre plynul\u00fa komunik\u00e1ciu v nem\u010dine<\/h2>\n<p>Bez zvl\u00e1dnutia Bildung v nemeckej gramatike je \u0165a\u017ek\u00e9 tvori\u0165 spr\u00e1vne a zrozumite\u013en\u00e9 vety. Ovl\u00e1danie tvorby slovn\u00fdch tvarov:<\/p>\n<ul>\n<li>zvy\u0161uje sebavedomie pri rozpr\u00e1van\u00ed a p\u00edsan\u00ed,<\/li>\n<li>umo\u017e\u0148uje porozumie\u0165 aj zlo\u017eitej\u0161\u00edm textom,<\/li>\n<li>otv\u00e1ra dvere k pokro\u010dilej\u0161\u00edm \u00farovniam ovl\u00e1dania jazyka,<\/li>\n<li>zlep\u0161uje \u0161ance na \u00faspech v pr\u00e1ci alebo \u0161t\u00fadiu v nemecky hovoriacich krajin\u00e1ch.<\/li>\n<\/ul>\n<h2>Z\u00e1ver: Pre\u010do sa venova\u0165 Bildung v nemeckej gramatike?<\/h2>\n<p>Bildung v nemeckej gramatike je z\u00e1kladn\u00fdm kame\u0148om pre ka\u017ed\u00e9ho, kto sa chce nau\u010di\u0165 nemecky plynulo a spr\u00e1vne. V\u010faka spr\u00e1vnemu osvojeniu si tvorby slovn\u00fdch tvarov dok\u00e1\u017eete efekt\u00edvne komunikova\u0165, rozumie\u0165 aj zlo\u017eitej\u0161\u00edm vet\u00e1m a vyjadrova\u0165 svoje my\u0161lienky presne. Nezab\u00fadajte, \u017ee u\u010denie gramatiky nemus\u00ed by\u0165 nudn\u00e9 \u2013 s modern\u00fdmi n\u00e1strojmi ako Talkpal m\u00f4\u017eete Bildung tr\u00e9nova\u0165 interakt\u00edvne, r\u00fdchlo a z\u00e1bavne. Nechajte sa in\u0161pirova\u0165, za\u010dnite s Bildung e\u0161te dnes a otvorte si nov\u00e9 pr\u00edle\u017eitosti v nemecky hovoriacom svete!<\/p>\n","protected":false},"featured_media":1527676,"template":"","language":[12958,12963],"class_list":["post-1080427","grammar","type-grammar","status-publish","has-post-thumbnail","hentry","language-nemcina-sk","language-pridavne-mena-nemecka-gramatika"],"acf":[],"yoast_head":"<!-- This site is optimized with the Yoast SEO Premium plugin v27.2 (Yoast SEO v27.2) - https:\/\/yoast.com\/product\/yoast-seo-premium-wordpress\/ -->\n<title>Bildung v nemeckej gramatike - Talkpal<\/title>\n<meta name=\"description\" content=\"V dne\u0161nom globalizovanom svete je ovl\u00e1danie nemeck\u00e9ho jazyka v\u00fdhodou v osobnom aj profesion\u00e1lnom \u017eivote. K\u013e\u00fa\u010dom k \u00faspe\u0161n\u00e9mu zvl\u00e1dnutiu nem\u010diny je\" \/>\n<meta name=\"robots\" content=\"index, follow, max-snippet:-1, max-image-preview:large, max-video-preview:-1\" \/>\n<link rel=\"canonical\" href=\"https:\/\/talkpal.ai\/sk\/grammar\/bildung-v-nemeckej-gramatike\/\" \/>\n<meta property=\"og:locale\" content=\"sk_SK\" \/>\n<meta property=\"og:type\" content=\"article\" \/>\n<meta property=\"og:title\" content=\"Bildung v nemeckej gramatike\" \/>\n<meta property=\"og:description\" content=\"V dne\u0161nom globalizovanom svete je ovl\u00e1danie nemeck\u00e9ho jazyka v\u00fdhodou v osobnom aj profesion\u00e1lnom \u017eivote. K\u013e\u00fa\u010dom k \u00faspe\u0161n\u00e9mu zvl\u00e1dnutiu nem\u010diny je\" \/>\n<meta property=\"og:url\" content=\"https:\/\/talkpal.ai\/sk\/grammar\/bildung-v-nemeckej-gramatike\/\" \/>\n<meta property=\"og:site_name\" content=\"Talkpal\" \/>\n<meta property=\"article:publisher\" content=\"https:\/\/www.facebook.com\/profile.php?id=100090733639311\" \/>\n<meta property=\"og:image\" content=\"https:\/\/talkpal.ai\/wp-content\/uploads\/2025\/02\/Progress-tab-16_9.png\" \/>\n\t<meta property=\"og:image:width\" content=\"2880\" \/>\n\t<meta property=\"og:image:height\" content=\"1620\" \/>\n\t<meta property=\"og:image:type\" content=\"image\/png\" \/>\n<meta name=\"twitter:card\" content=\"summary_large_image\" \/>\n<meta name=\"twitter:site\" content=\"@talkpalai\" \/>\n<meta name=\"twitter:label1\" content=\"Predpokladan\u00fd \u010das \u010d\u00edtania\" \/>\n\t<meta name=\"twitter:data1\" content=\"6 min\u00fat\" \/>\n<script type=\"application\/ld+json\" class=\"yoast-schema-graph\">{\"@context\":\"https:\/\/schema.org\",\"@graph\":[{\"@type\":\"WebPage\",\"@id\":\"https:\/\/talkpal.ai\/sk\/grammar\/bildung-v-nemeckej-gramatike\/\",\"url\":\"https:\/\/talkpal.ai\/sk\/grammar\/bildung-v-nemeckej-gramatike\/\",\"name\":\"Bildung v nemeckej gramatike - Talkpal\",\"isPartOf\":{\"@id\":\"https:\/\/talkpal.ai\/sk\/#website\"},\"primaryImageOfPage\":{\"@id\":\"https:\/\/talkpal.ai\/sk\/grammar\/bildung-v-nemeckej-gramatike\/#primaryimage\"},\"image\":{\"@id\":\"https:\/\/talkpal.ai\/sk\/grammar\/bildung-v-nemeckej-gramatike\/#primaryimage\"},\"thumbnailUrl\":\"https:\/\/talkpal.ai\/wp-content\/uploads\/2025\/12\/group-at-round-table-learning-languages.webp\",\"datePublished\":\"2025-07-02T00:11:53+00:00\",\"description\":\"V dne\u0161nom globalizovanom svete je ovl\u00e1danie nemeck\u00e9ho jazyka v\u00fdhodou v osobnom aj profesion\u00e1lnom \u017eivote. K\u013e\u00fa\u010dom k \u00faspe\u0161n\u00e9mu zvl\u00e1dnutiu nem\u010diny je\",\"breadcrumb\":{\"@id\":\"https:\/\/talkpal.ai\/sk\/grammar\/bildung-v-nemeckej-gramatike\/#breadcrumb\"},\"inLanguage\":\"sk-SK\",\"potentialAction\":[{\"@type\":\"ReadAction\",\"target\":[\"https:\/\/talkpal.ai\/sk\/grammar\/bildung-v-nemeckej-gramatike\/\"]}]},{\"@type\":\"ImageObject\",\"inLanguage\":\"sk-SK\",\"@id\":\"https:\/\/talkpal.ai\/sk\/grammar\/bildung-v-nemeckej-gramatike\/#primaryimage\",\"url\":\"https:\/\/talkpal.ai\/wp-content\/uploads\/2025\/12\/group-at-round-table-learning-languages.webp\",\"contentUrl\":\"https:\/\/talkpal.ai\/wp-content\/uploads\/2025\/12\/group-at-round-table-learning-languages.webp\",\"width\":1200,\"height\":896,\"caption\":\"A group of people sits at a round wooden table in a library for learning languages.\"},{\"@type\":\"BreadcrumbList\",\"@id\":\"https:\/\/talkpal.ai\/sk\/grammar\/bildung-v-nemeckej-gramatike\/#breadcrumb\",\"itemListElement\":[{\"@type\":\"ListItem\",\"position\":1,\"name\":\"Homepage\",\"item\":\"https:\/\/talkpal.ai\/sk\/\"},{\"@type\":\"ListItem\",\"position\":2,\"name\":\"Bildung v nemeckej gramatike\"}]},{\"@type\":\"WebSite\",\"@id\":\"https:\/\/talkpal.ai\/sk\/#website\",\"url\":\"https:\/\/talkpal.ai\/sk\/\",\"name\":\"Talkpal\",\"description\":\"AI Language Learning\",\"publisher\":{\"@id\":\"https:\/\/talkpal.ai\/sk\/#organization\"},\"alternateName\":\"Talkpal AI\",\"potentialAction\":[{\"@type\":\"SearchAction\",\"target\":{\"@type\":\"EntryPoint\",\"urlTemplate\":\"https:\/\/talkpal.ai\/sk\/?s={search_term_string}\"},\"query-input\":{\"@type\":\"PropertyValueSpecification\",\"valueRequired\":true,\"valueName\":\"search_term_string\"}}],\"inLanguage\":\"sk-SK\"},{\"@type\":\"Organization\",\"@id\":\"https:\/\/talkpal.ai\/sk\/#organization\",\"name\":\"Talkpal, Inc.\",\"alternateName\":\"Talkpal AI\",\"url\":\"https:\/\/talkpal.ai\/sk\/\",\"logo\":{\"@type\":\"ImageObject\",\"inLanguage\":\"sk-SK\",\"@id\":\"https:\/\/talkpal.ai\/sk\/#\/schema\/logo\/image\/\",\"url\":\"https:\/\/talkpal.ai\/wp-content\/uploads\/2024\/03\/Talkpal-Logo-Icon.png\",\"contentUrl\":\"https:\/\/talkpal.ai\/wp-content\/uploads\/2024\/03\/Talkpal-Logo-Icon.png\",\"width\":2880,\"height\":2880,\"caption\":\"Talkpal, Inc.\"},\"image\":{\"@id\":\"https:\/\/talkpal.ai\/sk\/#\/schema\/logo\/image\/\"},\"sameAs\":[\"https:\/\/www.facebook.com\/profile.php?id=100090733639311\",\"https:\/\/x.com\/talkpalai\",\"https:\/\/www.linkedin.com\/company\/talkpal\/\",\"https:\/\/www.youtube.com\/@TalkPal\/\",\"https:\/\/www.tiktok.com\/@talkpal\",\"https:\/\/www.instagram.com\/talkpal_ai\/\",\"https:\/\/www.crunchbase.com\/organization\/talkpal-9cde\",\"https:\/\/www.g2.com\/products\/talkpal-for-business\/\",\"https:\/\/www.trustpilot.com\/review\/talkpal.ai\",\"https:\/\/www.capterra.com\/p\/10006800\/TalkPal\/\"],\"description\":\"Talkpal is a language learning web and mobile education app, powered by the latest AI technologies, that provides engaging experiences to its customers in many different languages to help them improve their language skills. Users can chat about unlimited amount of topics with the app and use other modes to practice their language learning.\",\"email\":\"support@talkpal.ai\",\"legalName\":\"Talkpal, Inc.\",\"foundingDate\":\"2023-04-03\",\"duns\":\"118989042\",\"numberOfEmployees\":{\"@type\":\"QuantitativeValue\",\"minValue\":\"11\",\"maxValue\":\"50\"},\"publishingPrinciples\":\"https:\/\/talkpal.ai\/publishing-principles\/\",\"actionableFeedbackPolicy\":\"https:\/\/talkpal.ai\/actionable-feedback-policy\/\",\"correctionsPolicy\":\"https:\/\/talkpal.ai\/corrections-policy\/\",\"ethicsPolicy\":\"https:\/\/talkpal.ai\/ethics-policy\/\",\"diversityPolicy\":\"https:\/\/talkpal.ai\/diversity-policy\/\",\"diversityStaffingReport\":\"https:\/\/talkpal.ai\/diversity-policy\/\"}]}<\/script>\n<!-- \/ Yoast SEO Premium plugin. -->","yoast_head_json":{"title":"Bildung v nemeckej gramatike - Talkpal","description":"V dne\u0161nom globalizovanom svete je ovl\u00e1danie nemeck\u00e9ho jazyka v\u00fdhodou v osobnom aj profesion\u00e1lnom \u017eivote. K\u013e\u00fa\u010dom k \u00faspe\u0161n\u00e9mu zvl\u00e1dnutiu nem\u010diny je","robots":{"index":"index","follow":"follow","max-snippet":"max-snippet:-1","max-image-preview":"max-image-preview:large","max-video-preview":"max-video-preview:-1"},"canonical":"https:\/\/talkpal.ai\/sk\/grammar\/bildung-v-nemeckej-gramatike\/","og_locale":"sk_SK","og_type":"article","og_title":"Bildung v nemeckej gramatike","og_description":"V dne\u0161nom globalizovanom svete je ovl\u00e1danie nemeck\u00e9ho jazyka v\u00fdhodou v osobnom aj profesion\u00e1lnom \u017eivote. K\u013e\u00fa\u010dom k \u00faspe\u0161n\u00e9mu zvl\u00e1dnutiu nem\u010diny je","og_url":"https:\/\/talkpal.ai\/sk\/grammar\/bildung-v-nemeckej-gramatike\/","og_site_name":"Talkpal","article_publisher":"https:\/\/www.facebook.com\/profile.php?id=100090733639311","og_image":[{"width":2880,"height":1620,"url":"https:\/\/talkpal.ai\/wp-content\/uploads\/2025\/02\/Progress-tab-16_9.png","type":"image\/png"}],"twitter_card":"summary_large_image","twitter_site":"@talkpalai","twitter_misc":{"Predpokladan\u00fd \u010das \u010d\u00edtania":"6 min\u00fat"},"schema":{"@context":"https:\/\/schema.org","@graph":[{"@type":"WebPage","@id":"https:\/\/talkpal.ai\/sk\/grammar\/bildung-v-nemeckej-gramatike\/","url":"https:\/\/talkpal.ai\/sk\/grammar\/bildung-v-nemeckej-gramatike\/","name":"Bildung v nemeckej gramatike - Talkpal","isPartOf":{"@id":"https:\/\/talkpal.ai\/sk\/#website"},"primaryImageOfPage":{"@id":"https:\/\/talkpal.ai\/sk\/grammar\/bildung-v-nemeckej-gramatike\/#primaryimage"},"image":{"@id":"https:\/\/talkpal.ai\/sk\/grammar\/bildung-v-nemeckej-gramatike\/#primaryimage"},"thumbnailUrl":"https:\/\/talkpal.ai\/wp-content\/uploads\/2025\/12\/group-at-round-table-learning-languages.webp","datePublished":"2025-07-02T00:11:53+00:00","description":"V dne\u0161nom globalizovanom svete je ovl\u00e1danie nemeck\u00e9ho jazyka v\u00fdhodou v osobnom aj profesion\u00e1lnom \u017eivote. K\u013e\u00fa\u010dom k \u00faspe\u0161n\u00e9mu zvl\u00e1dnutiu nem\u010diny je","breadcrumb":{"@id":"https:\/\/talkpal.ai\/sk\/grammar\/bildung-v-nemeckej-gramatike\/#breadcrumb"},"inLanguage":"sk-SK","potentialAction":[{"@type":"ReadAction","target":["https:\/\/talkpal.ai\/sk\/grammar\/bildung-v-nemeckej-gramatike\/"]}]},{"@type":"ImageObject","inLanguage":"sk-SK","@id":"https:\/\/talkpal.ai\/sk\/grammar\/bildung-v-nemeckej-gramatike\/#primaryimage","url":"https:\/\/talkpal.ai\/wp-content\/uploads\/2025\/12\/group-at-round-table-learning-languages.webp","contentUrl":"https:\/\/talkpal.ai\/wp-content\/uploads\/2025\/12\/group-at-round-table-learning-languages.webp","width":1200,"height":896,"caption":"A group of people sits at a round wooden table in a library for learning languages."},{"@type":"BreadcrumbList","@id":"https:\/\/talkpal.ai\/sk\/grammar\/bildung-v-nemeckej-gramatike\/#breadcrumb","itemListElement":[{"@type":"ListItem","position":1,"name":"Homepage","item":"https:\/\/talkpal.ai\/sk\/"},{"@type":"ListItem","position":2,"name":"Bildung v nemeckej gramatike"}]},{"@type":"WebSite","@id":"https:\/\/talkpal.ai\/sk\/#website","url":"https:\/\/talkpal.ai\/sk\/","name":"Talkpal","description":"AI Language Learning","publisher":{"@id":"https:\/\/talkpal.ai\/sk\/#organization"},"alternateName":"Talkpal AI","potentialAction":[{"@type":"SearchAction","target":{"@type":"EntryPoint","urlTemplate":"https:\/\/talkpal.ai\/sk\/?s={search_term_string}"},"query-input":{"@type":"PropertyValueSpecification","valueRequired":true,"valueName":"search_term_string"}}],"inLanguage":"sk-SK"},{"@type":"Organization","@id":"https:\/\/talkpal.ai\/sk\/#organization","name":"Talkpal, Inc.","alternateName":"Talkpal AI","url":"https:\/\/talkpal.ai\/sk\/","logo":{"@type":"ImageObject","inLanguage":"sk-SK","@id":"https:\/\/talkpal.ai\/sk\/#\/schema\/logo\/image\/","url":"https:\/\/talkpal.ai\/wp-content\/uploads\/2024\/03\/Talkpal-Logo-Icon.png","contentUrl":"https:\/\/talkpal.ai\/wp-content\/uploads\/2024\/03\/Talkpal-Logo-Icon.png","width":2880,"height":2880,"caption":"Talkpal, Inc."},"image":{"@id":"https:\/\/talkpal.ai\/sk\/#\/schema\/logo\/image\/"},"sameAs":["https:\/\/www.facebook.com\/profile.php?id=100090733639311","https:\/\/x.com\/talkpalai","https:\/\/www.linkedin.com\/company\/talkpal\/","https:\/\/www.youtube.com\/@TalkPal\/","https:\/\/www.tiktok.com\/@talkpal","https:\/\/www.instagram.com\/talkpal_ai\/","https:\/\/www.crunchbase.com\/organization\/talkpal-9cde","https:\/\/www.g2.com\/products\/talkpal-for-business\/","https:\/\/www.trustpilot.com\/review\/talkpal.ai","https:\/\/www.capterra.com\/p\/10006800\/TalkPal\/"],"description":"Talkpal is a language learning web and mobile education app, powered by the latest AI technologies, that provides engaging experiences to its customers in many different languages to help them improve their language skills. Users can chat about unlimited amount of topics with the app and use other modes to practice their language learning.","email":"support@talkpal.ai","legalName":"Talkpal, Inc.","foundingDate":"2023-04-03","duns":"118989042","numberOfEmployees":{"@type":"QuantitativeValue","minValue":"11","maxValue":"50"},"publishingPrinciples":"https:\/\/talkpal.ai\/publishing-principles\/","actionableFeedbackPolicy":"https:\/\/talkpal.ai\/actionable-feedback-policy\/","correctionsPolicy":"https:\/\/talkpal.ai\/corrections-policy\/","ethicsPolicy":"https:\/\/talkpal.ai\/ethics-policy\/","diversityPolicy":"https:\/\/talkpal.ai\/diversity-policy\/","diversityStaffingReport":"https:\/\/talkpal.ai\/diversity-policy\/"}]}},"_links":{"self":[{"href":"https:\/\/talkpal.ai\/sk\/wp-json\/wp\/v2\/grammar\/1080427","targetHints":{"allow":["GET"]}}],"collection":[{"href":"https:\/\/talkpal.ai\/sk\/wp-json\/wp\/v2\/grammar"}],"about":[{"href":"https:\/\/talkpal.ai\/sk\/wp-json\/wp\/v2\/types\/grammar"}],"wp:featuredmedia":[{"embeddable":true,"href":"https:\/\/talkpal.ai\/sk\/wp-json\/wp\/v2\/media\/1527676"}],"wp:attachment":[{"href":"https:\/\/talkpal.ai\/sk\/wp-json\/wp\/v2\/media?parent=1080427"}],"wp:term":[{"taxonomy":"language","embeddable":true,"href":"https:\/\/talkpal.ai\/sk\/wp-json\/wp\/v2\/language?post=1080427"}],"curies":[{"name":"wp","href":"https:\/\/api.w.org\/{rel}","templated":true}]}}