{"id":1080418,"date":"2025-07-02T00:11:12","date_gmt":"2025-07-02T00:11:12","guid":{"rendered":"https:\/\/talkpal.ai\/grammar\/relativpronomen-v-nemeckej-gramatike\/"},"modified":"2025-07-02T00:11:12","modified_gmt":"2025-07-02T00:11:12","slug":"relativpronomen-v-nemeckej-gramatike","status":"publish","type":"grammar","link":"https:\/\/talkpal.ai\/sk\/grammar\/relativpronomen-v-nemeckej-gramatike\/","title":{"rendered":"Relativpronomen v nemeckej gramatike"},"content":{"rendered":"<p>Relat\u00edvne z\u00e1men\u00e1, zn\u00e1me ako <a href=\"https:\/\/talkpal.ai\/hi\/grammar_exercises\/relativpronomen-%e0%a4%9c%e0%a4%b0%e0%a5%8d%e0%a4%ae%e0%a4%a8-%e0%a4%b5%e0%a5%8d%e0%a4%af%e0%a4%be%e0%a4%95%e0%a4%b0%e0%a4%a3-%e0%a4%95%e0%a5%87-%e0%a4%b2%e0%a4%bf%e0%a4%8f-%e0%a4%85%e0%a4%ad%e0%a5%8d\/\">Relativpronomen<\/a>, predstavuj\u00fa v <a href=\"https:\/\/talkpal.ai\/sk\/grammar\/mnozne-cislo-v-nemeckej-gramatike\/\">nemeckej gramatike<\/a> d\u00f4le\u017eit\u00fd prvok, ktor\u00fd umo\u017e\u0148uje sp\u00e1ja\u0165 vety a poskytuje podrobnej\u0161ie inform\u00e1cie o podstatn\u00fdch men\u00e1ch. Spr\u00e1vne pou\u017e\u00edvanie relativpronom\u00e9n je k\u013e\u00fa\u010dov\u00e9 pre pochopenie aj tvorbu komplexn\u00fdch viet v nem\u010dine. V tomto \u010dl\u00e1nku podrobne rozoberieme, ak\u00e9 <a href=\"https:\/\/talkpal.ai\/hi\/grammar_exercises\/relativpronomen-%e0%a4%9c%e0%a4%b0%e0%a5%8d%e0%a4%ae%e0%a4%a8-%e0%a4%b5%e0%a5%8d%e0%a4%af%e0%a4%be%e0%a4%95%e0%a4%b0%e0%a4%a3-%e0%a4%95%e0%a5%87-%e0%a4%b2%e0%a4%bf%e0%a4%8f-%e0%a4%85%e0%a4%ad%e0%a5%8d\/\">relativpronomen<\/a> existuj\u00fa, ak\u00e9 maj\u00fa tvary, ako sa sklo\u0148uj\u00fa a kde sa pou\u017e\u00edvaj\u00fa v nemeck\u00fdch vet\u00e1ch. Pre ka\u017ed\u00e9ho, kto sa u\u010d\u00ed <a href=\"https:\/\/talkpal.ai\/sk\/ucte-sa-nemecky\/\">nemeck\u00fd jazyk<\/a>, je zvl\u00e1dnutie relativpronomen nevyhnutn\u00e9, a pr\u00e1ve interakt\u00edvne platformy ako <a href=\"https:\/\/talkpal.ai\/ko\/ai-%ec%96%b8%ec%96%b4-%ea%b5%90%ec%82%ac\/\">Talkpal<\/a> m\u00f4\u017eu v\u00fdrazne pom\u00f4c\u0165 pri ich efekt\u00edvnom osvojovan\u00ed.<\/p>\n<h2>\u010co s\u00fa Relativpronomen v nemeckej gramatike?<\/h2>\n<p>Relativpronomen (relat\u00edvne z\u00e1men\u00e1) s\u00fa z\u00e1men\u00e1, ktor\u00e9 sp\u00e1jaj\u00fa ved\u013eaj\u0161ie vety s hlavnou vetou a odkazuj\u00fa na podstatn\u00e9 meno alebo z\u00e1meno uveden\u00e9 v hlavnej vete. Ich \u00falohou je roz\u0161irova\u0165 inform\u00e1ciu o osobe, veci alebo pojme, ktor\u00fd u\u017e bol vo vete spomenut\u00fd.<\/p>\n<h3>Pre\u010do s\u00fa Relativpronomen d\u00f4le\u017eit\u00e9?<\/h3>\n<p>Relat\u00edvne z\u00e1men\u00e1 umo\u017e\u0148uj\u00fa:<\/p>\n<ul>\n<li>sp\u00e1ja\u0165 dve jednoduch\u00e9 vety do jednej zlo\u017eitej\u0161ej, \u010d\u00edm sa zvy\u0161uje kvalita a plynulos\u0165 vyjadrovania,<\/li>\n<li>presnej\u0161ie \u0161pecifikova\u0165 alebo identifikova\u0165 osoby a veci,<\/li>\n<li>predch\u00e1dza\u0165 opakovaniu rovnak\u00fdch slov vo viacer\u00fdch vet\u00e1ch.<\/li>\n<\/ul>\n<p>Pr\u00edklad:<\/p>\n<ul>\n<li>Das ist der Mann. Er wohnt nebenan. &rarr; Das ist der Mann, <b>der<\/b> nebenan wohnt.<\/li>\n<\/ul>\n<h2>Z\u00e1kladn\u00e9 tvary Relativpronomen v nem\u010dine<\/h2>\n<p>V nem\u010dine s\u00fa hlavn\u00fdmi relativpronom\u00e9nami z\u00e1men\u00e1 <b>der, die, das<\/b> a ich sklo\u0148ovan\u00e9 tvary pod\u013ea rodu, \u010d\u00edsla a p\u00e1du. Okrem nich sa pou\u017e\u00edvaj\u00fa aj <b>welcher, welche, welches<\/b>, ktor\u00e9 s\u00fa v\u0161ak menej be\u017en\u00e9 v hovorovej nem\u010dine.<\/p>\n<h3>Sklo\u0148ovanie Relativpronomen pod\u013ea rodu, \u010d\u00edsla a p\u00e1du<\/h3>\n<p>Relativpronomen sa sklo\u0148uj\u00fa pod\u013ea podstatn\u00e9ho mena, na ktor\u00e9 odkazuj\u00fa, a pod\u013ea funkcie v relat\u00edvnej ved\u013eaj\u0161ej vete (subjekt, objekt, at\u010f.). Pozrime sa na tabu\u013eku sklo\u0148ovania:<\/p>\n<table>\n<tr>\n<th>P\u00e1d<\/th>\n<th>Mu\u017esk\u00fd rod<br \/>(der)<\/th>\n<th>\u017densk\u00fd rod<br \/>(die)<\/th>\n<th>Stredn\u00fd rod<br \/>(das)<\/th>\n<th>Mno\u017en\u00e9 \u010d\u00edslo<br \/>(die)<\/th>\n<\/tr>\n<tr>\n<td>Nominat\u00edv<\/td>\n<td>der<\/td>\n<td>die<\/td>\n<td>das<\/td>\n<td>die<\/td>\n<\/tr>\n<tr>\n<td>Akuzat\u00edv<\/td>\n<td>den<\/td>\n<td>die<\/td>\n<td>das<\/td>\n<td>die<\/td>\n<\/tr>\n<tr>\n<td>Dativ<\/td>\n<td>dem<\/td>\n<td>der<\/td>\n<td>dem<\/td>\n<td>denen<\/td>\n<\/tr>\n<tr>\n<td>Genit\u00edv<\/td>\n<td>dessen<\/td>\n<td>deren<\/td>\n<td>dessen<\/td>\n<td>deren<\/td>\n<\/tr>\n<\/table>\n<h3>Pr\u00edklady pou\u017eitia jednotliv\u00fdch tvarov<\/h3>\n<ul>\n<li>Das ist die Frau, <b>die<\/b> im Garten arbeitet. (Subjekt v \u017eenskom rode, nominat\u00edv)<\/li>\n<li>Ich sehe den Hund, <b>den<\/b> du gestern gef\u00fcttert hast. (Akuzat\u00edv, mu\u017esk\u00fd rod)<\/li>\n<li>Das ist das Auto, <b>das<\/b> sehr schnell f\u00e4hrt. (Stredn\u00fd rod, nominat\u00edv)<\/li>\n<li>Die Kinder, <b>denen<\/b> ich geholfen habe, sind sehr freundlich. (Dativ, mno\u017en\u00e9 \u010d\u00edslo)<\/li>\n<li>Der Mann, <b>dessen<\/b> Auto gestohlen wurde, ruft die Polizei. (Genit\u00edv, mu\u017esk\u00fd rod)<\/li>\n<\/ul>\n<h2>\u0160trukt\u00fara relat\u00edvnej vety a slovosled<\/h2>\n<p>V nem\u010dine m\u00e1 relat\u00edvna veta \u0161pecifick\u00fd slovosled. Relativpronomen stoj\u00ed v\u017edy na za\u010diatku ved\u013eaj\u0161ej vety, po \u0148om nasleduje zvy\u0161ok vety a sloveso je v\u017edy na konci vety.<\/p>\n<ul>\n<li>Hlavn\u00e1 veta, <b>relativpronomen<\/b> + zvy\u0161ok ved\u013eaj\u0161ej vety + <b>sloveso na konci<\/b>.<\/li>\n<\/ul>\n<p>Pr\u00edklad:<\/p>\n<ul>\n<li>Das ist der <a href=\"https:\/\/talkpal.ai\/talkpal-discount-for-teachers\/\">Lehrer<\/a>, <b>der<\/b> in <a href=\"https:\/\/talkpal.ai\/locations\/language-courses-in-berlin\/\">Berlin<\/a> <b>geboren wurde<\/b>.<\/li>\n<li>Ich habe ein Buch, <b>das<\/b> sehr interessant <b>ist<\/b>.<\/li>\n<\/ul>\n<h3>Vlo\u017eenie relat\u00edvnej vety do hlavnej vety<\/h3>\n<p>Relat\u00edvna veta je oddelen\u00e1 \u010diarkami a m\u00f4\u017ee by\u0165 vlo\u017een\u00e1 aj do stredu hlavnej vety:<\/p>\n<ul>\n<li>Mein Bruder, <b>der in Wien lebt<\/b>, besucht mich oft.<\/li>\n<\/ul>\n<h2>Kedy pou\u017ei\u0165 Relativpronomen?<\/h2>\n<p>Relat\u00edvne z\u00e1men\u00e1 pou\u017e\u00edvame vtedy, ke\u010f chceme:<\/p>\n<ul>\n<li>upresni\u0165 alebo \u0161pecifikova\u0165 osobu, vec alebo pojem v hlavnej vete,<\/li>\n<li>spoji\u0165 dve s\u00favisiace vety do jednej,<\/li>\n<li>zv\u00fd\u0161i\u0165 plynulos\u0165 a zrozumite\u013enos\u0165 prejavu.<\/li>\n<\/ul>\n<p>Pr\u00edklady:<\/p>\n<ul>\n<li>Die Frau, <b>die<\/b> im Restaurant arbeitet, ist meine Tante.<\/li>\n<li>Das Buch, <b>das<\/b> ich gelesen habe, war spannend.<\/li>\n<\/ul>\n<h2>Relativpronomen a predlo\u017eky<\/h2>\n<p>V nem\u010dine m\u00f4\u017ee by\u0165 relativpronomen kombinovan\u00e9 s predlo\u017ekou, ktor\u00e1 z\u00e1vis\u00ed od slovesa alebo fr\u00e1zy vo ved\u013eaj\u0161ej vete. Predlo\u017eka stoj\u00ed v\u017edy pred relativpronom\u00e9nom.<\/p>\n<p>Pr\u00edklady:<\/p>\n<ul>\n<li>Das Haus, <b>in dem<\/b> ich wohne, ist alt.<\/li>\n<li>Der Freund, <b>mit dem<\/b> ich spreche, kommt aus der Slowakei.<\/li>\n<li>Die Stadt, <b>\u00fcber die<\/b> wir gesprochen haben, ist sehr sch\u00f6n.<\/li>\n<\/ul>\n<h2>Genit\u00edvne tvary Relativpronomen: dessen, deren<\/h2>\n<p>V genit\u00edve sa pou\u017e\u00edvaj\u00fa \u0161peci\u00e1lne tvary relativpronom\u00e9n:<\/p>\n<ul>\n<li><b>dessen<\/b> \u2013 pre mu\u017esk\u00fd a stredn\u00fd rod<\/li>\n<li><b>deren<\/b> \u2013 pre \u017eensk\u00fd rod a mno\u017en\u00e9 \u010d\u00edslo<\/li>\n<\/ul>\n<p>Pr\u00edklady:<\/p>\n<ul>\n<li>Der Mann, <b>dessen<\/b> Tochter hier studiert, ist Professor.<\/li>\n<li>Die Frau, <b>deren<\/b> Auto gestohlen wurde, arbeitet bei der Polizei.<\/li>\n<li>Die Kinder, <b>deren<\/b> Eltern verreist sind, bleiben zu Hause.<\/li>\n<\/ul>\n<h2>Rozdiel medzi der\/die\/das a welcher\/welche\/welches<\/h2>\n<p>Hoci tvary <b>welcher, welche, welches<\/b> tie\u017e sl\u00fa\u017eia ako relativpronomen, v modernej nem\u010dine sa pou\u017e\u00edvaj\u00fa najm\u00e4 v p\u00edsomnom alebo \u00faradnom \u0161t\u00fdle. V be\u017enej re\u010di prevl\u00e1daj\u00fa tvary <b>der, die, das<\/b>.<\/p>\n<p>Porovnanie:<\/p>\n<ul>\n<li>Die Frau, <b>die<\/b> im Park l\u00e4uft, ist meine Nachbarin. (be\u017en\u00e9)<\/li>\n<li>Die Frau, <b>welche<\/b> im Park l\u00e4uft, ist meine Nachbarin. (form\u00e1lne\/p\u00edsomn\u00e9)<\/li>\n<\/ul>\n<h2>\u010cast\u00e9 chyby pri pou\u017e\u00edvan\u00ed Relativpronomen<\/h2>\n<p>Pri u\u010den\u00ed sa relativpronom\u00e9n sa \u010dasto vyskytuj\u00fa tieto chyby:<\/p>\n<ul>\n<li>Nespr\u00e1vny rod alebo p\u00e1d relativpronom\u00e9na pod\u013ea podstatn\u00e9ho mena.<\/li>\n<li>Zabudnutie na slovosled \u2013 sloveso mus\u00ed by\u0165 na konci ved\u013eaj\u0161ej vety.<\/li>\n<li>Pou\u017eitie nespr\u00e1vnej predlo\u017eky alebo jej umiestnenie za relativpronomen.<\/li>\n<li>Z\u00e1m\u011bna medzi <b>der\/die\/das<\/b> a <b>welcher\/welche\/welches<\/b> v nevhodnom kontexte.<\/li>\n<\/ul>\n<h2>U\u017eito\u010dn\u00e9 tipy pre u\u010denie Relativpronomen v nem\u010dine<\/h2>\n<ul>\n<li>Tr\u00e9nujte rozpozn\u00e1vanie rodu, \u010d\u00edsla a p\u00e1du podstatn\u00e9ho mena, na ktor\u00e9 relativpronomen odkazuje.<\/li>\n<li>V\u0161\u00edmajte si slovosled v relat\u00edvnych vet\u00e1ch a pravidelne ho precvi\u010dujte.<\/li>\n<li>Pri kombin\u00e1cii s predlo\u017ekami si zapam\u00e4tajte, \u017ee predlo\u017eka stoj\u00ed v\u017edy pred relativpronom\u00e9nom.<\/li>\n<li>Pri \u010d\u00edtan\u00ed a po\u010d\u00favan\u00ed v nem\u010dine si ozna\u010dujte vety s relativpronomen a analyzujte ich \u0161trukt\u00faru.<\/li>\n<li>Pou\u017e\u00edvajte modern\u00e9 jazykov\u00e9 n\u00e1stroje, ako Talkpal, na interakt\u00edvny tr\u00e9ning relativpronom\u00e9n v r\u00f4znych situ\u00e1ci\u00e1ch.<\/li>\n<\/ul>\n<h2>Praktick\u00e9 cvi\u010denia na Relativpronomen<\/h2>\n<p>Na upevnenie znalost\u00ed si m\u00f4\u017eete vysk\u00fa\u0161a\u0165 tieto \u00falohy:<\/p>\n<ul>\n<li>Spojte dve vety do jednej pomocou spr\u00e1vneho relativpronom\u00e9na.<\/li>\n<li>Opravte chyby v nasledovn\u00fdch vet\u00e1ch:\n<ul>\n<li>Ich habe einen Freund, die sehr nett ist. (Spr\u00e1vne: &#8230;<b>der<\/b> sehr nett ist.)<\/li>\n<li>Das ist die Frau, dessen Hund bellt. (Spr\u00e1vne: &#8230;<b>deren<\/b> Hund bellt.)<\/li>\n<\/ul>\n<\/li>\n<li>Vytvorte vlastn\u00e9 vety s pou\u017eit\u00edm r\u00f4znych tvarov relativpronom\u00e9n.<\/li>\n<\/ul>\n<h2>Relativpronomen v ka\u017edodennej komunik\u00e1cii<\/h2>\n<p>Pou\u017e\u00edvanie relativpronom\u00e9n je be\u017en\u00e9 v ka\u017edodennej nemeckej komunik\u00e1cii:<\/p>\n<ul>\n<li>Pri predstavovan\u00ed \u013eud\u00ed: <i>Das ist meine Kollegin, die aus M\u00fcnchen kommt.<\/i><\/li>\n<li>Pri opisovan\u00ed vec\u00ed: <i>Ich suche einen Schl\u00fcssel, der zu dieser T\u00fcr passt.<\/i><\/li>\n<li>Pri poskytovan\u00ed dodato\u010dn\u00fdch inform\u00e1ci\u00ed: <i>Der Film, den wir gestern gesehen haben, war spannend.<\/i><\/li>\n<\/ul>\n<h2>Relativpronomen a jazykov\u00e9 \u00farovne<\/h2>\n<p>Spr\u00e1vne ovl\u00e1danie relativpronom\u00e9n je typick\u00e9 pre stredne pokro\u010dil\u00fdch a\u017e pokro\u010dil\u00fdch \u0161tudentov (\u00farove\u0148 B1-B2 pod\u013ea CEFR). Ich zvl\u00e1dnutie v\u00fdrazne zlep\u0161uje schopnos\u0165 rozumie\u0165 a tvori\u0165 zlo\u017eit\u00e9 vety, \u010do je d\u00f4le\u017eit\u00e9 pre \u00faspe\u0161n\u00fa komunik\u00e1ciu v nemecky hovoriacom prostred\u00ed.<\/p>\n<h2>Relativpronomen a online vzdel\u00e1vanie \u2013 pre\u010do sk\u00fasi\u0165 Talkpal?<\/h2>\n<p>Modern\u00e9 digit\u00e1lne platformy, ako je Talkpal, umo\u017e\u0148uj\u00fa efekt\u00edvne precvi\u010dova\u0165 relativpronomen interakt\u00edvnym sp\u00f4sobom. Okrem vysvetlen\u00ed gramatiky pon\u00fakaj\u00fa:<\/p>\n<ul>\n<li>konverza\u010dn\u00e9 cvi\u010denia v re\u00e1lnom \u010dase,<\/li>\n<li>okam\u017eit\u00fa sp\u00e4tn\u00fa v\u00e4zbu na chyby,<\/li>\n<li>prisp\u00f4sobenie \u00faloh pod\u013ea \u00farovne \u0161tudenta,<\/li>\n<li>mo\u017enos\u0165 precvi\u010dova\u0165 relativpronom\u00e9n v r\u00f4znych kontextoch (form\u00e1lne, neform\u00e1lne, p\u00edsomn\u00e9, \u00fastne).<\/li>\n<\/ul>\n<p>Preto je Talkpal skvel\u00fdm n\u00e1strojom nielen na u\u010denie sa relativpronom\u00e9n, ale aj na celkov\u00e9 zlep\u0161enie jazykov\u00fdch schopnost\u00ed v nem\u010dine.<\/p>\n<h2>Z\u00e1ver<\/h2>\n<p>Relativpronomen s\u00fa neoddelite\u013enou s\u00fa\u010das\u0165ou nemeckej gramatiky a umo\u017e\u0148uj\u00fa presn\u00e9, plynul\u00e9 a jasn\u00e9 vyjadrovanie. Ich spr\u00e1vne pou\u017eitie je k\u013e\u00fa\u010dov\u00e9 pre ka\u017ed\u00e9ho, kto chce ovl\u00e1da\u0165 nemeck\u00fd jazyk na vy\u0161\u0161ej \u00farovni. V\u010faka pravideln\u00e9mu precvi\u010dovaniu, pozorn\u00e9mu \u0161t\u00fadiu pr\u00edkladov a vyu\u017e\u00edvaniu modern\u00fdch jazykov\u00fdch platforiem, ako Talkpal, sa ich zvl\u00e1dnutie st\u00e1va ove\u013ea jednoduch\u0161\u00edm a z\u00e1bavnej\u0161\u00edm. Ak zvl\u00e1dnete relativpronomen, otvoria sa v\u00e1m dvere k lep\u0161iemu porozumeniu aj tvorbe komplexn\u00fdch viet v nem\u010dine.<\/p>\n","protected":false},"featured_media":1527770,"template":"","language":[12958,12962],"class_list":["post-1080418","grammar","type-grammar","status-publish","has-post-thumbnail","hentry","language-nemcina-sk","language-zamena-nemecka-gramatika"],"acf":[],"yoast_head":"<!-- This site is optimized with the Yoast SEO Premium plugin v27.2 (Yoast SEO v27.2) - https:\/\/yoast.com\/product\/yoast-seo-premium-wordpress\/ -->\n<title>Relativpronomen v nemeckej gramatike - Talkpal<\/title>\n<meta name=\"description\" content=\"Relat\u00edvne z\u00e1men\u00e1, zn\u00e1me ako Relativpronomen, predstavuj\u00fa v nemeckej gramatike d\u00f4le\u017eit\u00fd prvok, ktor\u00fd umo\u017e\u0148uje sp\u00e1ja\u0165 vety a poskytuje podrobnej\u0161ie\" \/>\n<meta name=\"robots\" content=\"index, follow, max-snippet:-1, max-image-preview:large, max-video-preview:-1\" \/>\n<link rel=\"canonical\" href=\"https:\/\/talkpal.ai\/sk\/grammar\/relativpronomen-v-nemeckej-gramatike\/\" \/>\n<meta property=\"og:locale\" content=\"sk_SK\" \/>\n<meta property=\"og:type\" content=\"article\" \/>\n<meta property=\"og:title\" content=\"Relativpronomen v nemeckej gramatike\" \/>\n<meta property=\"og:description\" content=\"Relat\u00edvne z\u00e1men\u00e1, zn\u00e1me ako Relativpronomen, predstavuj\u00fa v nemeckej gramatike d\u00f4le\u017eit\u00fd prvok, ktor\u00fd umo\u017e\u0148uje sp\u00e1ja\u0165 vety a poskytuje podrobnej\u0161ie\" \/>\n<meta property=\"og:url\" content=\"https:\/\/talkpal.ai\/sk\/grammar\/relativpronomen-v-nemeckej-gramatike\/\" \/>\n<meta property=\"og:site_name\" content=\"Talkpal\" \/>\n<meta property=\"article:publisher\" content=\"https:\/\/www.facebook.com\/profile.php?id=100090733639311\" \/>\n<meta property=\"og:image\" content=\"https:\/\/talkpal.ai\/wp-content\/uploads\/2025\/02\/Progress-tab-16_9.png\" \/>\n\t<meta property=\"og:image:width\" content=\"2880\" \/>\n\t<meta property=\"og:image:height\" content=\"1620\" \/>\n\t<meta property=\"og:image:type\" content=\"image\/png\" \/>\n<meta name=\"twitter:card\" content=\"summary_large_image\" \/>\n<meta name=\"twitter:site\" content=\"@talkpalai\" \/>\n<meta name=\"twitter:label1\" content=\"Predpokladan\u00fd \u010das \u010d\u00edtania\" \/>\n\t<meta name=\"twitter:data1\" content=\"7 min\u00fat\" \/>\n<script type=\"application\/ld+json\" class=\"yoast-schema-graph\">{\"@context\":\"https:\/\/schema.org\",\"@graph\":[{\"@type\":\"WebPage\",\"@id\":\"https:\/\/talkpal.ai\/sk\/grammar\/relativpronomen-v-nemeckej-gramatike\/\",\"url\":\"https:\/\/talkpal.ai\/sk\/grammar\/relativpronomen-v-nemeckej-gramatike\/\",\"name\":\"Relativpronomen v nemeckej gramatike - Talkpal\",\"isPartOf\":{\"@id\":\"https:\/\/talkpal.ai\/sk\/#website\"},\"primaryImageOfPage\":{\"@id\":\"https:\/\/talkpal.ai\/sk\/grammar\/relativpronomen-v-nemeckej-gramatike\/#primaryimage\"},\"image\":{\"@id\":\"https:\/\/talkpal.ai\/sk\/grammar\/relativpronomen-v-nemeckej-gramatike\/#primaryimage\"},\"thumbnailUrl\":\"https:\/\/talkpal.ai\/wp-content\/uploads\/2025\/12\/man-is-searching-to-learn-languages.webp\",\"datePublished\":\"2025-07-02T00:11:12+00:00\",\"description\":\"Relat\u00edvne z\u00e1men\u00e1, zn\u00e1me ako Relativpronomen, predstavuj\u00fa v nemeckej gramatike d\u00f4le\u017eit\u00fd prvok, ktor\u00fd umo\u017e\u0148uje sp\u00e1ja\u0165 vety a poskytuje podrobnej\u0161ie\",\"breadcrumb\":{\"@id\":\"https:\/\/talkpal.ai\/sk\/grammar\/relativpronomen-v-nemeckej-gramatike\/#breadcrumb\"},\"inLanguage\":\"sk-SK\",\"potentialAction\":[{\"@type\":\"ReadAction\",\"target\":[\"https:\/\/talkpal.ai\/sk\/grammar\/relativpronomen-v-nemeckej-gramatike\/\"]}]},{\"@type\":\"ImageObject\",\"inLanguage\":\"sk-SK\",\"@id\":\"https:\/\/talkpal.ai\/sk\/grammar\/relativpronomen-v-nemeckej-gramatike\/#primaryimage\",\"url\":\"https:\/\/talkpal.ai\/wp-content\/uploads\/2025\/12\/man-is-searching-to-learn-languages.webp\",\"contentUrl\":\"https:\/\/talkpal.ai\/wp-content\/uploads\/2025\/12\/man-is-searching-to-learn-languages.webp\",\"width\":1200,\"height\":896,\"caption\":\"A man with a backpack stands between tall bookshelves while learning languages in a library.\"},{\"@type\":\"BreadcrumbList\",\"@id\":\"https:\/\/talkpal.ai\/sk\/grammar\/relativpronomen-v-nemeckej-gramatike\/#breadcrumb\",\"itemListElement\":[{\"@type\":\"ListItem\",\"position\":1,\"name\":\"Homepage\",\"item\":\"https:\/\/talkpal.ai\/sk\/\"},{\"@type\":\"ListItem\",\"position\":2,\"name\":\"Relativpronomen v nemeckej gramatike\"}]},{\"@type\":\"WebSite\",\"@id\":\"https:\/\/talkpal.ai\/sk\/#website\",\"url\":\"https:\/\/talkpal.ai\/sk\/\",\"name\":\"Talkpal\",\"description\":\"AI Language Learning\",\"publisher\":{\"@id\":\"https:\/\/talkpal.ai\/sk\/#organization\"},\"alternateName\":\"Talkpal AI\",\"potentialAction\":[{\"@type\":\"SearchAction\",\"target\":{\"@type\":\"EntryPoint\",\"urlTemplate\":\"https:\/\/talkpal.ai\/sk\/?s={search_term_string}\"},\"query-input\":{\"@type\":\"PropertyValueSpecification\",\"valueRequired\":true,\"valueName\":\"search_term_string\"}}],\"inLanguage\":\"sk-SK\"},{\"@type\":\"Organization\",\"@id\":\"https:\/\/talkpal.ai\/sk\/#organization\",\"name\":\"Talkpal, Inc.\",\"alternateName\":\"Talkpal AI\",\"url\":\"https:\/\/talkpal.ai\/sk\/\",\"logo\":{\"@type\":\"ImageObject\",\"inLanguage\":\"sk-SK\",\"@id\":\"https:\/\/talkpal.ai\/sk\/#\/schema\/logo\/image\/\",\"url\":\"https:\/\/talkpal.ai\/wp-content\/uploads\/2024\/03\/Talkpal-Logo-Icon.png\",\"contentUrl\":\"https:\/\/talkpal.ai\/wp-content\/uploads\/2024\/03\/Talkpal-Logo-Icon.png\",\"width\":2880,\"height\":2880,\"caption\":\"Talkpal, Inc.\"},\"image\":{\"@id\":\"https:\/\/talkpal.ai\/sk\/#\/schema\/logo\/image\/\"},\"sameAs\":[\"https:\/\/www.facebook.com\/profile.php?id=100090733639311\",\"https:\/\/x.com\/talkpalai\",\"https:\/\/www.linkedin.com\/company\/talkpal\/\",\"https:\/\/www.youtube.com\/@TalkPal\/\",\"https:\/\/www.tiktok.com\/@talkpal\",\"https:\/\/www.instagram.com\/talkpal_ai\/\",\"https:\/\/www.crunchbase.com\/organization\/talkpal-9cde\",\"https:\/\/www.g2.com\/products\/talkpal-for-business\/\",\"https:\/\/www.trustpilot.com\/review\/talkpal.ai\",\"https:\/\/www.capterra.com\/p\/10006800\/TalkPal\/\"],\"description\":\"Talkpal is a language learning web and mobile education app, powered by the latest AI technologies, that provides engaging experiences to its customers in many different languages to help them improve their language skills. Users can chat about unlimited amount of topics with the app and use other modes to practice their language learning.\",\"email\":\"support@talkpal.ai\",\"legalName\":\"Talkpal, Inc.\",\"foundingDate\":\"2023-04-03\",\"duns\":\"118989042\",\"numberOfEmployees\":{\"@type\":\"QuantitativeValue\",\"minValue\":\"11\",\"maxValue\":\"50\"},\"publishingPrinciples\":\"https:\/\/talkpal.ai\/publishing-principles\/\",\"actionableFeedbackPolicy\":\"https:\/\/talkpal.ai\/actionable-feedback-policy\/\",\"correctionsPolicy\":\"https:\/\/talkpal.ai\/corrections-policy\/\",\"ethicsPolicy\":\"https:\/\/talkpal.ai\/ethics-policy\/\",\"diversityPolicy\":\"https:\/\/talkpal.ai\/diversity-policy\/\",\"diversityStaffingReport\":\"https:\/\/talkpal.ai\/diversity-policy\/\"}]}<\/script>\n<!-- \/ Yoast SEO Premium plugin. -->","yoast_head_json":{"title":"Relativpronomen v nemeckej gramatike - Talkpal","description":"Relat\u00edvne z\u00e1men\u00e1, zn\u00e1me ako Relativpronomen, predstavuj\u00fa v nemeckej gramatike d\u00f4le\u017eit\u00fd prvok, ktor\u00fd umo\u017e\u0148uje sp\u00e1ja\u0165 vety a poskytuje podrobnej\u0161ie","robots":{"index":"index","follow":"follow","max-snippet":"max-snippet:-1","max-image-preview":"max-image-preview:large","max-video-preview":"max-video-preview:-1"},"canonical":"https:\/\/talkpal.ai\/sk\/grammar\/relativpronomen-v-nemeckej-gramatike\/","og_locale":"sk_SK","og_type":"article","og_title":"Relativpronomen v nemeckej gramatike","og_description":"Relat\u00edvne z\u00e1men\u00e1, zn\u00e1me ako Relativpronomen, predstavuj\u00fa v nemeckej gramatike d\u00f4le\u017eit\u00fd prvok, ktor\u00fd umo\u017e\u0148uje sp\u00e1ja\u0165 vety a poskytuje podrobnej\u0161ie","og_url":"https:\/\/talkpal.ai\/sk\/grammar\/relativpronomen-v-nemeckej-gramatike\/","og_site_name":"Talkpal","article_publisher":"https:\/\/www.facebook.com\/profile.php?id=100090733639311","og_image":[{"width":2880,"height":1620,"url":"https:\/\/talkpal.ai\/wp-content\/uploads\/2025\/02\/Progress-tab-16_9.png","type":"image\/png"}],"twitter_card":"summary_large_image","twitter_site":"@talkpalai","twitter_misc":{"Predpokladan\u00fd \u010das \u010d\u00edtania":"7 min\u00fat"},"schema":{"@context":"https:\/\/schema.org","@graph":[{"@type":"WebPage","@id":"https:\/\/talkpal.ai\/sk\/grammar\/relativpronomen-v-nemeckej-gramatike\/","url":"https:\/\/talkpal.ai\/sk\/grammar\/relativpronomen-v-nemeckej-gramatike\/","name":"Relativpronomen v nemeckej gramatike - Talkpal","isPartOf":{"@id":"https:\/\/talkpal.ai\/sk\/#website"},"primaryImageOfPage":{"@id":"https:\/\/talkpal.ai\/sk\/grammar\/relativpronomen-v-nemeckej-gramatike\/#primaryimage"},"image":{"@id":"https:\/\/talkpal.ai\/sk\/grammar\/relativpronomen-v-nemeckej-gramatike\/#primaryimage"},"thumbnailUrl":"https:\/\/talkpal.ai\/wp-content\/uploads\/2025\/12\/man-is-searching-to-learn-languages.webp","datePublished":"2025-07-02T00:11:12+00:00","description":"Relat\u00edvne z\u00e1men\u00e1, zn\u00e1me ako Relativpronomen, predstavuj\u00fa v nemeckej gramatike d\u00f4le\u017eit\u00fd prvok, ktor\u00fd umo\u017e\u0148uje sp\u00e1ja\u0165 vety a poskytuje podrobnej\u0161ie","breadcrumb":{"@id":"https:\/\/talkpal.ai\/sk\/grammar\/relativpronomen-v-nemeckej-gramatike\/#breadcrumb"},"inLanguage":"sk-SK","potentialAction":[{"@type":"ReadAction","target":["https:\/\/talkpal.ai\/sk\/grammar\/relativpronomen-v-nemeckej-gramatike\/"]}]},{"@type":"ImageObject","inLanguage":"sk-SK","@id":"https:\/\/talkpal.ai\/sk\/grammar\/relativpronomen-v-nemeckej-gramatike\/#primaryimage","url":"https:\/\/talkpal.ai\/wp-content\/uploads\/2025\/12\/man-is-searching-to-learn-languages.webp","contentUrl":"https:\/\/talkpal.ai\/wp-content\/uploads\/2025\/12\/man-is-searching-to-learn-languages.webp","width":1200,"height":896,"caption":"A man with a backpack stands between tall bookshelves while learning languages in a library."},{"@type":"BreadcrumbList","@id":"https:\/\/talkpal.ai\/sk\/grammar\/relativpronomen-v-nemeckej-gramatike\/#breadcrumb","itemListElement":[{"@type":"ListItem","position":1,"name":"Homepage","item":"https:\/\/talkpal.ai\/sk\/"},{"@type":"ListItem","position":2,"name":"Relativpronomen v nemeckej gramatike"}]},{"@type":"WebSite","@id":"https:\/\/talkpal.ai\/sk\/#website","url":"https:\/\/talkpal.ai\/sk\/","name":"Talkpal","description":"AI Language Learning","publisher":{"@id":"https:\/\/talkpal.ai\/sk\/#organization"},"alternateName":"Talkpal AI","potentialAction":[{"@type":"SearchAction","target":{"@type":"EntryPoint","urlTemplate":"https:\/\/talkpal.ai\/sk\/?s={search_term_string}"},"query-input":{"@type":"PropertyValueSpecification","valueRequired":true,"valueName":"search_term_string"}}],"inLanguage":"sk-SK"},{"@type":"Organization","@id":"https:\/\/talkpal.ai\/sk\/#organization","name":"Talkpal, Inc.","alternateName":"Talkpal AI","url":"https:\/\/talkpal.ai\/sk\/","logo":{"@type":"ImageObject","inLanguage":"sk-SK","@id":"https:\/\/talkpal.ai\/sk\/#\/schema\/logo\/image\/","url":"https:\/\/talkpal.ai\/wp-content\/uploads\/2024\/03\/Talkpal-Logo-Icon.png","contentUrl":"https:\/\/talkpal.ai\/wp-content\/uploads\/2024\/03\/Talkpal-Logo-Icon.png","width":2880,"height":2880,"caption":"Talkpal, Inc."},"image":{"@id":"https:\/\/talkpal.ai\/sk\/#\/schema\/logo\/image\/"},"sameAs":["https:\/\/www.facebook.com\/profile.php?id=100090733639311","https:\/\/x.com\/talkpalai","https:\/\/www.linkedin.com\/company\/talkpal\/","https:\/\/www.youtube.com\/@TalkPal\/","https:\/\/www.tiktok.com\/@talkpal","https:\/\/www.instagram.com\/talkpal_ai\/","https:\/\/www.crunchbase.com\/organization\/talkpal-9cde","https:\/\/www.g2.com\/products\/talkpal-for-business\/","https:\/\/www.trustpilot.com\/review\/talkpal.ai","https:\/\/www.capterra.com\/p\/10006800\/TalkPal\/"],"description":"Talkpal is a language learning web and mobile education app, powered by the latest AI technologies, that provides engaging experiences to its customers in many different languages to help them improve their language skills. Users can chat about unlimited amount of topics with the app and use other modes to practice their language learning.","email":"support@talkpal.ai","legalName":"Talkpal, Inc.","foundingDate":"2023-04-03","duns":"118989042","numberOfEmployees":{"@type":"QuantitativeValue","minValue":"11","maxValue":"50"},"publishingPrinciples":"https:\/\/talkpal.ai\/publishing-principles\/","actionableFeedbackPolicy":"https:\/\/talkpal.ai\/actionable-feedback-policy\/","correctionsPolicy":"https:\/\/talkpal.ai\/corrections-policy\/","ethicsPolicy":"https:\/\/talkpal.ai\/ethics-policy\/","diversityPolicy":"https:\/\/talkpal.ai\/diversity-policy\/","diversityStaffingReport":"https:\/\/talkpal.ai\/diversity-policy\/"}]}},"_links":{"self":[{"href":"https:\/\/talkpal.ai\/sk\/wp-json\/wp\/v2\/grammar\/1080418","targetHints":{"allow":["GET"]}}],"collection":[{"href":"https:\/\/talkpal.ai\/sk\/wp-json\/wp\/v2\/grammar"}],"about":[{"href":"https:\/\/talkpal.ai\/sk\/wp-json\/wp\/v2\/types\/grammar"}],"wp:featuredmedia":[{"embeddable":true,"href":"https:\/\/talkpal.ai\/sk\/wp-json\/wp\/v2\/media\/1527770"}],"wp:attachment":[{"href":"https:\/\/talkpal.ai\/sk\/wp-json\/wp\/v2\/media?parent=1080418"}],"wp:term":[{"taxonomy":"language","embeddable":true,"href":"https:\/\/talkpal.ai\/sk\/wp-json\/wp\/v2\/language?post=1080418"}],"curies":[{"name":"wp","href":"https:\/\/api.w.org\/{rel}","templated":true}]}}