{"id":1080416,"date":"2025-07-02T00:10:58","date_gmt":"2025-07-02T00:10:58","guid":{"rendered":"https:\/\/talkpal.ai\/grammar\/deklinacia-v-nemeckej-gramatike\/"},"modified":"2026-03-09T13:51:54","modified_gmt":"2026-03-09T13:51:54","slug":"deklinacia-v-nemeckej-gramatike-2","status":"publish","type":"grammar","link":"https:\/\/talkpal.ai\/sk\/grammar\/deklinacia-v-nemeckej-gramatike-2\/","title":{"rendered":"Deklin\u00e1cia v nemeckej gramatike"},"content":{"rendered":"<p><a href=\"https:\/\/talkpal.ai\/sk\/grammar\/rod-v-nemeckej-gramatike\/\">Nemeck\u00e1 gramatika<\/a> je pre mnoh\u00fdch \u0161tudentov v\u00fdzvou, najm\u00e4 pokia\u013e ide o spr\u00e1vne pou\u017e\u00edvanie deklin\u00e1cie. Spr\u00e1vna deklin\u00e1cia je k\u013e\u00fa\u010dov\u00e1 pre pochopenie a tvorbu zmyslupln\u00fdch viet v nem\u010dine, preto\u017ee ovplyv\u0148uje v\u00fdznam slov a ich vz\u0165ahy vo vete. V tomto \u010dl\u00e1nku podrobne vysvetl\u00edme, \u010do je deklin\u00e1cia v <a href=\"https:\/\/talkpal.ai\/sk\/grammar\/mnozne-cislo-v-nemeckej-gramatike\/\">nemeckej gramatike<\/a>, ako funguje, ak\u00e9 m\u00e1 pravidl\u00e1 a v\u00fdnimky, a pon\u00fakneme praktick\u00e9 tipy pre jej zvl\u00e1dnutie. Ak sa chcete r\u00fdchlo a efekt\u00edvne zlep\u0161i\u0165 v tejto oblasti, odpor\u00fa\u010dame vysk\u00fa\u0161a\u0165 modern\u00e9 jazykov\u00e9 aplik\u00e1cie, ako je <a href=\"https:\/\/talkpal.ai\/ko\/ai-%ec%96%b8%ec%96%b4-%ea%b5%90%ec%82%ac\/\">Talkpal<\/a>, ktor\u00e9 pon\u00fakaj\u00fa interakt\u00edvne cvi\u010denia na deklin\u00e1ciu v nemeckom jazyku.<\/p>\n<h2>\u010co je deklin\u00e1cia v nemeckej gramatike?<\/h2>\n<p>Deklina\u0301cia je proces, pri ktorom sa men\u00ed tvar slov (najm\u00e4 podstatn\u00fdch mien, pr\u00eddavn\u00fdch mien, z\u00e1men a \u010d\u00edsloviek) pod\u013ea ich gramatickej funkcie vo vete. V nem\u010dine je deklin\u00e1cia nevyhnutn\u00e1, preto\u017ee ur\u010duje vz\u0165ahy medzi slovami a pom\u00e1ha rozli\u0161ova\u0165 podmet, predmet, pr\u00edvlastok a in\u00e9 vetn\u00e9 \u010dleny.<\/p>\n<h3>K\u013e\u00fa\u010dov\u00e9 prvky deklin\u00e1cie v nem\u010dine<\/h3>\n<ul>\n<li><strong>P\u00e1dy (Kasus)<\/strong>: Nominat\u00edv, genit\u00edv, dat\u00edv, akuzat\u00edv<\/li>\n<li><strong>Rod (Genus)<\/strong>: Mu\u017esk\u00fd (der), \u017eensk\u00fd (die), stredn\u00fd (das)<\/li>\n<li><strong>\u010c\u00edslo (Numerus)<\/strong>: Jednotn\u00e9 a mno\u017en\u00e9 \u010d\u00edslo<\/li>\n<li><strong>\u010cleny<\/strong>: Ur\u010dit\u00fd, neur\u010dit\u00fd, \u017eiadny \u010dlen<\/li>\n<\/ul>\n<h2>P\u00e1dy v nemeckej deklin\u00e1cii<\/h2>\n<p><a href=\"https:\/\/talkpal.ai\/sk\/ucte-sa-nemecky\/\">Nemeck\u00fd jazyk<\/a> rozli\u0161uje \u0161tyri p\u00e1dy, ktor\u00e9 ur\u010duj\u00fa funkciu slova vo vete:<\/p>\n<ul>\n<li><strong>Nominat\u00edv (1. p\u00e1d)<\/strong> \u2013 podmet vety<\/li>\n<li><strong>Genit\u00edv (2. p\u00e1d)<\/strong> \u2013 privlast\u0148ovanie<\/li>\n<li><strong>Dat\u00edv (3. p\u00e1d)<\/strong> \u2013 nepriamy predmet<\/li>\n<li><strong>Akuzat\u00edv (4. p\u00e1d)<\/strong> \u2013 priamy predmet<\/li>\n<\/ul>\n<h3>Tabu\u013eka p\u00e1du pre ur\u010dit\u00fd \u010dlen<\/h3>\n<table>\n<tbody>\n<tr>\n<th>P\u00e1d<\/th>\n<th>Mu\u017esk\u00fd<\/th>\n<th>\u017densk\u00fd<\/th>\n<th>Stredn\u00fd<\/th>\n<th>Mno\u017en\u00e9 \u010d\u00edslo<\/th>\n<\/tr>\n<tr>\n<td>Nominat\u00edv<\/td>\n<td>der<\/td>\n<td>die<\/td>\n<td>das<\/td>\n<td>die<\/td>\n<\/tr>\n<tr>\n<td>Genit\u00edv<\/td>\n<td>des<\/td>\n<td>der<\/td>\n<td>des<\/td>\n<td>der<\/td>\n<\/tr>\n<tr>\n<td>Dat\u00edv<\/td>\n<td>dem<\/td>\n<td>der<\/td>\n<td>dem<\/td>\n<td>den<\/td>\n<\/tr>\n<tr>\n<td>Akuzat\u00edv<\/td>\n<td>den<\/td>\n<td>die<\/td>\n<td>das<\/td>\n<td>die<\/td>\n<\/tr>\n<\/tbody>\n<\/table>\n<h2>Rod a \u010d\u00edslo v deklin\u00e1cii<\/h2>\n<p>Ka\u017ed\u00e9 podstatn\u00e9 meno v nem\u010dine m\u00e1 svoj rod, ktor\u00fd je potrebn\u00e9 si zapam\u00e4ta\u0165 spolu so slovom. Rod ovplyv\u0148uje nielen tvar \u010dlena, ale aj deklin\u00e1ciu pr\u00eddavn\u00fdch mien a z\u00e1men. Okrem toho, tvar slova sa m\u00f4\u017ee meni\u0165 aj pod\u013ea \u010d\u00edsla \u2013 jednotn\u00e9ho alebo mno\u017en\u00e9ho.<\/p>\n<h3>Pr\u00edklady pod\u013ea rodu a \u010d\u00edsla<\/h3>\n<ul>\n<li><strong>Der Mann (mu\u017esk\u00fd rod, jednotn\u00e9 \u010d\u00edslo)<\/strong> \u2013 der Mann, des Mannes, dem Mann, den Mann<\/li>\n<li><strong>Die Frau (\u017eensk\u00fd rod, jednotn\u00e9 \u010d\u00edslo)<\/strong> \u2013 die Frau, der Frau, der Frau, die Frau<\/li>\n<li><strong>Das Kind (stredn\u00fd rod, jednotn\u00e9 \u010d\u00edslo)<\/strong> \u2013 das Kind, des Kindes, dem Kind, das Kind<\/li>\n<li><strong>Die M\u00e4nner (mu\u017esk\u00fd rod, mno\u017en\u00e9 \u010d\u00edslo)<\/strong> \u2013 die M\u00e4nner, der M\u00e4nner, den M\u00e4nnern, die M\u00e4nner<\/li>\n<\/ul>\n<h2>Deklin\u00e1cia pr\u00eddavn\u00fdch mien<\/h2>\n<p>Pr\u00eddavn\u00e9 men\u00e1 v nem\u010dine sa deklinuj\u00fa pod\u013ea toho, ak\u00fd \u010dlen predch\u00e1dza podstatn\u00e9 meno. Rozli\u0161ujeme tri z\u00e1kladn\u00e9 druhy deklin\u00e1cie:<\/p>\n<ul>\n<li><strong>Siln\u00e1 deklin\u00e1cia<\/strong> \u2013 bez \u010dlena alebo po z\u00e1men\u00e1ch (napr. mein, dein)<\/li>\n<li><strong>Slab\u00e1 deklin\u00e1cia<\/strong> \u2013 po ur\u010ditom \u010dlene (der, die, das)<\/li>\n<li><strong>Zmie\u0161an\u00e1 deklin\u00e1cia<\/strong> \u2013 po neur\u010ditom \u010dlene (ein, eine, ein)<\/li>\n<\/ul>\n<h3>Pr\u00edklady deklin\u00e1cie pr\u00eddavn\u00fdch mien<\/h3>\n<ul>\n<li><strong>Siln\u00e1 deklin\u00e1cia:<\/strong> frisches Brot, kalter Kaffee<\/li>\n<li><strong>Slab\u00e1 deklin\u00e1cia:<\/strong> der frische Apfel, die gro\u00dfe Stadt<\/li>\n<li><strong>Zmie\u0161an\u00e1 deklin\u00e1cia:<\/strong> ein frischer Apfel, eine gro\u00dfe Stadt<\/li>\n<\/ul>\n<h2>Deklin\u00e1cia z\u00e1men a \u010d\u00edsloviek<\/h2>\n<p>Z\u00e1men\u00e1 (napr. ich, du, mein, dein, dieser, jener) a \u010d\u00edslovky sa tie\u017e deklinuj\u00fa pod\u013ea p\u00e1du, rodu a \u010d\u00edsla. Napr\u00edklad z\u00e1meno &#8222;dieser&#8220; (tento) m\u00e1 nasleduj\u00face tvary:<\/p>\n<ul>\n<li><strong>Mu\u017esk\u00fd rod:<\/strong> dieser, dieses, diesem, diesen<\/li>\n<li><strong>\u017densk\u00fd rod:<\/strong> diese, dieser, dieser, diese<\/li>\n<li><strong>Stredn\u00fd rod:<\/strong> dieses, dieses, diesem, dieses<\/li>\n<li><strong>Mno\u017en\u00e9 \u010d\u00edslo:<\/strong> diese, dieser, diesen, diese<\/li>\n<\/ul>\n<h2>V\u00fdnimky a \u0161pecifik\u00e1 nemeckej deklin\u00e1cie<\/h2>\n<p>Nemeck\u00e1 deklin\u00e1cia obsahuje nieko\u013eko v\u00fdnimiek, na ktor\u00e9 je potrebn\u00e9 d\u00e1va\u0165 pozor:<\/p>\n<ul>\n<li>Niektor\u00e9 podstatn\u00e9 men\u00e1 menia tvar v genit\u00edve (napr. des Kindes, des Mannes \u2013 koncovka -es alebo -s)<\/li>\n<li>Podstatn\u00e9 men\u00e1 mu\u017esk\u00e9ho rodu, ktor\u00e9 kon\u010dia na -e, \u010dasto prid\u00e1vaj\u00fa v mno\u017enom \u010d\u00edsle koncovku -n (napr. der Junge \u2013 die Jungen)<\/li>\n<li>Niektor\u00e9 pr\u00eddavn\u00e9 men\u00e1 maj\u00fa nepravideln\u00e9 tvary (napr. gut \u2013 besser \u2013 <a href=\"https:\/\/talkpal.ai\/es\/la-mejor-aplicacion-de-conversacion-con-ia\/\">am besten<\/a>)<\/li>\n<\/ul>\n<h2>Praktick\u00e9 tipy na zvl\u00e1dnutie deklin\u00e1cie v nemeckej gramatike<\/h2>\n<p>Spr\u00e1vna deklin\u00e1cia si vy\u017eaduje pravideln\u00fd tr\u00e9ning a systematick\u00fd pr\u00edstup. Tu je nieko\u013eko osved\u010den\u00fdch tipov:<\/p>\n<ul>\n<li>U\u010dte sa podstatn\u00e9 men\u00e1 v\u017edy spolu s \u010dlenom (napr. der Tisch, die Lampe, das Buch)<\/li>\n<li>Precvi\u010dujte p\u00e1dy v kontexte \u2013 vytv\u00e1rajte vlastn\u00e9 vety a cvi\u010denia<\/li>\n<li>Vyu\u017e\u00edvajte aplik\u00e1cie na <a href=\"https:\/\/talkpal.ai\/sk\/ucenie-jazykov-nebolo-s-umelou-inteligenciou-nikdy-take-jednoduche\/\">u\u010denie jazykov<\/a>, ako je Talkpal, ktor\u00e9 pon\u00fakaj\u00fa interakt\u00edvne cvi\u010denia na deklin\u00e1ciu<\/li>\n<li>Zapam\u00e4tajte si naj\u010dastej\u0161ie pou\u017e\u00edvan\u00e9 z\u00e1men\u00e1 a ich tvary v jednotliv\u00fdch p\u00e1doch<\/li>\n<li>Pravidelne si opakujte tabu\u013eky deklin\u00e1cie a testujte sa<\/li>\n<\/ul>\n<h2>\u010cast\u00e9 chyby pri deklin\u00e1cii a ako sa im vyhn\u00fa\u0165<\/h2>\n<p><a href=\"https:\/\/talkpal.ai\/talkpal-discount-for-students\/\">\u0160tudenti<\/a> \u010dasto robia pri deklin\u00e1cii tieto chyby:<\/p>\n<ul>\n<li>Pou\u017eitie nespr\u00e1vneho \u010dlena alebo p\u00e1du<\/li>\n<li>Zamie\u0148anie koncoviek pr\u00eddavn\u00fdch mien<\/li>\n<li>Prehliadnutie rodu podstatn\u00e9ho mena<\/li>\n<li>Nespr\u00e1vna deklin\u00e1cia z\u00e1men<\/li>\n<\/ul>\n<h3>Ako chyby minimalizova\u0165?<\/h3>\n<ul>\n<li>Pracujte s autentick\u00fdmi textami a zv\u00fdraz\u0148ujte deklinovan\u00e9 tvary<\/li>\n<li>U\u010dte sa s native speakermi alebo vyu\u017e\u00edvajte korekcie od pokro\u010dilej\u0161\u00edch \u0161tudentov<\/li>\n<li>Vytv\u00e1rajte si vlastn\u00e9 deklina\u010dn\u00e9 tabu\u013eky a vyu\u017e\u00edvajte farebn\u00e9 rozl\u00ed\u0161enie pre lep\u0161iu orient\u00e1ciu<\/li>\n<\/ul>\n<h2>U\u017eito\u010dn\u00e9 zdroje a n\u00e1stroje na u\u010denie deklin\u00e1cie<\/h2>\n<p>Pre efekt\u00edvne zvl\u00e1dnutie deklin\u00e1cie odpor\u00fa\u010dame:<\/p>\n<ul>\n<li>Preh\u013eadn\u00e9 tabu\u013eky deklin\u00e1cie na jazykov\u00fdch port\u00e1loch<\/li>\n<li>Gramatick\u00e9 pr\u00edru\u010dky a u\u010debnice pre samoukov<\/li>\n<li>Praktick\u00e9 pracovn\u00e9 zo\u0161ity a karti\u010dky<\/li>\n<\/ul>\n<h2>Z\u00e1ver<\/h2>\n<p>Deklina\u0301cia v nemeckej gramatike je z\u00e1kladn\u00fdm pilierom spr\u00e1vneho pou\u017e\u00edvania jazyka. Hoci sa m\u00f4\u017ee na prv\u00fd poh\u013ead zda\u0165 n\u00e1ro\u010dn\u00e1, systematick\u00fd pr\u00edstup, pravideln\u00fd tr\u00e9ning a vyu\u017e\u00edvanie modern\u00fdch n\u00e1strojov, ako je aplik\u00e1cia Talkpal, v\u00e1m v\u00fdrazne u\u013eah\u010d\u00ed jej osvojenie. Nezab\u00fadajte, \u017ee k\u013e\u00fa\u010dom k \u00faspechu je trpezlivos\u0165, praktick\u00e9 cvi\u010denia a neust\u00e1le opakovanie. S t\u00fdmito z\u00e1sadami zvl\u00e1dnete deklin\u00e1ciu v nemeckom jazyku r\u00fdchlo a efekt\u00edvne.<\/p>\n","protected":false},"featured_media":1527668,"template":"","language":[12958,12963],"class_list":["post-1080416","grammar","type-grammar","status-publish","has-post-thumbnail","hentry","language-nemcina-sk","language-pridavne-mena-nemecka-gramatika"],"acf":[],"yoast_head":"<!-- This site is optimized with the Yoast SEO Premium plugin v27.2 (Yoast SEO v27.2) - https:\/\/yoast.com\/product\/yoast-seo-premium-wordpress\/ -->\n<title>Deklin\u00e1cia v nemeckej gramatike - Talkpal<\/title>\n<meta name=\"description\" content=\"Nemeck\u00e1 gramatika je pre mnoh\u00fdch \u0161tudentov v\u00fdzvou, najm\u00e4 pokia\u013e ide o spr\u00e1vne pou\u017e\u00edvanie deklin\u00e1cie. Spr\u00e1vna deklin\u00e1cia je k\u013e\u00fa\u010dov\u00e1 pre pochopenie a tvorbu\" \/>\n<meta name=\"robots\" content=\"index, follow, max-snippet:-1, max-image-preview:large, max-video-preview:-1\" \/>\n<link rel=\"canonical\" href=\"https:\/\/talkpal.ai\/sk\/grammar\/deklinacia-v-nemeckej-gramatike-2\/\" \/>\n<meta property=\"og:locale\" content=\"sk_SK\" \/>\n<meta property=\"og:type\" content=\"article\" \/>\n<meta property=\"og:title\" content=\"Deklin\u00e1cia v nemeckej gramatike\" \/>\n<meta property=\"og:description\" content=\"Nemeck\u00e1 gramatika je pre mnoh\u00fdch \u0161tudentov v\u00fdzvou, najm\u00e4 pokia\u013e ide o spr\u00e1vne pou\u017e\u00edvanie deklin\u00e1cie. Spr\u00e1vna deklin\u00e1cia je k\u013e\u00fa\u010dov\u00e1 pre pochopenie a tvorbu\" \/>\n<meta property=\"og:url\" content=\"https:\/\/talkpal.ai\/sk\/grammar\/deklinacia-v-nemeckej-gramatike-2\/\" \/>\n<meta property=\"og:site_name\" content=\"Talkpal\" \/>\n<meta property=\"article:publisher\" content=\"https:\/\/www.facebook.com\/profile.php?id=100090733639311\" \/>\n<meta property=\"article:modified_time\" content=\"2026-03-09T13:51:54+00:00\" \/>\n<meta property=\"og:image\" content=\"https:\/\/talkpal.ai\/wp-content\/uploads\/2025\/12\/girl-studying-books-to-learn-languages.webp\" \/>\n\t<meta property=\"og:image:width\" content=\"1200\" \/>\n\t<meta property=\"og:image:height\" content=\"896\" \/>\n\t<meta property=\"og:image:type\" content=\"image\/webp\" \/>\n<meta name=\"twitter:card\" content=\"summary_large_image\" \/>\n<meta name=\"twitter:site\" content=\"@talkpalai\" \/>\n<meta name=\"twitter:label1\" content=\"Predpokladan\u00fd \u010das \u010d\u00edtania\" \/>\n\t<meta name=\"twitter:data1\" content=\"4 min\u00faty\" \/>\n<script type=\"application\/ld+json\" class=\"yoast-schema-graph\">{\"@context\":\"https:\/\/schema.org\",\"@graph\":[{\"@type\":\"WebPage\",\"@id\":\"https:\/\/talkpal.ai\/sk\/grammar\/deklinacia-v-nemeckej-gramatike-2\/\",\"url\":\"https:\/\/talkpal.ai\/sk\/grammar\/deklinacia-v-nemeckej-gramatike-2\/\",\"name\":\"Deklin\u00e1cia v nemeckej gramatike - Talkpal\",\"isPartOf\":{\"@id\":\"https:\/\/talkpal.ai\/sk\/#website\"},\"primaryImageOfPage\":{\"@id\":\"https:\/\/talkpal.ai\/sk\/grammar\/deklinacia-v-nemeckej-gramatike-2\/#primaryimage\"},\"image\":{\"@id\":\"https:\/\/talkpal.ai\/sk\/grammar\/deklinacia-v-nemeckej-gramatike-2\/#primaryimage\"},\"thumbnailUrl\":\"https:\/\/talkpal.ai\/wp-content\/uploads\/2025\/12\/girl-studying-books-to-learn-languages.webp\",\"datePublished\":\"2025-07-02T00:10:58+00:00\",\"dateModified\":\"2026-03-09T13:51:54+00:00\",\"description\":\"Nemeck\u00e1 gramatika je pre mnoh\u00fdch \u0161tudentov v\u00fdzvou, najm\u00e4 pokia\u013e ide o spr\u00e1vne pou\u017e\u00edvanie deklin\u00e1cie. Spr\u00e1vna deklin\u00e1cia je k\u013e\u00fa\u010dov\u00e1 pre pochopenie a tvorbu\",\"breadcrumb\":{\"@id\":\"https:\/\/talkpal.ai\/sk\/grammar\/deklinacia-v-nemeckej-gramatike-2\/#breadcrumb\"},\"inLanguage\":\"sk-SK\",\"potentialAction\":[{\"@type\":\"ReadAction\",\"target\":[\"https:\/\/talkpal.ai\/sk\/grammar\/deklinacia-v-nemeckej-gramatike-2\/\"]}]},{\"@type\":\"ImageObject\",\"inLanguage\":\"sk-SK\",\"@id\":\"https:\/\/talkpal.ai\/sk\/grammar\/deklinacia-v-nemeckej-gramatike-2\/#primaryimage\",\"url\":\"https:\/\/talkpal.ai\/wp-content\/uploads\/2025\/12\/girl-studying-books-to-learn-languages.webp\",\"contentUrl\":\"https:\/\/talkpal.ai\/wp-content\/uploads\/2025\/12\/girl-studying-books-to-learn-languages.webp\",\"width\":1200,\"height\":896,\"caption\":\"A young woman wears glasses and studies an open book to learn languages in a library.\"},{\"@type\":\"BreadcrumbList\",\"@id\":\"https:\/\/talkpal.ai\/sk\/grammar\/deklinacia-v-nemeckej-gramatike-2\/#breadcrumb\",\"itemListElement\":[{\"@type\":\"ListItem\",\"position\":1,\"name\":\"Homepage\",\"item\":\"https:\/\/talkpal.ai\/sk\/\"},{\"@type\":\"ListItem\",\"position\":2,\"name\":\"Deklin\u00e1cia v nemeckej gramatike\"}]},{\"@type\":\"WebSite\",\"@id\":\"https:\/\/talkpal.ai\/sk\/#website\",\"url\":\"https:\/\/talkpal.ai\/sk\/\",\"name\":\"Talkpal\",\"description\":\"AI Language Learning\",\"publisher\":{\"@id\":\"https:\/\/talkpal.ai\/sk\/#organization\"},\"alternateName\":\"Talkpal AI\",\"potentialAction\":[{\"@type\":\"SearchAction\",\"target\":{\"@type\":\"EntryPoint\",\"urlTemplate\":\"https:\/\/talkpal.ai\/sk\/?s={search_term_string}\"},\"query-input\":{\"@type\":\"PropertyValueSpecification\",\"valueRequired\":true,\"valueName\":\"search_term_string\"}}],\"inLanguage\":\"sk-SK\"},{\"@type\":\"Organization\",\"@id\":\"https:\/\/talkpal.ai\/sk\/#organization\",\"name\":\"Talkpal, Inc.\",\"alternateName\":\"Talkpal AI\",\"url\":\"https:\/\/talkpal.ai\/sk\/\",\"logo\":{\"@type\":\"ImageObject\",\"inLanguage\":\"sk-SK\",\"@id\":\"https:\/\/talkpal.ai\/sk\/#\/schema\/logo\/image\/\",\"url\":\"https:\/\/talkpal.ai\/wp-content\/uploads\/2024\/03\/Talkpal-Logo-Icon.png\",\"contentUrl\":\"https:\/\/talkpal.ai\/wp-content\/uploads\/2024\/03\/Talkpal-Logo-Icon.png\",\"width\":2880,\"height\":2880,\"caption\":\"Talkpal, Inc.\"},\"image\":{\"@id\":\"https:\/\/talkpal.ai\/sk\/#\/schema\/logo\/image\/\"},\"sameAs\":[\"https:\/\/www.facebook.com\/profile.php?id=100090733639311\",\"https:\/\/x.com\/talkpalai\",\"https:\/\/www.linkedin.com\/company\/talkpal\/\",\"https:\/\/www.youtube.com\/@TalkPal\/\",\"https:\/\/www.tiktok.com\/@talkpal\",\"https:\/\/www.instagram.com\/talkpal_ai\/\",\"https:\/\/www.crunchbase.com\/organization\/talkpal-9cde\",\"https:\/\/www.g2.com\/products\/talkpal-for-business\/\",\"https:\/\/www.trustpilot.com\/review\/talkpal.ai\",\"https:\/\/www.capterra.com\/p\/10006800\/TalkPal\/\"],\"description\":\"Talkpal is a language learning web and mobile education app, powered by the latest AI technologies, that provides engaging experiences to its customers in many different languages to help them improve their language skills. Users can chat about unlimited amount of topics with the app and use other modes to practice their language learning.\",\"email\":\"support@talkpal.ai\",\"legalName\":\"Talkpal, Inc.\",\"foundingDate\":\"2023-04-03\",\"duns\":\"118989042\",\"numberOfEmployees\":{\"@type\":\"QuantitativeValue\",\"minValue\":\"11\",\"maxValue\":\"50\"},\"publishingPrinciples\":\"https:\/\/talkpal.ai\/publishing-principles\/\",\"actionableFeedbackPolicy\":\"https:\/\/talkpal.ai\/actionable-feedback-policy\/\",\"correctionsPolicy\":\"https:\/\/talkpal.ai\/corrections-policy\/\",\"ethicsPolicy\":\"https:\/\/talkpal.ai\/ethics-policy\/\",\"diversityPolicy\":\"https:\/\/talkpal.ai\/diversity-policy\/\",\"diversityStaffingReport\":\"https:\/\/talkpal.ai\/diversity-policy\/\"}]}<\/script>\n<!-- \/ Yoast SEO Premium plugin. -->","yoast_head_json":{"title":"Deklin\u00e1cia v nemeckej gramatike - Talkpal","description":"Nemeck\u00e1 gramatika je pre mnoh\u00fdch \u0161tudentov v\u00fdzvou, najm\u00e4 pokia\u013e ide o spr\u00e1vne pou\u017e\u00edvanie deklin\u00e1cie. Spr\u00e1vna deklin\u00e1cia je k\u013e\u00fa\u010dov\u00e1 pre pochopenie a tvorbu","robots":{"index":"index","follow":"follow","max-snippet":"max-snippet:-1","max-image-preview":"max-image-preview:large","max-video-preview":"max-video-preview:-1"},"canonical":"https:\/\/talkpal.ai\/sk\/grammar\/deklinacia-v-nemeckej-gramatike-2\/","og_locale":"sk_SK","og_type":"article","og_title":"Deklin\u00e1cia v nemeckej gramatike","og_description":"Nemeck\u00e1 gramatika je pre mnoh\u00fdch \u0161tudentov v\u00fdzvou, najm\u00e4 pokia\u013e ide o spr\u00e1vne pou\u017e\u00edvanie deklin\u00e1cie. Spr\u00e1vna deklin\u00e1cia je k\u013e\u00fa\u010dov\u00e1 pre pochopenie a tvorbu","og_url":"https:\/\/talkpal.ai\/sk\/grammar\/deklinacia-v-nemeckej-gramatike-2\/","og_site_name":"Talkpal","article_publisher":"https:\/\/www.facebook.com\/profile.php?id=100090733639311","article_modified_time":"2026-03-09T13:51:54+00:00","og_image":[{"width":1200,"height":896,"url":"https:\/\/talkpal.ai\/wp-content\/uploads\/2025\/12\/girl-studying-books-to-learn-languages.webp","type":"image\/webp"}],"twitter_card":"summary_large_image","twitter_site":"@talkpalai","twitter_misc":{"Predpokladan\u00fd \u010das \u010d\u00edtania":"4 min\u00faty"},"schema":{"@context":"https:\/\/schema.org","@graph":[{"@type":"WebPage","@id":"https:\/\/talkpal.ai\/sk\/grammar\/deklinacia-v-nemeckej-gramatike-2\/","url":"https:\/\/talkpal.ai\/sk\/grammar\/deklinacia-v-nemeckej-gramatike-2\/","name":"Deklin\u00e1cia v nemeckej gramatike - Talkpal","isPartOf":{"@id":"https:\/\/talkpal.ai\/sk\/#website"},"primaryImageOfPage":{"@id":"https:\/\/talkpal.ai\/sk\/grammar\/deklinacia-v-nemeckej-gramatike-2\/#primaryimage"},"image":{"@id":"https:\/\/talkpal.ai\/sk\/grammar\/deklinacia-v-nemeckej-gramatike-2\/#primaryimage"},"thumbnailUrl":"https:\/\/talkpal.ai\/wp-content\/uploads\/2025\/12\/girl-studying-books-to-learn-languages.webp","datePublished":"2025-07-02T00:10:58+00:00","dateModified":"2026-03-09T13:51:54+00:00","description":"Nemeck\u00e1 gramatika je pre mnoh\u00fdch \u0161tudentov v\u00fdzvou, najm\u00e4 pokia\u013e ide o spr\u00e1vne pou\u017e\u00edvanie deklin\u00e1cie. Spr\u00e1vna deklin\u00e1cia je k\u013e\u00fa\u010dov\u00e1 pre pochopenie a tvorbu","breadcrumb":{"@id":"https:\/\/talkpal.ai\/sk\/grammar\/deklinacia-v-nemeckej-gramatike-2\/#breadcrumb"},"inLanguage":"sk-SK","potentialAction":[{"@type":"ReadAction","target":["https:\/\/talkpal.ai\/sk\/grammar\/deklinacia-v-nemeckej-gramatike-2\/"]}]},{"@type":"ImageObject","inLanguage":"sk-SK","@id":"https:\/\/talkpal.ai\/sk\/grammar\/deklinacia-v-nemeckej-gramatike-2\/#primaryimage","url":"https:\/\/talkpal.ai\/wp-content\/uploads\/2025\/12\/girl-studying-books-to-learn-languages.webp","contentUrl":"https:\/\/talkpal.ai\/wp-content\/uploads\/2025\/12\/girl-studying-books-to-learn-languages.webp","width":1200,"height":896,"caption":"A young woman wears glasses and studies an open book to learn languages in a library."},{"@type":"BreadcrumbList","@id":"https:\/\/talkpal.ai\/sk\/grammar\/deklinacia-v-nemeckej-gramatike-2\/#breadcrumb","itemListElement":[{"@type":"ListItem","position":1,"name":"Homepage","item":"https:\/\/talkpal.ai\/sk\/"},{"@type":"ListItem","position":2,"name":"Deklin\u00e1cia v nemeckej gramatike"}]},{"@type":"WebSite","@id":"https:\/\/talkpal.ai\/sk\/#website","url":"https:\/\/talkpal.ai\/sk\/","name":"Talkpal","description":"AI Language Learning","publisher":{"@id":"https:\/\/talkpal.ai\/sk\/#organization"},"alternateName":"Talkpal AI","potentialAction":[{"@type":"SearchAction","target":{"@type":"EntryPoint","urlTemplate":"https:\/\/talkpal.ai\/sk\/?s={search_term_string}"},"query-input":{"@type":"PropertyValueSpecification","valueRequired":true,"valueName":"search_term_string"}}],"inLanguage":"sk-SK"},{"@type":"Organization","@id":"https:\/\/talkpal.ai\/sk\/#organization","name":"Talkpal, Inc.","alternateName":"Talkpal AI","url":"https:\/\/talkpal.ai\/sk\/","logo":{"@type":"ImageObject","inLanguage":"sk-SK","@id":"https:\/\/talkpal.ai\/sk\/#\/schema\/logo\/image\/","url":"https:\/\/talkpal.ai\/wp-content\/uploads\/2024\/03\/Talkpal-Logo-Icon.png","contentUrl":"https:\/\/talkpal.ai\/wp-content\/uploads\/2024\/03\/Talkpal-Logo-Icon.png","width":2880,"height":2880,"caption":"Talkpal, Inc."},"image":{"@id":"https:\/\/talkpal.ai\/sk\/#\/schema\/logo\/image\/"},"sameAs":["https:\/\/www.facebook.com\/profile.php?id=100090733639311","https:\/\/x.com\/talkpalai","https:\/\/www.linkedin.com\/company\/talkpal\/","https:\/\/www.youtube.com\/@TalkPal\/","https:\/\/www.tiktok.com\/@talkpal","https:\/\/www.instagram.com\/talkpal_ai\/","https:\/\/www.crunchbase.com\/organization\/talkpal-9cde","https:\/\/www.g2.com\/products\/talkpal-for-business\/","https:\/\/www.trustpilot.com\/review\/talkpal.ai","https:\/\/www.capterra.com\/p\/10006800\/TalkPal\/"],"description":"Talkpal is a language learning web and mobile education app, powered by the latest AI technologies, that provides engaging experiences to its customers in many different languages to help them improve their language skills. Users can chat about unlimited amount of topics with the app and use other modes to practice their language learning.","email":"support@talkpal.ai","legalName":"Talkpal, Inc.","foundingDate":"2023-04-03","duns":"118989042","numberOfEmployees":{"@type":"QuantitativeValue","minValue":"11","maxValue":"50"},"publishingPrinciples":"https:\/\/talkpal.ai\/publishing-principles\/","actionableFeedbackPolicy":"https:\/\/talkpal.ai\/actionable-feedback-policy\/","correctionsPolicy":"https:\/\/talkpal.ai\/corrections-policy\/","ethicsPolicy":"https:\/\/talkpal.ai\/ethics-policy\/","diversityPolicy":"https:\/\/talkpal.ai\/diversity-policy\/","diversityStaffingReport":"https:\/\/talkpal.ai\/diversity-policy\/"}]}},"_links":{"self":[{"href":"https:\/\/talkpal.ai\/sk\/wp-json\/wp\/v2\/grammar\/1080416","targetHints":{"allow":["GET"]}}],"collection":[{"href":"https:\/\/talkpal.ai\/sk\/wp-json\/wp\/v2\/grammar"}],"about":[{"href":"https:\/\/talkpal.ai\/sk\/wp-json\/wp\/v2\/types\/grammar"}],"wp:featuredmedia":[{"embeddable":true,"href":"https:\/\/talkpal.ai\/sk\/wp-json\/wp\/v2\/media\/1527668"}],"wp:attachment":[{"href":"https:\/\/talkpal.ai\/sk\/wp-json\/wp\/v2\/media?parent=1080416"}],"wp:term":[{"taxonomy":"language","embeddable":true,"href":"https:\/\/talkpal.ai\/sk\/wp-json\/wp\/v2\/language?post=1080416"}],"curies":[{"name":"wp","href":"https:\/\/api.w.org\/{rel}","templated":true}]}}