{"id":1080411,"date":"2025-07-02T00:10:30","date_gmt":"2025-07-02T00:10:30","guid":{"rendered":"https:\/\/talkpal.ai\/grammar\/personliche-pronomen-v-nemeckej-gramatike\/"},"modified":"2025-07-02T00:10:30","modified_gmt":"2025-07-02T00:10:30","slug":"personliche-pronomen-v-nemeckej-gramatike","status":"publish","type":"grammar","link":"https:\/\/talkpal.ai\/sk\/grammar\/personliche-pronomen-v-nemeckej-gramatike\/","title":{"rendered":"Pers\u00f6nliche Pronomen v nemeckej gramatike"},"content":{"rendered":"<p>Osvojenie osobn\u00fdch z\u00e1men \u2013 <a href=\"https:\/\/talkpal.ai\/fi\/grammar\/personliche-pronomen-saksan-kielioppi\/\">Pers\u00f6nliche Pronomen<\/a> v <a href=\"https:\/\/talkpal.ai\/sk\/grammar\/mnozne-cislo-v-nemeckej-gramatike\/\">nemeckej gramatike<\/a> \u2013 je k\u013e\u00fa\u010dov\u00fdm krokom k plynulej a spr\u00e1vnej komunik\u00e1cii v nem\u010dine. Tieto z\u00e1men\u00e1 tvoria z\u00e1kladn\u00e9 stavebn\u00e9 kamene ka\u017edej vety a umo\u017e\u0148uj\u00fa presne vyjadri\u0165, kto vykon\u00e1va ur\u010dit\u00fa \u010dinnos\u0165. Pre mnoh\u00fdch \u0161tudentov m\u00f4\u017eu by\u0165 <a href=\"https:\/\/talkpal.ai\/sk\/grammar\/pronomi-personali-v-talianskej-gramatike\/\">osobn\u00e9 z\u00e1men\u00e1<\/a> spo\u010diatku m\u00e4t\u00face, najm\u00e4 kv\u00f4li ich oh\u00fdbaniu pod\u013ea p\u00e1du a rodu, av\u0161ak ich zvl\u00e1dnutie z\u00e1sadne zjednodu\u0161uje rozpr\u00e1vanie i porozumenie v ka\u017edodennom <a href=\"https:\/\/talkpal.ai\/contact\/\">kontakte<\/a>. Ak si chcete efekt\u00edvne a interakt\u00edvne precvi\u010di\u0165 osobn\u00e9 z\u00e1men\u00e1 v nemeckom jazyku, platforma <a href=\"https:\/\/talkpal.ai\/ko\/ai-%ec%96%b8%ec%96%b4-%ea%b5%90%ec%82%ac\/\">Talkpal<\/a> predstavuje skvel\u00fd sp\u00f4sob, ako sa nau\u010di\u0165 Pers\u00f6nliche Pronomen v nemeckej gramatike hravo a s okam\u017eitou sp\u00e4tnou v\u00e4zbou.<\/p>\n<h2>\u010co s\u00fa Pers\u00f6nliche Pronomen v nemeckej gramatike?<\/h2>\n<p>Osobn\u00e9 z\u00e1men\u00e1 (Pers\u00f6nliche Pronomen) s\u00fa slov\u00e1, ktor\u00e9 zastupuj\u00fa osoby alebo veci, aby sa predi\u0161lo ich opakovaniu vo vete. V sloven\u010dine ich pozn\u00e1me ako ja, ty, on, ona, <a href=\"https:\/\/talkpal.ai\/locations\/language-courses-in-ono\/\">ono<\/a>, my, vy, oni\/ony. V nem\u010dine je ich pou\u017eitie podobn\u00e9, no ich tvary sa menia pod\u013ea p\u00e1du (Nominativ, Akkusativ, Dativ, Genitiv), \u010d\u00edsla (jednotn\u00e9 a mno\u017en\u00e9) a rodu (mu\u017esk\u00fd, \u017eensk\u00fd, stredn\u00fd).<\/p>\n<h3>V\u00fdznam a funkcia osobn\u00fdch z\u00e1men<\/h3>\n<p>Osobn\u00e9 z\u00e1men\u00e1 v nemeckej gramatike plnia tieto hlavn\u00e9 \u00falohy:<\/p>\n<ul>\n<li>Ur\u010duj\u00fa, kto je vykon\u00e1vate\u013eom deja (subjekt vo vete)<\/li>\n<li>Nahradzuj\u00fa podstatn\u00e9 men\u00e1, \u010d\u00edm robia komunik\u00e1ciu plynulej\u0161ou a stru\u010dnej\u0161ou<\/li>\n<li>Menia svoj tvar pod\u013ea p\u00e1du, aby vyjadrovali r\u00f4zne gramatick\u00e9 vz\u0165ahy<\/li>\n<\/ul>\n<h2>Preh\u013ead osobn\u00fdch z\u00e1men v nem\u010dine<\/h2>\n<p>Aby ste mohli spr\u00e1vne pou\u017e\u00edva\u0165 Pers\u00f6nliche Pronomen, je d\u00f4le\u017eit\u00e9 pozna\u0165 ich z\u00e1kladn\u00e9 tvary v jednotliv\u00fdch p\u00e1doch.<\/p>\n<h3>Osobn\u00e9 z\u00e1men\u00e1 v Nominat\u00edve (1. p\u00e1d)<\/h3>\n<p>Nominat\u00edv sa pou\u017e\u00edva pre podmet vety, teda ten, kto vykon\u00e1va \u010dinnos\u0165.<\/p>\n<table>\n<tr>\n<th>Osoba<\/th>\n<th>Slovensky<\/th>\n<th>Nem\u010dina<\/th>\n<\/tr>\n<tr>\n<td>1. osoba jednotn\u00e9 \u010d\u00edslo<\/td>\n<td>ja<\/td>\n<td>ich<\/td>\n<\/tr>\n<tr>\n<td>2. osoba jednotn\u00e9 \u010d\u00edslo<\/td>\n<td>ty<\/td>\n<td>du<\/td>\n<\/tr>\n<tr>\n<td>3. osoba jednotn\u00e9 \u010d\u00edslo mu\u017esk\u00fd rod<\/td>\n<td>on<\/td>\n<td>er<\/td>\n<\/tr>\n<tr>\n<td>3. osoba jednotn\u00e9 \u010d\u00edslo \u017eensk\u00fd rod<\/td>\n<td>ona<\/td>\n<td>sie<\/td>\n<\/tr>\n<tr>\n<td>3. osoba jednotn\u00e9 \u010d\u00edslo stredn\u00fd rod<\/td>\n<td>ono<\/td>\n<td>es<\/td>\n<\/tr>\n<tr>\n<td>1. osoba mno\u017en\u00e9 \u010d\u00edslo<\/td>\n<td>my<\/td>\n<td>wir<\/td>\n<\/tr>\n<tr>\n<td>2. osoba mno\u017en\u00e9 \u010d\u00edslo<\/td>\n<td>vy<\/td>\n<td>ihr<\/td>\n<\/tr>\n<tr>\n<td>3. osoba mno\u017en\u00e9 \u010d\u00edslo<\/td>\n<td>oni\/ony<\/td>\n<td>sie<\/td>\n<\/tr>\n<tr>\n<td>Zdvorilostn\u00e1 forma<\/td>\n<td>Vy<\/td>\n<td>Sie<\/td>\n<\/tr>\n<\/table>\n<h3>Osobn\u00e9 z\u00e1men\u00e1 v Akkusat\u00edve (4. p\u00e1d)<\/h3>\n<p>Akkusat\u00edv sa pou\u017e\u00edva pre predmet vety, teda \u010do alebo koho.<\/p>\n<ul>\n<li>ich \u2192 mich<\/li>\n<li>du \u2192 dich<\/li>\n<li>er \u2192 ihn<\/li>\n<li>sie (ona) \u2192 sie<\/li>\n<li>es \u2192 es<\/li>\n<li>wir \u2192 uns<\/li>\n<li>ihr \u2192 euch<\/li>\n<li>sie (oni) \u2192 sie<\/li>\n<li>Sie (Vy) \u2192 Sie<\/li>\n<\/ul>\n<h3>Osobn\u00e9 z\u00e1men\u00e1 v Dat\u00edve (3. p\u00e1d)<\/h3>\n<p>Dativ sa pou\u017e\u00edva pre nepriamy predmet (komu, \u010domu).<\/p>\n<ul>\n<li>ich \u2192 mir<\/li>\n<li>du \u2192 dir<\/li>\n<li>er \u2192 ihm<\/li>\n<li>sie (ona) \u2192 ihr<\/li>\n<li>es \u2192 ihm<\/li>\n<li>wir \u2192 uns<\/li>\n<li>ihr \u2192 euch<\/li>\n<li>sie (oni) \u2192 ihnen<\/li>\n<li>Sie (Vy) \u2192 Ihnen<\/li>\n<\/ul>\n<h2>Porovnanie osobn\u00fdch z\u00e1men v sloven\u010dine a v nem\u010dine<\/h2>\n<p>Nemeck\u00e9 osobn\u00e9 z\u00e1men\u00e1 s\u00fa podobn\u00e9 slovensk\u00fdm, no maj\u00fa svoje \u0161pecifik\u00e1:<\/p>\n<ul>\n<li>V nem\u010dine m\u00e1 3. osoba jednotn\u00e9ho \u010d\u00edsla tri r\u00f4zne tvary (er, sie, es) pod\u013ea rodu podstatn\u00e9ho mena.<\/li>\n<li>V zdvorilostnej forme sa v\u017edy p\u00ed\u0161e Sie s ve\u013ek\u00fdm S.<\/li>\n<li>Niektor\u00e9 z\u00e1men\u00e1 maj\u00fa v dat\u00edve a akuzat\u00edve odli\u0161n\u00e9 tvary, \u010do v sloven\u010dine nie je tak\u00e9 v\u00fdrazn\u00e9.<\/li>\n<\/ul>\n<h2>Pers\u00f6nliche Pronomen v praxi: Pou\u017eitie v be\u017en\u00fdch vet\u00e1ch<\/h2>\n<p>Pozrime sa na konkr\u00e9tne pr\u00edklady vyu\u017eitia osobn\u00fdch z\u00e1men v nemeck\u00fdch vet\u00e1ch:<\/p>\n<ul>\n<li>Ich lerne Deutsch. (Ja sa u\u010d\u00edm po nemecky.)<\/li>\n<li>Kannst du mir helfen? (M\u00f4\u017ee\u0161 mi pom\u00f4c\u0165?)<\/li>\n<li>Er sieht sie jeden Tag. (On ju vid\u00ed ka\u017ed\u00fd de\u0148.)<\/li>\n<li>Wir fahren nach Berlin. (Ideme do Berl\u00edna.)<\/li>\n<li>Sie sprechen sehr gut Deutsch. (Oni\/ony hovoria ve\u013emi dobre po nemecky. \/ Vy hovor\u00edte ve\u013emi dobre po nemecky.)<\/li>\n<\/ul>\n<p>V\u0161imnite si, \u017ee v poslednej vete m\u00f4\u017ee Sie znamena\u0165 \u201eoni\u201c aj \u201eVy\u201c \u2013 v\u00fdznam ur\u010duje kontext a ve\u013ek\u00e9 p\u00edsmeno.<\/p>\n<h2>\u010cast\u00e9 chyby pri pou\u017e\u00edvan\u00ed Pers\u00f6nliche Pronomen<\/h2>\n<p>Pri u\u010den\u00ed osobn\u00fdch z\u00e1men v nem\u010dine sa slovensk\u00ed \u0161tudenti naj\u010dastej\u0161ie stret\u00e1vaj\u00fa s t\u00fdmito chybami:<\/p>\n<ul>\n<li>Z\u00e1mena tvarov v jednotliv\u00fdch p\u00e1doch (napr. mich vs. mir)<\/li>\n<li>Nezoh\u013eadnenie rodu podstatn\u00e9ho mena pri tretej osobe jednotn\u00e9ho \u010d\u00edsla<\/li>\n<li>P\u00edsanie \u201esie\u201c namiesto \u201eSie\u201c v zdvorilostn\u00fdch vet\u00e1ch<\/li>\n<\/ul>\n<p><strong>Tip:<\/strong> Precvi\u010dujte si z\u00e1men\u00e1 v kontexte a sk\u00fa\u0161ajte ich pou\u017e\u00edva\u0165 v r\u00f4znych vet\u00e1ch \u2013 pr\u00e1ve na to je vynikaj\u00faci Talkpal.<\/p>\n<h2>Pers\u00f6nliche Pronomen a slovesn\u00e9 v\u00e4zby<\/h2>\n<p>Niektor\u00e9 nemeck\u00e9 sloves\u00e1 vy\u017eaduj\u00fa \u0161pecifick\u00e9 p\u00e1dy z\u00e1men:<\/p>\n<ul>\n<li>pom\u00e1ha\u0165 (helfen) \u2013 v\u017edy s dat\u00edvom: <em>Ich helfe dir.<\/em><\/li>\n<li>vidie\u0165 (sehen) \u2013 v\u017edy s akuzat\u00edvom: <em>Ich sehe dich.<\/em><\/li>\n<li>odpoveda\u0165 (antworten) \u2013 v\u017edy s dat\u00edvom: <em>Er antwortet mir.<\/em><\/li>\n<\/ul>\n<p>Je d\u00f4le\u017eit\u00e9 nau\u010di\u0165 sa spolu s nov\u00fdmi slovesami aj spr\u00e1vny p\u00e1d osobn\u00e9ho z\u00e1mena.<\/p>\n<h2>Zdvorilostn\u00e1 forma \u201eSie\u201c v nemeckej gramatike<\/h2>\n<p>V nemeckej komunik\u00e1cii m\u00e1 osobitn\u00e9 postavenie z\u00e1meno \u201eSie\u201c:<\/p>\n<ul>\n<li>Pou\u017e\u00edva sa na vyjadrenie \u00facty alebo form\u00e1lnosti<\/li>\n<li>V\u017edy sa p\u00ed\u0161e s ve\u013ek\u00fdm p\u00edsmenom, bez oh\u013eadu na to, kde stoj\u00ed vo vete<\/li>\n<li>Sloveso je v\u017edy v tretej osobe mno\u017en\u00e9ho \u010d\u00edsla<\/li>\n<li>Pr\u00edklad: <em>Wie hei\u00dfen Sie?<\/em> (Ako sa vol\u00e1te?)<\/li>\n<\/ul>\n<h2>Osobn\u00e9 z\u00e1men\u00e1 v kombin\u00e1cii s predlo\u017ekami<\/h2>\n<p>Niektor\u00e9 predlo\u017eky vy\u017eaduj\u00fa \u0161pecifick\u00fd p\u00e1d z\u00e1mena, napr\u00edklad:<\/p>\n<ul>\n<li>mit + dat\u00edv: <em>mit mir, mit dir, mit ihm\/ihr\/ihm, mit uns, mit euch, mit ihnen\/Ihnen<\/em><\/li>\n<li>f\u00fcr + akuzat\u00edv: <em>f\u00fcr mich, f\u00fcr dich, f\u00fcr ihn\/sie\/es, f\u00fcr uns, f\u00fcr euch, f\u00fcr sie\/Sie<\/em><\/li>\n<\/ul>\n<p>Je potrebn\u00e9 si v\u017edy overi\u0165, ak\u00fd p\u00e1d predlo\u017eka vy\u017eaduje.<\/p>\n<h2>Pers\u00f6nliche Pronomen v ot\u00e1zkach a z\u00e1poroch<\/h2>\n<p>Osobn\u00e9 z\u00e1men\u00e1 sa \u010dasto pou\u017e\u00edvaj\u00fa v ot\u00e1zkach, napr\u00edklad:<\/p>\n<ul>\n<li>Hast du Zeit? (M\u00e1\u0161 \u010das?)<\/li>\n<li>Wen liebst du? (Koho miluje\u0161?)<\/li>\n<\/ul>\n<p>V z\u00e1poroch zvy\u010dajne stoja pred z\u00e1porn\u00fdm slovom:<\/p>\n<ul>\n<li>Ich habe dich nicht gesehen. (Nevidel som \u0165a.)<\/li>\n<\/ul>\n<h2>Tipy a strat\u00e9gie na efekt\u00edvne u\u010denie osobn\u00fdch z\u00e1men<\/h2>\n<ul>\n<li>Precvi\u010dujte z\u00e1men\u00e1 v be\u017en\u00fdch fr\u00e1zach a vet\u00e1ch<\/li>\n<li>Vytv\u00e1rajte si vlastn\u00e9 pr\u00edklady s r\u00f4znymi slovesami a predlo\u017ekami<\/li>\n<li>Pou\u017e\u00edvajte aplik\u00e1cie ako Talkpal na interakt\u00edvne u\u010denie a okam\u017eit\u00fa sp\u00e4tn\u00fa v\u00e4zbu<\/li>\n<li>Opakujte z\u00e1men\u00e1 v kontexte, nie izolovane<\/li>\n<li>Venujte pozornos\u0165 tvarom v r\u00f4znych p\u00e1doch, najm\u00e4 akuzat\u00edvu a dat\u00edvu<\/li>\n<\/ul>\n<h2>Naj\u010dastej\u0161ie ot\u00e1zky k Pers\u00f6nliche Pronomen v nemeckej gramatike<\/h2>\n<h3>Kedy pou\u017ei\u0165 \u201esie\u201c a kedy \u201eSie\u201c?<\/h3>\n<p>\u201esie\u201c m\u00f4\u017ee znamena\u0165 \u201eona\u201c alebo \u201eoni\/ony\u201c, z\u00e1le\u017e\u00ed na kontexte. \u201eSie\u201c s ve\u013ek\u00fdm S sa pou\u017e\u00edva v zdvorilostnej forme, teda ke\u010f niekoho oslovujete form\u00e1lne.<\/p>\n<h3>Pre\u010do m\u00e1 nemeck\u00e1 3. osoba jednotn\u00e9ho \u010d\u00edsla tri tvary?<\/h3>\n<p>Preto\u017ee z\u00e1meno sa prisp\u00f4sobuje rodu podstatn\u00e9ho mena: er (mu\u017esk\u00fd), sie (\u017eensk\u00fd), es (stredn\u00fd).<\/p>\n<h3>Menia sa z\u00e1men\u00e1 pod\u013ea p\u00e1du?<\/h3>\n<p>\u00c1no, osobn\u00e9 z\u00e1men\u00e1 maj\u00fa v nem\u010dine r\u00f4zne tvary v nominat\u00edve, akuzat\u00edve a dat\u00edve.<\/p>\n<h2>Z\u00e1ver<\/h2>\n<p>Pers\u00f6nliche Pronomen v nemeckej gramatike s\u00fa z\u00e1kladom ka\u017edodennej komunik\u00e1cie a spr\u00e1vneho vyjadrovania. Osvojenie ich tvarov a pou\u017eitia je nevyhnutn\u00e9 pre ka\u017ed\u00e9ho, kto sa chce nau\u010di\u0165 nemecky na dobrej \u00farovni. Pam\u00e4tajte, \u017ee pravideln\u00fd tr\u00e9ning \u2013 napr\u00edklad s platformou Talkpal \u2013 v\u00e1m umo\u017en\u00ed pou\u017e\u00edva\u0165 osobn\u00e9 z\u00e1men\u00e1 automaticky a bez ch\u00fdb. \u010c\u00edm \u010dastej\u0161ie ich budete pou\u017e\u00edva\u0165, t\u00fdm prirodzenej\u0161ie a plynulej\u0161ie budete komunikova\u0165 v nemeckom jazyku.<\/p>\n","protected":false},"featured_media":1527936,"template":"","language":[12958,12962],"class_list":["post-1080411","grammar","type-grammar","status-publish","has-post-thumbnail","hentry","language-nemcina-sk","language-zamena-nemecka-gramatika"],"acf":[],"yoast_head":"<!-- This site is optimized with the Yoast SEO Premium plugin v27.2 (Yoast SEO v27.2) - https:\/\/yoast.com\/product\/yoast-seo-premium-wordpress\/ -->\n<title>Pers\u00f6nliche Pronomen v nemeckej gramatike - Talkpal<\/title>\n<meta name=\"description\" content=\"Osvojenie osobn\u00fdch z\u00e1men \u2013 Pers\u00f6nliche Pronomen v nemeckej gramatike \u2013 je k\u013e\u00fa\u010dov\u00fdm krokom k plynulej a spr\u00e1vnej komunik\u00e1cii v nem\u010dine. Tieto z\u00e1men\u00e1 tvoria\" \/>\n<meta name=\"robots\" content=\"index, follow, max-snippet:-1, max-image-preview:large, max-video-preview:-1\" \/>\n<link rel=\"canonical\" href=\"https:\/\/talkpal.ai\/sk\/grammar\/personliche-pronomen-v-nemeckej-gramatike\/\" \/>\n<meta property=\"og:locale\" content=\"sk_SK\" \/>\n<meta property=\"og:type\" content=\"article\" \/>\n<meta property=\"og:title\" content=\"Pers\u00f6nliche Pronomen v nemeckej gramatike\" \/>\n<meta property=\"og:description\" content=\"Osvojenie osobn\u00fdch z\u00e1men \u2013 Pers\u00f6nliche Pronomen v nemeckej gramatike \u2013 je k\u013e\u00fa\u010dov\u00fdm krokom k plynulej a spr\u00e1vnej komunik\u00e1cii v nem\u010dine. Tieto z\u00e1men\u00e1 tvoria\" \/>\n<meta property=\"og:url\" content=\"https:\/\/talkpal.ai\/sk\/grammar\/personliche-pronomen-v-nemeckej-gramatike\/\" \/>\n<meta property=\"og:site_name\" content=\"Talkpal\" \/>\n<meta property=\"article:publisher\" content=\"https:\/\/www.facebook.com\/profile.php?id=100090733639311\" \/>\n<meta property=\"og:image\" content=\"https:\/\/talkpal.ai\/wp-content\/uploads\/2025\/02\/Progress-tab-16_9.png\" \/>\n\t<meta property=\"og:image:width\" content=\"2880\" \/>\n\t<meta property=\"og:image:height\" content=\"1620\" \/>\n\t<meta property=\"og:image:type\" content=\"image\/png\" \/>\n<meta name=\"twitter:card\" content=\"summary_large_image\" \/>\n<meta name=\"twitter:site\" content=\"@talkpalai\" \/>\n<meta name=\"twitter:label1\" content=\"Predpokladan\u00fd \u010das \u010d\u00edtania\" \/>\n\t<meta name=\"twitter:data1\" content=\"6 min\u00fat\" \/>\n<script type=\"application\/ld+json\" class=\"yoast-schema-graph\">{\"@context\":\"https:\/\/schema.org\",\"@graph\":[{\"@type\":\"WebPage\",\"@id\":\"https:\/\/talkpal.ai\/sk\/grammar\/personliche-pronomen-v-nemeckej-gramatike\/\",\"url\":\"https:\/\/talkpal.ai\/sk\/grammar\/personliche-pronomen-v-nemeckej-gramatike\/\",\"name\":\"Pers\u00f6nliche Pronomen v nemeckej gramatike - Talkpal\",\"isPartOf\":{\"@id\":\"https:\/\/talkpal.ai\/sk\/#website\"},\"primaryImageOfPage\":{\"@id\":\"https:\/\/talkpal.ai\/sk\/grammar\/personliche-pronomen-v-nemeckej-gramatike\/#primaryimage\"},\"image\":{\"@id\":\"https:\/\/talkpal.ai\/sk\/grammar\/personliche-pronomen-v-nemeckej-gramatike\/#primaryimage\"},\"thumbnailUrl\":\"https:\/\/talkpal.ai\/wp-content\/uploads\/2025\/12\/students-converse-well-to-learn-languages.webp\",\"datePublished\":\"2025-07-02T00:10:30+00:00\",\"description\":\"Osvojenie osobn\u00fdch z\u00e1men \u2013 Pers\u00f6nliche Pronomen v nemeckej gramatike \u2013 je k\u013e\u00fa\u010dov\u00fdm krokom k plynulej a spr\u00e1vnej komunik\u00e1cii v nem\u010dine. Tieto z\u00e1men\u00e1 tvoria\",\"breadcrumb\":{\"@id\":\"https:\/\/talkpal.ai\/sk\/grammar\/personliche-pronomen-v-nemeckej-gramatike\/#breadcrumb\"},\"inLanguage\":\"sk-SK\",\"potentialAction\":[{\"@type\":\"ReadAction\",\"target\":[\"https:\/\/talkpal.ai\/sk\/grammar\/personliche-pronomen-v-nemeckej-gramatike\/\"]}]},{\"@type\":\"ImageObject\",\"inLanguage\":\"sk-SK\",\"@id\":\"https:\/\/talkpal.ai\/sk\/grammar\/personliche-pronomen-v-nemeckej-gramatike\/#primaryimage\",\"url\":\"https:\/\/talkpal.ai\/wp-content\/uploads\/2025\/12\/students-converse-well-to-learn-languages.webp\",\"contentUrl\":\"https:\/\/talkpal.ai\/wp-content\/uploads\/2025\/12\/students-converse-well-to-learn-languages.webp\",\"width\":1200,\"height\":896,\"caption\":\"A group of diverse students converse and smile while learning languages at a large library table.\"},{\"@type\":\"BreadcrumbList\",\"@id\":\"https:\/\/talkpal.ai\/sk\/grammar\/personliche-pronomen-v-nemeckej-gramatike\/#breadcrumb\",\"itemListElement\":[{\"@type\":\"ListItem\",\"position\":1,\"name\":\"Homepage\",\"item\":\"https:\/\/talkpal.ai\/sk\/\"},{\"@type\":\"ListItem\",\"position\":2,\"name\":\"Pers\u00f6nliche Pronomen v nemeckej gramatike\"}]},{\"@type\":\"WebSite\",\"@id\":\"https:\/\/talkpal.ai\/sk\/#website\",\"url\":\"https:\/\/talkpal.ai\/sk\/\",\"name\":\"Talkpal\",\"description\":\"AI Language Learning\",\"publisher\":{\"@id\":\"https:\/\/talkpal.ai\/sk\/#organization\"},\"alternateName\":\"Talkpal AI\",\"potentialAction\":[{\"@type\":\"SearchAction\",\"target\":{\"@type\":\"EntryPoint\",\"urlTemplate\":\"https:\/\/talkpal.ai\/sk\/?s={search_term_string}\"},\"query-input\":{\"@type\":\"PropertyValueSpecification\",\"valueRequired\":true,\"valueName\":\"search_term_string\"}}],\"inLanguage\":\"sk-SK\"},{\"@type\":\"Organization\",\"@id\":\"https:\/\/talkpal.ai\/sk\/#organization\",\"name\":\"Talkpal, Inc.\",\"alternateName\":\"Talkpal AI\",\"url\":\"https:\/\/talkpal.ai\/sk\/\",\"logo\":{\"@type\":\"ImageObject\",\"inLanguage\":\"sk-SK\",\"@id\":\"https:\/\/talkpal.ai\/sk\/#\/schema\/logo\/image\/\",\"url\":\"https:\/\/talkpal.ai\/wp-content\/uploads\/2024\/03\/Talkpal-Logo-Icon.png\",\"contentUrl\":\"https:\/\/talkpal.ai\/wp-content\/uploads\/2024\/03\/Talkpal-Logo-Icon.png\",\"width\":2880,\"height\":2880,\"caption\":\"Talkpal, Inc.\"},\"image\":{\"@id\":\"https:\/\/talkpal.ai\/sk\/#\/schema\/logo\/image\/\"},\"sameAs\":[\"https:\/\/www.facebook.com\/profile.php?id=100090733639311\",\"https:\/\/x.com\/talkpalai\",\"https:\/\/www.linkedin.com\/company\/talkpal\/\",\"https:\/\/www.youtube.com\/@TalkPal\/\",\"https:\/\/www.tiktok.com\/@talkpal\",\"https:\/\/www.instagram.com\/talkpal_ai\/\",\"https:\/\/www.crunchbase.com\/organization\/talkpal-9cde\",\"https:\/\/www.g2.com\/products\/talkpal-for-business\/\",\"https:\/\/www.trustpilot.com\/review\/talkpal.ai\",\"https:\/\/www.capterra.com\/p\/10006800\/TalkPal\/\"],\"description\":\"Talkpal is a language learning web and mobile education app, powered by the latest AI technologies, that provides engaging experiences to its customers in many different languages to help them improve their language skills. Users can chat about unlimited amount of topics with the app and use other modes to practice their language learning.\",\"email\":\"support@talkpal.ai\",\"legalName\":\"Talkpal, Inc.\",\"foundingDate\":\"2023-04-03\",\"duns\":\"118989042\",\"numberOfEmployees\":{\"@type\":\"QuantitativeValue\",\"minValue\":\"11\",\"maxValue\":\"50\"},\"publishingPrinciples\":\"https:\/\/talkpal.ai\/publishing-principles\/\",\"actionableFeedbackPolicy\":\"https:\/\/talkpal.ai\/actionable-feedback-policy\/\",\"correctionsPolicy\":\"https:\/\/talkpal.ai\/corrections-policy\/\",\"ethicsPolicy\":\"https:\/\/talkpal.ai\/ethics-policy\/\",\"diversityPolicy\":\"https:\/\/talkpal.ai\/diversity-policy\/\",\"diversityStaffingReport\":\"https:\/\/talkpal.ai\/diversity-policy\/\"}]}<\/script>\n<!-- \/ Yoast SEO Premium plugin. -->","yoast_head_json":{"title":"Pers\u00f6nliche Pronomen v nemeckej gramatike - Talkpal","description":"Osvojenie osobn\u00fdch z\u00e1men \u2013 Pers\u00f6nliche Pronomen v nemeckej gramatike \u2013 je k\u013e\u00fa\u010dov\u00fdm krokom k plynulej a spr\u00e1vnej komunik\u00e1cii v nem\u010dine. Tieto z\u00e1men\u00e1 tvoria","robots":{"index":"index","follow":"follow","max-snippet":"max-snippet:-1","max-image-preview":"max-image-preview:large","max-video-preview":"max-video-preview:-1"},"canonical":"https:\/\/talkpal.ai\/sk\/grammar\/personliche-pronomen-v-nemeckej-gramatike\/","og_locale":"sk_SK","og_type":"article","og_title":"Pers\u00f6nliche Pronomen v nemeckej gramatike","og_description":"Osvojenie osobn\u00fdch z\u00e1men \u2013 Pers\u00f6nliche Pronomen v nemeckej gramatike \u2013 je k\u013e\u00fa\u010dov\u00fdm krokom k plynulej a spr\u00e1vnej komunik\u00e1cii v nem\u010dine. Tieto z\u00e1men\u00e1 tvoria","og_url":"https:\/\/talkpal.ai\/sk\/grammar\/personliche-pronomen-v-nemeckej-gramatike\/","og_site_name":"Talkpal","article_publisher":"https:\/\/www.facebook.com\/profile.php?id=100090733639311","og_image":[{"width":2880,"height":1620,"url":"https:\/\/talkpal.ai\/wp-content\/uploads\/2025\/02\/Progress-tab-16_9.png","type":"image\/png"}],"twitter_card":"summary_large_image","twitter_site":"@talkpalai","twitter_misc":{"Predpokladan\u00fd \u010das \u010d\u00edtania":"6 min\u00fat"},"schema":{"@context":"https:\/\/schema.org","@graph":[{"@type":"WebPage","@id":"https:\/\/talkpal.ai\/sk\/grammar\/personliche-pronomen-v-nemeckej-gramatike\/","url":"https:\/\/talkpal.ai\/sk\/grammar\/personliche-pronomen-v-nemeckej-gramatike\/","name":"Pers\u00f6nliche Pronomen v nemeckej gramatike - Talkpal","isPartOf":{"@id":"https:\/\/talkpal.ai\/sk\/#website"},"primaryImageOfPage":{"@id":"https:\/\/talkpal.ai\/sk\/grammar\/personliche-pronomen-v-nemeckej-gramatike\/#primaryimage"},"image":{"@id":"https:\/\/talkpal.ai\/sk\/grammar\/personliche-pronomen-v-nemeckej-gramatike\/#primaryimage"},"thumbnailUrl":"https:\/\/talkpal.ai\/wp-content\/uploads\/2025\/12\/students-converse-well-to-learn-languages.webp","datePublished":"2025-07-02T00:10:30+00:00","description":"Osvojenie osobn\u00fdch z\u00e1men \u2013 Pers\u00f6nliche Pronomen v nemeckej gramatike \u2013 je k\u013e\u00fa\u010dov\u00fdm krokom k plynulej a spr\u00e1vnej komunik\u00e1cii v nem\u010dine. Tieto z\u00e1men\u00e1 tvoria","breadcrumb":{"@id":"https:\/\/talkpal.ai\/sk\/grammar\/personliche-pronomen-v-nemeckej-gramatike\/#breadcrumb"},"inLanguage":"sk-SK","potentialAction":[{"@type":"ReadAction","target":["https:\/\/talkpal.ai\/sk\/grammar\/personliche-pronomen-v-nemeckej-gramatike\/"]}]},{"@type":"ImageObject","inLanguage":"sk-SK","@id":"https:\/\/talkpal.ai\/sk\/grammar\/personliche-pronomen-v-nemeckej-gramatike\/#primaryimage","url":"https:\/\/talkpal.ai\/wp-content\/uploads\/2025\/12\/students-converse-well-to-learn-languages.webp","contentUrl":"https:\/\/talkpal.ai\/wp-content\/uploads\/2025\/12\/students-converse-well-to-learn-languages.webp","width":1200,"height":896,"caption":"A group of diverse students converse and smile while learning languages at a large library table."},{"@type":"BreadcrumbList","@id":"https:\/\/talkpal.ai\/sk\/grammar\/personliche-pronomen-v-nemeckej-gramatike\/#breadcrumb","itemListElement":[{"@type":"ListItem","position":1,"name":"Homepage","item":"https:\/\/talkpal.ai\/sk\/"},{"@type":"ListItem","position":2,"name":"Pers\u00f6nliche Pronomen v nemeckej gramatike"}]},{"@type":"WebSite","@id":"https:\/\/talkpal.ai\/sk\/#website","url":"https:\/\/talkpal.ai\/sk\/","name":"Talkpal","description":"AI Language Learning","publisher":{"@id":"https:\/\/talkpal.ai\/sk\/#organization"},"alternateName":"Talkpal AI","potentialAction":[{"@type":"SearchAction","target":{"@type":"EntryPoint","urlTemplate":"https:\/\/talkpal.ai\/sk\/?s={search_term_string}"},"query-input":{"@type":"PropertyValueSpecification","valueRequired":true,"valueName":"search_term_string"}}],"inLanguage":"sk-SK"},{"@type":"Organization","@id":"https:\/\/talkpal.ai\/sk\/#organization","name":"Talkpal, Inc.","alternateName":"Talkpal AI","url":"https:\/\/talkpal.ai\/sk\/","logo":{"@type":"ImageObject","inLanguage":"sk-SK","@id":"https:\/\/talkpal.ai\/sk\/#\/schema\/logo\/image\/","url":"https:\/\/talkpal.ai\/wp-content\/uploads\/2024\/03\/Talkpal-Logo-Icon.png","contentUrl":"https:\/\/talkpal.ai\/wp-content\/uploads\/2024\/03\/Talkpal-Logo-Icon.png","width":2880,"height":2880,"caption":"Talkpal, Inc."},"image":{"@id":"https:\/\/talkpal.ai\/sk\/#\/schema\/logo\/image\/"},"sameAs":["https:\/\/www.facebook.com\/profile.php?id=100090733639311","https:\/\/x.com\/talkpalai","https:\/\/www.linkedin.com\/company\/talkpal\/","https:\/\/www.youtube.com\/@TalkPal\/","https:\/\/www.tiktok.com\/@talkpal","https:\/\/www.instagram.com\/talkpal_ai\/","https:\/\/www.crunchbase.com\/organization\/talkpal-9cde","https:\/\/www.g2.com\/products\/talkpal-for-business\/","https:\/\/www.trustpilot.com\/review\/talkpal.ai","https:\/\/www.capterra.com\/p\/10006800\/TalkPal\/"],"description":"Talkpal is a language learning web and mobile education app, powered by the latest AI technologies, that provides engaging experiences to its customers in many different languages to help them improve their language skills. Users can chat about unlimited amount of topics with the app and use other modes to practice their language learning.","email":"support@talkpal.ai","legalName":"Talkpal, Inc.","foundingDate":"2023-04-03","duns":"118989042","numberOfEmployees":{"@type":"QuantitativeValue","minValue":"11","maxValue":"50"},"publishingPrinciples":"https:\/\/talkpal.ai\/publishing-principles\/","actionableFeedbackPolicy":"https:\/\/talkpal.ai\/actionable-feedback-policy\/","correctionsPolicy":"https:\/\/talkpal.ai\/corrections-policy\/","ethicsPolicy":"https:\/\/talkpal.ai\/ethics-policy\/","diversityPolicy":"https:\/\/talkpal.ai\/diversity-policy\/","diversityStaffingReport":"https:\/\/talkpal.ai\/diversity-policy\/"}]}},"_links":{"self":[{"href":"https:\/\/talkpal.ai\/sk\/wp-json\/wp\/v2\/grammar\/1080411","targetHints":{"allow":["GET"]}}],"collection":[{"href":"https:\/\/talkpal.ai\/sk\/wp-json\/wp\/v2\/grammar"}],"about":[{"href":"https:\/\/talkpal.ai\/sk\/wp-json\/wp\/v2\/types\/grammar"}],"wp:featuredmedia":[{"embeddable":true,"href":"https:\/\/talkpal.ai\/sk\/wp-json\/wp\/v2\/media\/1527936"}],"wp:attachment":[{"href":"https:\/\/talkpal.ai\/sk\/wp-json\/wp\/v2\/media?parent=1080411"}],"wp:term":[{"taxonomy":"language","embeddable":true,"href":"https:\/\/talkpal.ai\/sk\/wp-json\/wp\/v2\/language?post=1080411"}],"curies":[{"name":"wp","href":"https:\/\/api.w.org\/{rel}","templated":true}]}}