{"id":142103,"date":"2023-05-14T14:00:56","date_gmt":"2023-05-14T14:00:56","guid":{"rendered":"http:\/\/talkpal.ai\/gramatica-catalana\/"},"modified":"2025-05-22T18:35:18","modified_gmt":"2025-05-22T18:35:18","slug":"gramatica-catalana","status":"publish","type":"page","link":"https:\/\/talkpal.ai\/ro\/gramatica-catalana\/","title":{"rendered":"Gramatica catalan\u0103"},"content":{"rendered":"\r\n\r\n\r\n<section class=\"languageChallengeSection\">\r\n    <div class=\"languageInfoWrapper\">\r\n        \r\n        <h1>Gramatica catalan\u0103<\/h1>\r\n        <p>P\u0103trunde\u021bi \u00een lumea gramaticii catalane \u0219i descoperi\u021bi structura unic\u0103 a acestei limbi romanice vibrante. St\u0103p\u00e2nirea no\u021biunilor de baz\u0103 v\u0103 va ajuta s\u0103 comunica\u021bi mai eficient \u0219i s\u0103 v\u0103 conecta\u021bi cu cultura catalan\u0103 la un nivel mai profund. \u00cencepe\u021bi s\u0103 \u00eenv\u0103\u021ba\u021bi ast\u0103zi <a href=\"https:\/\/talkpal.ai\/catalan-grammar\/\">gramatica catalan\u0103<\/a> \u0219i face\u021bi primul pas spre fluen\u021b\u0103!\n\n<\/p>\r\n\r\n                            <a class=\"getStartedHidden\" href=\"https:\/\/app.talkpal.ai\/ro\/signup?lng=\">\u00cencepe<\/a>\r\n        \r\n    <\/div>\r\n\r\n    <figure>\r\n    <img decoding=\"async\" width=\"768\" height=\"768\" src=\"https:\/\/talkpal.ai\/wp-content\/uploads\/2023\/06\/catalan-768x768.png\" class=\"languageImage no-lazy\" alt=\"Language learning techniques for fast learning\" fetchpriority=\"high\" sizes=\"(max-width: 768px) 150px, 768px\" srcset=\"https:\/\/talkpal.ai\/wp-content\/uploads\/2023\/06\/catalan-768x768.png 768w, https:\/\/talkpal.ai\/wp-content\/uploads\/2023\/06\/catalan-300x300.png 300w\" \/>\r\n    \r\n\r\n    <\/figure>\r\n\r\n            <a class=\"getStartedVisible\" href=\"https:\/\/app.talkpal.ai\/ro\/signup?lng=\">\u00cencepe<\/a>\r\n    \r\n<\/section>\r\n<section class=\"promotionalBanner\">\r\n    <p class=\"promotionalText\">Cel mai eficient mod de a \u00eenv\u0103\u021ba o limb\u0103<\/p>\r\n    <a class=\"promotionalLink\" href=\"https:\/\/app.talkpal.ai\/ro\/signup?lng=\">\u00cencerca\u021bi Talkpal gratuit<\/a>\r\n<\/section>\n<div class=\"wp-block-group pageContainerStyle\"><div class=\"wp-block-group__inner-container is-layout-constrained wp-block-group-is-layout-constrained\">\n<h2 class=\"wp-block-heading\" id=\"h-catalan-grammar-a-quick-guide-for-language-enthusiasts\">Gramatica catalan\u0103: un ghid rapid pentru pasiona\u021bii de limbi str\u0103ine<\/h2>\n\n\n\n<p>Ave\u021bi de g\u00e2nd s\u0103 \u00eenv\u0103\u021ba\u021bi catalana sau doar curio\u0219i despre aceast\u0103 frumoas\u0103 limb\u0103 romanic\u0103? Nu mai c\u0103uta! Suntem aici pentru a v\u0103 face un tur rapid al gramaticii catalane \u0219i pentru a v\u0103 oferi cuno\u0219tin\u021be de baz\u0103. Haide\u021bi s\u0103 ne scufund\u0103m \u00een aceast\u0103 limb\u0103 fermec\u0103toare \u0219i s\u0103 explor\u0103m modul \u00een care func\u021bioneaz\u0103 la nivel gramatical.<\/p>\n\n\n\n<p>Catalana, vorbit\u0103 de aproximativ 10 milioane de oameni, predominant \u00een Catalonia, <a href=\"https:\/\/talkpal.ai\/locations\/language-courses-in-valencia\/\">Valencia<\/a> \u0219i Insulele Baleare, are un amestec unic de influen\u021be din latin\u0103, <a href=\"https:\/\/talkpal.ai\/learn-spanish\/\">spaniol\u0103<\/a> \u0219i francez\u0103. La fel ca tine \u0219i ca mine, limbile se \u00eembog\u0103\u021besc \u0219i mai mult, \u00eemprumut\u00e2nd nuan\u021be diferite unele de la altele de-a lungul timpului. Ce interesant!<\/p>\n\n\n\n<p><strong>Acum, haide\u021bi s\u0103 \u00eenv\u0103\u021b\u0103m c\u00e2teva aspecte de baz\u0103 ale gramaticii catalane:<\/strong><\/p>\n\n\n\n<h3 class=\"wp-block-heading\" id=\"h-1-nouns-and-gender\">1. Substantive \u0219i gen:<\/h3>\n\n\n\n<p>C\u00e2nt\u0103 cu mine &#8211; &#8222;Fiecare substantiv are puterea! La fel ca \u00een alte limbi romanice, substantivele catalane sunt fie masculine, fie feminine, iar acest &#8222;gen&#8221; afecteaz\u0103 modul \u00een care sunt folosite cu articole \u0219i adjective. Nu v\u0103 face\u021bi griji, totu\u0219i! De cele mai multe ori, substantivele care se termin\u0103 cu &#8222;-a&#8221; sunt feminine, \u00een timp ce cele care se termin\u0103 \u00een &#8222;-o&#8221; (sau alte consoane) sunt masculine. Cu toate acestea, fii atent la excep\u021bii &#8211; le place s\u0103 se furi\u0219eze pe tine!<\/p>\n\n\n\n<h3 class=\"wp-block-heading\" id=\"h-2-articles\">2. Articole:<\/h3>\n\n\n\n<p>Via\u021ba ar fi plictisitoare f\u0103r\u0103 articole, nu-i a\u0219a? C\u00e2nd vine vorba de catalan\u0103, avem articole definite pentru a indica lucruri sau persoane specifice (cum ar fi \u201ec\u00e2inele\u201d sau \u201ecartea\u201d) \u0219i articole indefinite pentru referin\u021be generale (cum ar fi \u201eun c\u00e2ine\u201d sau \u201eo carte\u201d).  <\/p>\n\n\n\n<p>Articolele definite \u00een catalan\u0103 sunt &#8222;el&#8221; pentru substantive la masculin singular, &#8222;la&#8221; pentru substantive la feminin singular, &#8222;els&#8221; pentru substantive la masculin plural \u0219i &#8222;les&#8221; pentru substantive la feminin plural. Pe de alt\u0103 parte, articolele nedefinite sunt &#8222;un&#8221; pentru substantivele masculine la singular \u0219i &#8222;una&#8221; pentru substantivele feminine la singular. La plural, nu exist\u0103 articole nehot\u0103r\u00e2te specifice. U\u0219or-u\u0219or, nu?<\/p>\n\n\n\n<h3 class=\"wp-block-heading\" id=\"h-3-adjectives\">3. Adjective:<\/h3>\n\n\n\n<p>Adjectivele adaug\u0103 arom\u0103 propozi\u021biilor tale prin descrierea substantivelor, iar \u00een catalan\u0103, ele sunt de acord \u00een gen \u0219i num\u0103r cu substantivele <a href=\"https:\/\/talkpal.ai\/culture\/how-do-i-use-pe-care-correctly\/\">pe care<\/a> le modific\u0103. \u00cen majoritatea cazurilor, adjectivele care se termin\u0103 cu &#8222;-o&#8221; sunt masculine, iar cele care se termin\u0103 cu &#8222;-a&#8221; sunt feminine. Pentru a forma pluralul, schimba\u021bi &#8222;-o&#8221; \u00een &#8222;-os&#8221; (masculin) \u0219i &#8222;-a&#8221; \u00een &#8222;-es&#8221; (feminin). Re\u021bine\u021bi c\u0103 unele adjective au o form\u0103 unic\u0103 pentru ambele sexe \u0219i numai marcatorul plural se schimb\u0103. Sun\u0103 distractiv, nu?<\/p>\n\n\n\n<h3 class=\"wp-block-heading\" id=\"h-4-verbs-and-conjugation\">4. Verbe \u0219i conjugare:<\/h3>\n\n\n\n<p>Inima fiec\u0103rei limbi! Verbele \u00een catalan\u0103 sunt clasificate \u00een trei grupe \u00een func\u021bie de termina\u021biile infinitivului: &#8222;-ar&#8221;, &#8222;-er&#8221; \u0219i &#8222;-ir&#8221;. Fiecare grup are modelul s\u0103u distinct de conjugare pentru diferite timpuri, st\u0103ri \u0219i pronume &#8211; la fel ca dansul pe ritmuri diferite. Catalana are, de asemenea, verbe auxiliare (cum ar fi &#8222;to have&#8221; \u0219i &#8222;to be&#8221;) care se combin\u0103 cu alte verbe pentru a crea timpuri compuse \u0219i voce pasiv\u0103. Deci, pune\u021bi-v\u0103 pantofii de dans \u0219i \u00eencepe\u021bi s\u0103 explora\u021bi lumea plin\u0103 de via\u021b\u0103 a verbelor catalane.<\/p>\n\n\n\n<h3 class=\"wp-block-heading\" id=\"h-5-word-order\">5. Ordinea cuvintelor:<\/h3>\n\n\n\n<p>Haide\u021bi s\u0103 punem aceste cuvinte \u00een ordinea corect\u0103! Catalana urmeaz\u0103 de obicei o ordine de cuvinte subiect-verb-obiect (SVO), la fel ca engleza. Cu toate acestea, flexibilitatea \u00een ordinea cuvintelor este permis\u0103 pentru accentuare sau \u00een scopuri stilistice. Adjectivele vin de obicei dup\u0103 substantivul pe care \u00eel descriu, dar s-ar putea s\u0103 le vede\u021bi \u00eenaintea substantivului pentru a sublinia importan\u021ba lor. Aminti\u021bi-v\u0103, practica este perfect\u0103 atunci c\u00e2nd vine vorba de st\u0103p\u00e2nirea ordinii cuvintelor \u00een catalan\u0103.<\/p>\n\n\n\n<h3 class=\"wp-block-heading\" id=\"h-6-pronouns-and-prepositions\">6. Pronume \u0219i prepozi\u021bii:<\/h3>\n\n\n\n<p>Nu \u00een ultimul r\u00e2nd! Catalana are pronume subiect (eu, tu, el, ea etc.) \u0219i pronume obiect (eu, tu, el, ea etc.), care pot suferi modific\u0103ri diferite \u00een func\u021bie de func\u021bia lor \u00eentr-o propozi\u021bie. \u00cen plus, prepozi\u021biile catalane (cum ar fi &#8222;a&#8221;, &#8222;de&#8221;, &#8222;en&#8221;, &#8222;amb&#8221;) v\u0103 ajut\u0103 s\u0103 conecta\u021bi cuvintele \u0219i frazele \u0219i s\u0103 ar\u0103ta\u021bi rela\u021biile dintre ele.<\/p>\n\n\n\n<p>Whew! Acum ave\u021bi cuno\u0219tin\u021bele de baz\u0103 ale gramaticii catalane la \u00eendem\u00e2n\u0103. Continua\u021bi s\u0103 explora\u021bi, s\u0103 pune\u021bi \u00eentreb\u0103ri \u0219i s\u0103 practica\u021bi aceast\u0103 limb\u0103 minunat\u0103. Aminti\u021bi-v\u0103, \u00eenv\u0103\u021barea unei noi limbi este ca \u0219i cum a\u021bi \u00eencepe o c\u0103l\u0103torie interesant\u0103. Vei avea sui\u0219uri \u0219i cobor\u00e2\u0219uri, dar recompensele merit\u0103 efortul. Bon viatge!<\/p>\n<\/div><\/div>\n\r\n<section class=\"learnNavigationSection\">\r\n            \r\n        <a href=\"https:\/\/talkpal.ai\/ro\/invata-catalana\/\">\r\n            <div class=\"learnNavigationWrapper\">\r\n                <div class=\"learnNavigationContent\">\r\n                    <img decoding=\"async\" src=\"https:\/\/talkpal.ai\/wp-content\/uploads\/2024\/08\/Catalan.jpg\" alt=\"Catalan Flag\">\r\n                    <div>\r\n                        <h4>Despre Catalan Learning<\/h4>\r\n                        <p>Afla\u021bi totul despre gramatica catalan\u0103.<\/p>\r\n                    <\/div>\r\n                <\/div>\r\n            <\/div>\r\n        <\/a>\r\n\r\n        \r\n        <a href=\"https:\/\/talkpal.ai\/ro\/exercitii-de-gramatica-catalana\/\">\r\n            <div class=\"learnNavigationWrapper\">\r\n                <div class=\"learnNavigationContent\">\r\n                    <img decoding=\"async\" src=\"https:\/\/talkpal.ai\/wp-content\/uploads\/2024\/08\/Catalan.jpg\" alt=\"Catalan Flag\">\r\n                    <div>\r\n                        <h4>Exerci\u021biu de gramatic\u0103 catalan\u0103<\/h4>\r\n                        <p>Exersa\u021bi gramatica catalan\u0103.<\/p>\r\n                    <\/div>\r\n                <\/div>\r\n            <\/div>\r\n        <\/a>\r\n\r\n        \r\n        <a href=\"https:\/\/talkpal.ai\/vocabulary_language\/catalan\/\">\r\n            <div class=\"learnNavigationWrapper\">\r\n                <div class=\"learnNavigationContent\">\r\n                    <img decoding=\"async\" src=\"https:\/\/talkpal.ai\/wp-content\/uploads\/2024\/08\/Catalan.jpg\" alt=\"Catalan Flag\">\r\n                    <div>\r\n                        <h4>Vocabular catalan<\/h4>\r\n                        <p>Extinde\u021bi-v\u0103 vocabularul catalan.<\/p>\r\n                    <\/div>\r\n                <\/div>\r\n            <\/div>\r\n        <\/a>\r\n\r\n            <\/section>","protected":false},"excerpt":{"rendered":"<p>Gramatica catalan\u0103: un ghid rapid pentru pasiona\u021bii de limbi str\u0103ine Ave\u021bi de g\u00e2nd s\u0103 \u00eenv\u0103\u021ba\u021bi catalana sau doar curio\u0219i despre aceast\u0103 frumoas\u0103 limb\u0103 romanic\u0103? Nu mai c\u0103uta! Suntem aici pentru a v\u0103 face un tur rapid al gramaticii catalane \u0219i pentru a v\u0103 oferi cuno\u0219tin\u021be de baz\u0103. Haide\u021bi s\u0103 ne scufund\u0103m \u00een aceast\u0103 limb\u0103 fermec\u0103toare [&hellip;]<\/p>\n","protected":false},"author":1,"featured_media":142113,"parent":0,"menu_order":0,"comment_status":"closed","ping_status":"closed","template":"LearningContentPage.php","meta":{"_acf_changed":false,"footnotes":""},"class_list":["post-142103","page","type-page","status-publish","has-post-thumbnail","hentry"],"acf":[],"yoast_head":"<!-- This site is optimized with the Yoast SEO Premium plugin v27.2 (Yoast SEO v27.2) - https:\/\/yoast.com\/product\/yoast-seo-premium-wordpress\/ -->\n<title>Gramatica catalan\u0103 - Talkpal<\/title>\n<meta name=\"description\" content=\"Descoperi\u021bi elementele de baz\u0103 ale gramaticii catalane \u0219i \u00eencepe\u021bi ast\u0103zi c\u0103l\u0103toria dumneavoastr\u0103 \u00een aceast\u0103 frumoas\u0103 limb\u0103 romanic\u0103!\" \/>\n<meta name=\"robots\" content=\"index, follow, max-snippet:-1, max-image-preview:large, max-video-preview:-1\" \/>\n<link rel=\"canonical\" href=\"https:\/\/talkpal.ai\/ro\/gramatica-catalana\/\" \/>\n<meta property=\"og:locale\" content=\"ro_RO\" \/>\n<meta property=\"og:type\" content=\"article\" \/>\n<meta property=\"og:title\" content=\"Gramatica catalan\u0103\" \/>\n<meta property=\"og:description\" content=\"Gramatica catalan\u0103: un ghid rapid pentru pasiona\u021bii de limbi str\u0103ine Ave\u021bi de g\u00e2nd s\u0103 \u00eenv\u0103\u021ba\u021bi catalana sau doar curio\u0219i despre aceast\u0103 frumoas\u0103 limb\u0103\" \/>\n<meta property=\"og:url\" content=\"https:\/\/talkpal.ai\/ro\/gramatica-catalana\/\" \/>\n<meta property=\"og:site_name\" content=\"Talkpal\" \/>\n<meta property=\"article:publisher\" content=\"https:\/\/www.facebook.com\/profile.php?id=100090733639311\" \/>\n<meta property=\"article:modified_time\" content=\"2025-05-22T18:35:18+00:00\" \/>\n<meta property=\"og:image\" content=\"https:\/\/talkpal.ai\/wp-content\/uploads\/2023\/08\/Catalan.png\" \/>\n\t<meta property=\"og:image:width\" content=\"479\" \/>\n\t<meta property=\"og:image:height\" content=\"479\" \/>\n\t<meta property=\"og:image:type\" content=\"image\/png\" \/>\n<meta name=\"twitter:card\" content=\"summary_large_image\" \/>\n<meta name=\"twitter:site\" content=\"@talkpalai\" \/>\n<meta name=\"twitter:label1\" content=\"Timp estimat pentru citire\" \/>\n\t<meta name=\"twitter:data1\" content=\"4 minute\" \/>\n<script type=\"application\/ld+json\" class=\"yoast-schema-graph\">{\"@context\":\"https:\/\/schema.org\",\"@graph\":[{\"@type\":\"WebPage\",\"@id\":\"https:\/\/talkpal.ai\/ro\/gramatica-catalana\/\",\"url\":\"https:\/\/talkpal.ai\/ro\/gramatica-catalana\/\",\"name\":\"Gramatica catalan\u0103 - Talkpal\",\"isPartOf\":{\"@id\":\"https:\/\/talkpal.ai\/ro\/#website\"},\"primaryImageOfPage\":{\"@id\":\"https:\/\/talkpal.ai\/ro\/gramatica-catalana\/#primaryimage\"},\"image\":{\"@id\":\"https:\/\/talkpal.ai\/ro\/gramatica-catalana\/#primaryimage\"},\"thumbnailUrl\":\"https:\/\/talkpal.ai\/wp-content\/uploads\/2023\/08\/Catalan.png\",\"datePublished\":\"2023-05-14T14:00:56+00:00\",\"dateModified\":\"2025-05-22T18:35:18+00:00\",\"description\":\"Descoperi\u021bi elementele de baz\u0103 ale gramaticii catalane \u0219i \u00eencepe\u021bi ast\u0103zi c\u0103l\u0103toria dumneavoastr\u0103 \u00een aceast\u0103 frumoas\u0103 limb\u0103 romanic\u0103!\",\"breadcrumb\":{\"@id\":\"https:\/\/talkpal.ai\/ro\/gramatica-catalana\/#breadcrumb\"},\"inLanguage\":\"ro-RO\",\"potentialAction\":[{\"@type\":\"ReadAction\",\"target\":[\"https:\/\/talkpal.ai\/ro\/gramatica-catalana\/\"]}]},{\"@type\":\"ImageObject\",\"inLanguage\":\"ro-RO\",\"@id\":\"https:\/\/talkpal.ai\/ro\/gramatica-catalana\/#primaryimage\",\"url\":\"https:\/\/talkpal.ai\/wp-content\/uploads\/2023\/08\/Catalan.png\",\"contentUrl\":\"https:\/\/talkpal.ai\/wp-content\/uploads\/2023\/08\/Catalan.png\",\"width\":479,\"height\":479},{\"@type\":\"BreadcrumbList\",\"@id\":\"https:\/\/talkpal.ai\/ro\/gramatica-catalana\/#breadcrumb\",\"itemListElement\":[{\"@type\":\"ListItem\",\"position\":1,\"name\":\"Homepage\",\"item\":\"https:\/\/talkpal.ai\/ro\/\"},{\"@type\":\"ListItem\",\"position\":2,\"name\":\"Gramatica catalan\u0103\"}]},{\"@type\":\"WebSite\",\"@id\":\"https:\/\/talkpal.ai\/ro\/#website\",\"url\":\"https:\/\/talkpal.ai\/ro\/\",\"name\":\"Talkpal\",\"description\":\"AI Language Learning\",\"publisher\":{\"@id\":\"https:\/\/talkpal.ai\/ro\/#organization\"},\"alternateName\":\"Talkpal AI\",\"potentialAction\":[{\"@type\":\"SearchAction\",\"target\":{\"@type\":\"EntryPoint\",\"urlTemplate\":\"https:\/\/talkpal.ai\/ro\/?s={search_term_string}\"},\"query-input\":{\"@type\":\"PropertyValueSpecification\",\"valueRequired\":true,\"valueName\":\"search_term_string\"}}],\"inLanguage\":\"ro-RO\"},{\"@type\":\"Organization\",\"@id\":\"https:\/\/talkpal.ai\/ro\/#organization\",\"name\":\"Talkpal, Inc.\",\"alternateName\":\"Talkpal AI\",\"url\":\"https:\/\/talkpal.ai\/ro\/\",\"logo\":{\"@type\":\"ImageObject\",\"inLanguage\":\"ro-RO\",\"@id\":\"https:\/\/talkpal.ai\/ro\/#\/schema\/logo\/image\/\",\"url\":\"https:\/\/talkpal.ai\/wp-content\/uploads\/2024\/03\/Talkpal-Logo-Icon.png\",\"contentUrl\":\"https:\/\/talkpal.ai\/wp-content\/uploads\/2024\/03\/Talkpal-Logo-Icon.png\",\"width\":2880,\"height\":2880,\"caption\":\"Talkpal, Inc.\"},\"image\":{\"@id\":\"https:\/\/talkpal.ai\/ro\/#\/schema\/logo\/image\/\"},\"sameAs\":[\"https:\/\/www.facebook.com\/profile.php?id=100090733639311\",\"https:\/\/x.com\/talkpalai\",\"https:\/\/www.linkedin.com\/company\/talkpal\/\",\"https:\/\/www.youtube.com\/@TalkPal\/\",\"https:\/\/www.tiktok.com\/@talkpal\",\"https:\/\/www.instagram.com\/talkpal_ai\/\",\"https:\/\/www.crunchbase.com\/organization\/talkpal-9cde\",\"https:\/\/www.g2.com\/products\/talkpal-for-business\/\",\"https:\/\/www.trustpilot.com\/review\/talkpal.ai\",\"https:\/\/www.capterra.com\/p\/10006800\/TalkPal\/\"],\"description\":\"Talkpal is a language learning web and mobile education app, powered by the latest AI technologies, that provides engaging experiences to its customers in many different languages to help them improve their language skills. Users can chat about unlimited amount of topics with the app and use other modes to practice their language learning.\",\"email\":\"support@talkpal.ai\",\"legalName\":\"Talkpal, Inc.\",\"foundingDate\":\"2023-04-03\",\"duns\":\"118989042\",\"numberOfEmployees\":{\"@type\":\"QuantitativeValue\",\"minValue\":\"11\",\"maxValue\":\"50\"},\"publishingPrinciples\":\"https:\/\/talkpal.ai\/publishing-principles\/\",\"actionableFeedbackPolicy\":\"https:\/\/talkpal.ai\/actionable-feedback-policy\/\",\"correctionsPolicy\":\"https:\/\/talkpal.ai\/corrections-policy\/\",\"ethicsPolicy\":\"https:\/\/talkpal.ai\/ethics-policy\/\",\"diversityPolicy\":\"https:\/\/talkpal.ai\/diversity-policy\/\",\"diversityStaffingReport\":\"https:\/\/talkpal.ai\/diversity-policy\/\"}]}<\/script>\n<!-- \/ Yoast SEO Premium plugin. -->","yoast_head_json":{"title":"Gramatica catalan\u0103 - Talkpal","description":"Descoperi\u021bi elementele de baz\u0103 ale gramaticii catalane \u0219i \u00eencepe\u021bi ast\u0103zi c\u0103l\u0103toria dumneavoastr\u0103 \u00een aceast\u0103 frumoas\u0103 limb\u0103 romanic\u0103!","robots":{"index":"index","follow":"follow","max-snippet":"max-snippet:-1","max-image-preview":"max-image-preview:large","max-video-preview":"max-video-preview:-1"},"canonical":"https:\/\/talkpal.ai\/ro\/gramatica-catalana\/","og_locale":"ro_RO","og_type":"article","og_title":"Gramatica catalan\u0103","og_description":"Gramatica catalan\u0103: un ghid rapid pentru pasiona\u021bii de limbi str\u0103ine Ave\u021bi de g\u00e2nd s\u0103 \u00eenv\u0103\u021ba\u021bi catalana sau doar curio\u0219i despre aceast\u0103 frumoas\u0103 limb\u0103","og_url":"https:\/\/talkpal.ai\/ro\/gramatica-catalana\/","og_site_name":"Talkpal","article_publisher":"https:\/\/www.facebook.com\/profile.php?id=100090733639311","article_modified_time":"2025-05-22T18:35:18+00:00","og_image":[{"width":479,"height":479,"url":"https:\/\/talkpal.ai\/wp-content\/uploads\/2023\/08\/Catalan.png","type":"image\/png"}],"twitter_card":"summary_large_image","twitter_site":"@talkpalai","twitter_misc":{"Timp estimat pentru citire":"4 minute"},"schema":{"@context":"https:\/\/schema.org","@graph":[{"@type":"WebPage","@id":"https:\/\/talkpal.ai\/ro\/gramatica-catalana\/","url":"https:\/\/talkpal.ai\/ro\/gramatica-catalana\/","name":"Gramatica catalan\u0103 - Talkpal","isPartOf":{"@id":"https:\/\/talkpal.ai\/ro\/#website"},"primaryImageOfPage":{"@id":"https:\/\/talkpal.ai\/ro\/gramatica-catalana\/#primaryimage"},"image":{"@id":"https:\/\/talkpal.ai\/ro\/gramatica-catalana\/#primaryimage"},"thumbnailUrl":"https:\/\/talkpal.ai\/wp-content\/uploads\/2023\/08\/Catalan.png","datePublished":"2023-05-14T14:00:56+00:00","dateModified":"2025-05-22T18:35:18+00:00","description":"Descoperi\u021bi elementele de baz\u0103 ale gramaticii catalane \u0219i \u00eencepe\u021bi ast\u0103zi c\u0103l\u0103toria dumneavoastr\u0103 \u00een aceast\u0103 frumoas\u0103 limb\u0103 romanic\u0103!","breadcrumb":{"@id":"https:\/\/talkpal.ai\/ro\/gramatica-catalana\/#breadcrumb"},"inLanguage":"ro-RO","potentialAction":[{"@type":"ReadAction","target":["https:\/\/talkpal.ai\/ro\/gramatica-catalana\/"]}]},{"@type":"ImageObject","inLanguage":"ro-RO","@id":"https:\/\/talkpal.ai\/ro\/gramatica-catalana\/#primaryimage","url":"https:\/\/talkpal.ai\/wp-content\/uploads\/2023\/08\/Catalan.png","contentUrl":"https:\/\/talkpal.ai\/wp-content\/uploads\/2023\/08\/Catalan.png","width":479,"height":479},{"@type":"BreadcrumbList","@id":"https:\/\/talkpal.ai\/ro\/gramatica-catalana\/#breadcrumb","itemListElement":[{"@type":"ListItem","position":1,"name":"Homepage","item":"https:\/\/talkpal.ai\/ro\/"},{"@type":"ListItem","position":2,"name":"Gramatica catalan\u0103"}]},{"@type":"WebSite","@id":"https:\/\/talkpal.ai\/ro\/#website","url":"https:\/\/talkpal.ai\/ro\/","name":"Talkpal","description":"AI Language Learning","publisher":{"@id":"https:\/\/talkpal.ai\/ro\/#organization"},"alternateName":"Talkpal AI","potentialAction":[{"@type":"SearchAction","target":{"@type":"EntryPoint","urlTemplate":"https:\/\/talkpal.ai\/ro\/?s={search_term_string}"},"query-input":{"@type":"PropertyValueSpecification","valueRequired":true,"valueName":"search_term_string"}}],"inLanguage":"ro-RO"},{"@type":"Organization","@id":"https:\/\/talkpal.ai\/ro\/#organization","name":"Talkpal, Inc.","alternateName":"Talkpal AI","url":"https:\/\/talkpal.ai\/ro\/","logo":{"@type":"ImageObject","inLanguage":"ro-RO","@id":"https:\/\/talkpal.ai\/ro\/#\/schema\/logo\/image\/","url":"https:\/\/talkpal.ai\/wp-content\/uploads\/2024\/03\/Talkpal-Logo-Icon.png","contentUrl":"https:\/\/talkpal.ai\/wp-content\/uploads\/2024\/03\/Talkpal-Logo-Icon.png","width":2880,"height":2880,"caption":"Talkpal, Inc."},"image":{"@id":"https:\/\/talkpal.ai\/ro\/#\/schema\/logo\/image\/"},"sameAs":["https:\/\/www.facebook.com\/profile.php?id=100090733639311","https:\/\/x.com\/talkpalai","https:\/\/www.linkedin.com\/company\/talkpal\/","https:\/\/www.youtube.com\/@TalkPal\/","https:\/\/www.tiktok.com\/@talkpal","https:\/\/www.instagram.com\/talkpal_ai\/","https:\/\/www.crunchbase.com\/organization\/talkpal-9cde","https:\/\/www.g2.com\/products\/talkpal-for-business\/","https:\/\/www.trustpilot.com\/review\/talkpal.ai","https:\/\/www.capterra.com\/p\/10006800\/TalkPal\/"],"description":"Talkpal is a language learning web and mobile education app, powered by the latest AI technologies, that provides engaging experiences to its customers in many different languages to help them improve their language skills. Users can chat about unlimited amount of topics with the app and use other modes to practice their language learning.","email":"support@talkpal.ai","legalName":"Talkpal, Inc.","foundingDate":"2023-04-03","duns":"118989042","numberOfEmployees":{"@type":"QuantitativeValue","minValue":"11","maxValue":"50"},"publishingPrinciples":"https:\/\/talkpal.ai\/publishing-principles\/","actionableFeedbackPolicy":"https:\/\/talkpal.ai\/actionable-feedback-policy\/","correctionsPolicy":"https:\/\/talkpal.ai\/corrections-policy\/","ethicsPolicy":"https:\/\/talkpal.ai\/ethics-policy\/","diversityPolicy":"https:\/\/talkpal.ai\/diversity-policy\/","diversityStaffingReport":"https:\/\/talkpal.ai\/diversity-policy\/"}]}},"_links":{"self":[{"href":"https:\/\/talkpal.ai\/ro\/wp-json\/wp\/v2\/pages\/142103","targetHints":{"allow":["GET"]}}],"collection":[{"href":"https:\/\/talkpal.ai\/ro\/wp-json\/wp\/v2\/pages"}],"about":[{"href":"https:\/\/talkpal.ai\/ro\/wp-json\/wp\/v2\/types\/page"}],"author":[{"embeddable":true,"href":"https:\/\/talkpal.ai\/ro\/wp-json\/wp\/v2\/users\/1"}],"replies":[{"embeddable":true,"href":"https:\/\/talkpal.ai\/ro\/wp-json\/wp\/v2\/comments?post=142103"}],"version-history":[{"count":0,"href":"https:\/\/talkpal.ai\/ro\/wp-json\/wp\/v2\/pages\/142103\/revisions"}],"wp:featuredmedia":[{"embeddable":true,"href":"https:\/\/talkpal.ai\/ro\/wp-json\/wp\/v2\/media\/142113"}],"wp:attachment":[{"href":"https:\/\/talkpal.ai\/ro\/wp-json\/wp\/v2\/media?parent=142103"}],"curies":[{"name":"wp","href":"https:\/\/api.w.org\/{rel}","templated":true}]}}