{"id":1080301,"date":"2025-07-02T00:01:28","date_gmt":"2025-07-02T00:01:28","guid":{"rendered":"https:\/\/talkpal.ai\/grammar\/pronomi-riflessivi-in-gramatica-italiana\/"},"modified":"2025-07-02T00:01:28","modified_gmt":"2025-07-02T00:01:28","slug":"pronomi-riflessivi-in-gramatica-italiana","status":"publish","type":"grammar","link":"https:\/\/talkpal.ai\/ro\/grammar\/pronomi-riflessivi-in-gramatica-italiana\/","title":{"rendered":"Pronomi Riflessivi \u00een gramatica italian\u0103"},"content":{"rendered":"<p>\u00cen procesul de \u00eenv\u0103\u021bare a limbii italiene, st\u0103p\u00e2nirea pronomilor reflexivi reprezint\u0103 un pas esen\u021bial pentru a comunica corect \u0219i natural. Pronomii reflexivi sunt folosi\u021bi frecvent \u00een conversa\u021biile de zi cu zi, iar \u00een\u021belegerea modului lor de utilizare poate face diferen\u021ba \u00eentre un discurs elementar \u0219i unul fluent. De aceea, mul\u021bi <a href=\"https:\/\/talkpal.ai\/talkpal-discount-for-teachers\/\">profesori<\/a> \u0219i cursan\u021bi recomand\u0103 platforme precum <a href=\"https:\/\/talkpal.ai\/ko\/ai-%ec%96%b8%ec%96%b4-%ea%b5%90%ec%82%ac\/\">Talkpal<\/a>, care faciliteaz\u0103 \u00eenv\u0103\u021barea acestor structuri gramaticale \u00eentr-un mod interactiv \u0219i practic. \u00cen acest articol, vom explora \u00een detaliu pronomii reflexivi \u00een <a href=\"https:\/\/talkpal.ai\/italian-grammar\/\">gramatica italian\u0103<\/a>, cum se folosesc, care sunt formele lor, cele mai comune verbe reflexive, gre\u0219elile obi\u0219nuite \u0219i sfaturi pentru a-i \u00eenv\u0103\u021ba eficient.<\/p>\n<h2>Ce sunt pronomii reflexivi \u00een limba italian\u0103?<\/h2>\n<p>Pronomii reflexivi sunt acele pronume care arat\u0103 c\u0103 subiectul realizeaz\u0103 \u0219i, \u00een acela\u0219i timp, prime\u0219te ac\u021biunea verbului. Cu alte cuvinte, ac\u021biunea se \u00eentoarce asupra subiectului. \u00cen <a href=\"https:\/\/talkpal.ai\/learn-italian\/\">italian\u0103<\/a>, ace\u0219ti pronomi sunt utiliza\u021bi \u00eempreun\u0103 cu verbe reflexive, adic\u0103 verbe a c\u0103ror ac\u021biune se reflect\u0103 asupra celui care o execut\u0103.<\/p>\n<h3>Defini\u021bie \u0219i rolul pronomilor reflexivi<\/h3>\n<p>&#8211; Pronomii reflexivi indic\u0103 faptul c\u0103 subiectul efectueaz\u0103 ac\u021biunea asupra propriei persoane.<br \/>\n&#8211; Sunt esen\u021biali pentru formarea timpurilor compuse la verbele reflexive.<br \/>\n&#8211; Se folosesc at\u00e2t la persoanele singular, c\u00e2t \u0219i la plural, adapt\u00e2ndu-se subiectului propozi\u021biei.<\/p>\n<h3>Importan\u021ba pronomilor reflexivi \u00een comunicarea italian\u0103<\/h3>\n<p>&#8211; F\u0103r\u0103 folosirea corect\u0103 a pronomilor reflexivi, multe propozi\u021bii pot p\u0103rea nenaturale sau pot avea un alt \u00een\u021beles.<br \/>\n&#8211; Multe verbe uzuale, precum \u201ealzarsi\u201d (a se ridica), \u201evestirsi\u201d (a se \u00eembr\u0103ca) sau \u201elavarsi\u201d (a se sp\u0103la), necesit\u0103 pronom reflexiv pentru a avea <a href=\"https:\/\/talkpal.ai\/locations\/language-courses-in-sens\/\">sens<\/a> complet.<\/p>\n<h2>Formele pronomilor reflexivi \u00een italian\u0103<\/h2>\n<p>Pronomii reflexivi au forme specifice pentru fiecare persoan\u0103 gramatical\u0103, at\u00e2t la singular, c\u00e2t \u0219i la plural. Este esen\u021bial s\u0103 le \u00eenve\u021bi pentru <a href=\"https:\/\/talkpal.ai\/culture\/how-do-you-use-the-verb-a-putea-can-in-different-tenses\/\">a putea<\/a> folosi corect verbele reflexive.<\/p>\n<h3>Tabel: Pronomii reflexivi italieni<\/h3>\n<table>\n<tr>\n<th>Persoana<\/th>\n<th>Pronume Reflexiv<\/th>\n<th>Exemplu<\/th>\n<th>Traducere<\/th>\n<\/tr>\n<tr>\n<td>eu<\/td>\n<td>mi<\/td>\n<td>Mi lavo<\/td>\n<td>M\u0103 sp\u0103l<\/td>\n<\/tr>\n<tr>\n<td>tu<\/td>\n<td>ti<\/td>\n<td>Ti svegli<\/td>\n<td>Te treze\u0219ti<\/td>\n<\/tr>\n<tr>\n<td>el\/ea<\/td>\n<td>si<\/td>\n<td>Si veste<\/td>\n<td>Se \u00eembrac\u0103<\/td>\n<\/tr>\n<tr>\n<td>noi<\/td>\n<td>ci<\/td>\n<td>Ci laviamo<\/td>\n<td>Ne sp\u0103l\u0103m<\/td>\n<\/tr>\n<tr>\n<td>voi<\/td>\n<td>vi<\/td>\n<td>Vi addormentate<\/td>\n<td>V\u0103 culca\u021bi<\/td>\n<\/tr>\n<tr>\n<td>ei\/ele<\/td>\n<td>si<\/td>\n<td>Si divertono<\/td>\n<td>Se distreaz\u0103<\/td>\n<\/tr>\n<\/table>\n<h3>Cum se folosesc pronomii reflexivi \u00een propozi\u021bii?<\/h3>\n<p>&#8211; Pronomul reflexiv precede \u00eentotdeauna verbul conjugat: <strong>Mi lavo<\/strong> (M\u0103 sp\u0103l).<br \/>\n&#8211; \u00cen cazul infinitivului reflexiv, pronomul se ata\u0219eaz\u0103 la sf\u00e2r\u0219itul verbului: <strong>lavarsi<\/strong> (a se sp\u0103la).<br \/>\n&#8211; \u00cen timpurile compuse, pronomul reflexiv precede auxiliarul \u201eessere\u201d: <strong>Mi sono alzato<\/strong> (M-am trezit).<\/p>\n<h2>Verbe reflexive frecvente \u00een italian\u0103<\/h2>\n<p>Exist\u0103 numeroase verbe reflexive \u00een italian\u0103. Unele dintre ele au doar form\u0103 reflexiv\u0103, \u00een timp ce altele pot fi folosite at\u00e2t reflexiv, c\u00e2t \u0219i nereflectiv, schimb\u00e2ndu-\u0219i sensul.<\/p>\n<h3>Lista celor mai utilizate verbe reflexive:<\/h3>\n<ul>\n<li><strong>alzarsi<\/strong> \u2013 a se ridica<\/li>\n<li><strong>vestirsi<\/strong> \u2013 a se \u00eembr\u0103ca<\/li>\n<li><strong>chiamarsi<\/strong> \u2013 a se numi<\/li>\n<li><strong>svegliarsi<\/strong> \u2013 a se trezi<\/li>\n<li><strong>addormentarsi<\/strong> \u2013 a adormi<\/li>\n<li><strong>lavarsi<\/strong> \u2013 a se sp\u0103la<\/li>\n<li><strong>sentirsi<\/strong> \u2013 a se sim\u021bi<\/li>\n<li><strong>divertirsi<\/strong> \u2013 a se distra<\/li>\n<li><strong>preoccuparsi<\/strong> \u2013 a se \u00eengrijora<\/li>\n<li><strong>innamorarsi<\/strong> \u2013 a se \u00eendr\u0103gosti<\/li>\n<\/ul>\n<h3>Exemple de propozi\u021bii cu verbe reflexive:<\/h3>\n<ul>\n<li><strong>Mi chiamo Luca.<\/strong> (M\u0103 numesc Luca.)<\/li>\n<li><strong>Ci svegliamo la sette.<\/strong> (Ne trezim la ora \u0219apte.)<\/li>\n<li><strong>Si preoccupano pentru examen.<\/strong> (Se \u00eengrijoreaz\u0103 pentru examen.)<\/li>\n<\/ul>\n<h2>Deosebirea \u00eentre verbele reflexive \u0219i cele nereflective<\/h2>\n<p>Multe verbe pot fi folosite at\u00e2t reflexiv, c\u00e2t \u0219i nereflectiv, \u00eens\u0103 sensul se modific\u0103 semnificativ.<\/p>\n<h3>Exemple de diferen\u021biere:<\/h3>\n<ul>\n<li><strong>lavare<\/strong> (a sp\u0103la) vs. <strong>lavarsi<\/strong> (a se sp\u0103la)\n<ul>\n<li>Io lavo la macchina. (Eu sp\u0103l ma\u0219ina.)<\/li>\n<li>Io mi lavo. (Eu m\u0103 sp\u0103l.)<\/li>\n<\/ul>\n<\/li>\n<li><strong>sentire<\/strong> (a auzi\/a sim\u021bi) vs. <strong>sentirsi<\/strong> (a se sim\u021bi)\n<ul>\n<li>Sento un rumore. (Aud un zgomot.)<\/li>\n<li>Mi sento bene. (M\u0103 simt bine.)<\/li>\n<\/ul>\n<\/li>\n<\/ul>\n<h2>Conjugarea verbelor reflexive<\/h2>\n<p>Conjugarea verbelor reflexive presupune ad\u0103ugarea pronumelui reflexiv corespunz\u0103tor \u00eenaintea verbului. \u00cen plus, la timpurile compuse, se folose\u0219te auxiliarul \u201eessere\u201d, nu \u201eavere\u201d, iar participiul trecut se acord\u0103 cu subiectul.<\/p>\n<h3>Exemplu de conjugare: \u201ealzarsi\u201d la indicativ prezent<\/h3>\n<ul>\n<li><strong>io mi alzo<\/strong> \u2013 eu m\u0103 ridic<\/li>\n<li><strong>tu ti alzi<\/strong> \u2013 tu te ridici<\/li>\n<li><strong>lui\/lei si alza<\/strong> \u2013 el\/ea se ridic\u0103<\/li>\n<li><strong>noi ci alziamo<\/strong> \u2013 noi ne ridic\u0103m<\/li>\n<li><strong>voi vi alzate<\/strong> \u2013 voi v\u0103 ridica\u021bi<\/li>\n<li><strong>loro si alzano<\/strong> \u2013 ei\/ele se ridic\u0103<\/li>\n<\/ul>\n<h3>Exemplu la passato prossimo:<\/h3>\n<ul>\n<li><strong>io mi sono alzato\/a<\/strong> \u2013 eu m-am ridicat<\/li>\n<li><strong>tu ti sei alzato\/a<\/strong> \u2013 tu te-ai ridicat<\/li>\n<li><strong>lui\/lei si \u00e8 alzato\/a<\/strong> \u2013 el\/ea s-a ridicat<\/li>\n<li><strong>noi ci siamo alzati\/e<\/strong> \u2013 noi ne-am ridicat<\/li>\n<li><strong>voi vi siete alzati\/e<\/strong> \u2013 voi v-a\u021bi ridicat<\/li>\n<li><strong>loro si sono alzati\/e<\/strong> \u2013 ei\/ele s-au ridicat<\/li>\n<\/ul>\n<h2>Reguli gramaticale importante pentru pronomii reflexivi<\/h2>\n<p>Pentru a folosi corect pronomii reflexivi, trebuie s\u0103 \u021bii cont de anumite reguli gramaticale:<\/p>\n<ul>\n<li>\u00cen construc\u021biile cu infinitiv reflexiv, pronomul se ata\u0219eaz\u0103 la final: <strong>devo alzarmi<\/strong> (trebuie s\u0103 m\u0103 ridic).<\/li>\n<li>La gerunziu, pronomul se ata\u0219eaz\u0103 sau poate fi pus \u00eenaintea verbului auxiliar: <strong>alzandosi<\/strong> sau <strong>si sta alzando<\/strong>.<\/li>\n<li>\u00cen propozi\u021biile negative, pronomul reflexiv precede verbul: <strong>Non mi lavo<\/strong> (Nu m\u0103 sp\u0103l).<\/li>\n<\/ul>\n<h3>Particularit\u0103\u021bi la formele compuse<\/h3>\n<p>&#8211; Participiul trecut la verbele <a href=\"https:\/\/talkpal.ai\/culture\/where-do-i-place-the-reflexive-se-in-a-sentence\/\">reflexive se<\/a> acord\u0103 \u00een gen \u0219i num\u0103r cu subiectul.<br \/>\n&#8211; Exemplu: <strong>Le ragazze si sono vestite<\/strong> (Fetele s-au \u00eembr\u0103cat).<\/p>\n<h2>Gre\u0219eli frecvente \u0219i cum s\u0103 le evi\u021bi<\/h2>\n<p>Mul\u021bi cursan\u021bi fac gre\u0219eli atunci c\u00e2nd folosesc pronomii reflexivi, mai ales la \u00eenceput.<\/p>\n<h3>Gre\u0219eli uzuale:<\/h3>\n<ul>\n<li>Omiterea pronomului reflexiv: *Alzo alle sette. (corect: <strong>Mi alzo alle sette<\/strong>.)<\/li>\n<li>Utilizarea gre\u0219it\u0103 a auxiliarului la timpurile compuse: *Mi ho alzato. (corect: <strong>Mi sono alzato<\/strong>.)<\/li>\n<li>Neacordarea participiului trecut cu subiectul: *Mi sono alzati. (corect: <strong>Mi sono alzato\/a<\/strong>.)<\/li>\n<\/ul>\n<h3>Cum s\u0103 evi\u021bi gre\u0219elile:<\/h3>\n<ul>\n<li>Repet\u0103 \u0219i exerseaz\u0103 conjugarea verbelor reflexive la toate timpurile.<\/li>\n<li>Folose\u0219te resurse online precum Talkpal pentru exerci\u021bii interactive.<\/li>\n<li>\u00cenva\u021b\u0103 \u0219i practic\u0103 propozi\u021bii uzuale cu verbe reflexive.<\/li>\n<\/ul>\n<h2>Pronomii reflexivi \u00een contexte avansate<\/h2>\n<p>Pe m\u0103sur\u0103 ce avansezi \u00een studiul limbii italiene, vei \u00eent\u00e2lni \u0219i alte contexte \u00een care pronomii reflexivi joac\u0103 un rol important:<\/p>\n<ul>\n<li><strong>Verbe reciproce:<\/strong> C\u00e2nd ac\u021biunea este \u00eemp\u0103r\u021bit\u0103 \u00eentre dou\u0103 sau mai multe persoane (ex: <strong>Ci vediamo domani<\/strong> \u2013 Ne vedem m\u00e2ine.)<\/li>\n<li><strong>Forme impersonale reflexive:<\/strong> Se folose\u0219te \u201esi\u201d pentru a face enun\u021buri generale (ex: <strong>Si dice che&#8230;<\/strong> \u2013 Se spune c\u0103&#8230;)<\/li>\n<li><strong>Reflexiv pasiv:<\/strong> \u201eSi\u201d poate fi folosit pentru a exprima pasivul (ex: <strong>Si vendono case<\/strong> \u2013 Se v\u00e2nd case.)<\/li>\n<\/ul>\n<h2>Sfaturi practice pentru a \u00eenv\u0103\u021ba pronomii reflexivi \u00een italian\u0103<\/h2>\n<p>St\u0103p\u00e2nirea pronomilor reflexivi necesit\u0103 practic\u0103 constant\u0103 \u0219i aten\u021bie la detalii.<\/p>\n<h3>Iat\u0103 c\u00e2teva sfaturi eficiente:<\/h3>\n<ul>\n<li>\u00cenva\u021b\u0103 lista celor mai utilizate verbe reflexive \u0219i creeaz\u0103 propozi\u021bii simple cu fiecare.<\/li>\n<li>Exerseaz\u0103 conjugarea verbelor reflexive la toate timpurile.<\/li>\n<li>Ascult\u0103 dialoguri \u0219i urm\u0103re\u0219te filme italiene pentru a observa folosirea natural\u0103 a pronomilor reflexivi.<\/li>\n<li>Folose\u0219te aplica\u021bii interactive precum Talkpal pentru a-\u021bi testa cuno\u0219tin\u021bele \u0219i a primi feedback instant.<\/li>\n<li>Particip\u0103 la conversa\u021bii cu vorbitori nativi sau colegi de curs pentru a exersa \u00een contexte reale.<\/li>\n<li>Noteaz\u0103-\u021bi gre\u0219elile \u0219i revizuie\u0219te-le periodic pentru a le corecta.<\/li>\n<\/ul>\n<h2>Resurse utile pentru aprofundarea pronomilor reflexivi<\/h2>\n<p>Pentru a-\u021bi \u00eembun\u0103t\u0103\u021bi rapid abilit\u0103\u021bile, <a href=\"https:\/\/talkpal.ai\/speaking-with-ai\/\">ai<\/a> la dispozi\u021bie numeroase materiale educa\u021bionale \u0219i platforme online.<\/p>\n<ul>\n<li><strong>Talkpal:<\/strong> Platform\u0103 interactiv\u0103 pentru \u00eenv\u0103\u021barea limbii italiene, cu exerci\u021bii dedicate pentru pronomii reflexivi.<\/li>\n<li><strong>Manuale de gramatic\u0103 italian\u0103:<\/strong> Caut\u0103 capitolele dedicate verbelor \u0219i pronumelor reflexive.<\/li>\n<li><strong>Canale YouTube:<\/strong> Lec\u021bii video explicative cu exemple clare (c\u0103ut\u0103 \u201epronomi riflessivi\u201d sau \u201everbi riflessivi\u201d).<\/li>\n<li><strong>Podcast-uri \u00een italian\u0103:<\/strong> Ascult\u0103 dialoguri \u0219i interviuri pentru a observa utilizarea pronomilor reflexivi \u00een vorbirea natural\u0103.<\/li>\n<\/ul>\n<h2>Concluzie<\/h2>\n<p>Pronomii reflexivi \u00een gramatica italian\u0103 sunt indispensabili pentru a te exprima corect \u0219i fluent. \u00cen\u021belegerea \u0219i aplicarea lor corect\u0103 faciliteaz\u0103 comunicarea \u0219i te ajut\u0103 s\u0103 te apropii de nivelul nativilor italieni. Prin practic\u0103, exersare constant\u0103 \u0219i utilizarea unor instrumente moderne precum Talkpal, vei reu\u0219i s\u0103 st\u0103p\u00e2ne\u0219ti rapid acest aspect gramatical. Nu ezita s\u0103 revii la aceast\u0103 lec\u021bie ori de c\u00e2te ori \u00eent\u00e2mpini dificult\u0103\u021bi \u0219i s\u0103 \u00ee\u021bi consolidezi cuno\u0219tin\u021bele pentru a progresa continuu \u00een \u00eenv\u0103\u021barea limbii italiene.<\/p>\n","protected":false},"featured_media":1527839,"template":"","language":[12456,12464],"class_list":["post-1080301","grammar","type-grammar","status-publish","has-post-thumbnail","hentry","language-italiana","language-pronume-gramatica-italiana"],"acf":[],"yoast_head":"<!-- This site is optimized with the Yoast SEO Premium plugin v27.2 (Yoast SEO v27.2) - https:\/\/yoast.com\/product\/yoast-seo-premium-wordpress\/ -->\n<title>Pronomi Riflessivi \u00een gramatica italian\u0103 - Talkpal<\/title>\n<meta name=\"description\" content=\"\u00cen procesul de \u00eenv\u0103\u021bare a limbii italiene, st\u0103p\u00e2nirea pronomilor reflexivi reprezint\u0103 un pas esen\u021bial pentru a comunica corect \u0219i natural. Pronomii\" \/>\n<meta name=\"robots\" content=\"index, follow, max-snippet:-1, max-image-preview:large, max-video-preview:-1\" \/>\n<link rel=\"canonical\" href=\"https:\/\/talkpal.ai\/ro\/grammar\/pronomi-riflessivi-in-gramatica-italiana\/\" \/>\n<meta property=\"og:locale\" content=\"ro_RO\" \/>\n<meta property=\"og:type\" content=\"article\" \/>\n<meta property=\"og:title\" content=\"Pronomi Riflessivi \u00een gramatica italian\u0103\" \/>\n<meta property=\"og:description\" content=\"\u00cen procesul de \u00eenv\u0103\u021bare a limbii italiene, st\u0103p\u00e2nirea pronomilor reflexivi reprezint\u0103 un pas esen\u021bial pentru a comunica corect \u0219i natural. Pronomii\" \/>\n<meta property=\"og:url\" content=\"https:\/\/talkpal.ai\/ro\/grammar\/pronomi-riflessivi-in-gramatica-italiana\/\" \/>\n<meta property=\"og:site_name\" content=\"Talkpal\" \/>\n<meta property=\"article:publisher\" content=\"https:\/\/www.facebook.com\/profile.php?id=100090733639311\" \/>\n<meta property=\"og:image\" content=\"https:\/\/talkpal.ai\/wp-content\/uploads\/2025\/02\/Progress-tab-16_9.png\" \/>\n\t<meta property=\"og:image:width\" content=\"2880\" \/>\n\t<meta property=\"og:image:height\" content=\"1620\" \/>\n\t<meta property=\"og:image:type\" content=\"image\/png\" \/>\n<meta name=\"twitter:card\" content=\"summary_large_image\" \/>\n<meta name=\"twitter:site\" content=\"@talkpalai\" \/>\n<meta name=\"twitter:label1\" content=\"Timp estimat pentru citire\" \/>\n\t<meta name=\"twitter:data1\" content=\"7 minute\" \/>\n<script type=\"application\/ld+json\" class=\"yoast-schema-graph\">{\"@context\":\"https:\/\/schema.org\",\"@graph\":[{\"@type\":\"WebPage\",\"@id\":\"https:\/\/talkpal.ai\/ro\/grammar\/pronomi-riflessivi-in-gramatica-italiana\/\",\"url\":\"https:\/\/talkpal.ai\/ro\/grammar\/pronomi-riflessivi-in-gramatica-italiana\/\",\"name\":\"Pronomi Riflessivi \u00een gramatica italian\u0103 - Talkpal\",\"isPartOf\":{\"@id\":\"https:\/\/talkpal.ai\/ro\/#website\"},\"primaryImageOfPage\":{\"@id\":\"https:\/\/talkpal.ai\/ro\/grammar\/pronomi-riflessivi-in-gramatica-italiana\/#primaryimage\"},\"image\":{\"@id\":\"https:\/\/talkpal.ai\/ro\/grammar\/pronomi-riflessivi-in-gramatica-italiana\/#primaryimage\"},\"thumbnailUrl\":\"https:\/\/talkpal.ai\/wp-content\/uploads\/2025\/12\/people-open-laptops-to-learn-languages.webp\",\"datePublished\":\"2025-07-02T00:01:28+00:00\",\"description\":\"\u00cen procesul de \u00eenv\u0103\u021bare a limbii italiene, st\u0103p\u00e2nirea pronomilor reflexivi reprezint\u0103 un pas esen\u021bial pentru a comunica corect \u0219i natural. Pronomii\",\"breadcrumb\":{\"@id\":\"https:\/\/talkpal.ai\/ro\/grammar\/pronomi-riflessivi-in-gramatica-italiana\/#breadcrumb\"},\"inLanguage\":\"ro-RO\",\"potentialAction\":[{\"@type\":\"ReadAction\",\"target\":[\"https:\/\/talkpal.ai\/ro\/grammar\/pronomi-riflessivi-in-gramatica-italiana\/\"]}]},{\"@type\":\"ImageObject\",\"inLanguage\":\"ro-RO\",\"@id\":\"https:\/\/talkpal.ai\/ro\/grammar\/pronomi-riflessivi-in-gramatica-italiana\/#primaryimage\",\"url\":\"https:\/\/talkpal.ai\/wp-content\/uploads\/2025\/12\/people-open-laptops-to-learn-languages.webp\",\"contentUrl\":\"https:\/\/talkpal.ai\/wp-content\/uploads\/2025\/12\/people-open-laptops-to-learn-languages.webp\",\"width\":1200,\"height\":896,\"caption\":\"Several people sit at long wooden tables with laptops for learning languages in a brightly lit library room.\"},{\"@type\":\"BreadcrumbList\",\"@id\":\"https:\/\/talkpal.ai\/ro\/grammar\/pronomi-riflessivi-in-gramatica-italiana\/#breadcrumb\",\"itemListElement\":[{\"@type\":\"ListItem\",\"position\":1,\"name\":\"Homepage\",\"item\":\"https:\/\/talkpal.ai\/ro\/\"},{\"@type\":\"ListItem\",\"position\":2,\"name\":\"Pronomi Riflessivi \u00een gramatica italian\u0103\"}]},{\"@type\":\"WebSite\",\"@id\":\"https:\/\/talkpal.ai\/ro\/#website\",\"url\":\"https:\/\/talkpal.ai\/ro\/\",\"name\":\"Talkpal\",\"description\":\"AI Language Learning\",\"publisher\":{\"@id\":\"https:\/\/talkpal.ai\/ro\/#organization\"},\"alternateName\":\"Talkpal AI\",\"potentialAction\":[{\"@type\":\"SearchAction\",\"target\":{\"@type\":\"EntryPoint\",\"urlTemplate\":\"https:\/\/talkpal.ai\/ro\/?s={search_term_string}\"},\"query-input\":{\"@type\":\"PropertyValueSpecification\",\"valueRequired\":true,\"valueName\":\"search_term_string\"}}],\"inLanguage\":\"ro-RO\"},{\"@type\":\"Organization\",\"@id\":\"https:\/\/talkpal.ai\/ro\/#organization\",\"name\":\"Talkpal, Inc.\",\"alternateName\":\"Talkpal AI\",\"url\":\"https:\/\/talkpal.ai\/ro\/\",\"logo\":{\"@type\":\"ImageObject\",\"inLanguage\":\"ro-RO\",\"@id\":\"https:\/\/talkpal.ai\/ro\/#\/schema\/logo\/image\/\",\"url\":\"https:\/\/talkpal.ai\/wp-content\/uploads\/2024\/03\/Talkpal-Logo-Icon.png\",\"contentUrl\":\"https:\/\/talkpal.ai\/wp-content\/uploads\/2024\/03\/Talkpal-Logo-Icon.png\",\"width\":2880,\"height\":2880,\"caption\":\"Talkpal, Inc.\"},\"image\":{\"@id\":\"https:\/\/talkpal.ai\/ro\/#\/schema\/logo\/image\/\"},\"sameAs\":[\"https:\/\/www.facebook.com\/profile.php?id=100090733639311\",\"https:\/\/x.com\/talkpalai\",\"https:\/\/www.linkedin.com\/company\/talkpal\/\",\"https:\/\/www.youtube.com\/@TalkPal\/\",\"https:\/\/www.tiktok.com\/@talkpal\",\"https:\/\/www.instagram.com\/talkpal_ai\/\",\"https:\/\/www.crunchbase.com\/organization\/talkpal-9cde\",\"https:\/\/www.g2.com\/products\/talkpal-for-business\/\",\"https:\/\/www.trustpilot.com\/review\/talkpal.ai\",\"https:\/\/www.capterra.com\/p\/10006800\/TalkPal\/\"],\"description\":\"Talkpal is a language learning web and mobile education app, powered by the latest AI technologies, that provides engaging experiences to its customers in many different languages to help them improve their language skills. Users can chat about unlimited amount of topics with the app and use other modes to practice their language learning.\",\"email\":\"support@talkpal.ai\",\"legalName\":\"Talkpal, Inc.\",\"foundingDate\":\"2023-04-03\",\"duns\":\"118989042\",\"numberOfEmployees\":{\"@type\":\"QuantitativeValue\",\"minValue\":\"11\",\"maxValue\":\"50\"},\"publishingPrinciples\":\"https:\/\/talkpal.ai\/publishing-principles\/\",\"actionableFeedbackPolicy\":\"https:\/\/talkpal.ai\/actionable-feedback-policy\/\",\"correctionsPolicy\":\"https:\/\/talkpal.ai\/corrections-policy\/\",\"ethicsPolicy\":\"https:\/\/talkpal.ai\/ethics-policy\/\",\"diversityPolicy\":\"https:\/\/talkpal.ai\/diversity-policy\/\",\"diversityStaffingReport\":\"https:\/\/talkpal.ai\/diversity-policy\/\"}]}<\/script>\n<!-- \/ Yoast SEO Premium plugin. -->","yoast_head_json":{"title":"Pronomi Riflessivi \u00een gramatica italian\u0103 - Talkpal","description":"\u00cen procesul de \u00eenv\u0103\u021bare a limbii italiene, st\u0103p\u00e2nirea pronomilor reflexivi reprezint\u0103 un pas esen\u021bial pentru a comunica corect \u0219i natural. Pronomii","robots":{"index":"index","follow":"follow","max-snippet":"max-snippet:-1","max-image-preview":"max-image-preview:large","max-video-preview":"max-video-preview:-1"},"canonical":"https:\/\/talkpal.ai\/ro\/grammar\/pronomi-riflessivi-in-gramatica-italiana\/","og_locale":"ro_RO","og_type":"article","og_title":"Pronomi Riflessivi \u00een gramatica italian\u0103","og_description":"\u00cen procesul de \u00eenv\u0103\u021bare a limbii italiene, st\u0103p\u00e2nirea pronomilor reflexivi reprezint\u0103 un pas esen\u021bial pentru a comunica corect \u0219i natural. Pronomii","og_url":"https:\/\/talkpal.ai\/ro\/grammar\/pronomi-riflessivi-in-gramatica-italiana\/","og_site_name":"Talkpal","article_publisher":"https:\/\/www.facebook.com\/profile.php?id=100090733639311","og_image":[{"width":2880,"height":1620,"url":"https:\/\/talkpal.ai\/wp-content\/uploads\/2025\/02\/Progress-tab-16_9.png","type":"image\/png"}],"twitter_card":"summary_large_image","twitter_site":"@talkpalai","twitter_misc":{"Timp estimat pentru citire":"7 minute"},"schema":{"@context":"https:\/\/schema.org","@graph":[{"@type":"WebPage","@id":"https:\/\/talkpal.ai\/ro\/grammar\/pronomi-riflessivi-in-gramatica-italiana\/","url":"https:\/\/talkpal.ai\/ro\/grammar\/pronomi-riflessivi-in-gramatica-italiana\/","name":"Pronomi Riflessivi \u00een gramatica italian\u0103 - Talkpal","isPartOf":{"@id":"https:\/\/talkpal.ai\/ro\/#website"},"primaryImageOfPage":{"@id":"https:\/\/talkpal.ai\/ro\/grammar\/pronomi-riflessivi-in-gramatica-italiana\/#primaryimage"},"image":{"@id":"https:\/\/talkpal.ai\/ro\/grammar\/pronomi-riflessivi-in-gramatica-italiana\/#primaryimage"},"thumbnailUrl":"https:\/\/talkpal.ai\/wp-content\/uploads\/2025\/12\/people-open-laptops-to-learn-languages.webp","datePublished":"2025-07-02T00:01:28+00:00","description":"\u00cen procesul de \u00eenv\u0103\u021bare a limbii italiene, st\u0103p\u00e2nirea pronomilor reflexivi reprezint\u0103 un pas esen\u021bial pentru a comunica corect \u0219i natural. Pronomii","breadcrumb":{"@id":"https:\/\/talkpal.ai\/ro\/grammar\/pronomi-riflessivi-in-gramatica-italiana\/#breadcrumb"},"inLanguage":"ro-RO","potentialAction":[{"@type":"ReadAction","target":["https:\/\/talkpal.ai\/ro\/grammar\/pronomi-riflessivi-in-gramatica-italiana\/"]}]},{"@type":"ImageObject","inLanguage":"ro-RO","@id":"https:\/\/talkpal.ai\/ro\/grammar\/pronomi-riflessivi-in-gramatica-italiana\/#primaryimage","url":"https:\/\/talkpal.ai\/wp-content\/uploads\/2025\/12\/people-open-laptops-to-learn-languages.webp","contentUrl":"https:\/\/talkpal.ai\/wp-content\/uploads\/2025\/12\/people-open-laptops-to-learn-languages.webp","width":1200,"height":896,"caption":"Several people sit at long wooden tables with laptops for learning languages in a brightly lit library room."},{"@type":"BreadcrumbList","@id":"https:\/\/talkpal.ai\/ro\/grammar\/pronomi-riflessivi-in-gramatica-italiana\/#breadcrumb","itemListElement":[{"@type":"ListItem","position":1,"name":"Homepage","item":"https:\/\/talkpal.ai\/ro\/"},{"@type":"ListItem","position":2,"name":"Pronomi Riflessivi \u00een gramatica italian\u0103"}]},{"@type":"WebSite","@id":"https:\/\/talkpal.ai\/ro\/#website","url":"https:\/\/talkpal.ai\/ro\/","name":"Talkpal","description":"AI Language Learning","publisher":{"@id":"https:\/\/talkpal.ai\/ro\/#organization"},"alternateName":"Talkpal AI","potentialAction":[{"@type":"SearchAction","target":{"@type":"EntryPoint","urlTemplate":"https:\/\/talkpal.ai\/ro\/?s={search_term_string}"},"query-input":{"@type":"PropertyValueSpecification","valueRequired":true,"valueName":"search_term_string"}}],"inLanguage":"ro-RO"},{"@type":"Organization","@id":"https:\/\/talkpal.ai\/ro\/#organization","name":"Talkpal, Inc.","alternateName":"Talkpal AI","url":"https:\/\/talkpal.ai\/ro\/","logo":{"@type":"ImageObject","inLanguage":"ro-RO","@id":"https:\/\/talkpal.ai\/ro\/#\/schema\/logo\/image\/","url":"https:\/\/talkpal.ai\/wp-content\/uploads\/2024\/03\/Talkpal-Logo-Icon.png","contentUrl":"https:\/\/talkpal.ai\/wp-content\/uploads\/2024\/03\/Talkpal-Logo-Icon.png","width":2880,"height":2880,"caption":"Talkpal, Inc."},"image":{"@id":"https:\/\/talkpal.ai\/ro\/#\/schema\/logo\/image\/"},"sameAs":["https:\/\/www.facebook.com\/profile.php?id=100090733639311","https:\/\/x.com\/talkpalai","https:\/\/www.linkedin.com\/company\/talkpal\/","https:\/\/www.youtube.com\/@TalkPal\/","https:\/\/www.tiktok.com\/@talkpal","https:\/\/www.instagram.com\/talkpal_ai\/","https:\/\/www.crunchbase.com\/organization\/talkpal-9cde","https:\/\/www.g2.com\/products\/talkpal-for-business\/","https:\/\/www.trustpilot.com\/review\/talkpal.ai","https:\/\/www.capterra.com\/p\/10006800\/TalkPal\/"],"description":"Talkpal is a language learning web and mobile education app, powered by the latest AI technologies, that provides engaging experiences to its customers in many different languages to help them improve their language skills. Users can chat about unlimited amount of topics with the app and use other modes to practice their language learning.","email":"support@talkpal.ai","legalName":"Talkpal, Inc.","foundingDate":"2023-04-03","duns":"118989042","numberOfEmployees":{"@type":"QuantitativeValue","minValue":"11","maxValue":"50"},"publishingPrinciples":"https:\/\/talkpal.ai\/publishing-principles\/","actionableFeedbackPolicy":"https:\/\/talkpal.ai\/actionable-feedback-policy\/","correctionsPolicy":"https:\/\/talkpal.ai\/corrections-policy\/","ethicsPolicy":"https:\/\/talkpal.ai\/ethics-policy\/","diversityPolicy":"https:\/\/talkpal.ai\/diversity-policy\/","diversityStaffingReport":"https:\/\/talkpal.ai\/diversity-policy\/"}]}},"_links":{"self":[{"href":"https:\/\/talkpal.ai\/ro\/wp-json\/wp\/v2\/grammar\/1080301","targetHints":{"allow":["GET"]}}],"collection":[{"href":"https:\/\/talkpal.ai\/ro\/wp-json\/wp\/v2\/grammar"}],"about":[{"href":"https:\/\/talkpal.ai\/ro\/wp-json\/wp\/v2\/types\/grammar"}],"wp:featuredmedia":[{"embeddable":true,"href":"https:\/\/talkpal.ai\/ro\/wp-json\/wp\/v2\/media\/1527839"}],"wp:attachment":[{"href":"https:\/\/talkpal.ai\/ro\/wp-json\/wp\/v2\/media?parent=1080301"}],"wp:term":[{"taxonomy":"language","embeddable":true,"href":"https:\/\/talkpal.ai\/ro\/wp-json\/wp\/v2\/language?post=1080301"}],"curies":[{"name":"wp","href":"https:\/\/api.w.org\/{rel}","templated":true}]}}