{"id":840783,"date":"2024-06-29T04:38:05","date_gmt":"2024-06-29T04:38:05","guid":{"rendered":"https:\/\/talkpal.ai\/vocabulary\/vocabulario-relacionado-ao-tempo-na-lingua-servia\/"},"modified":"2024-06-29T04:38:05","modified_gmt":"2024-06-29T04:38:05","slug":"vocabulario-relacionado-ao-tempo-na-lingua-servia","status":"publish","type":"vocabulary","link":"https:\/\/talkpal.ai\/pt-pt\/vocabulary\/vocabulario-relacionado-ao-tempo-na-lingua-servia\/","title":{"rendered":"Vocabul\u00e1rio relacionado ao tempo na l\u00edngua s\u00e9rvia"},"content":{"rendered":"<p>Aprender um <a href=\"https:\/\/talkpal.ai\/talkpal-new-years-discount\/\">novo<\/a> idioma envolve n\u00e3o apenas a gram\u00e1tica e a conjuga\u00e7\u00e3o dos verbos, mas tamb\u00e9m a aquisi\u00e7\u00e3o de um l\u00e9xico espec\u00edfico, que \u00e9 fundamental para uma comunica\u00e7\u00e3o eficaz. Um dos conjuntos de vocabul\u00e1rio mais importantes e pr\u00e1ticos em qualquer l\u00edngua \u00e9 o relacionado ao tempo. Na l\u00edngua s\u00e9rvia, que pertence ao grupo das l\u00ednguas eslavas, o vocabul\u00e1rio relacionado ao tempo \u00e9 bastante rico e oferece uma diversidade de termos e express\u00f5es que podem ser extremamente \u00fateis para os falantes de <a href=\"https:\/\/talkpal.ai\/es\/clases-de-portugues-de-portugal-para-principiantes-aprende-facil-y-rapido\/\">portugu\u00eas de Portugal<\/a>. Neste artigo, vamos explorar detalhadamente o vocabul\u00e1rio <a href=\"https:\/\/talkpal.ai\/learn-serbian\/\">s\u00e9rvio<\/a> relacionado ao tempo, desde os termos b\u00e1sicos at\u00e9 as express\u00f5es mais complexas.<\/p>\n<h2>Termos B\u00e1sicos de Tempo<\/h2>\n<p>Para come\u00e7ar, \u00e9 essencial conhecer os termos mais b\u00e1sicos que descrevem unidades de tempo. Estes s\u00e3o os blocos de constru\u00e7\u00e3o para qualquer conversa relacionada ao tempo.<\/p>\n<p>&#8211; <b>Tempo<\/b> &#8211; \u0412\u0440\u0435\u043c\u0435 (Vreme)<br \/>\n&#8211; <b>Segundo<\/b> &#8211; \u0421\u0435\u043a\u0443\u043d\u0434\u0430 (Sekunda)<br \/>\n&#8211; <b>Minuto<\/b> &#8211; \u041c\u0438\u043d\u0443\u0442 (Minut)<br \/>\n&#8211; <b>Hora<\/b> &#8211; <a href=\"https:\/\/talkpal.ai\/talkpal-discount-for-test-takers-e-g-toefl-ielts\/\">\u0421\u0430\u0442<\/a> (<a href=\"https:\/\/talkpal.ai\/talkpal-discount-for-test-takers-e-g-toefl-ielts\/\">Sat<\/a>)<br \/>\n&#8211; <b>Dia<\/b> &#8211; \u0414\u0430\u043d (Dan)<br \/>\n&#8211; <b>Semana<\/b> &#8211; \u041d\u0435\u0434\u0435\u0459\u0430 (Nedelja)<br \/>\n&#8211; <b>M\u00eas<\/b> &#8211; \u041c\u0435\u0441\u0435\u0446 (Mesec)<br \/>\n&#8211; <b>Ano<\/b> &#8211; \u0413\u043e\u0434\u0438\u043d\u0430 (Godina)<br \/>\n&#8211; <b>D\u00e9cada<\/b> &#8211; \u0414\u0435\u0446\u0435\u043d\u0438\u0458\u0430 (Decenija)<br \/>\n&#8211; <b>S\u00e9culo<\/b> &#8211; \u0412\u0435\u043a (Vek)<br \/>\n&#8211; <b>Mil\u00e9nio<\/b> &#8211; \u041c\u0438\u043b\u0435\u043d\u0438\u0458\u0443\u043c (Milenijum)<\/p>\n<h2>Partes do Dia<\/h2>\n<p>Outro conjunto de vocabul\u00e1rio essencial envolve as diferentes partes do dia. Estes termos s\u00e3o frequentemente usados em conversas cotidianas.<\/p>\n<p>&#8211; <b>Manh\u00e3<\/b> &#8211; \u0408\u0443\u0442\u0440\u043e (Jutro)<br \/>\n&#8211; <b>Tarde<\/b> &#8211; \u041f\u043e\u043f\u043e\u0434\u043d\u0435 (Popodne)<br \/>\n&#8211; <b>Noite<\/b> &#8211; \u0412\u0435\u0447\u0435 (Ve\u010de)<br \/>\n&#8211; <b>Madrugada<\/b> &#8211; \u0417\u043e\u0440\u0430 (Zora)<\/p>\n<p>Al\u00e9m disso, algumas express\u00f5es comuns incluem:<\/p>\n<p>&#8211; <b>De manh\u00e3<\/b> &#8211; \u0423\u0458\u0443\u0442\u0440\u0443 (Ujutru)<br \/>\n&#8211; <b>\u00c0 tarde<\/b> &#8211; \u041f\u043e\u043f\u043e\u0434\u043d\u0435 (Popodne)<br \/>\n&#8211; <b>\u00c0 noite<\/b> &#8211; \u0423\u0432\u0435\u0447\u0435 (Uve\u010de)<\/p>\n<h2>Dias da Semana<\/h2>\n<p>Os <a href=\"https:\/\/talkpal.ai\/culture\/what-are-the-days-of-the-week-in-portuguese\/\">dias da semana<\/a> s\u00e3o outra categoria de vocabul\u00e1rio que \u00e9 usada frequentemente. Aqui est\u00e3o os <a href=\"https:\/\/talkpal.ai\/culture\/what-are-the-days-of-the-week-in-portuguese\/\">dias da semana<\/a> em s\u00e9rvio:<\/p>\n<p>&#8211; <b>Segunda-feira<\/b> &#8211; \u041f\u043e\u043d\u0435\u0434\u0435\u0459\u0430\u043a (Ponedeljak)<br \/>\n&#8211; <b>Ter\u00e7a-feira<\/b> &#8211; \u0423\u0442\u043e\u0440\u0430\u043a (Utorak)<br \/>\n&#8211; <b>Quarta-feira<\/b> &#8211; \u0421\u0440\u0435\u0434\u0430 (Sreda)<br \/>\n&#8211; <b>Quinta-feira<\/b> &#8211; \u0427\u0435\u0442\u0432\u0440\u0442\u0430\u043a (\u010cetvrtak)<br \/>\n&#8211; <b>Sexta-feira<\/b> &#8211; \u041f\u0435\u0442\u0430\u043a (Petak)<br \/>\n&#8211; <b>S\u00e1bado<\/b> &#8211; \u0421\u0443\u0431\u043e\u0442\u0430 (Subota)<br \/>\n&#8211; <b>Domingo<\/b> &#8211; \u041d\u0435\u0434\u0435\u0459\u0430 (Nedelja)<\/p>\n<h2>Meses do Ano<\/h2>\n<p>Os <a href=\"https:\/\/talkpal.ai\/culture\/what-are-the-months-of-the-year-in-portuguese\/\">meses do ano<\/a> tamb\u00e9m s\u00e3o fundamentais para entender e utilizar o vocabul\u00e1rio relacionado ao tempo. Aqui est\u00e3o os <a href=\"https:\/\/talkpal.ai\/culture\/what-are-the-months-of-the-year-in-portuguese\/\">meses do ano<\/a> em s\u00e9rvio:<\/p>\n<p>&#8211; <b>Janeiro<\/b> &#8211; \u0408\u0430\u043d\u0443\u0430\u0440 (Januar)<br \/>\n&#8211; <b>Fevereiro<\/b> &#8211; \u0424\u0435\u0431\u0440\u0443\u0430\u0440 (Februar)<br \/>\n&#8211; <b>Mar\u00e7o<\/b> &#8211; \u041c\u0430\u0440\u0442 (Mart)<br \/>\n&#8211; <b>Abril<\/b> &#8211; \u0410\u043f\u0440\u0438\u043b (April)<br \/>\n&#8211; <b>Maio<\/b> &#8211; \u041c\u0430\u0458 (Maj)<br \/>\n&#8211; <b>Junho<\/b> &#8211; \u0408\u0443\u043d (Jun)<br \/>\n&#8211; <b>Julho<\/b> &#8211; \u0408\u0443\u043b (Jul)<br \/>\n&#8211; <b>Agosto<\/b> &#8211; \u0410\u0432\u0433\u0443\u0441\u0442 (Avgust)<br \/>\n&#8211; <b>Setembro<\/b> &#8211; \u0421\u0435\u043f\u0442\u0435\u043c\u0431\u0430\u0440 (Septembar)<br \/>\n&#8211; <b>Outubro<\/b> &#8211; \u041e\u043a\u0442\u043e\u0431\u0430\u0440 (Oktobar)<br \/>\n&#8211; <b>Novembro<\/b> &#8211; \u041d\u043e\u0432\u0435\u043c\u0431\u0430\u0440 (Novembar)<br \/>\n&#8211; <b>Dezembro<\/b> &#8211; \u0414\u0435\u0446\u0435\u043c\u0431\u0430\u0440 (Decembar)<\/p>\n<h2>As Esta\u00e7\u00f5es do Ano<\/h2>\n<p>Tamb\u00e9m \u00e9 importante saber como referir-se \u00e0s esta\u00e7\u00f5es do ano em s\u00e9rvio. As esta\u00e7\u00f5es do ano s\u00e3o:<\/p>\n<p>&#8211; <b>Primavera<\/b> &#8211; \u041f\u0440\u043e\u043b\u0435\u045b\u0435 (Prole\u0107e)<br \/>\n&#8211; <b>Ver\u00e3o<\/b> &#8211; \u041b\u0435\u0442\u043e (Leto)<br \/>\n&#8211; <b>Outono<\/b> &#8211; \u0408\u0435\u0441\u0435\u043d (Jesen)<br \/>\n&#8211; <b>Inverno<\/b> &#8211; \u0417\u0438\u043c\u0430 (Zima)<\/p>\n<h2>Express\u00f5es Comuns Relacionadas ao Tempo<\/h2>\n<p>Al\u00e9m dos termos b\u00e1sicos, h\u00e1 v\u00e1rias express\u00f5es comuns que s\u00e3o usadas no dia a dia para falar sobre o tempo. Aqui est\u00e3o algumas das mais \u00fateis:<\/p>\n<p>&#8211; <b>Que horas s\u00e3o?<\/b> &#8211; \u041a\u043e\u043b\u0438\u043a\u043e \u0458\u0435 \u0441\u0430\u0442\u0438? (Koliko je sati?)<br \/>\n&#8211; <b>\u00c9 uma hora<\/b> &#8211; \u0408\u0435\u0434\u0430\u043d \u0458\u0435 \u0441\u0430\u0442 (Jedan je sat)<br \/>\n&#8211; <b>\u00c9 meio-dia<\/b> &#8211; \u041f\u043e\u0434\u043d\u0435 \u0458\u0435 (Podne je)<br \/>\n&#8211; <b>\u00c9 meia-noite<\/b> &#8211; \u041f\u043e\u043d\u043e\u045b \u0458\u0435 (Pono\u0107 je)<br \/>\n&#8211; <b>Agora<\/b> &#8211; \u0421\u0430\u0434\u0430 (Sada)<br \/>\n&#8211; <b>Mais tarde<\/b> &#8211; \u041a\u0430\u0441\u043d\u0438\u0458\u0435 (Kasnije)<br \/>\n&#8211; <b>Mais cedo<\/b> &#8211; \u0420\u0430\u043d\u0438\u0458\u0435 (Ranije)<br \/>\n&#8211; <b>Amanh\u00e3<\/b> &#8211; \u0421\u0443\u0442\u0440\u0430 (Sutra)<br \/>\n&#8211; <b>Ontem<\/b> &#8211; \u0408\u0443\u0447\u0435 (Ju\u010de)<br \/>\n&#8211; <b>Hoje<\/b> &#8211; \u0414\u0430\u043d\u0430\u0441 (Danas)<br \/>\n&#8211; <b>Semana passada<\/b> &#8211; \u041f\u0440\u043e\u0448\u043b\u0435 \u043d\u0435\u0434\u0435\u0459\u0435 (Pro\u0161le nedelje)<br \/>\n&#8211; <b>Semana que vem<\/b> &#8211; \u0421\u043b\u0435\u0434\u0435\u045b\u0435 \u043d\u0435\u0434\u0435\u0459\u0435 (Slede\u0107e nedelje)<br \/>\n&#8211; <b>M\u00eas passado<\/b> &#8211; \u041f\u0440\u043e\u0448\u043b\u043e\u0433 \u043c\u0435\u0441\u0435\u0446\u0430 (Pro\u0161log meseca)<br \/>\n&#8211; <b>M\u00eas que vem<\/b> &#8211; \u0421\u043b\u0435\u0434\u0435\u045b\u0435\u0433 \u043c\u0435\u0441\u0435\u0446\u0430 (Slede\u0107eg meseca)<\/p>\n<h2>Tempos Verbais<\/h2>\n<p>A compreens\u00e3o dos tempos verbais \u00e9 crucial em qualquer idioma, e o s\u00e9rvio n\u00e3o \u00e9 exce\u00e7\u00e3o. Os principais tempos verbais em s\u00e9rvio incluem:<\/p>\n<p>&#8211; <b>Presente<\/b> &#8211; \u0421\u0430\u0434\u0430\u0448\u045a\u0435 \u0432\u0440\u0435\u043c\u0435 (Sada\u0161nje vreme)<br \/>\n&#8211; <b>Passado<\/b> &#8211; \u041f\u0440\u043e\u0448\u043b\u043e \u0432\u0440\u0435\u043c\u0435 (Pro\u0161lo vreme)<br \/>\n&#8211; <b>Futuro<\/b> &#8211; \u0411\u0443\u0434\u0443\u045b\u0435 \u0432\u0440\u0435\u043c\u0435 (Budu\u0107e vreme)<\/p>\n<h3>Exemplos de Conjuga\u00e7\u00e3o no Presente<\/h3>\n<p>Para ilustrar, vejamos a conjuga\u00e7\u00e3o de alguns verbos no presente:<\/p>\n<p>&#8211; <b>Ser<\/b> &#8211; \u0431\u0438\u0442\u0438 (biti)<br \/>\n  &#8211; Eu sou &#8211; \u0408\u0430 \u0441\u0430\u043c (Ja sam)<br \/>\n  &#8211; Tu \u00e9s &#8211; \u0422\u0438 \u0441\u0438 (Ti si)<br \/>\n  &#8211; Ele\/ela \u00e9 &#8211; \u041e\u043d\/\u043e\u043d\u0430 \u0458\u0435 (On\/ona je)<br \/>\n  &#8211; N\u00f3s somos &#8211; \u041c\u0438 \u0441\u043c\u043e (Mi smo)<br \/>\n  &#8211; V\u00f3s sois &#8211; \u0412\u0438 \u0441\u0442\u0435 (Vi ste)<br \/>\n  &#8211; Eles\/elas s\u00e3o &#8211; \u041e\u043d\u0438\/\u043e\u043d\u0435 \u0441\u0443 (Oni\/one su)<\/p>\n<p>&#8211; <b>Ter<\/b> &#8211; \u0438\u043c\u0430\u0442\u0438 (imati)<br \/>\n  &#8211; Eu tenho &#8211; \u0408\u0430 \u0438\u043c\u0430\u043c (Ja imam)<br \/>\n  &#8211; Tu tens &#8211; \u0422\u0438 \u0438\u043c\u0430\u0448 (Ti ima\u0161)<br \/>\n  &#8211; Ele\/ela tem &#8211; \u041e\u043d\/\u043e\u043d\u0430 \u0438\u043c\u0430 (On\/ona ima)<br \/>\n  &#8211; N\u00f3s temos &#8211; \u041c\u0438 \u0438\u043c\u0430\u043c\u043e (Mi imamo)<br \/>\n  &#8211; V\u00f3s tendes &#8211; \u0412\u0438 \u0438\u043c\u0430\u0442\u0435 (Vi imate)<br \/>\n  &#8211; Eles\/elas t\u00eam &#8211; \u041e\u043d\u0438\/\u043e\u043d\u0435 \u0438\u043c\u0430\u0458\u0443 (Oni\/one imaju)<\/p>\n<h3>Exemplos de Conjuga\u00e7\u00e3o no Passado<\/h3>\n<p>Agora, vejamos como esses verbos s\u00e3o conjugados no passado:<\/p>\n<p>&#8211; <b>Ser<\/b> &#8211; \u0431\u0438\u0442\u0438 (biti)<br \/>\n  &#8211; Eu fui &#8211; \u0408\u0430 \u0441\u0430\u043c \u0431\u0438\u043e\/\u0431\u0438\u043b\u0430 (Ja sam bio\/bila)<br \/>\n  &#8211; Tu foste &#8211; \u0422\u0438 \u0441\u0438 \u0431\u0438\u043e\/\u0431\u0438\u043b\u0430 (Ti si bio\/bila)<br \/>\n  &#8211; Ele\/ela foi &#8211; \u041e\u043d\/\u043e\u043d\u0430 \u0458\u0435 \u0431\u0438\u043e\/\u0431\u0438\u043b\u0430 (On\/ona je bio\/bila)<br \/>\n  &#8211; N\u00f3s fomos &#8211; \u041c\u0438 \u0441\u043c\u043e \u0431\u0438\u043b\u0438 (Mi smo bili)<br \/>\n  &#8211; V\u00f3s fostes &#8211; \u0412\u0438 \u0441\u0442\u0435 \u0431\u0438\u043b\u0438 (Vi ste bili)<br \/>\n  &#8211; Eles\/elas foram &#8211; \u041e\u043d\u0438\/\u043e\u043d\u0435 \u0441\u0443 \u0431\u0438\u043b\u0438 (Oni\/one su bili)<\/p>\n<p>&#8211; <b>Ter<\/b> &#8211; \u0438\u043c\u0430\u0442\u0438 (imati)<br \/>\n  &#8211; Eu tive &#8211; \u0408\u0430 \u0441\u0430\u043c \u0438\u043c\u0430\u043e\/\u0438\u043c\u0430\u043b\u0430 (Ja sam imao\/imala)<br \/>\n  &#8211; Tu tiveste &#8211; \u0422\u0438 \u0441\u0438 \u0438\u043c\u0430\u043e\/\u0438\u043c\u0430\u043b\u0430 (Ti si imao\/imala)<br \/>\n  &#8211; Ele\/ela teve &#8211; \u041e\u043d\/\u043e\u043d\u0430 \u0458\u0435 \u0438\u043c\u0430\u043e\/\u0438\u043c\u0430\u043b\u0430 (On\/ona je imao\/imala)<br \/>\n  &#8211; N\u00f3s tivemos &#8211; \u041c\u0438 \u0441\u043c\u043e \u0438\u043c\u0430\u043b\u0438 (Mi smo imali)<br \/>\n  &#8211; V\u00f3s tivestes &#8211; \u0412\u0438 \u0441\u0442\u0435 \u0438\u043c\u0430\u043b\u0438 (Vi ste imali)<br \/>\n  &#8211; Eles\/elas tiveram &#8211; \u041e\u043d\u0438\/\u043e\u043d\u0435 \u0441\u0443 \u0438\u043c\u0430\u043b\u0438 (Oni\/one su imali)<\/p>\n<h3>Exemplos de Conjuga\u00e7\u00e3o no Futuro<\/h3>\n<p>Finalmente, vejamos a conjuga\u00e7\u00e3o no futuro:<\/p>\n<p>&#8211; <b>Ser<\/b> &#8211; \u0431\u0438\u0442\u0438 (biti)<br \/>\n  &#8211; Eu serei &#8211; \u0408\u0430 \u045b\u0443 \u0431\u0438\u0442\u0438 (Ja \u0107u biti)<br \/>\n  &#8211; Tu ser\u00e1s &#8211; \u0422\u0438 \u045b\u0435\u0448 \u0431\u0438\u0442\u0438 (Ti \u0107e\u0161 biti)<br \/>\n  &#8211; Ele\/ela ser\u00e1 &#8211; \u041e\u043d\/\u043e\u043d\u0430 \u045b\u0435 \u0431\u0438\u0442\u0438 (On\/ona \u0107e biti)<br \/>\n  &#8211; N\u00f3s seremos &#8211; \u041c\u0438 \u045b\u0435\u043c\u043e \u0431\u0438\u0442\u0438 (Mi \u0107emo biti)<br \/>\n  &#8211; V\u00f3s sereis &#8211; \u0412\u0438 \u045b\u0435\u0442\u0435 \u0431\u0438\u0442\u0438 (Vi \u0107ete biti)<br \/>\n  &#8211; Eles\/elas ser\u00e3o &#8211; \u041e\u043d\u0438\/\u043e\u043d\u0435 \u045b\u0435 \u0431\u0438\u0442\u0438 (Oni\/one \u0107e biti)<\/p>\n<p>&#8211; <b>Ter<\/b> &#8211; \u0438\u043c\u0430\u0442\u0438 (imati)<br \/>\n  &#8211; Eu terei &#8211; \u0408\u0430 \u045b\u0443 \u0438\u043c\u0430\u0442\u0438 (Ja \u0107u imati)<br \/>\n  &#8211; Tu ter\u00e1s &#8211; \u0422\u0438 \u045b\u0435\u0448 \u0438\u043c\u0430\u0442\u0438 (Ti \u0107e\u0161 imati)<br \/>\n  &#8211; Ele\/ela ter\u00e1 &#8211; \u041e\u043d\/\u043e\u043d\u0430 \u045b\u0435 \u0438\u043c\u0430\u0442\u0438 (On\/ona \u0107e imati)<br \/>\n  &#8211; N\u00f3s teremos &#8211; \u041c\u0438 \u045b\u0435\u043c\u043e \u0438\u043c\u0430\u0442\u0438 (Mi \u0107emo imati)<br \/>\n  &#8211; V\u00f3s tereis &#8211; \u0412\u0438 \u045b\u0435\u0442\u0435 \u0438\u043c\u0430\u0442\u0438 (Vi \u0107ete imati)<br \/>\n  &#8211; Eles\/elas ter\u00e3o &#8211; \u041e\u043d\u0438\/\u043e\u043d\u0435 \u045b\u0435 \u0438\u043c\u0430\u0442\u0438 (Oni\/one \u0107e imati)<\/p>\n<h2>Express\u00f5es Idiom\u00e1ticas Relacionadas ao Tempo<\/h2>\n<p>O s\u00e9rvio, como qualquer outro idioma, possui v\u00e1rias express\u00f5es idiom\u00e1ticas que envolvem o tempo. Estas express\u00f5es s\u00e3o usadas para transmitir significados que v\u00e3o al\u00e9m do literal e s\u00e3o parte integrante da comunica\u00e7\u00e3o fluente.<\/p>\n<p>&#8211; <b>Perder tempo<\/b> &#8211; \u0413\u0443\u0431\u0438\u0442\u0438 \u0432\u0440\u0435\u043c\u0435 (Gubiti vreme)<br \/>\n&#8211; <b>Economizar tempo<\/b> &#8211; \u0423\u0448\u0442\u0435\u0434\u0435\u0442\u0438 \u0432\u0440\u0435\u043c\u0435 (U\u0161tedeti vreme)<br \/>\n&#8211; <b>Tempo \u00e9 dinheiro<\/b> &#8211; \u0412\u0440\u0435\u043c\u0435 \u0458\u0435 \u043d\u043e\u0432\u0430\u0446 (Vreme je novac)<br \/>\n&#8211; <b>Chegar a tempo<\/b> &#8211; \u0421\u0442\u0438\u045b\u0438 \u043d\u0430 \u0432\u0440\u0435\u043c\u0435 (Sti\u0107i na vreme)<br \/>\n&#8211; <b>Estar fora de tempo<\/b> &#8211; \u0411\u0438\u0442\u0438 \u0432\u0430\u043d \u0432\u0440\u0435\u043c\u0435\u043d\u0430 (Biti van vremena)<br \/>\n&#8211; <b>Tempo ao tempo<\/b> &#8211; \u0412\u0440\u0435\u043c\u0435 \u045b\u0435 \u043f\u043e\u043a\u0430\u0437\u0430\u0442\u0438 (Vreme \u0107e pokazati)<\/p>\n<h2>Dicas para Aprender Vocabul\u00e1rio de Tempo em S\u00e9rvio<\/h2>\n<p>Aprender vocabul\u00e1rio relacionado ao tempo pode ser desafiador, mas com as estrat\u00e9gias certas, pode-se fazer progressos significativos.<\/p>\n<h3>Flashcards<\/h3>\n<p>Use flashcards para memorizar os termos e express\u00f5es. Escreva a palavra em s\u00e9rvio de um lado e a tradu\u00e7\u00e3o em portugu\u00eas do outro. Revise regularmente para refor\u00e7ar a mem\u00f3ria.<\/p>\n<h3>Pr\u00e1tica Di\u00e1ria<\/h3>\n<p>Incorpore o vocabul\u00e1rio de tempo na sua rotina di\u00e1ria. Por exemplo, ao planejar seu dia, tente pensar ou dizer as horas e compromissos em s\u00e9rvio.<\/p>\n<h3>Conversa\u00e7\u00e3o<\/h3>\n<p>Pratique conversa\u00e7\u00e3o com falantes nativos ou outros alunos de s\u00e9rvio. Use express\u00f5es relacionadas ao tempo para descrever sua rotina, fazer planos ou relembrar eventos passados.<\/p>\n<h3>Ou\u00e7a e Leia<\/h3>\n<p>Escute m\u00fasicas, assista a filmes e leia livros ou artigos em s\u00e9rvio que utilizem vocabul\u00e1rio relacionado ao tempo. Isso ajudar\u00e1 a contextualizar o uso das palavras e express\u00f5es.<\/p>\n<h3>Anote e Revise<\/h3>\n<p>Mantenha um caderno de anota\u00e7\u00f5es onde voc\u00ea escreve novas palavras e express\u00f5es que aprender. Revise-o regularmente para garantir que o vocabul\u00e1rio esteja solidificado na sua mem\u00f3ria.<\/p>\n<h2>Conclus\u00e3o<\/h2>\n<p>Dominar o vocabul\u00e1rio relacionado ao tempo na l\u00edngua s\u00e9rvia \u00e9 fundamental para qualquer aluno que deseja se comunicar de forma eficaz e natural. Desde termos b\u00e1sicos como os dias da semana e os meses do ano, at\u00e9 express\u00f5es idiom\u00e1ticas e tempos verbais, cada elemento desempenha um papel crucial na constru\u00e7\u00e3o da flu\u00eancia. Com pr\u00e1tica e dedica\u00e7\u00e3o, \u00e9 poss\u00edvel incorporar este vocabul\u00e1rio ao seu repert\u00f3rio lingu\u00edstico de maneira eficaz. Lembre-se de utilizar as dicas fornecidas para maximizar seu aprendizado e, acima de tudo, mantenha-se motivado e curioso. Boa sorte na sua jornada de aprendizagem da l\u00edngua s\u00e9rvia!<\/p>\n","protected":false},"featured_media":1527802,"template":"","vocabulary_language":[4120],"class_list":["post-840783","vocabulary","type-vocabulary","status-publish","has-post-thumbnail","hentry","vocabulary_language-servio"],"acf":[],"yoast_head":"<!-- This site is optimized with the Yoast SEO Premium plugin v27.2 (Yoast SEO v27.2) - https:\/\/yoast.com\/product\/yoast-seo-premium-wordpress\/ -->\n<title>Vocabul\u00e1rio relacionado ao tempo na l\u00edngua s\u00e9rvia - Talkpal<\/title>\n<meta name=\"description\" content=\"Aprender um novo idioma envolve n\u00e3o apenas a gram\u00e1tica e a conjuga\u00e7\u00e3o dos verbos, mas tamb\u00e9m a aquisi\u00e7\u00e3o de um l\u00e9xico espec\u00edfico, que \u00e9 fundamental para\" \/>\n<meta name=\"robots\" content=\"index, follow, max-snippet:-1, max-image-preview:large, max-video-preview:-1\" \/>\n<link rel=\"canonical\" href=\"https:\/\/talkpal.ai\/pt-pt\/vocabulary\/vocabulario-relacionado-ao-tempo-na-lingua-servia\/\" \/>\n<meta property=\"og:locale\" content=\"pt_PT\" \/>\n<meta property=\"og:type\" content=\"article\" \/>\n<meta property=\"og:title\" content=\"Vocabul\u00e1rio relacionado ao tempo na l\u00edngua s\u00e9rvia\" \/>\n<meta property=\"og:description\" content=\"Aprender um novo idioma envolve n\u00e3o apenas a gram\u00e1tica e a conjuga\u00e7\u00e3o dos verbos, mas tamb\u00e9m a aquisi\u00e7\u00e3o de um l\u00e9xico espec\u00edfico, que \u00e9 fundamental para\" \/>\n<meta property=\"og:url\" content=\"https:\/\/talkpal.ai\/pt-pt\/vocabulary\/vocabulario-relacionado-ao-tempo-na-lingua-servia\/\" \/>\n<meta property=\"og:site_name\" content=\"Talkpal\" \/>\n<meta property=\"article:publisher\" content=\"https:\/\/www.facebook.com\/profile.php?id=100090733639311\" \/>\n<meta property=\"og:image\" content=\"https:\/\/talkpal.ai\/wp-content\/uploads\/2024\/10\/talkpal_flat_illustration_of_a_employees_working_together_happi_c674ff77-e477-4e09-835a-01d30e561e99.png\" \/>\n\t<meta property=\"og:image:width\" content=\"1024\" \/>\n\t<meta property=\"og:image:height\" content=\"1024\" \/>\n\t<meta property=\"og:image:type\" content=\"image\/png\" \/>\n<meta name=\"twitter:card\" content=\"summary_large_image\" \/>\n<meta name=\"twitter:site\" content=\"@talkpalai\" \/>\n<meta name=\"twitter:label1\" content=\"Tempo estimado de leitura\" \/>\n\t<meta name=\"twitter:data1\" content=\"7 minutos\" \/>\n<script type=\"application\/ld+json\" class=\"yoast-schema-graph\">{\"@context\":\"https:\/\/schema.org\",\"@graph\":[{\"@type\":\"WebPage\",\"@id\":\"https:\/\/talkpal.ai\/pt-pt\/vocabulary\/vocabulario-relacionado-ao-tempo-na-lingua-servia\/\",\"url\":\"https:\/\/talkpal.ai\/pt-pt\/vocabulary\/vocabulario-relacionado-ao-tempo-na-lingua-servia\/\",\"name\":\"Vocabul\u00e1rio relacionado ao tempo na l\u00edngua s\u00e9rvia - Talkpal\",\"isPartOf\":{\"@id\":\"https:\/\/talkpal.ai\/pt-pt\/#website\"},\"primaryImageOfPage\":{\"@id\":\"https:\/\/talkpal.ai\/pt-pt\/vocabulary\/vocabulario-relacionado-ao-tempo-na-lingua-servia\/#primaryimage\"},\"image\":{\"@id\":\"https:\/\/talkpal.ai\/pt-pt\/vocabulary\/vocabulario-relacionado-ao-tempo-na-lingua-servia\/#primaryimage\"},\"thumbnailUrl\":\"https:\/\/talkpal.ai\/wp-content\/uploads\/2025\/12\/monitor-is-studied-to-learn-languages.webp\",\"datePublished\":\"2024-06-29T04:38:05+00:00\",\"description\":\"Aprender um novo idioma envolve n\u00e3o apenas a gram\u00e1tica e a conjuga\u00e7\u00e3o dos verbos, mas tamb\u00e9m a aquisi\u00e7\u00e3o de um l\u00e9xico espec\u00edfico, que \u00e9 fundamental para\",\"breadcrumb\":{\"@id\":\"https:\/\/talkpal.ai\/pt-pt\/vocabulary\/vocabulario-relacionado-ao-tempo-na-lingua-servia\/#breadcrumb\"},\"inLanguage\":\"pt-PT\",\"potentialAction\":[{\"@type\":\"ReadAction\",\"target\":[\"https:\/\/talkpal.ai\/pt-pt\/vocabulary\/vocabulario-relacionado-ao-tempo-na-lingua-servia\/\"]}]},{\"@type\":\"ImageObject\",\"inLanguage\":\"pt-PT\",\"@id\":\"https:\/\/talkpal.ai\/pt-pt\/vocabulary\/vocabulario-relacionado-ao-tempo-na-lingua-servia\/#primaryimage\",\"url\":\"https:\/\/talkpal.ai\/wp-content\/uploads\/2025\/12\/monitor-is-studied-to-learn-languages.webp\",\"contentUrl\":\"https:\/\/talkpal.ai\/wp-content\/uploads\/2025\/12\/monitor-is-studied-to-learn-languages.webp\",\"width\":1200,\"height\":896,\"caption\":\"Students sit at a large desk using laptops while learning languages in front of a city-view window.\"},{\"@type\":\"BreadcrumbList\",\"@id\":\"https:\/\/talkpal.ai\/pt-pt\/vocabulary\/vocabulario-relacionado-ao-tempo-na-lingua-servia\/#breadcrumb\",\"itemListElement\":[{\"@type\":\"ListItem\",\"position\":1,\"name\":\"Homepage\",\"item\":\"https:\/\/talkpal.ai\/pt-pt\/\"},{\"@type\":\"ListItem\",\"position\":2,\"name\":\"Vocabul\u00e1rio relacionado ao tempo na l\u00edngua s\u00e9rvia\"}]},{\"@type\":\"WebSite\",\"@id\":\"https:\/\/talkpal.ai\/pt-pt\/#website\",\"url\":\"https:\/\/talkpal.ai\/pt-pt\/\",\"name\":\"Talkpal\",\"description\":\"AI Language Learning\",\"publisher\":{\"@id\":\"https:\/\/talkpal.ai\/pt-pt\/#organization\"},\"alternateName\":\"Talkpal AI\",\"potentialAction\":[{\"@type\":\"SearchAction\",\"target\":{\"@type\":\"EntryPoint\",\"urlTemplate\":\"https:\/\/talkpal.ai\/pt-pt\/?s={search_term_string}\"},\"query-input\":{\"@type\":\"PropertyValueSpecification\",\"valueRequired\":true,\"valueName\":\"search_term_string\"}}],\"inLanguage\":\"pt-PT\"},{\"@type\":\"Organization\",\"@id\":\"https:\/\/talkpal.ai\/pt-pt\/#organization\",\"name\":\"Talkpal, Inc.\",\"alternateName\":\"Talkpal AI\",\"url\":\"https:\/\/talkpal.ai\/pt-pt\/\",\"logo\":{\"@type\":\"ImageObject\",\"inLanguage\":\"pt-PT\",\"@id\":\"https:\/\/talkpal.ai\/pt-pt\/#\/schema\/logo\/image\/\",\"url\":\"https:\/\/talkpal.ai\/wp-content\/uploads\/2024\/03\/Talkpal-Logo-Icon.png\",\"contentUrl\":\"https:\/\/talkpal.ai\/wp-content\/uploads\/2024\/03\/Talkpal-Logo-Icon.png\",\"width\":2880,\"height\":2880,\"caption\":\"Talkpal, Inc.\"},\"image\":{\"@id\":\"https:\/\/talkpal.ai\/pt-pt\/#\/schema\/logo\/image\/\"},\"sameAs\":[\"https:\/\/www.facebook.com\/profile.php?id=100090733639311\",\"https:\/\/x.com\/talkpalai\",\"https:\/\/www.linkedin.com\/company\/talkpal\/\",\"https:\/\/www.youtube.com\/@TalkPal\/\",\"https:\/\/www.tiktok.com\/@talkpal\",\"https:\/\/www.instagram.com\/talkpal_ai\/\",\"https:\/\/www.crunchbase.com\/organization\/talkpal-9cde\",\"https:\/\/www.g2.com\/products\/talkpal-for-business\/\",\"https:\/\/www.trustpilot.com\/review\/talkpal.ai\",\"https:\/\/www.capterra.com\/p\/10006800\/TalkPal\/\"],\"description\":\"Talkpal is a language learning web and mobile education app, powered by the latest AI technologies, that provides engaging experiences to its customers in many different languages to help them improve their language skills. Users can chat about unlimited amount of topics with the app and use other modes to practice their language learning.\",\"email\":\"support@talkpal.ai\",\"legalName\":\"Talkpal, Inc.\",\"foundingDate\":\"2023-04-03\",\"duns\":\"118989042\",\"numberOfEmployees\":{\"@type\":\"QuantitativeValue\",\"minValue\":\"11\",\"maxValue\":\"50\"},\"publishingPrinciples\":\"https:\/\/talkpal.ai\/publishing-principles\/\",\"actionableFeedbackPolicy\":\"https:\/\/talkpal.ai\/actionable-feedback-policy\/\",\"correctionsPolicy\":\"https:\/\/talkpal.ai\/corrections-policy\/\",\"ethicsPolicy\":\"https:\/\/talkpal.ai\/ethics-policy\/\",\"diversityPolicy\":\"https:\/\/talkpal.ai\/diversity-policy\/\",\"diversityStaffingReport\":\"https:\/\/talkpal.ai\/diversity-policy\/\"}]}<\/script>\n<!-- \/ Yoast SEO Premium plugin. -->","yoast_head_json":{"title":"Vocabul\u00e1rio relacionado ao tempo na l\u00edngua s\u00e9rvia - Talkpal","description":"Aprender um novo idioma envolve n\u00e3o apenas a gram\u00e1tica e a conjuga\u00e7\u00e3o dos verbos, mas tamb\u00e9m a aquisi\u00e7\u00e3o de um l\u00e9xico espec\u00edfico, que \u00e9 fundamental para","robots":{"index":"index","follow":"follow","max-snippet":"max-snippet:-1","max-image-preview":"max-image-preview:large","max-video-preview":"max-video-preview:-1"},"canonical":"https:\/\/talkpal.ai\/pt-pt\/vocabulary\/vocabulario-relacionado-ao-tempo-na-lingua-servia\/","og_locale":"pt_PT","og_type":"article","og_title":"Vocabul\u00e1rio relacionado ao tempo na l\u00edngua s\u00e9rvia","og_description":"Aprender um novo idioma envolve n\u00e3o apenas a gram\u00e1tica e a conjuga\u00e7\u00e3o dos verbos, mas tamb\u00e9m a aquisi\u00e7\u00e3o de um l\u00e9xico espec\u00edfico, que \u00e9 fundamental para","og_url":"https:\/\/talkpal.ai\/pt-pt\/vocabulary\/vocabulario-relacionado-ao-tempo-na-lingua-servia\/","og_site_name":"Talkpal","article_publisher":"https:\/\/www.facebook.com\/profile.php?id=100090733639311","og_image":[{"width":1024,"height":1024,"url":"https:\/\/talkpal.ai\/wp-content\/uploads\/2024\/10\/talkpal_flat_illustration_of_a_employees_working_together_happi_c674ff77-e477-4e09-835a-01d30e561e99.png","type":"image\/png"}],"twitter_card":"summary_large_image","twitter_site":"@talkpalai","twitter_misc":{"Tempo estimado de leitura":"7 minutos"},"schema":{"@context":"https:\/\/schema.org","@graph":[{"@type":"WebPage","@id":"https:\/\/talkpal.ai\/pt-pt\/vocabulary\/vocabulario-relacionado-ao-tempo-na-lingua-servia\/","url":"https:\/\/talkpal.ai\/pt-pt\/vocabulary\/vocabulario-relacionado-ao-tempo-na-lingua-servia\/","name":"Vocabul\u00e1rio relacionado ao tempo na l\u00edngua s\u00e9rvia - Talkpal","isPartOf":{"@id":"https:\/\/talkpal.ai\/pt-pt\/#website"},"primaryImageOfPage":{"@id":"https:\/\/talkpal.ai\/pt-pt\/vocabulary\/vocabulario-relacionado-ao-tempo-na-lingua-servia\/#primaryimage"},"image":{"@id":"https:\/\/talkpal.ai\/pt-pt\/vocabulary\/vocabulario-relacionado-ao-tempo-na-lingua-servia\/#primaryimage"},"thumbnailUrl":"https:\/\/talkpal.ai\/wp-content\/uploads\/2025\/12\/monitor-is-studied-to-learn-languages.webp","datePublished":"2024-06-29T04:38:05+00:00","description":"Aprender um novo idioma envolve n\u00e3o apenas a gram\u00e1tica e a conjuga\u00e7\u00e3o dos verbos, mas tamb\u00e9m a aquisi\u00e7\u00e3o de um l\u00e9xico espec\u00edfico, que \u00e9 fundamental para","breadcrumb":{"@id":"https:\/\/talkpal.ai\/pt-pt\/vocabulary\/vocabulario-relacionado-ao-tempo-na-lingua-servia\/#breadcrumb"},"inLanguage":"pt-PT","potentialAction":[{"@type":"ReadAction","target":["https:\/\/talkpal.ai\/pt-pt\/vocabulary\/vocabulario-relacionado-ao-tempo-na-lingua-servia\/"]}]},{"@type":"ImageObject","inLanguage":"pt-PT","@id":"https:\/\/talkpal.ai\/pt-pt\/vocabulary\/vocabulario-relacionado-ao-tempo-na-lingua-servia\/#primaryimage","url":"https:\/\/talkpal.ai\/wp-content\/uploads\/2025\/12\/monitor-is-studied-to-learn-languages.webp","contentUrl":"https:\/\/talkpal.ai\/wp-content\/uploads\/2025\/12\/monitor-is-studied-to-learn-languages.webp","width":1200,"height":896,"caption":"Students sit at a large desk using laptops while learning languages in front of a city-view window."},{"@type":"BreadcrumbList","@id":"https:\/\/talkpal.ai\/pt-pt\/vocabulary\/vocabulario-relacionado-ao-tempo-na-lingua-servia\/#breadcrumb","itemListElement":[{"@type":"ListItem","position":1,"name":"Homepage","item":"https:\/\/talkpal.ai\/pt-pt\/"},{"@type":"ListItem","position":2,"name":"Vocabul\u00e1rio relacionado ao tempo na l\u00edngua s\u00e9rvia"}]},{"@type":"WebSite","@id":"https:\/\/talkpal.ai\/pt-pt\/#website","url":"https:\/\/talkpal.ai\/pt-pt\/","name":"Talkpal","description":"AI Language Learning","publisher":{"@id":"https:\/\/talkpal.ai\/pt-pt\/#organization"},"alternateName":"Talkpal AI","potentialAction":[{"@type":"SearchAction","target":{"@type":"EntryPoint","urlTemplate":"https:\/\/talkpal.ai\/pt-pt\/?s={search_term_string}"},"query-input":{"@type":"PropertyValueSpecification","valueRequired":true,"valueName":"search_term_string"}}],"inLanguage":"pt-PT"},{"@type":"Organization","@id":"https:\/\/talkpal.ai\/pt-pt\/#organization","name":"Talkpal, Inc.","alternateName":"Talkpal AI","url":"https:\/\/talkpal.ai\/pt-pt\/","logo":{"@type":"ImageObject","inLanguage":"pt-PT","@id":"https:\/\/talkpal.ai\/pt-pt\/#\/schema\/logo\/image\/","url":"https:\/\/talkpal.ai\/wp-content\/uploads\/2024\/03\/Talkpal-Logo-Icon.png","contentUrl":"https:\/\/talkpal.ai\/wp-content\/uploads\/2024\/03\/Talkpal-Logo-Icon.png","width":2880,"height":2880,"caption":"Talkpal, Inc."},"image":{"@id":"https:\/\/talkpal.ai\/pt-pt\/#\/schema\/logo\/image\/"},"sameAs":["https:\/\/www.facebook.com\/profile.php?id=100090733639311","https:\/\/x.com\/talkpalai","https:\/\/www.linkedin.com\/company\/talkpal\/","https:\/\/www.youtube.com\/@TalkPal\/","https:\/\/www.tiktok.com\/@talkpal","https:\/\/www.instagram.com\/talkpal_ai\/","https:\/\/www.crunchbase.com\/organization\/talkpal-9cde","https:\/\/www.g2.com\/products\/talkpal-for-business\/","https:\/\/www.trustpilot.com\/review\/talkpal.ai","https:\/\/www.capterra.com\/p\/10006800\/TalkPal\/"],"description":"Talkpal is a language learning web and mobile education app, powered by the latest AI technologies, that provides engaging experiences to its customers in many different languages to help them improve their language skills. Users can chat about unlimited amount of topics with the app and use other modes to practice their language learning.","email":"support@talkpal.ai","legalName":"Talkpal, Inc.","foundingDate":"2023-04-03","duns":"118989042","numberOfEmployees":{"@type":"QuantitativeValue","minValue":"11","maxValue":"50"},"publishingPrinciples":"https:\/\/talkpal.ai\/publishing-principles\/","actionableFeedbackPolicy":"https:\/\/talkpal.ai\/actionable-feedback-policy\/","correctionsPolicy":"https:\/\/talkpal.ai\/corrections-policy\/","ethicsPolicy":"https:\/\/talkpal.ai\/ethics-policy\/","diversityPolicy":"https:\/\/talkpal.ai\/diversity-policy\/","diversityStaffingReport":"https:\/\/talkpal.ai\/diversity-policy\/"}]}},"_links":{"self":[{"href":"https:\/\/talkpal.ai\/pt-pt\/wp-json\/wp\/v2\/vocabulary\/840783","targetHints":{"allow":["GET"]}}],"collection":[{"href":"https:\/\/talkpal.ai\/pt-pt\/wp-json\/wp\/v2\/vocabulary"}],"about":[{"href":"https:\/\/talkpal.ai\/pt-pt\/wp-json\/wp\/v2\/types\/vocabulary"}],"wp:featuredmedia":[{"embeddable":true,"href":"https:\/\/talkpal.ai\/pt-pt\/wp-json\/wp\/v2\/media\/1527802"}],"wp:attachment":[{"href":"https:\/\/talkpal.ai\/pt-pt\/wp-json\/wp\/v2\/media?parent=840783"}],"wp:term":[{"taxonomy":"vocabulary_language","embeddable":true,"href":"https:\/\/talkpal.ai\/pt-pt\/wp-json\/wp\/v2\/vocabulary_language?post=840783"}],"curies":[{"name":"wp","href":"https:\/\/api.w.org\/{rel}","templated":true}]}}