{"id":776960,"date":"2024-06-12T14:59:12","date_gmt":"2024-06-12T14:59:12","guid":{"rendered":"https:\/\/talkpal.ai\/vocabulary\/parfait-vs-ualve-perfeito-vs-imperfeito-em-dinamarques\/"},"modified":"2024-06-12T14:59:12","modified_gmt":"2024-06-12T14:59:12","slug":"parfait-vs-ualve-perfeito-vs-imperfeito-em-dinamarques","status":"publish","type":"vocabulary","link":"https:\/\/talkpal.ai\/pt-pt\/vocabulary\/parfait-vs-ualve-perfeito-vs-imperfeito-em-dinamarques\/","title":{"rendered":"Parfait vs. Ualve &#8211; Perfeito vs. Imperfeito em dinamarqu\u00eas"},"content":{"rendered":"<p>O <b>dinamarqu\u00eas<\/b> \u00e9 uma <b>l\u00edngua<\/b> germ\u00e2nica <b>n\u00f3rdica<\/b> que, \u00e0 semelhan\u00e7a do <b>portugu\u00eas<\/b>, possui <b>tempos<\/b> <b>verbais<\/b> que expressam diferentes <b>aspectos<\/b> do <b>passado<\/b>. Entre estes <b>tempos<\/b>, destacam-se o <b>perfeito<\/b> e o <b>imperfeito<\/b>, conhecidos em <b>dinamarqu\u00eas<\/b> <a href=\"https:\/\/talkpal.ai\/locations\/language-courses-in-como\/\">como<\/a> <b>parfait<\/b> e <b>ualve<\/b>. Compreender a <b>diferen\u00e7a<\/b> entre estes <b>tempos<\/b> \u00e9 <b>essencial<\/b> para uma <b>comunica\u00e7\u00e3o<\/b> <b>eficaz<\/b> e <b>precisa<\/b> nesta <b>l\u00edngua<\/b>.<\/p>\n<h2>O <b>Perfeito<\/b> em <b>Dinamarqu\u00eas<\/b><\/h2>\n<p>O <b>perfeito<\/b> em <b>dinamarqu\u00eas<\/b> \u00e9 usado para <b>descrever<\/b> <b>a\u00e7\u00f5es<\/b> que foram <b>completadas<\/b> no <b>passado<\/b> e que t\u00eam <b>relev\u00e2ncia<\/b> no <b>presente<\/b>. Este <b>tempo<\/b> \u00e9 <b>formado<\/b> com o <b>verbo<\/b> auxiliar &#8220;<b>have<\/b>&#8221; (ter) no <b>presente<\/b>, seguido do <b>partic\u00edpio<\/b> <b>passado<\/b> do <b>verbo<\/b> principal. Por <b>exemplo<\/b>:<\/p>\n<p><b>Jeg<\/b> <b>har<\/b> <b>spist<\/b> <b>middag<\/b>. (Eu <b>j\u00e1<\/b> <b>jantei<\/b>.)<\/p>\n<p>Neste <b>exemplo<\/b>, a <b>a\u00e7\u00e3o<\/b> de <b>jantar<\/b> foi <b>completada<\/b> no <b>passado<\/b>, mas tem <b>import\u00e2ncia<\/b> no <b>presente<\/b> (a <b>pessoa<\/b> <b>j\u00e1<\/b> <b>jantou<\/b> e n\u00e3o <b>est\u00e1<\/b> <b>com<\/b> <b>fome<\/b>).<\/p>\n<h3>Uso Comum do <b>Perfeito<\/b><\/h3>\n<p>O <b>perfeito<\/b> \u00e9 <b>frequentemente<\/b> usado em <b>situa\u00e7\u00f5es<\/b> onde se <b>deseja<\/b> <b>destacar<\/b> o <b>efeito<\/b> de uma <b>a\u00e7\u00e3o<\/b> no <b>presente<\/b>. Aqui est\u00e3o alguns <b>exemplos<\/b> adicionais:<\/p>\n<p><b>Han<\/b> <b>har<\/b> <b>l\u00e6st<\/b> <b>bogen<\/b>. (Ele <b>leu<\/b> o <b>livro<\/b>.)<\/p>\n<p><b>Vi<\/b> <b>har<\/b> <b>k\u00f8bt<\/b> en <b>ny<\/b> <b>bil<\/b>. (N\u00f3s <b>compr\u00e1mos<\/b> um <b>carro<\/b> <b>novo<\/b>.)<\/p>\n<p>Nesses <b>casos<\/b>, a <b>a\u00e7\u00e3o<\/b> do <b>passado<\/b> (<b>leu<\/b>, <b>compr\u00e1mos<\/b>) tem um <b>impacto<\/b> no <b>momento<\/b> <b>atual<\/b>.<\/p>\n<h2>O <b>Imperfeito<\/b> em <b>Dinamarqu\u00eas<\/b><\/h2>\n<p>O <b>imperfeito<\/b> em <b>dinamarqu\u00eas<\/b> (ou <b>ualve<\/b>) \u00e9 usado para <b>descrever<\/b> <b>a\u00e7\u00f5es<\/b> que ocorriam de <b>forma<\/b> <b>cont\u00ednua<\/b> ou <b>repetida<\/b> no <b>passado<\/b>. Este <b>tempo<\/b> \u00e9 <b>formado<\/b> pela <b>adi\u00e7\u00e3o<\/b> de <b>sufixos<\/b> espec\u00edficos aos <b>verbos<\/b>. Por <b>exemplo<\/b>:<\/p>\n<p><b>Jeg<\/b> <b>spiste<\/b> <b>middag<\/b> <b>hver<\/b> <b>aften<\/b>. (Eu <b>jantava<\/b> <b>todas<\/b> as <b>noites<\/b>.)<\/p>\n<p>Neste <b>exemplo<\/b>, a <b>a\u00e7\u00e3o<\/b> de <b>jantar<\/b> era <b>repetida<\/b> <b>diariamente<\/b> no <b>passado<\/b>.<\/p>\n<h3>Uso Comum do <b>Imperfeito<\/b><\/h3>\n<p>O <b>imperfeito<\/b> \u00e9 <b>usado<\/b> em <b>situa\u00e7\u00f5es<\/b> onde se <b>deseja<\/b> <b>descrever<\/b> o <b>contexto<\/b> ou <b>h\u00e1bitos<\/b> do <b>passado<\/b>. Aqui est\u00e3o alguns <b>exemplos<\/b> adicionais:<\/p>\n<p><b>Han<\/b> <b>l\u00e6ste<\/b> <b>bogen<\/b> <b>hver<\/b> <b>aften<\/b>. (Ele <b>lia<\/b> o <b>livro<\/b> <b>todas<\/b> as <b>noites<\/b>.)<\/p>\n<p><b>Vi<\/b> <b>k\u00f8bte<\/b> <b>alltid<\/b> en <b>avis<\/b> om <b>morgenen<\/b>. (N\u00f3s <b>compr\u00e1vamos<\/b> <b>sempre<\/b> um <b>jornal<\/b> de <b>manh\u00e3<\/b>.)<\/p>\n<p>Nestes <b>casos<\/b>, a <b>a\u00e7\u00e3o<\/b> de <b>ler<\/b> ou <b>comprar<\/b> era um <b>h\u00e1bito<\/b> ou <b>rotina<\/b> no <b>passado<\/b>.<\/p>\n<h2>Compara\u00e7\u00e3o entre <b>Perfeito<\/b> e <b>Imperfeito<\/b><\/h2>\n<p>A <b>diferen\u00e7a<\/b> <b>principal<\/b> entre o <b>perfeito<\/b> e o <b>imperfeito<\/b> em <b>dinamarqu\u00eas<\/b> <b>reside<\/b> na <b>natureza<\/b> da <b>a\u00e7\u00e3o<\/b> <b>descrita<\/b>. O <b>perfeito<\/b> <b>enfatiza<\/b> a <b>conclus\u00e3o<\/b> e o <b>efeito<\/b> <b>presente<\/b> de uma <b>a\u00e7\u00e3o<\/b> <b>passada<\/b>, enquanto o <b>imperfeito<\/b> <b>enfatiza<\/b> a <b>continuidade<\/b> ou a <b>repeti\u00e7\u00e3o<\/b> da <b>a\u00e7\u00e3o<\/b> no <b>passado<\/b>. Vamos <b>analisar<\/b> alguns <b>exemplos<\/b> para <b>ilustrar<\/b> estas <b>diferen\u00e7as<\/b>:<\/p>\n<p><b>Perfeito<\/b>: <b>Jeg<\/b> <b>har<\/b> <b>spist<\/b> <b>middag<\/b>. (Eu <b>j\u00e1<\/b> <b>jantei<\/b>.)<\/p>\n<p><b>Imperfeito<\/b>: <b>Jeg<\/b> <b>spiste<\/b> <b>middag<\/b> <b>hver<\/b> <b>aften<\/b>. (Eu <b>jantava<\/b> <b>todas<\/b> as <b>noites<\/b>.)<\/p>\n<p>No <b>perfeito<\/b>, a <b>a\u00e7\u00e3o<\/b> de <b>jantar<\/b> \u00e9 <b>vista<\/b> como <b>completa<\/b> e com <b>relev\u00e2ncia<\/b> no <b>presente<\/b>. No <b>imperfeito<\/b>, a <b>a\u00e7\u00e3o<\/b> de <b>jantar<\/b> \u00e9 <b>vista<\/b> como um <b>h\u00e1bito<\/b> no <b>passado<\/b>.<\/p>\n<h3>Contextos de Uso<\/h3>\n<p>O <b>perfeito<\/b> \u00e9 <b>comumente<\/b> <b>utilizado<\/b> em <b>situa\u00e7\u00f5es<\/b> que <b>envolvem<\/b>:<\/p>\n<p>1. <b>A\u00e7\u00f5es<\/b> <b>passadas<\/b> com <b>relev\u00e2ncia<\/b> <b>presente<\/b>: <b>Jeg<\/b> <b>har<\/b> <b>mistet<\/b> <b>mine<\/b> <b>n\u00f8gler<\/b>. (Eu <b>perdi<\/b> as <b>minhas<\/b> <b>chaves<\/b>.)<br \/>\n2. <b>Experi\u00eancias<\/b> <b>passadas<\/b>: <b>Hun<\/b> <b>har<\/b> <b>v\u00e6ret<\/b> i <b>Paris<\/b>. (Ela <b>esteve<\/b> em <b>Paris<\/b>.)<br \/>\n3. <b>A\u00e7\u00f5es<\/b> <b>rec\u00e9m<\/b>&#8211;<b>conclu\u00eddas<\/b>: <b>Vi<\/b> <b>har<\/b> <b>lige<\/b> <b>spist<\/b>. (N\u00f3s <b>acab\u00e1mos<\/b> de <b>comer<\/b>.)<\/p>\n<p>O <b>imperfeito<\/b> \u00e9 <b>comumente<\/b> <b>utilizado<\/b> em <b>situa\u00e7\u00f5es<\/b> que <b>envolvem<\/b>:<\/p>\n<p>1. <b>H\u00e1bitos<\/b> e <b>rotinas<\/b> <b>passadas<\/b>: <b>De<\/b> <b>gik<\/b> <b>altid<\/b> en <b>tur<\/b> om <b>aftenen<\/b>. (Eles <b>sempre<\/b> <b>faziam<\/b> uma <b>caminhada<\/b> \u00e0 <b>noite<\/b>.)<br \/>\n2. <b>Descri\u00e7\u00f5es<\/b> de <b>cen\u00e1rios<\/b> <b>passados<\/b>: <b>Det<\/b> <b>var<\/b> en <b>gang<\/b> en <b>stor<\/b> <b>skov<\/b>. (Era uma <b>vez<\/b> uma <b>grande<\/b> <b>floresta<\/b>.)<br \/>\n3. <b>A\u00e7\u00f5es<\/b> <b>interrompidas<\/b>: <b>Jeg<\/b> <b>l\u00e6ste<\/b> en <b>bog<\/b>, da <b>hun<\/b> <b>kom<\/b> ind. (Eu <b>estava<\/b> a <b>ler<\/b> um <b>livro<\/b> quando ela <b>entrou<\/b>.)<\/p>\n<h2>Forma\u00e7\u00e3o dos <b>Tempos<\/b> <b>Verbais<\/b><\/h2>\n<p>A <b>forma\u00e7\u00e3o<\/b> dos <b>tempos<\/b> <b>verbais<\/b> em <b>dinamarqu\u00eas<\/b> <b>segue<\/b> <b>regras<\/b> <b>espec\u00edficas<\/b>. Para o <b>perfeito<\/b>, a <b>estrutura<\/b> \u00e9:<\/p>\n<p><b>Sujeito<\/b> + <b>have<\/b> (conjugado) + <b>partic\u00edpio<\/b> <b>passado<\/b><\/p>\n<p>Para o <b>imperfeito<\/b>, a <b>estrutura<\/b> \u00e9:<\/p>\n<p><b>Sujeito<\/b> + <b>verbo<\/b> (conjugado no <b>imperfeito<\/b>)<\/p>\n<p>Vamos <b>analisar<\/b> a <b>forma\u00e7\u00e3o<\/b> com alguns <b>verbos<\/b> comuns:<\/p>\n<p><b>Perfeito<\/b>:<\/p>\n<p><b>Jeg<\/b> <b>har<\/b> <b>spist<\/b> (Eu <b>comi<\/b>)<br \/>\n<b>Du<\/b> <b>har<\/b> <b>l\u00f8bet<\/b> (Tu <b>correste<\/b>)<br \/>\n<b>Han<\/b>\/ <b>Hun<\/b> <b>har<\/b> <b>skrevet<\/b> (Ele\/ Ela <b>escreveu<\/b>)<br \/>\n<b>Vi<\/b> <b>har<\/b> <b>k\u00f8bt<\/b> (N\u00f3s <b>compr\u00e1mos<\/b>)<br \/>\n<b>I<\/b> <b>har<\/b> <b>l\u00e6st<\/b> (V\u00f3s <b>lesteis<\/b>)<br \/>\n<b>De<\/b> <b>har<\/b> <b>set<\/b> (Eles <b>viram<\/b>)<\/p>\n<p><b>Imperfeito<\/b>:<\/p>\n<p><b>Jeg<\/b> <b>spiste<\/b> (Eu <b>comia<\/b>)<br \/>\n<b>Du<\/b> <b>l\u00f8b<\/b> (Tu <b>corrias<\/b>)<br \/>\n<b>Han<\/b>\/ <b>Hun<\/b> <b>skrev<\/b> (Ele\/ Ela <b>escrevia<\/b>)<br \/>\n<b>Vi<\/b> <b>k\u00f8bte<\/b> (N\u00f3s <b>compr\u00e1vamos<\/b>)<br \/>\n<b>I<\/b> <b>l\u00e6ste<\/b> (V\u00f3s <b>l\u00edamos<\/b>)<br \/>\n<b>De<\/b> <b>s\u00e5<\/b> (Eles <b>viam<\/b>)<\/p>\n<h2>Erros Comuns<\/h2>\n<p>Ao <b>aprender<\/b> a <b>usar<\/b> o <b>perfeito<\/b> e o <b>imperfeito<\/b> em <b>dinamarqu\u00eas<\/b>, \u00e9 <b>comum<\/b> que os <b>estudantes<\/b> <b>cometam<\/b> alguns <b>erros<\/b>. Aqui est\u00e3o alguns dos <b>erros<\/b> mais <b>frequentes<\/b> e como <b>corrigi-los<\/b>:<\/p>\n<p>1. <b>Usar<\/b> o <b>imperfeito<\/b> em vez do <b>perfeito<\/b> para <b>a\u00e7\u00f5es<\/b> <b>completadas<\/b> com <b>relev\u00e2ncia<\/b> no <b>presente<\/b>:<br \/>\n   &#8211; <b>Errado<\/b>: <b>Jeg<\/b> <b>spiste<\/b> <b>middag<\/b>. (Eu <b>comia<\/b> <b>jantar<\/b>.)<br \/>\n   &#8211; <b>Certo<\/b>: <b>Jeg<\/b> <b>har<\/b> <b>spist<\/b> <b>middag<\/b>. (Eu <b>j\u00e1<\/b> <b>jantei<\/b>.)<\/p>\n<p>2. <b>Usar<\/b> o <b>perfeito<\/b> em vez do <b>imperfeito<\/b> para <b>h\u00e1bitos<\/b> ou <b>a\u00e7\u00f5es<\/b> <b>repetidas<\/b> no <b>passado<\/b>:<br \/>\n   &#8211; <b>Errado<\/b>: <b>Jeg<\/b> <b>har<\/b> <b>spist<\/b> <b>middag<\/b> <b>hver<\/b> <b>aften<\/b>. (Eu <b>j\u00e1<\/b> <b>jantei<\/b> <b>todas<\/b> as <b>noites<\/b>.)<br \/>\n   &#8211; <b>Certo<\/b>: <b>Jeg<\/b> <b>spiste<\/b> <b>middag<\/b> <b>hver<\/b> <b>aften<\/b>. (Eu <b>jantava<\/b> <b>todas<\/b> as <b>noites<\/b>.)<\/p>\n<p>3. <b>Esquecer<\/b> de <b>conjugar<\/b> o <b>verbo<\/b> auxiliar &#8220;<b>have<\/b>&#8221; no <b>perfeito<\/b>:<br \/>\n   &#8211; <b>Errado<\/b>: <b>Jeg<\/b> <b>have<\/b> <b>spist<\/b>. (Eu <b>ter<\/b> <b>comido<\/b>.)<br \/>\n   &#8211; <b>Certo<\/b>: <b>Jeg<\/b> <b>har<\/b> <b>spist<\/b>. (Eu <b>j\u00e1<\/b> <b>comi<\/b>.)<\/p>\n<h2>Pr\u00e1tica e Aplica\u00e7\u00e3o<\/h2>\n<p>A <b>pr\u00e1tica<\/b> \u00e9 <b>essencial<\/b> para <b>dominar<\/b> o <b>uso<\/b> correto do <b>perfeito<\/b> e do <b>imperfeito<\/b> em <b>dinamarqu\u00eas<\/b>. Aqui est\u00e3o algumas <b>dicas<\/b> e <b>atividades<\/b> para <b>ajudar<\/b> na <b>pr\u00e1tica<\/b>:<\/p>\n<p>1. <b>Leitura<\/b> e <b>an\u00e1lise<\/b>: <b>Leia<\/b> <b>textos<\/b> em <b>dinamarqu\u00eas<\/b> e <b>identifique<\/b> os <b>tempos<\/b> <b>verbais<\/b> <b>utilizados<\/b>. &lt;b<\/p>\n","protected":false},"featured_media":1528009,"template":"","vocabulary_language":[4098],"class_list":["post-776960","vocabulary","type-vocabulary","status-publish","has-post-thumbnail","hentry","vocabulary_language-dinamarques"],"acf":[],"yoast_head":"<!-- This site is optimized with the Yoast SEO Premium plugin v27.2 (Yoast SEO v27.2) - https:\/\/yoast.com\/product\/yoast-seo-premium-wordpress\/ -->\n<title>Parfait vs. Ualve - Perfeito vs. Imperfeito em dinamarqu\u00eas - Talkpal<\/title>\n<meta name=\"description\" content=\"O dinamarqu\u00eas \u00e9 uma l\u00edngua germ\u00e2nica n\u00f3rdica que, \u00e0 semelhan\u00e7a do portugu\u00eas, possui tempos verbais que expressam diferentes aspectos do passado. Entre\" \/>\n<meta name=\"robots\" content=\"index, follow, max-snippet:-1, max-image-preview:large, max-video-preview:-1\" \/>\n<link rel=\"canonical\" href=\"https:\/\/talkpal.ai\/pt-pt\/vocabulary\/parfait-vs-ualve-perfeito-vs-imperfeito-em-dinamarques\/\" \/>\n<meta property=\"og:locale\" content=\"pt_PT\" \/>\n<meta property=\"og:type\" content=\"article\" \/>\n<meta property=\"og:title\" content=\"Parfait vs. Ualve - Perfeito vs. Imperfeito em dinamarqu\u00eas\" \/>\n<meta property=\"og:description\" content=\"O dinamarqu\u00eas \u00e9 uma l\u00edngua germ\u00e2nica n\u00f3rdica que, \u00e0 semelhan\u00e7a do portugu\u00eas, possui tempos verbais que expressam diferentes aspectos do passado. Entre\" \/>\n<meta property=\"og:url\" content=\"https:\/\/talkpal.ai\/pt-pt\/vocabulary\/parfait-vs-ualve-perfeito-vs-imperfeito-em-dinamarques\/\" \/>\n<meta property=\"og:site_name\" content=\"Talkpal\" \/>\n<meta property=\"article:publisher\" content=\"https:\/\/www.facebook.com\/profile.php?id=100090733639311\" \/>\n<meta property=\"og:image\" content=\"https:\/\/talkpal.ai\/wp-content\/uploads\/2024\/10\/talkpal_flat_illustration_of_a_employees_working_together_happi_c674ff77-e477-4e09-835a-01d30e561e99.png\" \/>\n\t<meta property=\"og:image:width\" content=\"1024\" \/>\n\t<meta property=\"og:image:height\" content=\"1024\" \/>\n\t<meta property=\"og:image:type\" content=\"image\/png\" \/>\n<meta name=\"twitter:card\" content=\"summary_large_image\" \/>\n<meta name=\"twitter:site\" content=\"@talkpalai\" \/>\n<meta name=\"twitter:label1\" content=\"Tempo estimado de leitura\" \/>\n\t<meta name=\"twitter:data1\" content=\"4 minutos\" \/>\n<script type=\"application\/ld+json\" class=\"yoast-schema-graph\">{\"@context\":\"https:\/\/schema.org\",\"@graph\":[{\"@type\":\"WebPage\",\"@id\":\"https:\/\/talkpal.ai\/pt-pt\/vocabulary\/parfait-vs-ualve-perfeito-vs-imperfeito-em-dinamarques\/\",\"url\":\"https:\/\/talkpal.ai\/pt-pt\/vocabulary\/parfait-vs-ualve-perfeito-vs-imperfeito-em-dinamarques\/\",\"name\":\"Parfait vs. Ualve - Perfeito vs. Imperfeito em dinamarqu\u00eas - Talkpal\",\"isPartOf\":{\"@id\":\"https:\/\/talkpal.ai\/pt-pt\/#website\"},\"primaryImageOfPage\":{\"@id\":\"https:\/\/talkpal.ai\/pt-pt\/vocabulary\/parfait-vs-ualve-perfeito-vs-imperfeito-em-dinamarques\/#primaryimage\"},\"image\":{\"@id\":\"https:\/\/talkpal.ai\/pt-pt\/vocabulary\/parfait-vs-ualve-perfeito-vs-imperfeito-em-dinamarques\/#primaryimage\"},\"thumbnailUrl\":\"https:\/\/talkpal.ai\/wp-content\/uploads\/2025\/12\/study-lamps-are-lit-learning-languages.webp\",\"datePublished\":\"2024-06-12T14:59:12+00:00\",\"description\":\"O dinamarqu\u00eas \u00e9 uma l\u00edngua germ\u00e2nica n\u00f3rdica que, \u00e0 semelhan\u00e7a do portugu\u00eas, possui tempos verbais que expressam diferentes aspectos do passado. Entre\",\"breadcrumb\":{\"@id\":\"https:\/\/talkpal.ai\/pt-pt\/vocabulary\/parfait-vs-ualve-perfeito-vs-imperfeito-em-dinamarques\/#breadcrumb\"},\"inLanguage\":\"pt-PT\",\"potentialAction\":[{\"@type\":\"ReadAction\",\"target\":[\"https:\/\/talkpal.ai\/pt-pt\/vocabulary\/parfait-vs-ualve-perfeito-vs-imperfeito-em-dinamarques\/\"]}]},{\"@type\":\"ImageObject\",\"inLanguage\":\"pt-PT\",\"@id\":\"https:\/\/talkpal.ai\/pt-pt\/vocabulary\/parfait-vs-ualve-perfeito-vs-imperfeito-em-dinamarques\/#primaryimage\",\"url\":\"https:\/\/talkpal.ai\/wp-content\/uploads\/2025\/12\/study-lamps-are-lit-learning-languages.webp\",\"contentUrl\":\"https:\/\/talkpal.ai\/wp-content\/uploads\/2025\/12\/study-lamps-are-lit-learning-languages.webp\",\"width\":1200,\"height\":896,\"caption\":\"Warm study lamps are lit while three students work at a laptop for learning languages.\"},{\"@type\":\"BreadcrumbList\",\"@id\":\"https:\/\/talkpal.ai\/pt-pt\/vocabulary\/parfait-vs-ualve-perfeito-vs-imperfeito-em-dinamarques\/#breadcrumb\",\"itemListElement\":[{\"@type\":\"ListItem\",\"position\":1,\"name\":\"Homepage\",\"item\":\"https:\/\/talkpal.ai\/pt-pt\/\"},{\"@type\":\"ListItem\",\"position\":2,\"name\":\"Parfait vs. Ualve &#8211; Perfeito vs. Imperfeito em dinamarqu\u00eas\"}]},{\"@type\":\"WebSite\",\"@id\":\"https:\/\/talkpal.ai\/pt-pt\/#website\",\"url\":\"https:\/\/talkpal.ai\/pt-pt\/\",\"name\":\"Talkpal\",\"description\":\"AI Language Learning\",\"publisher\":{\"@id\":\"https:\/\/talkpal.ai\/pt-pt\/#organization\"},\"alternateName\":\"Talkpal AI\",\"potentialAction\":[{\"@type\":\"SearchAction\",\"target\":{\"@type\":\"EntryPoint\",\"urlTemplate\":\"https:\/\/talkpal.ai\/pt-pt\/?s={search_term_string}\"},\"query-input\":{\"@type\":\"PropertyValueSpecification\",\"valueRequired\":true,\"valueName\":\"search_term_string\"}}],\"inLanguage\":\"pt-PT\"},{\"@type\":\"Organization\",\"@id\":\"https:\/\/talkpal.ai\/pt-pt\/#organization\",\"name\":\"Talkpal, Inc.\",\"alternateName\":\"Talkpal AI\",\"url\":\"https:\/\/talkpal.ai\/pt-pt\/\",\"logo\":{\"@type\":\"ImageObject\",\"inLanguage\":\"pt-PT\",\"@id\":\"https:\/\/talkpal.ai\/pt-pt\/#\/schema\/logo\/image\/\",\"url\":\"https:\/\/talkpal.ai\/wp-content\/uploads\/2024\/03\/Talkpal-Logo-Icon.png\",\"contentUrl\":\"https:\/\/talkpal.ai\/wp-content\/uploads\/2024\/03\/Talkpal-Logo-Icon.png\",\"width\":2880,\"height\":2880,\"caption\":\"Talkpal, Inc.\"},\"image\":{\"@id\":\"https:\/\/talkpal.ai\/pt-pt\/#\/schema\/logo\/image\/\"},\"sameAs\":[\"https:\/\/www.facebook.com\/profile.php?id=100090733639311\",\"https:\/\/x.com\/talkpalai\",\"https:\/\/www.linkedin.com\/company\/talkpal\/\",\"https:\/\/www.youtube.com\/@TalkPal\/\",\"https:\/\/www.tiktok.com\/@talkpal\",\"https:\/\/www.instagram.com\/talkpal_ai\/\",\"https:\/\/www.crunchbase.com\/organization\/talkpal-9cde\",\"https:\/\/www.g2.com\/products\/talkpal-for-business\/\",\"https:\/\/www.trustpilot.com\/review\/talkpal.ai\",\"https:\/\/www.capterra.com\/p\/10006800\/TalkPal\/\"],\"description\":\"Talkpal is a language learning web and mobile education app, powered by the latest AI technologies, that provides engaging experiences to its customers in many different languages to help them improve their language skills. Users can chat about unlimited amount of topics with the app and use other modes to practice their language learning.\",\"email\":\"support@talkpal.ai\",\"legalName\":\"Talkpal, Inc.\",\"foundingDate\":\"2023-04-03\",\"duns\":\"118989042\",\"numberOfEmployees\":{\"@type\":\"QuantitativeValue\",\"minValue\":\"11\",\"maxValue\":\"50\"},\"publishingPrinciples\":\"https:\/\/talkpal.ai\/publishing-principles\/\",\"actionableFeedbackPolicy\":\"https:\/\/talkpal.ai\/actionable-feedback-policy\/\",\"correctionsPolicy\":\"https:\/\/talkpal.ai\/corrections-policy\/\",\"ethicsPolicy\":\"https:\/\/talkpal.ai\/ethics-policy\/\",\"diversityPolicy\":\"https:\/\/talkpal.ai\/diversity-policy\/\",\"diversityStaffingReport\":\"https:\/\/talkpal.ai\/diversity-policy\/\"}]}<\/script>\n<!-- \/ Yoast SEO Premium plugin. -->","yoast_head_json":{"title":"Parfait vs. Ualve - Perfeito vs. Imperfeito em dinamarqu\u00eas - Talkpal","description":"O dinamarqu\u00eas \u00e9 uma l\u00edngua germ\u00e2nica n\u00f3rdica que, \u00e0 semelhan\u00e7a do portugu\u00eas, possui tempos verbais que expressam diferentes aspectos do passado. Entre","robots":{"index":"index","follow":"follow","max-snippet":"max-snippet:-1","max-image-preview":"max-image-preview:large","max-video-preview":"max-video-preview:-1"},"canonical":"https:\/\/talkpal.ai\/pt-pt\/vocabulary\/parfait-vs-ualve-perfeito-vs-imperfeito-em-dinamarques\/","og_locale":"pt_PT","og_type":"article","og_title":"Parfait vs. Ualve - Perfeito vs. Imperfeito em dinamarqu\u00eas","og_description":"O dinamarqu\u00eas \u00e9 uma l\u00edngua germ\u00e2nica n\u00f3rdica que, \u00e0 semelhan\u00e7a do portugu\u00eas, possui tempos verbais que expressam diferentes aspectos do passado. Entre","og_url":"https:\/\/talkpal.ai\/pt-pt\/vocabulary\/parfait-vs-ualve-perfeito-vs-imperfeito-em-dinamarques\/","og_site_name":"Talkpal","article_publisher":"https:\/\/www.facebook.com\/profile.php?id=100090733639311","og_image":[{"width":1024,"height":1024,"url":"https:\/\/talkpal.ai\/wp-content\/uploads\/2024\/10\/talkpal_flat_illustration_of_a_employees_working_together_happi_c674ff77-e477-4e09-835a-01d30e561e99.png","type":"image\/png"}],"twitter_card":"summary_large_image","twitter_site":"@talkpalai","twitter_misc":{"Tempo estimado de leitura":"4 minutos"},"schema":{"@context":"https:\/\/schema.org","@graph":[{"@type":"WebPage","@id":"https:\/\/talkpal.ai\/pt-pt\/vocabulary\/parfait-vs-ualve-perfeito-vs-imperfeito-em-dinamarques\/","url":"https:\/\/talkpal.ai\/pt-pt\/vocabulary\/parfait-vs-ualve-perfeito-vs-imperfeito-em-dinamarques\/","name":"Parfait vs. Ualve - Perfeito vs. Imperfeito em dinamarqu\u00eas - Talkpal","isPartOf":{"@id":"https:\/\/talkpal.ai\/pt-pt\/#website"},"primaryImageOfPage":{"@id":"https:\/\/talkpal.ai\/pt-pt\/vocabulary\/parfait-vs-ualve-perfeito-vs-imperfeito-em-dinamarques\/#primaryimage"},"image":{"@id":"https:\/\/talkpal.ai\/pt-pt\/vocabulary\/parfait-vs-ualve-perfeito-vs-imperfeito-em-dinamarques\/#primaryimage"},"thumbnailUrl":"https:\/\/talkpal.ai\/wp-content\/uploads\/2025\/12\/study-lamps-are-lit-learning-languages.webp","datePublished":"2024-06-12T14:59:12+00:00","description":"O dinamarqu\u00eas \u00e9 uma l\u00edngua germ\u00e2nica n\u00f3rdica que, \u00e0 semelhan\u00e7a do portugu\u00eas, possui tempos verbais que expressam diferentes aspectos do passado. Entre","breadcrumb":{"@id":"https:\/\/talkpal.ai\/pt-pt\/vocabulary\/parfait-vs-ualve-perfeito-vs-imperfeito-em-dinamarques\/#breadcrumb"},"inLanguage":"pt-PT","potentialAction":[{"@type":"ReadAction","target":["https:\/\/talkpal.ai\/pt-pt\/vocabulary\/parfait-vs-ualve-perfeito-vs-imperfeito-em-dinamarques\/"]}]},{"@type":"ImageObject","inLanguage":"pt-PT","@id":"https:\/\/talkpal.ai\/pt-pt\/vocabulary\/parfait-vs-ualve-perfeito-vs-imperfeito-em-dinamarques\/#primaryimage","url":"https:\/\/talkpal.ai\/wp-content\/uploads\/2025\/12\/study-lamps-are-lit-learning-languages.webp","contentUrl":"https:\/\/talkpal.ai\/wp-content\/uploads\/2025\/12\/study-lamps-are-lit-learning-languages.webp","width":1200,"height":896,"caption":"Warm study lamps are lit while three students work at a laptop for learning languages."},{"@type":"BreadcrumbList","@id":"https:\/\/talkpal.ai\/pt-pt\/vocabulary\/parfait-vs-ualve-perfeito-vs-imperfeito-em-dinamarques\/#breadcrumb","itemListElement":[{"@type":"ListItem","position":1,"name":"Homepage","item":"https:\/\/talkpal.ai\/pt-pt\/"},{"@type":"ListItem","position":2,"name":"Parfait vs. Ualve &#8211; Perfeito vs. Imperfeito em dinamarqu\u00eas"}]},{"@type":"WebSite","@id":"https:\/\/talkpal.ai\/pt-pt\/#website","url":"https:\/\/talkpal.ai\/pt-pt\/","name":"Talkpal","description":"AI Language Learning","publisher":{"@id":"https:\/\/talkpal.ai\/pt-pt\/#organization"},"alternateName":"Talkpal AI","potentialAction":[{"@type":"SearchAction","target":{"@type":"EntryPoint","urlTemplate":"https:\/\/talkpal.ai\/pt-pt\/?s={search_term_string}"},"query-input":{"@type":"PropertyValueSpecification","valueRequired":true,"valueName":"search_term_string"}}],"inLanguage":"pt-PT"},{"@type":"Organization","@id":"https:\/\/talkpal.ai\/pt-pt\/#organization","name":"Talkpal, Inc.","alternateName":"Talkpal AI","url":"https:\/\/talkpal.ai\/pt-pt\/","logo":{"@type":"ImageObject","inLanguage":"pt-PT","@id":"https:\/\/talkpal.ai\/pt-pt\/#\/schema\/logo\/image\/","url":"https:\/\/talkpal.ai\/wp-content\/uploads\/2024\/03\/Talkpal-Logo-Icon.png","contentUrl":"https:\/\/talkpal.ai\/wp-content\/uploads\/2024\/03\/Talkpal-Logo-Icon.png","width":2880,"height":2880,"caption":"Talkpal, Inc."},"image":{"@id":"https:\/\/talkpal.ai\/pt-pt\/#\/schema\/logo\/image\/"},"sameAs":["https:\/\/www.facebook.com\/profile.php?id=100090733639311","https:\/\/x.com\/talkpalai","https:\/\/www.linkedin.com\/company\/talkpal\/","https:\/\/www.youtube.com\/@TalkPal\/","https:\/\/www.tiktok.com\/@talkpal","https:\/\/www.instagram.com\/talkpal_ai\/","https:\/\/www.crunchbase.com\/organization\/talkpal-9cde","https:\/\/www.g2.com\/products\/talkpal-for-business\/","https:\/\/www.trustpilot.com\/review\/talkpal.ai","https:\/\/www.capterra.com\/p\/10006800\/TalkPal\/"],"description":"Talkpal is a language learning web and mobile education app, powered by the latest AI technologies, that provides engaging experiences to its customers in many different languages to help them improve their language skills. Users can chat about unlimited amount of topics with the app and use other modes to practice their language learning.","email":"support@talkpal.ai","legalName":"Talkpal, Inc.","foundingDate":"2023-04-03","duns":"118989042","numberOfEmployees":{"@type":"QuantitativeValue","minValue":"11","maxValue":"50"},"publishingPrinciples":"https:\/\/talkpal.ai\/publishing-principles\/","actionableFeedbackPolicy":"https:\/\/talkpal.ai\/actionable-feedback-policy\/","correctionsPolicy":"https:\/\/talkpal.ai\/corrections-policy\/","ethicsPolicy":"https:\/\/talkpal.ai\/ethics-policy\/","diversityPolicy":"https:\/\/talkpal.ai\/diversity-policy\/","diversityStaffingReport":"https:\/\/talkpal.ai\/diversity-policy\/"}]}},"_links":{"self":[{"href":"https:\/\/talkpal.ai\/pt-pt\/wp-json\/wp\/v2\/vocabulary\/776960","targetHints":{"allow":["GET"]}}],"collection":[{"href":"https:\/\/talkpal.ai\/pt-pt\/wp-json\/wp\/v2\/vocabulary"}],"about":[{"href":"https:\/\/talkpal.ai\/pt-pt\/wp-json\/wp\/v2\/types\/vocabulary"}],"wp:featuredmedia":[{"embeddable":true,"href":"https:\/\/talkpal.ai\/pt-pt\/wp-json\/wp\/v2\/media\/1528009"}],"wp:attachment":[{"href":"https:\/\/talkpal.ai\/pt-pt\/wp-json\/wp\/v2\/media?parent=776960"}],"wp:term":[{"taxonomy":"vocabulary_language","embeddable":true,"href":"https:\/\/talkpal.ai\/pt-pt\/wp-json\/wp\/v2\/vocabulary_language?post=776960"}],"curies":[{"name":"wp","href":"https:\/\/api.w.org\/{rel}","templated":true}]}}