{"id":776517,"date":"2024-06-12T14:22:06","date_gmt":"2024-06-12T14:22:06","guid":{"rendered":"https:\/\/talkpal.ai\/vocabulary\/%d0%b7%d0%b8%d0%bc%d0%b0-zima-vs-%d0%bf%d1%80%d0%be%d0%bb%d0%b5%d1%82-prolet-inverno-vs-primavera-em-bulgaro\/"},"modified":"2024-06-12T14:22:06","modified_gmt":"2024-06-12T14:22:06","slug":"%d0%b7%d0%b8%d0%bc%d0%b0-zima-vs-%d0%bf%d1%80%d0%be%d0%bb%d0%b5%d1%82-prolet-inverno-vs-primavera-em-bulgaro","status":"publish","type":"vocabulary","link":"https:\/\/talkpal.ai\/pt-pt\/vocabulary\/%d0%b7%d0%b8%d0%bc%d0%b0-zima-vs-%d0%bf%d1%80%d0%be%d0%bb%d0%b5%d1%82-prolet-inverno-vs-primavera-em-bulgaro\/","title":{"rendered":"\u0417\u0438\u043c\u0430 (Zima) vs. \u041f\u0440\u043e\u043b\u0435\u0442 (Prolet) &#8211; Inverno vs. Primavera em b\u00falgaro"},"content":{"rendered":"<p>Quando aprendemos uma nova l\u00edngua, conhecer as esta\u00e7\u00f5es do ano \u00e9 essencial para descrever o clima, planejar atividades e conversar sobre o cotidiano. No caso do b\u00falgaro, as palavras para as esta\u00e7\u00f5es podem ser um pouco desafiadoras, mas fascinantes. Neste artigo, vamos explorar as diferen\u00e7as e semelhan\u00e7as entre <b>inverno<\/b> e <b>primavera<\/b> em b\u00falgaro. As palavras b\u00falgaras para estas esta\u00e7\u00f5es s\u00e3o <b>\u0437\u0438\u043c\u0430<\/b> (<i>zima<\/i>) e <b>\u043f\u0440\u043e\u043b\u0435\u0442<\/b> (<i>prolet<\/i>), respectivamente. Vamos mergulhar nas particularidades destas duas esta\u00e7\u00f5es e aprender alguns vocabul\u00e1rios e express\u00f5es \u00fateis.<\/p>\n<h2>Zima &#8211; Inverno<\/h2>\n<p>No b\u00falgaro, a palavra para <b>inverno<\/b> \u00e9 <b>\u0437\u0438\u043c\u0430<\/b> (<i>zima<\/i>). O <b>inverno<\/b> na Bulg\u00e1ria \u00e9 uma esta\u00e7\u00e3o marcante, com temperaturas frequentemente abaixo de zero e muita neve, especialmente nas regi\u00f5es montanhosas.<\/p>\n<h3>Vocabul\u00e1rio Relacionado ao Inverno<\/h3>\n<p>1. <b>\u0421\u043d\u044f\u0433<\/b> (<i>snyag<\/i>) &#8211; <b>neve<\/b><br \/>\n2. <b>\u0421\u0442\u0443\u0434\u0435\u043d\u043e<\/b> (<i>studeno<\/i>) &#8211; <b>frio<\/b><br \/>\n3. <b>\u041b\u0435\u0434<\/b> (<i>led<\/i>) &#8211; <b>gelo<\/b><br \/>\n4. <b>\u041f\u044a\u0440\u0437\u0430\u043b\u043a\u0430<\/b> (<i>parzalka<\/i>) &#8211; <b>pista de patinagem<\/b><br \/>\n5. <b>\u0428\u0430\u043f\u043a\u0430<\/b> (<i>shapka<\/i>) &#8211; <b>gorro<\/b><br \/>\n6. <b>\u0428\u0430\u043b<\/b> (<i>shal<\/i>) &#8211; <b>cachecol<\/b><br \/>\n7. <b>\u0420\u044a\u043a\u0430\u0432\u0438\u0446\u0438<\/b> (<i>rakavitsi<\/i>) &#8211; <b>luvas<\/b><br \/>\n8. <b>\u0421\u043a\u0438<\/b> (<i>ski<\/i>) &#8211; <b>esqui<\/b><\/p>\n<h3>Express\u00f5es Comuns no Inverno<\/h3>\n<p>1. <b>\u041d\u0430\u0432\u044a\u043d \u0435 \u043c\u043d\u043e\u0433\u043e \u0441\u0442\u0443\u0434\u0435\u043d\u043e.<\/b> &#8211; Est\u00e1 muito frio l\u00e1 fora.<br \/>\n2. <b>\u0418\u043c\u0430 \u043c\u043d\u043e\u0433\u043e \u0441\u043d\u044f\u0433.<\/b> &#8211; H\u00e1 muita neve.<br \/>\n3. <b>\u041e\u0431\u0438\u0447\u0430\u043c \u0434\u0430 \u043a\u0430\u0440\u0430\u043c \u0441\u043a\u0438 \u043f\u0440\u0435\u0437 \u0437\u0438\u043c\u0430\u0442\u0430.<\/b> &#8211; Eu adoro esquiar no inverno.<br \/>\n4. <b>\u0422\u0440\u044f\u0431\u0432\u0430 \u0434\u0430 \u043d\u043e\u0441\u044f \u0442\u043e\u043f\u043b\u0438 \u0434\u0440\u0435\u0445\u0438.<\/b> &#8211; Preciso vestir roupas quentes.<\/p>\n<h2>Prolet &#8211; Primavera<\/h2>\n<p>A palavra para <b>primavera<\/b> em b\u00falgaro \u00e9 <b>\u043f\u0440\u043e\u043b\u0435\u0442<\/b> (<i>prolet<\/i>). A <b>primavera<\/b> \u00e9 uma esta\u00e7\u00e3o de renova\u00e7\u00e3o, com o derretimento da neve e o florescimento das flores. As temperaturas come\u00e7am a subir, e a natureza desperta ap\u00f3s o frio do <b>inverno<\/b>.<\/p>\n<h3>Vocabul\u00e1rio Relacionado \u00e0 Primavera<\/h3>\n<p>1. <b>\u0426\u0432\u0435\u0442\u0435<\/b> (<i>tsvete<\/i>) &#8211; <b>flor<\/b><br \/>\n2. <b>\u041f\u044a\u043f\u043a\u0430<\/b> (<i>pupka<\/i>) &#8211; <b>bot\u00e3o<\/b> (de flor)<br \/>\n3. <b>\u041f\u0442\u0438\u0446\u0430<\/b> (<i>ptitsa<\/i>) &#8211; <b>p\u00e1ssaro<\/b><br \/>\n4. <b>\u0421\u043b\u044a\u043d\u0446\u0435<\/b> (<i>slantse<\/i>) &#8211; <b>sol<\/b><br \/>\n5. <b>\u0422\u043e\u043f\u043b\u043e<\/b> (<i>toplo<\/i>) &#8211; <b>quente<\/b><br \/>\n6. <b>\u0414\u044a\u0436\u0434<\/b> (<i>dazhd<\/i>) &#8211; <b>chuva<\/b><br \/>\n7. <b>\u0417\u0435\u043b\u0435\u043d\u0438\u043d\u0430<\/b> (<i>zelenina<\/i>) &#8211; <b>vegeta\u00e7\u00e3o<\/b><br \/>\n8. <b>\u0420\u0430\u0437\u0446\u044a\u0444\u0432\u0430\u043c<\/b> (<i>raztzafvam<\/i>) &#8211; <b>florescer<\/b><\/p>\n<h3>Express\u00f5es Comuns na Primavera<\/h3>\n<p>1. <b>\u041f\u0440\u043e\u043b\u0435\u0442\u0442\u0430 \u0435 \u0442\u0443\u043a.<\/b> &#8211; A primavera chegou.<br \/>\n2. <b>\u0426\u0432\u0435\u0442\u044f\u0442\u0430 \u0440\u0430\u0437\u0446\u044a\u0444\u0432\u0430\u0442.<\/b> &#8211; As flores est\u00e3o a florescer.<br \/>\n3. <b>\u0414\u043d\u0438\u0442\u0435 \u0441\u0442\u0430\u0432\u0430\u0442 \u043f\u043e-\u0442\u043e\u043f\u043b\u0438.<\/b> &#8211; Os dias est\u00e3o a ficar mais quentes.<br \/>\n4. <b>\u041f\u0442\u0438\u0446\u0438\u0442\u0435 \u0441\u0435 \u0432\u0440\u044a\u0449\u0430\u0442.<\/b> &#8211; Os p\u00e1ssaros est\u00e3o a voltar.<\/p>\n<h2>Comparando Inverno e Primavera<\/h2>\n<p>Embora o <b>inverno<\/b> e a <b>primavera<\/b> sejam esta\u00e7\u00f5es bem diferentes, cada uma tem sua pr\u00f3pria beleza e caracter\u00edsticas \u00fanicas. Abaixo, vamos comparar alguns aspectos dessas duas esta\u00e7\u00f5es.<\/p>\n<h3>Clima<\/h3>\n<p>No <b>inverno<\/b>, as temperaturas s\u00e3o baixas, frequentemente abaixo de zero, e a neve \u00e9 comum. Em contraste, na <b>primavera<\/b>, as temperaturas come\u00e7am a subir, geralmente variando entre 10\u00b0C e 20\u00b0C, e a neve derrete, dando lugar \u00e0s flores e \u00e0 vegeta\u00e7\u00e3o.<\/p>\n<h3>Atividades<\/h3>\n<p>Durante o <b>inverno<\/b>, atividades <a href=\"https:\/\/talkpal.ai\/locations\/language-courses-in-como\/\">como<\/a> esqui, patina\u00e7\u00e3o no gelo e constru\u00e7\u00e3o de bonecos de neve s\u00e3o populares. As pessoas vestem roupas quentes para se proteger do frio. J\u00e1 na <b>primavera<\/b>, as atividades ao ar livre como caminhadas, piqueniques e jardinagem tornam-se mais comuns. As roupas s\u00e3o mais leves e coloridas, refletindo a renova\u00e7\u00e3o da natureza.<\/p>\n<h3>Vestu\u00e1rio<\/h3>\n<p>No <b>inverno<\/b>, \u00e9 essencial usar roupas quentes, como casacos pesados, gorros, cachec\u00f3is e luvas. Na <b>primavera<\/b>, as roupas come\u00e7am a ser mais leves, como jaquetas finas, camisetas de manga longa e, eventualmente, roupas de ver\u00e3o \u00e0 medida que a esta\u00e7\u00e3o avan\u00e7a.<\/p>\n<h3>Feriados e Tradi\u00e7\u00f5es<\/h3>\n<p>No <b>inverno<\/b>, um dos feriados mais importantes \u00e9 o <a href=\"https:\/\/talkpal.ai\/locations\/language-courses-in-natal\/\">Natal<\/a> (<b>\u041a\u043e\u043b\u0435\u0434\u0430<\/b>, <i>Koleda<\/i>), celebrado em 25 de dezembro, e o <a href=\"https:\/\/talkpal.ai\/pt-pt\/culture\/tradicoes-de-fim-de-ano-em-portugal\/\">Ano Novo<\/a> (<b>\u041d\u043e\u0432\u0430 \u0433\u043e\u0434\u0438\u043d\u0430<\/b>, <i>Nova godina<\/i>). Na <b>primavera<\/b>, um feriado importante \u00e9 a <a href=\"https:\/\/talkpal.ai\/talkpal-easter-discount\/\">P\u00e1scoa<\/a> (<b>\u0412\u0435\u043b\u0438\u043a\u0434\u0435\u043d<\/b>, <i>Velikden<\/i>), que \u00e9 celebrado com grande entusiasmo, incluindo tradi\u00e7\u00f5es como pintar ovos e preparar refei\u00e7\u00f5es festivas.<\/p>\n<h3>Natureza<\/h3>\n<p>A natureza no <b>inverno<\/b> \u00e9 dominada pela neve e pelo gelo. As \u00e1rvores est\u00e3o sem folhas, e a paisagem \u00e9 frequentemente branca. Na <b>primavera<\/b>, a natureza renasce, as flores desabrocham, as \u00e1rvores ganham folhas novas e a vegeta\u00e7\u00e3o verdejante cobre a paisagem. Os p\u00e1ssaros retornam e o som do canto dos p\u00e1ssaros \u00e9 comum.<\/p>\n<h2>Frases \u00dateis para Conversas sobre Esta\u00e7\u00f5es<\/h2>\n<p>Para ajudar os alunos a praticarem suas habilidades lingu\u00edsticas em b\u00falgaro, aqui est\u00e3o algumas frases \u00fateis que podem ser usadas em conversas sobre o <b>inverno<\/b> e a <b>primavera<\/b>:<\/p>\n<h3>No Inverno<\/h3>\n<p>1. <b>\u041a\u0430\u043a\u0432\u043e \u0432\u0440\u0435\u043c\u0435 \u0435 \u0434\u043d\u0435\u0441?<\/b> &#8211; Como est\u00e1 o tempo hoje?<br \/>\n2. <b>\u041c\u043d\u043e\u0433\u043e \u0435 \u0441\u0442\u0443\u0434\u0435\u043d\u043e \u0438 \u0432\u0430\u043b\u0438 \u0441\u043d\u044f\u0433.<\/b> &#8211; Est\u00e1 muito frio e est\u00e1 a nevar.<br \/>\n3. <b>\u041e\u0431\u0438\u0447\u0430\u0448 \u043b\u0438 \u0437\u0438\u043c\u0430\u0442\u0430?<\/b> &#8211; Tu gostas do inverno?<br \/>\n4. <b>\u041a\u0430\u043a\u0432\u043e \u043f\u0440\u0430\u0432\u0438\u0448 \u043f\u0440\u0435\u0437 \u0437\u0438\u043c\u043d\u0438\u0442\u0435 \u043c\u0435\u0441\u0435\u0446\u0438?<\/b> &#8211; O que fazes durante os meses de inverno?<\/p>\n<h3>Na Primavera<\/h3>\n<p>1. <b>\u041f\u0440\u043e\u043b\u0435\u0442\u0442\u0430 \u0435 \u043b\u044e\u0431\u0438\u043c\u0438\u044f\u0442 \u043c\u0438 \u0441\u0435\u0437\u043e\u043d.<\/b> &#8211; A primavera \u00e9 a minha esta\u00e7\u00e3o favorita.<br \/>\n2. <b>\u041e\u0431\u0438\u0447\u0430\u043c \u0434\u0430 \u0441\u0435 \u0440\u0430\u0437\u0445\u043e\u0436\u0434\u0430\u043c \u0432 \u043f\u0430\u0440\u043a\u0430 \u043f\u0440\u0435\u0437 \u043f\u0440\u043e\u043b\u0435\u0442\u0442\u0430.<\/b> &#8211; Eu adoro passear no parque na primavera.<br \/>\n3. <b>\u041a\u0430\u043a\u0432\u0438 \u0446\u0432\u0435\u0442\u044f \u0440\u0430\u0441\u0442\u0430\u0442 \u043f\u0440\u0435\u0437 \u043f\u0440\u043e\u043b\u0435\u0442\u0442\u0430?<\/b> &#8211; Que flores crescem na primavera?<br \/>\n4. <b>\u041a\u0430\u043a\u0432\u043e \u043f\u0440\u0430\u0432\u0438\u0448 \u043f\u0440\u0435\u0437 \u043f\u0440\u043e\u043b\u0435\u0442\u043d\u0438\u0442\u0435 \u043c\u0435\u0441\u0435\u0446\u0438?<\/b> &#8211; O que fazes durante os meses de primavera?<\/p>\n<h2>Conclus\u00e3o<\/h2>\n<p>Aprender sobre as esta\u00e7\u00f5es do ano em b\u00falgaro n\u00e3o s\u00f3 enriquece o vocabul\u00e1rio, mas tamb\u00e9m oferece uma compreens\u00e3o mais profunda da cultura e do cotidiano na Bulg\u00e1ria. O <b>inverno<\/b> (<b>\u0437\u0438\u043c\u0430<\/b>) e a <b>primavera<\/b> (<b>\u043f\u0440\u043e\u043b\u0435\u0442<\/b>) s\u00e3o duas esta\u00e7\u00f5es com caracter\u00edsticas muito distintas, e conhecer o vocabul\u00e1rio e as express\u00f5es relacionadas a elas pode ser extremamente \u00fatil para qualquer aprendiz de b\u00falgaro.<\/p>\n<p>Praticar essas palavras e frases em diferentes contextos ajudar\u00e1 a solidificar o conhecimento e tornar a comunica\u00e7\u00e3o mais fluida. Ent\u00e3o, da pr\u00f3xima vez que voc\u00ea falar sobre o clima ou as esta\u00e7\u00f5es do ano, experimente usar algumas dessas palavras e express\u00f5es b\u00falgaras. Feliz aprendizado!<\/p>\n","protected":false},"featured_media":1527817,"template":"","vocabulary_language":[4094],"class_list":["post-776517","vocabulary","type-vocabulary","status-publish","has-post-thumbnail","hentry","vocabulary_language-bulgaro-pt-pt"],"acf":[],"yoast_head":"<!-- This site is optimized with the Yoast SEO Premium plugin v27.2 (Yoast SEO v27.2) - https:\/\/yoast.com\/product\/yoast-seo-premium-wordpress\/ -->\n<title>\u0417\u0438\u043c\u0430 (Zima) vs. \u041f\u0440\u043e\u043b\u0435\u0442 (Prolet) - Inverno vs. Primavera em b\u00falgaro - Talkpal<\/title>\n<meta name=\"description\" content=\"Quando aprendemos uma nova l\u00edngua, conhecer as esta\u00e7\u00f5es do ano \u00e9 essencial para descrever o clima, planejar atividades e conversar sobre o cotidiano. No\" \/>\n<meta name=\"robots\" content=\"index, follow, max-snippet:-1, max-image-preview:large, max-video-preview:-1\" \/>\n<link rel=\"canonical\" href=\"https:\/\/talkpal.ai\/pt-pt\/vocabulary\/%d0%b7%d0%b8%d0%bc%d0%b0-zima-vs-%d0%bf%d1%80%d0%be%d0%bb%d0%b5%d1%82-prolet-inverno-vs-primavera-em-bulgaro\/\" \/>\n<meta property=\"og:locale\" content=\"pt_PT\" \/>\n<meta property=\"og:type\" content=\"article\" \/>\n<meta property=\"og:title\" content=\"\u0417\u0438\u043c\u0430 (Zima) vs. \u041f\u0440\u043e\u043b\u0435\u0442 (Prolet) - Inverno vs. Primavera em b\u00falgaro\" \/>\n<meta property=\"og:description\" content=\"Quando aprendemos uma nova l\u00edngua, conhecer as esta\u00e7\u00f5es do ano \u00e9 essencial para descrever o clima, planejar atividades e conversar sobre o cotidiano. No\" \/>\n<meta property=\"og:url\" content=\"https:\/\/talkpal.ai\/pt-pt\/vocabulary\/%d0%b7%d0%b8%d0%bc%d0%b0-zima-vs-%d0%bf%d1%80%d0%be%d0%bb%d0%b5%d1%82-prolet-inverno-vs-primavera-em-bulgaro\/\" \/>\n<meta property=\"og:site_name\" content=\"Talkpal\" \/>\n<meta property=\"article:publisher\" content=\"https:\/\/www.facebook.com\/profile.php?id=100090733639311\" \/>\n<meta property=\"og:image\" content=\"https:\/\/talkpal.ai\/wp-content\/uploads\/2024\/10\/talkpal_flat_illustration_of_a_employees_working_together_happi_c674ff77-e477-4e09-835a-01d30e561e99.png\" \/>\n\t<meta property=\"og:image:width\" content=\"1024\" \/>\n\t<meta property=\"og:image:height\" content=\"1024\" \/>\n\t<meta property=\"og:image:type\" content=\"image\/png\" \/>\n<meta name=\"twitter:card\" content=\"summary_large_image\" \/>\n<meta name=\"twitter:site\" content=\"@talkpalai\" \/>\n<meta name=\"twitter:label1\" content=\"Tempo estimado de leitura\" \/>\n\t<meta name=\"twitter:data1\" content=\"4 minutos\" \/>\n<script type=\"application\/ld+json\" class=\"yoast-schema-graph\">{\"@context\":\"https:\/\/schema.org\",\"@graph\":[{\"@type\":\"WebPage\",\"@id\":\"https:\/\/talkpal.ai\/pt-pt\/vocabulary\/%d0%b7%d0%b8%d0%bc%d0%b0-zima-vs-%d0%bf%d1%80%d0%be%d0%bb%d0%b5%d1%82-prolet-inverno-vs-primavera-em-bulgaro\/\",\"url\":\"https:\/\/talkpal.ai\/pt-pt\/vocabulary\/%d0%b7%d0%b8%d0%bc%d0%b0-zima-vs-%d0%bf%d1%80%d0%be%d0%bb%d0%b5%d1%82-prolet-inverno-vs-primavera-em-bulgaro\/\",\"name\":\"\u0417\u0438\u043c\u0430 (Zima) vs. \u041f\u0440\u043e\u043b\u0435\u0442 (Prolet) - Inverno vs. Primavera em b\u00falgaro - Talkpal\",\"isPartOf\":{\"@id\":\"https:\/\/talkpal.ai\/pt-pt\/#website\"},\"primaryImageOfPage\":{\"@id\":\"https:\/\/talkpal.ai\/pt-pt\/vocabulary\/%d0%b7%d0%b8%d0%bc%d0%b0-zima-vs-%d0%bf%d1%80%d0%be%d0%bb%d0%b5%d1%82-prolet-inverno-vs-primavera-em-bulgaro\/#primaryimage\"},\"image\":{\"@id\":\"https:\/\/talkpal.ai\/pt-pt\/vocabulary\/%d0%b7%d0%b8%d0%bc%d0%b0-zima-vs-%d0%bf%d1%80%d0%be%d0%bb%d0%b5%d1%82-prolet-inverno-vs-primavera-em-bulgaro\/#primaryimage\"},\"thumbnailUrl\":\"https:\/\/talkpal.ai\/wp-content\/uploads\/2025\/12\/notes-are-written-while-learning-languages.webp\",\"datePublished\":\"2024-06-12T14:22:06+00:00\",\"description\":\"Quando aprendemos uma nova l\u00edngua, conhecer as esta\u00e7\u00f5es do ano \u00e9 essencial para descrever o clima, planejar atividades e conversar sobre o cotidiano. No\",\"breadcrumb\":{\"@id\":\"https:\/\/talkpal.ai\/pt-pt\/vocabulary\/%d0%b7%d0%b8%d0%bc%d0%b0-zima-vs-%d0%bf%d1%80%d0%be%d0%bb%d0%b5%d1%82-prolet-inverno-vs-primavera-em-bulgaro\/#breadcrumb\"},\"inLanguage\":\"pt-PT\",\"potentialAction\":[{\"@type\":\"ReadAction\",\"target\":[\"https:\/\/talkpal.ai\/pt-pt\/vocabulary\/%d0%b7%d0%b8%d0%bc%d0%b0-zima-vs-%d0%bf%d1%80%d0%be%d0%bb%d0%b5%d1%82-prolet-inverno-vs-primavera-em-bulgaro\/\"]}]},{\"@type\":\"ImageObject\",\"inLanguage\":\"pt-PT\",\"@id\":\"https:\/\/talkpal.ai\/pt-pt\/vocabulary\/%d0%b7%d0%b8%d0%bc%d0%b0-zima-vs-%d0%bf%d1%80%d0%be%d0%bb%d0%b5%d1%82-prolet-inverno-vs-primavera-em-bulgaro\/#primaryimage\",\"url\":\"https:\/\/talkpal.ai\/wp-content\/uploads\/2025\/12\/notes-are-written-while-learning-languages.webp\",\"contentUrl\":\"https:\/\/talkpal.ai\/wp-content\/uploads\/2025\/12\/notes-are-written-while-learning-languages.webp\",\"width\":1200,\"height\":896,\"caption\":\"A girl wearing headphones and a bun takes notes for the purpose of learning languages in a quiet library.\"},{\"@type\":\"BreadcrumbList\",\"@id\":\"https:\/\/talkpal.ai\/pt-pt\/vocabulary\/%d0%b7%d0%b8%d0%bc%d0%b0-zima-vs-%d0%bf%d1%80%d0%be%d0%bb%d0%b5%d1%82-prolet-inverno-vs-primavera-em-bulgaro\/#breadcrumb\",\"itemListElement\":[{\"@type\":\"ListItem\",\"position\":1,\"name\":\"Homepage\",\"item\":\"https:\/\/talkpal.ai\/pt-pt\/\"},{\"@type\":\"ListItem\",\"position\":2,\"name\":\"\u0417\u0438\u043c\u0430 (Zima) vs. \u041f\u0440\u043e\u043b\u0435\u0442 (Prolet) &#8211; Inverno vs. Primavera em b\u00falgaro\"}]},{\"@type\":\"WebSite\",\"@id\":\"https:\/\/talkpal.ai\/pt-pt\/#website\",\"url\":\"https:\/\/talkpal.ai\/pt-pt\/\",\"name\":\"Talkpal\",\"description\":\"AI Language Learning\",\"publisher\":{\"@id\":\"https:\/\/talkpal.ai\/pt-pt\/#organization\"},\"alternateName\":\"Talkpal AI\",\"potentialAction\":[{\"@type\":\"SearchAction\",\"target\":{\"@type\":\"EntryPoint\",\"urlTemplate\":\"https:\/\/talkpal.ai\/pt-pt\/?s={search_term_string}\"},\"query-input\":{\"@type\":\"PropertyValueSpecification\",\"valueRequired\":true,\"valueName\":\"search_term_string\"}}],\"inLanguage\":\"pt-PT\"},{\"@type\":\"Organization\",\"@id\":\"https:\/\/talkpal.ai\/pt-pt\/#organization\",\"name\":\"Talkpal, Inc.\",\"alternateName\":\"Talkpal AI\",\"url\":\"https:\/\/talkpal.ai\/pt-pt\/\",\"logo\":{\"@type\":\"ImageObject\",\"inLanguage\":\"pt-PT\",\"@id\":\"https:\/\/talkpal.ai\/pt-pt\/#\/schema\/logo\/image\/\",\"url\":\"https:\/\/talkpal.ai\/wp-content\/uploads\/2024\/03\/Talkpal-Logo-Icon.png\",\"contentUrl\":\"https:\/\/talkpal.ai\/wp-content\/uploads\/2024\/03\/Talkpal-Logo-Icon.png\",\"width\":2880,\"height\":2880,\"caption\":\"Talkpal, Inc.\"},\"image\":{\"@id\":\"https:\/\/talkpal.ai\/pt-pt\/#\/schema\/logo\/image\/\"},\"sameAs\":[\"https:\/\/www.facebook.com\/profile.php?id=100090733639311\",\"https:\/\/x.com\/talkpalai\",\"https:\/\/www.linkedin.com\/company\/talkpal\/\",\"https:\/\/www.youtube.com\/@TalkPal\/\",\"https:\/\/www.tiktok.com\/@talkpal\",\"https:\/\/www.instagram.com\/talkpal_ai\/\",\"https:\/\/www.crunchbase.com\/organization\/talkpal-9cde\",\"https:\/\/www.g2.com\/products\/talkpal-for-business\/\",\"https:\/\/www.trustpilot.com\/review\/talkpal.ai\",\"https:\/\/www.capterra.com\/p\/10006800\/TalkPal\/\"],\"description\":\"Talkpal is a language learning web and mobile education app, powered by the latest AI technologies, that provides engaging experiences to its customers in many different languages to help them improve their language skills. Users can chat about unlimited amount of topics with the app and use other modes to practice their language learning.\",\"email\":\"support@talkpal.ai\",\"legalName\":\"Talkpal, Inc.\",\"foundingDate\":\"2023-04-03\",\"duns\":\"118989042\",\"numberOfEmployees\":{\"@type\":\"QuantitativeValue\",\"minValue\":\"11\",\"maxValue\":\"50\"},\"publishingPrinciples\":\"https:\/\/talkpal.ai\/publishing-principles\/\",\"actionableFeedbackPolicy\":\"https:\/\/talkpal.ai\/actionable-feedback-policy\/\",\"correctionsPolicy\":\"https:\/\/talkpal.ai\/corrections-policy\/\",\"ethicsPolicy\":\"https:\/\/talkpal.ai\/ethics-policy\/\",\"diversityPolicy\":\"https:\/\/talkpal.ai\/diversity-policy\/\",\"diversityStaffingReport\":\"https:\/\/talkpal.ai\/diversity-policy\/\"}]}<\/script>\n<!-- \/ Yoast SEO Premium plugin. -->","yoast_head_json":{"title":"\u0417\u0438\u043c\u0430 (Zima) vs. \u041f\u0440\u043e\u043b\u0435\u0442 (Prolet) - Inverno vs. Primavera em b\u00falgaro - Talkpal","description":"Quando aprendemos uma nova l\u00edngua, conhecer as esta\u00e7\u00f5es do ano \u00e9 essencial para descrever o clima, planejar atividades e conversar sobre o cotidiano. No","robots":{"index":"index","follow":"follow","max-snippet":"max-snippet:-1","max-image-preview":"max-image-preview:large","max-video-preview":"max-video-preview:-1"},"canonical":"https:\/\/talkpal.ai\/pt-pt\/vocabulary\/%d0%b7%d0%b8%d0%bc%d0%b0-zima-vs-%d0%bf%d1%80%d0%be%d0%bb%d0%b5%d1%82-prolet-inverno-vs-primavera-em-bulgaro\/","og_locale":"pt_PT","og_type":"article","og_title":"\u0417\u0438\u043c\u0430 (Zima) vs. \u041f\u0440\u043e\u043b\u0435\u0442 (Prolet) - Inverno vs. Primavera em b\u00falgaro","og_description":"Quando aprendemos uma nova l\u00edngua, conhecer as esta\u00e7\u00f5es do ano \u00e9 essencial para descrever o clima, planejar atividades e conversar sobre o cotidiano. No","og_url":"https:\/\/talkpal.ai\/pt-pt\/vocabulary\/%d0%b7%d0%b8%d0%bc%d0%b0-zima-vs-%d0%bf%d1%80%d0%be%d0%bb%d0%b5%d1%82-prolet-inverno-vs-primavera-em-bulgaro\/","og_site_name":"Talkpal","article_publisher":"https:\/\/www.facebook.com\/profile.php?id=100090733639311","og_image":[{"width":1024,"height":1024,"url":"https:\/\/talkpal.ai\/wp-content\/uploads\/2024\/10\/talkpal_flat_illustration_of_a_employees_working_together_happi_c674ff77-e477-4e09-835a-01d30e561e99.png","type":"image\/png"}],"twitter_card":"summary_large_image","twitter_site":"@talkpalai","twitter_misc":{"Tempo estimado de leitura":"4 minutos"},"schema":{"@context":"https:\/\/schema.org","@graph":[{"@type":"WebPage","@id":"https:\/\/talkpal.ai\/pt-pt\/vocabulary\/%d0%b7%d0%b8%d0%bc%d0%b0-zima-vs-%d0%bf%d1%80%d0%be%d0%bb%d0%b5%d1%82-prolet-inverno-vs-primavera-em-bulgaro\/","url":"https:\/\/talkpal.ai\/pt-pt\/vocabulary\/%d0%b7%d0%b8%d0%bc%d0%b0-zima-vs-%d0%bf%d1%80%d0%be%d0%bb%d0%b5%d1%82-prolet-inverno-vs-primavera-em-bulgaro\/","name":"\u0417\u0438\u043c\u0430 (Zima) vs. \u041f\u0440\u043e\u043b\u0435\u0442 (Prolet) - Inverno vs. Primavera em b\u00falgaro - Talkpal","isPartOf":{"@id":"https:\/\/talkpal.ai\/pt-pt\/#website"},"primaryImageOfPage":{"@id":"https:\/\/talkpal.ai\/pt-pt\/vocabulary\/%d0%b7%d0%b8%d0%bc%d0%b0-zima-vs-%d0%bf%d1%80%d0%be%d0%bb%d0%b5%d1%82-prolet-inverno-vs-primavera-em-bulgaro\/#primaryimage"},"image":{"@id":"https:\/\/talkpal.ai\/pt-pt\/vocabulary\/%d0%b7%d0%b8%d0%bc%d0%b0-zima-vs-%d0%bf%d1%80%d0%be%d0%bb%d0%b5%d1%82-prolet-inverno-vs-primavera-em-bulgaro\/#primaryimage"},"thumbnailUrl":"https:\/\/talkpal.ai\/wp-content\/uploads\/2025\/12\/notes-are-written-while-learning-languages.webp","datePublished":"2024-06-12T14:22:06+00:00","description":"Quando aprendemos uma nova l\u00edngua, conhecer as esta\u00e7\u00f5es do ano \u00e9 essencial para descrever o clima, planejar atividades e conversar sobre o cotidiano. No","breadcrumb":{"@id":"https:\/\/talkpal.ai\/pt-pt\/vocabulary\/%d0%b7%d0%b8%d0%bc%d0%b0-zima-vs-%d0%bf%d1%80%d0%be%d0%bb%d0%b5%d1%82-prolet-inverno-vs-primavera-em-bulgaro\/#breadcrumb"},"inLanguage":"pt-PT","potentialAction":[{"@type":"ReadAction","target":["https:\/\/talkpal.ai\/pt-pt\/vocabulary\/%d0%b7%d0%b8%d0%bc%d0%b0-zima-vs-%d0%bf%d1%80%d0%be%d0%bb%d0%b5%d1%82-prolet-inverno-vs-primavera-em-bulgaro\/"]}]},{"@type":"ImageObject","inLanguage":"pt-PT","@id":"https:\/\/talkpal.ai\/pt-pt\/vocabulary\/%d0%b7%d0%b8%d0%bc%d0%b0-zima-vs-%d0%bf%d1%80%d0%be%d0%bb%d0%b5%d1%82-prolet-inverno-vs-primavera-em-bulgaro\/#primaryimage","url":"https:\/\/talkpal.ai\/wp-content\/uploads\/2025\/12\/notes-are-written-while-learning-languages.webp","contentUrl":"https:\/\/talkpal.ai\/wp-content\/uploads\/2025\/12\/notes-are-written-while-learning-languages.webp","width":1200,"height":896,"caption":"A girl wearing headphones and a bun takes notes for the purpose of learning languages in a quiet library."},{"@type":"BreadcrumbList","@id":"https:\/\/talkpal.ai\/pt-pt\/vocabulary\/%d0%b7%d0%b8%d0%bc%d0%b0-zima-vs-%d0%bf%d1%80%d0%be%d0%bb%d0%b5%d1%82-prolet-inverno-vs-primavera-em-bulgaro\/#breadcrumb","itemListElement":[{"@type":"ListItem","position":1,"name":"Homepage","item":"https:\/\/talkpal.ai\/pt-pt\/"},{"@type":"ListItem","position":2,"name":"\u0417\u0438\u043c\u0430 (Zima) vs. \u041f\u0440\u043e\u043b\u0435\u0442 (Prolet) &#8211; Inverno vs. Primavera em b\u00falgaro"}]},{"@type":"WebSite","@id":"https:\/\/talkpal.ai\/pt-pt\/#website","url":"https:\/\/talkpal.ai\/pt-pt\/","name":"Talkpal","description":"AI Language Learning","publisher":{"@id":"https:\/\/talkpal.ai\/pt-pt\/#organization"},"alternateName":"Talkpal AI","potentialAction":[{"@type":"SearchAction","target":{"@type":"EntryPoint","urlTemplate":"https:\/\/talkpal.ai\/pt-pt\/?s={search_term_string}"},"query-input":{"@type":"PropertyValueSpecification","valueRequired":true,"valueName":"search_term_string"}}],"inLanguage":"pt-PT"},{"@type":"Organization","@id":"https:\/\/talkpal.ai\/pt-pt\/#organization","name":"Talkpal, Inc.","alternateName":"Talkpal AI","url":"https:\/\/talkpal.ai\/pt-pt\/","logo":{"@type":"ImageObject","inLanguage":"pt-PT","@id":"https:\/\/talkpal.ai\/pt-pt\/#\/schema\/logo\/image\/","url":"https:\/\/talkpal.ai\/wp-content\/uploads\/2024\/03\/Talkpal-Logo-Icon.png","contentUrl":"https:\/\/talkpal.ai\/wp-content\/uploads\/2024\/03\/Talkpal-Logo-Icon.png","width":2880,"height":2880,"caption":"Talkpal, Inc."},"image":{"@id":"https:\/\/talkpal.ai\/pt-pt\/#\/schema\/logo\/image\/"},"sameAs":["https:\/\/www.facebook.com\/profile.php?id=100090733639311","https:\/\/x.com\/talkpalai","https:\/\/www.linkedin.com\/company\/talkpal\/","https:\/\/www.youtube.com\/@TalkPal\/","https:\/\/www.tiktok.com\/@talkpal","https:\/\/www.instagram.com\/talkpal_ai\/","https:\/\/www.crunchbase.com\/organization\/talkpal-9cde","https:\/\/www.g2.com\/products\/talkpal-for-business\/","https:\/\/www.trustpilot.com\/review\/talkpal.ai","https:\/\/www.capterra.com\/p\/10006800\/TalkPal\/"],"description":"Talkpal is a language learning web and mobile education app, powered by the latest AI technologies, that provides engaging experiences to its customers in many different languages to help them improve their language skills. Users can chat about unlimited amount of topics with the app and use other modes to practice their language learning.","email":"support@talkpal.ai","legalName":"Talkpal, Inc.","foundingDate":"2023-04-03","duns":"118989042","numberOfEmployees":{"@type":"QuantitativeValue","minValue":"11","maxValue":"50"},"publishingPrinciples":"https:\/\/talkpal.ai\/publishing-principles\/","actionableFeedbackPolicy":"https:\/\/talkpal.ai\/actionable-feedback-policy\/","correctionsPolicy":"https:\/\/talkpal.ai\/corrections-policy\/","ethicsPolicy":"https:\/\/talkpal.ai\/ethics-policy\/","diversityPolicy":"https:\/\/talkpal.ai\/diversity-policy\/","diversityStaffingReport":"https:\/\/talkpal.ai\/diversity-policy\/"}]}},"_links":{"self":[{"href":"https:\/\/talkpal.ai\/pt-pt\/wp-json\/wp\/v2\/vocabulary\/776517","targetHints":{"allow":["GET"]}}],"collection":[{"href":"https:\/\/talkpal.ai\/pt-pt\/wp-json\/wp\/v2\/vocabulary"}],"about":[{"href":"https:\/\/talkpal.ai\/pt-pt\/wp-json\/wp\/v2\/types\/vocabulary"}],"wp:featuredmedia":[{"embeddable":true,"href":"https:\/\/talkpal.ai\/pt-pt\/wp-json\/wp\/v2\/media\/1527817"}],"wp:attachment":[{"href":"https:\/\/talkpal.ai\/pt-pt\/wp-json\/wp\/v2\/media?parent=776517"}],"wp:term":[{"taxonomy":"vocabulary_language","embeddable":true,"href":"https:\/\/talkpal.ai\/pt-pt\/wp-json\/wp\/v2\/vocabulary_language?post=776517"}],"curies":[{"name":"wp","href":"https:\/\/api.w.org\/{rel}","templated":true}]}}