{"id":776478,"date":"2024-06-12T14:19:02","date_gmt":"2024-06-12T14:19:02","guid":{"rendered":"https:\/\/talkpal.ai\/vocabulary\/%d0%b7%d0%b8%d0%bc%d0%b0-zima-vs-%d0%bb%d1%8f%d1%82%d0%be-lyato-inverno-vs-verao-em-bulgaro\/"},"modified":"2024-06-12T14:19:02","modified_gmt":"2024-06-12T14:19:02","slug":"%d0%b7%d0%b8%d0%bc%d0%b0-zima-vs-%d0%bb%d1%8f%d1%82%d0%be-lyato-inverno-vs-verao-em-bulgaro","status":"publish","type":"vocabulary","link":"https:\/\/talkpal.ai\/pt-pt\/vocabulary\/%d0%b7%d0%b8%d0%bc%d0%b0-zima-vs-%d0%bb%d1%8f%d1%82%d0%be-lyato-inverno-vs-verao-em-bulgaro\/","title":{"rendered":"\u0417\u0438\u043c\u0430 (Zima) vs. \u041b\u044f\u0442\u043e (Lyato) &#8211; Inverno vs. Ver\u00e3o em b\u00falgaro"},"content":{"rendered":"<p>O b\u00falgaro \u00e9 uma l\u00edngua eslava rica e fascinante, cheia de nuances que refletem a cultura e a hist\u00f3ria da Bulg\u00e1ria. Uma das maneiras mais interessantes de explorar esta l\u00edngua \u00e9 atrav\u00e9s das esta\u00e7\u00f5es do ano, que desempenham um papel significativo na vida cotidiana e nas tradi\u00e7\u00f5es do povo b\u00falgaro. Neste artigo, vamos focar em duas esta\u00e7\u00f5es opostas: <b>Inverno<\/b> e <b>Ver\u00e3o<\/b>, ou em b\u00falgaro, <b>\u0417\u0438\u043c\u0430<\/b> (<b>Zima<\/b>) e <b>\u041b\u044f\u0442\u043e<\/b> (<b>Lyato<\/b>). Vamos explorar o vocabul\u00e1rio, express\u00f5es e costumes associados a essas esta\u00e7\u00f5es, proporcionando uma vis\u00e3o abrangente para os <a href=\"https:\/\/talkpal.ai\/talkpal-discount-for-students\/\">estudantes<\/a> de <a href=\"https:\/\/talkpal.ai\/es\/clases-de-portugues-de-portugal-para-principiantes-aprende-facil-y-rapido\/\">portugu\u00eas de Portugal<\/a> que desejam <a href=\"https:\/\/talkpal.ai\/pt-pt\/aprender-bulgaro\/\">aprender b\u00falgaro<\/a>.<\/p>\n<h2>\u0417\u0438\u043c\u0430 (Zima) &#8211; Inverno<\/h2>\n<p>No b\u00falgaro, a palavra para <b>inverno<\/b> \u00e9 <b>\u0437\u0438\u043c\u0430<\/b> (<b>zima<\/b>). O <b>inverno<\/b> na Bulg\u00e1ria \u00e9 uma esta\u00e7\u00e3o marcante, com temperaturas que podem cair bastante, especialmente nas regi\u00f5es montanhosas. Vamos explorar alguns vocabul\u00e1rios e express\u00f5es comuns associadas ao <b>inverno<\/b>.<\/p>\n<h3>Vocabul\u00e1rio do Inverno<\/h3>\n<p>1. <b>\u0421\u043d\u044f\u0433<\/b> (<b>snyag<\/b>) &#8211; <b>Neve<\/b><br \/>\n2. <b>\u041b\u0435\u0434<\/b> (<b>led<\/b>) &#8211; <b>Gelo<\/b><br \/>\n3. <b>\u0421\u0442\u0443\u0434\u0435\u043d\u043e<\/b> (<b>studeno<\/b>) &#8211; <b>Frio<\/b><br \/>\n4. <b>\u0417\u0438\u043c\u0435\u043d<\/b> (<b>zimen<\/b>) &#8211; <b>Invernal<\/b><br \/>\n5. <b>\u041f\u0443\u043b\u043e\u0432\u0435\u0440<\/b> (<b>pulover<\/b>) &#8211; <b>Camisola<\/b> (de l\u00e3)<br \/>\n6. <b>\u0428\u0430\u043f\u043a\u0430<\/b> (<b>shapka<\/b>) &#8211; <b>Gorro<\/b><br \/>\n7. <b>\u0420\u044a\u043a\u0430\u0432\u0438\u0446\u0438<\/b> (<b>rakavitsi<\/b>) &#8211; <b>Luvas<\/b><br \/>\n8. <b>\u0411\u043e\u0442\u0443\u0448\u0438<\/b> (<b>botushi<\/b>) &#8211; <b>Botas<\/b><br \/>\n9. <b>\u041a\u043e\u043b\u0435\u0434\u0430<\/b> (<b>Koleda<\/b>) &#8211; <b>Natal<\/b><br \/>\n10. <b>\u041d\u043e\u0432\u0430 \u0433\u043e\u0434\u0438\u043d\u0430<\/b> (<b>Nova godina<\/b>) &#8211; <b>Ano Novo<\/b><\/p>\n<h3>Express\u00f5es Comuns do Inverno<\/h3>\n<p>1. <b>\u041d\u0430\u0432\u044a\u043d \u0435 \u043c\u043d\u043e\u0433\u043e \u0441\u0442\u0443\u0434\u0435\u043d\u043e<\/b> &#8211; Est\u00e1 muito frio l\u00e1 fora.<br \/>\n2. <b>\u0418\u043c\u0430 \u0441\u043d\u044f\u0433 \u043f\u043e \u0437\u0435\u043c\u044f\u0442\u0430<\/b> &#8211; H\u00e1 neve no ch\u00e3o.<br \/>\n3. <b>\u041f\u0440\u0430\u0437\u043d\u0443\u0432\u0430\u043c\u0435 \u041a\u043e\u043b\u0435\u0434\u0430 \u043f\u0440\u0435\u0437 \u0437\u0438\u043c\u0430\u0442\u0430<\/b> &#8211; Celebramos o <a href=\"https:\/\/talkpal.ai\/locations\/language-courses-in-natal\/\">Natal<\/a> no <b>inverno<\/b>.<br \/>\n4. <b>\u041e\u0431\u0438\u0447\u0430\u043c \u0434\u0430 \u043f\u0438\u044f \u0433\u043e\u0440\u0435\u0449 \u0448\u043e\u043a\u043e\u043b\u0430\u0434 \u043f\u0440\u0435\u0437 \u0437\u0438\u043c\u0430\u0442\u0430<\/b> &#8211; Adoro beber chocolate quente no <b>inverno<\/b>.<br \/>\n5. <b>\u0417\u0438\u043c\u0430\u0442\u0430 \u0435 \u0442\u0443\u043a<\/b> &#8211; O <b>inverno<\/b> est\u00e1 aqui.<\/p>\n<h3>Tradi\u00e7\u00f5es de Inverno na Bulg\u00e1ria<\/h3>\n<p>O <b>inverno<\/b> na Bulg\u00e1ria \u00e9 uma \u00e9poca cheia de tradi\u00e7\u00f5es. Um dos feriados mais importantes \u00e9 o <b>Natal<\/b> (<b>\u041a\u043e\u043b\u0435\u0434\u0430<\/b> &#8211; <b>Koleda<\/b>), que \u00e9 celebrado com uma s\u00e9rie de rituais e comidas t\u00edpicas. Na v\u00e9spera de <b>Natal<\/b>, \u00e9 comum preparar uma refei\u00e7\u00e3o vegetariana com pratos como feij\u00e3o, piment\u00e3o recheado e p\u00e3o especial conhecido como <b>\u043a\u043e\u043b\u0435\u0434\u043d\u0430 \u043f\u0438\u0442\u0430<\/b> (<b>koledna pita<\/b>).<\/p>\n<p>Outra tradi\u00e7\u00e3o importante \u00e9 a celebra\u00e7\u00e3o do <b>Ano Novo<\/b> (<b>\u041d\u043e\u0432\u0430 \u0433\u043e\u0434\u0438\u043d\u0430<\/b> &#8211; <b>Nova godina<\/b>). Muitas fam\u00edlias decoram suas casas com luzes e \u00e1rvores de <b>Natal<\/b>, e \u00e0 meia-noite do dia 31 de dezembro, h\u00e1 fogos de artif\u00edcio e brindes com champanhe.<\/p>\n<h2>\u041b\u044f\u0442\u043e (Lyato) &#8211; Ver\u00e3o<\/h2>\n<p>A palavra b\u00falgaro para <b>ver\u00e3o<\/b> \u00e9 <b>\u043b\u044f\u0442\u043e<\/b> (<b>lyato<\/b>). O <b>ver\u00e3o<\/b> na Bulg\u00e1ria \u00e9 uma esta\u00e7\u00e3o quente e vibrante, com muitas atividades ao ar livre e festivais. Vamos explorar o vocabul\u00e1rio e as express\u00f5es associadas ao <b>ver\u00e3o<\/b>.<\/p>\n<h3>Vocabul\u00e1rio do Ver\u00e3o<\/h3>\n<p>1. <b>\u0421\u043b\u044a\u043d\u0446\u0435<\/b> (<b>slantse<\/b>) &#8211; <b>Sol<\/b><br \/>\n2. <b>\u0413\u043e\u0440\u0435\u0449\u043e<\/b> (<b>goreshto<\/b>) &#8211; <b>Quente<\/b><br \/>\n3. <b>\u041c\u043e\u0440\u0435<\/b> (<b>more<\/b>) &#8211; <b>Mar<\/b><br \/>\n4. <b>\u041f\u043b\u0430\u0436<\/b> (<b>plazh<\/b>) &#8211; <b>Praia<\/b><br \/>\n5. <b>\u0411\u0430\u043d\u0441\u043a\u0438<\/b> (<b>banski<\/b>) &#8211; <b>Fato de banho<\/b><br \/>\n6. <b>\u0421\u043b\u044a\u043d\u0447\u0435\u0432\u0438 \u043e\u0447\u0438\u043b\u0430<\/b> (<b>slanchevi ochila<\/b>) &#8211; <b>\u00d3culos de sol<\/b><br \/>\n7. <b>\u041b\u044f\u0442\u043d\u0430 \u0440\u043e\u043a\u043b\u044f<\/b> (<b>lyatna roklia<\/b>) &#8211; <b>Vestido de ver\u00e3o<\/b><br \/>\n8. <b>\u041a\u043b\u0438\u043c\u0430\u0442\u0438\u043a<\/b> (<b>klimatik<\/b>) &#8211; <b>Ar condicionado<\/b><br \/>\n9. <b>\u041f\u0438\u043a\u043d\u0438\u043a<\/b> (<b>piknik<\/b>) &#8211; <b>Picnic<\/b><br \/>\n10. <b>\u0424\u0435\u0441\u0442\u0438\u0432\u0430\u043b<\/b> (<b>festival<\/b>) &#8211; <b>Festival<\/b><\/p>\n<h3>Express\u00f5es Comuns do Ver\u00e3o<\/h3>\n<p>1. <b>\u041d\u0430\u0432\u044a\u043d \u0435 \u043c\u043d\u043e\u0433\u043e \u0433\u043e\u0440\u0435\u0449\u043e<\/b> &#8211; Est\u00e1 muito quente l\u00e1 fora.<br \/>\n2. <b>\u041e\u0431\u0438\u0447\u0430\u043c \u0434\u0430 \u0445\u043e\u0434\u044f \u043d\u0430 \u043f\u043b\u0430\u0436\u0430 \u043f\u0440\u0435\u0437 \u043b\u044f\u0442\u043e\u0442\u043e<\/b> &#8211; Adoro ir \u00e0 praia no <b>ver\u00e3o<\/b>.<br \/>\n3. <b>\u041d\u043e\u0441\u0435\u0442\u0435 \u0441\u043b\u044a\u043d\u0447\u0435\u0432\u0438 \u043e\u0447\u0438\u043b\u0430<\/b> &#8211; Use \u00f3culos de sol.<br \/>\n4. <b>\u041b\u044f\u0442\u043e\u0442\u043e \u0435 \u043b\u044e\u0431\u0438\u043c\u0438\u044f\u0442 \u043c\u0438 \u0441\u0435\u0437\u043e\u043d<\/b> &#8211; O <b>ver\u00e3o<\/b> \u00e9 a minha esta\u00e7\u00e3o favorita.<br \/>\n5. <b>\u041e\u0440\u0433\u0430\u043d\u0438\u0437\u0438\u0440\u0430\u043c\u0435 \u043f\u0438\u043a\u043d\u0438\u043a \u0432 \u043f\u0430\u0440\u043a\u0430<\/b> &#8211; Estamos a organizar um picnic no parque.<\/p>\n<h3>Tradi\u00e7\u00f5es de Ver\u00e3o na Bulg\u00e1ria<\/h3>\n<p>O <b>ver\u00e3o<\/b> na Bulg\u00e1ria \u00e9 repleto de festivais e eventos culturais. Um dos mais conhecidos \u00e9 o <b>Festival de Varna<\/b> (<b>\u0412\u0430\u0440\u043d\u0435\u043d\u0441\u043a\u0438 \u0444\u0435\u0441\u0442\u0438\u0432\u0430\u043b<\/b> &#8211; <b>Varnenski festival<\/b>), que acontece na cidade costeira de Varna e inclui concertos, teatro e dan\u00e7a.<\/p>\n<p>Al\u00e9m disso, muitos b\u00falgaros aproveitam o <b>ver\u00e3o<\/b> para viajar para as praias do Mar Negro, onde podem desfrutar do sol, do mar e de uma variedade de atividades aqu\u00e1ticas. As praias b\u00falgaras s\u00e3o famosas por sua beleza natural e \u00e1guas cristalinas.<\/p>\n<p>Outra tradi\u00e7\u00e3o popular \u00e9 a celebra\u00e7\u00e3o do <b>Dia de S\u00e3o Jo\u00e3o<\/b> (<b>\u0415\u043d\u044c\u043e\u0432\u0434\u0435\u043d<\/b> &#8211; <b>Enyovden<\/b>), que ocorre no final de junho. Este dia \u00e9 marcado por rituais ligados \u00e0 natureza e \u00e0 colheita de ervas medicinais, que se acredita terem poderes especiais quando colhidas nesta data.<\/p>\n<h2>Comparando Inverno e Ver\u00e3o<\/h2>\n<p>Comparar as esta\u00e7\u00f5es do <b>inverno<\/b> e <b>ver\u00e3o<\/b> pode ser uma maneira eficaz de aprender novas palavras e express\u00f5es em b\u00falgaro. Vejamos algumas diferen\u00e7as e semelhan\u00e7as entre as duas esta\u00e7\u00f5es.<\/p>\n<h3>Clima<\/h3>\n<p>No <b>inverno<\/b>, as temperaturas na Bulg\u00e1ria podem cair significativamente, especialmente em regi\u00f5es montanhosas, onde a neve \u00e9 comum. Por outro lado, no <b>ver\u00e3o<\/b>, as temperaturas podem subir bastante, especialmente nas \u00e1reas costeiras, onde o sol brilha intensamente.<\/p>\n<p>&#8211; <b>\u0417\u0438\u043c\u0430<\/b> (<b>zima<\/b>): <b>\u0421\u0442\u0443\u0434\u0435\u043d\u043e<\/b> (<b>studeno<\/b>), <b>\u0421\u043d\u044f\u0433<\/b> (<b>snyag<\/b>), <b>\u041b\u0435\u0434<\/b> (<b>led<\/b>)<br \/>\n&#8211; <b>\u041b\u044f\u0442\u043e<\/b> (<b>lyato<\/b>): <b>\u0413\u043e\u0440\u0435\u0449\u043e<\/b> (<b>goreshto<\/b>), <b>\u0421\u043b\u044a\u043d\u0446\u0435<\/b> (<b>slantse<\/b>), <b>\u041c\u043e\u0440\u0435<\/b> (<b>more<\/b>)<\/p>\n<h3>Roupas<\/h3>\n<p>As roupas usadas no <b>inverno<\/b> e no <b>ver\u00e3o<\/b> tamb\u00e9m diferem bastante. No <b>inverno<\/b>, \u00e9 comum usar roupas mais pesadas e quentes, como casacos, gorros e luvas. No <b>ver\u00e3o<\/b>, as roupas s\u00e3o mais leves e frescas, como t-shirts, cal\u00e7\u00f5es e vestidos.<\/p>\n<p>&#8211; <b>\u0417\u0438\u043c\u0430<\/b> (<b>zima<\/b>): <b>\u041f\u0443\u043b\u043e\u0432\u0435\u0440<\/b> (<b>pulover<\/b>), <b>\u0428\u0430\u043f\u043a\u0430<\/b> (<b>shapka<\/b>), <b>\u0420\u044a\u043a\u0430\u0432\u0438\u0446\u0438<\/b> (<b>rakavitsi<\/b>)<br \/>\n&#8211; <b>\u041b\u044f\u0442\u043e<\/b> (<b>lyato<\/b>): <b>\u0411\u0430\u043d\u0441\u043a\u0438<\/b> (<b>banski<\/b>), <b>\u041b\u044f\u0442\u043d\u0430 \u0440\u043e\u043a\u043b\u044f<\/b> (<b>lyatna roklia<\/b>), <b>\u0421\u043b\u044a\u043d\u0447\u0435\u0432\u0438 \u043e\u0447\u0438\u043b\u0430<\/b> (<b>slanchevi ochila<\/b>)<\/p>\n<h3>Atividades<\/h3>\n<p>As atividades t\u00edpicas do <b>inverno<\/b> e do <b>ver\u00e3o<\/b> tamb\u00e9m variam. No <b>inverno<\/b>, muitas pessoas praticam esportes de neve, como esqui e snowboard. No <b>ver\u00e3o<\/b>, as atividades ao ar livre, como ir \u00e0 praia, fazer caminhadas e participar de festivais, s\u00e3o mais comuns.<\/p>\n<p>&#8211; <b>\u0417\u0438\u043c\u0430<\/b> (<b>zima<\/b>): <b>\u0421\u043a\u0438<\/b> (<b>ski<\/b>), <b>\u0421\u043d\u043e\u0443\u0431\u043e\u0440\u0434<\/b> (<b>snowboard<\/b>), <b>\u041a\u043e\u043b\u0435\u0434\u0430<\/b> (<b>Koleda<\/b>)<br \/>\n&#8211; <b>\u041b\u044f\u0442\u043e<\/b> (<b>lyato<\/b>): <b>\u041f\u043b\u0430\u0436<\/b> (<b>plazh<\/b>), <b>\u041f\u0438\u043a\u043d\u0438\u043a<\/b> (<b>piknik<\/b>), <b>\u0424\u0435\u0441\u0442\u0438\u0432\u0430\u043b<\/b> (<b>festival<\/b>)<\/p>\n<h2>Conclus\u00e3o<\/h2>\n<p>Aprender sobre as esta\u00e7\u00f5es do <b>inverno<\/b> e do <b>ver\u00e3o<\/b> em b\u00falgaro n\u00e3o \u00e9 apenas uma maneira de expandir seu vocabul\u00e1rio, mas tamb\u00e9m de se conectar com a cultura e as tradi\u00e7\u00f5es da Bulg\u00e1ria. Seja explorando as paisagens nevadas do <b>inverno<\/b> ou desfrutando das praias ensolaradas do <b>ver\u00e3o<\/b>, cada esta\u00e7\u00e3o oferece uma riqueza de experi\u00eancias e aprendizado.<\/p>\n<p>Espero que este artigo tenha proporcionado uma vis\u00e3o \u00fatil e interessante sobre as esta\u00e7\u00f5es do <b>inverno<\/b> (<b>\u0437\u0438\u043c\u0430<\/b> &#8211; <b>zima<\/b>) e do <b>ver\u00e3o<\/b> (<b>\u043b\u044f\u0442\u043e<\/b> &#8211; <b>lyato<\/b>) em b\u00falgaro. Continuem a praticar e a explorar esta bela l\u00edngua!<\/p>\n","protected":false},"featured_media":1527994,"template":"","vocabulary_language":[4094],"class_list":["post-776478","vocabulary","type-vocabulary","status-publish","has-post-thumbnail","hentry","vocabulary_language-bulgaro-pt-pt"],"acf":[],"yoast_head":"<!-- This site is optimized with the Yoast SEO Premium plugin v27.2 (Yoast SEO v27.2) - https:\/\/yoast.com\/product\/yoast-seo-premium-wordpress\/ -->\n<title>\u0417\u0438\u043c\u0430 (Zima) vs. \u041b\u044f\u0442\u043e (Lyato) - Inverno vs. Ver\u00e3o em b\u00falgaro - Talkpal<\/title>\n<meta name=\"description\" content=\"O b\u00falgaro \u00e9 uma l\u00edngua eslava rica e fascinante, cheia de nuances que refletem a cultura e a hist\u00f3ria da Bulg\u00e1ria. Uma das maneiras mais interessantes de\" \/>\n<meta name=\"robots\" content=\"index, follow, max-snippet:-1, max-image-preview:large, max-video-preview:-1\" \/>\n<link rel=\"canonical\" href=\"https:\/\/talkpal.ai\/pt-pt\/vocabulary\/%d0%b7%d0%b8%d0%bc%d0%b0-zima-vs-%d0%bb%d1%8f%d1%82%d0%be-lyato-inverno-vs-verao-em-bulgaro\/\" \/>\n<meta property=\"og:locale\" content=\"pt_PT\" \/>\n<meta property=\"og:type\" content=\"article\" \/>\n<meta property=\"og:title\" content=\"\u0417\u0438\u043c\u0430 (Zima) vs. \u041b\u044f\u0442\u043e (Lyato) - Inverno vs. Ver\u00e3o em b\u00falgaro\" \/>\n<meta property=\"og:description\" content=\"O b\u00falgaro \u00e9 uma l\u00edngua eslava rica e fascinante, cheia de nuances que refletem a cultura e a hist\u00f3ria da Bulg\u00e1ria. Uma das maneiras mais interessantes de\" \/>\n<meta property=\"og:url\" content=\"https:\/\/talkpal.ai\/pt-pt\/vocabulary\/%d0%b7%d0%b8%d0%bc%d0%b0-zima-vs-%d0%bb%d1%8f%d1%82%d0%be-lyato-inverno-vs-verao-em-bulgaro\/\" \/>\n<meta property=\"og:site_name\" content=\"Talkpal\" \/>\n<meta property=\"article:publisher\" content=\"https:\/\/www.facebook.com\/profile.php?id=100090733639311\" \/>\n<meta property=\"og:image\" content=\"https:\/\/talkpal.ai\/wp-content\/uploads\/2024\/10\/talkpal_flat_illustration_of_a_employees_working_together_happi_c674ff77-e477-4e09-835a-01d30e561e99.png\" \/>\n\t<meta property=\"og:image:width\" content=\"1024\" \/>\n\t<meta property=\"og:image:height\" content=\"1024\" \/>\n\t<meta property=\"og:image:type\" content=\"image\/png\" \/>\n<meta name=\"twitter:card\" content=\"summary_large_image\" \/>\n<meta name=\"twitter:site\" content=\"@talkpalai\" \/>\n<meta name=\"twitter:label1\" content=\"Tempo estimado de leitura\" \/>\n\t<meta name=\"twitter:data1\" content=\"5 minutos\" \/>\n<script type=\"application\/ld+json\" class=\"yoast-schema-graph\">{\"@context\":\"https:\/\/schema.org\",\"@graph\":[{\"@type\":\"WebPage\",\"@id\":\"https:\/\/talkpal.ai\/pt-pt\/vocabulary\/%d0%b7%d0%b8%d0%bc%d0%b0-zima-vs-%d0%bb%d1%8f%d1%82%d0%be-lyato-inverno-vs-verao-em-bulgaro\/\",\"url\":\"https:\/\/talkpal.ai\/pt-pt\/vocabulary\/%d0%b7%d0%b8%d0%bc%d0%b0-zima-vs-%d0%bb%d1%8f%d1%82%d0%be-lyato-inverno-vs-verao-em-bulgaro\/\",\"name\":\"\u0417\u0438\u043c\u0430 (Zima) vs. \u041b\u044f\u0442\u043e (Lyato) - Inverno vs. Ver\u00e3o em b\u00falgaro - Talkpal\",\"isPartOf\":{\"@id\":\"https:\/\/talkpal.ai\/pt-pt\/#website\"},\"primaryImageOfPage\":{\"@id\":\"https:\/\/talkpal.ai\/pt-pt\/vocabulary\/%d0%b7%d0%b8%d0%bc%d0%b0-zima-vs-%d0%bb%d1%8f%d1%82%d0%be-lyato-inverno-vs-verao-em-bulgaro\/#primaryimage\"},\"image\":{\"@id\":\"https:\/\/talkpal.ai\/pt-pt\/vocabulary\/%d0%b7%d0%b8%d0%bc%d0%b0-zima-vs-%d0%bb%d1%8f%d1%82%d0%be-lyato-inverno-vs-verao-em-bulgaro\/#primaryimage\"},\"thumbnailUrl\":\"https:\/\/talkpal.ai\/wp-content\/uploads\/2025\/12\/students-use-tablets-to-learn-languages.webp\",\"datePublished\":\"2024-06-12T14:19:02+00:00\",\"description\":\"O b\u00falgaro \u00e9 uma l\u00edngua eslava rica e fascinante, cheia de nuances que refletem a cultura e a hist\u00f3ria da Bulg\u00e1ria. Uma das maneiras mais interessantes de\",\"breadcrumb\":{\"@id\":\"https:\/\/talkpal.ai\/pt-pt\/vocabulary\/%d0%b7%d0%b8%d0%bc%d0%b0-zima-vs-%d0%bb%d1%8f%d1%82%d0%be-lyato-inverno-vs-verao-em-bulgaro\/#breadcrumb\"},\"inLanguage\":\"pt-PT\",\"potentialAction\":[{\"@type\":\"ReadAction\",\"target\":[\"https:\/\/talkpal.ai\/pt-pt\/vocabulary\/%d0%b7%d0%b8%d0%bc%d0%b0-zima-vs-%d0%bb%d1%8f%d1%82%d0%be-lyato-inverno-vs-verao-em-bulgaro\/\"]}]},{\"@type\":\"ImageObject\",\"inLanguage\":\"pt-PT\",\"@id\":\"https:\/\/talkpal.ai\/pt-pt\/vocabulary\/%d0%b7%d0%b8%d0%bc%d0%b0-zima-vs-%d0%bb%d1%8f%d1%82%d0%be-lyato-inverno-vs-verao-em-bulgaro\/#primaryimage\",\"url\":\"https:\/\/talkpal.ai\/wp-content\/uploads\/2025\/12\/students-use-tablets-to-learn-languages.webp\",\"contentUrl\":\"https:\/\/talkpal.ai\/wp-content\/uploads\/2025\/12\/students-use-tablets-to-learn-languages.webp\",\"width\":1200,\"height\":896,\"caption\":\"Three people use digital tablets and books for learning languages at an outdoor table during sunset.\"},{\"@type\":\"BreadcrumbList\",\"@id\":\"https:\/\/talkpal.ai\/pt-pt\/vocabulary\/%d0%b7%d0%b8%d0%bc%d0%b0-zima-vs-%d0%bb%d1%8f%d1%82%d0%be-lyato-inverno-vs-verao-em-bulgaro\/#breadcrumb\",\"itemListElement\":[{\"@type\":\"ListItem\",\"position\":1,\"name\":\"Homepage\",\"item\":\"https:\/\/talkpal.ai\/pt-pt\/\"},{\"@type\":\"ListItem\",\"position\":2,\"name\":\"\u0417\u0438\u043c\u0430 (Zima) vs. \u041b\u044f\u0442\u043e (Lyato) &#8211; Inverno vs. Ver\u00e3o em b\u00falgaro\"}]},{\"@type\":\"WebSite\",\"@id\":\"https:\/\/talkpal.ai\/pt-pt\/#website\",\"url\":\"https:\/\/talkpal.ai\/pt-pt\/\",\"name\":\"Talkpal\",\"description\":\"AI Language Learning\",\"publisher\":{\"@id\":\"https:\/\/talkpal.ai\/pt-pt\/#organization\"},\"alternateName\":\"Talkpal AI\",\"potentialAction\":[{\"@type\":\"SearchAction\",\"target\":{\"@type\":\"EntryPoint\",\"urlTemplate\":\"https:\/\/talkpal.ai\/pt-pt\/?s={search_term_string}\"},\"query-input\":{\"@type\":\"PropertyValueSpecification\",\"valueRequired\":true,\"valueName\":\"search_term_string\"}}],\"inLanguage\":\"pt-PT\"},{\"@type\":\"Organization\",\"@id\":\"https:\/\/talkpal.ai\/pt-pt\/#organization\",\"name\":\"Talkpal, Inc.\",\"alternateName\":\"Talkpal AI\",\"url\":\"https:\/\/talkpal.ai\/pt-pt\/\",\"logo\":{\"@type\":\"ImageObject\",\"inLanguage\":\"pt-PT\",\"@id\":\"https:\/\/talkpal.ai\/pt-pt\/#\/schema\/logo\/image\/\",\"url\":\"https:\/\/talkpal.ai\/wp-content\/uploads\/2024\/03\/Talkpal-Logo-Icon.png\",\"contentUrl\":\"https:\/\/talkpal.ai\/wp-content\/uploads\/2024\/03\/Talkpal-Logo-Icon.png\",\"width\":2880,\"height\":2880,\"caption\":\"Talkpal, Inc.\"},\"image\":{\"@id\":\"https:\/\/talkpal.ai\/pt-pt\/#\/schema\/logo\/image\/\"},\"sameAs\":[\"https:\/\/www.facebook.com\/profile.php?id=100090733639311\",\"https:\/\/x.com\/talkpalai\",\"https:\/\/www.linkedin.com\/company\/talkpal\/\",\"https:\/\/www.youtube.com\/@TalkPal\/\",\"https:\/\/www.tiktok.com\/@talkpal\",\"https:\/\/www.instagram.com\/talkpal_ai\/\",\"https:\/\/www.crunchbase.com\/organization\/talkpal-9cde\",\"https:\/\/www.g2.com\/products\/talkpal-for-business\/\",\"https:\/\/www.trustpilot.com\/review\/talkpal.ai\",\"https:\/\/www.capterra.com\/p\/10006800\/TalkPal\/\"],\"description\":\"Talkpal is a language learning web and mobile education app, powered by the latest AI technologies, that provides engaging experiences to its customers in many different languages to help them improve their language skills. Users can chat about unlimited amount of topics with the app and use other modes to practice their language learning.\",\"email\":\"support@talkpal.ai\",\"legalName\":\"Talkpal, Inc.\",\"foundingDate\":\"2023-04-03\",\"duns\":\"118989042\",\"numberOfEmployees\":{\"@type\":\"QuantitativeValue\",\"minValue\":\"11\",\"maxValue\":\"50\"},\"publishingPrinciples\":\"https:\/\/talkpal.ai\/publishing-principles\/\",\"actionableFeedbackPolicy\":\"https:\/\/talkpal.ai\/actionable-feedback-policy\/\",\"correctionsPolicy\":\"https:\/\/talkpal.ai\/corrections-policy\/\",\"ethicsPolicy\":\"https:\/\/talkpal.ai\/ethics-policy\/\",\"diversityPolicy\":\"https:\/\/talkpal.ai\/diversity-policy\/\",\"diversityStaffingReport\":\"https:\/\/talkpal.ai\/diversity-policy\/\"}]}<\/script>\n<!-- \/ Yoast SEO Premium plugin. -->","yoast_head_json":{"title":"\u0417\u0438\u043c\u0430 (Zima) vs. \u041b\u044f\u0442\u043e (Lyato) - Inverno vs. Ver\u00e3o em b\u00falgaro - Talkpal","description":"O b\u00falgaro \u00e9 uma l\u00edngua eslava rica e fascinante, cheia de nuances que refletem a cultura e a hist\u00f3ria da Bulg\u00e1ria. Uma das maneiras mais interessantes de","robots":{"index":"index","follow":"follow","max-snippet":"max-snippet:-1","max-image-preview":"max-image-preview:large","max-video-preview":"max-video-preview:-1"},"canonical":"https:\/\/talkpal.ai\/pt-pt\/vocabulary\/%d0%b7%d0%b8%d0%bc%d0%b0-zima-vs-%d0%bb%d1%8f%d1%82%d0%be-lyato-inverno-vs-verao-em-bulgaro\/","og_locale":"pt_PT","og_type":"article","og_title":"\u0417\u0438\u043c\u0430 (Zima) vs. \u041b\u044f\u0442\u043e (Lyato) - Inverno vs. Ver\u00e3o em b\u00falgaro","og_description":"O b\u00falgaro \u00e9 uma l\u00edngua eslava rica e fascinante, cheia de nuances que refletem a cultura e a hist\u00f3ria da Bulg\u00e1ria. Uma das maneiras mais interessantes de","og_url":"https:\/\/talkpal.ai\/pt-pt\/vocabulary\/%d0%b7%d0%b8%d0%bc%d0%b0-zima-vs-%d0%bb%d1%8f%d1%82%d0%be-lyato-inverno-vs-verao-em-bulgaro\/","og_site_name":"Talkpal","article_publisher":"https:\/\/www.facebook.com\/profile.php?id=100090733639311","og_image":[{"width":1024,"height":1024,"url":"https:\/\/talkpal.ai\/wp-content\/uploads\/2024\/10\/talkpal_flat_illustration_of_a_employees_working_together_happi_c674ff77-e477-4e09-835a-01d30e561e99.png","type":"image\/png"}],"twitter_card":"summary_large_image","twitter_site":"@talkpalai","twitter_misc":{"Tempo estimado de leitura":"5 minutos"},"schema":{"@context":"https:\/\/schema.org","@graph":[{"@type":"WebPage","@id":"https:\/\/talkpal.ai\/pt-pt\/vocabulary\/%d0%b7%d0%b8%d0%bc%d0%b0-zima-vs-%d0%bb%d1%8f%d1%82%d0%be-lyato-inverno-vs-verao-em-bulgaro\/","url":"https:\/\/talkpal.ai\/pt-pt\/vocabulary\/%d0%b7%d0%b8%d0%bc%d0%b0-zima-vs-%d0%bb%d1%8f%d1%82%d0%be-lyato-inverno-vs-verao-em-bulgaro\/","name":"\u0417\u0438\u043c\u0430 (Zima) vs. \u041b\u044f\u0442\u043e (Lyato) - Inverno vs. Ver\u00e3o em b\u00falgaro - Talkpal","isPartOf":{"@id":"https:\/\/talkpal.ai\/pt-pt\/#website"},"primaryImageOfPage":{"@id":"https:\/\/talkpal.ai\/pt-pt\/vocabulary\/%d0%b7%d0%b8%d0%bc%d0%b0-zima-vs-%d0%bb%d1%8f%d1%82%d0%be-lyato-inverno-vs-verao-em-bulgaro\/#primaryimage"},"image":{"@id":"https:\/\/talkpal.ai\/pt-pt\/vocabulary\/%d0%b7%d0%b8%d0%bc%d0%b0-zima-vs-%d0%bb%d1%8f%d1%82%d0%be-lyato-inverno-vs-verao-em-bulgaro\/#primaryimage"},"thumbnailUrl":"https:\/\/talkpal.ai\/wp-content\/uploads\/2025\/12\/students-use-tablets-to-learn-languages.webp","datePublished":"2024-06-12T14:19:02+00:00","description":"O b\u00falgaro \u00e9 uma l\u00edngua eslava rica e fascinante, cheia de nuances que refletem a cultura e a hist\u00f3ria da Bulg\u00e1ria. Uma das maneiras mais interessantes de","breadcrumb":{"@id":"https:\/\/talkpal.ai\/pt-pt\/vocabulary\/%d0%b7%d0%b8%d0%bc%d0%b0-zima-vs-%d0%bb%d1%8f%d1%82%d0%be-lyato-inverno-vs-verao-em-bulgaro\/#breadcrumb"},"inLanguage":"pt-PT","potentialAction":[{"@type":"ReadAction","target":["https:\/\/talkpal.ai\/pt-pt\/vocabulary\/%d0%b7%d0%b8%d0%bc%d0%b0-zima-vs-%d0%bb%d1%8f%d1%82%d0%be-lyato-inverno-vs-verao-em-bulgaro\/"]}]},{"@type":"ImageObject","inLanguage":"pt-PT","@id":"https:\/\/talkpal.ai\/pt-pt\/vocabulary\/%d0%b7%d0%b8%d0%bc%d0%b0-zima-vs-%d0%bb%d1%8f%d1%82%d0%be-lyato-inverno-vs-verao-em-bulgaro\/#primaryimage","url":"https:\/\/talkpal.ai\/wp-content\/uploads\/2025\/12\/students-use-tablets-to-learn-languages.webp","contentUrl":"https:\/\/talkpal.ai\/wp-content\/uploads\/2025\/12\/students-use-tablets-to-learn-languages.webp","width":1200,"height":896,"caption":"Three people use digital tablets and books for learning languages at an outdoor table during sunset."},{"@type":"BreadcrumbList","@id":"https:\/\/talkpal.ai\/pt-pt\/vocabulary\/%d0%b7%d0%b8%d0%bc%d0%b0-zima-vs-%d0%bb%d1%8f%d1%82%d0%be-lyato-inverno-vs-verao-em-bulgaro\/#breadcrumb","itemListElement":[{"@type":"ListItem","position":1,"name":"Homepage","item":"https:\/\/talkpal.ai\/pt-pt\/"},{"@type":"ListItem","position":2,"name":"\u0417\u0438\u043c\u0430 (Zima) vs. \u041b\u044f\u0442\u043e (Lyato) &#8211; Inverno vs. Ver\u00e3o em b\u00falgaro"}]},{"@type":"WebSite","@id":"https:\/\/talkpal.ai\/pt-pt\/#website","url":"https:\/\/talkpal.ai\/pt-pt\/","name":"Talkpal","description":"AI Language Learning","publisher":{"@id":"https:\/\/talkpal.ai\/pt-pt\/#organization"},"alternateName":"Talkpal AI","potentialAction":[{"@type":"SearchAction","target":{"@type":"EntryPoint","urlTemplate":"https:\/\/talkpal.ai\/pt-pt\/?s={search_term_string}"},"query-input":{"@type":"PropertyValueSpecification","valueRequired":true,"valueName":"search_term_string"}}],"inLanguage":"pt-PT"},{"@type":"Organization","@id":"https:\/\/talkpal.ai\/pt-pt\/#organization","name":"Talkpal, Inc.","alternateName":"Talkpal AI","url":"https:\/\/talkpal.ai\/pt-pt\/","logo":{"@type":"ImageObject","inLanguage":"pt-PT","@id":"https:\/\/talkpal.ai\/pt-pt\/#\/schema\/logo\/image\/","url":"https:\/\/talkpal.ai\/wp-content\/uploads\/2024\/03\/Talkpal-Logo-Icon.png","contentUrl":"https:\/\/talkpal.ai\/wp-content\/uploads\/2024\/03\/Talkpal-Logo-Icon.png","width":2880,"height":2880,"caption":"Talkpal, Inc."},"image":{"@id":"https:\/\/talkpal.ai\/pt-pt\/#\/schema\/logo\/image\/"},"sameAs":["https:\/\/www.facebook.com\/profile.php?id=100090733639311","https:\/\/x.com\/talkpalai","https:\/\/www.linkedin.com\/company\/talkpal\/","https:\/\/www.youtube.com\/@TalkPal\/","https:\/\/www.tiktok.com\/@talkpal","https:\/\/www.instagram.com\/talkpal_ai\/","https:\/\/www.crunchbase.com\/organization\/talkpal-9cde","https:\/\/www.g2.com\/products\/talkpal-for-business\/","https:\/\/www.trustpilot.com\/review\/talkpal.ai","https:\/\/www.capterra.com\/p\/10006800\/TalkPal\/"],"description":"Talkpal is a language learning web and mobile education app, powered by the latest AI technologies, that provides engaging experiences to its customers in many different languages to help them improve their language skills. Users can chat about unlimited amount of topics with the app and use other modes to practice their language learning.","email":"support@talkpal.ai","legalName":"Talkpal, Inc.","foundingDate":"2023-04-03","duns":"118989042","numberOfEmployees":{"@type":"QuantitativeValue","minValue":"11","maxValue":"50"},"publishingPrinciples":"https:\/\/talkpal.ai\/publishing-principles\/","actionableFeedbackPolicy":"https:\/\/talkpal.ai\/actionable-feedback-policy\/","correctionsPolicy":"https:\/\/talkpal.ai\/corrections-policy\/","ethicsPolicy":"https:\/\/talkpal.ai\/ethics-policy\/","diversityPolicy":"https:\/\/talkpal.ai\/diversity-policy\/","diversityStaffingReport":"https:\/\/talkpal.ai\/diversity-policy\/"}]}},"_links":{"self":[{"href":"https:\/\/talkpal.ai\/pt-pt\/wp-json\/wp\/v2\/vocabulary\/776478","targetHints":{"allow":["GET"]}}],"collection":[{"href":"https:\/\/talkpal.ai\/pt-pt\/wp-json\/wp\/v2\/vocabulary"}],"about":[{"href":"https:\/\/talkpal.ai\/pt-pt\/wp-json\/wp\/v2\/types\/vocabulary"}],"wp:featuredmedia":[{"embeddable":true,"href":"https:\/\/talkpal.ai\/pt-pt\/wp-json\/wp\/v2\/media\/1527994"}],"wp:attachment":[{"href":"https:\/\/talkpal.ai\/pt-pt\/wp-json\/wp\/v2\/media?parent=776478"}],"wp:term":[{"taxonomy":"vocabulary_language","embeddable":true,"href":"https:\/\/talkpal.ai\/pt-pt\/wp-json\/wp\/v2\/vocabulary_language?post=776478"}],"curies":[{"name":"wp","href":"https:\/\/api.w.org\/{rel}","templated":true}]}}