{"id":713219,"date":"2024-06-08T15:07:01","date_gmt":"2024-06-08T15:07:01","guid":{"rendered":"https:\/\/talkpal.ai\/vocabulary\/termos-e-frases-historicas-em-vietnamita\/"},"modified":"2024-06-08T15:07:01","modified_gmt":"2024-06-08T15:07:01","slug":"termos-e-frases-historicas-em-vietnamita","status":"publish","type":"vocabulary","link":"https:\/\/talkpal.ai\/pt-pt\/vocabulary\/termos-e-frases-historicas-em-vietnamita\/","title":{"rendered":"Termos e frases hist\u00f3ricas em vietnamita"},"content":{"rendered":"<p>O <a href=\"https:\/\/talkpal.ai\/learn-vietnamese\/\">Vietnamita<\/a> \u00e9 uma l\u00edngua rica em hist\u00f3ria e cultura, com uma longa tradi\u00e7\u00e3o que remonta a milhares de anos. Conhecer termos e frases hist\u00f3ricas em <a href=\"https:\/\/talkpal.ai\/learn-vietnamese\/\">vietnamita<\/a> n\u00e3o s\u00f3 ajuda a compreender <a href=\"https:\/\/talkpal.ai\/es\/la-mejor-aplicacion-de-conversacion-con-ia\/\">melhor<\/a> a l\u00edngua, mas tamb\u00e9m a cultura e a hist\u00f3ria do Vietname. Neste artigo, vamos explorar algumas palavras e frases importantes que t\u00eam signific\u00e2ncia hist\u00f3rica no contexto vietnamita.<\/p>\n<h2>Palavras e Frases Hist\u00f3ricas<\/h2>\n<h3>\u0110\u1ea1i Vi\u1ec7t<\/h3>\n<p><b>\u0110\u1ea1i Vi\u1ec7t<\/b> refere-se ao antigo nome do Vietname durante v\u00e1rios per\u00edodos da sua hist\u00f3ria, especialmente durante as dinastias L\u00fd, Tr\u1ea7n e L\u00ea. Este termo \u00e9 um s\u00edmbolo de orgulho nacional e identidade cultural.<\/p>\n<p><font color=\"#2D3AC7\">Ng\u01b0\u1eddi d\u00e2n \u0110\u1ea1i Vi\u1ec7t r\u1ea5t t\u1ef1 h\u00e0o <a href=\"https:\/\/talkpal.ai\/vi\/ve\/\">v\u1ec1<\/a> l\u1ecbch s\u1eed c\u1ee7a m\u00ecnh.<\/font><\/p>\n<h3>H\u1ed3 Ch\u00ed Minh<\/h3>\n<p><b>H\u1ed3 Ch\u00ed Minh<\/b> foi um l\u00edder revolucion\u00e1rio vietnamita e o principal arquiteto da Rep\u00fablica Democr\u00e1tica do Vietname. Ele \u00e9 uma figura <a href=\"https:\/\/talkpal.ai\/locations\/language-courses-in-central\/\">central<\/a> na hist\u00f3ria moderna do Vietname e \u00e9 reverenciado <a href=\"https:\/\/talkpal.ai\/locations\/language-courses-in-como\/\">como<\/a> o &#8220;pai da na\u00e7\u00e3o&#8221;.<\/p>\n<p><font color=\"#2D3AC7\">H\u1ed3 Ch\u00ed Minh l\u00e0 m\u1ed9t l\u00e3nh t\u1ee5 v\u0129 \u0111\u1ea1i c\u1ee7a Vi\u1ec7t Nam.<\/font><\/p>\n<h3>Chi\u1ebfn tranh Vi\u1ec7t Nam<\/h3>\n<p><b>Chi\u1ebfn tranh Vi\u1ec7t Nam<\/b> refere-se \u00e0 <a href=\"https:\/\/talkpal.ai\/locations\/language-courses-in-guerra\/\">Guerra<\/a> do Vietname, um conflito que ocorreu de 1955 a 1975 entre o Vietname do Norte, apoiado por aliados comunistas, e o Vietname do Sul, apoiado pelos Estados Unidos e outros pa\u00edses anticomunistas. Este evento moldou significativamente a <a href=\"https:\/\/talkpal.ai\/pt-pt\/culture\/historia-contemporanea-de-portugal-termos-e-expressoes\/\">hist\u00f3ria contempor\u00e2nea<\/a> do Vietname.<\/p>\n<p><font color=\"#2D3AC7\">Chi\u1ebfn tranh Vi\u1ec7t Nam \u0111\u00e3 \u0111\u1ec3 l\u1ea1i nhi\u1ec1u h\u1eadu qu\u1ea3 n\u1eb7ng n\u1ec1.<\/font><\/p>\n<h3>\u0110\u1ea3ng C\u1ed9ng s\u1ea3n Vi\u1ec7t Nam<\/h3>\n<p><b>\u0110\u1ea3ng C\u1ed9ng s\u1ea3n Vi\u1ec7t Nam<\/b> \u00e9 o partido pol\u00edtico que governa o Vietname desde 1975. Fundado em 1930, o partido desempenhou um papel crucial na luta pela <a href=\"https:\/\/talkpal.ai\/locations\/language-courses-in-independencia\/\">independ\u00eancia<\/a> e na constru\u00e7\u00e3o do estado socialista no Vietname.<\/p>\n<p><font color=\"#2D3AC7\">\u0110\u1ea3ng C\u1ed9ng s\u1ea3n Vi\u1ec7t Nam l\u00e3nh \u0111\u1ea1o \u0111\u1ea5t n\u01b0\u1edbc t\u1eeb n\u0103m 1975.<\/font><\/p>\n<h3>Phong tr\u00e0o \u0110\u00f4ng D\u01b0\u01a1ng<\/h3>\n<p><b>Phong tr\u00e0o \u0110\u00f4ng D\u01b0\u01a1ng<\/b> refere-se ao movimento de independ\u00eancia que se desenvolveu na Indochina Francesa, do qual o Vietname fazia parte, no in\u00edcio do s\u00e9culo XX. Este movimento foi essencial para a eventual independ\u00eancia do Vietname em 1945.<\/p>\n<p><font color=\"#2D3AC7\">Phong tr\u00e0o \u0110\u00f4ng D\u01b0\u01a1ng \u0111\u00e3 \u0111\u00f3ng g\u00f3p l\u1edbn v\u00e0o s\u1ef1 nghi\u1ec7p gi\u1ea3i ph\u00f3ng d\u00e2n t\u1ed9c.<\/font><\/p>\n<h3>Hi\u1ec7p \u0111\u1ecbnh Gen\u00e8ve<\/h3>\n<p><b>Hi\u1ec7p \u0111\u1ecbnh Gen\u00e8ve<\/b> refere-se aos Acordos de Genebra de 1954, que resultaram na divis\u00e3o tempor\u00e1ria do Vietname em duas zonas: o Norte, governado pelos comunistas, e o Sul, governado por um regime anticomunista. Este acordo foi um ponto de viragem na hist\u00f3ria do Vietname.<\/p>\n<p><font color=\"#2D3AC7\">Hi\u1ec7p \u0111\u1ecbnh Gen\u00e8ve \u0111\u00e3 chia \u0111\u00f4i \u0111\u1ea5t n\u01b0\u1edbc Vi\u1ec7t Nam.<\/font><\/p>\n<h3>\u0110\u1ed9c l\u1eadp<\/h3>\n<p><b>\u0110\u1ed9c l\u1eadp<\/b> significa independ\u00eancia. Este termo \u00e9 frequentemente usado em contextos hist\u00f3ricos para se referir \u00e0 luta do Vietname pela independ\u00eancia do dom\u00ednio colonial franc\u00eas, culminando na Declara\u00e7\u00e3o de Independ\u00eancia em 1945.<\/p>\n<p><font color=\"#2D3AC7\">Vi\u1ec7t Nam gi\u00e0nh \u0111\u01b0\u1ee3c \u0111\u1ed9c l\u1eadp v\u00e0o n\u0103m 1945.<\/font><\/p>\n<h3>Kh\u00e1ng chi\u1ebfn<\/h3>\n<p><b>Kh\u00e1ng chi\u1ebfn<\/b> refere-se \u00e0 resist\u00eancia. Este termo \u00e9 usado para descrever a resist\u00eancia vietnamita contra invasores estrangeiros ao longo da hist\u00f3ria, incluindo a resist\u00eancia contra os franceses e os americanos.<\/p>\n<p><font color=\"#2D3AC7\">Cu\u1ed9c kh\u00e1ng chi\u1ebfn ch\u1ed1ng Ph\u00e1p k\u00e9o d\u00e0i t\u1eeb n\u0103m 1946 \u0111\u1ebfn 1954.<\/font><\/p>\n<h3>\u0110\u1ea1i th\u1eafng m\u00f9a xu\u00e2n<\/h3>\n<p><b>\u0110\u1ea1i th\u1eafng m\u00f9a xu\u00e2n<\/b> refere-se \u00e0 vit\u00f3ria final do Vietname do Norte sobre o Vietname do Sul em abril de 1975, que marcou o fim da Guerra do Vietname e a reunifica\u00e7\u00e3o do pa\u00eds.<\/p>\n<p><font color=\"#2D3AC7\">\u0110\u1ea1i th\u1eafng m\u00f9a xu\u00e2n n\u0103m 1975 l\u00e0 m\u1ed9t s\u1ef1 ki\u1ec7n l\u1ecbch s\u1eed quan tr\u1ecdng.<\/font><\/p>\n<h3>Qu\u1ed1c kh\u00e1nh<\/h3>\n<p><b>Qu\u1ed1c kh\u00e1nh<\/b> significa Dia da Independ\u00eancia, que \u00e9 celebrado em 2 de setembro no Vietname, comemorando a declara\u00e7\u00e3o de independ\u00eancia da Rep\u00fablica Democr\u00e1tica do Vietname por H\u1ed3 Ch\u00ed Minh em 1945.<\/p>\n<p><font color=\"#2D3AC7\">Ng\u00e0y Qu\u1ed1c kh\u00e1nh Vi\u1ec7t Nam l\u00e0 ng\u00e0y 2 th\u00e1ng 9.<\/font><\/p>\n<h2>Frases Hist\u00f3ricas Importantes<\/h2>\n<h3>Kh\u00f4ng c\u00f3 g\u00ec qu\u00fd h\u01a1n \u0111\u1ed9c l\u1eadp, t\u1ef1 do<\/h3>\n<p><b>Kh\u00f4ng c\u00f3 g\u00ec qu\u00fd h\u01a1n \u0111\u1ed9c l\u1eadp, t\u1ef1 do<\/b> significa &#8220;Nada \u00e9 mais precioso do que a independ\u00eancia e a liberdade&#8221;. Esta frase foi dita por H\u1ed3 Ch\u00ed Minh e tornou-se um lema nacional durante a luta pela independ\u00eancia.<\/p>\n<p><font color=\"#2D3AC7\">H\u1ed3 Ch\u00ed Minh t\u1eebng n\u00f3i: &#8220;Kh\u00f4ng c\u00f3 g\u00ec qu\u00fd h\u01a1n \u0111\u1ed9c l\u1eadp, t\u1ef1 do&#8221;.<\/font><\/p>\n<h3>Ti\u1ebfn l\u00ean to\u00e0n th\u1eafng \u1eaft v\u1ec1 ta<\/h3>\n<p><b>Ti\u1ebfn l\u00ean to\u00e0n th\u1eafng \u1eaft v\u1ec1 ta<\/b> significa &#8220;Avan\u00e7ar para a vit\u00f3ria completa certamente ser\u00e1 nossa&#8221;. Esta frase foi usada como um grito de guerra e motiva\u00e7\u00e3o durante a Guerra do Vietname.<\/p>\n<p><font color=\"#2D3AC7\">Qu\u00e2n \u0111\u1ed9i ta ti\u1ebfn l\u00ean v\u1edbi kh\u1ea9u hi\u1ec7u &#8220;Ti\u1ebfn l\u00ean to\u00e0n th\u1eafng \u1eaft v\u1ec1 ta&#8221;.<\/font><\/p>\n<h3>\u0110\u01b0\u1eddng K\u00e1ch m\u1ec7nh<\/h3>\n<p><b>\u0110\u01b0\u1eddng K\u00e1ch m\u1ec7nh<\/b> refere-se ao &#8220;Caminho da Revolu\u00e7\u00e3o&#8221;. Este \u00e9 o t\u00edtulo de um livro escrito por H\u1ed3 Ch\u00ed Minh, que se tornou um guia ideol\u00f3gico para o movimento revolucion\u00e1rio vietnamita.<\/p>\n<p><font color=\"#2D3AC7\">&#8220;\u0110\u01b0\u1eddng K\u00e1ch m\u1ec7nh&#8221; l\u00e0 t\u00e1c ph\u1ea9m quan tr\u1ecdng c\u1ee7a H\u1ed3 Ch\u00ed Minh.<\/font><\/p>\n<h3>B\u00ecnh ng\u00f4 \u0111\u1ea1i c\u00e1o<\/h3>\n<p><b>B\u00ecnh ng\u00f4 \u0111\u1ea1i c\u00e1o<\/b> \u00e9 uma famosa proclama\u00e7\u00e3o de vit\u00f3ria escrita por Nguy\u1ec5n Tr\u00e3i em 1428, anunciando a derrota dos invasores Ming chineses e a restaura\u00e7\u00e3o da independ\u00eancia vietnamita.<\/p>\n<p><font color=\"#2D3AC7\">&#8220;B\u00ecnh ng\u00f4 \u0111\u1ea1i c\u00e1o&#8221; \u0111\u01b0\u1ee3c coi l\u00e0 b\u1ea3n tuy\u00ean ng\u00f4n \u0111\u1ed9c l\u1eadp th\u1ee9 hai c\u1ee7a Vi\u1ec7t Nam.<\/font><\/p>\n<h3>Di ch\u00fac c\u1ee7a H\u1ed3 Ch\u00ed Minh<\/h3>\n<p><b>Di ch\u00fac c\u1ee7a H\u1ed3 Ch\u00ed Minh<\/b> refere-se ao Testamento de H\u1ed3 Ch\u00ed Minh, um documento escrito por ele antes de sua morte, delineando suas aspira\u00e7\u00f5es e instru\u00e7\u00f5es para o futuro do Vietname.<\/p>\n<p><font color=\"#2D3AC7\">Di ch\u00fac c\u1ee7a H\u1ed3 Ch\u00ed Minh l\u00e0 m\u1ed9t t\u00e0i li\u1ec7u v\u00f4 gi\u00e1 cho d\u00e2n t\u1ed9c Vi\u1ec7t Nam.<\/font><\/p>\n<h3>\u0110\u1ea1i h\u1ed9i \u0110\u1ea3ng<\/h3>\n<p><b>\u0110\u1ea1i h\u1ed9i \u0110\u1ea3ng<\/b> refere-se ao Congresso do Partido, que \u00e9 uma reuni\u00e3o importante do Partido Comunista do Vietname para definir pol\u00edticas e estrat\u00e9gias nacionais.<\/p>\n<p><font color=\"#2D3AC7\">\u0110\u1ea1i h\u1ed9i \u0110\u1ea3ng l\u1ea7n th\u1ee9 XIII \u0111\u00e3 \u0111\u1ec1 ra nhi\u1ec1u ch\u00ednh s\u00e1ch quan tr\u1ecdng.<\/font><\/p>\n<h3>Tuy\u00ean ng\u00f4n \u0110\u1ed9c l\u1eadp<\/h3>\n<p><b>Tuy\u00ean ng\u00f4n \u0110\u1ed9c l\u1eadp<\/b> significa Declara\u00e7\u00e3o de Independ\u00eancia. Este \u00e9 o documento proclamado por H\u1ed3 Ch\u00ed Minh em 2 de setembro de 1945, declarando a independ\u00eancia do Vietname da coloniza\u00e7\u00e3o francesa.<\/p>\n<p><font color=\"#2D3AC7\">Tuy\u00ean ng\u00f4n \u0110\u1ed9c l\u1eadp \u0111\u01b0\u1ee3c H\u1ed3 Ch\u00ed Minh \u0111\u1ecdc t\u1ea1i Qu\u1ea3ng tr\u01b0\u1eddng Ba \u0110\u00ecnh.<\/font><\/p>\n<h3>Chi\u1ebfn d\u1ecbch \u0110i\u1ec7n Bi\u00ean Ph\u1ee7<\/h3>\n<p><b>Chi\u1ebfn d\u1ecbch \u0110i\u1ec7n Bi\u00ean Ph\u1ee7<\/b> refere-se \u00e0 Batalha de \u0110i\u1ec7n Bi\u00ean Ph\u1ee7 em 1954, onde as for\u00e7as vietnamitas derrotaram decisivamente os franceses, levando ao fim da coloniza\u00e7\u00e3o francesa no Vietname.<\/p>\n<p><font color=\"#2D3AC7\">Chi\u1ebfn d\u1ecbch \u0110i\u1ec7n Bi\u00ean Ph\u1ee7 l\u00e0 m\u1ed9t chi\u1ebfn th\u1eafng l\u1ecbch s\u1eed c\u1ee7a Vi\u1ec7t Nam.<\/font><\/p>\n<h3>Phong tr\u00e0o \u0110\u1ed3ng Kh\u1edfi<\/h3>\n<p><b>Phong tr\u00e0o \u0110\u1ed3ng Kh\u1edfi<\/b> refere-se ao Levante de \u0110\u1ed3ng Kh\u1edfi em 1960, um movimento de guerrilha no Vietname do Sul que marcou o in\u00edcio da intensifica\u00e7\u00e3o da luta armada contra o regime de Ng\u00f4 \u0110\u00ecnh Di\u1ec7m.<\/p>\n<p><font color=\"#2D3AC7\">Phong tr\u00e0o \u0110\u1ed3ng Kh\u1edfi \u0111\u00e3 l\u00e0m thay \u0111\u1ed5i c\u1ee5c di\u1ec7n chi\u1ebfn tranh \u1edf mi\u1ec1n Nam.<\/font><\/p>\n<h3>H\u1ed9i ngh\u1ecb Paris<\/h3>\n<p><b>H\u1ed9i ngh\u1ecb Paris<\/b> refere-se \u00e0s negocia\u00e7\u00f5es de paz de Paris que levaram aos Acordos de Paz de Paris em 1973, que visavam p\u00f4r fim \u00e0 Guerra do Vietname e restaurar a paz no Vietname.<\/p>\n<p><font color=\"#2D3AC7\">H\u1ed9i ngh\u1ecb Paris \u0111\u00e3 k\u1ebft th\u00fac b\u1eb1ng Hi\u1ec7p \u0111\u1ecbnh Paris n\u0103m 1973.<\/font><\/p>\n<h3>Nh\u00e0 n\u01b0\u1edbc Vi\u1ec7t Nam D\u00e2n ch\u1ee7 C\u1ed9ng h\u00f2a<\/h3>\n<p><b>Nh\u00e0 n\u01b0\u1edbc Vi\u1ec7t Nam D\u00e2n ch\u1ee7 C\u1ed9ng h\u00f2a<\/b> refere-se ao Estado da Rep\u00fablica Democr\u00e1tica do Vietname, que foi estabelecido ap\u00f3s a Declara\u00e7\u00e3o de Independ\u00eancia em 1945 e existiu at\u00e9 \u00e0 reunifica\u00e7\u00e3o do pa\u00eds em 1976.<\/p>\n<p><font color=\"#2D3AC7\">Nh\u00e0 n\u01b0\u1edbc Vi\u1ec7t Nam D\u00e2n ch\u1ee7 C\u1ed9ng h\u00f2a \u0111\u01b0\u1ee3c th\u00e0nh l\u1eadp n\u0103m 1945.<\/font><\/p>\n<h3>\u0110\u1ea1i h\u1ed9i to\u00e0n qu\u1ed1c<\/h3>\n<p><b>\u0110\u1ea1i h\u1ed9i to\u00e0n qu\u1ed1c<\/b> refere-se ao Congresso Nacional, uma reuni\u00e3o de todos os delegados do Partido Comunista do Vietname para eleger a lideran\u00e7a e definir a dire\u00e7\u00e3o do pa\u00eds.<\/p>\n<p><font color=\"#2D3AC7\">\u0110\u1ea1i h\u1ed9i to\u00e0n qu\u1ed1c l\u1ea7n th\u1ee9 XIII c\u1ee7a \u0110\u1ea3ng di\u1ec5n ra v\u00e0o n\u0103m 2021.<\/font><\/p>\n<h3>Th\u1ed1ng nh\u1ea5t \u0111\u1ea5t n\u01b0\u1edbc<\/h3>\n<p><b>Th\u1ed1ng nh\u1ea5t \u0111\u1ea5t n\u01b0\u1edbc<\/b> significa reunifica\u00e7\u00e3o do pa\u00eds. Este termo \u00e9 usado para se referir ao evento de 1975, quando o Vietname do Norte e o Vietname do Sul foram reunificados ap\u00f3s a Guerra do Vietname.<\/p>\n<p><font color=\"#2D3AC7\">Th\u1ed1ng nh\u1ea5t \u0111\u1ea5t n\u01b0\u1edbc l\u00e0 m\u1ee5c ti\u00eau cu\u1ed1i c\u00f9ng c\u1ee7a cu\u1ed9c kh\u00e1ng chi\u1ebfn ch\u1ed1ng M\u1ef9.<\/font><\/p>\n<h3>Ng\u00e0y Gi\u1ea3i ph\u00f3ng<\/h3>\n<p><b>Ng\u00e0y Gi\u1ea3i ph\u00f3ng<\/b> significa Dia da Liberta\u00e7\u00e3o, que \u00e9 comemorado em 30 de abril no Vietname, marcando a queda de Saigon e o fim da Guerra do Vietname em 1975.<\/p>\n<p><font color=\"#2D3AC7\">Ng\u00e0y Gi\u1ea3i ph\u00f3ng l\u00e0 ng\u00e0y l\u1ec5 quan tr\u1ecdng \u1edf Vi\u1ec7t Nam.<\/font><\/p>\n<h2>Conclus\u00e3o<\/h2>\n<p>Aprender termos e frases hist\u00f3ricas em vietnamita \u00e9 essencial para qualquer pessoa interessada em compreender a rica hist\u00f3ria e cultura do Vietname. Estes termos n\u00e3o s\u00f3 fornecem um contexto hist\u00f3rico, mas tamb\u00e9m ajudam a apreciar a luta e o esp\u00edrito resiliente do povo vietnamita. Ao estudar estas palavras e frases, os alunos de vietnamita podem obter uma compreens\u00e3o mais profunda da l\u00edngua e da identidade nacional do Vietname.<\/p>\n","protected":false},"featured_media":1527852,"template":"","vocabulary_language":[4129],"class_list":["post-713219","vocabulary","type-vocabulary","status-publish","has-post-thumbnail","hentry","vocabulary_language-vietnamita-pt-pt"],"acf":[],"yoast_head":"<!-- This site is optimized with the Yoast SEO Premium plugin v27.2 (Yoast SEO v27.2) - https:\/\/yoast.com\/product\/yoast-seo-premium-wordpress\/ -->\n<title>Termos e frases hist\u00f3ricas em vietnamita - Talkpal<\/title>\n<meta name=\"description\" content=\"O Vietnamita \u00e9 uma l\u00edngua rica em hist\u00f3ria e cultura, com uma longa tradi\u00e7\u00e3o que remonta a milhares de anos. Conhecer termos e frases hist\u00f3ricas em\" \/>\n<meta name=\"robots\" content=\"index, follow, max-snippet:-1, max-image-preview:large, max-video-preview:-1\" \/>\n<link rel=\"canonical\" href=\"https:\/\/talkpal.ai\/pt-pt\/vocabulary\/termos-e-frases-historicas-em-vietnamita\/\" \/>\n<meta property=\"og:locale\" content=\"pt_PT\" \/>\n<meta property=\"og:type\" content=\"article\" \/>\n<meta property=\"og:title\" content=\"Termos e frases hist\u00f3ricas em vietnamita\" \/>\n<meta property=\"og:description\" content=\"O Vietnamita \u00e9 uma l\u00edngua rica em hist\u00f3ria e cultura, com uma longa tradi\u00e7\u00e3o que remonta a milhares de anos. Conhecer termos e frases hist\u00f3ricas em\" \/>\n<meta property=\"og:url\" content=\"https:\/\/talkpal.ai\/pt-pt\/vocabulary\/termos-e-frases-historicas-em-vietnamita\/\" \/>\n<meta property=\"og:site_name\" content=\"Talkpal\" \/>\n<meta property=\"article:publisher\" content=\"https:\/\/www.facebook.com\/profile.php?id=100090733639311\" \/>\n<meta property=\"og:image\" content=\"https:\/\/talkpal.ai\/wp-content\/uploads\/2024\/10\/talkpal_flat_illustration_of_a_employees_working_together_happi_c674ff77-e477-4e09-835a-01d30e561e99.png\" \/>\n\t<meta property=\"og:image:width\" content=\"1024\" \/>\n\t<meta property=\"og:image:height\" content=\"1024\" \/>\n\t<meta property=\"og:image:type\" content=\"image\/png\" \/>\n<meta name=\"twitter:card\" content=\"summary_large_image\" \/>\n<meta name=\"twitter:site\" content=\"@talkpalai\" \/>\n<meta name=\"twitter:label1\" content=\"Tempo estimado de leitura\" \/>\n\t<meta name=\"twitter:data1\" content=\"8 minutos\" \/>\n<script type=\"application\/ld+json\" class=\"yoast-schema-graph\">{\"@context\":\"https:\/\/schema.org\",\"@graph\":[{\"@type\":\"WebPage\",\"@id\":\"https:\/\/talkpal.ai\/pt-pt\/vocabulary\/termos-e-frases-historicas-em-vietnamita\/\",\"url\":\"https:\/\/talkpal.ai\/pt-pt\/vocabulary\/termos-e-frases-historicas-em-vietnamita\/\",\"name\":\"Termos e frases hist\u00f3ricas em vietnamita - Talkpal\",\"isPartOf\":{\"@id\":\"https:\/\/talkpal.ai\/pt-pt\/#website\"},\"primaryImageOfPage\":{\"@id\":\"https:\/\/talkpal.ai\/pt-pt\/vocabulary\/termos-e-frases-historicas-em-vietnamita\/#primaryimage\"},\"image\":{\"@id\":\"https:\/\/talkpal.ai\/pt-pt\/vocabulary\/termos-e-frases-historicas-em-vietnamita\/#primaryimage\"},\"thumbnailUrl\":\"https:\/\/talkpal.ai\/wp-content\/uploads\/2025\/12\/person-is-focused-learning-languages.webp\",\"datePublished\":\"2024-06-08T15:07:01+00:00\",\"description\":\"O Vietnamita \u00e9 uma l\u00edngua rica em hist\u00f3ria e cultura, com uma longa tradi\u00e7\u00e3o que remonta a milhares de anos. Conhecer termos e frases hist\u00f3ricas em\",\"breadcrumb\":{\"@id\":\"https:\/\/talkpal.ai\/pt-pt\/vocabulary\/termos-e-frases-historicas-em-vietnamita\/#breadcrumb\"},\"inLanguage\":\"pt-PT\",\"potentialAction\":[{\"@type\":\"ReadAction\",\"target\":[\"https:\/\/talkpal.ai\/pt-pt\/vocabulary\/termos-e-frases-historicas-em-vietnamita\/\"]}]},{\"@type\":\"ImageObject\",\"inLanguage\":\"pt-PT\",\"@id\":\"https:\/\/talkpal.ai\/pt-pt\/vocabulary\/termos-e-frases-historicas-em-vietnamita\/#primaryimage\",\"url\":\"https:\/\/talkpal.ai\/wp-content\/uploads\/2025\/12\/person-is-focused-learning-languages.webp\",\"contentUrl\":\"https:\/\/talkpal.ai\/wp-content\/uploads\/2025\/12\/person-is-focused-learning-languages.webp\",\"width\":1200,\"height\":896,\"caption\":\"An older man wearing glasses and headphones uses a laptop to learn languages at night.\"},{\"@type\":\"BreadcrumbList\",\"@id\":\"https:\/\/talkpal.ai\/pt-pt\/vocabulary\/termos-e-frases-historicas-em-vietnamita\/#breadcrumb\",\"itemListElement\":[{\"@type\":\"ListItem\",\"position\":1,\"name\":\"Homepage\",\"item\":\"https:\/\/talkpal.ai\/pt-pt\/\"},{\"@type\":\"ListItem\",\"position\":2,\"name\":\"Termos e frases hist\u00f3ricas em vietnamita\"}]},{\"@type\":\"WebSite\",\"@id\":\"https:\/\/talkpal.ai\/pt-pt\/#website\",\"url\":\"https:\/\/talkpal.ai\/pt-pt\/\",\"name\":\"Talkpal\",\"description\":\"AI Language Learning\",\"publisher\":{\"@id\":\"https:\/\/talkpal.ai\/pt-pt\/#organization\"},\"alternateName\":\"Talkpal AI\",\"potentialAction\":[{\"@type\":\"SearchAction\",\"target\":{\"@type\":\"EntryPoint\",\"urlTemplate\":\"https:\/\/talkpal.ai\/pt-pt\/?s={search_term_string}\"},\"query-input\":{\"@type\":\"PropertyValueSpecification\",\"valueRequired\":true,\"valueName\":\"search_term_string\"}}],\"inLanguage\":\"pt-PT\"},{\"@type\":\"Organization\",\"@id\":\"https:\/\/talkpal.ai\/pt-pt\/#organization\",\"name\":\"Talkpal, Inc.\",\"alternateName\":\"Talkpal AI\",\"url\":\"https:\/\/talkpal.ai\/pt-pt\/\",\"logo\":{\"@type\":\"ImageObject\",\"inLanguage\":\"pt-PT\",\"@id\":\"https:\/\/talkpal.ai\/pt-pt\/#\/schema\/logo\/image\/\",\"url\":\"https:\/\/talkpal.ai\/wp-content\/uploads\/2024\/03\/Talkpal-Logo-Icon.png\",\"contentUrl\":\"https:\/\/talkpal.ai\/wp-content\/uploads\/2024\/03\/Talkpal-Logo-Icon.png\",\"width\":2880,\"height\":2880,\"caption\":\"Talkpal, Inc.\"},\"image\":{\"@id\":\"https:\/\/talkpal.ai\/pt-pt\/#\/schema\/logo\/image\/\"},\"sameAs\":[\"https:\/\/www.facebook.com\/profile.php?id=100090733639311\",\"https:\/\/x.com\/talkpalai\",\"https:\/\/www.linkedin.com\/company\/talkpal\/\",\"https:\/\/www.youtube.com\/@TalkPal\/\",\"https:\/\/www.tiktok.com\/@talkpal\",\"https:\/\/www.instagram.com\/talkpal_ai\/\",\"https:\/\/www.crunchbase.com\/organization\/talkpal-9cde\",\"https:\/\/www.g2.com\/products\/talkpal-for-business\/\",\"https:\/\/www.trustpilot.com\/review\/talkpal.ai\",\"https:\/\/www.capterra.com\/p\/10006800\/TalkPal\/\"],\"description\":\"Talkpal is a language learning web and mobile education app, powered by the latest AI technologies, that provides engaging experiences to its customers in many different languages to help them improve their language skills. Users can chat about unlimited amount of topics with the app and use other modes to practice their language learning.\",\"email\":\"support@talkpal.ai\",\"legalName\":\"Talkpal, Inc.\",\"foundingDate\":\"2023-04-03\",\"duns\":\"118989042\",\"numberOfEmployees\":{\"@type\":\"QuantitativeValue\",\"minValue\":\"11\",\"maxValue\":\"50\"},\"publishingPrinciples\":\"https:\/\/talkpal.ai\/publishing-principles\/\",\"actionableFeedbackPolicy\":\"https:\/\/talkpal.ai\/actionable-feedback-policy\/\",\"correctionsPolicy\":\"https:\/\/talkpal.ai\/corrections-policy\/\",\"ethicsPolicy\":\"https:\/\/talkpal.ai\/ethics-policy\/\",\"diversityPolicy\":\"https:\/\/talkpal.ai\/diversity-policy\/\",\"diversityStaffingReport\":\"https:\/\/talkpal.ai\/diversity-policy\/\"}]}<\/script>\n<!-- \/ Yoast SEO Premium plugin. -->","yoast_head_json":{"title":"Termos e frases hist\u00f3ricas em vietnamita - Talkpal","description":"O Vietnamita \u00e9 uma l\u00edngua rica em hist\u00f3ria e cultura, com uma longa tradi\u00e7\u00e3o que remonta a milhares de anos. Conhecer termos e frases hist\u00f3ricas em","robots":{"index":"index","follow":"follow","max-snippet":"max-snippet:-1","max-image-preview":"max-image-preview:large","max-video-preview":"max-video-preview:-1"},"canonical":"https:\/\/talkpal.ai\/pt-pt\/vocabulary\/termos-e-frases-historicas-em-vietnamita\/","og_locale":"pt_PT","og_type":"article","og_title":"Termos e frases hist\u00f3ricas em vietnamita","og_description":"O Vietnamita \u00e9 uma l\u00edngua rica em hist\u00f3ria e cultura, com uma longa tradi\u00e7\u00e3o que remonta a milhares de anos. Conhecer termos e frases hist\u00f3ricas em","og_url":"https:\/\/talkpal.ai\/pt-pt\/vocabulary\/termos-e-frases-historicas-em-vietnamita\/","og_site_name":"Talkpal","article_publisher":"https:\/\/www.facebook.com\/profile.php?id=100090733639311","og_image":[{"width":1024,"height":1024,"url":"https:\/\/talkpal.ai\/wp-content\/uploads\/2024\/10\/talkpal_flat_illustration_of_a_employees_working_together_happi_c674ff77-e477-4e09-835a-01d30e561e99.png","type":"image\/png"}],"twitter_card":"summary_large_image","twitter_site":"@talkpalai","twitter_misc":{"Tempo estimado de leitura":"8 minutos"},"schema":{"@context":"https:\/\/schema.org","@graph":[{"@type":"WebPage","@id":"https:\/\/talkpal.ai\/pt-pt\/vocabulary\/termos-e-frases-historicas-em-vietnamita\/","url":"https:\/\/talkpal.ai\/pt-pt\/vocabulary\/termos-e-frases-historicas-em-vietnamita\/","name":"Termos e frases hist\u00f3ricas em vietnamita - Talkpal","isPartOf":{"@id":"https:\/\/talkpal.ai\/pt-pt\/#website"},"primaryImageOfPage":{"@id":"https:\/\/talkpal.ai\/pt-pt\/vocabulary\/termos-e-frases-historicas-em-vietnamita\/#primaryimage"},"image":{"@id":"https:\/\/talkpal.ai\/pt-pt\/vocabulary\/termos-e-frases-historicas-em-vietnamita\/#primaryimage"},"thumbnailUrl":"https:\/\/talkpal.ai\/wp-content\/uploads\/2025\/12\/person-is-focused-learning-languages.webp","datePublished":"2024-06-08T15:07:01+00:00","description":"O Vietnamita \u00e9 uma l\u00edngua rica em hist\u00f3ria e cultura, com uma longa tradi\u00e7\u00e3o que remonta a milhares de anos. Conhecer termos e frases hist\u00f3ricas em","breadcrumb":{"@id":"https:\/\/talkpal.ai\/pt-pt\/vocabulary\/termos-e-frases-historicas-em-vietnamita\/#breadcrumb"},"inLanguage":"pt-PT","potentialAction":[{"@type":"ReadAction","target":["https:\/\/talkpal.ai\/pt-pt\/vocabulary\/termos-e-frases-historicas-em-vietnamita\/"]}]},{"@type":"ImageObject","inLanguage":"pt-PT","@id":"https:\/\/talkpal.ai\/pt-pt\/vocabulary\/termos-e-frases-historicas-em-vietnamita\/#primaryimage","url":"https:\/\/talkpal.ai\/wp-content\/uploads\/2025\/12\/person-is-focused-learning-languages.webp","contentUrl":"https:\/\/talkpal.ai\/wp-content\/uploads\/2025\/12\/person-is-focused-learning-languages.webp","width":1200,"height":896,"caption":"An older man wearing glasses and headphones uses a laptop to learn languages at night."},{"@type":"BreadcrumbList","@id":"https:\/\/talkpal.ai\/pt-pt\/vocabulary\/termos-e-frases-historicas-em-vietnamita\/#breadcrumb","itemListElement":[{"@type":"ListItem","position":1,"name":"Homepage","item":"https:\/\/talkpal.ai\/pt-pt\/"},{"@type":"ListItem","position":2,"name":"Termos e frases hist\u00f3ricas em vietnamita"}]},{"@type":"WebSite","@id":"https:\/\/talkpal.ai\/pt-pt\/#website","url":"https:\/\/talkpal.ai\/pt-pt\/","name":"Talkpal","description":"AI Language Learning","publisher":{"@id":"https:\/\/talkpal.ai\/pt-pt\/#organization"},"alternateName":"Talkpal AI","potentialAction":[{"@type":"SearchAction","target":{"@type":"EntryPoint","urlTemplate":"https:\/\/talkpal.ai\/pt-pt\/?s={search_term_string}"},"query-input":{"@type":"PropertyValueSpecification","valueRequired":true,"valueName":"search_term_string"}}],"inLanguage":"pt-PT"},{"@type":"Organization","@id":"https:\/\/talkpal.ai\/pt-pt\/#organization","name":"Talkpal, Inc.","alternateName":"Talkpal AI","url":"https:\/\/talkpal.ai\/pt-pt\/","logo":{"@type":"ImageObject","inLanguage":"pt-PT","@id":"https:\/\/talkpal.ai\/pt-pt\/#\/schema\/logo\/image\/","url":"https:\/\/talkpal.ai\/wp-content\/uploads\/2024\/03\/Talkpal-Logo-Icon.png","contentUrl":"https:\/\/talkpal.ai\/wp-content\/uploads\/2024\/03\/Talkpal-Logo-Icon.png","width":2880,"height":2880,"caption":"Talkpal, Inc."},"image":{"@id":"https:\/\/talkpal.ai\/pt-pt\/#\/schema\/logo\/image\/"},"sameAs":["https:\/\/www.facebook.com\/profile.php?id=100090733639311","https:\/\/x.com\/talkpalai","https:\/\/www.linkedin.com\/company\/talkpal\/","https:\/\/www.youtube.com\/@TalkPal\/","https:\/\/www.tiktok.com\/@talkpal","https:\/\/www.instagram.com\/talkpal_ai\/","https:\/\/www.crunchbase.com\/organization\/talkpal-9cde","https:\/\/www.g2.com\/products\/talkpal-for-business\/","https:\/\/www.trustpilot.com\/review\/talkpal.ai","https:\/\/www.capterra.com\/p\/10006800\/TalkPal\/"],"description":"Talkpal is a language learning web and mobile education app, powered by the latest AI technologies, that provides engaging experiences to its customers in many different languages to help them improve their language skills. Users can chat about unlimited amount of topics with the app and use other modes to practice their language learning.","email":"support@talkpal.ai","legalName":"Talkpal, Inc.","foundingDate":"2023-04-03","duns":"118989042","numberOfEmployees":{"@type":"QuantitativeValue","minValue":"11","maxValue":"50"},"publishingPrinciples":"https:\/\/talkpal.ai\/publishing-principles\/","actionableFeedbackPolicy":"https:\/\/talkpal.ai\/actionable-feedback-policy\/","correctionsPolicy":"https:\/\/talkpal.ai\/corrections-policy\/","ethicsPolicy":"https:\/\/talkpal.ai\/ethics-policy\/","diversityPolicy":"https:\/\/talkpal.ai\/diversity-policy\/","diversityStaffingReport":"https:\/\/talkpal.ai\/diversity-policy\/"}]}},"_links":{"self":[{"href":"https:\/\/talkpal.ai\/pt-pt\/wp-json\/wp\/v2\/vocabulary\/713219","targetHints":{"allow":["GET"]}}],"collection":[{"href":"https:\/\/talkpal.ai\/pt-pt\/wp-json\/wp\/v2\/vocabulary"}],"about":[{"href":"https:\/\/talkpal.ai\/pt-pt\/wp-json\/wp\/v2\/types\/vocabulary"}],"wp:featuredmedia":[{"embeddable":true,"href":"https:\/\/talkpal.ai\/pt-pt\/wp-json\/wp\/v2\/media\/1527852"}],"wp:attachment":[{"href":"https:\/\/talkpal.ai\/pt-pt\/wp-json\/wp\/v2\/media?parent=713219"}],"wp:term":[{"taxonomy":"vocabulary_language","embeddable":true,"href":"https:\/\/talkpal.ai\/pt-pt\/wp-json\/wp\/v2\/vocabulary_language?post=713219"}],"curies":[{"name":"wp","href":"https:\/\/api.w.org\/{rel}","templated":true}]}}