{"id":712269,"date":"2024-06-08T14:17:53","date_gmt":"2024-06-08T14:17:53","guid":{"rendered":"https:\/\/talkpal.ai\/vocabulary\/expressoes-polonesas-do-tempo\/"},"modified":"2024-06-08T14:17:53","modified_gmt":"2024-06-08T14:17:53","slug":"expressoes-polonesas-do-tempo","status":"publish","type":"vocabulary","link":"https:\/\/talkpal.ai\/pt-pt\/vocabulary\/expressoes-polonesas-do-tempo\/","title":{"rendered":"Express\u00f5es Polonesas do Tempo"},"content":{"rendered":"<p>Aprender express\u00f5es idiom\u00e1ticas \u00e9 uma parte essencial do aprendizado de qualquer l\u00edngua. No caso do <a href=\"https:\/\/talkpal.ai\/learn-polish\/\">polon\u00eas<\/a>, as express\u00f5es relacionadas ao tempo s\u00e3o particularmente interessantes e \u00fateis. Compreender essas express\u00f5es pode enriquecer o seu vocabul\u00e1rio e permitir uma comunica\u00e7\u00e3o mais natural e fluente. Neste artigo, exploraremos algumas express\u00f5es polonesas relacionadas ao tempo, oferecendo defini\u00e7\u00f5es e exemplos para ajudar voc\u00ea a entender e usar essas express\u00f5es corretamente.<\/p>\n<h2>Tempo em Geral<\/h2>\n<p><b>Czas<\/b> &#8211; Tempo.<br \/>\n<font color=\"#2D3AC7\">Nie mam czasu na ogl\u0105danie telewizji.<\/font><br \/>\nEsta palavra \u00e9 fundamental para qualquer discuss\u00e3o sobre tempo. Pode ser usada em v\u00e1rias situa\u00e7\u00f5es, desde planeamento di\u00e1rio at\u00e9 discuss\u00f5es mais filos\u00f3ficas sobre a passagem do tempo.<\/p>\n<p><b>Minuta<\/b> &#8211; Minuto.<br \/>\n<font color=\"#2D3AC7\">Spotkanie zaczyna si\u0119 za pi\u0119\u0107 minut.<\/font><br \/>\nUsada para medir pequenos intervalos de tempo, esta palavra \u00e9 essencial para conversas cotidianas.<\/p>\n<p><b>Godzina<\/b> &#8211; Hora.<br \/>\n<font color=\"#2D3AC7\">Spotkanie trwa\u0142o dwie godziny.<\/font><br \/>\nAssim <a href=\"https:\/\/talkpal.ai\/locations\/language-courses-in-como\/\">como<\/a> &#8220;minuta&#8221;, &#8220;godzina&#8221; \u00e9 uma unidade de tempo crucial para organizar o seu dia.<\/p>\n<h2>Express\u00f5es de Tempo Espec\u00edficas<\/h2>\n<p><b>Rano<\/b> &#8211; Manh\u00e3.<br \/>\n<font color=\"#2D3AC7\">Wstaj\u0119 rano o sz\u00f3stej.<\/font><br \/>\nUsada para referir-se ao per\u00edodo do dia antes do meio-dia. <\/p>\n<p><b>Popo\u0142udnie<\/b> &#8211; Tarde.<br \/>\n<font color=\"#2D3AC7\">Mam wolne popo\u0142udnie.<\/font><br \/>\nEsta palavra refere-se ao per\u00edodo do dia ap\u00f3s o meio-dia at\u00e9 o in\u00edcio da noite.<\/p>\n<p><b>Wiecz\u00f3r<\/b> &#8211; Noite.<br \/>\n<font color=\"#2D3AC7\">Wieczorem lubi\u0119 czyta\u0107 ksi\u0105\u017cki.<\/font><br \/>\nUsada para descrever o per\u00edodo do dia entre o final da tarde e a hora de dormir.<\/p>\n<p><b>Noc<\/b> &#8211; Noite.<br \/>\n<font color=\"#2D3AC7\">Spa\u0142em ca\u0142\u0105 noc.<\/font><br \/>\nRefere-se ao per\u00edodo de escurid\u00e3o entre o p\u00f4r do sol e o nascer do sol.<\/p>\n<h2>Express\u00f5es Idiom\u00e1ticas<\/h2>\n<p><b>W sam\u0105 por\u0119<\/b> &#8211; Na hora certa.<br \/>\n<font color=\"#2D3AC7\">Przyjecha\u0142e\u015b w sam\u0105 por\u0119 na kolacj\u0119.<\/font><br \/>\nEsta express\u00e3o \u00e9 usada para indicar que algo aconteceu exatamente no momento certo.<\/p>\n<p><b>Chwila<\/b> &#8211; Momento.<br \/>\n<font color=\"#2D3AC7\">Poczekaj chwil\u0119, zaraz wracam.<\/font><br \/>\nUsada para referir-se a um curto per\u00edodo de tempo.<\/p>\n<p><b>Od czasu do czasu<\/b> &#8211; De vez em quando.<br \/>\n<font color=\"#2D3AC7\">Od czasu do czasu lubi\u0119 i\u015b\u0107 na spacer.<\/font><br \/>\nEsta express\u00e3o indica que algo acontece ocasionalmente.<\/p>\n<p><b>Na czas<\/b> &#8211; A tempo.<br \/>\n<font color=\"#2D3AC7\">Uda\u0142o mi si\u0119 dotrze\u0107 na czas.<\/font><br \/>\nUsada para dizer que algo foi feito dentro do limite de tempo esperado.<\/p>\n<p><b>Przez ca\u0142y czas<\/b> &#8211; O tempo todo.<br \/>\n<font color=\"#2D3AC7\">My\u015bla\u0142em o tobie przez ca\u0142y czas.<\/font><br \/>\nEsta express\u00e3o indica uma continuidade sem interrup\u00e7\u00f5es.<\/p>\n<h2>Express\u00f5es com Dias da Semana<\/h2>\n<p><b>Poniedzia\u0142ek<\/b> &#8211; Segunda-feira.<br \/>\n<font color=\"#2D3AC7\">W poniedzia\u0142ek mam wa\u017cne spotkanie.<\/font><br \/>\nUsada para referir-se ao primeiro dia \u00fatil da semana.<\/p>\n<p><b>Wtorek<\/b> &#8211; Ter\u00e7a-feira.<br \/>\n<font color=\"#2D3AC7\">We wtorek id\u0119 na si\u0142owni\u0119.<\/font><br \/>\nUsada para referir-se ao segundo dia \u00fatil da semana.<\/p>\n<p><b>\u015aroda<\/b> &#8211; Quarta-feira.<br \/>\n<font color=\"#2D3AC7\">\u015aroda to m\u00f3j ulubiony dzie\u0144 tygodnia.<\/font><br \/>\nUsada para referir-se ao meio da semana.<\/p>\n<p><b>Czwartek<\/b> &#8211; Quinta-feira.<br \/>\n<font color=\"#2D3AC7\">Mam lekcje polskiego w czwartek.<\/font><br \/>\nUsada para referir-se ao quarto dia \u00fatil da semana.<\/p>\n<p><b>Pi\u0105tek<\/b> &#8211; Sexta-feira.<br \/>\n<font color=\"#2D3AC7\">Pi\u0105tek to pocz\u0105tek weekendu.<\/font><br \/>\nUsada para referir-se ao \u00faltimo dia \u00fatil da semana.<\/p>\n<p><b>Sobota<\/b> &#8211; S\u00e1bado.<br \/>\n<font color=\"#2D3AC7\">W sobot\u0119 idziemy na zakupy.<\/font><br \/>\nUsada para referir-se ao primeiro dia do fim de semana.<\/p>\n<p><b>Niedziela<\/b> &#8211; Domingo.<br \/>\n<font color=\"#2D3AC7\">Niedziela to dzie\u0144 odpoczynku.<\/font><br \/>\nUsada para referir-se ao \u00faltimo dia do fim de semana.<\/p>\n<h2>Express\u00f5es Relacionadas a Eventos e Festividades<\/h2>\n<p><b>Wakacje<\/b> &#8211; F\u00e9rias.<br \/>\n<font color=\"#2D3AC7\">Wakacje sp\u0119dzam nad morzem.<\/font><br \/>\nUsada para referir-se a um per\u00edodo de descanso, geralmente anual.<\/p>\n<p><b>\u015awi\u0119ta<\/b> &#8211; Feriados.<br \/>\n<font color=\"#2D3AC7\">\u015awi\u0119ta Bo\u017cego Narodzenia s\u0105 moimi ulubionymi.<\/font><br \/>\nRefere-se a dias especiais no calend\u00e1rio que s\u00e3o celebrados por motivos religiosos ou culturais.<\/p>\n<p><b>Urodziny<\/b> &#8211; Anivers\u00e1rio.<br \/>\n<font color=\"#2D3AC7\">Moje urodziny s\u0105 w maju.<\/font><br \/>\nRefere-se \u00e0 celebra\u00e7\u00e3o do dia de nascimento de uma pessoa.<\/p>\n<p><b>Nowy Rok<\/b> &#8211; <a href=\"https:\/\/talkpal.ai\/pt-pt\/culture\/tradicoes-de-fim-de-ano-em-portugal\/\">Ano Novo<\/a>.<br \/>\n<font color=\"#2D3AC7\"><a href=\"https:\/\/talkpal.ai\/talkpal-new-years-discount\/\">Nowy Rok<\/a> zaczynamy z nadziejami i planami.<\/font><br \/>\nUsada para referir-se \u00e0 celebra\u00e7\u00e3o do in\u00edcio do ano.<\/p>\n<p><b>Bo\u017ce Narodzenie<\/b> &#8211; <a href=\"https:\/\/talkpal.ai\/locations\/language-courses-in-natal\/\">Natal<\/a>.<br \/>\n<font color=\"#2D3AC7\"><a href=\"https:\/\/talkpal.ai\/talkpal-christmas-discount\/\">Bo\u017ce Narodzenie<\/a> to czas sp\u0119dzany z rodzin\u0105.<\/font><br \/>\nRefere-se \u00e0 celebra\u00e7\u00e3o crist\u00e3 do nascimento de Jesus Cristo.<\/p>\n<h2>Unidades de Tempo<\/h2>\n<p><b>Dzie\u0144<\/b> &#8211; Dia.<br \/>\n<font color=\"#2D3AC7\">To by\u0142 d\u0142ugi dzie\u0144.<\/font><br \/>\nUsada para referir-se a um per\u00edodo de 24 horas.<\/p>\n<p><b>Tydzie\u0144<\/b> &#8211; Semana.<br \/>\n<font color=\"#2D3AC7\">Mam du\u017co pracy w tym tygodniu.<\/font><br \/>\nRefere-se a um per\u00edodo de sete dias.<\/p>\n<p><b>Miesi\u0105c<\/b> &#8211; M\u00eas.<br \/>\n<font color=\"#2D3AC7\">Lipiec to m\u00f3j ulubiony miesi\u0105c.<\/font><br \/>\nUsada para referir-se a um dos doze per\u00edodos do ano.<\/p>\n<p><b>Rok<\/b> &#8211; Ano.<br \/>\n<font color=\"#2D3AC7\">Ten rok by\u0142 pe\u0142en wyzwa\u0144.<\/font><br \/>\nRefere-se a um per\u00edodo de doze meses ou 365 dias.<\/p>\n<p><b>Kwadrans<\/b> &#8211; Quarto de hora.<br \/>\n<font color=\"#2D3AC7\">Spotkanie zaczyna si\u0119 za kwadrans.<\/font><br \/>\nUsada para referir-se a um per\u00edodo de 15 minutos.<\/p>\n<p><b>Jutro<\/b> &#8211; Amanh\u00e3.<br \/>\n<font color=\"#2D3AC7\">Jutro mam egzamin.<\/font><br \/>\nRefere-se ao dia seguinte ao dia atual.<\/p>\n<p><b>Wczoraj<\/b> &#8211; Ontem.<br \/>\n<font color=\"#2D3AC7\">Wczoraj poszed\u0142em do kina.<\/font><br \/>\nRefere-se ao dia anterior ao dia atual.<\/p>\n<p><b>Dzisiaj<\/b> &#8211; Hoje.<br \/>\n<font color=\"#2D3AC7\">Dzisiaj jest poniedzia\u0142ek.<\/font><br \/>\nUsada para referir-se ao dia atual.<\/p>\n<h2>Express\u00f5es Relacionadas ao Clima<\/h2>\n<p><b>Pogoda<\/b> &#8211; Tempo (clim\u00e1tico).<br \/>\n<font color=\"#2D3AC7\">Pogoda jest dzisiaj pi\u0119kna.<\/font><br \/>\nUsada para descrever as condi\u00e7\u00f5es meteorol\u00f3gicas.<\/p>\n<p><b>Deszcz<\/b> &#8211; Chuva.<br \/>\n<font color=\"#2D3AC7\">Pada deszcz, wi\u0119c wezm\u0119 parasol.<\/font><br \/>\nUsada para referir-se \u00e0 precipita\u00e7\u00e3o de \u00e1gua do c\u00e9u.<\/p>\n<p><b>\u015anieg<\/b> &#8211; Neve.<br \/>\n<font color=\"#2D3AC7\">Zim\u0105 pada \u015bnieg.<\/font><br \/>\nRefere-se \u00e0 precipita\u00e7\u00e3o de cristais de gelo.<\/p>\n<p><b>S\u0142o\u0144ce<\/b> &#8211; Sol.<br \/>\n<font color=\"#2D3AC7\">S\u0142o\u0144ce \u015bwieci jasno.<\/font><br \/>\nUsada para referir-se ao astro que ilumina o dia.<\/p>\n<p><b>Wiatr<\/b> &#8211; Vento.<br \/>\n<font color=\"#2D3AC7\">Wiatr wieje mocno.<\/font><br \/>\nUsada para descrever o movimento do ar.<\/p>\n<p><b>Burza<\/b> &#8211; Tempestade.<br \/>\n<font color=\"#2D3AC7\">Zbli\u017ca si\u0119 burza.<\/font><br \/>\nRefere-se a uma tempestade com trov\u00f5es e rel\u00e2mpagos.<\/p>\n<p><b>Mr\u00f3z<\/b> &#8211; Geada.<br \/>\n<font color=\"#2D3AC7\">Na zewn\u0105trz jest mr\u00f3z.<\/font><br \/>\nUsada para descrever condi\u00e7\u00f5es de frio intenso com forma\u00e7\u00e3o de gelo.<\/p>\n<h2>Conclus\u00e3o<\/h2>\n<p>Aprender express\u00f5es relacionadas ao tempo em polon\u00eas pode ser uma ferramenta poderosa para aprimorar suas habilidades lingu\u00edsticas. Desde conceitos b\u00e1sicos como &#8220;minuta&#8221; e &#8220;godzina&#8221; at\u00e9 express\u00f5es idiom\u00e1ticas e descri\u00e7\u00f5es clim\u00e1ticas, compreender essas palavras e frases permitir\u00e1 que voc\u00ea se comunique de forma mais eficaz e natural. Pratique essas express\u00f5es no seu dia a dia e observe como seu dom\u00ednio do polon\u00eas se torna mais robusto e fluente.<\/p>\n","protected":false},"featured_media":1527994,"template":"","vocabulary_language":[4117],"class_list":["post-712269","vocabulary","type-vocabulary","status-publish","has-post-thumbnail","hentry","vocabulary_language-polones"],"acf":[],"yoast_head":"<!-- This site is optimized with the Yoast SEO Premium plugin v27.2 (Yoast SEO v27.2) - https:\/\/yoast.com\/product\/yoast-seo-premium-wordpress\/ -->\n<title>Express\u00f5es Polonesas do Tempo - Talkpal<\/title>\n<meta name=\"description\" content=\"Aprender express\u00f5es idiom\u00e1ticas \u00e9 uma parte essencial do aprendizado de qualquer l\u00edngua. No caso do polon\u00eas, as express\u00f5es relacionadas ao tempo s\u00e3o\" \/>\n<meta name=\"robots\" content=\"index, follow, max-snippet:-1, max-image-preview:large, max-video-preview:-1\" \/>\n<link rel=\"canonical\" href=\"https:\/\/talkpal.ai\/pt-pt\/vocabulary\/expressoes-polonesas-do-tempo\/\" \/>\n<meta property=\"og:locale\" content=\"pt_PT\" \/>\n<meta property=\"og:type\" content=\"article\" \/>\n<meta property=\"og:title\" content=\"Express\u00f5es Polonesas do Tempo\" \/>\n<meta property=\"og:description\" content=\"Aprender express\u00f5es idiom\u00e1ticas \u00e9 uma parte essencial do aprendizado de qualquer l\u00edngua. No caso do polon\u00eas, as express\u00f5es relacionadas ao tempo s\u00e3o\" \/>\n<meta property=\"og:url\" content=\"https:\/\/talkpal.ai\/pt-pt\/vocabulary\/expressoes-polonesas-do-tempo\/\" \/>\n<meta property=\"og:site_name\" content=\"Talkpal\" \/>\n<meta property=\"article:publisher\" content=\"https:\/\/www.facebook.com\/profile.php?id=100090733639311\" \/>\n<meta property=\"og:image\" content=\"https:\/\/talkpal.ai\/wp-content\/uploads\/2024\/10\/talkpal_flat_illustration_of_a_employees_working_together_happi_c674ff77-e477-4e09-835a-01d30e561e99.png\" \/>\n\t<meta property=\"og:image:width\" content=\"1024\" \/>\n\t<meta property=\"og:image:height\" content=\"1024\" \/>\n\t<meta property=\"og:image:type\" content=\"image\/png\" \/>\n<meta name=\"twitter:card\" content=\"summary_large_image\" \/>\n<meta name=\"twitter:site\" content=\"@talkpalai\" \/>\n<meta name=\"twitter:label1\" content=\"Tempo estimado de leitura\" \/>\n\t<meta name=\"twitter:data1\" content=\"5 minutos\" \/>\n<script type=\"application\/ld+json\" class=\"yoast-schema-graph\">{\"@context\":\"https:\/\/schema.org\",\"@graph\":[{\"@type\":\"WebPage\",\"@id\":\"https:\/\/talkpal.ai\/pt-pt\/vocabulary\/expressoes-polonesas-do-tempo\/\",\"url\":\"https:\/\/talkpal.ai\/pt-pt\/vocabulary\/expressoes-polonesas-do-tempo\/\",\"name\":\"Express\u00f5es Polonesas do Tempo - Talkpal\",\"isPartOf\":{\"@id\":\"https:\/\/talkpal.ai\/pt-pt\/#website\"},\"primaryImageOfPage\":{\"@id\":\"https:\/\/talkpal.ai\/pt-pt\/vocabulary\/expressoes-polonesas-do-tempo\/#primaryimage\"},\"image\":{\"@id\":\"https:\/\/talkpal.ai\/pt-pt\/vocabulary\/expressoes-polonesas-do-tempo\/#primaryimage\"},\"thumbnailUrl\":\"https:\/\/talkpal.ai\/wp-content\/uploads\/2025\/12\/students-use-tablets-to-learn-languages.webp\",\"datePublished\":\"2024-06-08T14:17:53+00:00\",\"description\":\"Aprender express\u00f5es idiom\u00e1ticas \u00e9 uma parte essencial do aprendizado de qualquer l\u00edngua. No caso do polon\u00eas, as express\u00f5es relacionadas ao tempo s\u00e3o\",\"breadcrumb\":{\"@id\":\"https:\/\/talkpal.ai\/pt-pt\/vocabulary\/expressoes-polonesas-do-tempo\/#breadcrumb\"},\"inLanguage\":\"pt-PT\",\"potentialAction\":[{\"@type\":\"ReadAction\",\"target\":[\"https:\/\/talkpal.ai\/pt-pt\/vocabulary\/expressoes-polonesas-do-tempo\/\"]}]},{\"@type\":\"ImageObject\",\"inLanguage\":\"pt-PT\",\"@id\":\"https:\/\/talkpal.ai\/pt-pt\/vocabulary\/expressoes-polonesas-do-tempo\/#primaryimage\",\"url\":\"https:\/\/talkpal.ai\/wp-content\/uploads\/2025\/12\/students-use-tablets-to-learn-languages.webp\",\"contentUrl\":\"https:\/\/talkpal.ai\/wp-content\/uploads\/2025\/12\/students-use-tablets-to-learn-languages.webp\",\"width\":1200,\"height\":896,\"caption\":\"Three people use digital tablets and books for learning languages at an outdoor table during sunset.\"},{\"@type\":\"BreadcrumbList\",\"@id\":\"https:\/\/talkpal.ai\/pt-pt\/vocabulary\/expressoes-polonesas-do-tempo\/#breadcrumb\",\"itemListElement\":[{\"@type\":\"ListItem\",\"position\":1,\"name\":\"Homepage\",\"item\":\"https:\/\/talkpal.ai\/pt-pt\/\"},{\"@type\":\"ListItem\",\"position\":2,\"name\":\"Express\u00f5es Polonesas do Tempo\"}]},{\"@type\":\"WebSite\",\"@id\":\"https:\/\/talkpal.ai\/pt-pt\/#website\",\"url\":\"https:\/\/talkpal.ai\/pt-pt\/\",\"name\":\"Talkpal\",\"description\":\"AI Language Learning\",\"publisher\":{\"@id\":\"https:\/\/talkpal.ai\/pt-pt\/#organization\"},\"alternateName\":\"Talkpal AI\",\"potentialAction\":[{\"@type\":\"SearchAction\",\"target\":{\"@type\":\"EntryPoint\",\"urlTemplate\":\"https:\/\/talkpal.ai\/pt-pt\/?s={search_term_string}\"},\"query-input\":{\"@type\":\"PropertyValueSpecification\",\"valueRequired\":true,\"valueName\":\"search_term_string\"}}],\"inLanguage\":\"pt-PT\"},{\"@type\":\"Organization\",\"@id\":\"https:\/\/talkpal.ai\/pt-pt\/#organization\",\"name\":\"Talkpal, Inc.\",\"alternateName\":\"Talkpal AI\",\"url\":\"https:\/\/talkpal.ai\/pt-pt\/\",\"logo\":{\"@type\":\"ImageObject\",\"inLanguage\":\"pt-PT\",\"@id\":\"https:\/\/talkpal.ai\/pt-pt\/#\/schema\/logo\/image\/\",\"url\":\"https:\/\/talkpal.ai\/wp-content\/uploads\/2024\/03\/Talkpal-Logo-Icon.png\",\"contentUrl\":\"https:\/\/talkpal.ai\/wp-content\/uploads\/2024\/03\/Talkpal-Logo-Icon.png\",\"width\":2880,\"height\":2880,\"caption\":\"Talkpal, Inc.\"},\"image\":{\"@id\":\"https:\/\/talkpal.ai\/pt-pt\/#\/schema\/logo\/image\/\"},\"sameAs\":[\"https:\/\/www.facebook.com\/profile.php?id=100090733639311\",\"https:\/\/x.com\/talkpalai\",\"https:\/\/www.linkedin.com\/company\/talkpal\/\",\"https:\/\/www.youtube.com\/@TalkPal\/\",\"https:\/\/www.tiktok.com\/@talkpal\",\"https:\/\/www.instagram.com\/talkpal_ai\/\",\"https:\/\/www.crunchbase.com\/organization\/talkpal-9cde\",\"https:\/\/www.g2.com\/products\/talkpal-for-business\/\",\"https:\/\/www.trustpilot.com\/review\/talkpal.ai\",\"https:\/\/www.capterra.com\/p\/10006800\/TalkPal\/\"],\"description\":\"Talkpal is a language learning web and mobile education app, powered by the latest AI technologies, that provides engaging experiences to its customers in many different languages to help them improve their language skills. Users can chat about unlimited amount of topics with the app and use other modes to practice their language learning.\",\"email\":\"support@talkpal.ai\",\"legalName\":\"Talkpal, Inc.\",\"foundingDate\":\"2023-04-03\",\"duns\":\"118989042\",\"numberOfEmployees\":{\"@type\":\"QuantitativeValue\",\"minValue\":\"11\",\"maxValue\":\"50\"},\"publishingPrinciples\":\"https:\/\/talkpal.ai\/publishing-principles\/\",\"actionableFeedbackPolicy\":\"https:\/\/talkpal.ai\/actionable-feedback-policy\/\",\"correctionsPolicy\":\"https:\/\/talkpal.ai\/corrections-policy\/\",\"ethicsPolicy\":\"https:\/\/talkpal.ai\/ethics-policy\/\",\"diversityPolicy\":\"https:\/\/talkpal.ai\/diversity-policy\/\",\"diversityStaffingReport\":\"https:\/\/talkpal.ai\/diversity-policy\/\"}]}<\/script>\n<!-- \/ Yoast SEO Premium plugin. -->","yoast_head_json":{"title":"Express\u00f5es Polonesas do Tempo - Talkpal","description":"Aprender express\u00f5es idiom\u00e1ticas \u00e9 uma parte essencial do aprendizado de qualquer l\u00edngua. No caso do polon\u00eas, as express\u00f5es relacionadas ao tempo s\u00e3o","robots":{"index":"index","follow":"follow","max-snippet":"max-snippet:-1","max-image-preview":"max-image-preview:large","max-video-preview":"max-video-preview:-1"},"canonical":"https:\/\/talkpal.ai\/pt-pt\/vocabulary\/expressoes-polonesas-do-tempo\/","og_locale":"pt_PT","og_type":"article","og_title":"Express\u00f5es Polonesas do Tempo","og_description":"Aprender express\u00f5es idiom\u00e1ticas \u00e9 uma parte essencial do aprendizado de qualquer l\u00edngua. No caso do polon\u00eas, as express\u00f5es relacionadas ao tempo s\u00e3o","og_url":"https:\/\/talkpal.ai\/pt-pt\/vocabulary\/expressoes-polonesas-do-tempo\/","og_site_name":"Talkpal","article_publisher":"https:\/\/www.facebook.com\/profile.php?id=100090733639311","og_image":[{"width":1024,"height":1024,"url":"https:\/\/talkpal.ai\/wp-content\/uploads\/2024\/10\/talkpal_flat_illustration_of_a_employees_working_together_happi_c674ff77-e477-4e09-835a-01d30e561e99.png","type":"image\/png"}],"twitter_card":"summary_large_image","twitter_site":"@talkpalai","twitter_misc":{"Tempo estimado de leitura":"5 minutos"},"schema":{"@context":"https:\/\/schema.org","@graph":[{"@type":"WebPage","@id":"https:\/\/talkpal.ai\/pt-pt\/vocabulary\/expressoes-polonesas-do-tempo\/","url":"https:\/\/talkpal.ai\/pt-pt\/vocabulary\/expressoes-polonesas-do-tempo\/","name":"Express\u00f5es Polonesas do Tempo - Talkpal","isPartOf":{"@id":"https:\/\/talkpal.ai\/pt-pt\/#website"},"primaryImageOfPage":{"@id":"https:\/\/talkpal.ai\/pt-pt\/vocabulary\/expressoes-polonesas-do-tempo\/#primaryimage"},"image":{"@id":"https:\/\/talkpal.ai\/pt-pt\/vocabulary\/expressoes-polonesas-do-tempo\/#primaryimage"},"thumbnailUrl":"https:\/\/talkpal.ai\/wp-content\/uploads\/2025\/12\/students-use-tablets-to-learn-languages.webp","datePublished":"2024-06-08T14:17:53+00:00","description":"Aprender express\u00f5es idiom\u00e1ticas \u00e9 uma parte essencial do aprendizado de qualquer l\u00edngua. No caso do polon\u00eas, as express\u00f5es relacionadas ao tempo s\u00e3o","breadcrumb":{"@id":"https:\/\/talkpal.ai\/pt-pt\/vocabulary\/expressoes-polonesas-do-tempo\/#breadcrumb"},"inLanguage":"pt-PT","potentialAction":[{"@type":"ReadAction","target":["https:\/\/talkpal.ai\/pt-pt\/vocabulary\/expressoes-polonesas-do-tempo\/"]}]},{"@type":"ImageObject","inLanguage":"pt-PT","@id":"https:\/\/talkpal.ai\/pt-pt\/vocabulary\/expressoes-polonesas-do-tempo\/#primaryimage","url":"https:\/\/talkpal.ai\/wp-content\/uploads\/2025\/12\/students-use-tablets-to-learn-languages.webp","contentUrl":"https:\/\/talkpal.ai\/wp-content\/uploads\/2025\/12\/students-use-tablets-to-learn-languages.webp","width":1200,"height":896,"caption":"Three people use digital tablets and books for learning languages at an outdoor table during sunset."},{"@type":"BreadcrumbList","@id":"https:\/\/talkpal.ai\/pt-pt\/vocabulary\/expressoes-polonesas-do-tempo\/#breadcrumb","itemListElement":[{"@type":"ListItem","position":1,"name":"Homepage","item":"https:\/\/talkpal.ai\/pt-pt\/"},{"@type":"ListItem","position":2,"name":"Express\u00f5es Polonesas do Tempo"}]},{"@type":"WebSite","@id":"https:\/\/talkpal.ai\/pt-pt\/#website","url":"https:\/\/talkpal.ai\/pt-pt\/","name":"Talkpal","description":"AI Language Learning","publisher":{"@id":"https:\/\/talkpal.ai\/pt-pt\/#organization"},"alternateName":"Talkpal AI","potentialAction":[{"@type":"SearchAction","target":{"@type":"EntryPoint","urlTemplate":"https:\/\/talkpal.ai\/pt-pt\/?s={search_term_string}"},"query-input":{"@type":"PropertyValueSpecification","valueRequired":true,"valueName":"search_term_string"}}],"inLanguage":"pt-PT"},{"@type":"Organization","@id":"https:\/\/talkpal.ai\/pt-pt\/#organization","name":"Talkpal, Inc.","alternateName":"Talkpal AI","url":"https:\/\/talkpal.ai\/pt-pt\/","logo":{"@type":"ImageObject","inLanguage":"pt-PT","@id":"https:\/\/talkpal.ai\/pt-pt\/#\/schema\/logo\/image\/","url":"https:\/\/talkpal.ai\/wp-content\/uploads\/2024\/03\/Talkpal-Logo-Icon.png","contentUrl":"https:\/\/talkpal.ai\/wp-content\/uploads\/2024\/03\/Talkpal-Logo-Icon.png","width":2880,"height":2880,"caption":"Talkpal, Inc."},"image":{"@id":"https:\/\/talkpal.ai\/pt-pt\/#\/schema\/logo\/image\/"},"sameAs":["https:\/\/www.facebook.com\/profile.php?id=100090733639311","https:\/\/x.com\/talkpalai","https:\/\/www.linkedin.com\/company\/talkpal\/","https:\/\/www.youtube.com\/@TalkPal\/","https:\/\/www.tiktok.com\/@talkpal","https:\/\/www.instagram.com\/talkpal_ai\/","https:\/\/www.crunchbase.com\/organization\/talkpal-9cde","https:\/\/www.g2.com\/products\/talkpal-for-business\/","https:\/\/www.trustpilot.com\/review\/talkpal.ai","https:\/\/www.capterra.com\/p\/10006800\/TalkPal\/"],"description":"Talkpal is a language learning web and mobile education app, powered by the latest AI technologies, that provides engaging experiences to its customers in many different languages to help them improve their language skills. Users can chat about unlimited amount of topics with the app and use other modes to practice their language learning.","email":"support@talkpal.ai","legalName":"Talkpal, Inc.","foundingDate":"2023-04-03","duns":"118989042","numberOfEmployees":{"@type":"QuantitativeValue","minValue":"11","maxValue":"50"},"publishingPrinciples":"https:\/\/talkpal.ai\/publishing-principles\/","actionableFeedbackPolicy":"https:\/\/talkpal.ai\/actionable-feedback-policy\/","correctionsPolicy":"https:\/\/talkpal.ai\/corrections-policy\/","ethicsPolicy":"https:\/\/talkpal.ai\/ethics-policy\/","diversityPolicy":"https:\/\/talkpal.ai\/diversity-policy\/","diversityStaffingReport":"https:\/\/talkpal.ai\/diversity-policy\/"}]}},"_links":{"self":[{"href":"https:\/\/talkpal.ai\/pt-pt\/wp-json\/wp\/v2\/vocabulary\/712269","targetHints":{"allow":["GET"]}}],"collection":[{"href":"https:\/\/talkpal.ai\/pt-pt\/wp-json\/wp\/v2\/vocabulary"}],"about":[{"href":"https:\/\/talkpal.ai\/pt-pt\/wp-json\/wp\/v2\/types\/vocabulary"}],"wp:featuredmedia":[{"embeddable":true,"href":"https:\/\/talkpal.ai\/pt-pt\/wp-json\/wp\/v2\/media\/1527994"}],"wp:attachment":[{"href":"https:\/\/talkpal.ai\/pt-pt\/wp-json\/wp\/v2\/media?parent=712269"}],"wp:term":[{"taxonomy":"vocabulary_language","embeddable":true,"href":"https:\/\/talkpal.ai\/pt-pt\/wp-json\/wp\/v2\/vocabulary_language?post=712269"}],"curies":[{"name":"wp","href":"https:\/\/api.w.org\/{rel}","templated":true}]}}