{"id":711220,"date":"2024-06-08T13:11:14","date_gmt":"2024-06-08T13:11:14","guid":{"rendered":"https:\/\/talkpal.ai\/vocabulary\/termos-politicos-e-governamentais-em-grego\/"},"modified":"2024-06-08T13:11:14","modified_gmt":"2024-06-08T13:11:14","slug":"termos-politicos-e-governamentais-em-grego","status":"publish","type":"vocabulary","link":"https:\/\/talkpal.ai\/pt-pt\/vocabulary\/termos-politicos-e-governamentais-em-grego\/","title":{"rendered":"Termos pol\u00edticos e governamentais em grego"},"content":{"rendered":"<p>Aprender termos pol\u00edticos e governamentais em <a href=\"https:\/\/talkpal.ai\/learn-greek\/\">grego<\/a> pode ser uma tarefa desafiadora, mas tamb\u00e9m bastante gratificante para quem deseja entender <a href=\"https:\/\/talkpal.ai\/es\/la-mejor-aplicacion-de-conversacion-con-ia\/\">melhor<\/a> a pol\u00edtica e a governa\u00e7\u00e3o na Gr\u00e9cia ou simplesmente enriquecer o seu vocabul\u00e1rio em grego. Vamos explorar alguns dos termos mais utilizados e importantes neste contexto, com as suas defini\u00e7\u00f5es e exemplos de uso.<\/p>\n<h2>Termos B\u00e1sicos de Pol\u00edtica<\/h2>\n<p><b>\u0394\u03b7\u03bc\u03bf\u03ba\u03c1\u03b1\u03c4\u03af\u03b1<\/b> &#8211; Democracia<br \/>\nA palavra &#8220;\u03b4\u03b7\u03bc\u03bf\u03ba\u03c1\u03b1\u03c4\u03af\u03b1&#8221; \u00e9 uma das mais importantes na pol\u00edtica grega, significando &#8220;governo do povo&#8221;. \u00c9 o sistema de governo onde os cidad\u00e3os t\u00eam o poder de decis\u00e3o atrav\u00e9s do voto.<\/p>\n<p><font color=\"#2D3AC7\">\u0397 \u03b4\u03b7\u03bc\u03bf\u03ba\u03c1\u03b1\u03c4\u03af\u03b1 \u03b5\u03af\u03bd\u03b1\u03b9 \u03c4\u03bf \u03c0\u03bf\u03bb\u03af\u03c4\u03b5\u03c5\u03bc\u03b1 \u03c0\u03bf\u03c5 \u03b5\u03c0\u03b9\u03c4\u03c1\u03ad\u03c0\u03b5\u03b9 \u03c3\u03c4\u03bf\u03c5\u03c2 \u03c0\u03bf\u03bb\u03af\u03c4\u03b5\u03c2 \u03bd\u03b1 \u03c3\u03c5\u03bc\u03bc\u03b5\u03c4\u03ad\u03c7\u03bf\u03c5\u03bd \u03c3\u03c4\u03b7 \u03b4\u03b9\u03b1\u03ba\u03c5\u03b2\u03ad\u03c1\u03bd\u03b7\u03c3\u03b7.<\/font><\/p>\n<p><b>\u03a0\u03bf\u03bb\u03af\u03c4\u03b5\u03c5\u03bc\u03b1<\/b> &#8211; Regime Pol\u00edtico<br \/>\n&#8220;\u03a0\u03bf\u03bb\u03af\u03c4\u03b5\u03c5\u03bc\u03b1&#8221; refere-se ao tipo de governo ou sistema pol\u00edtico que um pa\u00eds adota, <a href=\"https:\/\/talkpal.ai\/locations\/language-courses-in-como\/\">como<\/a> a democracia, a monarquia, etc.<\/p>\n<p><font color=\"#2D3AC7\">\u0397 \u0395\u03bb\u03bb\u03ac\u03b4\u03b1 \u03ad\u03c7\u03b5\u03b9 \u03ad\u03bd\u03b1 \u03b4\u03b7\u03bc\u03bf\u03ba\u03c1\u03b1\u03c4\u03b9\u03ba\u03cc \u03c0\u03bf\u03bb\u03af\u03c4\u03b5\u03c5\u03bc\u03b1.<\/font><\/p>\n<p><b>\u0392\u03bf\u03c5\u03bb\u03ae<\/b> &#8211; Parlamento<br \/>\n&#8220;\u0392\u03bf\u03c5\u03bb\u03ae&#8221; \u00e9 o \u00f3rg\u00e3o legislativo de um pa\u00eds, onde se fazem e aprovam as leis. Na Gr\u00e9cia, a \u0392\u03bf\u03c5\u03bb\u03ae \u03c4\u03c9\u03bd \u0395\u03bb\u03bb\u03ae\u03bd\u03c9\u03bd (Parlamento dos Gregos) \u00e9 a principal institui\u00e7\u00e3o legislativa.<\/p>\n<p><font color=\"#2D3AC7\">\u0397 \u03b2\u03bf\u03c5\u03bb\u03ae \u03c8\u03ae\u03c6\u03b9\u03c3\u03b5 \u03c4\u03bf \u03bd\u03ad\u03bf \u03bd\u03bf\u03bc\u03bf\u03c3\u03c7\u03ad\u03b4\u03b9\u03bf.<\/font><\/p>\n<p><b>\u039a\u03c5\u03b2\u03ad\u03c1\u03bd\u03b7\u03c3\u03b7<\/b> &#8211; Governo<br \/>\n&#8220;\u039a\u03c5\u03b2\u03ad\u03c1\u03bd\u03b7\u03c3\u03b7&#8221; \u00e9 o \u00f3rg\u00e3o executivo que administra o pa\u00eds. \u00c9 composto pelo Primeiro-Ministro e outros ministros que gerem diferentes setores.<\/p>\n<p><font color=\"#2D3AC7\">\u0397 \u03ba\u03c5\u03b2\u03ad\u03c1\u03bd\u03b7\u03c3\u03b7 \u03b1\u03bd\u03b1\u03ba\u03bf\u03af\u03bd\u03c9\u03c3\u03b5 \u03bd\u03ad\u03b1 \u03bc\u03ad\u03c4\u03c1\u03b1 \u03b3\u03b9\u03b1 \u03c4\u03b7\u03bd \u03bf\u03b9\u03ba\u03bf\u03bd\u03bf\u03bc\u03af\u03b1.<\/font><\/p>\n<p><b>\u03a0\u03c1\u03c9\u03b8\u03c5\u03c0\u03bf\u03c5\u03c1\u03b3\u03cc\u03c2<\/b> &#8211; Primeiro-Ministro<br \/>\n&#8220;\u03a0\u03c1\u03c9\u03b8\u03c5\u03c0\u03bf\u03c5\u03c1\u03b3\u03cc\u03c2&#8221; \u00e9 o chefe do governo, respons\u00e1vel por liderar o gabinete e tomar decis\u00f5es executivas importantes.<\/p>\n<p><font color=\"#2D3AC7\">\u039f \u03c0\u03c1\u03c9\u03b8\u03c5\u03c0\u03bf\u03c5\u03c1\u03b3\u03cc\u03c2 \u03ad\u03ba\u03b1\u03bd\u03b5 \u03b4\u03b7\u03bb\u03ce\u03c3\u03b5\u03b9\u03c2 \u03b3\u03b9\u03b1 \u03c4\u03b7\u03bd \u03b5\u03be\u03c9\u03c4\u03b5\u03c1\u03b9\u03ba\u03ae \u03c0\u03bf\u03bb\u03b9\u03c4\u03b9\u03ba\u03ae.<\/font><\/p>\n<h2>Partidos Pol\u00edticos e Ideologias<\/h2>\n<p><b>\u039a\u03cc\u03bc\u03bc\u03b1<\/b> &#8211; Partido<br \/>\n&#8220;\u039a\u03cc\u03bc\u03bc\u03b1&#8221; refere-se a um grupo organizado de pessoas com ideias pol\u00edticas semelhantes que procuram obter poder pol\u00edtico.<\/p>\n<p><font color=\"#2D3AC7\">\u03a4\u03bf \u03ba\u03cc\u03bc\u03bc\u03b1 \u03ba\u03ad\u03c1\u03b4\u03b9\u03c3\u03b5 \u03c4\u03b9\u03c2 \u03b5\u03ba\u03bb\u03bf\u03b3\u03ad\u03c2 \u03bc\u03b5 \u03bc\u03b5\u03b3\u03ac\u03bb\u03b7 \u03b4\u03b9\u03b1\u03c6\u03bf\u03c1\u03ac.<\/font><\/p>\n<p><b>\u03a3\u03bf\u03c3\u03b9\u03b1\u03bb\u03b9\u03c3\u03bc\u03cc\u03c2<\/b> &#8211; Socialismo<br \/>\n&#8220;\u03a3\u03bf\u03c3\u03b9\u03b1\u03bb\u03b9\u03c3\u03bc\u03cc\u03c2&#8221; \u00e9 uma ideologia pol\u00edtica que defende a igualdade social e a propriedade coletiva dos meios de produ\u00e7\u00e3o.<\/p>\n<p><font color=\"#2D3AC7\">\u039f \u03c3\u03bf\u03c3\u03b9\u03b1\u03bb\u03b9\u03c3\u03bc\u03cc\u03c2 \u03c5\u03c0\u03bf\u03c3\u03c4\u03b7\u03c1\u03af\u03b6\u03b5\u03b9 \u03c4\u03b7\u03bd \u03ba\u03bf\u03b9\u03bd\u03c9\u03bd\u03b9\u03ba\u03ae \u03b4\u03b9\u03ba\u03b1\u03b9\u03bf\u03c3\u03cd\u03bd\u03b7 \u03ba\u03b1\u03b9 \u03c4\u03b7\u03bd \u03b9\u03c3\u03cc\u03c4\u03b7\u03c4\u03b1.<\/font><\/p>\n<p><b>\u039a\u03bf\u03bc\u03bc\u03bf\u03c5\u03bd\u03b9\u03c3\u03bc\u03cc\u03c2<\/b> &#8211; Comunismo<br \/>\n&#8220;\u039a\u03bf\u03bc\u03bc\u03bf\u03c5\u03bd\u03b9\u03c3\u03bc\u03cc\u03c2&#8221; \u00e9 uma ideologia que visa a cria\u00e7\u00e3o de uma sociedade sem classes, onde todos os bens s\u00e3o de propriedade comum.<\/p>\n<p><font color=\"#2D3AC7\">\u039f \u03ba\u03bf\u03bc\u03bc\u03bf\u03c5\u03bd\u03b9\u03c3\u03bc\u03cc\u03c2 \u03b5\u03af\u03c7\u03b5 \u03bc\u03b5\u03b3\u03ac\u03bb\u03b7 \u03b5\u03c0\u03b9\u03c1\u03c1\u03bf\u03ae \u03c3\u03c4\u03bf\u03bd 20\u03bf \u03b1\u03b9\u03ce\u03bd\u03b1.<\/font><\/p>\n<p><b>\u039a\u03b1\u03c0\u03b9\u03c4\u03b1\u03bb\u03b9\u03c3\u03bc\u03cc\u03c2<\/b> &#8211; Capitalismo<br \/>\n&#8220;\u039a\u03b1\u03c0\u03b9\u03c4\u03b1\u03bb\u03b9\u03c3\u03bc\u03cc\u03c2&#8221; \u00e9 um sistema econ\u00f4mico e pol\u00edtico onde os meios de produ\u00e7\u00e3o s\u00e3o de propriedade privada e operam para o lucro.<\/p>\n<p><font color=\"#2D3AC7\">\u039f \u03ba\u03b1\u03c0\u03b9\u03c4\u03b1\u03bb\u03b9\u03c3\u03bc\u03cc\u03c2 \u03b4\u03af\u03bd\u03b5\u03b9 \u03ad\u03bc\u03c6\u03b1\u03c3\u03b7 \u03c3\u03c4\u03b7\u03bd \u03b5\u03bb\u03b5\u03cd\u03b8\u03b5\u03c1\u03b7 \u03b1\u03b3\u03bf\u03c1\u03ac \u03ba\u03b1\u03b9 \u03c4\u03b7\u03bd \u03b5\u03c0\u03b9\u03c7\u03b5\u03b9\u03c1\u03b7\u03bc\u03b1\u03c4\u03b9\u03ba\u03cc\u03c4\u03b7\u03c4\u03b1.<\/font><\/p>\n<p><b>\u03a6\u03b9\u03bb\u03b5\u03bb\u03b5\u03c5\u03b8\u03b5\u03c1\u03b9\u03c3\u03bc\u03cc\u03c2<\/b> &#8211; Liberalismo<br \/>\n&#8220;\u03a6\u03b9\u03bb\u03b5\u03bb\u03b5\u03c5\u03b8\u03b5\u03c1\u03b9\u03c3\u03bc\u03cc\u03c2&#8221; \u00e9 uma ideologia pol\u00edtica que promove a liberdade individual, direitos civis, democracia e economia de mercado.<\/p>\n<p><font color=\"#2D3AC7\">\u039f \u03c6\u03b9\u03bb\u03b5\u03bb\u03b5\u03c5\u03b8\u03b5\u03c1\u03b9\u03c3\u03bc\u03cc\u03c2 \u03c5\u03c0\u03bf\u03c3\u03c4\u03b7\u03c1\u03af\u03b6\u03b5\u03b9 \u03c4\u03b7\u03bd \u03b5\u03bb\u03b5\u03c5\u03b8\u03b5\u03c1\u03af\u03b1 \u03c4\u03bf\u03c5 \u03bb\u03cc\u03b3\u03bf\u03c5 \u03ba\u03b1\u03b9 \u03c4\u03b7\u03bd \u03b1\u03c4\u03bf\u03bc\u03b9\u03ba\u03ae \u03b5\u03c5\u03b8\u03cd\u03bd\u03b7.<\/font><\/p>\n<h2>Processos e Institui\u00e7\u00f5es Governamentais<\/h2>\n<p><b>\u0395\u03ba\u03bb\u03bf\u03b3\u03ad\u03c2<\/b> &#8211; Elei\u00e7\u00f5es<br \/>\n&#8220;\u0395\u03ba\u03bb\u03bf\u03b3\u03ad\u03c2&#8221; \u00e9 o processo pelo qual os cidad\u00e3os escolhem os seus representantes no governo atrav\u00e9s do voto.<\/p>\n<p><font color=\"#2D3AC7\">\u039f\u03b9 \u03b5\u03c0\u03cc\u03bc\u03b5\u03bd\u03b5\u03c2 \u03b5\u03b8\u03bd\u03b9\u03ba\u03ad\u03c2 \u03b5\u03ba\u03bb\u03bf\u03b3\u03ad\u03c2 \u03b8\u03b1 \u03b4\u03b9\u03b5\u03be\u03b1\u03c7\u03b8\u03bf\u03cd\u03bd \u03c4\u03bf \u03b5\u03c0\u03cc\u03bc\u03b5\u03bd\u03bf \u03ad\u03c4\u03bf\u03c2.<\/font><\/p>\n<p><b>\u039d\u03cc\u03bc\u03bf\u03c2<\/b> &#8211; Lei<br \/>\n&#8220;\u039d\u03cc\u03bc\u03bf\u03c2&#8221; \u00e9 uma regra formal aprovada pelo parlamento e aplicada pelo governo.<\/p>\n<p><font color=\"#2D3AC7\">\u039f \u03bd\u03ad\u03bf\u03c2 \u03bd\u03cc\u03bc\u03bf\u03c2 \u03b3\u03b9\u03b1 \u03c4\u03b7\u03bd \u03c5\u03b3\u03b5\u03af\u03b1 \u03c8\u03b7\u03c6\u03af\u03c3\u03c4\u03b7\u03ba\u03b5 \u03c7\u03b8\u03b5\u03c2.<\/font><\/p>\n<p><b>\u0394\u03b9\u03ba\u03b1\u03c3\u03c4\u03ae\u03c1\u03b9\u03bf<\/b> &#8211; Tribunal<br \/>\n&#8220;\u0394\u03b9\u03ba\u03b1\u03c3\u03c4\u03ae\u03c1\u03b9\u03bf&#8221; \u00e9 uma institui\u00e7\u00e3o que interpreta e aplica a lei, julgando casos e resolvendo disputas.<\/p>\n<p><font color=\"#2D3AC7\">\u03a4\u03bf \u03b4\u03b9\u03ba\u03b1\u03c3\u03c4\u03ae\u03c1\u03b9\u03bf \u03b1\u03c0\u03bf\u03c6\u03ac\u03c3\u03b9\u03c3\u03b5 \u03c5\u03c0\u03ad\u03c1 \u03c4\u03bf\u03c5 \u03ba\u03b1\u03c4\u03b7\u03b3\u03bf\u03c1\u03bf\u03c5\u03bc\u03ad\u03bd\u03bf\u03c5.<\/font><\/p>\n<p><b>\u03a3\u03cd\u03bd\u03c4\u03b1\u03b3\u03bc\u03b1<\/b> &#8211; Constitui\u00e7\u00e3o<br \/>\n&#8220;\u03a3\u03cd\u03bd\u03c4\u03b1\u03b3\u03bc\u03b1&#8221; \u00e9 o conjunto de leis fundamentais que definem a <a href=\"https:\/\/talkpal.ai\/talkpal-discount-for-cultural-organization-members\/\">organiza\u00e7\u00e3o<\/a> e o funcionamento de um estado.<\/p>\n<p><font color=\"#2D3AC7\">\u03a4\u03bf \u03c3\u03cd\u03bd\u03c4\u03b1\u03b3\u03bc\u03b1 \u03c4\u03b7\u03c2 \u0395\u03bb\u03bb\u03ac\u03b4\u03b1\u03c2 \u03b8\u03b5\u03c3\u03c0\u03af\u03c3\u03c4\u03b7\u03ba\u03b5 \u03c4\u03bf 1975.<\/font><\/p>\n<p><b>\u0394\u03ae\u03bc\u03b1\u03c1\u03c7\u03bf\u03c2<\/b> &#8211; Presidente da C\u00e2mara<br \/>\n&#8220;\u0394\u03ae\u03bc\u03b1\u03c1\u03c7\u03bf\u03c2&#8221; \u00e9 o chefe do governo local, respons\u00e1vel pela administra\u00e7\u00e3o de uma cidade ou munic\u00edpio.<\/p>\n<p><font color=\"#2D3AC7\">\u039f \u03b4\u03ae\u03bc\u03b1\u03c1\u03c7\u03bf\u03c2 \u03b1\u03bd\u03b1\u03ba\u03bf\u03af\u03bd\u03c9\u03c3\u03b5 \u03bd\u03ad\u03b1 \u03ad\u03c1\u03b3\u03b1 \u03c5\u03c0\u03bf\u03b4\u03bf\u03bc\u03ae\u03c2.<\/font><\/p>\n<h2>Diplomacia e Rela\u00e7\u00f5es Internacionais<\/h2>\n<p><b>\u0394\u03b9\u03c0\u03bb\u03c9\u03bc\u03b1\u03c4\u03af\u03b1<\/b> &#8211; Diplomacia<br \/>\n&#8220;\u0394\u03b9\u03c0\u03bb\u03c9\u03bc\u03b1\u03c4\u03af\u03b1&#8221; \u00e9 a pr\u00e1tica de gerir as rela\u00e7\u00f5es entre diferentes pa\u00edses atrav\u00e9s de negocia\u00e7\u00f5es e di\u00e1logo.<\/p>\n<p><font color=\"#2D3AC7\">\u0397 \u03b4\u03b9\u03c0\u03bb\u03c9\u03bc\u03b1\u03c4\u03af\u03b1 \u03b5\u03af\u03bd\u03b1\u03b9 \u03ba\u03c1\u03af\u03c3\u03b9\u03bc\u03b7 \u03b3\u03b9\u03b1 \u03c4\u03b7\u03bd \u03b5\u03b9\u03c1\u03ae\u03bd\u03b7 \u03ba\u03b1\u03b9 \u03c4\u03b7 \u03c3\u03c5\u03bd\u03b5\u03c1\u03b3\u03b1\u03c3\u03af\u03b1 \u03bc\u03b5\u03c4\u03b1\u03be\u03cd \u03c4\u03c9\u03bd \u03ba\u03c1\u03b1\u03c4\u03ce\u03bd.<\/font><\/p>\n<p><b>\u03a0\u03c1\u03b5\u03c3\u03b2\u03b5\u03af\u03b1<\/b> &#8211; Embaixada<br \/>\n&#8220;\u03a0\u03c1\u03b5\u03c3\u03b2\u03b5\u03af\u03b1&#8221; \u00e9 a representa\u00e7\u00e3o diplom\u00e1tica de um pa\u00eds em outro, liderada por um embaixador.<\/p>\n<p><font color=\"#2D3AC7\">\u0397 \u03b5\u03bb\u03bb\u03b7\u03bd\u03b9\u03ba\u03ae \u03c0\u03c1\u03b5\u03c3\u03b2\u03b5\u03af\u03b1 \u03c3\u03c4\u03bf \u03a0\u03b1\u03c1\u03af\u03c3\u03b9 \u03b4\u03b9\u03bf\u03c1\u03b3\u03ac\u03bd\u03c9\u03c3\u03b5 \u03bc\u03b9\u03b1 \u03c0\u03bf\u03bb\u03b9\u03c4\u03b9\u03c3\u03c4\u03b9\u03ba\u03ae \u03b5\u03ba\u03b4\u03ae\u03bb\u03c9\u03c3\u03b7.<\/font><\/p>\n<p><b>\u03a3\u03cd\u03bc\u03bc\u03b1\u03c7\u03bf\u03c2<\/b> &#8211; Aliado<br \/>\n&#8220;\u03a3\u03cd\u03bc\u03bc\u03b1\u03c7\u03bf\u03c2&#8221; \u00e9 um pa\u00eds ou organiza\u00e7\u00e3o que se une a outro(s) para alcan\u00e7ar objetivos comuns, especialmente em contextos militares e pol\u00edticos.<\/p>\n<p><font color=\"#2D3AC7\">\u0397 \u0395\u03bb\u03bb\u03ac\u03b4\u03b1 \u03b5\u03af\u03bd\u03b1\u03b9 \u03c3\u03cd\u03bc\u03bc\u03b1\u03c7\u03bf\u03c2 \u03c0\u03bf\u03bb\u03bb\u03ce\u03bd \u03c7\u03c9\u03c1\u03ce\u03bd \u03c3\u03c4\u03bf \u039d\u0391\u03a4\u039f.<\/font><\/p>\n<p><b>\u03a3\u03c5\u03bd\u03b8\u03ae\u03ba\u03b7<\/b> &#8211; Tratado<br \/>\n&#8220;\u03a3\u03c5\u03bd\u03b8\u03ae\u03ba\u03b7&#8221; \u00e9 um acordo formal entre pa\u00edses, que pode <a href=\"https:\/\/talkpal.ai\/culture\/how-do-you-use-tratar-de-versus-tratar-sobre\/\">tratar de<\/a> uma vasta gama de assuntos, incluindo paz, com\u00e9rcio e direitos humanos.<\/p>\n<p><font color=\"#2D3AC7\">\u0397 \u03c3\u03c5\u03bd\u03b8\u03ae\u03ba\u03b7 \u03b5\u03b9\u03c1\u03ae\u03bd\u03b7\u03c2 \u03c5\u03c0\u03bf\u03b3\u03c1\u03ac\u03c6\u03b7\u03ba\u03b5 \u03bc\u03b5\u03c4\u03ac \u03b1\u03c0\u03cc \u03bc\u03b1\u03ba\u03c1\u03ad\u03c2 \u03b4\u03b9\u03b1\u03c0\u03c1\u03b1\u03b3\u03bc\u03b1\u03c4\u03b5\u03cd\u03c3\u03b5\u03b9\u03c2.<\/font><\/p>\n<p><b>\u039f\u03c1\u03b3\u03b1\u03bd\u03b9\u03c3\u03bc\u03cc\u03c2 \u0397\u03bd\u03c9\u03bc\u03ad\u03bd\u03c9\u03bd \u0395\u03b8\u03bd\u03ce\u03bd<\/b> &#8211; Organiza\u00e7\u00e3o das Na\u00e7\u00f5es Unidas (ONU)<br \/>\n&#8220;\u039f\u03c1\u03b3\u03b1\u03bd\u03b9\u03c3\u03bc\u03cc\u03c2 \u0397\u03bd\u03c9\u03bc\u03ad\u03bd\u03c9\u03bd \u0395\u03b8\u03bd\u03ce\u03bd&#8221; \u00e9 uma organiza\u00e7\u00e3o internacional criada para promover a paz e a coopera\u00e7\u00e3o entre os pa\u00edses do mundo.<\/p>\n<p><font color=\"#2D3AC7\">\u039f \u03bf\u03c1\u03b3\u03b1\u03bd\u03b9\u03c3\u03bc\u03cc\u03c2 \u0397\u03bd\u03c9\u03bc\u03ad\u03bd\u03c9\u03bd \u0395\u03b8\u03bd\u03ce\u03bd \u03ad\u03c7\u03b5\u03b9 193 \u03ba\u03c1\u03ac\u03c4\u03b7 \u03bc\u03ad\u03bb\u03b7.<\/font><\/p>\n<h2>Outros Termos Relevantes<\/h2>\n<p><b>\u03a8\u03ae\u03c6\u03bf\u03c2<\/b> &#8211; Voto<br \/>\n&#8220;\u03a8\u03ae\u03c6\u03bf\u03c2&#8221; \u00e9 o ato de expressar uma escolha ou <a href=\"https:\/\/talkpal.ai\/contact\/\">opini\u00e3o<\/a>, especialmente em uma elei\u00e7\u00e3o.<\/p>\n<p><font color=\"#2D3AC7\">\u0397 \u03c8\u03ae\u03c6\u03bf\u03c2 \u03c4\u03c9\u03bd \u03c0\u03bf\u03bb\u03b9\u03c4\u03ce\u03bd \u03b5\u03af\u03bd\u03b1\u03b9 \u03ba\u03b1\u03b8\u03bf\u03c1\u03b9\u03c3\u03c4\u03b9\u03ba\u03ae \u03b3\u03b9\u03b1 \u03c4\u03bf \u03b1\u03c0\u03bf\u03c4\u03ad\u03bb\u03b5\u03c3\u03bc\u03b1 \u03c4\u03c9\u03bd \u03b5\u03ba\u03bb\u03bf\u03b3\u03ce\u03bd.<\/font><\/p>\n<p><b>\u0394\u03b9\u03b1\u03b4\u03ae\u03bb\u03c9\u03c3\u03b7<\/b> &#8211; Manifesta\u00e7\u00e3o<br \/>\n&#8220;\u0394\u03b9\u03b1\u03b4\u03ae\u03bb\u03c9\u03c3\u03b7&#8221; \u00e9 um ato p\u00fablico de protesto ou apoio a uma causa, geralmente envolvendo um grande grupo de pessoas.<\/p>\n<p><font color=\"#2D3AC7\">\u03a7\u03b9\u03bb\u03b9\u03ac\u03b4\u03b5\u03c2 \u03ac\u03bd\u03b8\u03c1\u03c9\u03c0\u03bf\u03b9 \u03c3\u03c5\u03bc\u03bc\u03b5\u03c4\u03b5\u03af\u03c7\u03b1\u03bd \u03c3\u03c4\u03b7 \u03b4\u03b9\u03b1\u03b4\u03ae\u03bb\u03c9\u03c3\u03b7 \u03b3\u03b9\u03b1 \u03c4\u03b1 \u03b1\u03bd\u03b8\u03c1\u03ce\u03c0\u03b9\u03bd\u03b1 \u03b4\u03b9\u03ba\u03b1\u03b9\u03ce\u03bc\u03b1\u03c4\u03b1.<\/font><\/p>\n<p><b>\u0391\u03bd\u03c4\u03b9\u03c0\u03bf\u03bb\u03af\u03c4\u03b5\u03c5\u03c3\u03b7<\/b> &#8211; Oposi\u00e7\u00e3o<br \/>\n&#8220;\u0391\u03bd\u03c4\u03b9\u03c0\u03bf\u03bb\u03af\u03c4\u03b5\u03c5\u03c3\u03b7&#8221; \u00e9 o conjunto de partidos e pol\u00edticos que n\u00e3o est\u00e3o no governo e criticam ou oferecem alternativas \u00e0s pol\u00edticas governamentais.<\/p>\n<p><font color=\"#2D3AC7\">\u0397 \u03b1\u03bd\u03c4\u03b9\u03c0\u03bf\u03bb\u03af\u03c4\u03b5\u03c5\u03c3\u03b7 \u03ba\u03b1\u03c4\u03b7\u03b3\u03cc\u03c1\u03b7\u03c3\u03b5 \u03c4\u03b7\u03bd \u03ba\u03c5\u03b2\u03ad\u03c1\u03bd\u03b7\u03c3\u03b7 \u03b3\u03b9\u03b1 \u03ba\u03b1\u03ba\u03bf\u03b4\u03b9\u03b1\u03c7\u03b5\u03af\u03c1\u03b9\u03c3\u03b7.<\/font><\/p>\n<p><b>\u03a5\u03c0\u03bf\u03c5\u03c1\u03b3\u03cc\u03c2<\/b> &#8211; Ministro<br \/>\n&#8220;\u03a5\u03c0\u03bf\u03c5\u03c1\u03b3\u03cc\u03c2&#8221; \u00e9 um membro do governo respons\u00e1vel por um departamento espec\u00edfico, como a sa\u00fade, a educa\u00e7\u00e3o ou as finan\u00e7as.<\/p>\n<p><font color=\"#2D3AC7\">\u039f \u03c5\u03c0\u03bf\u03c5\u03c1\u03b3\u03cc\u03c2 \u03a5\u03b3\u03b5\u03af\u03b1\u03c2 \u03b1\u03bd\u03b1\u03ba\u03bf\u03af\u03bd\u03c9\u03c3\u03b5 \u03bd\u03ad\u03b1 \u03bc\u03ad\u03c4\u03c1\u03b1 \u03b3\u03b9\u03b1 \u03c4\u03b7\u03bd \u03c0\u03b1\u03bd\u03b4\u03b7\u03bc\u03af\u03b1.<\/font><\/p>\n<p><b>\u03a0\u03bf\u03bb\u03b9\u03c4\u03b9\u03ba\u03ae<\/b> &#8211; Pol\u00edtica<br \/>\n&#8220;\u03a0\u03bf\u03bb\u03b9\u03c4\u03b9\u03ba\u03ae&#8221; refere-se tanto \u00e0 arte e ci\u00eancia de governar quanto \u00e0s atividades associadas \u00e0 administra\u00e7\u00e3o de um pa\u00eds ou \u00e1rea.<\/p>\n<p><font color=\"#2D3AC7\">\u0397 \u03c0\u03bf\u03bb\u03b9\u03c4\u03b9\u03ba\u03ae \u03b5\u03af\u03bd\u03b1\u03b9 \u03ad\u03bd\u03b1 \u03c0\u03b5\u03b4\u03af\u03bf \u03b3\u03b5\u03bc\u03ac\u03c4\u03bf \u03c0\u03c1\u03bf\u03ba\u03bb\u03ae\u03c3\u03b5\u03b9\u03c2 \u03ba\u03b1\u03b9 \u03b5\u03c5\u03ba\u03b1\u03b9\u03c1\u03af\u03b5\u03c2.<\/font><\/p>\n<p>Estes s\u00e3o apenas alguns dos muitos termos pol\u00edticos e governamentais que podemos encontrar na l\u00edngua grega. Ao aprender e entender estes termos, n\u00e3o s\u00f3 melhoramos o nosso conhecimento lingu\u00edstico, mas tamb\u00e9m ganhamos uma vis\u00e3o mais profunda da cultura e sistema pol\u00edtico da Gr\u00e9cia. Continue a praticar e explorar mais palavras e conceitos para expandir o seu vocabul\u00e1rio e compreens\u00e3o. Boa sorte!<\/p>\n","protected":false},"featured_media":1528321,"template":"","vocabulary_language":[4101],"class_list":["post-711220","vocabulary","type-vocabulary","status-publish","has-post-thumbnail","hentry","vocabulary_language-grego"],"acf":[],"yoast_head":"<!-- This site is optimized with the Yoast SEO Premium plugin v27.2 (Yoast SEO v27.2) - https:\/\/yoast.com\/product\/yoast-seo-premium-wordpress\/ -->\n<title>Termos pol\u00edticos e governamentais em grego - Talkpal<\/title>\n<meta name=\"description\" content=\"Aprender termos pol\u00edticos e governamentais em grego pode ser uma tarefa desafiadora, mas tamb\u00e9m bastante gratificante para quem deseja entender melhor a\" \/>\n<meta name=\"robots\" content=\"index, follow, max-snippet:-1, max-image-preview:large, max-video-preview:-1\" \/>\n<link rel=\"canonical\" href=\"https:\/\/talkpal.ai\/pt-pt\/vocabulary\/termos-politicos-e-governamentais-em-grego\/\" \/>\n<meta property=\"og:locale\" content=\"pt_PT\" \/>\n<meta property=\"og:type\" content=\"article\" \/>\n<meta property=\"og:title\" content=\"Termos pol\u00edticos e governamentais em grego\" \/>\n<meta property=\"og:description\" content=\"Aprender termos pol\u00edticos e governamentais em grego pode ser uma tarefa desafiadora, mas tamb\u00e9m bastante gratificante para quem deseja entender melhor a\" \/>\n<meta property=\"og:url\" content=\"https:\/\/talkpal.ai\/pt-pt\/vocabulary\/termos-politicos-e-governamentais-em-grego\/\" \/>\n<meta property=\"og:site_name\" content=\"Talkpal\" \/>\n<meta property=\"article:publisher\" content=\"https:\/\/www.facebook.com\/profile.php?id=100090733639311\" \/>\n<meta property=\"og:image\" content=\"https:\/\/talkpal.ai\/wp-content\/uploads\/2024\/10\/talkpal_flat_illustration_of_a_employees_working_together_happi_c674ff77-e477-4e09-835a-01d30e561e99.png\" \/>\n\t<meta property=\"og:image:width\" content=\"1024\" \/>\n\t<meta property=\"og:image:height\" content=\"1024\" \/>\n\t<meta property=\"og:image:type\" content=\"image\/png\" \/>\n<meta name=\"twitter:card\" content=\"summary_large_image\" \/>\n<meta name=\"twitter:site\" content=\"@talkpalai\" \/>\n<meta name=\"twitter:label1\" content=\"Tempo estimado de leitura\" \/>\n\t<meta name=\"twitter:data1\" content=\"4 minutos\" \/>\n<script type=\"application\/ld+json\" class=\"yoast-schema-graph\">{\"@context\":\"https:\/\/schema.org\",\"@graph\":[{\"@type\":\"WebPage\",\"@id\":\"https:\/\/talkpal.ai\/pt-pt\/vocabulary\/termos-politicos-e-governamentais-em-grego\/\",\"url\":\"https:\/\/talkpal.ai\/pt-pt\/vocabulary\/termos-politicos-e-governamentais-em-grego\/\",\"name\":\"Termos pol\u00edticos e governamentais em grego - Talkpal\",\"isPartOf\":{\"@id\":\"https:\/\/talkpal.ai\/pt-pt\/#website\"},\"primaryImageOfPage\":{\"@id\":\"https:\/\/talkpal.ai\/pt-pt\/vocabulary\/termos-politicos-e-governamentais-em-grego\/#primaryimage\"},\"image\":{\"@id\":\"https:\/\/talkpal.ai\/pt-pt\/vocabulary\/termos-politicos-e-governamentais-em-grego\/#primaryimage\"},\"thumbnailUrl\":\"https:\/\/talkpal.ai\/wp-content\/uploads\/2025\/12\/trio-reads-books-to-learn-languages.webp\",\"datePublished\":\"2024-06-08T13:11:14+00:00\",\"description\":\"Aprender termos pol\u00edticos e governamentais em grego pode ser uma tarefa desafiadora, mas tamb\u00e9m bastante gratificante para quem deseja entender melhor a\",\"breadcrumb\":{\"@id\":\"https:\/\/talkpal.ai\/pt-pt\/vocabulary\/termos-politicos-e-governamentais-em-grego\/#breadcrumb\"},\"inLanguage\":\"pt-PT\",\"potentialAction\":[{\"@type\":\"ReadAction\",\"target\":[\"https:\/\/talkpal.ai\/pt-pt\/vocabulary\/termos-politicos-e-governamentais-em-grego\/\"]}]},{\"@type\":\"ImageObject\",\"inLanguage\":\"pt-PT\",\"@id\":\"https:\/\/talkpal.ai\/pt-pt\/vocabulary\/termos-politicos-e-governamentais-em-grego\/#primaryimage\",\"url\":\"https:\/\/talkpal.ai\/wp-content\/uploads\/2025\/12\/trio-reads-books-to-learn-languages.webp\",\"contentUrl\":\"https:\/\/talkpal.ai\/wp-content\/uploads\/2025\/12\/trio-reads-books-to-learn-languages.webp\",\"width\":1200,\"height\":896,\"caption\":\"Three students study textbooks together while learning languages in a cozy room.\"},{\"@type\":\"BreadcrumbList\",\"@id\":\"https:\/\/talkpal.ai\/pt-pt\/vocabulary\/termos-politicos-e-governamentais-em-grego\/#breadcrumb\",\"itemListElement\":[{\"@type\":\"ListItem\",\"position\":1,\"name\":\"Homepage\",\"item\":\"https:\/\/talkpal.ai\/pt-pt\/\"},{\"@type\":\"ListItem\",\"position\":2,\"name\":\"Termos pol\u00edticos e governamentais em grego\"}]},{\"@type\":\"WebSite\",\"@id\":\"https:\/\/talkpal.ai\/pt-pt\/#website\",\"url\":\"https:\/\/talkpal.ai\/pt-pt\/\",\"name\":\"Talkpal\",\"description\":\"AI Language Learning\",\"publisher\":{\"@id\":\"https:\/\/talkpal.ai\/pt-pt\/#organization\"},\"alternateName\":\"Talkpal AI\",\"potentialAction\":[{\"@type\":\"SearchAction\",\"target\":{\"@type\":\"EntryPoint\",\"urlTemplate\":\"https:\/\/talkpal.ai\/pt-pt\/?s={search_term_string}\"},\"query-input\":{\"@type\":\"PropertyValueSpecification\",\"valueRequired\":true,\"valueName\":\"search_term_string\"}}],\"inLanguage\":\"pt-PT\"},{\"@type\":\"Organization\",\"@id\":\"https:\/\/talkpal.ai\/pt-pt\/#organization\",\"name\":\"Talkpal, Inc.\",\"alternateName\":\"Talkpal AI\",\"url\":\"https:\/\/talkpal.ai\/pt-pt\/\",\"logo\":{\"@type\":\"ImageObject\",\"inLanguage\":\"pt-PT\",\"@id\":\"https:\/\/talkpal.ai\/pt-pt\/#\/schema\/logo\/image\/\",\"url\":\"https:\/\/talkpal.ai\/wp-content\/uploads\/2024\/03\/Talkpal-Logo-Icon.png\",\"contentUrl\":\"https:\/\/talkpal.ai\/wp-content\/uploads\/2024\/03\/Talkpal-Logo-Icon.png\",\"width\":2880,\"height\":2880,\"caption\":\"Talkpal, Inc.\"},\"image\":{\"@id\":\"https:\/\/talkpal.ai\/pt-pt\/#\/schema\/logo\/image\/\"},\"sameAs\":[\"https:\/\/www.facebook.com\/profile.php?id=100090733639311\",\"https:\/\/x.com\/talkpalai\",\"https:\/\/www.linkedin.com\/company\/talkpal\/\",\"https:\/\/www.youtube.com\/@TalkPal\/\",\"https:\/\/www.tiktok.com\/@talkpal\",\"https:\/\/www.instagram.com\/talkpal_ai\/\",\"https:\/\/www.crunchbase.com\/organization\/talkpal-9cde\",\"https:\/\/www.g2.com\/products\/talkpal-for-business\/\",\"https:\/\/www.trustpilot.com\/review\/talkpal.ai\",\"https:\/\/www.capterra.com\/p\/10006800\/TalkPal\/\"],\"description\":\"Talkpal is a language learning web and mobile education app, powered by the latest AI technologies, that provides engaging experiences to its customers in many different languages to help them improve their language skills. Users can chat about unlimited amount of topics with the app and use other modes to practice their language learning.\",\"email\":\"support@talkpal.ai\",\"legalName\":\"Talkpal, Inc.\",\"foundingDate\":\"2023-04-03\",\"duns\":\"118989042\",\"numberOfEmployees\":{\"@type\":\"QuantitativeValue\",\"minValue\":\"11\",\"maxValue\":\"50\"},\"publishingPrinciples\":\"https:\/\/talkpal.ai\/publishing-principles\/\",\"actionableFeedbackPolicy\":\"https:\/\/talkpal.ai\/actionable-feedback-policy\/\",\"correctionsPolicy\":\"https:\/\/talkpal.ai\/corrections-policy\/\",\"ethicsPolicy\":\"https:\/\/talkpal.ai\/ethics-policy\/\",\"diversityPolicy\":\"https:\/\/talkpal.ai\/diversity-policy\/\",\"diversityStaffingReport\":\"https:\/\/talkpal.ai\/diversity-policy\/\"}]}<\/script>\n<!-- \/ Yoast SEO Premium plugin. -->","yoast_head_json":{"title":"Termos pol\u00edticos e governamentais em grego - Talkpal","description":"Aprender termos pol\u00edticos e governamentais em grego pode ser uma tarefa desafiadora, mas tamb\u00e9m bastante gratificante para quem deseja entender melhor a","robots":{"index":"index","follow":"follow","max-snippet":"max-snippet:-1","max-image-preview":"max-image-preview:large","max-video-preview":"max-video-preview:-1"},"canonical":"https:\/\/talkpal.ai\/pt-pt\/vocabulary\/termos-politicos-e-governamentais-em-grego\/","og_locale":"pt_PT","og_type":"article","og_title":"Termos pol\u00edticos e governamentais em grego","og_description":"Aprender termos pol\u00edticos e governamentais em grego pode ser uma tarefa desafiadora, mas tamb\u00e9m bastante gratificante para quem deseja entender melhor a","og_url":"https:\/\/talkpal.ai\/pt-pt\/vocabulary\/termos-politicos-e-governamentais-em-grego\/","og_site_name":"Talkpal","article_publisher":"https:\/\/www.facebook.com\/profile.php?id=100090733639311","og_image":[{"width":1024,"height":1024,"url":"https:\/\/talkpal.ai\/wp-content\/uploads\/2024\/10\/talkpal_flat_illustration_of_a_employees_working_together_happi_c674ff77-e477-4e09-835a-01d30e561e99.png","type":"image\/png"}],"twitter_card":"summary_large_image","twitter_site":"@talkpalai","twitter_misc":{"Tempo estimado de leitura":"4 minutos"},"schema":{"@context":"https:\/\/schema.org","@graph":[{"@type":"WebPage","@id":"https:\/\/talkpal.ai\/pt-pt\/vocabulary\/termos-politicos-e-governamentais-em-grego\/","url":"https:\/\/talkpal.ai\/pt-pt\/vocabulary\/termos-politicos-e-governamentais-em-grego\/","name":"Termos pol\u00edticos e governamentais em grego - Talkpal","isPartOf":{"@id":"https:\/\/talkpal.ai\/pt-pt\/#website"},"primaryImageOfPage":{"@id":"https:\/\/talkpal.ai\/pt-pt\/vocabulary\/termos-politicos-e-governamentais-em-grego\/#primaryimage"},"image":{"@id":"https:\/\/talkpal.ai\/pt-pt\/vocabulary\/termos-politicos-e-governamentais-em-grego\/#primaryimage"},"thumbnailUrl":"https:\/\/talkpal.ai\/wp-content\/uploads\/2025\/12\/trio-reads-books-to-learn-languages.webp","datePublished":"2024-06-08T13:11:14+00:00","description":"Aprender termos pol\u00edticos e governamentais em grego pode ser uma tarefa desafiadora, mas tamb\u00e9m bastante gratificante para quem deseja entender melhor a","breadcrumb":{"@id":"https:\/\/talkpal.ai\/pt-pt\/vocabulary\/termos-politicos-e-governamentais-em-grego\/#breadcrumb"},"inLanguage":"pt-PT","potentialAction":[{"@type":"ReadAction","target":["https:\/\/talkpal.ai\/pt-pt\/vocabulary\/termos-politicos-e-governamentais-em-grego\/"]}]},{"@type":"ImageObject","inLanguage":"pt-PT","@id":"https:\/\/talkpal.ai\/pt-pt\/vocabulary\/termos-politicos-e-governamentais-em-grego\/#primaryimage","url":"https:\/\/talkpal.ai\/wp-content\/uploads\/2025\/12\/trio-reads-books-to-learn-languages.webp","contentUrl":"https:\/\/talkpal.ai\/wp-content\/uploads\/2025\/12\/trio-reads-books-to-learn-languages.webp","width":1200,"height":896,"caption":"Three students study textbooks together while learning languages in a cozy room."},{"@type":"BreadcrumbList","@id":"https:\/\/talkpal.ai\/pt-pt\/vocabulary\/termos-politicos-e-governamentais-em-grego\/#breadcrumb","itemListElement":[{"@type":"ListItem","position":1,"name":"Homepage","item":"https:\/\/talkpal.ai\/pt-pt\/"},{"@type":"ListItem","position":2,"name":"Termos pol\u00edticos e governamentais em grego"}]},{"@type":"WebSite","@id":"https:\/\/talkpal.ai\/pt-pt\/#website","url":"https:\/\/talkpal.ai\/pt-pt\/","name":"Talkpal","description":"AI Language Learning","publisher":{"@id":"https:\/\/talkpal.ai\/pt-pt\/#organization"},"alternateName":"Talkpal AI","potentialAction":[{"@type":"SearchAction","target":{"@type":"EntryPoint","urlTemplate":"https:\/\/talkpal.ai\/pt-pt\/?s={search_term_string}"},"query-input":{"@type":"PropertyValueSpecification","valueRequired":true,"valueName":"search_term_string"}}],"inLanguage":"pt-PT"},{"@type":"Organization","@id":"https:\/\/talkpal.ai\/pt-pt\/#organization","name":"Talkpal, Inc.","alternateName":"Talkpal AI","url":"https:\/\/talkpal.ai\/pt-pt\/","logo":{"@type":"ImageObject","inLanguage":"pt-PT","@id":"https:\/\/talkpal.ai\/pt-pt\/#\/schema\/logo\/image\/","url":"https:\/\/talkpal.ai\/wp-content\/uploads\/2024\/03\/Talkpal-Logo-Icon.png","contentUrl":"https:\/\/talkpal.ai\/wp-content\/uploads\/2024\/03\/Talkpal-Logo-Icon.png","width":2880,"height":2880,"caption":"Talkpal, Inc."},"image":{"@id":"https:\/\/talkpal.ai\/pt-pt\/#\/schema\/logo\/image\/"},"sameAs":["https:\/\/www.facebook.com\/profile.php?id=100090733639311","https:\/\/x.com\/talkpalai","https:\/\/www.linkedin.com\/company\/talkpal\/","https:\/\/www.youtube.com\/@TalkPal\/","https:\/\/www.tiktok.com\/@talkpal","https:\/\/www.instagram.com\/talkpal_ai\/","https:\/\/www.crunchbase.com\/organization\/talkpal-9cde","https:\/\/www.g2.com\/products\/talkpal-for-business\/","https:\/\/www.trustpilot.com\/review\/talkpal.ai","https:\/\/www.capterra.com\/p\/10006800\/TalkPal\/"],"description":"Talkpal is a language learning web and mobile education app, powered by the latest AI technologies, that provides engaging experiences to its customers in many different languages to help them improve their language skills. Users can chat about unlimited amount of topics with the app and use other modes to practice their language learning.","email":"support@talkpal.ai","legalName":"Talkpal, Inc.","foundingDate":"2023-04-03","duns":"118989042","numberOfEmployees":{"@type":"QuantitativeValue","minValue":"11","maxValue":"50"},"publishingPrinciples":"https:\/\/talkpal.ai\/publishing-principles\/","actionableFeedbackPolicy":"https:\/\/talkpal.ai\/actionable-feedback-policy\/","correctionsPolicy":"https:\/\/talkpal.ai\/corrections-policy\/","ethicsPolicy":"https:\/\/talkpal.ai\/ethics-policy\/","diversityPolicy":"https:\/\/talkpal.ai\/diversity-policy\/","diversityStaffingReport":"https:\/\/talkpal.ai\/diversity-policy\/"}]}},"_links":{"self":[{"href":"https:\/\/talkpal.ai\/pt-pt\/wp-json\/wp\/v2\/vocabulary\/711220","targetHints":{"allow":["GET"]}}],"collection":[{"href":"https:\/\/talkpal.ai\/pt-pt\/wp-json\/wp\/v2\/vocabulary"}],"about":[{"href":"https:\/\/talkpal.ai\/pt-pt\/wp-json\/wp\/v2\/types\/vocabulary"}],"wp:featuredmedia":[{"embeddable":true,"href":"https:\/\/talkpal.ai\/pt-pt\/wp-json\/wp\/v2\/media\/1528321"}],"wp:attachment":[{"href":"https:\/\/talkpal.ai\/pt-pt\/wp-json\/wp\/v2\/media?parent=711220"}],"wp:term":[{"taxonomy":"vocabulary_language","embeddable":true,"href":"https:\/\/talkpal.ai\/pt-pt\/wp-json\/wp\/v2\/vocabulary_language?post=711220"}],"curies":[{"name":"wp","href":"https:\/\/api.w.org\/{rel}","templated":true}]}}