{"id":710965,"date":"2024-06-08T12:49:50","date_gmt":"2024-06-08T12:49:50","guid":{"rendered":"https:\/\/talkpal.ai\/vocabulary\/falando-sobre-clima-e-tempo-em-catalao\/"},"modified":"2025-12-26T13:45:47","modified_gmt":"2025-12-26T13:45:47","slug":"falando-sobre-clima-e-tempo-em-catalao","status":"publish","type":"vocabulary","link":"https:\/\/talkpal.ai\/pt-pt\/vocabulary\/falando-sobre-clima-e-tempo-em-catalao\/","title":{"rendered":"Falando sobre clima e tempo em catal\u00e3o"},"content":{"rendered":"<p>Aprender a falar sobre o clima e o tempo em <a href=\"https:\/\/talkpal.ai\/pt-pt\/locations\/aprenda-ingles-em-catalao\/\">catal\u00e3o<\/a> pode ser uma habilidade muito \u00fatil, especialmente se voc\u00ea estiver a planear uma viagem \u00e0 Catalunha, onde a l\u00edngua catal\u00e3 \u00e9 amplamente falada. Neste artigo, vamos explorar o vocabul\u00e1rio essencial relacionado com o clima e o tempo em catal\u00e3o, juntamente com exemplos pr\u00e1ticos para ajud\u00e1-lo a integrar estas palavras no seu vocabul\u00e1rio di\u00e1rio.<\/p>\n<h2>Clima e Tempo<\/h2>\n<p>Antes de mais, \u00e9 importante distinguir entre &#8220;clima&#8221; e &#8220;tempo&#8221;. Em catal\u00e3o, &#8220;clima&#8221; \u00e9 <b>clima<\/b> e &#8220;tempo&#8221; \u00e9 <b>temps<\/b>. O <b>clima<\/b> refere-se \u00e0s condi\u00e7\u00f5es meteorol\u00f3gicas gerais de uma regi\u00e3o ao longo de um per\u00edodo prolongado, enquanto o <b>temps<\/b> refere-se \u00e0s condi\u00e7\u00f5es moment\u00e2neas.<\/p>\n<p><b>Clima<\/b> &#8211; refere-se \u00e0s condi\u00e7\u00f5es meteorol\u00f3gicas gerais de uma regi\u00e3o ao longo de um per\u00edodo prolongado.<br \/>\n<font color=\"#2D3AC7\">El clima a <a href=\"https:\/\/talkpal.ai\/locations\/language-courses-in-barcelona\/\">Barcelona<\/a> \u00e9s mediterrani.<\/font><\/p>\n<p><b>Temps<\/b> &#8211; refere-se \u00e0s condi\u00e7\u00f5es meteorol\u00f3gicas moment\u00e2neas.<br \/>\n<font color=\"#2D3AC7\">Quin <a href=\"https:\/\/talkpal.ai\/zh-hans\/grammar_exercises\/temps-%e6%b3%95%e8%af%ad%e8%af%ad%e6%b3%95%e7%bb%83%e4%b9%a0\/\">temps<\/a> fa avui?<\/font><\/p>\n<h3>Esta\u00e7\u00f5es do Ano<\/h3>\n<p>As esta\u00e7\u00f5es do ano em catal\u00e3o s\u00e3o:<\/p>\n<p><b>Primavera<\/b> &#8211; a esta\u00e7\u00e3o do ano entre o inverno e o ver\u00e3o.<br \/>\n<font color=\"#2D3AC7\">La primavera comen\u00e7a al mar\u00e7.<\/font><\/p>\n<p><b>Estiu<\/b> &#8211; a esta\u00e7\u00e3o do ano mais quente, entre a primavera e o outono.<br \/>\n<font color=\"#2D3AC7\">A l&#8217;estiu, fa molta calor.<\/font><\/p>\n<p><b>Tardor<\/b> &#8211; a esta\u00e7\u00e3o do ano entre o ver\u00e3o e o inverno.<br \/>\n<font color=\"#2D3AC7\">La tardor \u00e9s la meva estaci\u00f3 preferida.<\/font><\/p>\n<p><b>Hivern<\/b> &#8211; a esta\u00e7\u00e3o do ano mais fria, entre o outono e a primavera.<br \/>\n<font color=\"#2D3AC7\">A l&#8217;hivern, sovint neva a les muntanyes.<\/font><\/p>\n<h3>Condi\u00e7\u00f5es Meteorol\u00f3gicas Comuns<\/h3>\n<p>Agora, vamos explorar algumas das condi\u00e7\u00f5es meteorol\u00f3gicas mais comuns em catal\u00e3o:<\/p>\n<p><b>Sol<\/b> &#8211; refere-se \u00e0 presen\u00e7a de luz solar.<br \/>\n<font color=\"#2D3AC7\">Avui fa sol.<\/font><\/p>\n<p><b>Pluja<\/b> &#8211; refere-se \u00e0 precipita\u00e7\u00e3o de \u00e1gua da atmosfera.<br \/>\n<font color=\"#2D3AC7\">Dem\u00e0 plour\u00e0 tot el dia.<\/font><\/p>\n<p><b>Neu<\/b> &#8211; refere-se \u00e0 precipita\u00e7\u00e3o de cristais de gelo.<br \/>\n<font color=\"#2D3AC7\">A la muntanya hi ha neu.<\/font><\/p>\n<p><b>Vent<\/b> &#8211; refere-se ao movimento do ar.<br \/>\n<font color=\"#2D3AC7\">El vent bufa fort avui.<\/font><\/p>\n<p><b>Tempesta<\/b> &#8211; refere-se a uma condi\u00e7\u00e3o meteorol\u00f3gica severa com raios e trov\u00f5es.<br \/>\n<font color=\"#2D3AC7\">Aquesta nit hi haur\u00e0 tempesta.<\/font><\/p>\n<p><b>Boira<\/b> &#8211; refere-se \u00e0 concentra\u00e7\u00e3o de got\u00edculas de \u00e1gua no ar que reduzem a visibilidade.<br \/>\n<font color=\"#2D3AC7\">La boira \u00e9s molt espessa aquest mat\u00ed.<\/font><\/p>\n<p><b>Humitat<\/b> &#8211; refere-se \u00e0 quantidade de vapor de \u00e1gua no ar.<br \/>\n<font color=\"#2D3AC7\">La humitat \u00e9s molt alta a l&#8217;estiu.<\/font><\/p>\n<p><b>Calor<\/b> &#8211; refere-se \u00e0 sensa\u00e7\u00e3o de temperatura elevada.<br \/>\n<font color=\"#2D3AC7\">La calor \u00e9s insuportable al migdia.<\/font><\/p>\n<p><b>Fred<\/b> &#8211; refere-se \u00e0 sensa\u00e7\u00e3o de temperatura baixa.<br \/>\n<font color=\"#2D3AC7\">Fa molt de fred a l&#8217;hivern.<\/font><\/p>\n<h3>Fen\u00f4menos Naturais<\/h3>\n<p>Al\u00e9m das condi\u00e7\u00f5es meteorol\u00f3gicas b\u00e1sicas, tamb\u00e9m existem fen\u00f4menos naturais que podem ser descritos em catal\u00e3o:<\/p>\n<p><b>Arc de Sant Mart\u00ed<\/b> &#8211; refere-se ao arco-\u00edris.<br \/>\n<font color=\"#2D3AC7\">Despr\u00e9s de la pluja, ha aparegut un arc de Sant Mart\u00ed.<\/font><\/p>\n<p><b>Inundaci\u00f3<\/b> &#8211; refere-se ao alagamento de \u00e1reas devido \u00e0 \u00e1gua.<br \/>\n<font color=\"#2D3AC7\">L&#8217;inundaci\u00f3 ha causat molts danys.<\/font><\/p>\n<p><b>Seca<\/b> &#8211; refere-se a um per\u00edodo prolongado sem precipita\u00e7\u00e3o.<br \/>\n<font color=\"#2D3AC7\">La seca est\u00e0 afectant els cultius.<\/font><\/p>\n<p><b>Terratr\u00e8mol<\/b> &#8211; refere-se ao tremor de terra.<br \/>\n<font color=\"#2D3AC7\">El terratr\u00e8mol ha estat de magnitud 5.<\/font><\/p>\n<p><b>Avalanxa<\/b> &#8211; refere-se ao deslizamento de neve ou gelo montanha abaixo.<br \/>\n<font color=\"#2D3AC7\">Una avalanxa ha bloquejat la carretera.<\/font><\/p>\n<h3>Express\u00f5es e Perguntas Comuns<\/h3>\n<p>Para se comunicar efetivamente sobre o clima e o tempo, \u00e9 \u00fatil conhecer algumas express\u00f5es e perguntas comuns em catal\u00e3o:<\/p>\n<p><b>Quin temps fa?<\/b> &#8211; pergunta para saber sobre as condi\u00e7\u00f5es meteorol\u00f3gicas atuais.<br \/>\n<font color=\"#2D3AC7\">Quin temps fa avui?<\/font><\/p>\n<p><b>Fa calor?<\/b> &#8211; pergunta para saber se est\u00e1 quente.<br \/>\n<font color=\"#2D3AC7\">Fa calor aquest mat\u00ed?<\/font><\/p>\n<p><b>Fa fred?<\/b> &#8211; pergunta para saber se est\u00e1 frio.<br \/>\n<font color=\"#2D3AC7\">Fa fred a la nit?<\/font><\/p>\n<p><b>Plour\u00e0?<\/b> &#8211; pergunta para saber se vai chover.<br \/>\n<font color=\"#2D3AC7\">Plour\u00e0 dem\u00e0?<\/font><\/p>\n<p><b>Nevar\u00e0?<\/b> &#8211; pergunta para saber se vai nevar.<br \/>\n<font color=\"#2D3AC7\">Nevar\u00e0 aquest cap de setmana?<\/font><\/p>\n<p><b>Hi ha tempesta?<\/b> &#8211; pergunta para saber se h\u00e1 uma tempestade.<br \/>\n<font color=\"#2D3AC7\">Hi ha tempesta a la tarda?<\/font><\/p>\n<p><b>Quina \u00e9s la temperatura?<\/b> &#8211; pergunta para saber a temperatura atual.<br \/>\n<font color=\"#2D3AC7\">Quina \u00e9s la temperatura ara mateix?<\/font><\/p>\n<h2>Previs\u00e3o do Tempo<\/h2>\n<p>Para falar sobre a previs\u00e3o do tempo em catal\u00e3o, \u00e9 \u00fatil conhecer algumas palavras e frases chave:<\/p>\n<p><b>Previsi\u00f3 del temps<\/b> &#8211; refere-se \u00e0 previs\u00e3o do tempo.<br \/>\n<font color=\"#2D3AC7\">He vist la previsi\u00f3 del temps per a dem\u00e0.<\/font><\/p>\n<p><b>Probabilitat de pluja<\/b> &#8211; refere-se \u00e0 chance de chuva.<br \/>\n<font color=\"#2D3AC7\">Hi ha un 60% de probabilitat de pluja.<\/font><\/p>\n<p><b>Temperatura m\u00e0xima<\/b> &#8211; refere-se \u00e0 temperatura mais alta esperada.<br \/>\n<font color=\"#2D3AC7\">La temperatura m\u00e0xima ser\u00e0 de 30 graus.<\/font><\/p>\n<p><b>Temperatura m\u00ednima<\/b> &#8211; refere-se \u00e0 temperatura mais baixa esperada.<br \/>\n<font color=\"#2D3AC7\">La temperatura m\u00ednima ser\u00e0 de 5 graus.<\/font><\/p>\n<p><b>Rafegues de vent<\/b> &#8211; refere-se a rajadas de vento.<br \/>\n<font color=\"#2D3AC7\">Es preveuen rafegues de vent de <a href=\"https:\/\/talkpal.ai\/learn-finnish\/\">fins<\/a> a 50 km\/h.<\/font><\/p>\n<p><b>Cel clar<\/b> &#8211; refere-se a um c\u00e9u sem nuvens.<br \/>\n<font color=\"#2D3AC7\">Dem\u00e0 tindrem cel clar.<\/font><\/p>\n<p><b>Cel ennuvolat<\/b> &#8211; refere-se a um c\u00e9u coberto de nuvens.<br \/>\n<font color=\"#2D3AC7\">El cel estar\u00e0 ennuvolat tota la setmana.<\/font><\/p>\n<p><b>Tempesta el\u00e8ctrica<\/b> &#8211; refere-se a uma tempestade com raios e trov\u00f5es.<br \/>\n<font color=\"#2D3AC7\">Hi haur\u00e0 una tempesta el\u00e8ctrica aquesta nit.<\/font><\/p>\n<h2>Recursos Adicionais<\/h2>\n<p>Para aprofundar o seu conhecimento sobre o vocabul\u00e1rio do clima e do tempo em catal\u00e3o, aqui est\u00e3o alguns recursos adicionais que podem ser \u00fateis:<\/p>\n<p>1. <b>Aplica\u00e7\u00f5es Meteorol\u00f3gicas<\/b>: Utilize aplica\u00e7\u00f5es de previs\u00e3o do tempo em catal\u00e3o, <a href=\"https:\/\/talkpal.ai\/locations\/language-courses-in-como\/\">como<\/a> El Temps, para se familiarizar com o vocabul\u00e1rio.<br \/>\n2. <b>Notici\u00e1rios<\/b>: Assista a notici\u00e1rios em catal\u00e3o que incluem a previs\u00e3o do tempo para ouvir o uso pr\u00e1tico do vocabul\u00e1rio.<br \/>\n3. <b>Livros e Artigos<\/b>: Leia livros e artigos sobre meteorologia em catal\u00e3o para expandir o seu vocabul\u00e1rio t\u00e9cnico.<br \/>\n4. <b>Conversa\u00e7\u00e3o<\/b>: Pratique falar sobre o clima com falantes nativos de catal\u00e3o para melhorar a sua flu\u00eancia e compreens\u00e3o.<\/p>\n<p>Com essas palavras, frases e recursos, estar\u00e1 bem equipado para falar sobre o clima e o tempo em catal\u00e3o. <a href=\"https:\/\/talkpal.ai\/culture\/how-do-i-say-good-luck-in-portuguese\/\">Boa sorte<\/a> nos seus estudos e lembre-se de praticar regularmente para consolidar o seu conhecimento!<\/p>\n","protected":false},"featured_media":1527767,"template":"","vocabulary_language":[4095],"class_list":["post-710965","vocabulary","type-vocabulary","status-publish","has-post-thumbnail","hentry","vocabulary_language-catalao"],"acf":[],"yoast_head":"<!-- This site is optimized with the Yoast SEO Premium plugin v27.2 (Yoast SEO v27.2) - https:\/\/yoast.com\/product\/yoast-seo-premium-wordpress\/ -->\n<title>Falando sobre clima e tempo em catal\u00e3o - Talkpal<\/title>\n<meta name=\"description\" content=\"Aprender a falar sobre o clima e o tempo em catal\u00e3o pode ser uma habilidade muito \u00fatil, especialmente se voc\u00ea estiver a planear uma viagem \u00e0 Catalunha,\" \/>\n<meta name=\"robots\" content=\"index, follow, max-snippet:-1, max-image-preview:large, max-video-preview:-1\" \/>\n<link rel=\"canonical\" href=\"https:\/\/talkpal.ai\/pt-pt\/vocabulary\/falando-sobre-clima-e-tempo-em-catalao\/\" \/>\n<meta property=\"og:locale\" content=\"pt_PT\" \/>\n<meta property=\"og:type\" content=\"article\" \/>\n<meta property=\"og:title\" content=\"Falando sobre clima e tempo em catal\u00e3o\" \/>\n<meta property=\"og:description\" content=\"Aprender a falar sobre o clima e o tempo em catal\u00e3o pode ser uma habilidade muito \u00fatil, especialmente se voc\u00ea estiver a planear uma viagem \u00e0 Catalunha,\" \/>\n<meta property=\"og:url\" content=\"https:\/\/talkpal.ai\/pt-pt\/vocabulary\/falando-sobre-clima-e-tempo-em-catalao\/\" \/>\n<meta property=\"og:site_name\" content=\"Talkpal\" \/>\n<meta property=\"article:publisher\" content=\"https:\/\/www.facebook.com\/profile.php?id=100090733639311\" \/>\n<meta property=\"article:modified_time\" content=\"2025-12-26T13:45:47+00:00\" \/>\n<meta property=\"og:image\" content=\"https:\/\/talkpal.ai\/wp-content\/uploads\/2024\/10\/talkpal_flat_illustration_of_a_employees_working_together_happi_c674ff77-e477-4e09-835a-01d30e561e99.png\" \/>\n\t<meta property=\"og:image:width\" content=\"1024\" \/>\n\t<meta property=\"og:image:height\" content=\"1024\" \/>\n\t<meta property=\"og:image:type\" content=\"image\/png\" \/>\n<meta name=\"twitter:card\" content=\"summary_large_image\" \/>\n<meta name=\"twitter:site\" content=\"@talkpalai\" \/>\n<meta name=\"twitter:label1\" content=\"Tempo estimado de leitura\" \/>\n\t<meta name=\"twitter:data1\" content=\"5 minutos\" \/>\n<script type=\"application\/ld+json\" class=\"yoast-schema-graph\">{\"@context\":\"https:\/\/schema.org\",\"@graph\":[{\"@type\":\"WebPage\",\"@id\":\"https:\/\/talkpal.ai\/pt-pt\/vocabulary\/falando-sobre-clima-e-tempo-em-catalao\/\",\"url\":\"https:\/\/talkpal.ai\/pt-pt\/vocabulary\/falando-sobre-clima-e-tempo-em-catalao\/\",\"name\":\"Falando sobre clima e tempo em catal\u00e3o - Talkpal\",\"isPartOf\":{\"@id\":\"https:\/\/talkpal.ai\/pt-pt\/#website\"},\"primaryImageOfPage\":{\"@id\":\"https:\/\/talkpal.ai\/pt-pt\/vocabulary\/falando-sobre-clima-e-tempo-em-catalao\/#primaryimage\"},\"image\":{\"@id\":\"https:\/\/talkpal.ai\/pt-pt\/vocabulary\/falando-sobre-clima-e-tempo-em-catalao\/#primaryimage\"},\"thumbnailUrl\":\"https:\/\/talkpal.ai\/wp-content\/uploads\/2025\/12\/man-is-learning-languages-at-home-desk.webp\",\"datePublished\":\"2024-06-08T12:49:50+00:00\",\"dateModified\":\"2025-12-26T13:45:47+00:00\",\"description\":\"Aprender a falar sobre o clima e o tempo em catal\u00e3o pode ser uma habilidade muito \u00fatil, especialmente se voc\u00ea estiver a planear uma viagem \u00e0 Catalunha,\",\"breadcrumb\":{\"@id\":\"https:\/\/talkpal.ai\/pt-pt\/vocabulary\/falando-sobre-clima-e-tempo-em-catalao\/#breadcrumb\"},\"inLanguage\":\"pt-PT\",\"potentialAction\":[{\"@type\":\"ReadAction\",\"target\":[\"https:\/\/talkpal.ai\/pt-pt\/vocabulary\/falando-sobre-clima-e-tempo-em-catalao\/\"]}]},{\"@type\":\"ImageObject\",\"inLanguage\":\"pt-PT\",\"@id\":\"https:\/\/talkpal.ai\/pt-pt\/vocabulary\/falando-sobre-clima-e-tempo-em-catalao\/#primaryimage\",\"url\":\"https:\/\/talkpal.ai\/wp-content\/uploads\/2025\/12\/man-is-learning-languages-at-home-desk.webp\",\"contentUrl\":\"https:\/\/talkpal.ai\/wp-content\/uploads\/2025\/12\/man-is-learning-languages-at-home-desk.webp\",\"width\":1200,\"height\":896,\"caption\":\"A man with short dreads sits at a warm home desk and takes notes while learning languages.\"},{\"@type\":\"BreadcrumbList\",\"@id\":\"https:\/\/talkpal.ai\/pt-pt\/vocabulary\/falando-sobre-clima-e-tempo-em-catalao\/#breadcrumb\",\"itemListElement\":[{\"@type\":\"ListItem\",\"position\":1,\"name\":\"Homepage\",\"item\":\"https:\/\/talkpal.ai\/pt-pt\/\"},{\"@type\":\"ListItem\",\"position\":2,\"name\":\"Falando sobre clima e tempo em catal\u00e3o\"}]},{\"@type\":\"WebSite\",\"@id\":\"https:\/\/talkpal.ai\/pt-pt\/#website\",\"url\":\"https:\/\/talkpal.ai\/pt-pt\/\",\"name\":\"Talkpal\",\"description\":\"AI Language Learning\",\"publisher\":{\"@id\":\"https:\/\/talkpal.ai\/pt-pt\/#organization\"},\"alternateName\":\"Talkpal AI\",\"potentialAction\":[{\"@type\":\"SearchAction\",\"target\":{\"@type\":\"EntryPoint\",\"urlTemplate\":\"https:\/\/talkpal.ai\/pt-pt\/?s={search_term_string}\"},\"query-input\":{\"@type\":\"PropertyValueSpecification\",\"valueRequired\":true,\"valueName\":\"search_term_string\"}}],\"inLanguage\":\"pt-PT\"},{\"@type\":\"Organization\",\"@id\":\"https:\/\/talkpal.ai\/pt-pt\/#organization\",\"name\":\"Talkpal, Inc.\",\"alternateName\":\"Talkpal AI\",\"url\":\"https:\/\/talkpal.ai\/pt-pt\/\",\"logo\":{\"@type\":\"ImageObject\",\"inLanguage\":\"pt-PT\",\"@id\":\"https:\/\/talkpal.ai\/pt-pt\/#\/schema\/logo\/image\/\",\"url\":\"https:\/\/talkpal.ai\/wp-content\/uploads\/2024\/03\/Talkpal-Logo-Icon.png\",\"contentUrl\":\"https:\/\/talkpal.ai\/wp-content\/uploads\/2024\/03\/Talkpal-Logo-Icon.png\",\"width\":2880,\"height\":2880,\"caption\":\"Talkpal, Inc.\"},\"image\":{\"@id\":\"https:\/\/talkpal.ai\/pt-pt\/#\/schema\/logo\/image\/\"},\"sameAs\":[\"https:\/\/www.facebook.com\/profile.php?id=100090733639311\",\"https:\/\/x.com\/talkpalai\",\"https:\/\/www.linkedin.com\/company\/talkpal\/\",\"https:\/\/www.youtube.com\/@TalkPal\/\",\"https:\/\/www.tiktok.com\/@talkpal\",\"https:\/\/www.instagram.com\/talkpal_ai\/\",\"https:\/\/www.crunchbase.com\/organization\/talkpal-9cde\",\"https:\/\/www.g2.com\/products\/talkpal-for-business\/\",\"https:\/\/www.trustpilot.com\/review\/talkpal.ai\",\"https:\/\/www.capterra.com\/p\/10006800\/TalkPal\/\"],\"description\":\"Talkpal is a language learning web and mobile education app, powered by the latest AI technologies, that provides engaging experiences to its customers in many different languages to help them improve their language skills. Users can chat about unlimited amount of topics with the app and use other modes to practice their language learning.\",\"email\":\"support@talkpal.ai\",\"legalName\":\"Talkpal, Inc.\",\"foundingDate\":\"2023-04-03\",\"duns\":\"118989042\",\"numberOfEmployees\":{\"@type\":\"QuantitativeValue\",\"minValue\":\"11\",\"maxValue\":\"50\"},\"publishingPrinciples\":\"https:\/\/talkpal.ai\/publishing-principles\/\",\"actionableFeedbackPolicy\":\"https:\/\/talkpal.ai\/actionable-feedback-policy\/\",\"correctionsPolicy\":\"https:\/\/talkpal.ai\/corrections-policy\/\",\"ethicsPolicy\":\"https:\/\/talkpal.ai\/ethics-policy\/\",\"diversityPolicy\":\"https:\/\/talkpal.ai\/diversity-policy\/\",\"diversityStaffingReport\":\"https:\/\/talkpal.ai\/diversity-policy\/\"}]}<\/script>\n<!-- \/ Yoast SEO Premium plugin. -->","yoast_head_json":{"title":"Falando sobre clima e tempo em catal\u00e3o - Talkpal","description":"Aprender a falar sobre o clima e o tempo em catal\u00e3o pode ser uma habilidade muito \u00fatil, especialmente se voc\u00ea estiver a planear uma viagem \u00e0 Catalunha,","robots":{"index":"index","follow":"follow","max-snippet":"max-snippet:-1","max-image-preview":"max-image-preview:large","max-video-preview":"max-video-preview:-1"},"canonical":"https:\/\/talkpal.ai\/pt-pt\/vocabulary\/falando-sobre-clima-e-tempo-em-catalao\/","og_locale":"pt_PT","og_type":"article","og_title":"Falando sobre clima e tempo em catal\u00e3o","og_description":"Aprender a falar sobre o clima e o tempo em catal\u00e3o pode ser uma habilidade muito \u00fatil, especialmente se voc\u00ea estiver a planear uma viagem \u00e0 Catalunha,","og_url":"https:\/\/talkpal.ai\/pt-pt\/vocabulary\/falando-sobre-clima-e-tempo-em-catalao\/","og_site_name":"Talkpal","article_publisher":"https:\/\/www.facebook.com\/profile.php?id=100090733639311","article_modified_time":"2025-12-26T13:45:47+00:00","og_image":[{"width":1024,"height":1024,"url":"https:\/\/talkpal.ai\/wp-content\/uploads\/2024\/10\/talkpal_flat_illustration_of_a_employees_working_together_happi_c674ff77-e477-4e09-835a-01d30e561e99.png","type":"image\/png"}],"twitter_card":"summary_large_image","twitter_site":"@talkpalai","twitter_misc":{"Tempo estimado de leitura":"5 minutos"},"schema":{"@context":"https:\/\/schema.org","@graph":[{"@type":"WebPage","@id":"https:\/\/talkpal.ai\/pt-pt\/vocabulary\/falando-sobre-clima-e-tempo-em-catalao\/","url":"https:\/\/talkpal.ai\/pt-pt\/vocabulary\/falando-sobre-clima-e-tempo-em-catalao\/","name":"Falando sobre clima e tempo em catal\u00e3o - Talkpal","isPartOf":{"@id":"https:\/\/talkpal.ai\/pt-pt\/#website"},"primaryImageOfPage":{"@id":"https:\/\/talkpal.ai\/pt-pt\/vocabulary\/falando-sobre-clima-e-tempo-em-catalao\/#primaryimage"},"image":{"@id":"https:\/\/talkpal.ai\/pt-pt\/vocabulary\/falando-sobre-clima-e-tempo-em-catalao\/#primaryimage"},"thumbnailUrl":"https:\/\/talkpal.ai\/wp-content\/uploads\/2025\/12\/man-is-learning-languages-at-home-desk.webp","datePublished":"2024-06-08T12:49:50+00:00","dateModified":"2025-12-26T13:45:47+00:00","description":"Aprender a falar sobre o clima e o tempo em catal\u00e3o pode ser uma habilidade muito \u00fatil, especialmente se voc\u00ea estiver a planear uma viagem \u00e0 Catalunha,","breadcrumb":{"@id":"https:\/\/talkpal.ai\/pt-pt\/vocabulary\/falando-sobre-clima-e-tempo-em-catalao\/#breadcrumb"},"inLanguage":"pt-PT","potentialAction":[{"@type":"ReadAction","target":["https:\/\/talkpal.ai\/pt-pt\/vocabulary\/falando-sobre-clima-e-tempo-em-catalao\/"]}]},{"@type":"ImageObject","inLanguage":"pt-PT","@id":"https:\/\/talkpal.ai\/pt-pt\/vocabulary\/falando-sobre-clima-e-tempo-em-catalao\/#primaryimage","url":"https:\/\/talkpal.ai\/wp-content\/uploads\/2025\/12\/man-is-learning-languages-at-home-desk.webp","contentUrl":"https:\/\/talkpal.ai\/wp-content\/uploads\/2025\/12\/man-is-learning-languages-at-home-desk.webp","width":1200,"height":896,"caption":"A man with short dreads sits at a warm home desk and takes notes while learning languages."},{"@type":"BreadcrumbList","@id":"https:\/\/talkpal.ai\/pt-pt\/vocabulary\/falando-sobre-clima-e-tempo-em-catalao\/#breadcrumb","itemListElement":[{"@type":"ListItem","position":1,"name":"Homepage","item":"https:\/\/talkpal.ai\/pt-pt\/"},{"@type":"ListItem","position":2,"name":"Falando sobre clima e tempo em catal\u00e3o"}]},{"@type":"WebSite","@id":"https:\/\/talkpal.ai\/pt-pt\/#website","url":"https:\/\/talkpal.ai\/pt-pt\/","name":"Talkpal","description":"AI Language Learning","publisher":{"@id":"https:\/\/talkpal.ai\/pt-pt\/#organization"},"alternateName":"Talkpal AI","potentialAction":[{"@type":"SearchAction","target":{"@type":"EntryPoint","urlTemplate":"https:\/\/talkpal.ai\/pt-pt\/?s={search_term_string}"},"query-input":{"@type":"PropertyValueSpecification","valueRequired":true,"valueName":"search_term_string"}}],"inLanguage":"pt-PT"},{"@type":"Organization","@id":"https:\/\/talkpal.ai\/pt-pt\/#organization","name":"Talkpal, Inc.","alternateName":"Talkpal AI","url":"https:\/\/talkpal.ai\/pt-pt\/","logo":{"@type":"ImageObject","inLanguage":"pt-PT","@id":"https:\/\/talkpal.ai\/pt-pt\/#\/schema\/logo\/image\/","url":"https:\/\/talkpal.ai\/wp-content\/uploads\/2024\/03\/Talkpal-Logo-Icon.png","contentUrl":"https:\/\/talkpal.ai\/wp-content\/uploads\/2024\/03\/Talkpal-Logo-Icon.png","width":2880,"height":2880,"caption":"Talkpal, Inc."},"image":{"@id":"https:\/\/talkpal.ai\/pt-pt\/#\/schema\/logo\/image\/"},"sameAs":["https:\/\/www.facebook.com\/profile.php?id=100090733639311","https:\/\/x.com\/talkpalai","https:\/\/www.linkedin.com\/company\/talkpal\/","https:\/\/www.youtube.com\/@TalkPal\/","https:\/\/www.tiktok.com\/@talkpal","https:\/\/www.instagram.com\/talkpal_ai\/","https:\/\/www.crunchbase.com\/organization\/talkpal-9cde","https:\/\/www.g2.com\/products\/talkpal-for-business\/","https:\/\/www.trustpilot.com\/review\/talkpal.ai","https:\/\/www.capterra.com\/p\/10006800\/TalkPal\/"],"description":"Talkpal is a language learning web and mobile education app, powered by the latest AI technologies, that provides engaging experiences to its customers in many different languages to help them improve their language skills. Users can chat about unlimited amount of topics with the app and use other modes to practice their language learning.","email":"support@talkpal.ai","legalName":"Talkpal, Inc.","foundingDate":"2023-04-03","duns":"118989042","numberOfEmployees":{"@type":"QuantitativeValue","minValue":"11","maxValue":"50"},"publishingPrinciples":"https:\/\/talkpal.ai\/publishing-principles\/","actionableFeedbackPolicy":"https:\/\/talkpal.ai\/actionable-feedback-policy\/","correctionsPolicy":"https:\/\/talkpal.ai\/corrections-policy\/","ethicsPolicy":"https:\/\/talkpal.ai\/ethics-policy\/","diversityPolicy":"https:\/\/talkpal.ai\/diversity-policy\/","diversityStaffingReport":"https:\/\/talkpal.ai\/diversity-policy\/"}]}},"_links":{"self":[{"href":"https:\/\/talkpal.ai\/pt-pt\/wp-json\/wp\/v2\/vocabulary\/710965","targetHints":{"allow":["GET"]}}],"collection":[{"href":"https:\/\/talkpal.ai\/pt-pt\/wp-json\/wp\/v2\/vocabulary"}],"about":[{"href":"https:\/\/talkpal.ai\/pt-pt\/wp-json\/wp\/v2\/types\/vocabulary"}],"wp:featuredmedia":[{"embeddable":true,"href":"https:\/\/talkpal.ai\/pt-pt\/wp-json\/wp\/v2\/media\/1527767"}],"wp:attachment":[{"href":"https:\/\/talkpal.ai\/pt-pt\/wp-json\/wp\/v2\/media?parent=710965"}],"wp:term":[{"taxonomy":"vocabulary_language","embeddable":true,"href":"https:\/\/talkpal.ai\/pt-pt\/wp-json\/wp\/v2\/vocabulary_language?post=710965"}],"curies":[{"name":"wp","href":"https:\/\/api.w.org\/{rel}","templated":true}]}}