{"id":710942,"date":"2024-06-08T12:47:42","date_gmt":"2024-06-08T12:47:42","guid":{"rendered":"https:\/\/talkpal.ai\/vocabulary\/palavras-de-feriados-e-ocasioes-especiais-em-catalao\/"},"modified":"2024-06-08T12:47:42","modified_gmt":"2024-06-08T12:47:42","slug":"palavras-de-feriados-e-ocasioes-especiais-em-catalao","status":"publish","type":"vocabulary","link":"https:\/\/talkpal.ai\/pt-pt\/vocabulary\/palavras-de-feriados-e-ocasioes-especiais-em-catalao\/","title":{"rendered":"Palavras de feriados e ocasi\u00f5es especiais em catal\u00e3o"},"content":{"rendered":"<p>Aprender um <a href=\"https:\/\/talkpal.ai\/talkpal-new-years-discount\/\">novo<\/a> idioma pode ser uma experi\u00eancia incrivelmente gratificante, especialmente quando se trata de entender e participar de feriados e ocasi\u00f5es especiais. Em <a href=\"https:\/\/talkpal.ai\/pt-pt\/locations\/aprenda-ingles-em-catalao\/\">catal\u00e3o<\/a>, <a href=\"https:\/\/talkpal.ai\/locations\/language-courses-in-como\/\">como<\/a> em qualquer outra l\u00edngua, existem palavras espec\u00edficas que s\u00e3o usadas durante essas celebra\u00e7\u00f5es. Este artigo vai explorar algumas dessas palavras, explicando seus significados e fornecendo exemplos de como us\u00e1-las.<\/p>\n<h2>Feriados em Catal\u00e3o<\/h2>\n<p><b>Nadal<\/b> &#8211; <a href=\"https:\/\/talkpal.ai\/locations\/language-courses-in-natal\/\">Natal<\/a>. Esta \u00e9 a palavra usada para descrever a celebra\u00e7\u00e3o do nascimento de Jesus Cristo, um dos feriados mais importantes em muitas culturas ao redor do mundo.<\/p>\n<p><font color=\"#2D3AC7\">Celebrem <a href=\"https:\/\/talkpal.ai\/talkpal-christmas-discount\/\">Nadal<\/a> amb la fam\u00edlia cada any.<\/font><\/p>\n<p><b>Cap d&#8217;Any<\/b> &#8211; <a href=\"https:\/\/talkpal.ai\/pt-pt\/culture\/tradicoes-de-fim-de-ano-em-portugal\/\">Ano Novo<\/a>. Esta express\u00e3o \u00e9 usada para descrever a celebra\u00e7\u00e3o da virada do ano, um evento comemorado com festas e fogos de artif\u00edcio.<\/p>\n<p><font color=\"#2D3AC7\">Ens agrada celebrar el Cap d&#8217;Any amb amics.<\/font><\/p>\n<p><b>Reis<\/b> &#8211; Reis Magos. Esta celebra\u00e7\u00e3o ocorre no dia 6 de janeiro e comemora a visita dos Reis Magos ao menino Jesus.<\/p>\n<p><font color=\"#2D3AC7\">Els nens esperen els regals dels Reis.<\/font><\/p>\n<p><b>Setmana Santa<\/b> &#8211; <a href=\"https:\/\/talkpal.ai\/es\/culture\/aprender-espanol-con-la-semana-santa-espanola\/\">Semana Santa<\/a>. Este termo refere-se \u00e0 semana que antecede a P\u00e1scoa, comemorando a paix\u00e3o, morte e ressurrei\u00e7\u00e3o de Jesus Cristo.<\/p>\n<p><font color=\"#2D3AC7\">La Setmana Santa \u00e9s una \u00e8poca de reflexi\u00f3 i oraci\u00f3.<\/font><\/p>\n<p><b>Pasqua<\/b> &#8211; P\u00e1scoa. A celebra\u00e7\u00e3o da ressurrei\u00e7\u00e3o de Jesus Cristo, geralmente comemorada com missas e refei\u00e7\u00f5es em fam\u00edlia.<\/p>\n<p><font color=\"#2D3AC7\">Celebrem la Pasqua amb una gran festa.<\/font><\/p>\n<p><b>Diada<\/b> &#8211; Dia Nacional da Catalunha. Celebrado em 11 de setembro, \u00e9 o dia em que os catal\u00e3es comemoram a sua identidade e hist\u00f3ria.<\/p>\n<p><font color=\"#2D3AC7\">La Diada \u00e9s un dia molt important per a tots els catalans.<\/font><\/p>\n<p><b>Sant Jordi<\/b> &#8211; Dia de S\u00e3o Jorge. Celebrado em 23 de abril, este \u00e9 um dia em que \u00e9 tradicional dar livros e rosas como presentes.<\/p>\n<p><font color=\"#2D3AC7\">Per Sant Jordi, els carrers s&#8217;omplen de llibres i roses.<\/font><\/p>\n<h2>Ocasi\u00f5es Especiais em Catal\u00e3o<\/h2>\n<p><b>Aniversari<\/b> &#8211; Anivers\u00e1rio. Esta palavra \u00e9 usada para descrever a celebra\u00e7\u00e3o do dia de nascimento de uma pessoa.<\/p>\n<p><font color=\"#2D3AC7\">Celebrem el meu aniversari amb una festa gran.<\/font><\/p>\n<p><b>Bateig<\/b> &#8211; Batizado. Uma cerim\u00f4nia religiosa que marca a entrada de uma pessoa na comunidade crist\u00e3.<\/p>\n<p><font color=\"#2D3AC7\">El bateig del meu fill ser\u00e0 el pr\u00f2xim diumenge.<\/font><\/p>\n<p><b>Casament<\/b> &#8211; Casamento. A cerim\u00f4nia que celebra a uni\u00e3o de duas pessoas.<\/p>\n<p><font color=\"#2D3AC7\">El seu casament va ser molt emotiu.<\/font><\/p>\n<p><b>Festa Major<\/b> &#8211; Festa maior. Esta express\u00e3o \u00e9 usada para descrever as festas principais de uma cidade ou vila.<\/p>\n<p><font color=\"#2D3AC7\">La Festa Major del poble \u00e9s a l&#8217;agost.<\/font><\/p>\n<p><b>Comiat de solter<\/b> &#8211; Despedida de solteiro. A celebra\u00e7\u00e3o que antecede o casamento, geralmente organizada pelos amigos do noivo ou da noiva.<\/p>\n<p><font color=\"#2D3AC7\">El comiat de solter va ser molt divertit.<\/font><\/p>\n<p><b>Nadal<\/b> &#8211; Natal. Esta \u00e9 a palavra usada para descrever a celebra\u00e7\u00e3o do nascimento de Jesus Cristo, um dos feriados mais importantes em muitas culturas ao redor do mundo.<\/p>\n<p><font color=\"#2D3AC7\">Celebrem Nadal amb la fam\u00edlia cada any.<\/font><\/p>\n<p><b>Retrobament<\/b> &#8211; Reencontro. Uma ocasi\u00e3o especial onde pessoas que n\u00e3o se veem h\u00e1 muito tempo se encontram novamente.<\/p>\n<p><font color=\"#2D3AC7\">El retrobament de la classe va ser molt emotiu.<\/font><\/p>\n<h3>Comemora\u00e7\u00f5es Culturais<\/h3>\n<p><b>Castells<\/b> &#8211; Castelos humanos. Uma tradi\u00e7\u00e3o catal\u00e3 onde pessoas formam torres humanas durante festivais.<\/p>\n<p><font color=\"#2D3AC7\">Els castells s\u00f3n una part important de la cultura catalana.<\/font><\/p>\n<p><b>Correfoc<\/b> &#8211; Corrida de fogo. Um evento festivo onde pessoas vestidas como dem\u00f4nios dan\u00e7am e correm com fogos de artif\u00edcio.<\/p>\n<p><font color=\"#2D3AC7\">El correfoc va ser espectacular aquest any.<\/font><\/p>\n<p><b>Carnaval<\/b> &#8211; Carnaval. Uma celebra\u00e7\u00e3o festiva que ocorre antes da Quaresma, com desfiles e fantasias.<\/p>\n<p><font color=\"#2D3AC7\">El carnaval de Sitges \u00e9s molt fam\u00f3s.<\/font><\/p>\n<p><b>Sardana<\/b> &#8211; Dan\u00e7a tradicional catal\u00e3. Uma dan\u00e7a em c\u00edrculo que \u00e9 muito popular em festas e celebra\u00e7\u00f5es.<\/p>\n<p><font color=\"#2D3AC7\">Ballarem la sardana a la festa major.<\/font><\/p>\n<p><b>Festa de la Merc\u00e8<\/b> &#8211; Festa da Merc\u00e8. Uma grande festa em Barcelona em homenagem \u00e0 padroeira da cidade.<\/p>\n<p><font color=\"#2D3AC7\">La Festa de la Merc\u00e8 \u00e9s una de les m\u00e9s grans de Barcelona.<\/font><\/p>\n<p><b>Fira<\/b> &#8211; Feira. Um evento onde produtos s\u00e3o exibidos e vendidos, geralmente com atividades culturais e de entretenimento.<\/p>\n<p><font color=\"#2D3AC7\">La fira de Sant Narc\u00eds \u00e9s molt coneguda.<\/font><\/p>\n<h3>Palavras Relacionadas a Tradi\u00e7\u00f5es Culin\u00e1rias<\/h3>\n<p><b>Turr\u00f3<\/b> &#8211; Torr\u00e3o. Um doce tradicionalmente consumido durante o Natal.<\/p>\n<p><font color=\"#2D3AC7\">El turr\u00f3 d&#8217;Alacant \u00e9s el meu preferit.<\/font><\/p>\n<p><b>Panellets<\/b> &#8211; Bolinhos. Pequenos bolinhos feitos de am\u00eandoa, tradicionalmente consumidos durante a celebra\u00e7\u00e3o de Todos os Santos.<\/p>\n<p><font color=\"#2D3AC7\">Els panellets s\u00f3n deliciosos amb caf\u00e8.<\/font><\/p>\n<p><b>Cal\u00e7otada<\/b> &#8211; Festa dos cal\u00e7ots. Uma celebra\u00e7\u00e3o culin\u00e1ria onde se comem cal\u00e7ots (um tipo de cebolinha) grelhados.<\/p>\n<p><font color=\"#2D3AC7\">La cal\u00e7otada \u00e9s una tradici\u00f3 molt especial a Catalunya.<\/font><\/p>\n<p><b>Crema Catalana<\/b> &#8211; Um doce t\u00edpico da Catalunha, semelhante ao cr\u00e8me br\u00fbl\u00e9e.<\/p>\n<p><font color=\"#2D3AC7\">La crema catalana \u00e9s el meu postre favorit.<\/font><\/p>\n<p><b>Paella<\/b> &#8211; Um prato de arroz t\u00edpico da cozinha espanhola, mas tamb\u00e9m muito popular na Catalunha.<\/p>\n<p><font color=\"#2D3AC7\">La paella de marisc \u00e9s una del\u00edcia.<\/font><\/p>\n<p><b>Cava<\/b> &#8211; Um tipo de vinho espumante produzido principalmente na regi\u00e3o da Catalunha.<\/p>\n<p><font color=\"#2D3AC7\">Un bon cava per brindar \u00e9s imprescindible.<\/font><\/p>\n<h2>Palavras Relacionadas a Sentimentos e Emo\u00e7\u00f5es<\/h2>\n<p><b>Felicitat<\/b> &#8211; Felicidade. Um estado emocional de bem-estar e contentamento.<\/p>\n<p><font color=\"#2D3AC7\">La felicitat es troba en les petites coses.<\/font><\/p>\n<p><b>Emoci\u00f3<\/b> &#8211; Emo\u00e7\u00e3o. Uma resposta afetiva que ocorre em rea\u00e7\u00e3o a um evento ou situa\u00e7\u00e3o.<\/p>\n<p><font color=\"#2D3AC7\">L&#8217;emoci\u00f3 de la festa era palpable.<\/font><\/p>\n<p><b>Tristesa<\/b> &#8211; Tristeza. Uma emo\u00e7\u00e3o que envolve sentimentos de perda e desapontamento.<\/p>\n<p><font color=\"#2D3AC7\">La tristesa \u00e9s part de la vida.<\/font><\/p>\n<p><b>Amor<\/b> &#8211; Amor. Um sentimento profundo de afeto e carinho por outra pessoa.<\/p>\n<p><font color=\"#2D3AC7\">L&#8217;amor \u00e9s el motor del m\u00f3n.<\/font><\/p>\n<p><b>Gratitud<\/b> &#8211; Gratid\u00e3o. Um sentimento de agradecimento e reconhecimento.<\/p>\n<p><font color=\"#2D3AC7\">Sentim una gran gratitud pels nostres amics.<\/font><\/p>\n<p><b>Orgull<\/b> &#8211; Orgulho. Um sentimento de satisfa\u00e7\u00e3o e realiza\u00e7\u00e3o.<\/p>\n<p><font color=\"#2D3AC7\">Sentim molt d&#8217;orgull per la nostra cultura.<\/font><\/p>\n<p>Aprender estas palavras e express\u00f5es n\u00e3o s\u00f3 vai enriquecer o seu vocabul\u00e1rio, mas tamb\u00e9m permitir\u00e1 que voc\u00ea participe mais plenamente das tradi\u00e7\u00f5es e celebra\u00e7\u00f5es catal\u00e3s. Seja voc\u00ea um iniciante no estudo do <a href=\"https:\/\/talkpal.ai\/pt-pt\/locations\/aprenda-ingles-em-catalao\/\">catal\u00e3o<\/a> ou algu\u00e9m que j\u00e1 tem um conhecimento b\u00e1sico, compreender estas palavras \u00e9 essencial para uma comunica\u00e7\u00e3o eficaz e uma maior integra\u00e7\u00e3o cultural.<\/p>\n","protected":false},"featured_media":1527850,"template":"","vocabulary_language":[4095],"class_list":["post-710942","vocabulary","type-vocabulary","status-publish","has-post-thumbnail","hentry","vocabulary_language-catalao"],"acf":[],"yoast_head":"<!-- This site is optimized with the Yoast SEO Premium plugin v27.2 (Yoast SEO v27.2) - https:\/\/yoast.com\/product\/yoast-seo-premium-wordpress\/ -->\n<title>Palavras de feriados e ocasi\u00f5es especiais em catal\u00e3o - Talkpal<\/title>\n<meta name=\"description\" content=\"Aprender um novo idioma pode ser uma experi\u00eancia incrivelmente gratificante, especialmente quando se trata de entender e participar de feriados e ocasi\u00f5es\" \/>\n<meta name=\"robots\" content=\"index, follow, max-snippet:-1, max-image-preview:large, max-video-preview:-1\" \/>\n<link rel=\"canonical\" href=\"https:\/\/talkpal.ai\/pt-pt\/vocabulary\/palavras-de-feriados-e-ocasioes-especiais-em-catalao\/\" \/>\n<meta property=\"og:locale\" content=\"pt_PT\" \/>\n<meta property=\"og:type\" content=\"article\" \/>\n<meta property=\"og:title\" content=\"Palavras de feriados e ocasi\u00f5es especiais em catal\u00e3o\" \/>\n<meta property=\"og:description\" content=\"Aprender um novo idioma pode ser uma experi\u00eancia incrivelmente gratificante, especialmente quando se trata de entender e participar de feriados e ocasi\u00f5es\" \/>\n<meta property=\"og:url\" content=\"https:\/\/talkpal.ai\/pt-pt\/vocabulary\/palavras-de-feriados-e-ocasioes-especiais-em-catalao\/\" \/>\n<meta property=\"og:site_name\" content=\"Talkpal\" \/>\n<meta property=\"article:publisher\" content=\"https:\/\/www.facebook.com\/profile.php?id=100090733639311\" \/>\n<meta property=\"og:image\" content=\"https:\/\/talkpal.ai\/wp-content\/uploads\/2024\/10\/talkpal_flat_illustration_of_a_employees_working_together_happi_c674ff77-e477-4e09-835a-01d30e561e99.png\" \/>\n\t<meta property=\"og:image:width\" content=\"1024\" \/>\n\t<meta property=\"og:image:height\" content=\"1024\" \/>\n\t<meta property=\"og:image:type\" content=\"image\/png\" \/>\n<meta name=\"twitter:card\" content=\"summary_large_image\" \/>\n<meta name=\"twitter:site\" content=\"@talkpalai\" \/>\n<meta name=\"twitter:label1\" content=\"Tempo estimado de leitura\" \/>\n\t<meta name=\"twitter:data1\" content=\"5 minutos\" \/>\n<script type=\"application\/ld+json\" class=\"yoast-schema-graph\">{\"@context\":\"https:\/\/schema.org\",\"@graph\":[{\"@type\":\"WebPage\",\"@id\":\"https:\/\/talkpal.ai\/pt-pt\/vocabulary\/palavras-de-feriados-e-ocasioes-especiais-em-catalao\/\",\"url\":\"https:\/\/talkpal.ai\/pt-pt\/vocabulary\/palavras-de-feriados-e-ocasioes-especiais-em-catalao\/\",\"name\":\"Palavras de feriados e ocasi\u00f5es especiais em catal\u00e3o - Talkpal\",\"isPartOf\":{\"@id\":\"https:\/\/talkpal.ai\/pt-pt\/#website\"},\"primaryImageOfPage\":{\"@id\":\"https:\/\/talkpal.ai\/pt-pt\/vocabulary\/palavras-de-feriados-e-ocasioes-especiais-em-catalao\/#primaryimage\"},\"image\":{\"@id\":\"https:\/\/talkpal.ai\/pt-pt\/vocabulary\/palavras-de-feriados-e-ocasioes-especiais-em-catalao\/#primaryimage\"},\"thumbnailUrl\":\"https:\/\/talkpal.ai\/wp-content\/uploads\/2025\/12\/person-at-sunny-desk-learning-languages.webp\",\"datePublished\":\"2024-06-08T12:47:42+00:00\",\"description\":\"Aprender um novo idioma pode ser uma experi\u00eancia incrivelmente gratificante, especialmente quando se trata de entender e participar de feriados e ocasi\u00f5es\",\"breadcrumb\":{\"@id\":\"https:\/\/talkpal.ai\/pt-pt\/vocabulary\/palavras-de-feriados-e-ocasioes-especiais-em-catalao\/#breadcrumb\"},\"inLanguage\":\"pt-PT\",\"potentialAction\":[{\"@type\":\"ReadAction\",\"target\":[\"https:\/\/talkpal.ai\/pt-pt\/vocabulary\/palavras-de-feriados-e-ocasioes-especiais-em-catalao\/\"]}]},{\"@type\":\"ImageObject\",\"inLanguage\":\"pt-PT\",\"@id\":\"https:\/\/talkpal.ai\/pt-pt\/vocabulary\/palavras-de-feriados-e-ocasioes-especiais-em-catalao\/#primaryimage\",\"url\":\"https:\/\/talkpal.ai\/wp-content\/uploads\/2025\/12\/person-at-sunny-desk-learning-languages.webp\",\"contentUrl\":\"https:\/\/talkpal.ai\/wp-content\/uploads\/2025\/12\/person-at-sunny-desk-learning-languages.webp\",\"width\":1200,\"height\":896,\"caption\":\"A person sits at a sunny desk by a window while learning languages in a quiet library.\"},{\"@type\":\"BreadcrumbList\",\"@id\":\"https:\/\/talkpal.ai\/pt-pt\/vocabulary\/palavras-de-feriados-e-ocasioes-especiais-em-catalao\/#breadcrumb\",\"itemListElement\":[{\"@type\":\"ListItem\",\"position\":1,\"name\":\"Homepage\",\"item\":\"https:\/\/talkpal.ai\/pt-pt\/\"},{\"@type\":\"ListItem\",\"position\":2,\"name\":\"Palavras de feriados e ocasi\u00f5es especiais em catal\u00e3o\"}]},{\"@type\":\"WebSite\",\"@id\":\"https:\/\/talkpal.ai\/pt-pt\/#website\",\"url\":\"https:\/\/talkpal.ai\/pt-pt\/\",\"name\":\"Talkpal\",\"description\":\"AI Language Learning\",\"publisher\":{\"@id\":\"https:\/\/talkpal.ai\/pt-pt\/#organization\"},\"alternateName\":\"Talkpal AI\",\"potentialAction\":[{\"@type\":\"SearchAction\",\"target\":{\"@type\":\"EntryPoint\",\"urlTemplate\":\"https:\/\/talkpal.ai\/pt-pt\/?s={search_term_string}\"},\"query-input\":{\"@type\":\"PropertyValueSpecification\",\"valueRequired\":true,\"valueName\":\"search_term_string\"}}],\"inLanguage\":\"pt-PT\"},{\"@type\":\"Organization\",\"@id\":\"https:\/\/talkpal.ai\/pt-pt\/#organization\",\"name\":\"Talkpal, Inc.\",\"alternateName\":\"Talkpal AI\",\"url\":\"https:\/\/talkpal.ai\/pt-pt\/\",\"logo\":{\"@type\":\"ImageObject\",\"inLanguage\":\"pt-PT\",\"@id\":\"https:\/\/talkpal.ai\/pt-pt\/#\/schema\/logo\/image\/\",\"url\":\"https:\/\/talkpal.ai\/wp-content\/uploads\/2024\/03\/Talkpal-Logo-Icon.png\",\"contentUrl\":\"https:\/\/talkpal.ai\/wp-content\/uploads\/2024\/03\/Talkpal-Logo-Icon.png\",\"width\":2880,\"height\":2880,\"caption\":\"Talkpal, Inc.\"},\"image\":{\"@id\":\"https:\/\/talkpal.ai\/pt-pt\/#\/schema\/logo\/image\/\"},\"sameAs\":[\"https:\/\/www.facebook.com\/profile.php?id=100090733639311\",\"https:\/\/x.com\/talkpalai\",\"https:\/\/www.linkedin.com\/company\/talkpal\/\",\"https:\/\/www.youtube.com\/@TalkPal\/\",\"https:\/\/www.tiktok.com\/@talkpal\",\"https:\/\/www.instagram.com\/talkpal_ai\/\",\"https:\/\/www.crunchbase.com\/organization\/talkpal-9cde\",\"https:\/\/www.g2.com\/products\/talkpal-for-business\/\",\"https:\/\/www.trustpilot.com\/review\/talkpal.ai\",\"https:\/\/www.capterra.com\/p\/10006800\/TalkPal\/\"],\"description\":\"Talkpal is a language learning web and mobile education app, powered by the latest AI technologies, that provides engaging experiences to its customers in many different languages to help them improve their language skills. Users can chat about unlimited amount of topics with the app and use other modes to practice their language learning.\",\"email\":\"support@talkpal.ai\",\"legalName\":\"Talkpal, Inc.\",\"foundingDate\":\"2023-04-03\",\"duns\":\"118989042\",\"numberOfEmployees\":{\"@type\":\"QuantitativeValue\",\"minValue\":\"11\",\"maxValue\":\"50\"},\"publishingPrinciples\":\"https:\/\/talkpal.ai\/publishing-principles\/\",\"actionableFeedbackPolicy\":\"https:\/\/talkpal.ai\/actionable-feedback-policy\/\",\"correctionsPolicy\":\"https:\/\/talkpal.ai\/corrections-policy\/\",\"ethicsPolicy\":\"https:\/\/talkpal.ai\/ethics-policy\/\",\"diversityPolicy\":\"https:\/\/talkpal.ai\/diversity-policy\/\",\"diversityStaffingReport\":\"https:\/\/talkpal.ai\/diversity-policy\/\"}]}<\/script>\n<!-- \/ Yoast SEO Premium plugin. -->","yoast_head_json":{"title":"Palavras de feriados e ocasi\u00f5es especiais em catal\u00e3o - Talkpal","description":"Aprender um novo idioma pode ser uma experi\u00eancia incrivelmente gratificante, especialmente quando se trata de entender e participar de feriados e ocasi\u00f5es","robots":{"index":"index","follow":"follow","max-snippet":"max-snippet:-1","max-image-preview":"max-image-preview:large","max-video-preview":"max-video-preview:-1"},"canonical":"https:\/\/talkpal.ai\/pt-pt\/vocabulary\/palavras-de-feriados-e-ocasioes-especiais-em-catalao\/","og_locale":"pt_PT","og_type":"article","og_title":"Palavras de feriados e ocasi\u00f5es especiais em catal\u00e3o","og_description":"Aprender um novo idioma pode ser uma experi\u00eancia incrivelmente gratificante, especialmente quando se trata de entender e participar de feriados e ocasi\u00f5es","og_url":"https:\/\/talkpal.ai\/pt-pt\/vocabulary\/palavras-de-feriados-e-ocasioes-especiais-em-catalao\/","og_site_name":"Talkpal","article_publisher":"https:\/\/www.facebook.com\/profile.php?id=100090733639311","og_image":[{"width":1024,"height":1024,"url":"https:\/\/talkpal.ai\/wp-content\/uploads\/2024\/10\/talkpal_flat_illustration_of_a_employees_working_together_happi_c674ff77-e477-4e09-835a-01d30e561e99.png","type":"image\/png"}],"twitter_card":"summary_large_image","twitter_site":"@talkpalai","twitter_misc":{"Tempo estimado de leitura":"5 minutos"},"schema":{"@context":"https:\/\/schema.org","@graph":[{"@type":"WebPage","@id":"https:\/\/talkpal.ai\/pt-pt\/vocabulary\/palavras-de-feriados-e-ocasioes-especiais-em-catalao\/","url":"https:\/\/talkpal.ai\/pt-pt\/vocabulary\/palavras-de-feriados-e-ocasioes-especiais-em-catalao\/","name":"Palavras de feriados e ocasi\u00f5es especiais em catal\u00e3o - Talkpal","isPartOf":{"@id":"https:\/\/talkpal.ai\/pt-pt\/#website"},"primaryImageOfPage":{"@id":"https:\/\/talkpal.ai\/pt-pt\/vocabulary\/palavras-de-feriados-e-ocasioes-especiais-em-catalao\/#primaryimage"},"image":{"@id":"https:\/\/talkpal.ai\/pt-pt\/vocabulary\/palavras-de-feriados-e-ocasioes-especiais-em-catalao\/#primaryimage"},"thumbnailUrl":"https:\/\/talkpal.ai\/wp-content\/uploads\/2025\/12\/person-at-sunny-desk-learning-languages.webp","datePublished":"2024-06-08T12:47:42+00:00","description":"Aprender um novo idioma pode ser uma experi\u00eancia incrivelmente gratificante, especialmente quando se trata de entender e participar de feriados e ocasi\u00f5es","breadcrumb":{"@id":"https:\/\/talkpal.ai\/pt-pt\/vocabulary\/palavras-de-feriados-e-ocasioes-especiais-em-catalao\/#breadcrumb"},"inLanguage":"pt-PT","potentialAction":[{"@type":"ReadAction","target":["https:\/\/talkpal.ai\/pt-pt\/vocabulary\/palavras-de-feriados-e-ocasioes-especiais-em-catalao\/"]}]},{"@type":"ImageObject","inLanguage":"pt-PT","@id":"https:\/\/talkpal.ai\/pt-pt\/vocabulary\/palavras-de-feriados-e-ocasioes-especiais-em-catalao\/#primaryimage","url":"https:\/\/talkpal.ai\/wp-content\/uploads\/2025\/12\/person-at-sunny-desk-learning-languages.webp","contentUrl":"https:\/\/talkpal.ai\/wp-content\/uploads\/2025\/12\/person-at-sunny-desk-learning-languages.webp","width":1200,"height":896,"caption":"A person sits at a sunny desk by a window while learning languages in a quiet library."},{"@type":"BreadcrumbList","@id":"https:\/\/talkpal.ai\/pt-pt\/vocabulary\/palavras-de-feriados-e-ocasioes-especiais-em-catalao\/#breadcrumb","itemListElement":[{"@type":"ListItem","position":1,"name":"Homepage","item":"https:\/\/talkpal.ai\/pt-pt\/"},{"@type":"ListItem","position":2,"name":"Palavras de feriados e ocasi\u00f5es especiais em catal\u00e3o"}]},{"@type":"WebSite","@id":"https:\/\/talkpal.ai\/pt-pt\/#website","url":"https:\/\/talkpal.ai\/pt-pt\/","name":"Talkpal","description":"AI Language Learning","publisher":{"@id":"https:\/\/talkpal.ai\/pt-pt\/#organization"},"alternateName":"Talkpal AI","potentialAction":[{"@type":"SearchAction","target":{"@type":"EntryPoint","urlTemplate":"https:\/\/talkpal.ai\/pt-pt\/?s={search_term_string}"},"query-input":{"@type":"PropertyValueSpecification","valueRequired":true,"valueName":"search_term_string"}}],"inLanguage":"pt-PT"},{"@type":"Organization","@id":"https:\/\/talkpal.ai\/pt-pt\/#organization","name":"Talkpal, Inc.","alternateName":"Talkpal AI","url":"https:\/\/talkpal.ai\/pt-pt\/","logo":{"@type":"ImageObject","inLanguage":"pt-PT","@id":"https:\/\/talkpal.ai\/pt-pt\/#\/schema\/logo\/image\/","url":"https:\/\/talkpal.ai\/wp-content\/uploads\/2024\/03\/Talkpal-Logo-Icon.png","contentUrl":"https:\/\/talkpal.ai\/wp-content\/uploads\/2024\/03\/Talkpal-Logo-Icon.png","width":2880,"height":2880,"caption":"Talkpal, Inc."},"image":{"@id":"https:\/\/talkpal.ai\/pt-pt\/#\/schema\/logo\/image\/"},"sameAs":["https:\/\/www.facebook.com\/profile.php?id=100090733639311","https:\/\/x.com\/talkpalai","https:\/\/www.linkedin.com\/company\/talkpal\/","https:\/\/www.youtube.com\/@TalkPal\/","https:\/\/www.tiktok.com\/@talkpal","https:\/\/www.instagram.com\/talkpal_ai\/","https:\/\/www.crunchbase.com\/organization\/talkpal-9cde","https:\/\/www.g2.com\/products\/talkpal-for-business\/","https:\/\/www.trustpilot.com\/review\/talkpal.ai","https:\/\/www.capterra.com\/p\/10006800\/TalkPal\/"],"description":"Talkpal is a language learning web and mobile education app, powered by the latest AI technologies, that provides engaging experiences to its customers in many different languages to help them improve their language skills. Users can chat about unlimited amount of topics with the app and use other modes to practice their language learning.","email":"support@talkpal.ai","legalName":"Talkpal, Inc.","foundingDate":"2023-04-03","duns":"118989042","numberOfEmployees":{"@type":"QuantitativeValue","minValue":"11","maxValue":"50"},"publishingPrinciples":"https:\/\/talkpal.ai\/publishing-principles\/","actionableFeedbackPolicy":"https:\/\/talkpal.ai\/actionable-feedback-policy\/","correctionsPolicy":"https:\/\/talkpal.ai\/corrections-policy\/","ethicsPolicy":"https:\/\/talkpal.ai\/ethics-policy\/","diversityPolicy":"https:\/\/talkpal.ai\/diversity-policy\/","diversityStaffingReport":"https:\/\/talkpal.ai\/diversity-policy\/"}]}},"_links":{"self":[{"href":"https:\/\/talkpal.ai\/pt-pt\/wp-json\/wp\/v2\/vocabulary\/710942","targetHints":{"allow":["GET"]}}],"collection":[{"href":"https:\/\/talkpal.ai\/pt-pt\/wp-json\/wp\/v2\/vocabulary"}],"about":[{"href":"https:\/\/talkpal.ai\/pt-pt\/wp-json\/wp\/v2\/types\/vocabulary"}],"wp:featuredmedia":[{"embeddable":true,"href":"https:\/\/talkpal.ai\/pt-pt\/wp-json\/wp\/v2\/media\/1527850"}],"wp:attachment":[{"href":"https:\/\/talkpal.ai\/pt-pt\/wp-json\/wp\/v2\/media?parent=710942"}],"wp:term":[{"taxonomy":"vocabulary_language","embeddable":true,"href":"https:\/\/talkpal.ai\/pt-pt\/wp-json\/wp\/v2\/vocabulary_language?post=710942"}],"curies":[{"name":"wp","href":"https:\/\/api.w.org\/{rel}","templated":true}]}}