{"id":303412,"date":"2024-05-14T15:33:57","date_gmt":"2024-05-14T15:33:57","guid":{"rendered":"https:\/\/talkpal.ai\/vocabulary\/kalt-vs-kalte-compreendendo-o-frio-nas-formas-substantivas-e-adjetivas-em-alemao\/"},"modified":"2024-05-14T15:33:57","modified_gmt":"2024-05-14T15:33:57","slug":"kalt-vs-kalte-compreendendo-o-frio-nas-formas-substantivas-e-adjetivas-em-alemao","status":"publish","type":"vocabulary","link":"https:\/\/talkpal.ai\/pt-pt\/vocabulary\/kalt-vs-kalte-compreendendo-o-frio-nas-formas-substantivas-e-adjetivas-em-alemao\/","title":{"rendered":"Kalt vs K\u00e4lte &#8211; Compreendendo o frio nas formas substantivas e adjetivas em alem\u00e3o"},"content":{"rendered":"<p>Ao estudar <a href=\"https:\/\/talkpal.ai\/learn-german\/\">alem\u00e3o<\/a>, muitos alunos deparam-se com a dificuldade de distinguir entre <b>kalt<\/b> e <b>K\u00e4lte<\/b>. Ambos referem-se \u00e0 ideia de frio, mas s\u00e3o usados em contextos diferentes, sendo um adjetivo e outro substantivo. Neste artigo, vamos explorar as diferen\u00e7as e usos de cada um, para ajudar a esclarecer essas nuances e melhorar a precis\u00e3o no uso do idioma alem\u00e3o.<\/p>\n<h3>Entendendo Kalt e K\u00e4lte<\/h3>\n<p><b>Kalt<\/b> \u00e9 um adjetivo usado para descrever algo que est\u00e1 frio. Por exemplo, pode referir-se \u00e0 temperatura do ar, de uma bebida, ou de qualquer objeto que possa ser percebido <a href=\"https:\/\/talkpal.ai\/locations\/language-courses-in-como\/\">como<\/a> frio ao toque ou em rela\u00e7\u00e3o ao ambiente.<\/p>\n<p><b>K\u00e4lte<\/b>, por outro lado, \u00e9 um substantivo que se refere \u00e0 frieza <a href=\"https:\/\/talkpal.ai\/culture\/how-do-i-combine-em-and-um-to-form-num\/\">em um<\/a> sentido mais abstrato ou generalizado. \u00c9 a qualidade ou condi\u00e7\u00e3o de ser frio.<\/p>\n<h3>Usando Kalt em frases<\/h3>\n<p>Quando queremos descrever algo que est\u00e1 frio, usamos <b>kalt<\/b>. Veja alguns exemplos:<\/p>\n<p>&#8211; <b>Das Wasser ist kalt.<\/b> (A \u00e1gua est\u00e1 fria.)<br \/>\n&#8211; <b>Heute ist es sehr kalt.<\/b> (Hoje est\u00e1 muito frio.)<br \/>\n&#8211; <b>Ich mag kalte Getr\u00e4nke im Sommer.<\/b> (Eu gosto de bebidas frias no ver\u00e3o.)<\/p>\n<p>Nestes exemplos, <b>kalt<\/b> \u00e9 usado para modificar substantivos, indicando a caracter\u00edstica de frieza de algo concreto.<\/p>\n<h3>Usando K\u00e4lte em frases<\/h3>\n<p><b>K\u00e4lte<\/b> \u00e9 utilizado para falar sobre o frio de uma forma mais geral ou quando nos referimos ao conceito de frio como um fen\u00f4meno ou sensa\u00e7\u00e3o. Vejamos como \u00e9 usado:<\/p>\n<p>&#8211; <b>Die K\u00e4lte kann unertr\u00e4glich sein.<\/b> (O frio pode ser insuport\u00e1vel.)<br \/>\n&#8211; <b>Im Winter herrscht oft gro\u00dfe K\u00e4lte.<\/b> (No inverno, muitas vezes predomina um grande frio.)<br \/>\n&#8211; <b>Die K\u00e4lte des Raumes war sp\u00fcrbar.<\/b> (A frieza do quarto era palp\u00e1vel.)<\/p>\n<p>Aqui, <b>K\u00e4lte<\/b> \u00e9 usada como substantivo, muitas vezes acompanhada de artigos e usada no contexto de discuss\u00f5es sobre o tempo ou sensa\u00e7\u00f5es f\u00edsicas gerais.<\/p>\n<h3>Adjetivos derivados e uso expandido<\/h3>\n<p>Al\u00e9m de <b>kalt<\/b>, o alem\u00e3o tamb\u00e9m possui derivados que s\u00e3o usados para descrever diferentes n\u00edveis ou aspectos do frio. Por exemplo, <b>k\u00fchl<\/b> significa fresco, e \u00e9 frequentemente usado para descrever um clima agrad\u00e1vel, nem muito quente nem muito frio.<\/p>\n<p>&#8211; <b>Das Wetter ist k\u00fchl, ideal f\u00fcr einen Spaziergang.<\/b> (O tempo est\u00e1 fresco, ideal para um passeio.)<\/p>\n<p><b>Frostig<\/b> \u00e9 outro adjetivo, que significa gelado, e \u00e9 usado principalmente para descrever temperaturas extremamente baixas que podem resultar em forma\u00e7\u00e3o de gelo.<\/p>\n<p>&#8211; <b>Die Stra\u00dfen sind frostig, sei vorsichtig beim Fahren.<\/b> (As estradas est\u00e3o geladas, tenha cuidado ao dirigir.)<\/p>\n<h3>Erros comuns e como evit\u00e1-los<\/h3>\n<p>Um erro comum entre <a href=\"https:\/\/talkpal.ai\/talkpal-discount-for-students\/\">estudantes<\/a> de alem\u00e3o \u00e9 confundir quando usar <b>kalt<\/b> e quando usar <b>K\u00e4lte<\/b>. Lembre-se de que <b>kalt<\/b> \u00e9 um adjetivo e deve ser usado para descrever substantivos diretamente, enquanto <b>K\u00e4lte<\/b> \u00e9 um substantivo que se refere ao conceito de frio de maneira mais abstrata ou ampla.<\/p>\n<p>Ao revisar textos ou falar, tente identificar se est\u00e1 descrevendo algo espec\u00edfico que \u00e9 frio (use <b>kalt<\/b>) ou falando sobre o frio como uma ideia ou condi\u00e7\u00e3o geral (use <b>K\u00e4lte<\/b>).<\/p>\n<h3>Conclus\u00e3o<\/h3>\n<p>Entender a diferen\u00e7a entre <b>kalt<\/b> e <b>K\u00e4lte<\/b> \u00e9 crucial para usar o alem\u00e3o de maneira precisa e natural. Com a pr\u00e1tica e aten\u00e7\u00e3o aos contextos em que cada palavra \u00e9 usada, voc\u00ea poder\u00e1 melhorar significativamente sua habilidade de comunicar temperaturas e sensa\u00e7\u00f5es de frio em alem\u00e3o. Continue estudando e aplicando esses conceitos em suas conversas e escritas, e voc\u00ea ver\u00e1 uma grande melhoria na sua flu\u00eancia em alem\u00e3o.<\/p>\n","protected":false},"featured_media":1527750,"template":"","vocabulary_language":[3463],"class_list":["post-303412","vocabulary","type-vocabulary","status-publish","has-post-thumbnail","hentry","vocabulary_language-alemao"],"acf":[],"yoast_head":"<!-- This site is optimized with the Yoast SEO Premium plugin v27.2 (Yoast SEO v27.2) - https:\/\/yoast.com\/product\/yoast-seo-premium-wordpress\/ -->\n<title>Kalt vs K\u00e4lte - Compreendendo o frio nas formas substantivas e adjetivas em alem\u00e3o - Talkpal<\/title>\n<meta name=\"description\" content=\"Ao estudar alem\u00e3o, muitos alunos deparam-se com a dificuldade de distinguir entre kalt e K\u00e4lte. Ambos referem-se \u00e0 ideia de frio, mas s\u00e3o usados em\" \/>\n<meta name=\"robots\" content=\"index, follow, max-snippet:-1, max-image-preview:large, max-video-preview:-1\" \/>\n<link rel=\"canonical\" href=\"https:\/\/talkpal.ai\/pt-pt\/vocabulary\/kalt-vs-kalte-compreendendo-o-frio-nas-formas-substantivas-e-adjetivas-em-alemao\/\" \/>\n<meta property=\"og:locale\" content=\"pt_PT\" \/>\n<meta property=\"og:type\" content=\"article\" \/>\n<meta property=\"og:title\" content=\"Kalt vs K\u00e4lte - Compreendendo o frio nas formas substantivas e adjetivas em alem\u00e3o\" \/>\n<meta property=\"og:description\" content=\"Ao estudar alem\u00e3o, muitos alunos deparam-se com a dificuldade de distinguir entre kalt e K\u00e4lte. Ambos referem-se \u00e0 ideia de frio, mas s\u00e3o usados em\" \/>\n<meta property=\"og:url\" content=\"https:\/\/talkpal.ai\/pt-pt\/vocabulary\/kalt-vs-kalte-compreendendo-o-frio-nas-formas-substantivas-e-adjetivas-em-alemao\/\" \/>\n<meta property=\"og:site_name\" content=\"Talkpal\" \/>\n<meta property=\"article:publisher\" content=\"https:\/\/www.facebook.com\/profile.php?id=100090733639311\" \/>\n<meta property=\"og:image\" content=\"https:\/\/talkpal.ai\/wp-content\/uploads\/2024\/10\/talkpal_flat_illustration_of_a_employees_working_together_happi_c674ff77-e477-4e09-835a-01d30e561e99.png\" \/>\n\t<meta property=\"og:image:width\" content=\"1024\" \/>\n\t<meta property=\"og:image:height\" content=\"1024\" \/>\n\t<meta property=\"og:image:type\" content=\"image\/png\" \/>\n<meta name=\"twitter:card\" content=\"summary_large_image\" \/>\n<meta name=\"twitter:site\" content=\"@talkpalai\" \/>\n<meta name=\"twitter:label1\" content=\"Tempo estimado de leitura\" \/>\n\t<meta name=\"twitter:data1\" content=\"3 minutos\" \/>\n<script type=\"application\/ld+json\" class=\"yoast-schema-graph\">{\"@context\":\"https:\/\/schema.org\",\"@graph\":[{\"@type\":\"WebPage\",\"@id\":\"https:\/\/talkpal.ai\/pt-pt\/vocabulary\/kalt-vs-kalte-compreendendo-o-frio-nas-formas-substantivas-e-adjetivas-em-alemao\/\",\"url\":\"https:\/\/talkpal.ai\/pt-pt\/vocabulary\/kalt-vs-kalte-compreendendo-o-frio-nas-formas-substantivas-e-adjetivas-em-alemao\/\",\"name\":\"Kalt vs K\u00e4lte - Compreendendo o frio nas formas substantivas e adjetivas em alem\u00e3o - Talkpal\",\"isPartOf\":{\"@id\":\"https:\/\/talkpal.ai\/pt-pt\/#website\"},\"primaryImageOfPage\":{\"@id\":\"https:\/\/talkpal.ai\/pt-pt\/vocabulary\/kalt-vs-kalte-compreendendo-o-frio-nas-formas-substantivas-e-adjetivas-em-alemao\/#primaryimage\"},\"image\":{\"@id\":\"https:\/\/talkpal.ai\/pt-pt\/vocabulary\/kalt-vs-kalte-compreendendo-o-frio-nas-formas-substantivas-e-adjetivas-em-alemao\/#primaryimage\"},\"thumbnailUrl\":\"https:\/\/talkpal.ai\/wp-content\/uploads\/2025\/12\/library-books-are-used-learning-languages.webp\",\"datePublished\":\"2024-05-14T15:33:57+00:00\",\"description\":\"Ao estudar alem\u00e3o, muitos alunos deparam-se com a dificuldade de distinguir entre kalt e K\u00e4lte. Ambos referem-se \u00e0 ideia de frio, mas s\u00e3o usados em\",\"breadcrumb\":{\"@id\":\"https:\/\/talkpal.ai\/pt-pt\/vocabulary\/kalt-vs-kalte-compreendendo-o-frio-nas-formas-substantivas-e-adjetivas-em-alemao\/#breadcrumb\"},\"inLanguage\":\"pt-PT\",\"potentialAction\":[{\"@type\":\"ReadAction\",\"target\":[\"https:\/\/talkpal.ai\/pt-pt\/vocabulary\/kalt-vs-kalte-compreendendo-o-frio-nas-formas-substantivas-e-adjetivas-em-alemao\/\"]}]},{\"@type\":\"ImageObject\",\"inLanguage\":\"pt-PT\",\"@id\":\"https:\/\/talkpal.ai\/pt-pt\/vocabulary\/kalt-vs-kalte-compreendendo-o-frio-nas-formas-substantivas-e-adjetivas-em-alemao\/#primaryimage\",\"url\":\"https:\/\/talkpal.ai\/wp-content\/uploads\/2025\/12\/library-books-are-used-learning-languages.webp\",\"contentUrl\":\"https:\/\/talkpal.ai\/wp-content\/uploads\/2025\/12\/library-books-are-used-learning-languages.webp\",\"width\":1200,\"height\":896,\"caption\":\"Library books are used by several students sitting at shared desks for learning languages at night.\"},{\"@type\":\"BreadcrumbList\",\"@id\":\"https:\/\/talkpal.ai\/pt-pt\/vocabulary\/kalt-vs-kalte-compreendendo-o-frio-nas-formas-substantivas-e-adjetivas-em-alemao\/#breadcrumb\",\"itemListElement\":[{\"@type\":\"ListItem\",\"position\":1,\"name\":\"Homepage\",\"item\":\"https:\/\/talkpal.ai\/pt-pt\/\"},{\"@type\":\"ListItem\",\"position\":2,\"name\":\"Kalt vs K\u00e4lte &#8211; Compreendendo o frio nas formas substantivas e adjetivas em alem\u00e3o\"}]},{\"@type\":\"WebSite\",\"@id\":\"https:\/\/talkpal.ai\/pt-pt\/#website\",\"url\":\"https:\/\/talkpal.ai\/pt-pt\/\",\"name\":\"Talkpal\",\"description\":\"AI Language Learning\",\"publisher\":{\"@id\":\"https:\/\/talkpal.ai\/pt-pt\/#organization\"},\"alternateName\":\"Talkpal AI\",\"potentialAction\":[{\"@type\":\"SearchAction\",\"target\":{\"@type\":\"EntryPoint\",\"urlTemplate\":\"https:\/\/talkpal.ai\/pt-pt\/?s={search_term_string}\"},\"query-input\":{\"@type\":\"PropertyValueSpecification\",\"valueRequired\":true,\"valueName\":\"search_term_string\"}}],\"inLanguage\":\"pt-PT\"},{\"@type\":\"Organization\",\"@id\":\"https:\/\/talkpal.ai\/pt-pt\/#organization\",\"name\":\"Talkpal, Inc.\",\"alternateName\":\"Talkpal AI\",\"url\":\"https:\/\/talkpal.ai\/pt-pt\/\",\"logo\":{\"@type\":\"ImageObject\",\"inLanguage\":\"pt-PT\",\"@id\":\"https:\/\/talkpal.ai\/pt-pt\/#\/schema\/logo\/image\/\",\"url\":\"https:\/\/talkpal.ai\/wp-content\/uploads\/2024\/03\/Talkpal-Logo-Icon.png\",\"contentUrl\":\"https:\/\/talkpal.ai\/wp-content\/uploads\/2024\/03\/Talkpal-Logo-Icon.png\",\"width\":2880,\"height\":2880,\"caption\":\"Talkpal, Inc.\"},\"image\":{\"@id\":\"https:\/\/talkpal.ai\/pt-pt\/#\/schema\/logo\/image\/\"},\"sameAs\":[\"https:\/\/www.facebook.com\/profile.php?id=100090733639311\",\"https:\/\/x.com\/talkpalai\",\"https:\/\/www.linkedin.com\/company\/talkpal\/\",\"https:\/\/www.youtube.com\/@TalkPal\/\",\"https:\/\/www.tiktok.com\/@talkpal\",\"https:\/\/www.instagram.com\/talkpal_ai\/\",\"https:\/\/www.crunchbase.com\/organization\/talkpal-9cde\",\"https:\/\/www.g2.com\/products\/talkpal-for-business\/\",\"https:\/\/www.trustpilot.com\/review\/talkpal.ai\",\"https:\/\/www.capterra.com\/p\/10006800\/TalkPal\/\"],\"description\":\"Talkpal is a language learning web and mobile education app, powered by the latest AI technologies, that provides engaging experiences to its customers in many different languages to help them improve their language skills. Users can chat about unlimited amount of topics with the app and use other modes to practice their language learning.\",\"email\":\"support@talkpal.ai\",\"legalName\":\"Talkpal, Inc.\",\"foundingDate\":\"2023-04-03\",\"duns\":\"118989042\",\"numberOfEmployees\":{\"@type\":\"QuantitativeValue\",\"minValue\":\"11\",\"maxValue\":\"50\"},\"publishingPrinciples\":\"https:\/\/talkpal.ai\/publishing-principles\/\",\"actionableFeedbackPolicy\":\"https:\/\/talkpal.ai\/actionable-feedback-policy\/\",\"correctionsPolicy\":\"https:\/\/talkpal.ai\/corrections-policy\/\",\"ethicsPolicy\":\"https:\/\/talkpal.ai\/ethics-policy\/\",\"diversityPolicy\":\"https:\/\/talkpal.ai\/diversity-policy\/\",\"diversityStaffingReport\":\"https:\/\/talkpal.ai\/diversity-policy\/\"}]}<\/script>\n<!-- \/ Yoast SEO Premium plugin. -->","yoast_head_json":{"title":"Kalt vs K\u00e4lte - Compreendendo o frio nas formas substantivas e adjetivas em alem\u00e3o - Talkpal","description":"Ao estudar alem\u00e3o, muitos alunos deparam-se com a dificuldade de distinguir entre kalt e K\u00e4lte. Ambos referem-se \u00e0 ideia de frio, mas s\u00e3o usados em","robots":{"index":"index","follow":"follow","max-snippet":"max-snippet:-1","max-image-preview":"max-image-preview:large","max-video-preview":"max-video-preview:-1"},"canonical":"https:\/\/talkpal.ai\/pt-pt\/vocabulary\/kalt-vs-kalte-compreendendo-o-frio-nas-formas-substantivas-e-adjetivas-em-alemao\/","og_locale":"pt_PT","og_type":"article","og_title":"Kalt vs K\u00e4lte - Compreendendo o frio nas formas substantivas e adjetivas em alem\u00e3o","og_description":"Ao estudar alem\u00e3o, muitos alunos deparam-se com a dificuldade de distinguir entre kalt e K\u00e4lte. Ambos referem-se \u00e0 ideia de frio, mas s\u00e3o usados em","og_url":"https:\/\/talkpal.ai\/pt-pt\/vocabulary\/kalt-vs-kalte-compreendendo-o-frio-nas-formas-substantivas-e-adjetivas-em-alemao\/","og_site_name":"Talkpal","article_publisher":"https:\/\/www.facebook.com\/profile.php?id=100090733639311","og_image":[{"width":1024,"height":1024,"url":"https:\/\/talkpal.ai\/wp-content\/uploads\/2024\/10\/talkpal_flat_illustration_of_a_employees_working_together_happi_c674ff77-e477-4e09-835a-01d30e561e99.png","type":"image\/png"}],"twitter_card":"summary_large_image","twitter_site":"@talkpalai","twitter_misc":{"Tempo estimado de leitura":"3 minutos"},"schema":{"@context":"https:\/\/schema.org","@graph":[{"@type":"WebPage","@id":"https:\/\/talkpal.ai\/pt-pt\/vocabulary\/kalt-vs-kalte-compreendendo-o-frio-nas-formas-substantivas-e-adjetivas-em-alemao\/","url":"https:\/\/talkpal.ai\/pt-pt\/vocabulary\/kalt-vs-kalte-compreendendo-o-frio-nas-formas-substantivas-e-adjetivas-em-alemao\/","name":"Kalt vs K\u00e4lte - Compreendendo o frio nas formas substantivas e adjetivas em alem\u00e3o - Talkpal","isPartOf":{"@id":"https:\/\/talkpal.ai\/pt-pt\/#website"},"primaryImageOfPage":{"@id":"https:\/\/talkpal.ai\/pt-pt\/vocabulary\/kalt-vs-kalte-compreendendo-o-frio-nas-formas-substantivas-e-adjetivas-em-alemao\/#primaryimage"},"image":{"@id":"https:\/\/talkpal.ai\/pt-pt\/vocabulary\/kalt-vs-kalte-compreendendo-o-frio-nas-formas-substantivas-e-adjetivas-em-alemao\/#primaryimage"},"thumbnailUrl":"https:\/\/talkpal.ai\/wp-content\/uploads\/2025\/12\/library-books-are-used-learning-languages.webp","datePublished":"2024-05-14T15:33:57+00:00","description":"Ao estudar alem\u00e3o, muitos alunos deparam-se com a dificuldade de distinguir entre kalt e K\u00e4lte. Ambos referem-se \u00e0 ideia de frio, mas s\u00e3o usados em","breadcrumb":{"@id":"https:\/\/talkpal.ai\/pt-pt\/vocabulary\/kalt-vs-kalte-compreendendo-o-frio-nas-formas-substantivas-e-adjetivas-em-alemao\/#breadcrumb"},"inLanguage":"pt-PT","potentialAction":[{"@type":"ReadAction","target":["https:\/\/talkpal.ai\/pt-pt\/vocabulary\/kalt-vs-kalte-compreendendo-o-frio-nas-formas-substantivas-e-adjetivas-em-alemao\/"]}]},{"@type":"ImageObject","inLanguage":"pt-PT","@id":"https:\/\/talkpal.ai\/pt-pt\/vocabulary\/kalt-vs-kalte-compreendendo-o-frio-nas-formas-substantivas-e-adjetivas-em-alemao\/#primaryimage","url":"https:\/\/talkpal.ai\/wp-content\/uploads\/2025\/12\/library-books-are-used-learning-languages.webp","contentUrl":"https:\/\/talkpal.ai\/wp-content\/uploads\/2025\/12\/library-books-are-used-learning-languages.webp","width":1200,"height":896,"caption":"Library books are used by several students sitting at shared desks for learning languages at night."},{"@type":"BreadcrumbList","@id":"https:\/\/talkpal.ai\/pt-pt\/vocabulary\/kalt-vs-kalte-compreendendo-o-frio-nas-formas-substantivas-e-adjetivas-em-alemao\/#breadcrumb","itemListElement":[{"@type":"ListItem","position":1,"name":"Homepage","item":"https:\/\/talkpal.ai\/pt-pt\/"},{"@type":"ListItem","position":2,"name":"Kalt vs K\u00e4lte &#8211; Compreendendo o frio nas formas substantivas e adjetivas em alem\u00e3o"}]},{"@type":"WebSite","@id":"https:\/\/talkpal.ai\/pt-pt\/#website","url":"https:\/\/talkpal.ai\/pt-pt\/","name":"Talkpal","description":"AI Language Learning","publisher":{"@id":"https:\/\/talkpal.ai\/pt-pt\/#organization"},"alternateName":"Talkpal AI","potentialAction":[{"@type":"SearchAction","target":{"@type":"EntryPoint","urlTemplate":"https:\/\/talkpal.ai\/pt-pt\/?s={search_term_string}"},"query-input":{"@type":"PropertyValueSpecification","valueRequired":true,"valueName":"search_term_string"}}],"inLanguage":"pt-PT"},{"@type":"Organization","@id":"https:\/\/talkpal.ai\/pt-pt\/#organization","name":"Talkpal, Inc.","alternateName":"Talkpal AI","url":"https:\/\/talkpal.ai\/pt-pt\/","logo":{"@type":"ImageObject","inLanguage":"pt-PT","@id":"https:\/\/talkpal.ai\/pt-pt\/#\/schema\/logo\/image\/","url":"https:\/\/talkpal.ai\/wp-content\/uploads\/2024\/03\/Talkpal-Logo-Icon.png","contentUrl":"https:\/\/talkpal.ai\/wp-content\/uploads\/2024\/03\/Talkpal-Logo-Icon.png","width":2880,"height":2880,"caption":"Talkpal, Inc."},"image":{"@id":"https:\/\/talkpal.ai\/pt-pt\/#\/schema\/logo\/image\/"},"sameAs":["https:\/\/www.facebook.com\/profile.php?id=100090733639311","https:\/\/x.com\/talkpalai","https:\/\/www.linkedin.com\/company\/talkpal\/","https:\/\/www.youtube.com\/@TalkPal\/","https:\/\/www.tiktok.com\/@talkpal","https:\/\/www.instagram.com\/talkpal_ai\/","https:\/\/www.crunchbase.com\/organization\/talkpal-9cde","https:\/\/www.g2.com\/products\/talkpal-for-business\/","https:\/\/www.trustpilot.com\/review\/talkpal.ai","https:\/\/www.capterra.com\/p\/10006800\/TalkPal\/"],"description":"Talkpal is a language learning web and mobile education app, powered by the latest AI technologies, that provides engaging experiences to its customers in many different languages to help them improve their language skills. Users can chat about unlimited amount of topics with the app and use other modes to practice their language learning.","email":"support@talkpal.ai","legalName":"Talkpal, Inc.","foundingDate":"2023-04-03","duns":"118989042","numberOfEmployees":{"@type":"QuantitativeValue","minValue":"11","maxValue":"50"},"publishingPrinciples":"https:\/\/talkpal.ai\/publishing-principles\/","actionableFeedbackPolicy":"https:\/\/talkpal.ai\/actionable-feedback-policy\/","correctionsPolicy":"https:\/\/talkpal.ai\/corrections-policy\/","ethicsPolicy":"https:\/\/talkpal.ai\/ethics-policy\/","diversityPolicy":"https:\/\/talkpal.ai\/diversity-policy\/","diversityStaffingReport":"https:\/\/talkpal.ai\/diversity-policy\/"}]}},"_links":{"self":[{"href":"https:\/\/talkpal.ai\/pt-pt\/wp-json\/wp\/v2\/vocabulary\/303412","targetHints":{"allow":["GET"]}}],"collection":[{"href":"https:\/\/talkpal.ai\/pt-pt\/wp-json\/wp\/v2\/vocabulary"}],"about":[{"href":"https:\/\/talkpal.ai\/pt-pt\/wp-json\/wp\/v2\/types\/vocabulary"}],"wp:featuredmedia":[{"embeddable":true,"href":"https:\/\/talkpal.ai\/pt-pt\/wp-json\/wp\/v2\/media\/1527750"}],"wp:attachment":[{"href":"https:\/\/talkpal.ai\/pt-pt\/wp-json\/wp\/v2\/media?parent=303412"}],"wp:term":[{"taxonomy":"vocabulary_language","embeddable":true,"href":"https:\/\/talkpal.ai\/pt-pt\/wp-json\/wp\/v2\/vocabulary_language?post=303412"}],"curies":[{"name":"wp","href":"https:\/\/api.w.org\/{rel}","templated":true}]}}