{"id":303379,"date":"2024-05-14T15:30:22","date_gmt":"2024-05-14T15:30:22","guid":{"rendered":"https:\/\/talkpal.ai\/vocabulary\/gut-vs-gute-compreendendo-os-adjetivos-basicos-do-alemao-com-mais-clareza\/"},"modified":"2024-05-14T15:30:22","modified_gmt":"2024-05-14T15:30:22","slug":"gut-vs-gute-compreendendo-os-adjetivos-basicos-do-alemao-com-mais-clareza","status":"publish","type":"vocabulary","link":"https:\/\/talkpal.ai\/pt-pt\/vocabulary\/gut-vs-gute-compreendendo-os-adjetivos-basicos-do-alemao-com-mais-clareza\/","title":{"rendered":"Gut vs Gute &#8211; Compreendendo os adjetivos b\u00e1sicos do alem\u00e3o com mais clareza"},"content":{"rendered":"<p>Ao <a href=\"https:\/\/talkpal.ai\/pt-pt\/aprende-alemao-com-ia\/\">aprender alem\u00e3o<\/a>, uma das primeiras <a href=\"https:\/\/talkpal.ai\/locations\/language-courses-in-barreiras\/\">barreiras<\/a> que muitos <a href=\"https:\/\/talkpal.ai\/talkpal-discount-for-students\/\">estudantes<\/a> encontram \u00e9 o uso correto dos adjetivos. Esta l\u00edngua possui regras espec\u00edficas para a <a href=\"https:\/\/talkpal.ai\/pt-pt\/grammar\/adjetivo-declinacao-na-gramatica\/\">declina\u00e7\u00e3o de adjetivos<\/a> que podem variar conforme o caso, o g\u00eanero e o n\u00famero do substantivo que acompanham. Entre os adjetivos mais comuns e frequentemente confundidos est\u00e3o <b>&#8220;gut&#8221;<\/b> e <b>&#8220;gute&#8221;<\/b>. Neste artigo, vamos explorar essas diferen\u00e7as e <a href=\"https:\/\/talkpal.ai\/locations\/language-courses-in-como\/\">como<\/a> aplic\u00e1-las corretamente em frases, <a href=\"https:\/\/talkpal.ai\/culture\/how-do-i-use-para-que-correctly\/\">para que<\/a> voc\u00ea possa melhorar sua flu\u00eancia e precis\u00e3o no <a href=\"https:\/\/talkpal.ai\/learn-german\/\">alem\u00e3o<\/a>.<\/p>\n<h3>Entendendo o Adjetivo &#8220;Gut&#8221;<\/h3>\n<p><b>&#8220;Gut&#8221;<\/b> \u00e9 um adjetivo que significa &#8220;bom&#8221; em <a href=\"https:\/\/talkpal.ai\/learn-portuguese\/\">portugu\u00eas<\/a>. A forma como ele \u00e9 usado na frase, entretanto, depende de v\u00e1rios fatores gramaticais. Vamos come\u00e7ar pelo mais simples: o adjetivo n\u00e3o declinado.<\/p>\n<p><b>1. Adjetivo n\u00e3o declinado:<\/b> Quando o adjetivo \u00e9 usado ap\u00f3s o verbo &#8220;sein&#8221; (<a href=\"https:\/\/talkpal.ai\/ko\/grammar\/ser-estar-%eb%ac%b4%ec%a7%80%ea%b0%9c%eb%ac%b8%ec%9e%90\/\">ser\/estar<\/a>), ele n\u00e3o \u00e9 declinado. Isso significa que mant\u00e9m sua forma b\u00e1sica, independentemente do g\u00eanero, n\u00famero ou caso do substantivo.<\/p>\n<p><b>Das Wetter ist gut.<\/b> (O tempo est\u00e1 bom.)<\/p>\n<p>Agora, vamos explorar como <b>&#8220;gut&#8221;<\/b> muda em diferentes contextos, de acordo com o caso gramatical.<\/p>\n<p><b>2. Nominativo:<\/b> Quando o adjetivo \u00e9 usado com um substantivo no caso nominativo, ele pode ser declinado para concordar com o g\u00eanero e n\u00famero do substantivo.<\/p>\n<p><b>Der gute Mann.<\/b> (O bom homem.)<\/p>\n<p><b>3. Acusativo:<\/b> No caso acusativo, o adjetivo tamb\u00e9m \u00e9 declinado para corresponder ao g\u00eanero e n\u00famero do substantivo.<\/p>\n<p><b>Ich sehe einen guten Mann.<\/b> (Eu vejo um bom homem.)<\/p>\n<h3>A Varia\u00e7\u00e3o &#8220;Gute&#8221; e Seu Uso<\/h3>\n<p><b>&#8220;Gute&#8221;<\/b> \u00e9 a forma feminina ou plural do adjetivo <b>&#8220;gut&#8221;<\/b> quando declinado. Sua utiliza\u00e7\u00e3o correta depende, novamente, do contexto gramatical. <\/p>\n<p><b>1. Nominativo:<\/b> Quando acompanhando um substantivo feminino no singular ou substantivos no plural, no caso nominativo, deve-se usar <b>&#8220;gute&#8221;<\/b>.<\/p>\n<p><b>Die gute Frau.<\/b> (A boa mulher.)<\/p>\n<p><b>Die guten Leute.<\/b> (As boas pessoas.)<\/p>\n<p><b>2. Acusativo:<\/b> Similarmente, no caso acusativo, quando o adjetivo acompanha um substantivo feminino ou est\u00e1 no plural, usamos <b>&#8220;gute&#8221;<\/b>.<\/p>\n<p><b>Ich kenne eine gute Lehrerin.<\/b> (Eu conhe\u00e7o uma boa professora.)<\/p>\n<p><b>Ich habe gute B\u00fccher gelesen.<\/b> (Eu li bons livros.)<\/p>\n<h3>Exerc\u00edcios Pr\u00e1ticos para Fixa\u00e7\u00e3o<\/h3>\n<p>Para realmente dominar o uso de <b>&#8220;gut&#8221;<\/b> e <b>&#8220;gute&#8221;<\/b>, \u00e9 essencial praticar. Aqui est\u00e3o algumas frases para voc\u00ea reescrever, aplicando as regras que aprendeu. Tente determinar o caso, o g\u00eanero e o n\u00famero antes de decidir qual forma do adjetivo usar.<\/p>\n<p><b>Das Auto ist _____. (gut)<\/b> \u2013 O carro \u00e9 bom.<\/p>\n<p><b>Die Schokolade schmeckt _____. (gut)<\/b> \u2013 O chocolate \u00e9 bom.<\/p>\n<p><b>Wir haben _____ Freunde. (gut)<\/b> \u2013 N\u00f3s temos bons amigos.<\/p>\n<p><b>Er liest ein _____ Buch. (gut)<\/b> \u2013 Ele est\u00e1 lendo um bom livro.<\/p>\n<h3>Conclus\u00e3o<\/h3>\n<p>O entendimento e a aplica\u00e7\u00e3o correta dos adjetivos em alem\u00e3o, como <b>&#8220;gut&#8221;<\/b> e <b>&#8220;gute&#8221;<\/b>, s\u00e3o fundamentais para a flu\u00eancia no idioma. A pr\u00e1tica constante e a aten\u00e7\u00e3o aos detalhes gramaticais s\u00e3o essenciais para superar as dificuldades iniciais e se comunicar com mais precis\u00e3o. Esperamos que este artigo tenha esclarecido suas d\u00favidas e ajudado a melhorar sua compet\u00eancia no uso dos adjetivos em alem\u00e3o. Continue praticando e revisando, e voc\u00ea ver\u00e1 progresso em sua habilidade lingu\u00edstica.<\/p>\n","protected":false},"featured_media":1527664,"template":"","vocabulary_language":[3463],"class_list":["post-303379","vocabulary","type-vocabulary","status-publish","has-post-thumbnail","hentry","vocabulary_language-alemao"],"acf":[],"yoast_head":"<!-- This site is optimized with the Yoast SEO Premium plugin v27.2 (Yoast SEO v27.2) - https:\/\/yoast.com\/product\/yoast-seo-premium-wordpress\/ -->\n<title>Gut vs Gute - Compreendendo os adjetivos b\u00e1sicos do alem\u00e3o com mais clareza - Talkpal<\/title>\n<meta name=\"description\" content=\"Ao aprender alem\u00e3o, uma das primeiras barreiras que muitos estudantes encontram \u00e9 o uso correto dos adjetivos. Esta l\u00edngua possui regras espec\u00edficas para\" \/>\n<meta name=\"robots\" content=\"index, follow, max-snippet:-1, max-image-preview:large, max-video-preview:-1\" \/>\n<link rel=\"canonical\" href=\"https:\/\/talkpal.ai\/pt-pt\/vocabulary\/gut-vs-gute-compreendendo-os-adjetivos-basicos-do-alemao-com-mais-clareza\/\" \/>\n<meta property=\"og:locale\" content=\"pt_PT\" \/>\n<meta property=\"og:type\" content=\"article\" \/>\n<meta property=\"og:title\" content=\"Gut vs Gute - Compreendendo os adjetivos b\u00e1sicos do alem\u00e3o com mais clareza\" \/>\n<meta property=\"og:description\" content=\"Ao aprender alem\u00e3o, uma das primeiras barreiras que muitos estudantes encontram \u00e9 o uso correto dos adjetivos. Esta l\u00edngua possui regras espec\u00edficas para\" \/>\n<meta property=\"og:url\" content=\"https:\/\/talkpal.ai\/pt-pt\/vocabulary\/gut-vs-gute-compreendendo-os-adjetivos-basicos-do-alemao-com-mais-clareza\/\" \/>\n<meta property=\"og:site_name\" content=\"Talkpal\" \/>\n<meta property=\"article:publisher\" content=\"https:\/\/www.facebook.com\/profile.php?id=100090733639311\" \/>\n<meta property=\"og:image\" content=\"https:\/\/talkpal.ai\/wp-content\/uploads\/2024\/10\/talkpal_flat_illustration_of_a_employees_working_together_happi_c674ff77-e477-4e09-835a-01d30e561e99.png\" \/>\n\t<meta property=\"og:image:width\" content=\"1024\" \/>\n\t<meta property=\"og:image:height\" content=\"1024\" \/>\n\t<meta property=\"og:image:type\" content=\"image\/png\" \/>\n<meta name=\"twitter:card\" content=\"summary_large_image\" \/>\n<meta name=\"twitter:site\" content=\"@talkpalai\" \/>\n<meta name=\"twitter:label1\" content=\"Tempo estimado de leitura\" \/>\n\t<meta name=\"twitter:data1\" content=\"3 minutos\" \/>\n<script type=\"application\/ld+json\" class=\"yoast-schema-graph\">{\"@context\":\"https:\/\/schema.org\",\"@graph\":[{\"@type\":\"WebPage\",\"@id\":\"https:\/\/talkpal.ai\/pt-pt\/vocabulary\/gut-vs-gute-compreendendo-os-adjetivos-basicos-do-alemao-com-mais-clareza\/\",\"url\":\"https:\/\/talkpal.ai\/pt-pt\/vocabulary\/gut-vs-gute-compreendendo-os-adjetivos-basicos-do-alemao-com-mais-clareza\/\",\"name\":\"Gut vs Gute - Compreendendo os adjetivos b\u00e1sicos do alem\u00e3o com mais clareza - Talkpal\",\"isPartOf\":{\"@id\":\"https:\/\/talkpal.ai\/pt-pt\/#website\"},\"primaryImageOfPage\":{\"@id\":\"https:\/\/talkpal.ai\/pt-pt\/vocabulary\/gut-vs-gute-compreendendo-os-adjetivos-basicos-do-alemao-com-mais-clareza\/#primaryimage\"},\"image\":{\"@id\":\"https:\/\/talkpal.ai\/pt-pt\/vocabulary\/gut-vs-gute-compreendendo-os-adjetivos-basicos-do-alemao-com-mais-clareza\/#primaryimage\"},\"thumbnailUrl\":\"https:\/\/talkpal.ai\/wp-content\/uploads\/2025\/12\/girl-is-learning-languages-during-class.webp\",\"datePublished\":\"2024-05-14T15:30:22+00:00\",\"description\":\"Ao aprender alem\u00e3o, uma das primeiras barreiras que muitos estudantes encontram \u00e9 o uso correto dos adjetivos. Esta l\u00edngua possui regras espec\u00edficas para\",\"breadcrumb\":{\"@id\":\"https:\/\/talkpal.ai\/pt-pt\/vocabulary\/gut-vs-gute-compreendendo-os-adjetivos-basicos-do-alemao-com-mais-clareza\/#breadcrumb\"},\"inLanguage\":\"pt-PT\",\"potentialAction\":[{\"@type\":\"ReadAction\",\"target\":[\"https:\/\/talkpal.ai\/pt-pt\/vocabulary\/gut-vs-gute-compreendendo-os-adjetivos-basicos-do-alemao-com-mais-clareza\/\"]}]},{\"@type\":\"ImageObject\",\"inLanguage\":\"pt-PT\",\"@id\":\"https:\/\/talkpal.ai\/pt-pt\/vocabulary\/gut-vs-gute-compreendendo-os-adjetivos-basicos-do-alemao-com-mais-clareza\/#primaryimage\",\"url\":\"https:\/\/talkpal.ai\/wp-content\/uploads\/2025\/12\/girl-is-learning-languages-during-class.webp\",\"contentUrl\":\"https:\/\/talkpal.ai\/wp-content\/uploads\/2025\/12\/girl-is-learning-languages-during-class.webp\",\"width\":1200,\"height\":896,\"caption\":\"A young woman with curly hair wears headphones and takes notes while learning languages in a classroom.\"},{\"@type\":\"BreadcrumbList\",\"@id\":\"https:\/\/talkpal.ai\/pt-pt\/vocabulary\/gut-vs-gute-compreendendo-os-adjetivos-basicos-do-alemao-com-mais-clareza\/#breadcrumb\",\"itemListElement\":[{\"@type\":\"ListItem\",\"position\":1,\"name\":\"Homepage\",\"item\":\"https:\/\/talkpal.ai\/pt-pt\/\"},{\"@type\":\"ListItem\",\"position\":2,\"name\":\"Gut vs Gute &#8211; Compreendendo os adjetivos b\u00e1sicos do alem\u00e3o com mais clareza\"}]},{\"@type\":\"WebSite\",\"@id\":\"https:\/\/talkpal.ai\/pt-pt\/#website\",\"url\":\"https:\/\/talkpal.ai\/pt-pt\/\",\"name\":\"Talkpal\",\"description\":\"AI Language Learning\",\"publisher\":{\"@id\":\"https:\/\/talkpal.ai\/pt-pt\/#organization\"},\"alternateName\":\"Talkpal AI\",\"potentialAction\":[{\"@type\":\"SearchAction\",\"target\":{\"@type\":\"EntryPoint\",\"urlTemplate\":\"https:\/\/talkpal.ai\/pt-pt\/?s={search_term_string}\"},\"query-input\":{\"@type\":\"PropertyValueSpecification\",\"valueRequired\":true,\"valueName\":\"search_term_string\"}}],\"inLanguage\":\"pt-PT\"},{\"@type\":\"Organization\",\"@id\":\"https:\/\/talkpal.ai\/pt-pt\/#organization\",\"name\":\"Talkpal, Inc.\",\"alternateName\":\"Talkpal AI\",\"url\":\"https:\/\/talkpal.ai\/pt-pt\/\",\"logo\":{\"@type\":\"ImageObject\",\"inLanguage\":\"pt-PT\",\"@id\":\"https:\/\/talkpal.ai\/pt-pt\/#\/schema\/logo\/image\/\",\"url\":\"https:\/\/talkpal.ai\/wp-content\/uploads\/2024\/03\/Talkpal-Logo-Icon.png\",\"contentUrl\":\"https:\/\/talkpal.ai\/wp-content\/uploads\/2024\/03\/Talkpal-Logo-Icon.png\",\"width\":2880,\"height\":2880,\"caption\":\"Talkpal, Inc.\"},\"image\":{\"@id\":\"https:\/\/talkpal.ai\/pt-pt\/#\/schema\/logo\/image\/\"},\"sameAs\":[\"https:\/\/www.facebook.com\/profile.php?id=100090733639311\",\"https:\/\/x.com\/talkpalai\",\"https:\/\/www.linkedin.com\/company\/talkpal\/\",\"https:\/\/www.youtube.com\/@TalkPal\/\",\"https:\/\/www.tiktok.com\/@talkpal\",\"https:\/\/www.instagram.com\/talkpal_ai\/\",\"https:\/\/www.crunchbase.com\/organization\/talkpal-9cde\",\"https:\/\/www.g2.com\/products\/talkpal-for-business\/\",\"https:\/\/www.trustpilot.com\/review\/talkpal.ai\",\"https:\/\/www.capterra.com\/p\/10006800\/TalkPal\/\"],\"description\":\"Talkpal is a language learning web and mobile education app, powered by the latest AI technologies, that provides engaging experiences to its customers in many different languages to help them improve their language skills. Users can chat about unlimited amount of topics with the app and use other modes to practice their language learning.\",\"email\":\"support@talkpal.ai\",\"legalName\":\"Talkpal, Inc.\",\"foundingDate\":\"2023-04-03\",\"duns\":\"118989042\",\"numberOfEmployees\":{\"@type\":\"QuantitativeValue\",\"minValue\":\"11\",\"maxValue\":\"50\"},\"publishingPrinciples\":\"https:\/\/talkpal.ai\/publishing-principles\/\",\"actionableFeedbackPolicy\":\"https:\/\/talkpal.ai\/actionable-feedback-policy\/\",\"correctionsPolicy\":\"https:\/\/talkpal.ai\/corrections-policy\/\",\"ethicsPolicy\":\"https:\/\/talkpal.ai\/ethics-policy\/\",\"diversityPolicy\":\"https:\/\/talkpal.ai\/diversity-policy\/\",\"diversityStaffingReport\":\"https:\/\/talkpal.ai\/diversity-policy\/\"}]}<\/script>\n<!-- \/ Yoast SEO Premium plugin. -->","yoast_head_json":{"title":"Gut vs Gute - Compreendendo os adjetivos b\u00e1sicos do alem\u00e3o com mais clareza - Talkpal","description":"Ao aprender alem\u00e3o, uma das primeiras barreiras que muitos estudantes encontram \u00e9 o uso correto dos adjetivos. Esta l\u00edngua possui regras espec\u00edficas para","robots":{"index":"index","follow":"follow","max-snippet":"max-snippet:-1","max-image-preview":"max-image-preview:large","max-video-preview":"max-video-preview:-1"},"canonical":"https:\/\/talkpal.ai\/pt-pt\/vocabulary\/gut-vs-gute-compreendendo-os-adjetivos-basicos-do-alemao-com-mais-clareza\/","og_locale":"pt_PT","og_type":"article","og_title":"Gut vs Gute - Compreendendo os adjetivos b\u00e1sicos do alem\u00e3o com mais clareza","og_description":"Ao aprender alem\u00e3o, uma das primeiras barreiras que muitos estudantes encontram \u00e9 o uso correto dos adjetivos. Esta l\u00edngua possui regras espec\u00edficas para","og_url":"https:\/\/talkpal.ai\/pt-pt\/vocabulary\/gut-vs-gute-compreendendo-os-adjetivos-basicos-do-alemao-com-mais-clareza\/","og_site_name":"Talkpal","article_publisher":"https:\/\/www.facebook.com\/profile.php?id=100090733639311","og_image":[{"width":1024,"height":1024,"url":"https:\/\/talkpal.ai\/wp-content\/uploads\/2024\/10\/talkpal_flat_illustration_of_a_employees_working_together_happi_c674ff77-e477-4e09-835a-01d30e561e99.png","type":"image\/png"}],"twitter_card":"summary_large_image","twitter_site":"@talkpalai","twitter_misc":{"Tempo estimado de leitura":"3 minutos"},"schema":{"@context":"https:\/\/schema.org","@graph":[{"@type":"WebPage","@id":"https:\/\/talkpal.ai\/pt-pt\/vocabulary\/gut-vs-gute-compreendendo-os-adjetivos-basicos-do-alemao-com-mais-clareza\/","url":"https:\/\/talkpal.ai\/pt-pt\/vocabulary\/gut-vs-gute-compreendendo-os-adjetivos-basicos-do-alemao-com-mais-clareza\/","name":"Gut vs Gute - Compreendendo os adjetivos b\u00e1sicos do alem\u00e3o com mais clareza - Talkpal","isPartOf":{"@id":"https:\/\/talkpal.ai\/pt-pt\/#website"},"primaryImageOfPage":{"@id":"https:\/\/talkpal.ai\/pt-pt\/vocabulary\/gut-vs-gute-compreendendo-os-adjetivos-basicos-do-alemao-com-mais-clareza\/#primaryimage"},"image":{"@id":"https:\/\/talkpal.ai\/pt-pt\/vocabulary\/gut-vs-gute-compreendendo-os-adjetivos-basicos-do-alemao-com-mais-clareza\/#primaryimage"},"thumbnailUrl":"https:\/\/talkpal.ai\/wp-content\/uploads\/2025\/12\/girl-is-learning-languages-during-class.webp","datePublished":"2024-05-14T15:30:22+00:00","description":"Ao aprender alem\u00e3o, uma das primeiras barreiras que muitos estudantes encontram \u00e9 o uso correto dos adjetivos. Esta l\u00edngua possui regras espec\u00edficas para","breadcrumb":{"@id":"https:\/\/talkpal.ai\/pt-pt\/vocabulary\/gut-vs-gute-compreendendo-os-adjetivos-basicos-do-alemao-com-mais-clareza\/#breadcrumb"},"inLanguage":"pt-PT","potentialAction":[{"@type":"ReadAction","target":["https:\/\/talkpal.ai\/pt-pt\/vocabulary\/gut-vs-gute-compreendendo-os-adjetivos-basicos-do-alemao-com-mais-clareza\/"]}]},{"@type":"ImageObject","inLanguage":"pt-PT","@id":"https:\/\/talkpal.ai\/pt-pt\/vocabulary\/gut-vs-gute-compreendendo-os-adjetivos-basicos-do-alemao-com-mais-clareza\/#primaryimage","url":"https:\/\/talkpal.ai\/wp-content\/uploads\/2025\/12\/girl-is-learning-languages-during-class.webp","contentUrl":"https:\/\/talkpal.ai\/wp-content\/uploads\/2025\/12\/girl-is-learning-languages-during-class.webp","width":1200,"height":896,"caption":"A young woman with curly hair wears headphones and takes notes while learning languages in a classroom."},{"@type":"BreadcrumbList","@id":"https:\/\/talkpal.ai\/pt-pt\/vocabulary\/gut-vs-gute-compreendendo-os-adjetivos-basicos-do-alemao-com-mais-clareza\/#breadcrumb","itemListElement":[{"@type":"ListItem","position":1,"name":"Homepage","item":"https:\/\/talkpal.ai\/pt-pt\/"},{"@type":"ListItem","position":2,"name":"Gut vs Gute &#8211; Compreendendo os adjetivos b\u00e1sicos do alem\u00e3o com mais clareza"}]},{"@type":"WebSite","@id":"https:\/\/talkpal.ai\/pt-pt\/#website","url":"https:\/\/talkpal.ai\/pt-pt\/","name":"Talkpal","description":"AI Language Learning","publisher":{"@id":"https:\/\/talkpal.ai\/pt-pt\/#organization"},"alternateName":"Talkpal AI","potentialAction":[{"@type":"SearchAction","target":{"@type":"EntryPoint","urlTemplate":"https:\/\/talkpal.ai\/pt-pt\/?s={search_term_string}"},"query-input":{"@type":"PropertyValueSpecification","valueRequired":true,"valueName":"search_term_string"}}],"inLanguage":"pt-PT"},{"@type":"Organization","@id":"https:\/\/talkpal.ai\/pt-pt\/#organization","name":"Talkpal, Inc.","alternateName":"Talkpal AI","url":"https:\/\/talkpal.ai\/pt-pt\/","logo":{"@type":"ImageObject","inLanguage":"pt-PT","@id":"https:\/\/talkpal.ai\/pt-pt\/#\/schema\/logo\/image\/","url":"https:\/\/talkpal.ai\/wp-content\/uploads\/2024\/03\/Talkpal-Logo-Icon.png","contentUrl":"https:\/\/talkpal.ai\/wp-content\/uploads\/2024\/03\/Talkpal-Logo-Icon.png","width":2880,"height":2880,"caption":"Talkpal, Inc."},"image":{"@id":"https:\/\/talkpal.ai\/pt-pt\/#\/schema\/logo\/image\/"},"sameAs":["https:\/\/www.facebook.com\/profile.php?id=100090733639311","https:\/\/x.com\/talkpalai","https:\/\/www.linkedin.com\/company\/talkpal\/","https:\/\/www.youtube.com\/@TalkPal\/","https:\/\/www.tiktok.com\/@talkpal","https:\/\/www.instagram.com\/talkpal_ai\/","https:\/\/www.crunchbase.com\/organization\/talkpal-9cde","https:\/\/www.g2.com\/products\/talkpal-for-business\/","https:\/\/www.trustpilot.com\/review\/talkpal.ai","https:\/\/www.capterra.com\/p\/10006800\/TalkPal\/"],"description":"Talkpal is a language learning web and mobile education app, powered by the latest AI technologies, that provides engaging experiences to its customers in many different languages to help them improve their language skills. Users can chat about unlimited amount of topics with the app and use other modes to practice their language learning.","email":"support@talkpal.ai","legalName":"Talkpal, Inc.","foundingDate":"2023-04-03","duns":"118989042","numberOfEmployees":{"@type":"QuantitativeValue","minValue":"11","maxValue":"50"},"publishingPrinciples":"https:\/\/talkpal.ai\/publishing-principles\/","actionableFeedbackPolicy":"https:\/\/talkpal.ai\/actionable-feedback-policy\/","correctionsPolicy":"https:\/\/talkpal.ai\/corrections-policy\/","ethicsPolicy":"https:\/\/talkpal.ai\/ethics-policy\/","diversityPolicy":"https:\/\/talkpal.ai\/diversity-policy\/","diversityStaffingReport":"https:\/\/talkpal.ai\/diversity-policy\/"}]}},"_links":{"self":[{"href":"https:\/\/talkpal.ai\/pt-pt\/wp-json\/wp\/v2\/vocabulary\/303379","targetHints":{"allow":["GET"]}}],"collection":[{"href":"https:\/\/talkpal.ai\/pt-pt\/wp-json\/wp\/v2\/vocabulary"}],"about":[{"href":"https:\/\/talkpal.ai\/pt-pt\/wp-json\/wp\/v2\/types\/vocabulary"}],"wp:featuredmedia":[{"embeddable":true,"href":"https:\/\/talkpal.ai\/pt-pt\/wp-json\/wp\/v2\/media\/1527664"}],"wp:attachment":[{"href":"https:\/\/talkpal.ai\/pt-pt\/wp-json\/wp\/v2\/media?parent=303379"}],"wp:term":[{"taxonomy":"vocabulary_language","embeddable":true,"href":"https:\/\/talkpal.ai\/pt-pt\/wp-json\/wp\/v2\/vocabulary_language?post=303379"}],"curies":[{"name":"wp","href":"https:\/\/api.w.org\/{rel}","templated":true}]}}