{"id":303358,"date":"2024-05-14T15:27:41","date_gmt":"2024-05-14T15:27:41","guid":{"rendered":"https:\/\/talkpal.ai\/vocabulary\/seit-vs-seitdem-esclarecendo-expressoes-de-tempo-em-alemao\/"},"modified":"2024-05-14T15:27:41","modified_gmt":"2024-05-14T15:27:41","slug":"seit-vs-seitdem-esclarecendo-expressoes-de-tempo-em-alemao","status":"publish","type":"vocabulary","link":"https:\/\/talkpal.ai\/pt-pt\/vocabulary\/seit-vs-seitdem-esclarecendo-expressoes-de-tempo-em-alemao\/","title":{"rendered":"Seit vs Seitdem &#8211; Esclarecendo Express\u00f5es de Tempo em Alem\u00e3o"},"content":{"rendered":"<p>Ao <a href=\"https:\/\/talkpal.ai\/pt-pt\/aprende-alemao-com-ia\/\">aprender alem\u00e3o<\/a>, \u00e9 comum depararmo-nos com v\u00e1rias express\u00f5es que descrevem conceitos temporais. Entre estas, <b>seit<\/b> e <b>seitdem<\/b> s\u00e3o frequentemente fonte de confus\u00e3o para os <a href=\"https:\/\/talkpal.ai\/talkpal-discount-for-students\/\">estudantes<\/a> devido \u00e0s suas semelhan\u00e7as e diferen\u00e7as subtis na utiliza\u00e7\u00e3o. Este artigo visa esclarecer quando e <a href=\"https:\/\/talkpal.ai\/locations\/language-courses-in-como\/\">como<\/a> usar cada uma destas express\u00f5es de tempo, fornecendo uma explica\u00e7\u00e3o detalhada e exemplos pr\u00e1ticos que ajudar\u00e3o a consolidar o seu uso correto.<\/p>\n<h3>Compreendendo a Express\u00e3o <b>Seit<\/b><\/h3>\n<p><b>Seit<\/b> \u00e9 uma preposi\u00e7\u00e3o que se traduz em <a href=\"https:\/\/talkpal.ai\/learn-portuguese\/\">portugu\u00eas<\/a> como &#8220;desde&#8221;. \u00c9 usada para indicar o in\u00edcio de um per\u00edodo de tempo que continua at\u00e9 o <a href=\"https:\/\/talkpal.ai\/zh-hans\/grammar_exercises\/presente-%e8%a5%bf%e7%8f%ad%e7%89%99%e8%af%ad%e6%b3%95%e7%bb%83%e4%b9%a0\/\">presente<\/a>. Em <a href=\"https:\/\/talkpal.ai\/learn-german\/\">alem\u00e3o<\/a>, <b>seit<\/b> \u00e9 seguido pelo dativo. <\/p>\n<p>Ich <a href=\"https:\/\/talkpal.ai\/learn-german-with-ai\/\">lerne Deutsch<\/a> <b>seit<\/b> zwei Jahren. (Estudo alem\u00e3o h\u00e1 dois anos.)<\/p>\n<p>Esta express\u00e3o \u00e9 usada para falar sobre a dura\u00e7\u00e3o de uma a\u00e7\u00e3o que come\u00e7ou no passado e que ainda est\u00e1 em andamento. A estrutura \u00e9 geralmente composta pela conjuga\u00e7\u00e3o do verbo no presente seguida de <b>seit<\/b> e do complemento de tempo.<\/p>\n<h3>O Uso de <b>Seitdem<\/b><\/h3>\n<p><b>Seitdem<\/b>, por outro lado, \u00e9 uma conjun\u00e7\u00e3o subordinativa que significa &#8220;desde que&#8221;. \u00c9 usada para introduzir uma ora\u00e7\u00e3o subordinada, indicando o ponto no tempo em que come\u00e7ou a a\u00e7\u00e3o principal, que continua at\u00e9 o presente.<\/p>\n<p>Sie hat mir nicht mehr geschrieben, <b>seitdem<\/b> sie umgezogen ist. (Ela n\u00e3o me escreveu mais desde que se mudou.)<\/p>\n<p>A estrutura t\u00edpica com <b>seitdem<\/b> inclui uma ora\u00e7\u00e3o principal e uma ora\u00e7\u00e3o subordinada, onde a ora\u00e7\u00e3o subordinada \u00e9 introduzida por <b>seitdem<\/b> e o verbo da ora\u00e7\u00e3o subordinada \u00e9 geralmente colocado no final.<\/p>\n<h3>Diferen\u00e7as Chave Entre <b>Seit<\/b> e <b>Seitdem<\/b><\/h3>\n<p>Embora ambas as palavras se relacionem com a\u00e7\u00f5es que come\u00e7aram no passado e continuam no presente, a principal diferen\u00e7a entre <b>seit<\/b> e <b>seitdem<\/b> reside na sua fun\u00e7\u00e3o gramatical e na sua coloca\u00e7\u00e3o na frase.<\/p>\n<p><b>Seit<\/b> \u00e9 usado como uma preposi\u00e7\u00e3o e sempre seguido de um complemento no dativo. N\u00e3o muda a estrutura da frase al\u00e9m de adicionar o complemento de tempo.<\/p>\n<p><b>Seitdem<\/b>, sendo uma conjun\u00e7\u00e3o, requer que a frase seja dividida em duas ora\u00e7\u00f5es, uma principal e uma subordinada, afetando assim a posi\u00e7\u00e3o dos verbos e a constru\u00e7\u00e3o geral da frase.<\/p>\n<h3>Exemplos Pr\u00e1ticos de Uso<\/h3>\n<p>Para ilustrar melhor, veja os seguintes usos em frases:<\/p>\n<p><b>Seit<\/b> dem Unfall hat er Angst, Auto zu fahren. (Desde o acidente, ele tem medo de dirigir.)<\/p>\n<p>Hier wohne ich <b>seit<\/b> 2010. (Moro aqui desde 2010.)<\/p>\n<p><b>Seitdem<\/b> ich in Deutschland bin, esse ich viel Brot. (Desde que estou na Alemanha, como muito p\u00e3o.)<\/p>\n<p>Er spricht besser Deutsch, <b>seitdem<\/b> er diesen Kurs besucht. (Ele fala melhor alem\u00e3o desde que come\u00e7ou este curso.)<\/p>\n<h3>Conselhos para Praticar<\/h3>\n<p>Para dominar o uso de <b>seit<\/b> e <b>seitdem<\/b>, \u00e9 recomend\u00e1vel praticar com exerc\u00edcios de escrita e fala. Tente formular suas pr\u00f3prias frases usando ambas as express\u00f5es em contextos diferentes. Al\u00e9m disso, prestar aten\u00e7\u00e3o ao contexto em que estas palavras s\u00e3o usadas quando ouvir nativos falando pode ajudar a compreender melhor suas nuances.<\/p>\n<h3>Conclus\u00e3o<\/h3>\n<p>Compreender as diferen\u00e7as entre <b>seit<\/b> e <b>seitdem<\/b> pode melhorar significativamente a sua flu\u00eancia em alem\u00e3o, permitindo-lhe expressar per\u00edodos de tempo de forma clara e correta. Lembre-se que a pr\u00e1tica leva \u00e0 perfei\u00e7\u00e3o, por isso continue estudando e utilizando estas express\u00f5es em suas comunica\u00e7\u00f5es di\u00e1rias.<\/p>\n","protected":false},"featured_media":1527826,"template":"","vocabulary_language":[3463],"class_list":["post-303358","vocabulary","type-vocabulary","status-publish","has-post-thumbnail","hentry","vocabulary_language-alemao"],"acf":[],"yoast_head":"<!-- This site is optimized with the Yoast SEO Premium plugin v27.2 (Yoast SEO v27.2) - https:\/\/yoast.com\/product\/yoast-seo-premium-wordpress\/ -->\n<title>Seit vs Seitdem - Esclarecendo Express\u00f5es de Tempo em Alem\u00e3o - Talkpal<\/title>\n<meta name=\"description\" content=\"Ao aprender alem\u00e3o, \u00e9 comum depararmo-nos com v\u00e1rias express\u00f5es que descrevem conceitos temporais. Entre estas, seit e seitdem s\u00e3o frequentemente fonte de\" \/>\n<meta name=\"robots\" content=\"index, follow, max-snippet:-1, max-image-preview:large, max-video-preview:-1\" \/>\n<link rel=\"canonical\" href=\"https:\/\/talkpal.ai\/pt-pt\/vocabulary\/seit-vs-seitdem-esclarecendo-expressoes-de-tempo-em-alemao\/\" \/>\n<meta property=\"og:locale\" content=\"pt_PT\" \/>\n<meta property=\"og:type\" content=\"article\" \/>\n<meta property=\"og:title\" content=\"Seit vs Seitdem - Esclarecendo Express\u00f5es de Tempo em Alem\u00e3o\" \/>\n<meta property=\"og:description\" content=\"Ao aprender alem\u00e3o, \u00e9 comum depararmo-nos com v\u00e1rias express\u00f5es que descrevem conceitos temporais. Entre estas, seit e seitdem s\u00e3o frequentemente fonte de\" \/>\n<meta property=\"og:url\" content=\"https:\/\/talkpal.ai\/pt-pt\/vocabulary\/seit-vs-seitdem-esclarecendo-expressoes-de-tempo-em-alemao\/\" \/>\n<meta property=\"og:site_name\" content=\"Talkpal\" \/>\n<meta property=\"article:publisher\" content=\"https:\/\/www.facebook.com\/profile.php?id=100090733639311\" \/>\n<meta property=\"og:image\" content=\"https:\/\/talkpal.ai\/wp-content\/uploads\/2024\/10\/talkpal_flat_illustration_of_a_employees_working_together_happi_c674ff77-e477-4e09-835a-01d30e561e99.png\" \/>\n\t<meta property=\"og:image:width\" content=\"1024\" \/>\n\t<meta property=\"og:image:height\" content=\"1024\" \/>\n\t<meta property=\"og:image:type\" content=\"image\/png\" \/>\n<meta name=\"twitter:card\" content=\"summary_large_image\" \/>\n<meta name=\"twitter:site\" content=\"@talkpalai\" \/>\n<meta name=\"twitter:label1\" content=\"Tempo estimado de leitura\" \/>\n\t<meta name=\"twitter:data1\" content=\"3 minutos\" \/>\n<script type=\"application\/ld+json\" class=\"yoast-schema-graph\">{\"@context\":\"https:\/\/schema.org\",\"@graph\":[{\"@type\":\"WebPage\",\"@id\":\"https:\/\/talkpal.ai\/pt-pt\/vocabulary\/seit-vs-seitdem-esclarecendo-expressoes-de-tempo-em-alemao\/\",\"url\":\"https:\/\/talkpal.ai\/pt-pt\/vocabulary\/seit-vs-seitdem-esclarecendo-expressoes-de-tempo-em-alemao\/\",\"name\":\"Seit vs Seitdem - Esclarecendo Express\u00f5es de Tempo em Alem\u00e3o - Talkpal\",\"isPartOf\":{\"@id\":\"https:\/\/talkpal.ai\/pt-pt\/#website\"},\"primaryImageOfPage\":{\"@id\":\"https:\/\/talkpal.ai\/pt-pt\/vocabulary\/seit-vs-seitdem-esclarecendo-expressoes-de-tempo-em-alemao\/#primaryimage\"},\"image\":{\"@id\":\"https:\/\/talkpal.ai\/pt-pt\/vocabulary\/seit-vs-seitdem-esclarecendo-expressoes-de-tempo-em-alemao\/#primaryimage\"},\"thumbnailUrl\":\"https:\/\/talkpal.ai\/wp-content\/uploads\/2025\/12\/pair-uses-headsets-to-learn-languages.webp\",\"datePublished\":\"2024-05-14T15:27:41+00:00\",\"description\":\"Ao aprender alem\u00e3o, \u00e9 comum depararmo-nos com v\u00e1rias express\u00f5es que descrevem conceitos temporais. Entre estas, seit e seitdem s\u00e3o frequentemente fonte de\",\"breadcrumb\":{\"@id\":\"https:\/\/talkpal.ai\/pt-pt\/vocabulary\/seit-vs-seitdem-esclarecendo-expressoes-de-tempo-em-alemao\/#breadcrumb\"},\"inLanguage\":\"pt-PT\",\"potentialAction\":[{\"@type\":\"ReadAction\",\"target\":[\"https:\/\/talkpal.ai\/pt-pt\/vocabulary\/seit-vs-seitdem-esclarecendo-expressoes-de-tempo-em-alemao\/\"]}]},{\"@type\":\"ImageObject\",\"inLanguage\":\"pt-PT\",\"@id\":\"https:\/\/talkpal.ai\/pt-pt\/vocabulary\/seit-vs-seitdem-esclarecendo-expressoes-de-tempo-em-alemao\/#primaryimage\",\"url\":\"https:\/\/talkpal.ai\/wp-content\/uploads\/2025\/12\/pair-uses-headsets-to-learn-languages.webp\",\"contentUrl\":\"https:\/\/talkpal.ai\/wp-content\/uploads\/2025\/12\/pair-uses-headsets-to-learn-languages.webp\",\"width\":1200,\"height\":896,\"caption\":\"Two students wearing headsets sit in a library aisle while focused on learning languages with their textbooks.\"},{\"@type\":\"BreadcrumbList\",\"@id\":\"https:\/\/talkpal.ai\/pt-pt\/vocabulary\/seit-vs-seitdem-esclarecendo-expressoes-de-tempo-em-alemao\/#breadcrumb\",\"itemListElement\":[{\"@type\":\"ListItem\",\"position\":1,\"name\":\"Homepage\",\"item\":\"https:\/\/talkpal.ai\/pt-pt\/\"},{\"@type\":\"ListItem\",\"position\":2,\"name\":\"Seit vs Seitdem &#8211; Esclarecendo Express\u00f5es de Tempo em Alem\u00e3o\"}]},{\"@type\":\"WebSite\",\"@id\":\"https:\/\/talkpal.ai\/pt-pt\/#website\",\"url\":\"https:\/\/talkpal.ai\/pt-pt\/\",\"name\":\"Talkpal\",\"description\":\"AI Language Learning\",\"publisher\":{\"@id\":\"https:\/\/talkpal.ai\/pt-pt\/#organization\"},\"alternateName\":\"Talkpal AI\",\"potentialAction\":[{\"@type\":\"SearchAction\",\"target\":{\"@type\":\"EntryPoint\",\"urlTemplate\":\"https:\/\/talkpal.ai\/pt-pt\/?s={search_term_string}\"},\"query-input\":{\"@type\":\"PropertyValueSpecification\",\"valueRequired\":true,\"valueName\":\"search_term_string\"}}],\"inLanguage\":\"pt-PT\"},{\"@type\":\"Organization\",\"@id\":\"https:\/\/talkpal.ai\/pt-pt\/#organization\",\"name\":\"Talkpal, Inc.\",\"alternateName\":\"Talkpal AI\",\"url\":\"https:\/\/talkpal.ai\/pt-pt\/\",\"logo\":{\"@type\":\"ImageObject\",\"inLanguage\":\"pt-PT\",\"@id\":\"https:\/\/talkpal.ai\/pt-pt\/#\/schema\/logo\/image\/\",\"url\":\"https:\/\/talkpal.ai\/wp-content\/uploads\/2024\/03\/Talkpal-Logo-Icon.png\",\"contentUrl\":\"https:\/\/talkpal.ai\/wp-content\/uploads\/2024\/03\/Talkpal-Logo-Icon.png\",\"width\":2880,\"height\":2880,\"caption\":\"Talkpal, Inc.\"},\"image\":{\"@id\":\"https:\/\/talkpal.ai\/pt-pt\/#\/schema\/logo\/image\/\"},\"sameAs\":[\"https:\/\/www.facebook.com\/profile.php?id=100090733639311\",\"https:\/\/x.com\/talkpalai\",\"https:\/\/www.linkedin.com\/company\/talkpal\/\",\"https:\/\/www.youtube.com\/@TalkPal\/\",\"https:\/\/www.tiktok.com\/@talkpal\",\"https:\/\/www.instagram.com\/talkpal_ai\/\",\"https:\/\/www.crunchbase.com\/organization\/talkpal-9cde\",\"https:\/\/www.g2.com\/products\/talkpal-for-business\/\",\"https:\/\/www.trustpilot.com\/review\/talkpal.ai\",\"https:\/\/www.capterra.com\/p\/10006800\/TalkPal\/\"],\"description\":\"Talkpal is a language learning web and mobile education app, powered by the latest AI technologies, that provides engaging experiences to its customers in many different languages to help them improve their language skills. Users can chat about unlimited amount of topics with the app and use other modes to practice their language learning.\",\"email\":\"support@talkpal.ai\",\"legalName\":\"Talkpal, Inc.\",\"foundingDate\":\"2023-04-03\",\"duns\":\"118989042\",\"numberOfEmployees\":{\"@type\":\"QuantitativeValue\",\"minValue\":\"11\",\"maxValue\":\"50\"},\"publishingPrinciples\":\"https:\/\/talkpal.ai\/publishing-principles\/\",\"actionableFeedbackPolicy\":\"https:\/\/talkpal.ai\/actionable-feedback-policy\/\",\"correctionsPolicy\":\"https:\/\/talkpal.ai\/corrections-policy\/\",\"ethicsPolicy\":\"https:\/\/talkpal.ai\/ethics-policy\/\",\"diversityPolicy\":\"https:\/\/talkpal.ai\/diversity-policy\/\",\"diversityStaffingReport\":\"https:\/\/talkpal.ai\/diversity-policy\/\"}]}<\/script>\n<!-- \/ Yoast SEO Premium plugin. -->","yoast_head_json":{"title":"Seit vs Seitdem - Esclarecendo Express\u00f5es de Tempo em Alem\u00e3o - Talkpal","description":"Ao aprender alem\u00e3o, \u00e9 comum depararmo-nos com v\u00e1rias express\u00f5es que descrevem conceitos temporais. Entre estas, seit e seitdem s\u00e3o frequentemente fonte de","robots":{"index":"index","follow":"follow","max-snippet":"max-snippet:-1","max-image-preview":"max-image-preview:large","max-video-preview":"max-video-preview:-1"},"canonical":"https:\/\/talkpal.ai\/pt-pt\/vocabulary\/seit-vs-seitdem-esclarecendo-expressoes-de-tempo-em-alemao\/","og_locale":"pt_PT","og_type":"article","og_title":"Seit vs Seitdem - Esclarecendo Express\u00f5es de Tempo em Alem\u00e3o","og_description":"Ao aprender alem\u00e3o, \u00e9 comum depararmo-nos com v\u00e1rias express\u00f5es que descrevem conceitos temporais. Entre estas, seit e seitdem s\u00e3o frequentemente fonte de","og_url":"https:\/\/talkpal.ai\/pt-pt\/vocabulary\/seit-vs-seitdem-esclarecendo-expressoes-de-tempo-em-alemao\/","og_site_name":"Talkpal","article_publisher":"https:\/\/www.facebook.com\/profile.php?id=100090733639311","og_image":[{"width":1024,"height":1024,"url":"https:\/\/talkpal.ai\/wp-content\/uploads\/2024\/10\/talkpal_flat_illustration_of_a_employees_working_together_happi_c674ff77-e477-4e09-835a-01d30e561e99.png","type":"image\/png"}],"twitter_card":"summary_large_image","twitter_site":"@talkpalai","twitter_misc":{"Tempo estimado de leitura":"3 minutos"},"schema":{"@context":"https:\/\/schema.org","@graph":[{"@type":"WebPage","@id":"https:\/\/talkpal.ai\/pt-pt\/vocabulary\/seit-vs-seitdem-esclarecendo-expressoes-de-tempo-em-alemao\/","url":"https:\/\/talkpal.ai\/pt-pt\/vocabulary\/seit-vs-seitdem-esclarecendo-expressoes-de-tempo-em-alemao\/","name":"Seit vs Seitdem - Esclarecendo Express\u00f5es de Tempo em Alem\u00e3o - Talkpal","isPartOf":{"@id":"https:\/\/talkpal.ai\/pt-pt\/#website"},"primaryImageOfPage":{"@id":"https:\/\/talkpal.ai\/pt-pt\/vocabulary\/seit-vs-seitdem-esclarecendo-expressoes-de-tempo-em-alemao\/#primaryimage"},"image":{"@id":"https:\/\/talkpal.ai\/pt-pt\/vocabulary\/seit-vs-seitdem-esclarecendo-expressoes-de-tempo-em-alemao\/#primaryimage"},"thumbnailUrl":"https:\/\/talkpal.ai\/wp-content\/uploads\/2025\/12\/pair-uses-headsets-to-learn-languages.webp","datePublished":"2024-05-14T15:27:41+00:00","description":"Ao aprender alem\u00e3o, \u00e9 comum depararmo-nos com v\u00e1rias express\u00f5es que descrevem conceitos temporais. Entre estas, seit e seitdem s\u00e3o frequentemente fonte de","breadcrumb":{"@id":"https:\/\/talkpal.ai\/pt-pt\/vocabulary\/seit-vs-seitdem-esclarecendo-expressoes-de-tempo-em-alemao\/#breadcrumb"},"inLanguage":"pt-PT","potentialAction":[{"@type":"ReadAction","target":["https:\/\/talkpal.ai\/pt-pt\/vocabulary\/seit-vs-seitdem-esclarecendo-expressoes-de-tempo-em-alemao\/"]}]},{"@type":"ImageObject","inLanguage":"pt-PT","@id":"https:\/\/talkpal.ai\/pt-pt\/vocabulary\/seit-vs-seitdem-esclarecendo-expressoes-de-tempo-em-alemao\/#primaryimage","url":"https:\/\/talkpal.ai\/wp-content\/uploads\/2025\/12\/pair-uses-headsets-to-learn-languages.webp","contentUrl":"https:\/\/talkpal.ai\/wp-content\/uploads\/2025\/12\/pair-uses-headsets-to-learn-languages.webp","width":1200,"height":896,"caption":"Two students wearing headsets sit in a library aisle while focused on learning languages with their textbooks."},{"@type":"BreadcrumbList","@id":"https:\/\/talkpal.ai\/pt-pt\/vocabulary\/seit-vs-seitdem-esclarecendo-expressoes-de-tempo-em-alemao\/#breadcrumb","itemListElement":[{"@type":"ListItem","position":1,"name":"Homepage","item":"https:\/\/talkpal.ai\/pt-pt\/"},{"@type":"ListItem","position":2,"name":"Seit vs Seitdem &#8211; Esclarecendo Express\u00f5es de Tempo em Alem\u00e3o"}]},{"@type":"WebSite","@id":"https:\/\/talkpal.ai\/pt-pt\/#website","url":"https:\/\/talkpal.ai\/pt-pt\/","name":"Talkpal","description":"AI Language Learning","publisher":{"@id":"https:\/\/talkpal.ai\/pt-pt\/#organization"},"alternateName":"Talkpal AI","potentialAction":[{"@type":"SearchAction","target":{"@type":"EntryPoint","urlTemplate":"https:\/\/talkpal.ai\/pt-pt\/?s={search_term_string}"},"query-input":{"@type":"PropertyValueSpecification","valueRequired":true,"valueName":"search_term_string"}}],"inLanguage":"pt-PT"},{"@type":"Organization","@id":"https:\/\/talkpal.ai\/pt-pt\/#organization","name":"Talkpal, Inc.","alternateName":"Talkpal AI","url":"https:\/\/talkpal.ai\/pt-pt\/","logo":{"@type":"ImageObject","inLanguage":"pt-PT","@id":"https:\/\/talkpal.ai\/pt-pt\/#\/schema\/logo\/image\/","url":"https:\/\/talkpal.ai\/wp-content\/uploads\/2024\/03\/Talkpal-Logo-Icon.png","contentUrl":"https:\/\/talkpal.ai\/wp-content\/uploads\/2024\/03\/Talkpal-Logo-Icon.png","width":2880,"height":2880,"caption":"Talkpal, Inc."},"image":{"@id":"https:\/\/talkpal.ai\/pt-pt\/#\/schema\/logo\/image\/"},"sameAs":["https:\/\/www.facebook.com\/profile.php?id=100090733639311","https:\/\/x.com\/talkpalai","https:\/\/www.linkedin.com\/company\/talkpal\/","https:\/\/www.youtube.com\/@TalkPal\/","https:\/\/www.tiktok.com\/@talkpal","https:\/\/www.instagram.com\/talkpal_ai\/","https:\/\/www.crunchbase.com\/organization\/talkpal-9cde","https:\/\/www.g2.com\/products\/talkpal-for-business\/","https:\/\/www.trustpilot.com\/review\/talkpal.ai","https:\/\/www.capterra.com\/p\/10006800\/TalkPal\/"],"description":"Talkpal is a language learning web and mobile education app, powered by the latest AI technologies, that provides engaging experiences to its customers in many different languages to help them improve their language skills. Users can chat about unlimited amount of topics with the app and use other modes to practice their language learning.","email":"support@talkpal.ai","legalName":"Talkpal, Inc.","foundingDate":"2023-04-03","duns":"118989042","numberOfEmployees":{"@type":"QuantitativeValue","minValue":"11","maxValue":"50"},"publishingPrinciples":"https:\/\/talkpal.ai\/publishing-principles\/","actionableFeedbackPolicy":"https:\/\/talkpal.ai\/actionable-feedback-policy\/","correctionsPolicy":"https:\/\/talkpal.ai\/corrections-policy\/","ethicsPolicy":"https:\/\/talkpal.ai\/ethics-policy\/","diversityPolicy":"https:\/\/talkpal.ai\/diversity-policy\/","diversityStaffingReport":"https:\/\/talkpal.ai\/diversity-policy\/"}]}},"_links":{"self":[{"href":"https:\/\/talkpal.ai\/pt-pt\/wp-json\/wp\/v2\/vocabulary\/303358","targetHints":{"allow":["GET"]}}],"collection":[{"href":"https:\/\/talkpal.ai\/pt-pt\/wp-json\/wp\/v2\/vocabulary"}],"about":[{"href":"https:\/\/talkpal.ai\/pt-pt\/wp-json\/wp\/v2\/types\/vocabulary"}],"wp:featuredmedia":[{"embeddable":true,"href":"https:\/\/talkpal.ai\/pt-pt\/wp-json\/wp\/v2\/media\/1527826"}],"wp:attachment":[{"href":"https:\/\/talkpal.ai\/pt-pt\/wp-json\/wp\/v2\/media?parent=303358"}],"wp:term":[{"taxonomy":"vocabulary_language","embeddable":true,"href":"https:\/\/talkpal.ai\/pt-pt\/wp-json\/wp\/v2\/vocabulary_language?post=303358"}],"curies":[{"name":"wp","href":"https:\/\/api.w.org\/{rel}","templated":true}]}}