{"id":281582,"date":"2024-05-09T12:45:27","date_gmt":"2024-05-09T12:45:27","guid":{"rendered":"https:\/\/talkpal.ai\/vocabulary\/expressoes-francesas-relacionadas-a-historia-e-eventos-historicos\/"},"modified":"2024-05-09T12:45:27","modified_gmt":"2024-05-09T12:45:27","slug":"expressoes-francesas-relacionadas-a-historia-e-eventos-historicos","status":"publish","type":"vocabulary","link":"https:\/\/talkpal.ai\/pt-pt\/vocabulary\/expressoes-francesas-relacionadas-a-historia-e-eventos-historicos\/","title":{"rendered":"Express\u00f5es francesas relacionadas \u00e0 hist\u00f3ria e eventos hist\u00f3ricos"},"content":{"rendered":"<p>A l\u00edngua francesa est\u00e1 repleta de express\u00f5es que refletem a sua rica hist\u00f3ria e os eventos significativos que moldaram a cultura e a sociedade francesa ao longo dos s\u00e9culos. Aqui est\u00e3o algumas express\u00f5es francesas relacionadas \u00e0 hist\u00f3ria e aos eventos hist\u00f3ricos que s\u00e3o frequentemente utilizadas no idioma <a href=\"https:\/\/talkpal.ai\/learn-french\/\">franc\u00eas<\/a>.<\/p>\n<p><b>Napol\u00e9on Bonaparte<\/b><br \/>\nNapol\u00e9on Bonaparte foi uma figura hist\u00f3rica francesa, conhecido por ser um l\u00edder militar e pol\u00edtico durante os \u00faltimos est\u00e1gios da Revolu\u00e7\u00e3o Francesa. A refer\u00eancia a Napol\u00e9on muitas vezes evoca ideias de lideran\u00e7a forte e estrat\u00e9gias decisivas.<br \/>\n<font color=\"#2D3AC7\">Napol\u00e9on Bonaparte a marqu\u00e9 l&#8217;histoire de la <a href=\"https:\/\/talkpal.ai\/locations\/language-courses-in-france\/\">France<\/a> et du monde.<\/font><\/p>\n<p><b>R\u00e9volution fran\u00e7aise<\/b><br \/>\nA <a href=\"https:\/\/talkpal.ai\/fr\/culture\/la-revolution-francaise-expliquee-en-francais\/\">R\u00e9volution fran\u00e7aise<\/a>, ou Revolu\u00e7\u00e3o Francesa, foi um per\u00edodo de grandes mudan\u00e7as sociais e pol\u00edticas na Fran\u00e7a que durou de 1789 a 1799. \u00c9 frequentemente mencionada para destacar per\u00edodos de grande turbul\u00eancia ou mudan\u00e7a.<br \/>\n<font color=\"#2D3AC7\">La R\u00e9volution fran\u00e7aise a \u00e9t\u00e9 un tournant d\u00e9cisif pour la nation.<\/font><\/p>\n<p><b>La prise de la Bastille<\/b><br \/>\nLa prise de la Bastille \u00e9 um evento ic\u00f4nico da Revolu\u00e7\u00e3o Francesa, ocorrido em 14 de julho de 1789. Esta express\u00e3o \u00e9 usada para simbolizar a luta contra a opress\u00e3o.<br \/>\n<font color=\"#2D3AC7\">La prise de la Bastille est c\u00e9l\u00e9br\u00e9e chaque ann\u00e9e en <a href=\"https:\/\/talkpal.ai\/locations\/learn-english-in-france\/\">France.<\/a><\/font><\/p>\n<p><b>L&#8217;Appel du 18 juin<\/b><br \/>\nL&#8217;Appel du 18 juin foi um famoso discurso feito pelo General Charles de Gaulle em 1940, que \u00e9 frequentemente citado para exemplificar a resist\u00eancia francesa.<br \/>\n<font color=\"#2D3AC7\">L&#8217;Appel du 18 juin reste un symbole de la r\u00e9sistance fran\u00e7aise.<\/font><\/p>\n<p><b>Le Roi Soleil<\/b><br \/>\nLe Roi Soleil, ou o Rei Sol, \u00e9 um apelido dado a Lu\u00eds XIV de Fran\u00e7a, conhecido por seu governo autorit\u00e1rio e pela constru\u00e7\u00e3o do Pal\u00e1cio de Versalhes. Essa express\u00e3o \u00e9 usada para descrever l\u00edderes que demonstram um poder absoluto ou um grande esplendor.<br \/>\n<font color=\"#2D3AC7\">Le Roi Soleil a r\u00e9gn\u00e9 sur la France avec une main de fer.<\/font><\/p>\n<p><b>Les Lumi\u00e8res<\/b><br \/>\nLes Lumi\u00e8res, ou o Iluminismo, foi um movimento intelectual e filos\u00f3fico que dominou o mundo das ideias na Europa durante o s\u00e9culo 18. Esta express\u00e3o \u00e9 utilizada para se referir a per\u00edodos de grande avan\u00e7o no pensamento e na cultura.<br \/>\n<font color=\"#2D3AC7\">Les philosophes des Lumi\u00e8res ont chang\u00e9 la mani\u00e8re de penser en Europe.<\/font><\/p>\n<p><b>La Belle \u00c9poque<\/b><br \/>\nLa <a href=\"https:\/\/talkpal.ai\/fr\/culture\/la-belle-epoque-et-le-langage-dune-epoque-revolue\/\">Belle \u00c9poque<\/a> foi um per\u00edodo de paz e prosperidade na Fran\u00e7a antes da Primeira <a href=\"https:\/\/talkpal.ai\/locations\/language-courses-in-guerra\/\">Guerra<\/a> Mundial, marcado por avan\u00e7os culturais e cient\u00edficos. A express\u00e3o \u00e9 usada para denotar tempos de grande otimismo e realiza\u00e7\u00e3o cultural.<br \/>\n<font color=\"#2D3AC7\">La Belle \u00c9poque \u00e9tait une p\u00e9riode de progr\u00e8s et de <a href=\"https:\/\/talkpal.ai\/culture\/how-does-the-french-language-capture-the-essence-of-joie-de-vivre\/\">joie de vivre<\/a>.<\/font><\/p>\n<p><b>Le Mar\u00e9chal P\u00e9tain<\/b><br \/>\nLe Mar\u00e9chal P\u00e9tain foi um l\u00edder militar e pol\u00edtico franc\u00eas, not\u00f3rio por sua colabora\u00e7\u00e3o com a Alemanha nazista durante a Segunda Guerra Mundial. Essa express\u00e3o \u00e9 muitas vezes usada para discutir colabora\u00e7\u00e3o ou trai\u00e7\u00e3o.<br \/>\n<font color=\"#2D3AC7\">Le Mar\u00e9chal P\u00e9tain est une figure controvers\u00e9e de l&#8217;histoire fran\u00e7aise.<\/font><\/p>\n<p><b>La Marseillaise<\/b><br \/>\nLa Marseillaise \u00e9 o hino nacional da Fran\u00e7a, escrito durante a Revolu\u00e7\u00e3o Francesa. \u00c9 um s\u00edmbolo de liberdade e resist\u00eancia francesa.<br \/>\n<font color=\"#2D3AC7\">La Marseillaise est chant\u00e9e lors de nombreuses c\u00e9r\u00e9monies officielles en France.<\/font><\/p>\n<p><b>Les barricades<\/b><br \/>\nLes barricades referem-se \u00e0s barreiras improvisadas erguidas nas ruas durante v\u00e1rios per\u00edodos de revoltas em Paris. A express\u00e3o \u00e9 usada para evocar imagens de resist\u00eancia e luta.<br \/>\n<font color=\"#2D3AC7\">Les barricades \u00e9taient courantes pendant les r\u00e9volutions parisiennes.<\/font><\/p>\n<p>Estas express\u00f5es francesas n\u00e3o s\u00f3 enriquecem o vocabul\u00e1rio, mas tamb\u00e9m oferecem uma janela para a compreens\u00e3o dos valores, da hist\u00f3ria e das lutas que moldaram a Fran\u00e7a. Ao usar essas express\u00f5es, os falantes podem expressar complexidade e profundidade em suas conversas, refletindo a riqueza cultural da l\u00edngua francesa.<\/p>\n","protected":false},"featured_media":1527769,"template":"","vocabulary_language":[3464],"class_list":["post-281582","vocabulary","type-vocabulary","status-publish","has-post-thumbnail","hentry","vocabulary_language-frances-pt-pt"],"acf":[],"yoast_head":"<!-- This site is optimized with the Yoast SEO Premium plugin v27.2 (Yoast SEO v27.2) - https:\/\/yoast.com\/product\/yoast-seo-premium-wordpress\/ -->\n<title>Express\u00f5es francesas relacionadas \u00e0 hist\u00f3ria e eventos hist\u00f3ricos - Talkpal<\/title>\n<meta name=\"description\" content=\"A l\u00edngua francesa est\u00e1 repleta de express\u00f5es que refletem a sua rica hist\u00f3ria e os eventos significativos que moldaram a cultura e a sociedade francesa ao\" \/>\n<meta name=\"robots\" content=\"index, follow, max-snippet:-1, max-image-preview:large, max-video-preview:-1\" \/>\n<link rel=\"canonical\" href=\"https:\/\/talkpal.ai\/pt-pt\/vocabulary\/expressoes-francesas-relacionadas-a-historia-e-eventos-historicos\/\" \/>\n<meta property=\"og:locale\" content=\"pt_PT\" \/>\n<meta property=\"og:type\" content=\"article\" \/>\n<meta property=\"og:title\" content=\"Express\u00f5es francesas relacionadas \u00e0 hist\u00f3ria e eventos hist\u00f3ricos\" \/>\n<meta property=\"og:description\" content=\"A l\u00edngua francesa est\u00e1 repleta de express\u00f5es que refletem a sua rica hist\u00f3ria e os eventos significativos que moldaram a cultura e a sociedade francesa ao\" \/>\n<meta property=\"og:url\" content=\"https:\/\/talkpal.ai\/pt-pt\/vocabulary\/expressoes-francesas-relacionadas-a-historia-e-eventos-historicos\/\" \/>\n<meta property=\"og:site_name\" content=\"Talkpal\" \/>\n<meta property=\"article:publisher\" content=\"https:\/\/www.facebook.com\/profile.php?id=100090733639311\" \/>\n<meta property=\"og:image\" content=\"https:\/\/talkpal.ai\/wp-content\/uploads\/2024\/10\/talkpal_flat_illustration_of_a_employees_working_together_happi_c674ff77-e477-4e09-835a-01d30e561e99.png\" \/>\n\t<meta property=\"og:image:width\" content=\"1024\" \/>\n\t<meta property=\"og:image:height\" content=\"1024\" \/>\n\t<meta property=\"og:image:type\" content=\"image\/png\" \/>\n<meta name=\"twitter:card\" content=\"summary_large_image\" \/>\n<meta name=\"twitter:site\" content=\"@talkpalai\" \/>\n<meta name=\"twitter:label1\" content=\"Tempo estimado de leitura\" \/>\n\t<meta name=\"twitter:data1\" content=\"3 minutos\" \/>\n<script type=\"application\/ld+json\" class=\"yoast-schema-graph\">{\"@context\":\"https:\/\/schema.org\",\"@graph\":[{\"@type\":\"WebPage\",\"@id\":\"https:\/\/talkpal.ai\/pt-pt\/vocabulary\/expressoes-francesas-relacionadas-a-historia-e-eventos-historicos\/\",\"url\":\"https:\/\/talkpal.ai\/pt-pt\/vocabulary\/expressoes-francesas-relacionadas-a-historia-e-eventos-historicos\/\",\"name\":\"Express\u00f5es francesas relacionadas \u00e0 hist\u00f3ria e eventos hist\u00f3ricos - Talkpal\",\"isPartOf\":{\"@id\":\"https:\/\/talkpal.ai\/pt-pt\/#website\"},\"primaryImageOfPage\":{\"@id\":\"https:\/\/talkpal.ai\/pt-pt\/vocabulary\/expressoes-francesas-relacionadas-a-historia-e-eventos-historicos\/#primaryimage\"},\"image\":{\"@id\":\"https:\/\/talkpal.ai\/pt-pt\/vocabulary\/expressoes-francesas-relacionadas-a-historia-e-eventos-historicos\/#primaryimage\"},\"thumbnailUrl\":\"https:\/\/talkpal.ai\/wp-content\/uploads\/2025\/12\/man-is-learning-languages-on-couch.webp\",\"datePublished\":\"2024-05-09T12:45:27+00:00\",\"description\":\"A l\u00edngua francesa est\u00e1 repleta de express\u00f5es que refletem a sua rica hist\u00f3ria e os eventos significativos que moldaram a cultura e a sociedade francesa ao\",\"breadcrumb\":{\"@id\":\"https:\/\/talkpal.ai\/pt-pt\/vocabulary\/expressoes-francesas-relacionadas-a-historia-e-eventos-historicos\/#breadcrumb\"},\"inLanguage\":\"pt-PT\",\"potentialAction\":[{\"@type\":\"ReadAction\",\"target\":[\"https:\/\/talkpal.ai\/pt-pt\/vocabulary\/expressoes-francesas-relacionadas-a-historia-e-eventos-historicos\/\"]}]},{\"@type\":\"ImageObject\",\"inLanguage\":\"pt-PT\",\"@id\":\"https:\/\/talkpal.ai\/pt-pt\/vocabulary\/expressoes-francesas-relacionadas-a-historia-e-eventos-historicos\/#primaryimage\",\"url\":\"https:\/\/talkpal.ai\/wp-content\/uploads\/2025\/12\/man-is-learning-languages-on-couch.webp\",\"contentUrl\":\"https:\/\/talkpal.ai\/wp-content\/uploads\/2025\/12\/man-is-learning-languages-on-couch.webp\",\"width\":1200,\"height\":896,\"caption\":\"A man lies on a comfortable sofa while learning languages with his laptop at night.\"},{\"@type\":\"BreadcrumbList\",\"@id\":\"https:\/\/talkpal.ai\/pt-pt\/vocabulary\/expressoes-francesas-relacionadas-a-historia-e-eventos-historicos\/#breadcrumb\",\"itemListElement\":[{\"@type\":\"ListItem\",\"position\":1,\"name\":\"Homepage\",\"item\":\"https:\/\/talkpal.ai\/pt-pt\/\"},{\"@type\":\"ListItem\",\"position\":2,\"name\":\"Express\u00f5es francesas relacionadas \u00e0 hist\u00f3ria e eventos hist\u00f3ricos\"}]},{\"@type\":\"WebSite\",\"@id\":\"https:\/\/talkpal.ai\/pt-pt\/#website\",\"url\":\"https:\/\/talkpal.ai\/pt-pt\/\",\"name\":\"Talkpal\",\"description\":\"AI Language Learning\",\"publisher\":{\"@id\":\"https:\/\/talkpal.ai\/pt-pt\/#organization\"},\"alternateName\":\"Talkpal AI\",\"potentialAction\":[{\"@type\":\"SearchAction\",\"target\":{\"@type\":\"EntryPoint\",\"urlTemplate\":\"https:\/\/talkpal.ai\/pt-pt\/?s={search_term_string}\"},\"query-input\":{\"@type\":\"PropertyValueSpecification\",\"valueRequired\":true,\"valueName\":\"search_term_string\"}}],\"inLanguage\":\"pt-PT\"},{\"@type\":\"Organization\",\"@id\":\"https:\/\/talkpal.ai\/pt-pt\/#organization\",\"name\":\"Talkpal, Inc.\",\"alternateName\":\"Talkpal AI\",\"url\":\"https:\/\/talkpal.ai\/pt-pt\/\",\"logo\":{\"@type\":\"ImageObject\",\"inLanguage\":\"pt-PT\",\"@id\":\"https:\/\/talkpal.ai\/pt-pt\/#\/schema\/logo\/image\/\",\"url\":\"https:\/\/talkpal.ai\/wp-content\/uploads\/2024\/03\/Talkpal-Logo-Icon.png\",\"contentUrl\":\"https:\/\/talkpal.ai\/wp-content\/uploads\/2024\/03\/Talkpal-Logo-Icon.png\",\"width\":2880,\"height\":2880,\"caption\":\"Talkpal, Inc.\"},\"image\":{\"@id\":\"https:\/\/talkpal.ai\/pt-pt\/#\/schema\/logo\/image\/\"},\"sameAs\":[\"https:\/\/www.facebook.com\/profile.php?id=100090733639311\",\"https:\/\/x.com\/talkpalai\",\"https:\/\/www.linkedin.com\/company\/talkpal\/\",\"https:\/\/www.youtube.com\/@TalkPal\/\",\"https:\/\/www.tiktok.com\/@talkpal\",\"https:\/\/www.instagram.com\/talkpal_ai\/\",\"https:\/\/www.crunchbase.com\/organization\/talkpal-9cde\",\"https:\/\/www.g2.com\/products\/talkpal-for-business\/\",\"https:\/\/www.trustpilot.com\/review\/talkpal.ai\",\"https:\/\/www.capterra.com\/p\/10006800\/TalkPal\/\"],\"description\":\"Talkpal is a language learning web and mobile education app, powered by the latest AI technologies, that provides engaging experiences to its customers in many different languages to help them improve their language skills. Users can chat about unlimited amount of topics with the app and use other modes to practice their language learning.\",\"email\":\"support@talkpal.ai\",\"legalName\":\"Talkpal, Inc.\",\"foundingDate\":\"2023-04-03\",\"duns\":\"118989042\",\"numberOfEmployees\":{\"@type\":\"QuantitativeValue\",\"minValue\":\"11\",\"maxValue\":\"50\"},\"publishingPrinciples\":\"https:\/\/talkpal.ai\/publishing-principles\/\",\"actionableFeedbackPolicy\":\"https:\/\/talkpal.ai\/actionable-feedback-policy\/\",\"correctionsPolicy\":\"https:\/\/talkpal.ai\/corrections-policy\/\",\"ethicsPolicy\":\"https:\/\/talkpal.ai\/ethics-policy\/\",\"diversityPolicy\":\"https:\/\/talkpal.ai\/diversity-policy\/\",\"diversityStaffingReport\":\"https:\/\/talkpal.ai\/diversity-policy\/\"}]}<\/script>\n<!-- \/ Yoast SEO Premium plugin. -->","yoast_head_json":{"title":"Express\u00f5es francesas relacionadas \u00e0 hist\u00f3ria e eventos hist\u00f3ricos - Talkpal","description":"A l\u00edngua francesa est\u00e1 repleta de express\u00f5es que refletem a sua rica hist\u00f3ria e os eventos significativos que moldaram a cultura e a sociedade francesa ao","robots":{"index":"index","follow":"follow","max-snippet":"max-snippet:-1","max-image-preview":"max-image-preview:large","max-video-preview":"max-video-preview:-1"},"canonical":"https:\/\/talkpal.ai\/pt-pt\/vocabulary\/expressoes-francesas-relacionadas-a-historia-e-eventos-historicos\/","og_locale":"pt_PT","og_type":"article","og_title":"Express\u00f5es francesas relacionadas \u00e0 hist\u00f3ria e eventos hist\u00f3ricos","og_description":"A l\u00edngua francesa est\u00e1 repleta de express\u00f5es que refletem a sua rica hist\u00f3ria e os eventos significativos que moldaram a cultura e a sociedade francesa ao","og_url":"https:\/\/talkpal.ai\/pt-pt\/vocabulary\/expressoes-francesas-relacionadas-a-historia-e-eventos-historicos\/","og_site_name":"Talkpal","article_publisher":"https:\/\/www.facebook.com\/profile.php?id=100090733639311","og_image":[{"width":1024,"height":1024,"url":"https:\/\/talkpal.ai\/wp-content\/uploads\/2024\/10\/talkpal_flat_illustration_of_a_employees_working_together_happi_c674ff77-e477-4e09-835a-01d30e561e99.png","type":"image\/png"}],"twitter_card":"summary_large_image","twitter_site":"@talkpalai","twitter_misc":{"Tempo estimado de leitura":"3 minutos"},"schema":{"@context":"https:\/\/schema.org","@graph":[{"@type":"WebPage","@id":"https:\/\/talkpal.ai\/pt-pt\/vocabulary\/expressoes-francesas-relacionadas-a-historia-e-eventos-historicos\/","url":"https:\/\/talkpal.ai\/pt-pt\/vocabulary\/expressoes-francesas-relacionadas-a-historia-e-eventos-historicos\/","name":"Express\u00f5es francesas relacionadas \u00e0 hist\u00f3ria e eventos hist\u00f3ricos - Talkpal","isPartOf":{"@id":"https:\/\/talkpal.ai\/pt-pt\/#website"},"primaryImageOfPage":{"@id":"https:\/\/talkpal.ai\/pt-pt\/vocabulary\/expressoes-francesas-relacionadas-a-historia-e-eventos-historicos\/#primaryimage"},"image":{"@id":"https:\/\/talkpal.ai\/pt-pt\/vocabulary\/expressoes-francesas-relacionadas-a-historia-e-eventos-historicos\/#primaryimage"},"thumbnailUrl":"https:\/\/talkpal.ai\/wp-content\/uploads\/2025\/12\/man-is-learning-languages-on-couch.webp","datePublished":"2024-05-09T12:45:27+00:00","description":"A l\u00edngua francesa est\u00e1 repleta de express\u00f5es que refletem a sua rica hist\u00f3ria e os eventos significativos que moldaram a cultura e a sociedade francesa ao","breadcrumb":{"@id":"https:\/\/talkpal.ai\/pt-pt\/vocabulary\/expressoes-francesas-relacionadas-a-historia-e-eventos-historicos\/#breadcrumb"},"inLanguage":"pt-PT","potentialAction":[{"@type":"ReadAction","target":["https:\/\/talkpal.ai\/pt-pt\/vocabulary\/expressoes-francesas-relacionadas-a-historia-e-eventos-historicos\/"]}]},{"@type":"ImageObject","inLanguage":"pt-PT","@id":"https:\/\/talkpal.ai\/pt-pt\/vocabulary\/expressoes-francesas-relacionadas-a-historia-e-eventos-historicos\/#primaryimage","url":"https:\/\/talkpal.ai\/wp-content\/uploads\/2025\/12\/man-is-learning-languages-on-couch.webp","contentUrl":"https:\/\/talkpal.ai\/wp-content\/uploads\/2025\/12\/man-is-learning-languages-on-couch.webp","width":1200,"height":896,"caption":"A man lies on a comfortable sofa while learning languages with his laptop at night."},{"@type":"BreadcrumbList","@id":"https:\/\/talkpal.ai\/pt-pt\/vocabulary\/expressoes-francesas-relacionadas-a-historia-e-eventos-historicos\/#breadcrumb","itemListElement":[{"@type":"ListItem","position":1,"name":"Homepage","item":"https:\/\/talkpal.ai\/pt-pt\/"},{"@type":"ListItem","position":2,"name":"Express\u00f5es francesas relacionadas \u00e0 hist\u00f3ria e eventos hist\u00f3ricos"}]},{"@type":"WebSite","@id":"https:\/\/talkpal.ai\/pt-pt\/#website","url":"https:\/\/talkpal.ai\/pt-pt\/","name":"Talkpal","description":"AI Language Learning","publisher":{"@id":"https:\/\/talkpal.ai\/pt-pt\/#organization"},"alternateName":"Talkpal AI","potentialAction":[{"@type":"SearchAction","target":{"@type":"EntryPoint","urlTemplate":"https:\/\/talkpal.ai\/pt-pt\/?s={search_term_string}"},"query-input":{"@type":"PropertyValueSpecification","valueRequired":true,"valueName":"search_term_string"}}],"inLanguage":"pt-PT"},{"@type":"Organization","@id":"https:\/\/talkpal.ai\/pt-pt\/#organization","name":"Talkpal, Inc.","alternateName":"Talkpal AI","url":"https:\/\/talkpal.ai\/pt-pt\/","logo":{"@type":"ImageObject","inLanguage":"pt-PT","@id":"https:\/\/talkpal.ai\/pt-pt\/#\/schema\/logo\/image\/","url":"https:\/\/talkpal.ai\/wp-content\/uploads\/2024\/03\/Talkpal-Logo-Icon.png","contentUrl":"https:\/\/talkpal.ai\/wp-content\/uploads\/2024\/03\/Talkpal-Logo-Icon.png","width":2880,"height":2880,"caption":"Talkpal, Inc."},"image":{"@id":"https:\/\/talkpal.ai\/pt-pt\/#\/schema\/logo\/image\/"},"sameAs":["https:\/\/www.facebook.com\/profile.php?id=100090733639311","https:\/\/x.com\/talkpalai","https:\/\/www.linkedin.com\/company\/talkpal\/","https:\/\/www.youtube.com\/@TalkPal\/","https:\/\/www.tiktok.com\/@talkpal","https:\/\/www.instagram.com\/talkpal_ai\/","https:\/\/www.crunchbase.com\/organization\/talkpal-9cde","https:\/\/www.g2.com\/products\/talkpal-for-business\/","https:\/\/www.trustpilot.com\/review\/talkpal.ai","https:\/\/www.capterra.com\/p\/10006800\/TalkPal\/"],"description":"Talkpal is a language learning web and mobile education app, powered by the latest AI technologies, that provides engaging experiences to its customers in many different languages to help them improve their language skills. Users can chat about unlimited amount of topics with the app and use other modes to practice their language learning.","email":"support@talkpal.ai","legalName":"Talkpal, Inc.","foundingDate":"2023-04-03","duns":"118989042","numberOfEmployees":{"@type":"QuantitativeValue","minValue":"11","maxValue":"50"},"publishingPrinciples":"https:\/\/talkpal.ai\/publishing-principles\/","actionableFeedbackPolicy":"https:\/\/talkpal.ai\/actionable-feedback-policy\/","correctionsPolicy":"https:\/\/talkpal.ai\/corrections-policy\/","ethicsPolicy":"https:\/\/talkpal.ai\/ethics-policy\/","diversityPolicy":"https:\/\/talkpal.ai\/diversity-policy\/","diversityStaffingReport":"https:\/\/talkpal.ai\/diversity-policy\/"}]}},"_links":{"self":[{"href":"https:\/\/talkpal.ai\/pt-pt\/wp-json\/wp\/v2\/vocabulary\/281582","targetHints":{"allow":["GET"]}}],"collection":[{"href":"https:\/\/talkpal.ai\/pt-pt\/wp-json\/wp\/v2\/vocabulary"}],"about":[{"href":"https:\/\/talkpal.ai\/pt-pt\/wp-json\/wp\/v2\/types\/vocabulary"}],"wp:featuredmedia":[{"embeddable":true,"href":"https:\/\/talkpal.ai\/pt-pt\/wp-json\/wp\/v2\/media\/1527769"}],"wp:attachment":[{"href":"https:\/\/talkpal.ai\/pt-pt\/wp-json\/wp\/v2\/media?parent=281582"}],"wp:term":[{"taxonomy":"vocabulary_language","embeddable":true,"href":"https:\/\/talkpal.ai\/pt-pt\/wp-json\/wp\/v2\/vocabulary_language?post=281582"}],"curies":[{"name":"wp","href":"https:\/\/api.w.org\/{rel}","templated":true}]}}