{"id":281512,"date":"2024-05-09T12:37:48","date_gmt":"2024-05-09T12:37:48","guid":{"rendered":"https:\/\/talkpal.ai\/vocabulary\/palavras-alemas-relacionadas-as-condicoes-climaticas\/"},"modified":"2024-05-09T12:37:48","modified_gmt":"2024-05-09T12:37:48","slug":"palavras-alemas-relacionadas-as-condicoes-climaticas","status":"publish","type":"vocabulary","link":"https:\/\/talkpal.ai\/pt-pt\/vocabulary\/palavras-alemas-relacionadas-as-condicoes-climaticas\/","title":{"rendered":"Palavras alem\u00e3s relacionadas \u00e0s condi\u00e7\u00f5es clim\u00e1ticas"},"content":{"rendered":"<p>A aprendizagem de idiomas \u00e9 uma jornada fascinante e conhecer vocabul\u00e1rio espec\u00edfico pode ser extremamente \u00fatil. Hoje, vamos explorar algumas <a href=\"https:\/\/talkpal.ai\/50-funny-german-words\/\">palavras alem\u00e3s<\/a> que est\u00e3o relacionadas \u00e0s condi\u00e7\u00f5es clim\u00e1ticas. Esta lista n\u00e3o s\u00f3 ajudar\u00e1 a enriquecer o seu vocabul\u00e1rio em <a href=\"https:\/\/talkpal.ai\/learn-german\/\">alem\u00e3o<\/a>, mas tamb\u00e9m a compreender <a href=\"https:\/\/talkpal.ai\/es\/la-mejor-aplicacion-de-conversacion-con-ia\/\">melhor<\/a> as previs\u00f5es do tempo neste idioma.<\/p>\n<p><b>Wetter<\/b> &#8211; Tempo (clima)<br \/>\n<font color=\"#2D3AC7\">Wie wird das <a href=\"https:\/\/talkpal.ai\/locations\/learn-english-in-wetter-ruhr\/\">Wetter<\/a> morgen?<\/font><br \/>\nEsta palavra \u00e9 usada para referir-se ao clima ou \u00e0s condi\u00e7\u00f5es atmosf\u00e9ricas em geral.<\/p>\n<p><b>Sonne<\/b> &#8211; Sol<br \/>\n<font color=\"#2D3AC7\">Die Sonne scheint sehr hell heute.<\/font><br \/>\nRefere-se ao astro rei do nosso sistema solar, essencial para a vida na Terra e frequentemente associado a dias de bom tempo.<\/p>\n<p><b>Regen<\/b> &#8211; Chuva<br \/>\n<font color=\"#2D3AC7\">Es wird heute Nachmittag Regen geben.<\/font><br \/>\nPrecipita\u00e7\u00e3o na forma de gotas de \u00e1gua que caem das nuvens. \u00c9 vital para a vida, apesar de muitas vezes ser associada a dias tristes ou melanc\u00f3licos.<\/p>\n<p><b>Schnee<\/b> &#8211; Neve<br \/>\n<font color=\"#2D3AC7\">Im Winter f\u00e4llt oft Schnee.<\/font><br \/>\nPrecipita\u00e7\u00e3o na forma de flocos de gelo, comum em climas frios e durante o inverno.<\/p>\n<p><b>Wind<\/b> &#8211; Vento<br \/>\n<font color=\"#2D3AC7\">Der Wind weht stark heute.<\/font><br \/>\nMovimento de ar de \u00e1reas de alta press\u00e3o para \u00e1reas de baixa press\u00e3o. O vento \u00e9 um elemento fundamental na determina\u00e7\u00e3o do clima.<\/p>\n<p><b>Sturm<\/b> &#8211; Tempestade<br \/>\n<font color=\"#2D3AC7\">Ein Sturm kommt auf.<\/font><br \/>\nTermo usado para descrever uma perturba\u00e7\u00e3o intensa na atmosfera com ventos fortes, muitas vezes acompanhada de chuva, neve ou outros fen\u00f4menos <a href=\"https:\/\/talkpal.ai\/locations\/language-courses-in-como\/\">como<\/a> rel\u00e2mpagos e trov\u00f5es.<\/p>\n<p><b>Nebel<\/b> &#8211; Nevoeiro<br \/>\n<font color=\"#2D3AC7\">Der Nebel macht das Fahren schwierig.<\/font><br \/>\nConcentra\u00e7\u00e3o de got\u00edculas de \u00e1gua no ar, que reduz significativamente a visibilidade.<\/p>\n<p><b>Blitz<\/b> &#8211; Rel\u00e2mpago<br \/>\n<font color=\"#2D3AC7\">Der Blitz erleuchtete den ganzen Himmel.<\/font><br \/>\nDescarga el\u00e9trica intensa e de curta dura\u00e7\u00e3o que ocorre durante tempestades, iluminando o c\u00e9u temporariamente.<\/p>\n<p><b>Donner<\/b> &#8211; Trov\u00e3o<br \/>\n<font color=\"#2D3AC7\">Nach dem Blitz kommt der Donner.<\/font><br \/>\nSom produzido pela r\u00e1pida expans\u00e3o do ar aquecido por um rel\u00e2mpago. Geralmente, segue-se ao rel\u00e2mpago e \u00e9 caracter\u00edstico de tempestades.<\/p>\n<p><b>Hagel<\/b> &#8211; Granizo<br \/>\n<font color=\"#2D3AC7\">Der Hagel besch\u00e4digte die Autos.<\/font><br \/>\nForma de precipita\u00e7\u00e3o que consiste em pedras de gelo, geralmente pequenas, mas que podem atingir tamanhos consider\u00e1veis e causar danos.<\/p>\n<p><b>K\u00e4lte<\/b> &#8211; Frio<br \/>\n<font color=\"#2D3AC7\">Die K\u00e4lte ist heute unertr\u00e4glich.<\/font><br \/>\nSensa\u00e7\u00e3o t\u00e9rmica baixa, geralmente associada a temperaturas abaixo do ponto de congelamento da \u00e1gua.<\/p>\n<p><b>Hitze<\/b> &#8211; Calor<br \/>\n<font color=\"#2D3AC7\">Die Hitze macht mir zu schaffen.<\/font><br \/>\nSensa\u00e7\u00e3o de altas temperaturas, muitas vezes desconfort\u00e1vel, e associada a ver\u00f5es intensos.<\/p>\n<p><b>Temperatur<\/b> &#8211; Temperatura<br \/>\n<font color=\"#2D3AC7\">Die Temperatur f\u00e4llt nach Sonnenuntergang.<\/font><br \/>\nGrau de aquecimento ou arrefecimento medido por um term\u00f4metro, fundamental para a defini\u00e7\u00e3o das condi\u00e7\u00f5es clim\u00e1ticas.<\/p>\n<p><b>Feuchtigkeit<\/b> &#8211; Umidade<br \/>\n<font color=\"#2D3AC7\">Hohe Feuchtigkeit kann das Gef\u00fchl der Hitze verst\u00e4rken.<\/font><br \/>\nQuantidade de vapor de \u00e1gua <a href=\"https:\/\/talkpal.ai\/zh-hans\/grammar_exercises\/presente-%e8%a5%bf%e7%8f%ad%e7%89%99%e8%af%ad%e6%b3%95%e7%bb%83%e4%b9%a0\/\">presente<\/a> no ar, que pode influenciar na percep\u00e7\u00e3o do calor e do frio.<\/p>\n<p><b>Tau<\/b> &#8211; Orvalho<br \/>\n<font color=\"#2D3AC7\">Morgens ist der Tau oft auf den Bl\u00e4ttern zu sehen.<\/font><br \/>\nPequenas gotas de \u00e1gua que se formam, especialmente durante a noite, em superf\u00edcies frias pela condensa\u00e7\u00e3o do vapor d&#8217;\u00e1gua do ar.<\/p>\n<p>Ao dominar estas palavras alem\u00e3s relacionadas \u00e0s condi\u00e7\u00f5es clim\u00e1ticas, voc\u00ea n\u00e3o s\u00f3 ser\u00e1 capaz de compreender melhor as previs\u00f5es do tempo, mas tamb\u00e9m de descrever com precis\u00e3o o clima em suas conversas. Lembre-se de que a pr\u00e1tica constante e o uso dessas palavras em contextos reais s\u00e3o essenciais para a consolida\u00e7\u00e3o do aprendizado.<\/p>\n","protected":false},"featured_media":1527637,"template":"","vocabulary_language":[3463],"class_list":["post-281512","vocabulary","type-vocabulary","status-publish","has-post-thumbnail","hentry","vocabulary_language-alemao"],"acf":[],"yoast_head":"<!-- This site is optimized with the Yoast SEO Premium plugin v27.2 (Yoast SEO v27.2) - https:\/\/yoast.com\/product\/yoast-seo-premium-wordpress\/ -->\n<title>Palavras alem\u00e3s relacionadas \u00e0s condi\u00e7\u00f5es clim\u00e1ticas - Talkpal<\/title>\n<meta name=\"description\" content=\"A aprendizagem de idiomas \u00e9 uma jornada fascinante e conhecer vocabul\u00e1rio espec\u00edfico pode ser extremamente \u00fatil. Hoje, vamos explorar algumas palavras\" \/>\n<meta name=\"robots\" content=\"index, follow, max-snippet:-1, max-image-preview:large, max-video-preview:-1\" \/>\n<link rel=\"canonical\" href=\"https:\/\/talkpal.ai\/pt-pt\/vocabulary\/palavras-alemas-relacionadas-as-condicoes-climaticas\/\" \/>\n<meta property=\"og:locale\" content=\"pt_PT\" \/>\n<meta property=\"og:type\" content=\"article\" \/>\n<meta property=\"og:title\" content=\"Palavras alem\u00e3s relacionadas \u00e0s condi\u00e7\u00f5es clim\u00e1ticas\" \/>\n<meta property=\"og:description\" content=\"A aprendizagem de idiomas \u00e9 uma jornada fascinante e conhecer vocabul\u00e1rio espec\u00edfico pode ser extremamente \u00fatil. Hoje, vamos explorar algumas palavras\" \/>\n<meta property=\"og:url\" content=\"https:\/\/talkpal.ai\/pt-pt\/vocabulary\/palavras-alemas-relacionadas-as-condicoes-climaticas\/\" \/>\n<meta property=\"og:site_name\" content=\"Talkpal\" \/>\n<meta property=\"article:publisher\" content=\"https:\/\/www.facebook.com\/profile.php?id=100090733639311\" \/>\n<meta property=\"og:image\" content=\"https:\/\/talkpal.ai\/wp-content\/uploads\/2024\/10\/talkpal_flat_illustration_of_a_employees_working_together_happi_c674ff77-e477-4e09-835a-01d30e561e99.png\" \/>\n\t<meta property=\"og:image:width\" content=\"1024\" \/>\n\t<meta property=\"og:image:height\" content=\"1024\" \/>\n\t<meta property=\"og:image:type\" content=\"image\/png\" \/>\n<meta name=\"twitter:card\" content=\"summary_large_image\" \/>\n<meta name=\"twitter:site\" content=\"@talkpalai\" \/>\n<meta name=\"twitter:label1\" content=\"Tempo estimado de leitura\" \/>\n\t<meta name=\"twitter:data1\" content=\"3 minutos\" \/>\n<script type=\"application\/ld+json\" class=\"yoast-schema-graph\">{\"@context\":\"https:\/\/schema.org\",\"@graph\":[{\"@type\":\"WebPage\",\"@id\":\"https:\/\/talkpal.ai\/pt-pt\/vocabulary\/palavras-alemas-relacionadas-as-condicoes-climaticas\/\",\"url\":\"https:\/\/talkpal.ai\/pt-pt\/vocabulary\/palavras-alemas-relacionadas-as-condicoes-climaticas\/\",\"name\":\"Palavras alem\u00e3s relacionadas \u00e0s condi\u00e7\u00f5es clim\u00e1ticas - Talkpal\",\"isPartOf\":{\"@id\":\"https:\/\/talkpal.ai\/pt-pt\/#website\"},\"primaryImageOfPage\":{\"@id\":\"https:\/\/talkpal.ai\/pt-pt\/vocabulary\/palavras-alemas-relacionadas-as-condicoes-climaticas\/#primaryimage\"},\"image\":{\"@id\":\"https:\/\/talkpal.ai\/pt-pt\/vocabulary\/palavras-alemas-relacionadas-as-condicoes-climaticas\/#primaryimage\"},\"thumbnailUrl\":\"https:\/\/talkpal.ai\/wp-content\/uploads\/2025\/12\/diverse-group-at-library-learning-languages.webp\",\"datePublished\":\"2024-05-09T12:37:48+00:00\",\"description\":\"A aprendizagem de idiomas \u00e9 uma jornada fascinante e conhecer vocabul\u00e1rio espec\u00edfico pode ser extremamente \u00fatil. Hoje, vamos explorar algumas palavras\",\"breadcrumb\":{\"@id\":\"https:\/\/talkpal.ai\/pt-pt\/vocabulary\/palavras-alemas-relacionadas-as-condicoes-climaticas\/#breadcrumb\"},\"inLanguage\":\"pt-PT\",\"potentialAction\":[{\"@type\":\"ReadAction\",\"target\":[\"https:\/\/talkpal.ai\/pt-pt\/vocabulary\/palavras-alemas-relacionadas-as-condicoes-climaticas\/\"]}]},{\"@type\":\"ImageObject\",\"inLanguage\":\"pt-PT\",\"@id\":\"https:\/\/talkpal.ai\/pt-pt\/vocabulary\/palavras-alemas-relacionadas-as-condicoes-climaticas\/#primaryimage\",\"url\":\"https:\/\/talkpal.ai\/wp-content\/uploads\/2025\/12\/diverse-group-at-library-learning-languages.webp\",\"contentUrl\":\"https:\/\/talkpal.ai\/wp-content\/uploads\/2025\/12\/diverse-group-at-library-learning-languages.webp\",\"width\":1200,\"height\":896,\"caption\":\"A large diverse group of students fills a library hall while focused on learning languages at their desks.\"},{\"@type\":\"BreadcrumbList\",\"@id\":\"https:\/\/talkpal.ai\/pt-pt\/vocabulary\/palavras-alemas-relacionadas-as-condicoes-climaticas\/#breadcrumb\",\"itemListElement\":[{\"@type\":\"ListItem\",\"position\":1,\"name\":\"Homepage\",\"item\":\"https:\/\/talkpal.ai\/pt-pt\/\"},{\"@type\":\"ListItem\",\"position\":2,\"name\":\"Palavras alem\u00e3s relacionadas \u00e0s condi\u00e7\u00f5es clim\u00e1ticas\"}]},{\"@type\":\"WebSite\",\"@id\":\"https:\/\/talkpal.ai\/pt-pt\/#website\",\"url\":\"https:\/\/talkpal.ai\/pt-pt\/\",\"name\":\"Talkpal\",\"description\":\"AI Language Learning\",\"publisher\":{\"@id\":\"https:\/\/talkpal.ai\/pt-pt\/#organization\"},\"alternateName\":\"Talkpal AI\",\"potentialAction\":[{\"@type\":\"SearchAction\",\"target\":{\"@type\":\"EntryPoint\",\"urlTemplate\":\"https:\/\/talkpal.ai\/pt-pt\/?s={search_term_string}\"},\"query-input\":{\"@type\":\"PropertyValueSpecification\",\"valueRequired\":true,\"valueName\":\"search_term_string\"}}],\"inLanguage\":\"pt-PT\"},{\"@type\":\"Organization\",\"@id\":\"https:\/\/talkpal.ai\/pt-pt\/#organization\",\"name\":\"Talkpal, Inc.\",\"alternateName\":\"Talkpal AI\",\"url\":\"https:\/\/talkpal.ai\/pt-pt\/\",\"logo\":{\"@type\":\"ImageObject\",\"inLanguage\":\"pt-PT\",\"@id\":\"https:\/\/talkpal.ai\/pt-pt\/#\/schema\/logo\/image\/\",\"url\":\"https:\/\/talkpal.ai\/wp-content\/uploads\/2024\/03\/Talkpal-Logo-Icon.png\",\"contentUrl\":\"https:\/\/talkpal.ai\/wp-content\/uploads\/2024\/03\/Talkpal-Logo-Icon.png\",\"width\":2880,\"height\":2880,\"caption\":\"Talkpal, Inc.\"},\"image\":{\"@id\":\"https:\/\/talkpal.ai\/pt-pt\/#\/schema\/logo\/image\/\"},\"sameAs\":[\"https:\/\/www.facebook.com\/profile.php?id=100090733639311\",\"https:\/\/x.com\/talkpalai\",\"https:\/\/www.linkedin.com\/company\/talkpal\/\",\"https:\/\/www.youtube.com\/@TalkPal\/\",\"https:\/\/www.tiktok.com\/@talkpal\",\"https:\/\/www.instagram.com\/talkpal_ai\/\",\"https:\/\/www.crunchbase.com\/organization\/talkpal-9cde\",\"https:\/\/www.g2.com\/products\/talkpal-for-business\/\",\"https:\/\/www.trustpilot.com\/review\/talkpal.ai\",\"https:\/\/www.capterra.com\/p\/10006800\/TalkPal\/\"],\"description\":\"Talkpal is a language learning web and mobile education app, powered by the latest AI technologies, that provides engaging experiences to its customers in many different languages to help them improve their language skills. Users can chat about unlimited amount of topics with the app and use other modes to practice their language learning.\",\"email\":\"support@talkpal.ai\",\"legalName\":\"Talkpal, Inc.\",\"foundingDate\":\"2023-04-03\",\"duns\":\"118989042\",\"numberOfEmployees\":{\"@type\":\"QuantitativeValue\",\"minValue\":\"11\",\"maxValue\":\"50\"},\"publishingPrinciples\":\"https:\/\/talkpal.ai\/publishing-principles\/\",\"actionableFeedbackPolicy\":\"https:\/\/talkpal.ai\/actionable-feedback-policy\/\",\"correctionsPolicy\":\"https:\/\/talkpal.ai\/corrections-policy\/\",\"ethicsPolicy\":\"https:\/\/talkpal.ai\/ethics-policy\/\",\"diversityPolicy\":\"https:\/\/talkpal.ai\/diversity-policy\/\",\"diversityStaffingReport\":\"https:\/\/talkpal.ai\/diversity-policy\/\"}]}<\/script>\n<!-- \/ Yoast SEO Premium plugin. -->","yoast_head_json":{"title":"Palavras alem\u00e3s relacionadas \u00e0s condi\u00e7\u00f5es clim\u00e1ticas - Talkpal","description":"A aprendizagem de idiomas \u00e9 uma jornada fascinante e conhecer vocabul\u00e1rio espec\u00edfico pode ser extremamente \u00fatil. Hoje, vamos explorar algumas palavras","robots":{"index":"index","follow":"follow","max-snippet":"max-snippet:-1","max-image-preview":"max-image-preview:large","max-video-preview":"max-video-preview:-1"},"canonical":"https:\/\/talkpal.ai\/pt-pt\/vocabulary\/palavras-alemas-relacionadas-as-condicoes-climaticas\/","og_locale":"pt_PT","og_type":"article","og_title":"Palavras alem\u00e3s relacionadas \u00e0s condi\u00e7\u00f5es clim\u00e1ticas","og_description":"A aprendizagem de idiomas \u00e9 uma jornada fascinante e conhecer vocabul\u00e1rio espec\u00edfico pode ser extremamente \u00fatil. Hoje, vamos explorar algumas palavras","og_url":"https:\/\/talkpal.ai\/pt-pt\/vocabulary\/palavras-alemas-relacionadas-as-condicoes-climaticas\/","og_site_name":"Talkpal","article_publisher":"https:\/\/www.facebook.com\/profile.php?id=100090733639311","og_image":[{"width":1024,"height":1024,"url":"https:\/\/talkpal.ai\/wp-content\/uploads\/2024\/10\/talkpal_flat_illustration_of_a_employees_working_together_happi_c674ff77-e477-4e09-835a-01d30e561e99.png","type":"image\/png"}],"twitter_card":"summary_large_image","twitter_site":"@talkpalai","twitter_misc":{"Tempo estimado de leitura":"3 minutos"},"schema":{"@context":"https:\/\/schema.org","@graph":[{"@type":"WebPage","@id":"https:\/\/talkpal.ai\/pt-pt\/vocabulary\/palavras-alemas-relacionadas-as-condicoes-climaticas\/","url":"https:\/\/talkpal.ai\/pt-pt\/vocabulary\/palavras-alemas-relacionadas-as-condicoes-climaticas\/","name":"Palavras alem\u00e3s relacionadas \u00e0s condi\u00e7\u00f5es clim\u00e1ticas - Talkpal","isPartOf":{"@id":"https:\/\/talkpal.ai\/pt-pt\/#website"},"primaryImageOfPage":{"@id":"https:\/\/talkpal.ai\/pt-pt\/vocabulary\/palavras-alemas-relacionadas-as-condicoes-climaticas\/#primaryimage"},"image":{"@id":"https:\/\/talkpal.ai\/pt-pt\/vocabulary\/palavras-alemas-relacionadas-as-condicoes-climaticas\/#primaryimage"},"thumbnailUrl":"https:\/\/talkpal.ai\/wp-content\/uploads\/2025\/12\/diverse-group-at-library-learning-languages.webp","datePublished":"2024-05-09T12:37:48+00:00","description":"A aprendizagem de idiomas \u00e9 uma jornada fascinante e conhecer vocabul\u00e1rio espec\u00edfico pode ser extremamente \u00fatil. Hoje, vamos explorar algumas palavras","breadcrumb":{"@id":"https:\/\/talkpal.ai\/pt-pt\/vocabulary\/palavras-alemas-relacionadas-as-condicoes-climaticas\/#breadcrumb"},"inLanguage":"pt-PT","potentialAction":[{"@type":"ReadAction","target":["https:\/\/talkpal.ai\/pt-pt\/vocabulary\/palavras-alemas-relacionadas-as-condicoes-climaticas\/"]}]},{"@type":"ImageObject","inLanguage":"pt-PT","@id":"https:\/\/talkpal.ai\/pt-pt\/vocabulary\/palavras-alemas-relacionadas-as-condicoes-climaticas\/#primaryimage","url":"https:\/\/talkpal.ai\/wp-content\/uploads\/2025\/12\/diverse-group-at-library-learning-languages.webp","contentUrl":"https:\/\/talkpal.ai\/wp-content\/uploads\/2025\/12\/diverse-group-at-library-learning-languages.webp","width":1200,"height":896,"caption":"A large diverse group of students fills a library hall while focused on learning languages at their desks."},{"@type":"BreadcrumbList","@id":"https:\/\/talkpal.ai\/pt-pt\/vocabulary\/palavras-alemas-relacionadas-as-condicoes-climaticas\/#breadcrumb","itemListElement":[{"@type":"ListItem","position":1,"name":"Homepage","item":"https:\/\/talkpal.ai\/pt-pt\/"},{"@type":"ListItem","position":2,"name":"Palavras alem\u00e3s relacionadas \u00e0s condi\u00e7\u00f5es clim\u00e1ticas"}]},{"@type":"WebSite","@id":"https:\/\/talkpal.ai\/pt-pt\/#website","url":"https:\/\/talkpal.ai\/pt-pt\/","name":"Talkpal","description":"AI Language Learning","publisher":{"@id":"https:\/\/talkpal.ai\/pt-pt\/#organization"},"alternateName":"Talkpal AI","potentialAction":[{"@type":"SearchAction","target":{"@type":"EntryPoint","urlTemplate":"https:\/\/talkpal.ai\/pt-pt\/?s={search_term_string}"},"query-input":{"@type":"PropertyValueSpecification","valueRequired":true,"valueName":"search_term_string"}}],"inLanguage":"pt-PT"},{"@type":"Organization","@id":"https:\/\/talkpal.ai\/pt-pt\/#organization","name":"Talkpal, Inc.","alternateName":"Talkpal AI","url":"https:\/\/talkpal.ai\/pt-pt\/","logo":{"@type":"ImageObject","inLanguage":"pt-PT","@id":"https:\/\/talkpal.ai\/pt-pt\/#\/schema\/logo\/image\/","url":"https:\/\/talkpal.ai\/wp-content\/uploads\/2024\/03\/Talkpal-Logo-Icon.png","contentUrl":"https:\/\/talkpal.ai\/wp-content\/uploads\/2024\/03\/Talkpal-Logo-Icon.png","width":2880,"height":2880,"caption":"Talkpal, Inc."},"image":{"@id":"https:\/\/talkpal.ai\/pt-pt\/#\/schema\/logo\/image\/"},"sameAs":["https:\/\/www.facebook.com\/profile.php?id=100090733639311","https:\/\/x.com\/talkpalai","https:\/\/www.linkedin.com\/company\/talkpal\/","https:\/\/www.youtube.com\/@TalkPal\/","https:\/\/www.tiktok.com\/@talkpal","https:\/\/www.instagram.com\/talkpal_ai\/","https:\/\/www.crunchbase.com\/organization\/talkpal-9cde","https:\/\/www.g2.com\/products\/talkpal-for-business\/","https:\/\/www.trustpilot.com\/review\/talkpal.ai","https:\/\/www.capterra.com\/p\/10006800\/TalkPal\/"],"description":"Talkpal is a language learning web and mobile education app, powered by the latest AI technologies, that provides engaging experiences to its customers in many different languages to help them improve their language skills. Users can chat about unlimited amount of topics with the app and use other modes to practice their language learning.","email":"support@talkpal.ai","legalName":"Talkpal, Inc.","foundingDate":"2023-04-03","duns":"118989042","numberOfEmployees":{"@type":"QuantitativeValue","minValue":"11","maxValue":"50"},"publishingPrinciples":"https:\/\/talkpal.ai\/publishing-principles\/","actionableFeedbackPolicy":"https:\/\/talkpal.ai\/actionable-feedback-policy\/","correctionsPolicy":"https:\/\/talkpal.ai\/corrections-policy\/","ethicsPolicy":"https:\/\/talkpal.ai\/ethics-policy\/","diversityPolicy":"https:\/\/talkpal.ai\/diversity-policy\/","diversityStaffingReport":"https:\/\/talkpal.ai\/diversity-policy\/"}]}},"_links":{"self":[{"href":"https:\/\/talkpal.ai\/pt-pt\/wp-json\/wp\/v2\/vocabulary\/281512","targetHints":{"allow":["GET"]}}],"collection":[{"href":"https:\/\/talkpal.ai\/pt-pt\/wp-json\/wp\/v2\/vocabulary"}],"about":[{"href":"https:\/\/talkpal.ai\/pt-pt\/wp-json\/wp\/v2\/types\/vocabulary"}],"wp:featuredmedia":[{"embeddable":true,"href":"https:\/\/talkpal.ai\/pt-pt\/wp-json\/wp\/v2\/media\/1527637"}],"wp:attachment":[{"href":"https:\/\/talkpal.ai\/pt-pt\/wp-json\/wp\/v2\/media?parent=281512"}],"wp:term":[{"taxonomy":"vocabulary_language","embeddable":true,"href":"https:\/\/talkpal.ai\/pt-pt\/wp-json\/wp\/v2\/vocabulary_language?post=281512"}],"curies":[{"name":"wp","href":"https:\/\/api.w.org\/{rel}","templated":true}]}}