{"id":1159353,"date":"2025-07-06T14:48:31","date_gmt":"2025-07-06T14:48:31","guid":{"rendered":"https:\/\/talkpal.ai\/grammar_exercises\/exercicios-de-pronomes-reflexivos-para-gramatica-persa\/"},"modified":"2025-07-06T14:48:31","modified_gmt":"2025-07-06T14:48:31","slug":"exercicios-de-pronomes-reflexivos-para-gramatica-persa","status":"publish","type":"grammar_exercises","link":"https:\/\/talkpal.ai\/pt-pt\/grammar_exercises\/exercicios-de-pronomes-reflexivos-para-gramatica-persa\/","title":{"rendered":"Exerc\u00edcios de pronomes reflexivos para gram\u00e1tica persa"},"content":{"rendered":"<p>Os <a href=\"https:\/\/talkpal.ai\/grammar\/pronomes-reflexivos-in-portuguese-grammar\/\">pronomes reflexivos<\/a> em <a href=\"https:\/\/talkpal.ai\/learn-persian\/\">persa<\/a> s\u00e3o usados para indicar que o sujeito e o objeto da frase s\u00e3o a mesma pessoa. Neste exerc\u00edcio, voc\u00ea praticar\u00e1 o uso correto desses pronomes para melhorar seu dom\u00ednio da <a href=\"https:\/\/talkpal.ai\/pt-pt\/o-que-ha-de-especial-na-gramatica-persa\/\">gram\u00e1tica persa<\/a>.<\/p>\n<h3>Exerc\u00edcio 1: Pronomes Reflexivos no Persa &#8211; Uso B\u00e1sico<\/h3>\n<div class=\"input_sentences\">\n1. \u0645\u0646 \u062e\u0648\u062f\u0645 \u0631\u0627 \u062f\u0648\u0633\u062a \u062f\u0627\u0631\u0645. (Dica: use o pronome reflexivo para &#8220;eu&#8221; em <a href=\"https:\/\/talkpal.ai\/learn-persian\/\">persa<\/a>).<br \/>\n2. \u062a\u0648 \u062e\u0648\u062f\u062a \u0631\u0627 \u0622\u0645\u0627\u062f\u0647 \u06a9\u0646. (Dica: pronome reflexivo para &#8220;voc\u00ea&#8221; singular).<br \/>\n3. \u0627\u0648 \u062e\u0648\u062f\u0634 \u0631\u0627 \u062f\u0631 \u0622\u06cc\u0646\u0647 \u0645\u06cc\u200c\u0628\u06cc\u0646\u062f. (Dica: pronome reflexivo para &#8220;ele\/ela&#8221;).<br \/>\n4. \u0645\u0627 \u062e\u0648\u062f\u0645\u0627\u0646 \u0631\u0627 \u062f\u0631 \u0639\u06a9\u0633 \u0645\u06cc\u200c\u0628\u06cc\u0646\u06cc\u0645. (Dica: pronome reflexivo para &#8220;n\u00f3s&#8221;).<br \/>\n5. \u0634\u0645\u0627 \u062e\u0648\u062f\u062a\u0627\u0646 \u0631\u0627 \u0628\u0634\u0646\u0627\u0633\u06cc\u062f. (Dica: pronome reflexivo para &#8220;voc\u00eas&#8221; ou &#8220;voc\u00ea&#8221; formal).<br \/>\n6. \u0622\u0646\u0647\u0627 \u062e\u0648\u062f\u0634\u0627\u0646 \u0631\u0627 \u062f\u0631 \u06a9\u0644\u0627\u0633 \u0645\u06cc\u200c\u0628\u06cc\u0646\u0646\u062f. (Dica: pronome reflexivo para &#8220;eles\/elas&#8221;).<br \/>\n7. \u0645\u0646 *\u062e\u0648\u062f\u0645* \u0631\u0627 \u062f\u0631 \u0622\u06cc\u0646\u0647 \u062f\u06cc\u062f\u0645. (Dica: pronome reflexivo para &#8220;eu&#8221; usado para enfatizar).<br \/>\n8. \u062a\u0648 \u0628\u0627\u06cc\u062f *\u062e\u0648\u062f\u062a* \u0631\u0627 \u0628\u0627\u0648\u0631 \u06a9\u0646\u06cc. (Dica: pronome reflexivo para &#8220;voc\u00ea&#8221; informal).<br \/>\n9. \u0627\u0648 \u062e\u0648\u062f\u0634 \u0631\u0627 \u0628\u0647 \u062e\u0648\u0628\u06cc \u0645\u06cc\u200c\u0634\u0646\u0627\u0633\u062f. (Dica: pronome reflexivo para &#8220;ele\/ela&#8221;).<br \/>\n10. \u0645\u0627 \u0647\u0645\u06cc\u0634\u0647 \u0628\u0627\u06cc\u062f *\u062e\u0648\u062f\u0645\u0627\u0646* \u0631\u0627 \u062a\u0634\u0648\u06cc\u0642 \u06a9\u0646\u06cc\u0645. (Dica: pronome reflexivo para &#8220;n\u00f3s&#8221; enfatizando a\u00e7\u00e3o pessoal).\n<\/div>\n<div class=\"exercise\"><\/div>\n<h3>Exerc\u00edcio 2: Complete com o Pronome Reflexivo Correto em Persa<\/h3>\n<div class=\"input_sentences\">\n1. \u0645\u0646 \u0628\u0647 *\u062e\u0648\u062f\u0645* \u0627\u0641\u062a\u062e\u0627\u0631 \u0645\u06cc\u200c\u06a9\u0646\u0645. (Dica: use o pronome reflexivo para &#8220;eu&#8221;).<br \/>\n2. \u062a\u0648 \u0628\u0627\u06cc\u062f \u0628\u0647 *\u062e\u0648\u062f\u062a* \u0627\u062d\u062a\u0631\u0627\u0645 \u0628\u06af\u0630\u0627\u0631\u06cc. (Dica: pronome reflexivo para &#8220;voc\u00ea&#8221; singular informal).<br \/>\n3. \u0627\u0648 \u0628\u0627\u06cc\u062f \u0628\u0647 *\u062e\u0648\u062f\u0634* \u062a\u0648\u062c\u0647 \u06a9\u0646\u062f. (Dica: pronome reflexivo para &#8220;ele\/ela&#8221;).<br \/>\n4. \u0645\u0627 \u0628\u0647 *\u062e\u0648\u062f\u0645\u0627\u0646* \u0627\u0639\u062a\u0645\u0627\u062f \u062f\u0627\u0631\u06cc\u0645. (Dica: pronome reflexivo para &#8220;n\u00f3s&#8221;).<br \/>\n5. \u0634\u0645\u0627 \u0628\u0627\u06cc\u062f \u0628\u0647 *\u062e\u0648\u062f\u062a\u0627\u0646* \u0627\u0641\u062a\u062e\u0627\u0631 \u06a9\u0646\u06cc\u062f. (Dica: pronome reflexivo para &#8220;voc\u00eas&#8221; ou &#8220;voc\u00ea&#8221; formal).<br \/>\n6. \u0622\u0646\u0647\u0627 \u0628\u0647 *\u062e\u0648\u062f\u0634\u0627\u0646* \u0627\u0647\u0645\u06cc\u062a \u0645\u06cc\u200c\u062f\u0647\u0646\u062f. (Dica: pronome reflexivo para &#8220;eles\/elas&#8221;).<br \/>\n7. \u0645\u0646 \u0647\u0645\u06cc\u0634\u0647 \u0628\u0647 *\u062e\u0648\u062f\u0645* \u0642\u0648\u0644 \u0645\u06cc\u200c\u062f\u0647\u0645. (Dica: pronome reflexivo para &#8220;eu&#8221;).<br \/>\n8. \u062a\u0648 \u0628\u0627\u06cc\u062f *\u062e\u0648\u062f\u062a* \u0631\u0627 \u0628\u0634\u0646\u0627\u0633\u06cc. (Dica: pronome reflexivo para &#8220;voc\u00ea&#8221; singular).<br \/>\n9. \u0627\u0648 \u062e\u0648\u062f\u0634 \u0631\u0627 \u062f\u0631 \u06a9\u0627\u0631\u0634 \u0646\u0634\u0627\u0646 \u0645\u06cc\u200c\u062f\u0647\u062f. (Dica: pronome reflexivo para &#8220;ele\/ela&#8221;).<br \/>\n10. \u0645\u0627 \u0628\u0627\u06cc\u062f *\u062e\u0648\u062f\u0645\u0627\u0646* \u0631\u0627 \u0628\u0647\u062a\u0631 \u06a9\u0646\u06cc\u0645. (Dica: pronome reflexivo para &#8220;n\u00f3s&#8221; enfatizando o esfor\u00e7o pr\u00f3prio).\n<\/div>\n<div class=\"exercise\"><\/div>\n","protected":false},"featured_media":1527749,"parent":0,"menu_order":0,"template":"","exercise_language":[19553,19560],"class_list":["post-1159353","grammar_exercises","type-grammar_exercises","status-publish","has-post-thumbnail","hentry","exercise_language-exercicios-persas","exercise_language-pronomes-determinantes-gramatica-persa"],"acf":[],"yoast_head":"<!-- This site is optimized with the Yoast SEO Premium plugin v27.2 (Yoast SEO v27.2) - https:\/\/yoast.com\/product\/yoast-seo-premium-wordpress\/ -->\n<title>Exerc\u00edcios de pronomes reflexivos para gram\u00e1tica persa - Talkpal<\/title>\n<meta name=\"description\" content=\"Os pronomes reflexivos em persa s\u00e3o usados para indicar que o sujeito e o objeto da frase s\u00e3o a mesma pessoa. Neste exerc\u00edcio, voc\u00ea praticar\u00e1 o uso\" \/>\n<meta name=\"robots\" content=\"index, follow, max-snippet:-1, max-image-preview:large, max-video-preview:-1\" \/>\n<link rel=\"canonical\" href=\"https:\/\/talkpal.ai\/pt-pt\/grammar_exercises\/exercicios-de-pronomes-reflexivos-para-gramatica-persa\/\" \/>\n<meta property=\"og:locale\" content=\"pt_PT\" \/>\n<meta property=\"og:type\" content=\"article\" \/>\n<meta property=\"og:title\" content=\"Exerc\u00edcios de pronomes reflexivos para gram\u00e1tica persa\" \/>\n<meta property=\"og:description\" content=\"Os pronomes reflexivos em persa s\u00e3o usados para indicar que o sujeito e o objeto da frase s\u00e3o a mesma pessoa. Neste exerc\u00edcio, voc\u00ea praticar\u00e1 o uso\" \/>\n<meta property=\"og:url\" content=\"https:\/\/talkpal.ai\/pt-pt\/grammar_exercises\/exercicios-de-pronomes-reflexivos-para-gramatica-persa\/\" \/>\n<meta property=\"og:site_name\" content=\"Talkpal\" \/>\n<meta property=\"article:publisher\" content=\"https:\/\/www.facebook.com\/profile.php?id=100090733639311\" \/>\n<meta property=\"og:image\" content=\"https:\/\/talkpal.ai\/wp-content\/uploads\/2025\/02\/Progress-tab-16_9.png\" \/>\n\t<meta property=\"og:image:width\" content=\"2880\" \/>\n\t<meta property=\"og:image:height\" content=\"1620\" \/>\n\t<meta property=\"og:image:type\" content=\"image\/png\" \/>\n<meta name=\"twitter:card\" content=\"summary_large_image\" \/>\n<meta name=\"twitter:site\" content=\"@talkpalai\" \/>\n<meta name=\"twitter:label1\" content=\"Tempo estimado de leitura\" \/>\n\t<meta name=\"twitter:data1\" content=\"1 minuto\" \/>\n<script type=\"application\/ld+json\" class=\"yoast-schema-graph\">{\"@context\":\"https:\/\/schema.org\",\"@graph\":[{\"@type\":\"WebPage\",\"@id\":\"https:\/\/talkpal.ai\/pt-pt\/grammar_exercises\/exercicios-de-pronomes-reflexivos-para-gramatica-persa\/\",\"url\":\"https:\/\/talkpal.ai\/pt-pt\/grammar_exercises\/exercicios-de-pronomes-reflexivos-para-gramatica-persa\/\",\"name\":\"Exerc\u00edcios de pronomes reflexivos para gram\u00e1tica persa - Talkpal\",\"isPartOf\":{\"@id\":\"https:\/\/talkpal.ai\/pt-pt\/#website\"},\"primaryImageOfPage\":{\"@id\":\"https:\/\/talkpal.ai\/pt-pt\/grammar_exercises\/exercicios-de-pronomes-reflexivos-para-gramatica-persa\/#primaryimage\"},\"image\":{\"@id\":\"https:\/\/talkpal.ai\/pt-pt\/grammar_exercises\/exercicios-de-pronomes-reflexivos-para-gramatica-persa\/#primaryimage\"},\"thumbnailUrl\":\"https:\/\/talkpal.ai\/wp-content\/uploads\/2025\/12\/lessons-are-viewed-to-learn-languages.webp\",\"datePublished\":\"2025-07-06T14:48:31+00:00\",\"description\":\"Os pronomes reflexivos em persa s\u00e3o usados para indicar que o sujeito e o objeto da frase s\u00e3o a mesma pessoa. Neste exerc\u00edcio, voc\u00ea praticar\u00e1 o uso\",\"breadcrumb\":{\"@id\":\"https:\/\/talkpal.ai\/pt-pt\/grammar_exercises\/exercicios-de-pronomes-reflexivos-para-gramatica-persa\/#breadcrumb\"},\"inLanguage\":\"pt-PT\",\"potentialAction\":[{\"@type\":\"ReadAction\",\"target\":[\"https:\/\/talkpal.ai\/pt-pt\/grammar_exercises\/exercicios-de-pronomes-reflexivos-para-gramatica-persa\/\"]}]},{\"@type\":\"ImageObject\",\"inLanguage\":\"pt-PT\",\"@id\":\"https:\/\/talkpal.ai\/pt-pt\/grammar_exercises\/exercicios-de-pronomes-reflexivos-para-gramatica-persa\/#primaryimage\",\"url\":\"https:\/\/talkpal.ai\/wp-content\/uploads\/2025\/12\/lessons-are-viewed-to-learn-languages.webp\",\"contentUrl\":\"https:\/\/talkpal.ai\/wp-content\/uploads\/2025\/12\/lessons-are-viewed-to-learn-languages.webp\",\"width\":1200,\"height\":896,\"caption\":\"Digital lessons are viewed by people at laptops in a modern office space for learning languages.\"},{\"@type\":\"BreadcrumbList\",\"@id\":\"https:\/\/talkpal.ai\/pt-pt\/grammar_exercises\/exercicios-de-pronomes-reflexivos-para-gramatica-persa\/#breadcrumb\",\"itemListElement\":[{\"@type\":\"ListItem\",\"position\":1,\"name\":\"Homepage\",\"item\":\"https:\/\/talkpal.ai\/pt-pt\/\"},{\"@type\":\"ListItem\",\"position\":2,\"name\":\"Exerc\u00edcios de pronomes reflexivos para gram\u00e1tica persa\"}]},{\"@type\":\"WebSite\",\"@id\":\"https:\/\/talkpal.ai\/pt-pt\/#website\",\"url\":\"https:\/\/talkpal.ai\/pt-pt\/\",\"name\":\"Talkpal\",\"description\":\"AI Language Learning\",\"publisher\":{\"@id\":\"https:\/\/talkpal.ai\/pt-pt\/#organization\"},\"alternateName\":\"Talkpal AI\",\"potentialAction\":[{\"@type\":\"SearchAction\",\"target\":{\"@type\":\"EntryPoint\",\"urlTemplate\":\"https:\/\/talkpal.ai\/pt-pt\/?s={search_term_string}\"},\"query-input\":{\"@type\":\"PropertyValueSpecification\",\"valueRequired\":true,\"valueName\":\"search_term_string\"}}],\"inLanguage\":\"pt-PT\"},{\"@type\":\"Organization\",\"@id\":\"https:\/\/talkpal.ai\/pt-pt\/#organization\",\"name\":\"Talkpal, Inc.\",\"alternateName\":\"Talkpal AI\",\"url\":\"https:\/\/talkpal.ai\/pt-pt\/\",\"logo\":{\"@type\":\"ImageObject\",\"inLanguage\":\"pt-PT\",\"@id\":\"https:\/\/talkpal.ai\/pt-pt\/#\/schema\/logo\/image\/\",\"url\":\"https:\/\/talkpal.ai\/wp-content\/uploads\/2024\/03\/Talkpal-Logo-Icon.png\",\"contentUrl\":\"https:\/\/talkpal.ai\/wp-content\/uploads\/2024\/03\/Talkpal-Logo-Icon.png\",\"width\":2880,\"height\":2880,\"caption\":\"Talkpal, Inc.\"},\"image\":{\"@id\":\"https:\/\/talkpal.ai\/pt-pt\/#\/schema\/logo\/image\/\"},\"sameAs\":[\"https:\/\/www.facebook.com\/profile.php?id=100090733639311\",\"https:\/\/x.com\/talkpalai\",\"https:\/\/www.linkedin.com\/company\/talkpal\/\",\"https:\/\/www.youtube.com\/@TalkPal\/\",\"https:\/\/www.tiktok.com\/@talkpal\",\"https:\/\/www.instagram.com\/talkpal_ai\/\",\"https:\/\/www.crunchbase.com\/organization\/talkpal-9cde\",\"https:\/\/www.g2.com\/products\/talkpal-for-business\/\",\"https:\/\/www.trustpilot.com\/review\/talkpal.ai\",\"https:\/\/www.capterra.com\/p\/10006800\/TalkPal\/\"],\"description\":\"Talkpal is a language learning web and mobile education app, powered by the latest AI technologies, that provides engaging experiences to its customers in many different languages to help them improve their language skills. Users can chat about unlimited amount of topics with the app and use other modes to practice their language learning.\",\"email\":\"support@talkpal.ai\",\"legalName\":\"Talkpal, Inc.\",\"foundingDate\":\"2023-04-03\",\"duns\":\"118989042\",\"numberOfEmployees\":{\"@type\":\"QuantitativeValue\",\"minValue\":\"11\",\"maxValue\":\"50\"},\"publishingPrinciples\":\"https:\/\/talkpal.ai\/publishing-principles\/\",\"actionableFeedbackPolicy\":\"https:\/\/talkpal.ai\/actionable-feedback-policy\/\",\"correctionsPolicy\":\"https:\/\/talkpal.ai\/corrections-policy\/\",\"ethicsPolicy\":\"https:\/\/talkpal.ai\/ethics-policy\/\",\"diversityPolicy\":\"https:\/\/talkpal.ai\/diversity-policy\/\",\"diversityStaffingReport\":\"https:\/\/talkpal.ai\/diversity-policy\/\"}]}<\/script>\n<!-- \/ Yoast SEO Premium plugin. -->","yoast_head_json":{"title":"Exerc\u00edcios de pronomes reflexivos para gram\u00e1tica persa - Talkpal","description":"Os pronomes reflexivos em persa s\u00e3o usados para indicar que o sujeito e o objeto da frase s\u00e3o a mesma pessoa. Neste exerc\u00edcio, voc\u00ea praticar\u00e1 o uso","robots":{"index":"index","follow":"follow","max-snippet":"max-snippet:-1","max-image-preview":"max-image-preview:large","max-video-preview":"max-video-preview:-1"},"canonical":"https:\/\/talkpal.ai\/pt-pt\/grammar_exercises\/exercicios-de-pronomes-reflexivos-para-gramatica-persa\/","og_locale":"pt_PT","og_type":"article","og_title":"Exerc\u00edcios de pronomes reflexivos para gram\u00e1tica persa","og_description":"Os pronomes reflexivos em persa s\u00e3o usados para indicar que o sujeito e o objeto da frase s\u00e3o a mesma pessoa. Neste exerc\u00edcio, voc\u00ea praticar\u00e1 o uso","og_url":"https:\/\/talkpal.ai\/pt-pt\/grammar_exercises\/exercicios-de-pronomes-reflexivos-para-gramatica-persa\/","og_site_name":"Talkpal","article_publisher":"https:\/\/www.facebook.com\/profile.php?id=100090733639311","og_image":[{"width":2880,"height":1620,"url":"https:\/\/talkpal.ai\/wp-content\/uploads\/2025\/02\/Progress-tab-16_9.png","type":"image\/png"}],"twitter_card":"summary_large_image","twitter_site":"@talkpalai","twitter_misc":{"Tempo estimado de leitura":"1 minuto"},"schema":{"@context":"https:\/\/schema.org","@graph":[{"@type":"WebPage","@id":"https:\/\/talkpal.ai\/pt-pt\/grammar_exercises\/exercicios-de-pronomes-reflexivos-para-gramatica-persa\/","url":"https:\/\/talkpal.ai\/pt-pt\/grammar_exercises\/exercicios-de-pronomes-reflexivos-para-gramatica-persa\/","name":"Exerc\u00edcios de pronomes reflexivos para gram\u00e1tica persa - Talkpal","isPartOf":{"@id":"https:\/\/talkpal.ai\/pt-pt\/#website"},"primaryImageOfPage":{"@id":"https:\/\/talkpal.ai\/pt-pt\/grammar_exercises\/exercicios-de-pronomes-reflexivos-para-gramatica-persa\/#primaryimage"},"image":{"@id":"https:\/\/talkpal.ai\/pt-pt\/grammar_exercises\/exercicios-de-pronomes-reflexivos-para-gramatica-persa\/#primaryimage"},"thumbnailUrl":"https:\/\/talkpal.ai\/wp-content\/uploads\/2025\/12\/lessons-are-viewed-to-learn-languages.webp","datePublished":"2025-07-06T14:48:31+00:00","description":"Os pronomes reflexivos em persa s\u00e3o usados para indicar que o sujeito e o objeto da frase s\u00e3o a mesma pessoa. Neste exerc\u00edcio, voc\u00ea praticar\u00e1 o uso","breadcrumb":{"@id":"https:\/\/talkpal.ai\/pt-pt\/grammar_exercises\/exercicios-de-pronomes-reflexivos-para-gramatica-persa\/#breadcrumb"},"inLanguage":"pt-PT","potentialAction":[{"@type":"ReadAction","target":["https:\/\/talkpal.ai\/pt-pt\/grammar_exercises\/exercicios-de-pronomes-reflexivos-para-gramatica-persa\/"]}]},{"@type":"ImageObject","inLanguage":"pt-PT","@id":"https:\/\/talkpal.ai\/pt-pt\/grammar_exercises\/exercicios-de-pronomes-reflexivos-para-gramatica-persa\/#primaryimage","url":"https:\/\/talkpal.ai\/wp-content\/uploads\/2025\/12\/lessons-are-viewed-to-learn-languages.webp","contentUrl":"https:\/\/talkpal.ai\/wp-content\/uploads\/2025\/12\/lessons-are-viewed-to-learn-languages.webp","width":1200,"height":896,"caption":"Digital lessons are viewed by people at laptops in a modern office space for learning languages."},{"@type":"BreadcrumbList","@id":"https:\/\/talkpal.ai\/pt-pt\/grammar_exercises\/exercicios-de-pronomes-reflexivos-para-gramatica-persa\/#breadcrumb","itemListElement":[{"@type":"ListItem","position":1,"name":"Homepage","item":"https:\/\/talkpal.ai\/pt-pt\/"},{"@type":"ListItem","position":2,"name":"Exerc\u00edcios de pronomes reflexivos para gram\u00e1tica persa"}]},{"@type":"WebSite","@id":"https:\/\/talkpal.ai\/pt-pt\/#website","url":"https:\/\/talkpal.ai\/pt-pt\/","name":"Talkpal","description":"AI Language Learning","publisher":{"@id":"https:\/\/talkpal.ai\/pt-pt\/#organization"},"alternateName":"Talkpal AI","potentialAction":[{"@type":"SearchAction","target":{"@type":"EntryPoint","urlTemplate":"https:\/\/talkpal.ai\/pt-pt\/?s={search_term_string}"},"query-input":{"@type":"PropertyValueSpecification","valueRequired":true,"valueName":"search_term_string"}}],"inLanguage":"pt-PT"},{"@type":"Organization","@id":"https:\/\/talkpal.ai\/pt-pt\/#organization","name":"Talkpal, Inc.","alternateName":"Talkpal AI","url":"https:\/\/talkpal.ai\/pt-pt\/","logo":{"@type":"ImageObject","inLanguage":"pt-PT","@id":"https:\/\/talkpal.ai\/pt-pt\/#\/schema\/logo\/image\/","url":"https:\/\/talkpal.ai\/wp-content\/uploads\/2024\/03\/Talkpal-Logo-Icon.png","contentUrl":"https:\/\/talkpal.ai\/wp-content\/uploads\/2024\/03\/Talkpal-Logo-Icon.png","width":2880,"height":2880,"caption":"Talkpal, Inc."},"image":{"@id":"https:\/\/talkpal.ai\/pt-pt\/#\/schema\/logo\/image\/"},"sameAs":["https:\/\/www.facebook.com\/profile.php?id=100090733639311","https:\/\/x.com\/talkpalai","https:\/\/www.linkedin.com\/company\/talkpal\/","https:\/\/www.youtube.com\/@TalkPal\/","https:\/\/www.tiktok.com\/@talkpal","https:\/\/www.instagram.com\/talkpal_ai\/","https:\/\/www.crunchbase.com\/organization\/talkpal-9cde","https:\/\/www.g2.com\/products\/talkpal-for-business\/","https:\/\/www.trustpilot.com\/review\/talkpal.ai","https:\/\/www.capterra.com\/p\/10006800\/TalkPal\/"],"description":"Talkpal is a language learning web and mobile education app, powered by the latest AI technologies, that provides engaging experiences to its customers in many different languages to help them improve their language skills. Users can chat about unlimited amount of topics with the app and use other modes to practice their language learning.","email":"support@talkpal.ai","legalName":"Talkpal, Inc.","foundingDate":"2023-04-03","duns":"118989042","numberOfEmployees":{"@type":"QuantitativeValue","minValue":"11","maxValue":"50"},"publishingPrinciples":"https:\/\/talkpal.ai\/publishing-principles\/","actionableFeedbackPolicy":"https:\/\/talkpal.ai\/actionable-feedback-policy\/","correctionsPolicy":"https:\/\/talkpal.ai\/corrections-policy\/","ethicsPolicy":"https:\/\/talkpal.ai\/ethics-policy\/","diversityPolicy":"https:\/\/talkpal.ai\/diversity-policy\/","diversityStaffingReport":"https:\/\/talkpal.ai\/diversity-policy\/"}]}},"_links":{"self":[{"href":"https:\/\/talkpal.ai\/pt-pt\/wp-json\/wp\/v2\/grammar_exercises\/1159353","targetHints":{"allow":["GET"]}}],"collection":[{"href":"https:\/\/talkpal.ai\/pt-pt\/wp-json\/wp\/v2\/grammar_exercises"}],"about":[{"href":"https:\/\/talkpal.ai\/pt-pt\/wp-json\/wp\/v2\/types\/grammar_exercises"}],"wp:featuredmedia":[{"embeddable":true,"href":"https:\/\/talkpal.ai\/pt-pt\/wp-json\/wp\/v2\/media\/1527749"}],"wp:attachment":[{"href":"https:\/\/talkpal.ai\/pt-pt\/wp-json\/wp\/v2\/media?parent=1159353"}],"wp:term":[{"taxonomy":"exercise_language","embeddable":true,"href":"https:\/\/talkpal.ai\/pt-pt\/wp-json\/wp\/v2\/exercise_language?post=1159353"}],"curies":[{"name":"wp","href":"https:\/\/api.w.org\/{rel}","templated":true}]}}