{"id":1158861,"date":"2025-07-06T14:40:22","date_gmt":"2025-07-06T14:40:22","guid":{"rendered":"https:\/\/talkpal.ai\/grammar_exercises\/exercicios-de-declinacao-de-adjetivos-para-gramatica-macedonia\/"},"modified":"2025-07-06T14:40:22","modified_gmt":"2025-07-06T14:40:22","slug":"exercicios-de-declinacao-de-adjetivos-para-gramatica-macedonia","status":"publish","type":"grammar_exercises","link":"https:\/\/talkpal.ai\/pt-pt\/grammar_exercises\/exercicios-de-declinacao-de-adjetivos-para-gramatica-macedonia\/","title":{"rendered":"Exerc\u00edcios de declina\u00e7\u00e3o de adjetivos para gram\u00e1tica maced\u00f4nia"},"content":{"rendered":"<p>Os exerc\u00edcios a seguir focam na <a href=\"https:\/\/talkpal.ai\/pt-pt\/grammar\/adjetivo-declinacao-na-gramatica\/\">declina\u00e7\u00e3o de adjetivos<\/a> na <a href=\"https:\/\/talkpal.ai\/macedonian-grammar\/\">gram\u00e1tica maced\u00f4nia<\/a>. Voc\u00ea praticar\u00e1 a concord\u00e2ncia de g\u00eanero, n\u00famero e caso dos adjetivos com os substantivos correspondentes. Leia atentamente o contexto e utilize as termina\u00e7\u00f5es corretas dos adjetivos. As dicas em <a href=\"https:\/\/talkpal.ai\/learn-portuguese\/\">portugu\u00eas<\/a> ajudar\u00e3o a entender qual forma \u00e9 necess\u00e1ria em cada frase.<\/p>\n<h3>Exerc\u00edcio 1: Declina\u00e7\u00e3o de adjetivos no nominativo singular<\/h3>\n<div class=\"input_sentences\">\n1. \u0422\u043e\u0430 \u0435 *\u0443\u0431\u0430\u0432* \u0434\u0435\u043d. (Use a forma masculina singular do adjetivo &#8220;\u0443\u0431\u0430\u0432&#8221; para o sujeito no nominativo.)<br \/>\n2. \u0422\u0430\u0430 \u0438\u043c\u0430 *\u0443\u0431\u0430\u0432\u0430* \u043a\u043d\u0438\u0433\u0430. (Use a forma feminina singular do adjetivo &#8220;\u0443\u0431\u0430\u0432&#8221; para o objeto feminino no nominativo.)<br \/>\n3. \u0414\u043e\u043c\u043e\u0442 \u0435 *\u0433\u043e\u043b\u0435\u043c*. (Use a forma masculina singular para &#8220;\u0434\u043e\u043c&#8221; no nominativo.)<br \/>\n4. \u041c\u0430\u0458\u043a\u0430\u0442\u0430 \u0433\u043e\u0442\u0432\u0438 *\u0432\u043a\u0443\u0441\u043d\u0430* \u0445\u0440\u0430\u043d\u0430. (Adjetivo feminino singular para &#8220;\u0445\u0440\u0430\u043d\u0430&#8221; no nominativo.)<br \/>\n5. \u041c\u043e\u043c\u0447\u0435\u0442\u043e \u0435 *\u043c\u043b\u0430\u0434*. (Forma masculina singular do adjetivo &#8220;\u043c\u043b\u0430\u0434&#8221; no nominativo.)<br \/>\n6. \u0414\u0435\u0432\u043e\u0458\u043a\u0430\u0442\u0430 \u0435 *\u043f\u0430\u043c\u0435\u0442\u043d\u0430*. (Adjetivo feminino singular no nominativo.)<br \/>\n7. \u041a\u043d\u0438\u0433\u0430\u0442\u0430 \u0435 *\u0438\u043d\u0442\u0435\u0440\u0435\u0441\u043d\u0430*. (Feminino singular no nominativo.)<br \/>\n8. \u0410\u0432\u0442\u043e\u043c\u043e\u0431\u0438\u043b\u043e\u0442 \u0435 *\u0431\u0440\u0437*. (Masculino singular no nominativo.)<br \/>\n9. \u041c\u0430\u0436\u043e\u0442 \u0435 *\u0441\u0438\u043b\u0435\u043d*. (Masculino singular no nominativo.)<br \/>\n10. \u0416\u0435\u043d\u0430\u0442\u0430 \u0435 *\u0441\u0440\u0435\u045c\u043d\u0430*. (Feminino singular no nominativo.)\n<\/div>\n<div class=\"exercise\"><\/div>\n<h3>Exerc\u00edcio 2: Declina\u00e7\u00e3o de adjetivos no acusativo plural<\/h3>\n<div class=\"input_sentences\">\n1. \u0413\u043b\u0435\u0434\u0430\u043c *\u0443\u0431\u0430\u0432\u0438* \u0446\u0432\u0435\u045c\u0438\u045a\u0430. (Plural do adjetivo &#8220;\u0443\u0431\u0430\u0432&#8221; para o objeto plural no acusativo.)<br \/>\n2. \u041a\u0443\u043f\u0438\u0432 *\u0438\u043d\u0442\u0435\u0440\u0435\u0441\u043d\u0438* \u043a\u043d\u0438\u0433\u0438. (Adjetivo plural para &#8220;\u043a\u043d\u0438\u0433\u0438&#8221; no acusativo.)<br \/>\n3. \u0421\u043b\u0443\u0448\u0430\u043c *\u0434\u043e\u0431\u0440\u0438* \u043f\u0435\u0441\u043d\u0438. (Plural do adjetivo &#8220;\u0434\u043e\u0431\u0430\u0440&#8221; no acusativo.)<br \/>\n4. \u0418\u043c\u0430\u043c\u0435 *\u0433\u043e\u043b\u0435\u043c\u0438* \u0434\u043e\u043c\u043e\u0432\u0438. (Adjetivo plural para &#8220;\u0434\u043e\u043c\u043e\u0432\u0438&#8221; no acusativo.)<br \/>\n5. \u0408\u0430\u0434\u0430\u043c *\u0432\u043a\u0443\u0441\u043d\u0438* \u0458\u0430\u0431\u043e\u043b\u043a\u0430. (Plural do adjetivo &#8220;\u0432\u043a\u0443\u0441\u0435\u043d&#8221; no acusativo.)<br \/>\n6. \u0421\u0430\u043a\u0430\u043c *\u043f\u0430\u043c\u0435\u0442\u043d\u0438* \u043f\u0440\u0438\u0458\u0430\u0442\u0435\u043b\u0438. (Plural do adjetivo &#8220;\u043f\u0430\u043c\u0435\u0442\u0435\u043d&#8221; no acusativo.)<br \/>\n7. \u0412\u0438\u0436\u0434\u0430\u043c *\u043c\u043b\u0430\u0434\u0438* \u043c\u043e\u043c\u0447\u0438\u045a\u0430. (Plural masculino para &#8220;\u043c\u043b\u0430\u0434\u0438&#8221; no acusativo.)<br \/>\n8. \u041f\u0440\u043e\u0434\u0430\u0432\u0430\u043c *\u0431\u0440\u0437\u0438* \u0430\u0432\u0442\u043e\u043c\u043e\u0431\u0438\u043b\u0438. (Plural do adjetivo &#8220;\u0431\u0440\u0437&#8221; no acusativo.)<br \/>\n9. \u041f\u0438\u0458\u0430\u043c *\u0441\u0442\u0443\u0434\u0435\u043d\u0438* \u043f\u0438\u0458\u0430\u043b\u043e\u0446\u0438. (Plural do adjetivo &#8220;\u0441\u0442\u0443\u0434\u0435\u043d&#8221; no acusativo.)<br \/>\n10. \u0427\u0438\u0442\u0430\u043c *\u043d\u043e\u0432\u0438* \u0432\u0435\u0441\u043d\u0438\u0446\u0438. (Plural do adjetivo &#8220;\u043d\u043e\u0432&#8221; no acusativo.)\n<\/div>\n<div class=\"exercise\"><\/div>\n","protected":false},"featured_media":1527937,"parent":0,"menu_order":0,"template":"","exercise_language":[19466,19458],"class_list":["post-1158861","grammar_exercises","type-grammar_exercises","status-publish","has-post-thumbnail","hentry","exercise_language-adjetivos-gramatica-macedonia-pt-pt","exercise_language-exercicios-macedonios"],"acf":[],"yoast_head":"<!-- This site is optimized with the Yoast SEO Premium plugin v27.2 (Yoast SEO v27.2) - https:\/\/yoast.com\/product\/yoast-seo-premium-wordpress\/ -->\n<title>Exerc\u00edcios de declina\u00e7\u00e3o de adjetivos para gram\u00e1tica maced\u00f4nia - Talkpal<\/title>\n<meta name=\"description\" content=\"Os exerc\u00edcios a seguir focam na declina\u00e7\u00e3o de adjetivos na gram\u00e1tica maced\u00f4nia. Voc\u00ea praticar\u00e1 a concord\u00e2ncia de g\u00eanero, n\u00famero e caso dos adjetivos com\" \/>\n<meta name=\"robots\" content=\"index, follow, max-snippet:-1, max-image-preview:large, max-video-preview:-1\" \/>\n<link rel=\"canonical\" href=\"https:\/\/talkpal.ai\/pt-pt\/grammar_exercises\/exercicios-de-declinacao-de-adjetivos-para-gramatica-macedonia\/\" \/>\n<meta property=\"og:locale\" content=\"pt_PT\" \/>\n<meta property=\"og:type\" content=\"article\" \/>\n<meta property=\"og:title\" content=\"Exerc\u00edcios de declina\u00e7\u00e3o de adjetivos para gram\u00e1tica maced\u00f4nia\" \/>\n<meta property=\"og:description\" content=\"Os exerc\u00edcios a seguir focam na declina\u00e7\u00e3o de adjetivos na gram\u00e1tica maced\u00f4nia. Voc\u00ea praticar\u00e1 a concord\u00e2ncia de g\u00eanero, n\u00famero e caso dos adjetivos com\" \/>\n<meta property=\"og:url\" content=\"https:\/\/talkpal.ai\/pt-pt\/grammar_exercises\/exercicios-de-declinacao-de-adjetivos-para-gramatica-macedonia\/\" \/>\n<meta property=\"og:site_name\" content=\"Talkpal\" \/>\n<meta property=\"article:publisher\" content=\"https:\/\/www.facebook.com\/profile.php?id=100090733639311\" \/>\n<meta property=\"og:image\" content=\"https:\/\/talkpal.ai\/wp-content\/uploads\/2025\/02\/Progress-tab-16_9.png\" \/>\n\t<meta property=\"og:image:width\" content=\"2880\" \/>\n\t<meta property=\"og:image:height\" content=\"1620\" \/>\n\t<meta property=\"og:image:type\" content=\"image\/png\" \/>\n<meta name=\"twitter:card\" content=\"summary_large_image\" \/>\n<meta name=\"twitter:site\" content=\"@talkpalai\" \/>\n<meta name=\"twitter:label1\" content=\"Tempo estimado de leitura\" \/>\n\t<meta name=\"twitter:data1\" content=\"1 minuto\" \/>\n<script type=\"application\/ld+json\" class=\"yoast-schema-graph\">{\"@context\":\"https:\/\/schema.org\",\"@graph\":[{\"@type\":\"WebPage\",\"@id\":\"https:\/\/talkpal.ai\/pt-pt\/grammar_exercises\/exercicios-de-declinacao-de-adjetivos-para-gramatica-macedonia\/\",\"url\":\"https:\/\/talkpal.ai\/pt-pt\/grammar_exercises\/exercicios-de-declinacao-de-adjetivos-para-gramatica-macedonia\/\",\"name\":\"Exerc\u00edcios de declina\u00e7\u00e3o de adjetivos para gram\u00e1tica maced\u00f4nia - Talkpal\",\"isPartOf\":{\"@id\":\"https:\/\/talkpal.ai\/pt-pt\/#website\"},\"primaryImageOfPage\":{\"@id\":\"https:\/\/talkpal.ai\/pt-pt\/grammar_exercises\/exercicios-de-declinacao-de-adjetivos-para-gramatica-macedonia\/#primaryimage\"},\"image\":{\"@id\":\"https:\/\/talkpal.ai\/pt-pt\/grammar_exercises\/exercicios-de-declinacao-de-adjetivos-para-gramatica-macedonia\/#primaryimage\"},\"thumbnailUrl\":\"https:\/\/talkpal.ai\/wp-content\/uploads\/2025\/12\/students-discuss-lessons-to-learn-languages.webp\",\"datePublished\":\"2025-07-06T14:40:22+00:00\",\"description\":\"Os exerc\u00edcios a seguir focam na declina\u00e7\u00e3o de adjetivos na gram\u00e1tica maced\u00f4nia. Voc\u00ea praticar\u00e1 a concord\u00e2ncia de g\u00eanero, n\u00famero e caso dos adjetivos com\",\"breadcrumb\":{\"@id\":\"https:\/\/talkpal.ai\/pt-pt\/grammar_exercises\/exercicios-de-declinacao-de-adjetivos-para-gramatica-macedonia\/#breadcrumb\"},\"inLanguage\":\"pt-PT\",\"potentialAction\":[{\"@type\":\"ReadAction\",\"target\":[\"https:\/\/talkpal.ai\/pt-pt\/grammar_exercises\/exercicios-de-declinacao-de-adjetivos-para-gramatica-macedonia\/\"]}]},{\"@type\":\"ImageObject\",\"inLanguage\":\"pt-PT\",\"@id\":\"https:\/\/talkpal.ai\/pt-pt\/grammar_exercises\/exercicios-de-declinacao-de-adjetivos-para-gramatica-macedonia\/#primaryimage\",\"url\":\"https:\/\/talkpal.ai\/wp-content\/uploads\/2025\/12\/students-discuss-lessons-to-learn-languages.webp\",\"contentUrl\":\"https:\/\/talkpal.ai\/wp-content\/uploads\/2025\/12\/students-discuss-lessons-to-learn-languages.webp\",\"width\":1200,\"height\":896,\"caption\":\"A group of students gather at a table with books to discuss lessons for learning languages.\"},{\"@type\":\"BreadcrumbList\",\"@id\":\"https:\/\/talkpal.ai\/pt-pt\/grammar_exercises\/exercicios-de-declinacao-de-adjetivos-para-gramatica-macedonia\/#breadcrumb\",\"itemListElement\":[{\"@type\":\"ListItem\",\"position\":1,\"name\":\"Homepage\",\"item\":\"https:\/\/talkpal.ai\/pt-pt\/\"},{\"@type\":\"ListItem\",\"position\":2,\"name\":\"Exerc\u00edcios de declina\u00e7\u00e3o de adjetivos para gram\u00e1tica maced\u00f4nia\"}]},{\"@type\":\"WebSite\",\"@id\":\"https:\/\/talkpal.ai\/pt-pt\/#website\",\"url\":\"https:\/\/talkpal.ai\/pt-pt\/\",\"name\":\"Talkpal\",\"description\":\"AI Language Learning\",\"publisher\":{\"@id\":\"https:\/\/talkpal.ai\/pt-pt\/#organization\"},\"alternateName\":\"Talkpal AI\",\"potentialAction\":[{\"@type\":\"SearchAction\",\"target\":{\"@type\":\"EntryPoint\",\"urlTemplate\":\"https:\/\/talkpal.ai\/pt-pt\/?s={search_term_string}\"},\"query-input\":{\"@type\":\"PropertyValueSpecification\",\"valueRequired\":true,\"valueName\":\"search_term_string\"}}],\"inLanguage\":\"pt-PT\"},{\"@type\":\"Organization\",\"@id\":\"https:\/\/talkpal.ai\/pt-pt\/#organization\",\"name\":\"Talkpal, Inc.\",\"alternateName\":\"Talkpal AI\",\"url\":\"https:\/\/talkpal.ai\/pt-pt\/\",\"logo\":{\"@type\":\"ImageObject\",\"inLanguage\":\"pt-PT\",\"@id\":\"https:\/\/talkpal.ai\/pt-pt\/#\/schema\/logo\/image\/\",\"url\":\"https:\/\/talkpal.ai\/wp-content\/uploads\/2024\/03\/Talkpal-Logo-Icon.png\",\"contentUrl\":\"https:\/\/talkpal.ai\/wp-content\/uploads\/2024\/03\/Talkpal-Logo-Icon.png\",\"width\":2880,\"height\":2880,\"caption\":\"Talkpal, Inc.\"},\"image\":{\"@id\":\"https:\/\/talkpal.ai\/pt-pt\/#\/schema\/logo\/image\/\"},\"sameAs\":[\"https:\/\/www.facebook.com\/profile.php?id=100090733639311\",\"https:\/\/x.com\/talkpalai\",\"https:\/\/www.linkedin.com\/company\/talkpal\/\",\"https:\/\/www.youtube.com\/@TalkPal\/\",\"https:\/\/www.tiktok.com\/@talkpal\",\"https:\/\/www.instagram.com\/talkpal_ai\/\",\"https:\/\/www.crunchbase.com\/organization\/talkpal-9cde\",\"https:\/\/www.g2.com\/products\/talkpal-for-business\/\",\"https:\/\/www.trustpilot.com\/review\/talkpal.ai\",\"https:\/\/www.capterra.com\/p\/10006800\/TalkPal\/\"],\"description\":\"Talkpal is a language learning web and mobile education app, powered by the latest AI technologies, that provides engaging experiences to its customers in many different languages to help them improve their language skills. Users can chat about unlimited amount of topics with the app and use other modes to practice their language learning.\",\"email\":\"support@talkpal.ai\",\"legalName\":\"Talkpal, Inc.\",\"foundingDate\":\"2023-04-03\",\"duns\":\"118989042\",\"numberOfEmployees\":{\"@type\":\"QuantitativeValue\",\"minValue\":\"11\",\"maxValue\":\"50\"},\"publishingPrinciples\":\"https:\/\/talkpal.ai\/publishing-principles\/\",\"actionableFeedbackPolicy\":\"https:\/\/talkpal.ai\/actionable-feedback-policy\/\",\"correctionsPolicy\":\"https:\/\/talkpal.ai\/corrections-policy\/\",\"ethicsPolicy\":\"https:\/\/talkpal.ai\/ethics-policy\/\",\"diversityPolicy\":\"https:\/\/talkpal.ai\/diversity-policy\/\",\"diversityStaffingReport\":\"https:\/\/talkpal.ai\/diversity-policy\/\"}]}<\/script>\n<!-- \/ Yoast SEO Premium plugin. -->","yoast_head_json":{"title":"Exerc\u00edcios de declina\u00e7\u00e3o de adjetivos para gram\u00e1tica maced\u00f4nia - Talkpal","description":"Os exerc\u00edcios a seguir focam na declina\u00e7\u00e3o de adjetivos na gram\u00e1tica maced\u00f4nia. Voc\u00ea praticar\u00e1 a concord\u00e2ncia de g\u00eanero, n\u00famero e caso dos adjetivos com","robots":{"index":"index","follow":"follow","max-snippet":"max-snippet:-1","max-image-preview":"max-image-preview:large","max-video-preview":"max-video-preview:-1"},"canonical":"https:\/\/talkpal.ai\/pt-pt\/grammar_exercises\/exercicios-de-declinacao-de-adjetivos-para-gramatica-macedonia\/","og_locale":"pt_PT","og_type":"article","og_title":"Exerc\u00edcios de declina\u00e7\u00e3o de adjetivos para gram\u00e1tica maced\u00f4nia","og_description":"Os exerc\u00edcios a seguir focam na declina\u00e7\u00e3o de adjetivos na gram\u00e1tica maced\u00f4nia. Voc\u00ea praticar\u00e1 a concord\u00e2ncia de g\u00eanero, n\u00famero e caso dos adjetivos com","og_url":"https:\/\/talkpal.ai\/pt-pt\/grammar_exercises\/exercicios-de-declinacao-de-adjetivos-para-gramatica-macedonia\/","og_site_name":"Talkpal","article_publisher":"https:\/\/www.facebook.com\/profile.php?id=100090733639311","og_image":[{"width":2880,"height":1620,"url":"https:\/\/talkpal.ai\/wp-content\/uploads\/2025\/02\/Progress-tab-16_9.png","type":"image\/png"}],"twitter_card":"summary_large_image","twitter_site":"@talkpalai","twitter_misc":{"Tempo estimado de leitura":"1 minuto"},"schema":{"@context":"https:\/\/schema.org","@graph":[{"@type":"WebPage","@id":"https:\/\/talkpal.ai\/pt-pt\/grammar_exercises\/exercicios-de-declinacao-de-adjetivos-para-gramatica-macedonia\/","url":"https:\/\/talkpal.ai\/pt-pt\/grammar_exercises\/exercicios-de-declinacao-de-adjetivos-para-gramatica-macedonia\/","name":"Exerc\u00edcios de declina\u00e7\u00e3o de adjetivos para gram\u00e1tica maced\u00f4nia - Talkpal","isPartOf":{"@id":"https:\/\/talkpal.ai\/pt-pt\/#website"},"primaryImageOfPage":{"@id":"https:\/\/talkpal.ai\/pt-pt\/grammar_exercises\/exercicios-de-declinacao-de-adjetivos-para-gramatica-macedonia\/#primaryimage"},"image":{"@id":"https:\/\/talkpal.ai\/pt-pt\/grammar_exercises\/exercicios-de-declinacao-de-adjetivos-para-gramatica-macedonia\/#primaryimage"},"thumbnailUrl":"https:\/\/talkpal.ai\/wp-content\/uploads\/2025\/12\/students-discuss-lessons-to-learn-languages.webp","datePublished":"2025-07-06T14:40:22+00:00","description":"Os exerc\u00edcios a seguir focam na declina\u00e7\u00e3o de adjetivos na gram\u00e1tica maced\u00f4nia. Voc\u00ea praticar\u00e1 a concord\u00e2ncia de g\u00eanero, n\u00famero e caso dos adjetivos com","breadcrumb":{"@id":"https:\/\/talkpal.ai\/pt-pt\/grammar_exercises\/exercicios-de-declinacao-de-adjetivos-para-gramatica-macedonia\/#breadcrumb"},"inLanguage":"pt-PT","potentialAction":[{"@type":"ReadAction","target":["https:\/\/talkpal.ai\/pt-pt\/grammar_exercises\/exercicios-de-declinacao-de-adjetivos-para-gramatica-macedonia\/"]}]},{"@type":"ImageObject","inLanguage":"pt-PT","@id":"https:\/\/talkpal.ai\/pt-pt\/grammar_exercises\/exercicios-de-declinacao-de-adjetivos-para-gramatica-macedonia\/#primaryimage","url":"https:\/\/talkpal.ai\/wp-content\/uploads\/2025\/12\/students-discuss-lessons-to-learn-languages.webp","contentUrl":"https:\/\/talkpal.ai\/wp-content\/uploads\/2025\/12\/students-discuss-lessons-to-learn-languages.webp","width":1200,"height":896,"caption":"A group of students gather at a table with books to discuss lessons for learning languages."},{"@type":"BreadcrumbList","@id":"https:\/\/talkpal.ai\/pt-pt\/grammar_exercises\/exercicios-de-declinacao-de-adjetivos-para-gramatica-macedonia\/#breadcrumb","itemListElement":[{"@type":"ListItem","position":1,"name":"Homepage","item":"https:\/\/talkpal.ai\/pt-pt\/"},{"@type":"ListItem","position":2,"name":"Exerc\u00edcios de declina\u00e7\u00e3o de adjetivos para gram\u00e1tica maced\u00f4nia"}]},{"@type":"WebSite","@id":"https:\/\/talkpal.ai\/pt-pt\/#website","url":"https:\/\/talkpal.ai\/pt-pt\/","name":"Talkpal","description":"AI Language Learning","publisher":{"@id":"https:\/\/talkpal.ai\/pt-pt\/#organization"},"alternateName":"Talkpal AI","potentialAction":[{"@type":"SearchAction","target":{"@type":"EntryPoint","urlTemplate":"https:\/\/talkpal.ai\/pt-pt\/?s={search_term_string}"},"query-input":{"@type":"PropertyValueSpecification","valueRequired":true,"valueName":"search_term_string"}}],"inLanguage":"pt-PT"},{"@type":"Organization","@id":"https:\/\/talkpal.ai\/pt-pt\/#organization","name":"Talkpal, Inc.","alternateName":"Talkpal AI","url":"https:\/\/talkpal.ai\/pt-pt\/","logo":{"@type":"ImageObject","inLanguage":"pt-PT","@id":"https:\/\/talkpal.ai\/pt-pt\/#\/schema\/logo\/image\/","url":"https:\/\/talkpal.ai\/wp-content\/uploads\/2024\/03\/Talkpal-Logo-Icon.png","contentUrl":"https:\/\/talkpal.ai\/wp-content\/uploads\/2024\/03\/Talkpal-Logo-Icon.png","width":2880,"height":2880,"caption":"Talkpal, Inc."},"image":{"@id":"https:\/\/talkpal.ai\/pt-pt\/#\/schema\/logo\/image\/"},"sameAs":["https:\/\/www.facebook.com\/profile.php?id=100090733639311","https:\/\/x.com\/talkpalai","https:\/\/www.linkedin.com\/company\/talkpal\/","https:\/\/www.youtube.com\/@TalkPal\/","https:\/\/www.tiktok.com\/@talkpal","https:\/\/www.instagram.com\/talkpal_ai\/","https:\/\/www.crunchbase.com\/organization\/talkpal-9cde","https:\/\/www.g2.com\/products\/talkpal-for-business\/","https:\/\/www.trustpilot.com\/review\/talkpal.ai","https:\/\/www.capterra.com\/p\/10006800\/TalkPal\/"],"description":"Talkpal is a language learning web and mobile education app, powered by the latest AI technologies, that provides engaging experiences to its customers in many different languages to help them improve their language skills. Users can chat about unlimited amount of topics with the app and use other modes to practice their language learning.","email":"support@talkpal.ai","legalName":"Talkpal, Inc.","foundingDate":"2023-04-03","duns":"118989042","numberOfEmployees":{"@type":"QuantitativeValue","minValue":"11","maxValue":"50"},"publishingPrinciples":"https:\/\/talkpal.ai\/publishing-principles\/","actionableFeedbackPolicy":"https:\/\/talkpal.ai\/actionable-feedback-policy\/","correctionsPolicy":"https:\/\/talkpal.ai\/corrections-policy\/","ethicsPolicy":"https:\/\/talkpal.ai\/ethics-policy\/","diversityPolicy":"https:\/\/talkpal.ai\/diversity-policy\/","diversityStaffingReport":"https:\/\/talkpal.ai\/diversity-policy\/"}]}},"_links":{"self":[{"href":"https:\/\/talkpal.ai\/pt-pt\/wp-json\/wp\/v2\/grammar_exercises\/1158861","targetHints":{"allow":["GET"]}}],"collection":[{"href":"https:\/\/talkpal.ai\/pt-pt\/wp-json\/wp\/v2\/grammar_exercises"}],"about":[{"href":"https:\/\/talkpal.ai\/pt-pt\/wp-json\/wp\/v2\/types\/grammar_exercises"}],"wp:featuredmedia":[{"embeddable":true,"href":"https:\/\/talkpal.ai\/pt-pt\/wp-json\/wp\/v2\/media\/1527937"}],"wp:attachment":[{"href":"https:\/\/talkpal.ai\/pt-pt\/wp-json\/wp\/v2\/media?parent=1158861"}],"wp:term":[{"taxonomy":"exercise_language","embeddable":true,"href":"https:\/\/talkpal.ai\/pt-pt\/wp-json\/wp\/v2\/exercise_language?post=1158861"}],"curies":[{"name":"wp","href":"https:\/\/api.w.org\/{rel}","templated":true}]}}