{"id":1158364,"date":"2025-07-06T14:32:02","date_gmt":"2025-07-06T14:32:02","guid":{"rendered":"https:\/\/talkpal.ai\/grammar_exercises\/exercicios-de-adjetivos-atributivos-para-gramatica-islandesa\/"},"modified":"2025-07-06T14:32:02","modified_gmt":"2025-07-06T14:32:02","slug":"exercicios-de-adjetivos-atributivos-para-gramatica-islandesa","status":"publish","type":"grammar_exercises","link":"https:\/\/talkpal.ai\/pt-pt\/grammar_exercises\/exercicios-de-adjetivos-atributivos-para-gramatica-islandesa\/","title":{"rendered":"Exerc\u00edcios de Adjetivos Atributivos para Gram\u00e1tica Islandesa"},"content":{"rendered":"<p>Este exerc\u00edcio \u00e9 focado no uso correto dos <a href=\"https:\/\/talkpal.ai\/pt-pt\/grammar\/adjetivos-atributivos-na-gramatica-galega\/\">adjetivos atributivos<\/a> na <a href=\"https:\/\/talkpal.ai\/pt-pt\/o-que-ha-de-especial-na-gramatica-islandesa\/\">gram\u00e1tica islandesa<\/a>. Os adjetivos atributivos concordam em g\u00eanero, n\u00famero e caso com o substantivo que qualificam e aparecem antes do substantivo. Pratique preenchendo as lacunas com os adjetivos adequados, observando as dicas em <a href=\"https:\/\/talkpal.ai\/learn-portuguese\/\">portugu\u00eas<\/a> para entender <a href=\"https:\/\/talkpal.ai\/es\/la-mejor-aplicacion-de-conversacion-con-ia\/\">melhor<\/a> o contexto e a concord\u00e2ncia.<\/p>\n<h3>Exerc\u00edcio 1: Identifica\u00e7\u00e3o de Adjetivos Atributivos em Island\u00eas<\/h3>\n<div class=\"input_sentences\">\n1. \u00deetta er *g\u00f3\u00f0ur* dagur. (Dica: O adjetivo significa &#8220;bom&#8221; e qualifica &#8220;dagur&#8221; &#8211; dia.)<br \/>\n2. H\u00fan hefur *fallegan* kj\u00f3l. (Dica: O adjetivo significa &#8220;bonito&#8221; e est\u00e1 no acusativo masculino singular para &#8220;kj\u00f3l&#8221; &#8211; vestido.)<br \/>\n3. \u00c9g s\u00e9 *gamla* b\u00f3k \u00e1 bor\u00f0inu. (Dica: O adjetivo significa &#8220;velho&#8221; e est\u00e1 no acusativo feminino singular para &#8220;b\u00f3k&#8221; &#8211; livro.)<br \/>\n4. Vi\u00f0 eigum *st\u00f3ran* b\u00edl. (Dica: O adjetivo significa &#8220;grande&#8221; e est\u00e1 no acusativo masculino singular para &#8220;b\u00edl&#8221; &#8211; carro.)<br \/>\n5. \u00deetta er *n\u00fdtt* h\u00fas. (Dica: O adjetivo significa &#8220;novo&#8221; e est\u00e1 no nominativo neutro singular para &#8220;h\u00fas&#8221; &#8211; casa.)<br \/>\n6. Hann bor\u00f0ar *s\u00e6tan* epli. (Dica: O adjetivo significa &#8220;doce&#8221; e est\u00e1 no acusativo masculino singular para &#8220;epli&#8221; &#8211; ma\u00e7\u00e3.)<br \/>\n7. Vi\u00f0 sj\u00e1um *g\u00f3\u00f0u* vini. (Dica: O adjetivo significa &#8220;bom&#8221; e est\u00e1 no acusativo plural para &#8220;vini&#8221; &#8211; amigos.)<br \/>\n8. H\u00fan keypti *litla* k\u00f6ku. (Dica: O adjetivo significa &#8220;pequena&#8221; e est\u00e1 no acusativo feminino singular para &#8220;k\u00f6ku&#8221; &#8211; bolo.)<br \/>\n9. \u00deetta er *gamalt* h\u00fas. (Dica: O adjetivo significa &#8220;velho&#8221; e est\u00e1 no nominativo neutro singular para &#8220;h\u00fas&#8221; &#8211; casa.)<br \/>\n10. \u00deeir b\u00faa \u00ed *fallegu* b\u00e6num. (Dica: O adjetivo significa &#8220;bonito&#8221; e est\u00e1 no dativo singular feminino para &#8220;b\u00e6num&#8221; &#8211; vila.)\n<\/div>\n<div class=\"exercise\"><\/div>\n<h3>Exerc\u00edcio 2: Uso Correto do Adjetivo Atributivo com Substantivos Islandeses<\/h3>\n<div class=\"input_sentences\">\n1. \u00c9g vil kaupa *gott* brau\u00f0. (Dica: O adjetivo significa &#8220;bom&#8221; e est\u00e1 no acusativo neutro singular para &#8220;brau\u00f0&#8221; &#8211; p\u00e3o.)<br \/>\n2. H\u00fan \u00e1 *l\u00edtinn* hund. (Dica: O adjetivo significa &#8220;pequeno&#8221; e est\u00e1 no acusativo masculino singular para &#8220;hund&#8221; &#8211; cachorro.)<br \/>\n3. Vi\u00f0 lesum *g\u00f3\u00f0ar* b\u00e6kur. (Dica: O adjetivo significa &#8220;bom&#8221; e est\u00e1 no acusativo plural feminino para &#8220;b\u00e6kur&#8221; &#8211; livros.)<br \/>\n4. Hann keypti *n\u00fdjan* b\u00edl. (Dica: O adjetivo significa &#8220;novo&#8221; e est\u00e1 no acusativo masculino singular para &#8220;b\u00edl&#8221; &#8211; carro.)<br \/>\n5. \u00deetta er *fallegt* h\u00fas. (Dica: O adjetivo significa &#8220;bonito&#8221; e est\u00e1 no nominativo neutro singular para &#8220;h\u00fas&#8221; &#8211; casa.)<br \/>\n6. H\u00fan er me\u00f0 *gamalt* tungum\u00e1l. (Dica: O adjetivo significa &#8220;velho&#8221; e est\u00e1 no acusativo neutro singular para &#8220;tungum\u00e1l&#8221; &#8211; idioma.)<br \/>\n7. Vi\u00f0 bor\u00f0um *s\u00e6tt* epli. (Dica: O adjetivo significa &#8220;doce&#8221; e est\u00e1 no acusativo neutro singular para &#8220;epli&#8221; &#8211; ma\u00e7\u00e3.)<br \/>\n8. \u00deeir b\u00faa \u00ed *st\u00f3rum* h\u00fasum. (Dica: O adjetivo significa &#8220;grande&#8221; e est\u00e1 no dativo plural para &#8220;h\u00fasum&#8221; &#8211; casas.)<br \/>\n9. H\u00fan hefur *g\u00f3\u00f0an* vin. (Dica: O adjetivo significa &#8220;bom&#8221; e est\u00e1 no acusativo masculino singular para &#8220;vin&#8221; &#8211; amigo.)<br \/>\n10. \u00c9g s\u00e1 *fallega* bl\u00f3m. (Dica: O adjetivo significa &#8220;bonito&#8221; e est\u00e1 no acusativo plural para &#8220;bl\u00f3m&#8221; &#8211; flores.)\n<\/div>\n<div class=\"exercise\"><\/div>\n","protected":false},"featured_media":1528101,"parent":0,"menu_order":0,"template":"","exercise_language":[18366,18352],"class_list":["post-1158364","grammar_exercises","type-grammar_exercises","status-publish","has-post-thumbnail","hentry","exercise_language-adjetivos-gramatica-islandesa-pt-pt","exercise_language-exercicios-islandeses"],"acf":[],"yoast_head":"<!-- This site is optimized with the Yoast SEO Premium plugin v27.2 (Yoast SEO v27.2) - https:\/\/yoast.com\/product\/yoast-seo-premium-wordpress\/ -->\n<title>Exerc\u00edcios de Adjetivos Atributivos para Gram\u00e1tica Islandesa - Talkpal<\/title>\n<meta name=\"description\" content=\"Este exerc\u00edcio \u00e9 focado no uso correto dos adjetivos atributivos na gram\u00e1tica islandesa. Os adjetivos atributivos concordam em g\u00eanero, n\u00famero e caso com o\" \/>\n<meta name=\"robots\" content=\"index, follow, max-snippet:-1, max-image-preview:large, max-video-preview:-1\" \/>\n<link rel=\"canonical\" href=\"https:\/\/talkpal.ai\/pt-pt\/grammar_exercises\/exercicios-de-adjetivos-atributivos-para-gramatica-islandesa\/\" \/>\n<meta property=\"og:locale\" content=\"pt_PT\" \/>\n<meta property=\"og:type\" content=\"article\" \/>\n<meta property=\"og:title\" content=\"Exerc\u00edcios de Adjetivos Atributivos para Gram\u00e1tica Islandesa\" \/>\n<meta property=\"og:description\" content=\"Este exerc\u00edcio \u00e9 focado no uso correto dos adjetivos atributivos na gram\u00e1tica islandesa. Os adjetivos atributivos concordam em g\u00eanero, n\u00famero e caso com o\" \/>\n<meta property=\"og:url\" content=\"https:\/\/talkpal.ai\/pt-pt\/grammar_exercises\/exercicios-de-adjetivos-atributivos-para-gramatica-islandesa\/\" \/>\n<meta property=\"og:site_name\" content=\"Talkpal\" \/>\n<meta property=\"article:publisher\" content=\"https:\/\/www.facebook.com\/profile.php?id=100090733639311\" \/>\n<meta property=\"og:image\" content=\"https:\/\/talkpal.ai\/wp-content\/uploads\/2025\/02\/Progress-tab-16_9.png\" \/>\n\t<meta property=\"og:image:width\" content=\"2880\" \/>\n\t<meta property=\"og:image:height\" content=\"1620\" \/>\n\t<meta property=\"og:image:type\" content=\"image\/png\" \/>\n<meta name=\"twitter:card\" content=\"summary_large_image\" \/>\n<meta name=\"twitter:site\" content=\"@talkpalai\" \/>\n<meta name=\"twitter:label1\" content=\"Tempo estimado de leitura\" \/>\n\t<meta name=\"twitter:data1\" content=\"3 minutos\" \/>\n<script type=\"application\/ld+json\" class=\"yoast-schema-graph\">{\"@context\":\"https:\/\/schema.org\",\"@graph\":[{\"@type\":\"WebPage\",\"@id\":\"https:\/\/talkpal.ai\/pt-pt\/grammar_exercises\/exercicios-de-adjetivos-atributivos-para-gramatica-islandesa\/\",\"url\":\"https:\/\/talkpal.ai\/pt-pt\/grammar_exercises\/exercicios-de-adjetivos-atributivos-para-gramatica-islandesa\/\",\"name\":\"Exerc\u00edcios de Adjetivos Atributivos para Gram\u00e1tica Islandesa - Talkpal\",\"isPartOf\":{\"@id\":\"https:\/\/talkpal.ai\/pt-pt\/#website\"},\"primaryImageOfPage\":{\"@id\":\"https:\/\/talkpal.ai\/pt-pt\/grammar_exercises\/exercicios-de-adjetivos-atributivos-para-gramatica-islandesa\/#primaryimage\"},\"image\":{\"@id\":\"https:\/\/talkpal.ai\/pt-pt\/grammar_exercises\/exercicios-de-adjetivos-atributivos-para-gramatica-islandesa\/#primaryimage\"},\"thumbnailUrl\":\"https:\/\/talkpal.ai\/wp-content\/uploads\/2025\/12\/woman-uses-flashcards-to-learn-languages.webp\",\"datePublished\":\"2025-07-06T14:32:02+00:00\",\"description\":\"Este exerc\u00edcio \u00e9 focado no uso correto dos adjetivos atributivos na gram\u00e1tica islandesa. Os adjetivos atributivos concordam em g\u00eanero, n\u00famero e caso com o\",\"breadcrumb\":{\"@id\":\"https:\/\/talkpal.ai\/pt-pt\/grammar_exercises\/exercicios-de-adjetivos-atributivos-para-gramatica-islandesa\/#breadcrumb\"},\"inLanguage\":\"pt-PT\",\"potentialAction\":[{\"@type\":\"ReadAction\",\"target\":[\"https:\/\/talkpal.ai\/pt-pt\/grammar_exercises\/exercicios-de-adjetivos-atributivos-para-gramatica-islandesa\/\"]}]},{\"@type\":\"ImageObject\",\"inLanguage\":\"pt-PT\",\"@id\":\"https:\/\/talkpal.ai\/pt-pt\/grammar_exercises\/exercicios-de-adjetivos-atributivos-para-gramatica-islandesa\/#primaryimage\",\"url\":\"https:\/\/talkpal.ai\/wp-content\/uploads\/2025\/12\/woman-uses-flashcards-to-learn-languages.webp\",\"contentUrl\":\"https:\/\/talkpal.ai\/wp-content\/uploads\/2025\/12\/woman-uses-flashcards-to-learn-languages.webp\",\"width\":1200,\"height\":896,\"caption\":\"A woman uses flashcards and a textbook for learning languages while sitting near a window with mountain views.\"},{\"@type\":\"BreadcrumbList\",\"@id\":\"https:\/\/talkpal.ai\/pt-pt\/grammar_exercises\/exercicios-de-adjetivos-atributivos-para-gramatica-islandesa\/#breadcrumb\",\"itemListElement\":[{\"@type\":\"ListItem\",\"position\":1,\"name\":\"Homepage\",\"item\":\"https:\/\/talkpal.ai\/pt-pt\/\"},{\"@type\":\"ListItem\",\"position\":2,\"name\":\"Exerc\u00edcios de Adjetivos Atributivos para Gram\u00e1tica Islandesa\"}]},{\"@type\":\"WebSite\",\"@id\":\"https:\/\/talkpal.ai\/pt-pt\/#website\",\"url\":\"https:\/\/talkpal.ai\/pt-pt\/\",\"name\":\"Talkpal\",\"description\":\"AI Language Learning\",\"publisher\":{\"@id\":\"https:\/\/talkpal.ai\/pt-pt\/#organization\"},\"alternateName\":\"Talkpal AI\",\"potentialAction\":[{\"@type\":\"SearchAction\",\"target\":{\"@type\":\"EntryPoint\",\"urlTemplate\":\"https:\/\/talkpal.ai\/pt-pt\/?s={search_term_string}\"},\"query-input\":{\"@type\":\"PropertyValueSpecification\",\"valueRequired\":true,\"valueName\":\"search_term_string\"}}],\"inLanguage\":\"pt-PT\"},{\"@type\":\"Organization\",\"@id\":\"https:\/\/talkpal.ai\/pt-pt\/#organization\",\"name\":\"Talkpal, Inc.\",\"alternateName\":\"Talkpal AI\",\"url\":\"https:\/\/talkpal.ai\/pt-pt\/\",\"logo\":{\"@type\":\"ImageObject\",\"inLanguage\":\"pt-PT\",\"@id\":\"https:\/\/talkpal.ai\/pt-pt\/#\/schema\/logo\/image\/\",\"url\":\"https:\/\/talkpal.ai\/wp-content\/uploads\/2024\/03\/Talkpal-Logo-Icon.png\",\"contentUrl\":\"https:\/\/talkpal.ai\/wp-content\/uploads\/2024\/03\/Talkpal-Logo-Icon.png\",\"width\":2880,\"height\":2880,\"caption\":\"Talkpal, Inc.\"},\"image\":{\"@id\":\"https:\/\/talkpal.ai\/pt-pt\/#\/schema\/logo\/image\/\"},\"sameAs\":[\"https:\/\/www.facebook.com\/profile.php?id=100090733639311\",\"https:\/\/x.com\/talkpalai\",\"https:\/\/www.linkedin.com\/company\/talkpal\/\",\"https:\/\/www.youtube.com\/@TalkPal\/\",\"https:\/\/www.tiktok.com\/@talkpal\",\"https:\/\/www.instagram.com\/talkpal_ai\/\",\"https:\/\/www.crunchbase.com\/organization\/talkpal-9cde\",\"https:\/\/www.g2.com\/products\/talkpal-for-business\/\",\"https:\/\/www.trustpilot.com\/review\/talkpal.ai\",\"https:\/\/www.capterra.com\/p\/10006800\/TalkPal\/\"],\"description\":\"Talkpal is a language learning web and mobile education app, powered by the latest AI technologies, that provides engaging experiences to its customers in many different languages to help them improve their language skills. Users can chat about unlimited amount of topics with the app and use other modes to practice their language learning.\",\"email\":\"support@talkpal.ai\",\"legalName\":\"Talkpal, Inc.\",\"foundingDate\":\"2023-04-03\",\"duns\":\"118989042\",\"numberOfEmployees\":{\"@type\":\"QuantitativeValue\",\"minValue\":\"11\",\"maxValue\":\"50\"},\"publishingPrinciples\":\"https:\/\/talkpal.ai\/publishing-principles\/\",\"actionableFeedbackPolicy\":\"https:\/\/talkpal.ai\/actionable-feedback-policy\/\",\"correctionsPolicy\":\"https:\/\/talkpal.ai\/corrections-policy\/\",\"ethicsPolicy\":\"https:\/\/talkpal.ai\/ethics-policy\/\",\"diversityPolicy\":\"https:\/\/talkpal.ai\/diversity-policy\/\",\"diversityStaffingReport\":\"https:\/\/talkpal.ai\/diversity-policy\/\"}]}<\/script>\n<!-- \/ Yoast SEO Premium plugin. -->","yoast_head_json":{"title":"Exerc\u00edcios de Adjetivos Atributivos para Gram\u00e1tica Islandesa - Talkpal","description":"Este exerc\u00edcio \u00e9 focado no uso correto dos adjetivos atributivos na gram\u00e1tica islandesa. Os adjetivos atributivos concordam em g\u00eanero, n\u00famero e caso com o","robots":{"index":"index","follow":"follow","max-snippet":"max-snippet:-1","max-image-preview":"max-image-preview:large","max-video-preview":"max-video-preview:-1"},"canonical":"https:\/\/talkpal.ai\/pt-pt\/grammar_exercises\/exercicios-de-adjetivos-atributivos-para-gramatica-islandesa\/","og_locale":"pt_PT","og_type":"article","og_title":"Exerc\u00edcios de Adjetivos Atributivos para Gram\u00e1tica Islandesa","og_description":"Este exerc\u00edcio \u00e9 focado no uso correto dos adjetivos atributivos na gram\u00e1tica islandesa. Os adjetivos atributivos concordam em g\u00eanero, n\u00famero e caso com o","og_url":"https:\/\/talkpal.ai\/pt-pt\/grammar_exercises\/exercicios-de-adjetivos-atributivos-para-gramatica-islandesa\/","og_site_name":"Talkpal","article_publisher":"https:\/\/www.facebook.com\/profile.php?id=100090733639311","og_image":[{"width":2880,"height":1620,"url":"https:\/\/talkpal.ai\/wp-content\/uploads\/2025\/02\/Progress-tab-16_9.png","type":"image\/png"}],"twitter_card":"summary_large_image","twitter_site":"@talkpalai","twitter_misc":{"Tempo estimado de leitura":"3 minutos"},"schema":{"@context":"https:\/\/schema.org","@graph":[{"@type":"WebPage","@id":"https:\/\/talkpal.ai\/pt-pt\/grammar_exercises\/exercicios-de-adjetivos-atributivos-para-gramatica-islandesa\/","url":"https:\/\/talkpal.ai\/pt-pt\/grammar_exercises\/exercicios-de-adjetivos-atributivos-para-gramatica-islandesa\/","name":"Exerc\u00edcios de Adjetivos Atributivos para Gram\u00e1tica Islandesa - Talkpal","isPartOf":{"@id":"https:\/\/talkpal.ai\/pt-pt\/#website"},"primaryImageOfPage":{"@id":"https:\/\/talkpal.ai\/pt-pt\/grammar_exercises\/exercicios-de-adjetivos-atributivos-para-gramatica-islandesa\/#primaryimage"},"image":{"@id":"https:\/\/talkpal.ai\/pt-pt\/grammar_exercises\/exercicios-de-adjetivos-atributivos-para-gramatica-islandesa\/#primaryimage"},"thumbnailUrl":"https:\/\/talkpal.ai\/wp-content\/uploads\/2025\/12\/woman-uses-flashcards-to-learn-languages.webp","datePublished":"2025-07-06T14:32:02+00:00","description":"Este exerc\u00edcio \u00e9 focado no uso correto dos adjetivos atributivos na gram\u00e1tica islandesa. Os adjetivos atributivos concordam em g\u00eanero, n\u00famero e caso com o","breadcrumb":{"@id":"https:\/\/talkpal.ai\/pt-pt\/grammar_exercises\/exercicios-de-adjetivos-atributivos-para-gramatica-islandesa\/#breadcrumb"},"inLanguage":"pt-PT","potentialAction":[{"@type":"ReadAction","target":["https:\/\/talkpal.ai\/pt-pt\/grammar_exercises\/exercicios-de-adjetivos-atributivos-para-gramatica-islandesa\/"]}]},{"@type":"ImageObject","inLanguage":"pt-PT","@id":"https:\/\/talkpal.ai\/pt-pt\/grammar_exercises\/exercicios-de-adjetivos-atributivos-para-gramatica-islandesa\/#primaryimage","url":"https:\/\/talkpal.ai\/wp-content\/uploads\/2025\/12\/woman-uses-flashcards-to-learn-languages.webp","contentUrl":"https:\/\/talkpal.ai\/wp-content\/uploads\/2025\/12\/woman-uses-flashcards-to-learn-languages.webp","width":1200,"height":896,"caption":"A woman uses flashcards and a textbook for learning languages while sitting near a window with mountain views."},{"@type":"BreadcrumbList","@id":"https:\/\/talkpal.ai\/pt-pt\/grammar_exercises\/exercicios-de-adjetivos-atributivos-para-gramatica-islandesa\/#breadcrumb","itemListElement":[{"@type":"ListItem","position":1,"name":"Homepage","item":"https:\/\/talkpal.ai\/pt-pt\/"},{"@type":"ListItem","position":2,"name":"Exerc\u00edcios de Adjetivos Atributivos para Gram\u00e1tica Islandesa"}]},{"@type":"WebSite","@id":"https:\/\/talkpal.ai\/pt-pt\/#website","url":"https:\/\/talkpal.ai\/pt-pt\/","name":"Talkpal","description":"AI Language Learning","publisher":{"@id":"https:\/\/talkpal.ai\/pt-pt\/#organization"},"alternateName":"Talkpal AI","potentialAction":[{"@type":"SearchAction","target":{"@type":"EntryPoint","urlTemplate":"https:\/\/talkpal.ai\/pt-pt\/?s={search_term_string}"},"query-input":{"@type":"PropertyValueSpecification","valueRequired":true,"valueName":"search_term_string"}}],"inLanguage":"pt-PT"},{"@type":"Organization","@id":"https:\/\/talkpal.ai\/pt-pt\/#organization","name":"Talkpal, Inc.","alternateName":"Talkpal AI","url":"https:\/\/talkpal.ai\/pt-pt\/","logo":{"@type":"ImageObject","inLanguage":"pt-PT","@id":"https:\/\/talkpal.ai\/pt-pt\/#\/schema\/logo\/image\/","url":"https:\/\/talkpal.ai\/wp-content\/uploads\/2024\/03\/Talkpal-Logo-Icon.png","contentUrl":"https:\/\/talkpal.ai\/wp-content\/uploads\/2024\/03\/Talkpal-Logo-Icon.png","width":2880,"height":2880,"caption":"Talkpal, Inc."},"image":{"@id":"https:\/\/talkpal.ai\/pt-pt\/#\/schema\/logo\/image\/"},"sameAs":["https:\/\/www.facebook.com\/profile.php?id=100090733639311","https:\/\/x.com\/talkpalai","https:\/\/www.linkedin.com\/company\/talkpal\/","https:\/\/www.youtube.com\/@TalkPal\/","https:\/\/www.tiktok.com\/@talkpal","https:\/\/www.instagram.com\/talkpal_ai\/","https:\/\/www.crunchbase.com\/organization\/talkpal-9cde","https:\/\/www.g2.com\/products\/talkpal-for-business\/","https:\/\/www.trustpilot.com\/review\/talkpal.ai","https:\/\/www.capterra.com\/p\/10006800\/TalkPal\/"],"description":"Talkpal is a language learning web and mobile education app, powered by the latest AI technologies, that provides engaging experiences to its customers in many different languages to help them improve their language skills. Users can chat about unlimited amount of topics with the app and use other modes to practice their language learning.","email":"support@talkpal.ai","legalName":"Talkpal, Inc.","foundingDate":"2023-04-03","duns":"118989042","numberOfEmployees":{"@type":"QuantitativeValue","minValue":"11","maxValue":"50"},"publishingPrinciples":"https:\/\/talkpal.ai\/publishing-principles\/","actionableFeedbackPolicy":"https:\/\/talkpal.ai\/actionable-feedback-policy\/","correctionsPolicy":"https:\/\/talkpal.ai\/corrections-policy\/","ethicsPolicy":"https:\/\/talkpal.ai\/ethics-policy\/","diversityPolicy":"https:\/\/talkpal.ai\/diversity-policy\/","diversityStaffingReport":"https:\/\/talkpal.ai\/diversity-policy\/"}]}},"_links":{"self":[{"href":"https:\/\/talkpal.ai\/pt-pt\/wp-json\/wp\/v2\/grammar_exercises\/1158364","targetHints":{"allow":["GET"]}}],"collection":[{"href":"https:\/\/talkpal.ai\/pt-pt\/wp-json\/wp\/v2\/grammar_exercises"}],"about":[{"href":"https:\/\/talkpal.ai\/pt-pt\/wp-json\/wp\/v2\/types\/grammar_exercises"}],"wp:featuredmedia":[{"embeddable":true,"href":"https:\/\/talkpal.ai\/pt-pt\/wp-json\/wp\/v2\/media\/1528101"}],"wp:attachment":[{"href":"https:\/\/talkpal.ai\/pt-pt\/wp-json\/wp\/v2\/media?parent=1158364"}],"wp:term":[{"taxonomy":"exercise_language","embeddable":true,"href":"https:\/\/talkpal.ai\/pt-pt\/wp-json\/wp\/v2\/exercise_language?post=1158364"}],"curies":[{"name":"wp","href":"https:\/\/api.w.org\/{rel}","templated":true}]}}