{"id":1157132,"date":"2025-07-06T14:11:29","date_gmt":"2025-07-06T14:11:29","guid":{"rendered":"https:\/\/talkpal.ai\/grammar_exercises\/exercicios-de-verbos-reflexivos-para-gramatica-armenia\/"},"modified":"2025-07-06T14:11:29","modified_gmt":"2025-07-06T14:11:29","slug":"exercicios-de-verbos-reflexivos-para-gramatica-armenia","status":"publish","type":"grammar_exercises","link":"https:\/\/talkpal.ai\/pt-pt\/grammar_exercises\/exercicios-de-verbos-reflexivos-para-gramatica-armenia\/","title":{"rendered":"Exerc\u00edcios de verbos reflexivos para gram\u00e1tica arm\u00eania"},"content":{"rendered":"<p>Os <a href=\"https:\/\/talkpal.ai\/grammar\/verbos-reflexivos-in-portuguese-grammar\/\">verbos reflexivos<\/a> em <a href=\"https:\/\/talkpal.ai\/learn-armenian\/\">arm\u00eanio<\/a> s\u00e3o usados para indicar que a a\u00e7\u00e3o do verbo recai sobre o pr\u00f3prio sujeito. Nestes exerc\u00edcios, voc\u00ea praticar\u00e1 o uso correto dos verbos reflexivos em diferentes tempos e contextos, ajudando a consolidar seu conhecimento gramatical.<\/p>\n<h3>Exerc\u00edcio 1: Verbos reflexivos no presente<\/h3>\n<div class=\"input_sentences\">\n1. \u0535\u057d *\u0574\u0578\u0582\u0577\u057f\u0561\u056f\u057e\u0578\u0582\u0574 \u0565\u0574* \u0561\u0574\u0565\u0576 \u0561\u057c\u0561\u057e\u0578\u057f (usar o verbo reflexivo &#8220;lavar-se&#8221; no <a href=\"https:\/\/talkpal.ai\/zh-hans\/grammar_exercises\/presente-%e8%a5%bf%e7%8f%ad%e7%89%99%e8%af%ad%e6%b3%95%e7%bb%83%e4%b9%a0\/\">presente<\/a>).<br \/>\n2. \u0534\u0578\u0582 *\u0570\u0561\u0563\u0576\u057e\u0578\u0582\u0574 \u0565\u057d* \u0561\u0580\u0561\u0563 (usar o verbo reflexivo &#8220;vestir-se&#8221; no presente).<br \/>\n3. \u0546\u0561 *\u0574\u0561\u0584\u0580\u0578\u0582\u0574 \u0567 \u056b\u0580\u0565\u0576* (usar o verbo reflexivo &#8220;limpar-se&#8221; no presente).<br \/>\n4. \u0544\u0565\u0576\u0584 *\u0570\u0561\u0576\u0563\u057d\u057f\u0561\u0576\u0578\u0582\u0574 \u0565\u0576\u0584* \u0565\u0580\u0565\u056f\u0578\u0575\u0561\u0576 (usar o verbo reflexivo &#8220;descansar-se&#8221; no presente).<br \/>\n5. \u0534\u0578\u0582\u0584 *\u057e\u0561\u0580\u056a\u0561\u0576\u0584 \u0565\u0584 \u0561\u0576\u0578\u0582\u0574* \u0561\u0574\u0565\u0576 \u0585\u0580 (usar o verbo reflexivo &#8220;exercitar-se&#8221; no presente).<br \/>\n6. \u0546\u0580\u0561\u0576\u0584 *\u0570\u0561\u057e\u0561\u0584\u057e\u0578\u0582\u0574 \u0565\u0576* \u0564\u0561\u057d\u0561\u057d\u0565\u0576\u0575\u0561\u056f\u0578\u0582\u0574 (usar o verbo reflexivo &#8220;reunir-se&#8221; no presente).<br \/>\n7. \u0535\u057d *\u0577\u0583\u057e\u0578\u0582\u0574 \u0565\u0574* \u0568\u0576\u056f\u0565\u0580\u0576\u0565\u0580\u056b\u057d \u0570\u0565\u057f (usar o verbo reflexivo &#8220;comunicar-se&#8221; no presente).<br \/>\n8. \u0534\u0578\u0582 *\u0570\u056b\u0577\u0578\u0582\u0574 \u0565\u057d* \u056f\u0561\u0580\u0587\u0578\u0580 \u0562\u0561\u0576\u0565\u0580 (usar o verbo reflexivo &#8220;lembrar-se&#8221; no presente).<br \/>\n9. \u0546\u0561 *\u057e\u0561\u0566\u0578\u0582\u0574 \u0567* \u0561\u0580\u0561\u0563 (usar o verbo reflexivo &#8220;correr-se&#8221; no presente).<br \/>\n10. \u0544\u0565\u0576\u0584 *\u0574\u0565\u056f\u057f\u0565\u0572\u057e\u0578\u0582\u0574 \u0565\u0576\u0584* \u0566\u0562\u0578\u057d\u0561\u0576\u0584\u056b (usar o verbo reflexivo &#8220;juntar-se&#8221; no presente).\n<\/div>\n<div class=\"exercise\"><\/div>\n<h3>Exerc\u00edcio 2: Verbos reflexivos no passado<\/h3>\n<div class=\"input_sentences\">\n1. \u0535\u057d \u0565\u0580\u0565\u056f *\u0574\u0578\u0582\u0577\u057f\u0561\u056f\u057e\u0565\u0581\u056b* \u057e\u0561\u0572 \u0561\u057c\u0561\u057e\u0578\u057f (usar o verbo reflexivo &#8220;lavar-se&#8221; no passado).<br \/>\n2. \u0534\u0578\u0582 \u0565\u0580\u0565\u056f *\u0570\u0561\u0563\u0576\u057e\u0565\u0581\u056b\u0580* \u0576\u0578\u0580 \u0570\u0561\u0563\u0578\u0582\u057d\u057f (usar o verbo reflexivo &#8220;vestir-se&#8221; no passado).<br \/>\n3. \u0546\u0561 \u0567\u0577\u0578\u057f\u0568 *\u0574\u0561\u0584\u0580\u0565\u0581 \u056b\u0580\u0565\u0576* (usar o verbo reflexivo &#8220;limpar-se&#8221; no passado).<br \/>\n4. \u0544\u0565\u0576\u0584 \u0565\u0580\u0565\u056f *\u0570\u0561\u0576\u0563\u057d\u057f\u0561\u0581\u0561\u0576\u0584* \u0565\u0580\u056f\u0561\u0580 \u056a\u0561\u0574\u0561\u0576\u0561\u056f (usar o verbo reflexivo &#8220;descansar-se&#8221; no passado).<br \/>\n5. \u0534\u0578\u0582\u0584 \u0565\u0580\u0565\u056f *\u057e\u0561\u0580\u056a\u0561\u0576\u0584 \u0561\u0580\u0565\u0581\u056b\u0584* \u0574\u0561\u0580\u0566\u0561\u057d\u0580\u0561\u0570\u0578\u0582\u0574 (usar o verbo reflexivo &#8220;exercitar-se&#8221; no passado).<br \/>\n6. \u0546\u0580\u0561\u0576\u0584 \u0565\u0580\u0565\u056f *\u0570\u0561\u057e\u0561\u0584\u057e\u0565\u0581\u056b\u0576* \u057f\u0561\u0576\u0568 (usar o verbo reflexivo &#8220;reunir-se&#8221; no passado).<br \/>\n7. \u0535\u057d \u0565\u0580\u0565\u056f *\u0577\u0583\u057e\u0565\u0581\u056b* \u0570\u056b\u0576 \u0568\u0576\u056f\u0565\u0580\u0578\u057b\u057d \u0570\u0565\u057f (usar o verbo reflexivo &#8220;comunicar-se&#8221; no passado).<br \/>\n8. \u0534\u0578\u0582 \u0565\u0580\u0565\u056f *\u0570\u056b\u0577\u0565\u0581\u056b\u0580* \u056f\u0561\u0580\u0587\u0578\u0580 \u0585\u0580\u0568 (usar o verbo reflexivo &#8220;lembrar-se&#8221; no passado).<br \/>\n9. \u0546\u0561 \u0565\u0580\u0565\u056f *\u057e\u0561\u0566\u0565\u0581* \u0561\u0580\u0561\u0563 (usar o verbo reflexivo &#8220;correr-se&#8221; no passado).<br \/>\n10. \u0544\u0565\u0576\u0584 \u0565\u0580\u0565\u056f *\u0574\u0565\u056f\u057f\u0565\u0572\u057e\u0565\u0581\u056b\u0576\u0584* \u0561\u0575\u0563\u0578\u0582\u0574 (usar o verbo reflexivo &#8220;juntar-se&#8221; no passado).\n<\/div>\n<div class=\"exercise\"><\/div>\n","protected":false},"featured_media":1527723,"parent":0,"menu_order":0,"template":"","exercise_language":[18222,18438],"class_list":["post-1157132","grammar_exercises","type-grammar_exercises","status-publish","has-post-thumbnail","hentry","exercise_language-exercicios-armenios","exercise_language-verbos-gramatica-armenia-pt-pt"],"acf":[],"yoast_head":"<!-- This site is optimized with the Yoast SEO Premium plugin v27.2 (Yoast SEO v27.2) - https:\/\/yoast.com\/product\/yoast-seo-premium-wordpress\/ -->\n<title>Exerc\u00edcios de verbos reflexivos para gram\u00e1tica arm\u00eania - Talkpal<\/title>\n<meta name=\"description\" content=\"Os verbos reflexivos em arm\u00eanio s\u00e3o usados para indicar que a a\u00e7\u00e3o do verbo recai sobre o pr\u00f3prio sujeito. Nestes exerc\u00edcios, voc\u00ea praticar\u00e1 o uso correto\" \/>\n<meta name=\"robots\" content=\"index, follow, max-snippet:-1, max-image-preview:large, max-video-preview:-1\" \/>\n<link rel=\"canonical\" href=\"https:\/\/talkpal.ai\/pt-pt\/grammar_exercises\/exercicios-de-verbos-reflexivos-para-gramatica-armenia\/\" \/>\n<meta property=\"og:locale\" content=\"pt_PT\" \/>\n<meta property=\"og:type\" content=\"article\" \/>\n<meta property=\"og:title\" content=\"Exerc\u00edcios de verbos reflexivos para gram\u00e1tica arm\u00eania\" \/>\n<meta property=\"og:description\" content=\"Os verbos reflexivos em arm\u00eanio s\u00e3o usados para indicar que a a\u00e7\u00e3o do verbo recai sobre o pr\u00f3prio sujeito. Nestes exerc\u00edcios, voc\u00ea praticar\u00e1 o uso correto\" \/>\n<meta property=\"og:url\" content=\"https:\/\/talkpal.ai\/pt-pt\/grammar_exercises\/exercicios-de-verbos-reflexivos-para-gramatica-armenia\/\" \/>\n<meta property=\"og:site_name\" content=\"Talkpal\" \/>\n<meta property=\"article:publisher\" content=\"https:\/\/www.facebook.com\/profile.php?id=100090733639311\" \/>\n<meta property=\"og:image\" content=\"https:\/\/talkpal.ai\/wp-content\/uploads\/2025\/02\/Progress-tab-16_9.png\" \/>\n\t<meta property=\"og:image:width\" content=\"2880\" \/>\n\t<meta property=\"og:image:height\" content=\"1620\" \/>\n\t<meta property=\"og:image:type\" content=\"image\/png\" \/>\n<meta name=\"twitter:card\" content=\"summary_large_image\" \/>\n<meta name=\"twitter:site\" content=\"@talkpalai\" \/>\n<meta name=\"twitter:label1\" content=\"Tempo estimado de leitura\" \/>\n\t<meta name=\"twitter:data1\" content=\"1 minuto\" \/>\n<script type=\"application\/ld+json\" class=\"yoast-schema-graph\">{\"@context\":\"https:\/\/schema.org\",\"@graph\":[{\"@type\":\"WebPage\",\"@id\":\"https:\/\/talkpal.ai\/pt-pt\/grammar_exercises\/exercicios-de-verbos-reflexivos-para-gramatica-armenia\/\",\"url\":\"https:\/\/talkpal.ai\/pt-pt\/grammar_exercises\/exercicios-de-verbos-reflexivos-para-gramatica-armenia\/\",\"name\":\"Exerc\u00edcios de verbos reflexivos para gram\u00e1tica arm\u00eania - Talkpal\",\"isPartOf\":{\"@id\":\"https:\/\/talkpal.ai\/pt-pt\/#website\"},\"primaryImageOfPage\":{\"@id\":\"https:\/\/talkpal.ai\/pt-pt\/grammar_exercises\/exercicios-de-verbos-reflexivos-para-gramatica-armenia\/#primaryimage\"},\"image\":{\"@id\":\"https:\/\/talkpal.ai\/pt-pt\/grammar_exercises\/exercicios-de-verbos-reflexivos-para-gramatica-armenia\/#primaryimage\"},\"thumbnailUrl\":\"https:\/\/talkpal.ai\/wp-content\/uploads\/2025\/12\/laptops-are-on-to-learn-languages.webp\",\"datePublished\":\"2025-07-06T14:11:29+00:00\",\"description\":\"Os verbos reflexivos em arm\u00eanio s\u00e3o usados para indicar que a a\u00e7\u00e3o do verbo recai sobre o pr\u00f3prio sujeito. Nestes exerc\u00edcios, voc\u00ea praticar\u00e1 o uso correto\",\"breadcrumb\":{\"@id\":\"https:\/\/talkpal.ai\/pt-pt\/grammar_exercises\/exercicios-de-verbos-reflexivos-para-gramatica-armenia\/#breadcrumb\"},\"inLanguage\":\"pt-PT\",\"potentialAction\":[{\"@type\":\"ReadAction\",\"target\":[\"https:\/\/talkpal.ai\/pt-pt\/grammar_exercises\/exercicios-de-verbos-reflexivos-para-gramatica-armenia\/\"]}]},{\"@type\":\"ImageObject\",\"inLanguage\":\"pt-PT\",\"@id\":\"https:\/\/talkpal.ai\/pt-pt\/grammar_exercises\/exercicios-de-verbos-reflexivos-para-gramatica-armenia\/#primaryimage\",\"url\":\"https:\/\/talkpal.ai\/wp-content\/uploads\/2025\/12\/laptops-are-on-to-learn-languages.webp\",\"contentUrl\":\"https:\/\/talkpal.ai\/wp-content\/uploads\/2025\/12\/laptops-are-on-to-learn-languages.webp\",\"width\":1200,\"height\":896,\"caption\":\"Two laptops are run by students at a caf\u00e9 table while learning languages during a quiet afternoon.\"},{\"@type\":\"BreadcrumbList\",\"@id\":\"https:\/\/talkpal.ai\/pt-pt\/grammar_exercises\/exercicios-de-verbos-reflexivos-para-gramatica-armenia\/#breadcrumb\",\"itemListElement\":[{\"@type\":\"ListItem\",\"position\":1,\"name\":\"Homepage\",\"item\":\"https:\/\/talkpal.ai\/pt-pt\/\"},{\"@type\":\"ListItem\",\"position\":2,\"name\":\"Exerc\u00edcios de verbos reflexivos para gram\u00e1tica arm\u00eania\"}]},{\"@type\":\"WebSite\",\"@id\":\"https:\/\/talkpal.ai\/pt-pt\/#website\",\"url\":\"https:\/\/talkpal.ai\/pt-pt\/\",\"name\":\"Talkpal\",\"description\":\"AI Language Learning\",\"publisher\":{\"@id\":\"https:\/\/talkpal.ai\/pt-pt\/#organization\"},\"alternateName\":\"Talkpal AI\",\"potentialAction\":[{\"@type\":\"SearchAction\",\"target\":{\"@type\":\"EntryPoint\",\"urlTemplate\":\"https:\/\/talkpal.ai\/pt-pt\/?s={search_term_string}\"},\"query-input\":{\"@type\":\"PropertyValueSpecification\",\"valueRequired\":true,\"valueName\":\"search_term_string\"}}],\"inLanguage\":\"pt-PT\"},{\"@type\":\"Organization\",\"@id\":\"https:\/\/talkpal.ai\/pt-pt\/#organization\",\"name\":\"Talkpal, Inc.\",\"alternateName\":\"Talkpal AI\",\"url\":\"https:\/\/talkpal.ai\/pt-pt\/\",\"logo\":{\"@type\":\"ImageObject\",\"inLanguage\":\"pt-PT\",\"@id\":\"https:\/\/talkpal.ai\/pt-pt\/#\/schema\/logo\/image\/\",\"url\":\"https:\/\/talkpal.ai\/wp-content\/uploads\/2024\/03\/Talkpal-Logo-Icon.png\",\"contentUrl\":\"https:\/\/talkpal.ai\/wp-content\/uploads\/2024\/03\/Talkpal-Logo-Icon.png\",\"width\":2880,\"height\":2880,\"caption\":\"Talkpal, Inc.\"},\"image\":{\"@id\":\"https:\/\/talkpal.ai\/pt-pt\/#\/schema\/logo\/image\/\"},\"sameAs\":[\"https:\/\/www.facebook.com\/profile.php?id=100090733639311\",\"https:\/\/x.com\/talkpalai\",\"https:\/\/www.linkedin.com\/company\/talkpal\/\",\"https:\/\/www.youtube.com\/@TalkPal\/\",\"https:\/\/www.tiktok.com\/@talkpal\",\"https:\/\/www.instagram.com\/talkpal_ai\/\",\"https:\/\/www.crunchbase.com\/organization\/talkpal-9cde\",\"https:\/\/www.g2.com\/products\/talkpal-for-business\/\",\"https:\/\/www.trustpilot.com\/review\/talkpal.ai\",\"https:\/\/www.capterra.com\/p\/10006800\/TalkPal\/\"],\"description\":\"Talkpal is a language learning web and mobile education app, powered by the latest AI technologies, that provides engaging experiences to its customers in many different languages to help them improve their language skills. Users can chat about unlimited amount of topics with the app and use other modes to practice their language learning.\",\"email\":\"support@talkpal.ai\",\"legalName\":\"Talkpal, Inc.\",\"foundingDate\":\"2023-04-03\",\"duns\":\"118989042\",\"numberOfEmployees\":{\"@type\":\"QuantitativeValue\",\"minValue\":\"11\",\"maxValue\":\"50\"},\"publishingPrinciples\":\"https:\/\/talkpal.ai\/publishing-principles\/\",\"actionableFeedbackPolicy\":\"https:\/\/talkpal.ai\/actionable-feedback-policy\/\",\"correctionsPolicy\":\"https:\/\/talkpal.ai\/corrections-policy\/\",\"ethicsPolicy\":\"https:\/\/talkpal.ai\/ethics-policy\/\",\"diversityPolicy\":\"https:\/\/talkpal.ai\/diversity-policy\/\",\"diversityStaffingReport\":\"https:\/\/talkpal.ai\/diversity-policy\/\"}]}<\/script>\n<!-- \/ Yoast SEO Premium plugin. -->","yoast_head_json":{"title":"Exerc\u00edcios de verbos reflexivos para gram\u00e1tica arm\u00eania - Talkpal","description":"Os verbos reflexivos em arm\u00eanio s\u00e3o usados para indicar que a a\u00e7\u00e3o do verbo recai sobre o pr\u00f3prio sujeito. Nestes exerc\u00edcios, voc\u00ea praticar\u00e1 o uso correto","robots":{"index":"index","follow":"follow","max-snippet":"max-snippet:-1","max-image-preview":"max-image-preview:large","max-video-preview":"max-video-preview:-1"},"canonical":"https:\/\/talkpal.ai\/pt-pt\/grammar_exercises\/exercicios-de-verbos-reflexivos-para-gramatica-armenia\/","og_locale":"pt_PT","og_type":"article","og_title":"Exerc\u00edcios de verbos reflexivos para gram\u00e1tica arm\u00eania","og_description":"Os verbos reflexivos em arm\u00eanio s\u00e3o usados para indicar que a a\u00e7\u00e3o do verbo recai sobre o pr\u00f3prio sujeito. Nestes exerc\u00edcios, voc\u00ea praticar\u00e1 o uso correto","og_url":"https:\/\/talkpal.ai\/pt-pt\/grammar_exercises\/exercicios-de-verbos-reflexivos-para-gramatica-armenia\/","og_site_name":"Talkpal","article_publisher":"https:\/\/www.facebook.com\/profile.php?id=100090733639311","og_image":[{"width":2880,"height":1620,"url":"https:\/\/talkpal.ai\/wp-content\/uploads\/2025\/02\/Progress-tab-16_9.png","type":"image\/png"}],"twitter_card":"summary_large_image","twitter_site":"@talkpalai","twitter_misc":{"Tempo estimado de leitura":"1 minuto"},"schema":{"@context":"https:\/\/schema.org","@graph":[{"@type":"WebPage","@id":"https:\/\/talkpal.ai\/pt-pt\/grammar_exercises\/exercicios-de-verbos-reflexivos-para-gramatica-armenia\/","url":"https:\/\/talkpal.ai\/pt-pt\/grammar_exercises\/exercicios-de-verbos-reflexivos-para-gramatica-armenia\/","name":"Exerc\u00edcios de verbos reflexivos para gram\u00e1tica arm\u00eania - Talkpal","isPartOf":{"@id":"https:\/\/talkpal.ai\/pt-pt\/#website"},"primaryImageOfPage":{"@id":"https:\/\/talkpal.ai\/pt-pt\/grammar_exercises\/exercicios-de-verbos-reflexivos-para-gramatica-armenia\/#primaryimage"},"image":{"@id":"https:\/\/talkpal.ai\/pt-pt\/grammar_exercises\/exercicios-de-verbos-reflexivos-para-gramatica-armenia\/#primaryimage"},"thumbnailUrl":"https:\/\/talkpal.ai\/wp-content\/uploads\/2025\/12\/laptops-are-on-to-learn-languages.webp","datePublished":"2025-07-06T14:11:29+00:00","description":"Os verbos reflexivos em arm\u00eanio s\u00e3o usados para indicar que a a\u00e7\u00e3o do verbo recai sobre o pr\u00f3prio sujeito. Nestes exerc\u00edcios, voc\u00ea praticar\u00e1 o uso correto","breadcrumb":{"@id":"https:\/\/talkpal.ai\/pt-pt\/grammar_exercises\/exercicios-de-verbos-reflexivos-para-gramatica-armenia\/#breadcrumb"},"inLanguage":"pt-PT","potentialAction":[{"@type":"ReadAction","target":["https:\/\/talkpal.ai\/pt-pt\/grammar_exercises\/exercicios-de-verbos-reflexivos-para-gramatica-armenia\/"]}]},{"@type":"ImageObject","inLanguage":"pt-PT","@id":"https:\/\/talkpal.ai\/pt-pt\/grammar_exercises\/exercicios-de-verbos-reflexivos-para-gramatica-armenia\/#primaryimage","url":"https:\/\/talkpal.ai\/wp-content\/uploads\/2025\/12\/laptops-are-on-to-learn-languages.webp","contentUrl":"https:\/\/talkpal.ai\/wp-content\/uploads\/2025\/12\/laptops-are-on-to-learn-languages.webp","width":1200,"height":896,"caption":"Two laptops are run by students at a caf\u00e9 table while learning languages during a quiet afternoon."},{"@type":"BreadcrumbList","@id":"https:\/\/talkpal.ai\/pt-pt\/grammar_exercises\/exercicios-de-verbos-reflexivos-para-gramatica-armenia\/#breadcrumb","itemListElement":[{"@type":"ListItem","position":1,"name":"Homepage","item":"https:\/\/talkpal.ai\/pt-pt\/"},{"@type":"ListItem","position":2,"name":"Exerc\u00edcios de verbos reflexivos para gram\u00e1tica arm\u00eania"}]},{"@type":"WebSite","@id":"https:\/\/talkpal.ai\/pt-pt\/#website","url":"https:\/\/talkpal.ai\/pt-pt\/","name":"Talkpal","description":"AI Language Learning","publisher":{"@id":"https:\/\/talkpal.ai\/pt-pt\/#organization"},"alternateName":"Talkpal AI","potentialAction":[{"@type":"SearchAction","target":{"@type":"EntryPoint","urlTemplate":"https:\/\/talkpal.ai\/pt-pt\/?s={search_term_string}"},"query-input":{"@type":"PropertyValueSpecification","valueRequired":true,"valueName":"search_term_string"}}],"inLanguage":"pt-PT"},{"@type":"Organization","@id":"https:\/\/talkpal.ai\/pt-pt\/#organization","name":"Talkpal, Inc.","alternateName":"Talkpal AI","url":"https:\/\/talkpal.ai\/pt-pt\/","logo":{"@type":"ImageObject","inLanguage":"pt-PT","@id":"https:\/\/talkpal.ai\/pt-pt\/#\/schema\/logo\/image\/","url":"https:\/\/talkpal.ai\/wp-content\/uploads\/2024\/03\/Talkpal-Logo-Icon.png","contentUrl":"https:\/\/talkpal.ai\/wp-content\/uploads\/2024\/03\/Talkpal-Logo-Icon.png","width":2880,"height":2880,"caption":"Talkpal, Inc."},"image":{"@id":"https:\/\/talkpal.ai\/pt-pt\/#\/schema\/logo\/image\/"},"sameAs":["https:\/\/www.facebook.com\/profile.php?id=100090733639311","https:\/\/x.com\/talkpalai","https:\/\/www.linkedin.com\/company\/talkpal\/","https:\/\/www.youtube.com\/@TalkPal\/","https:\/\/www.tiktok.com\/@talkpal","https:\/\/www.instagram.com\/talkpal_ai\/","https:\/\/www.crunchbase.com\/organization\/talkpal-9cde","https:\/\/www.g2.com\/products\/talkpal-for-business\/","https:\/\/www.trustpilot.com\/review\/talkpal.ai","https:\/\/www.capterra.com\/p\/10006800\/TalkPal\/"],"description":"Talkpal is a language learning web and mobile education app, powered by the latest AI technologies, that provides engaging experiences to its customers in many different languages to help them improve their language skills. Users can chat about unlimited amount of topics with the app and use other modes to practice their language learning.","email":"support@talkpal.ai","legalName":"Talkpal, Inc.","foundingDate":"2023-04-03","duns":"118989042","numberOfEmployees":{"@type":"QuantitativeValue","minValue":"11","maxValue":"50"},"publishingPrinciples":"https:\/\/talkpal.ai\/publishing-principles\/","actionableFeedbackPolicy":"https:\/\/talkpal.ai\/actionable-feedback-policy\/","correctionsPolicy":"https:\/\/talkpal.ai\/corrections-policy\/","ethicsPolicy":"https:\/\/talkpal.ai\/ethics-policy\/","diversityPolicy":"https:\/\/talkpal.ai\/diversity-policy\/","diversityStaffingReport":"https:\/\/talkpal.ai\/diversity-policy\/"}]}},"_links":{"self":[{"href":"https:\/\/talkpal.ai\/pt-pt\/wp-json\/wp\/v2\/grammar_exercises\/1157132","targetHints":{"allow":["GET"]}}],"collection":[{"href":"https:\/\/talkpal.ai\/pt-pt\/wp-json\/wp\/v2\/grammar_exercises"}],"about":[{"href":"https:\/\/talkpal.ai\/pt-pt\/wp-json\/wp\/v2\/types\/grammar_exercises"}],"wp:featuredmedia":[{"embeddable":true,"href":"https:\/\/talkpal.ai\/pt-pt\/wp-json\/wp\/v2\/media\/1527723"}],"wp:attachment":[{"href":"https:\/\/talkpal.ai\/pt-pt\/wp-json\/wp\/v2\/media?parent=1157132"}],"wp:term":[{"taxonomy":"exercise_language","embeddable":true,"href":"https:\/\/talkpal.ai\/pt-pt\/wp-json\/wp\/v2\/exercise_language?post=1157132"}],"curies":[{"name":"wp","href":"https:\/\/api.w.org\/{rel}","templated":true}]}}