{"id":1156313,"date":"2025-07-06T13:57:53","date_gmt":"2025-07-06T13:57:53","guid":{"rendered":"https:\/\/talkpal.ai\/grammar_exercises\/exercicios-de-visao-geral-de-todos-os-tempos-verbais-para-gramatica-sueca\/"},"modified":"2025-07-06T13:57:53","modified_gmt":"2025-07-06T13:57:53","slug":"exercicios-de-visao-geral-de-todos-os-tempos-verbais-para-gramatica-sueca","status":"publish","type":"grammar_exercises","link":"https:\/\/talkpal.ai\/pt-pt\/grammar_exercises\/exercicios-de-visao-geral-de-todos-os-tempos-verbais-para-gramatica-sueca\/","title":{"rendered":"Exerc\u00edcios de vis\u00e3o geral de todos os tempos verbais para gram\u00e1tica sueca"},"content":{"rendered":"<p>Estes exerc\u00edcios focam em uma vis\u00e3o geral de todos os tempos verbais da <a href=\"https:\/\/talkpal.ai\/es\/gramatica-sueca\/\">gram\u00e1tica sueca<\/a>. Voc\u00ea praticar\u00e1 diferentes tempos verbais, <a href=\"https:\/\/talkpal.ai\/locations\/language-courses-in-como\/\">como<\/a> <a href=\"https:\/\/talkpal.ai\/zh-hans\/grammar_exercises\/presente-%e8%a5%bf%e7%8f%ad%e7%89%99%e8%af%ad%e6%b3%95%e7%bb%83%e4%b9%a0\/\">presente<\/a>, pret\u00e9rito, perfeito, <a href=\"https:\/\/talkpal.ai\/ja\/grammar_exercises\/futuro-%e3%82%b9%e3%83%9a%e3%82%a4%e3%83%b3%e8%aa%9e%e3%81%ae%e6%96%87%e6%b3%95%e3%81%ae%e6%bc%94%e7%bf%92\/\">futuro<\/a>, <a href=\"https:\/\/talkpal.ai\/ru\/grammar_exercises\/condicional-%d1%83%d0%bf%d1%80%d0%b0%d0%b6%d0%bd%d0%b5%d0%bd%d0%b8%d1%8f-%d0%b4%d0%bb%d1%8f-%d0%b8%d1%81%d0%bf%d0%b0%d0%bd%d1%81%d0%ba%d0%be%d0%b9-%d0%b3%d1%80%d0%b0%d0%bc%d0%bc%d0%b0%d1%82%d0%b8\/\">condicional<\/a> e mais, para consolidar seu conhecimento e melhorar sua flu\u00eancia na l\u00edngua <a href=\"https:\/\/talkpal.ai\/locations\/language-courses-in-sueca\/\">sueca<\/a>.<\/p>\n<h3>Exerc\u00edcio 1: Identifica\u00e7\u00e3o e Uso dos Tempos Verbais Suecos<\/h3>\n<div class=\"input_sentences\">\n1. Jag *\u00e4ter* en sm\u00f6rg\u00e5s varje morgon. (<a href=\"https:\/\/talkpal.ai\/zh-hans\/grammar_exercises\/presente-%e8%a5%bf%e7%8f%ad%e7%89%99%e8%af%ad%e6%b3%95%e7%bb%83%e4%b9%a0\/\">Presente<\/a> do verbo &#8220;\u00e4ta&#8221; &#8211; comer)<br \/>\n2. Han *sprang* snabbt ig\u00e5r. (Pret\u00e9rito do verbo &#8220;springa&#8221; &#8211; correr)<br \/>\n3. Vi *har bott* i <a href=\"https:\/\/talkpal.ai\/locations\/language-courses-in-stockholm\/\">Stockholm<\/a> i tre \u00e5r. (Perfeito composto do verbo &#8220;bo&#8221; &#8211; morar)<br \/>\n4. De *kommer att resa* till Sverige n\u00e4sta vecka. (<a href=\"https:\/\/talkpal.ai\/ja\/grammar_exercises\/futuro-%e3%82%b9%e3%83%9a%e3%82%a4%e3%83%b3%e8%aa%9e%e3%81%ae%e6%96%87%e6%b3%95%e3%81%ae%e6%bc%94%e7%bf%92\/\">Futuro<\/a> com &#8220;kommer att&#8221; do verbo &#8220;resa&#8221; &#8211; viajar)<br \/>\n5. Hon *skulle vilja* ha en kopp kaffe. (<a href=\"https:\/\/talkpal.ai\/ru\/grammar_exercises\/condicional-%d1%83%d0%bf%d1%80%d0%b0%d0%b6%d0%bd%d0%b5%d0%bd%d0%b8%d1%8f-%d0%b4%d0%bb%d1%8f-%d0%b8%d1%81%d0%bf%d0%b0%d0%bd%d1%81%d0%ba%d0%be%d0%b9-%d0%b3%d1%80%d0%b0%d0%bc%d0%bc%d0%b0%d1%82%d0%b8\/\">Condicional<\/a> do verbo &#8220;vilja&#8221; &#8211; querer)<br \/>\n6. Barnen *leker* i parken nu. (Presente do verbo &#8220;leka&#8221; &#8211; brincar)<br \/>\n7. Jag *l\u00e4ste* en bok ig\u00e5r kv\u00e4ll. (Pret\u00e9rito do verbo &#8220;l\u00e4sa&#8221; &#8211; ler)<br \/>\n8. Vi *har sett* den filmen f\u00f6rut. (Perfeito composto do verbo &#8220;se&#8221; &#8211; ver)<br \/>\n9. De *ska k\u00f6pa* en bil imorgon. (Futuro com &#8220;ska&#8221; do verbo &#8220;k\u00f6pa&#8221; &#8211; comprar)<br \/>\n10. Om jag hade tid, *skulle jag resa* oftare. (Condicional do verbo &#8220;resa&#8221; &#8211; viajar)\n<\/div>\n<div class=\"exercise\"><\/div>\n<h3>Exerc\u00edcio 2: Completar frases com o tempo verbal correto em sueco<\/h3>\n<div class=\"input_sentences\">\n1. Ig\u00e5r *drack* jag kaffe p\u00e5 morgonen. (Pret\u00e9rito do verbo &#8220;dricka&#8221; &#8211; beber)<br \/>\n2. Nu *springer* vi till bussen. (Presente do verbo &#8220;springa&#8221; &#8211; correr)<br \/>\n3. Hon *har skrivit* ett brev till sin v\u00e4n. (Perfeito composto do verbo &#8220;skriva&#8221; &#8211; escrever)<br \/>\n4. De *ska \u00e5ka* till stranden i sommar. (Futuro com &#8220;ska&#8221; do verbo &#8220;\u00e5ka&#8221; &#8211; ir)<br \/>\n5. Jag *skulle k\u00f6pa* en present om jag hade pengar. (Condicional do verbo &#8220;k\u00f6pa&#8221; &#8211; comprar)<br \/>\n6. Vi *s\u00e5g* en vacker solnedg\u00e5ng ig\u00e5r kv\u00e4ll. (Pret\u00e9rito do verbo &#8220;se&#8221; &#8211; ver)<br \/>\n7. Han *\u00e4ter* middag just nu. (Presente do verbo &#8220;\u00e4ta&#8221; &#8211; comer)<br \/>\n8. De *har bott* i huset sedan 2010. (Perfeito composto do verbo &#8220;bo&#8221; &#8211; morar)<br \/>\n9. Imorgon *kommer* jag att tr\u00e4ffa min familj. (Futuro com &#8220;kommer att&#8221; do verbo &#8220;tr\u00e4ffa&#8221; &#8211; encontrar)<br \/>\n10. Om det regnar, *stannar* vi hemma. (Presente do verbo &#8220;stanna&#8221; &#8211; ficar)\n<\/div>\n<div class=\"exercise\"><\/div>\n","protected":false},"featured_media":1527953,"parent":0,"menu_order":0,"template":"","exercise_language":[18606,18613],"class_list":["post-1156313","grammar_exercises","type-grammar_exercises","status-publish","has-post-thumbnail","hentry","exercise_language-exercicios-suecos","exercise_language-indicativo-de-tempos-verbais-gramatica-sueca"],"acf":[],"yoast_head":"<!-- This site is optimized with the Yoast SEO Premium plugin v27.2 (Yoast SEO v27.2) - https:\/\/yoast.com\/product\/yoast-seo-premium-wordpress\/ -->\n<title>Exerc\u00edcios de vis\u00e3o geral de todos os tempos verbais para gram\u00e1tica sueca - Talkpal<\/title>\n<meta name=\"description\" content=\"Estes exerc\u00edcios focam em uma vis\u00e3o geral de todos os tempos verbais da gram\u00e1tica sueca. Voc\u00ea praticar\u00e1 diferentes tempos verbais, como presente,\" \/>\n<meta name=\"robots\" content=\"index, follow, max-snippet:-1, max-image-preview:large, max-video-preview:-1\" \/>\n<link rel=\"canonical\" href=\"https:\/\/talkpal.ai\/pt-pt\/grammar_exercises\/exercicios-de-visao-geral-de-todos-os-tempos-verbais-para-gramatica-sueca\/\" \/>\n<meta property=\"og:locale\" content=\"pt_PT\" \/>\n<meta property=\"og:type\" content=\"article\" \/>\n<meta property=\"og:title\" content=\"Exerc\u00edcios de vis\u00e3o geral de todos os tempos verbais para gram\u00e1tica sueca\" \/>\n<meta property=\"og:description\" content=\"Estes exerc\u00edcios focam em uma vis\u00e3o geral de todos os tempos verbais da gram\u00e1tica sueca. Voc\u00ea praticar\u00e1 diferentes tempos verbais, como presente,\" \/>\n<meta property=\"og:url\" content=\"https:\/\/talkpal.ai\/pt-pt\/grammar_exercises\/exercicios-de-visao-geral-de-todos-os-tempos-verbais-para-gramatica-sueca\/\" \/>\n<meta property=\"og:site_name\" content=\"Talkpal\" \/>\n<meta property=\"article:publisher\" content=\"https:\/\/www.facebook.com\/profile.php?id=100090733639311\" \/>\n<meta property=\"og:image\" content=\"https:\/\/talkpal.ai\/wp-content\/uploads\/2025\/02\/Progress-tab-16_9.png\" \/>\n\t<meta property=\"og:image:width\" content=\"2880\" \/>\n\t<meta property=\"og:image:height\" content=\"1620\" \/>\n\t<meta property=\"og:image:type\" content=\"image\/png\" \/>\n<meta name=\"twitter:card\" content=\"summary_large_image\" \/>\n<meta name=\"twitter:site\" content=\"@talkpalai\" \/>\n<meta name=\"twitter:label1\" content=\"Tempo estimado de leitura\" \/>\n\t<meta name=\"twitter:data1\" content=\"2 minutos\" \/>\n<script type=\"application\/ld+json\" class=\"yoast-schema-graph\">{\"@context\":\"https:\/\/schema.org\",\"@graph\":[{\"@type\":\"WebPage\",\"@id\":\"https:\/\/talkpal.ai\/pt-pt\/grammar_exercises\/exercicios-de-visao-geral-de-todos-os-tempos-verbais-para-gramatica-sueca\/\",\"url\":\"https:\/\/talkpal.ai\/pt-pt\/grammar_exercises\/exercicios-de-visao-geral-de-todos-os-tempos-verbais-para-gramatica-sueca\/\",\"name\":\"Exerc\u00edcios de vis\u00e3o geral de todos os tempos verbais para gram\u00e1tica sueca - Talkpal\",\"isPartOf\":{\"@id\":\"https:\/\/talkpal.ai\/pt-pt\/#website\"},\"primaryImageOfPage\":{\"@id\":\"https:\/\/talkpal.ai\/pt-pt\/grammar_exercises\/exercicios-de-visao-geral-de-todos-os-tempos-verbais-para-gramatica-sueca\/#primaryimage\"},\"image\":{\"@id\":\"https:\/\/talkpal.ai\/pt-pt\/grammar_exercises\/exercicios-de-visao-geral-de-todos-os-tempos-verbais-para-gramatica-sueca\/#primaryimage\"},\"thumbnailUrl\":\"https:\/\/talkpal.ai\/wp-content\/uploads\/2025\/12\/students-read-notes-to-learn-languages.webp\",\"datePublished\":\"2025-07-06T13:57:53+00:00\",\"description\":\"Estes exerc\u00edcios focam em uma vis\u00e3o geral de todos os tempos verbais da gram\u00e1tica sueca. Voc\u00ea praticar\u00e1 diferentes tempos verbais, como presente,\",\"breadcrumb\":{\"@id\":\"https:\/\/talkpal.ai\/pt-pt\/grammar_exercises\/exercicios-de-visao-geral-de-todos-os-tempos-verbais-para-gramatica-sueca\/#breadcrumb\"},\"inLanguage\":\"pt-PT\",\"potentialAction\":[{\"@type\":\"ReadAction\",\"target\":[\"https:\/\/talkpal.ai\/pt-pt\/grammar_exercises\/exercicios-de-visao-geral-de-todos-os-tempos-verbais-para-gramatica-sueca\/\"]}]},{\"@type\":\"ImageObject\",\"inLanguage\":\"pt-PT\",\"@id\":\"https:\/\/talkpal.ai\/pt-pt\/grammar_exercises\/exercicios-de-visao-geral-de-todos-os-tempos-verbais-para-gramatica-sueca\/#primaryimage\",\"url\":\"https:\/\/talkpal.ai\/wp-content\/uploads\/2025\/12\/students-read-notes-to-learn-languages.webp\",\"contentUrl\":\"https:\/\/talkpal.ai\/wp-content\/uploads\/2025\/12\/students-read-notes-to-learn-languages.webp\",\"width\":1200,\"height\":896,\"caption\":\"A trio of students in glasses looks at study papers while learning languages at a library table.\"},{\"@type\":\"BreadcrumbList\",\"@id\":\"https:\/\/talkpal.ai\/pt-pt\/grammar_exercises\/exercicios-de-visao-geral-de-todos-os-tempos-verbais-para-gramatica-sueca\/#breadcrumb\",\"itemListElement\":[{\"@type\":\"ListItem\",\"position\":1,\"name\":\"Homepage\",\"item\":\"https:\/\/talkpal.ai\/pt-pt\/\"},{\"@type\":\"ListItem\",\"position\":2,\"name\":\"Exerc\u00edcios de vis\u00e3o geral de todos os tempos verbais para gram\u00e1tica sueca\"}]},{\"@type\":\"WebSite\",\"@id\":\"https:\/\/talkpal.ai\/pt-pt\/#website\",\"url\":\"https:\/\/talkpal.ai\/pt-pt\/\",\"name\":\"Talkpal\",\"description\":\"AI Language Learning\",\"publisher\":{\"@id\":\"https:\/\/talkpal.ai\/pt-pt\/#organization\"},\"alternateName\":\"Talkpal AI\",\"potentialAction\":[{\"@type\":\"SearchAction\",\"target\":{\"@type\":\"EntryPoint\",\"urlTemplate\":\"https:\/\/talkpal.ai\/pt-pt\/?s={search_term_string}\"},\"query-input\":{\"@type\":\"PropertyValueSpecification\",\"valueRequired\":true,\"valueName\":\"search_term_string\"}}],\"inLanguage\":\"pt-PT\"},{\"@type\":\"Organization\",\"@id\":\"https:\/\/talkpal.ai\/pt-pt\/#organization\",\"name\":\"Talkpal, Inc.\",\"alternateName\":\"Talkpal AI\",\"url\":\"https:\/\/talkpal.ai\/pt-pt\/\",\"logo\":{\"@type\":\"ImageObject\",\"inLanguage\":\"pt-PT\",\"@id\":\"https:\/\/talkpal.ai\/pt-pt\/#\/schema\/logo\/image\/\",\"url\":\"https:\/\/talkpal.ai\/wp-content\/uploads\/2024\/03\/Talkpal-Logo-Icon.png\",\"contentUrl\":\"https:\/\/talkpal.ai\/wp-content\/uploads\/2024\/03\/Talkpal-Logo-Icon.png\",\"width\":2880,\"height\":2880,\"caption\":\"Talkpal, Inc.\"},\"image\":{\"@id\":\"https:\/\/talkpal.ai\/pt-pt\/#\/schema\/logo\/image\/\"},\"sameAs\":[\"https:\/\/www.facebook.com\/profile.php?id=100090733639311\",\"https:\/\/x.com\/talkpalai\",\"https:\/\/www.linkedin.com\/company\/talkpal\/\",\"https:\/\/www.youtube.com\/@TalkPal\/\",\"https:\/\/www.tiktok.com\/@talkpal\",\"https:\/\/www.instagram.com\/talkpal_ai\/\",\"https:\/\/www.crunchbase.com\/organization\/talkpal-9cde\",\"https:\/\/www.g2.com\/products\/talkpal-for-business\/\",\"https:\/\/www.trustpilot.com\/review\/talkpal.ai\",\"https:\/\/www.capterra.com\/p\/10006800\/TalkPal\/\"],\"description\":\"Talkpal is a language learning web and mobile education app, powered by the latest AI technologies, that provides engaging experiences to its customers in many different languages to help them improve their language skills. Users can chat about unlimited amount of topics with the app and use other modes to practice their language learning.\",\"email\":\"support@talkpal.ai\",\"legalName\":\"Talkpal, Inc.\",\"foundingDate\":\"2023-04-03\",\"duns\":\"118989042\",\"numberOfEmployees\":{\"@type\":\"QuantitativeValue\",\"minValue\":\"11\",\"maxValue\":\"50\"},\"publishingPrinciples\":\"https:\/\/talkpal.ai\/publishing-principles\/\",\"actionableFeedbackPolicy\":\"https:\/\/talkpal.ai\/actionable-feedback-policy\/\",\"correctionsPolicy\":\"https:\/\/talkpal.ai\/corrections-policy\/\",\"ethicsPolicy\":\"https:\/\/talkpal.ai\/ethics-policy\/\",\"diversityPolicy\":\"https:\/\/talkpal.ai\/diversity-policy\/\",\"diversityStaffingReport\":\"https:\/\/talkpal.ai\/diversity-policy\/\"}]}<\/script>\n<!-- \/ Yoast SEO Premium plugin. -->","yoast_head_json":{"title":"Exerc\u00edcios de vis\u00e3o geral de todos os tempos verbais para gram\u00e1tica sueca - Talkpal","description":"Estes exerc\u00edcios focam em uma vis\u00e3o geral de todos os tempos verbais da gram\u00e1tica sueca. Voc\u00ea praticar\u00e1 diferentes tempos verbais, como presente,","robots":{"index":"index","follow":"follow","max-snippet":"max-snippet:-1","max-image-preview":"max-image-preview:large","max-video-preview":"max-video-preview:-1"},"canonical":"https:\/\/talkpal.ai\/pt-pt\/grammar_exercises\/exercicios-de-visao-geral-de-todos-os-tempos-verbais-para-gramatica-sueca\/","og_locale":"pt_PT","og_type":"article","og_title":"Exerc\u00edcios de vis\u00e3o geral de todos os tempos verbais para gram\u00e1tica sueca","og_description":"Estes exerc\u00edcios focam em uma vis\u00e3o geral de todos os tempos verbais da gram\u00e1tica sueca. Voc\u00ea praticar\u00e1 diferentes tempos verbais, como presente,","og_url":"https:\/\/talkpal.ai\/pt-pt\/grammar_exercises\/exercicios-de-visao-geral-de-todos-os-tempos-verbais-para-gramatica-sueca\/","og_site_name":"Talkpal","article_publisher":"https:\/\/www.facebook.com\/profile.php?id=100090733639311","og_image":[{"width":2880,"height":1620,"url":"https:\/\/talkpal.ai\/wp-content\/uploads\/2025\/02\/Progress-tab-16_9.png","type":"image\/png"}],"twitter_card":"summary_large_image","twitter_site":"@talkpalai","twitter_misc":{"Tempo estimado de leitura":"2 minutos"},"schema":{"@context":"https:\/\/schema.org","@graph":[{"@type":"WebPage","@id":"https:\/\/talkpal.ai\/pt-pt\/grammar_exercises\/exercicios-de-visao-geral-de-todos-os-tempos-verbais-para-gramatica-sueca\/","url":"https:\/\/talkpal.ai\/pt-pt\/grammar_exercises\/exercicios-de-visao-geral-de-todos-os-tempos-verbais-para-gramatica-sueca\/","name":"Exerc\u00edcios de vis\u00e3o geral de todos os tempos verbais para gram\u00e1tica sueca - Talkpal","isPartOf":{"@id":"https:\/\/talkpal.ai\/pt-pt\/#website"},"primaryImageOfPage":{"@id":"https:\/\/talkpal.ai\/pt-pt\/grammar_exercises\/exercicios-de-visao-geral-de-todos-os-tempos-verbais-para-gramatica-sueca\/#primaryimage"},"image":{"@id":"https:\/\/talkpal.ai\/pt-pt\/grammar_exercises\/exercicios-de-visao-geral-de-todos-os-tempos-verbais-para-gramatica-sueca\/#primaryimage"},"thumbnailUrl":"https:\/\/talkpal.ai\/wp-content\/uploads\/2025\/12\/students-read-notes-to-learn-languages.webp","datePublished":"2025-07-06T13:57:53+00:00","description":"Estes exerc\u00edcios focam em uma vis\u00e3o geral de todos os tempos verbais da gram\u00e1tica sueca. Voc\u00ea praticar\u00e1 diferentes tempos verbais, como presente,","breadcrumb":{"@id":"https:\/\/talkpal.ai\/pt-pt\/grammar_exercises\/exercicios-de-visao-geral-de-todos-os-tempos-verbais-para-gramatica-sueca\/#breadcrumb"},"inLanguage":"pt-PT","potentialAction":[{"@type":"ReadAction","target":["https:\/\/talkpal.ai\/pt-pt\/grammar_exercises\/exercicios-de-visao-geral-de-todos-os-tempos-verbais-para-gramatica-sueca\/"]}]},{"@type":"ImageObject","inLanguage":"pt-PT","@id":"https:\/\/talkpal.ai\/pt-pt\/grammar_exercises\/exercicios-de-visao-geral-de-todos-os-tempos-verbais-para-gramatica-sueca\/#primaryimage","url":"https:\/\/talkpal.ai\/wp-content\/uploads\/2025\/12\/students-read-notes-to-learn-languages.webp","contentUrl":"https:\/\/talkpal.ai\/wp-content\/uploads\/2025\/12\/students-read-notes-to-learn-languages.webp","width":1200,"height":896,"caption":"A trio of students in glasses looks at study papers while learning languages at a library table."},{"@type":"BreadcrumbList","@id":"https:\/\/talkpal.ai\/pt-pt\/grammar_exercises\/exercicios-de-visao-geral-de-todos-os-tempos-verbais-para-gramatica-sueca\/#breadcrumb","itemListElement":[{"@type":"ListItem","position":1,"name":"Homepage","item":"https:\/\/talkpal.ai\/pt-pt\/"},{"@type":"ListItem","position":2,"name":"Exerc\u00edcios de vis\u00e3o geral de todos os tempos verbais para gram\u00e1tica sueca"}]},{"@type":"WebSite","@id":"https:\/\/talkpal.ai\/pt-pt\/#website","url":"https:\/\/talkpal.ai\/pt-pt\/","name":"Talkpal","description":"AI Language Learning","publisher":{"@id":"https:\/\/talkpal.ai\/pt-pt\/#organization"},"alternateName":"Talkpal AI","potentialAction":[{"@type":"SearchAction","target":{"@type":"EntryPoint","urlTemplate":"https:\/\/talkpal.ai\/pt-pt\/?s={search_term_string}"},"query-input":{"@type":"PropertyValueSpecification","valueRequired":true,"valueName":"search_term_string"}}],"inLanguage":"pt-PT"},{"@type":"Organization","@id":"https:\/\/talkpal.ai\/pt-pt\/#organization","name":"Talkpal, Inc.","alternateName":"Talkpal AI","url":"https:\/\/talkpal.ai\/pt-pt\/","logo":{"@type":"ImageObject","inLanguage":"pt-PT","@id":"https:\/\/talkpal.ai\/pt-pt\/#\/schema\/logo\/image\/","url":"https:\/\/talkpal.ai\/wp-content\/uploads\/2024\/03\/Talkpal-Logo-Icon.png","contentUrl":"https:\/\/talkpal.ai\/wp-content\/uploads\/2024\/03\/Talkpal-Logo-Icon.png","width":2880,"height":2880,"caption":"Talkpal, Inc."},"image":{"@id":"https:\/\/talkpal.ai\/pt-pt\/#\/schema\/logo\/image\/"},"sameAs":["https:\/\/www.facebook.com\/profile.php?id=100090733639311","https:\/\/x.com\/talkpalai","https:\/\/www.linkedin.com\/company\/talkpal\/","https:\/\/www.youtube.com\/@TalkPal\/","https:\/\/www.tiktok.com\/@talkpal","https:\/\/www.instagram.com\/talkpal_ai\/","https:\/\/www.crunchbase.com\/organization\/talkpal-9cde","https:\/\/www.g2.com\/products\/talkpal-for-business\/","https:\/\/www.trustpilot.com\/review\/talkpal.ai","https:\/\/www.capterra.com\/p\/10006800\/TalkPal\/"],"description":"Talkpal is a language learning web and mobile education app, powered by the latest AI technologies, that provides engaging experiences to its customers in many different languages to help them improve their language skills. Users can chat about unlimited amount of topics with the app and use other modes to practice their language learning.","email":"support@talkpal.ai","legalName":"Talkpal, Inc.","foundingDate":"2023-04-03","duns":"118989042","numberOfEmployees":{"@type":"QuantitativeValue","minValue":"11","maxValue":"50"},"publishingPrinciples":"https:\/\/talkpal.ai\/publishing-principles\/","actionableFeedbackPolicy":"https:\/\/talkpal.ai\/actionable-feedback-policy\/","correctionsPolicy":"https:\/\/talkpal.ai\/corrections-policy\/","ethicsPolicy":"https:\/\/talkpal.ai\/ethics-policy\/","diversityPolicy":"https:\/\/talkpal.ai\/diversity-policy\/","diversityStaffingReport":"https:\/\/talkpal.ai\/diversity-policy\/"}]}},"_links":{"self":[{"href":"https:\/\/talkpal.ai\/pt-pt\/wp-json\/wp\/v2\/grammar_exercises\/1156313","targetHints":{"allow":["GET"]}}],"collection":[{"href":"https:\/\/talkpal.ai\/pt-pt\/wp-json\/wp\/v2\/grammar_exercises"}],"about":[{"href":"https:\/\/talkpal.ai\/pt-pt\/wp-json\/wp\/v2\/types\/grammar_exercises"}],"wp:featuredmedia":[{"embeddable":true,"href":"https:\/\/talkpal.ai\/pt-pt\/wp-json\/wp\/v2\/media\/1527953"}],"wp:attachment":[{"href":"https:\/\/talkpal.ai\/pt-pt\/wp-json\/wp\/v2\/media?parent=1156313"}],"wp:term":[{"taxonomy":"exercise_language","embeddable":true,"href":"https:\/\/talkpal.ai\/pt-pt\/wp-json\/wp\/v2\/exercise_language?post=1156313"}],"curies":[{"name":"wp","href":"https:\/\/api.w.org\/{rel}","templated":true}]}}