{"id":1079710,"date":"2025-07-01T23:11:55","date_gmt":"2025-07-01T23:11:55","guid":{"rendered":"https:\/\/talkpal.ai\/grammar\/pronombres-reflexivos-w-gramatyce-hiszpanskiej\/"},"modified":"2025-07-01T23:11:55","modified_gmt":"2025-07-01T23:11:55","slug":"pronombres-reflexivos-w-gramatyce-hiszpanskiej","status":"publish","type":"grammar","link":"https:\/\/talkpal.ai\/pl\/grammar\/pronombres-reflexivos-w-gramatyce-hiszpanskiej\/","title":{"rendered":"Pronombres reflexivos w gramatyce hiszpa\u0144skiej"},"content":{"rendered":"<p>W nauce j\u0119zyka hiszpa\u0144skiego jednym z kluczowych zagadnie\u0144 gramatycznych s\u0105 <a href=\"https:\/\/talkpal.ai\/ar\/grammar_exercises\/pronombres-reflexivos-%d8%aa%d9%85%d8%a7%d8%b1%d9%8a%d9%86-%d9%84%d9%82%d9%88%d8%a7%d8%b9%d8%af-%d8%a7%d9%84%d9%84%d8%ba%d8%a9-%d8%a7%d9%84%d8%a5%d8%b3%d8%a8%d8%a7%d9%86%d9%8a%d8%a9\/\">pronombres reflexivos<\/a>, czyli zaimki zwrotne. Ich poprawne u\u017cycie pozwala nie tylko na zrozumienie znaczenia wielu czasownik\u00f3w, ale r\u00f3wnie\u017c na formowanie poprawnych i naturalnie brzmi\u0105cych zda\u0144. Zaimki te pojawiaj\u0105 si\u0119 zar\u00f3wno w codziennych rozmowach, jak i w tekstach literackich, dlatego ich znajomo\u015b\u0107 jest niezb\u0119dna dla ka\u017cdego, kto pragnie biegle pos\u0142ugiwa\u0107 si\u0119 hiszpa\u0144skim. Je\u015bli chcesz skutecznie opanowa\u0107 pronombres reflexivos w gramatyce hiszpa\u0144skiej, warto skorzysta\u0107 z nowoczesnych narz\u0119dzi edukacyjnych, takich jak <a href=\"https:\/\/talkpal.ai\/ko\/ai-%ec%96%b8%ec%96%b4-%ea%b5%90%ec%82%ac\/\">Talkpal<\/a>, kt\u00f3ry umo\u017cliwia praktyczn\u0105 nauk\u0119 poprzez konwersacje i \u0107wiczenia.<\/p>\n<h2>Czym s\u0105 pronombres reflexivos?<\/h2>\n<p>Pronombres reflexivos, czyli zaimki zwrotne, to wyrazy, kt\u00f3re wskazuj\u0105, \u017ce osoba wykonuj\u0105ca czynno\u015b\u0107 jest jednocze\u015bnie jej odbiorc\u0105. Oznacza to, \u017ce podmiot i dope\u0142nienie w zdaniu odnosz\u0105 si\u0119 do tej samej osoby lub rzeczy. W j\u0119zyku hiszpa\u0144skim zaimki te s\u0105 nieod\u0142\u0105cznym elementem wielu czasownik\u00f3w zwrotnych, kt\u00f3re bez nich nie mia\u0142yby sensu.<\/p>\n<h3>Lista pronombres reflexivos w j\u0119zyku hiszpa\u0144skim<\/h3>\n<p>W j\u0119zyku hiszpa\u0144skim wyst\u0119puje sze\u015b\u0107 podstawowych zaimk\u00f3w zwrotnych, kt\u00f3re odpowiadaj\u0105 poszczeg\u00f3lnym osobom gramatycznym:<\/p>\n<ul>\n<li><strong>me<\/strong> \u2013 ja (yo)<\/li>\n<li><strong>te<\/strong> \u2013 ty (t\u00fa)<\/li>\n<li><strong>se<\/strong> \u2013 on\/ona\/ono\/pan\/pani (\u00e9l\/ella\/usted)<\/li>\n<li><strong>nos<\/strong> \u2013 my (nosotros\/nosotras)<\/li>\n<li><strong>os<\/strong> \u2013 wy (vosotros\/vosotras)<\/li>\n<li><strong>se<\/strong> \u2013 oni\/one\/pa\u0144stwo (ellos\/ellas\/ustedes)<\/li>\n<\/ul>\n<p>Zaimki te umieszcza si\u0119 przed czasownikiem lub do\u0142\u0105cza do ko\u0144c\u00f3wki czasownika w niekt\u00f3rych formach, o czym opowiemy szerzej w dalszej cz\u0119\u015bci artyku\u0142u.<\/p>\n<h2>Kiedy stosujemy pronombres reflexivos?<\/h2>\n<p>Zaimki zwrotne w j\u0119zyku hiszpa\u0144skim u\u017cywane s\u0105 w r\u00f3\u017cnych kontekstach. Najcz\u0119\u015bciej pojawiaj\u0105 si\u0119 przy czasownikach zwrotnych, kt\u00f3re wskazuj\u0105, \u017ce czynno\u015b\u0107 wykonywana jest na samym sobie.<\/p>\n<h3>Czasowniki zwrotne<\/h3>\n<p>Czasowniki zwrotne (<a href=\"https:\/\/talkpal.ai\/grammar\/verbos-reflexivos-in-portuguese-grammar\/\">verbos reflexivos<\/a>) to czasowniki, kt\u00f3re w formie podstawowej maj\u0105 ko\u0144c\u00f3wk\u0119 \u201e-se\u201d (np. <em>lavarse<\/em> \u2013 my\u0107 si\u0119, <em>vestirse<\/em> \u2013 ubiera\u0107 si\u0119). Oto kilka przyk\u0142ad\u00f3w:<\/p>\n<ul>\n<li><strong>despertarse<\/strong> \u2013 budzi\u0107 si\u0119<\/li>\n<li><strong>afeitarse<\/strong> \u2013 goli\u0107 si\u0119<\/li>\n<li><strong>ducharse<\/strong> \u2013 bra\u0107 prysznic<\/li>\n<li><strong>peinarse<\/strong> \u2013 czesa\u0107 si\u0119<\/li>\n<li><strong>acostarse<\/strong> \u2013 k\u0142a\u015b\u0107 si\u0119 spa\u0107<\/li>\n<\/ul>\n<h3>Przyk\u0142ady u\u017cycia<\/h3>\n<ul>\n<li><em>Me levanto temprano.<\/em> \u2013 Wstaj\u0119 wcze\u015bnie.<\/li>\n<li><em>Te lavas las manos.<\/em> \u2013 Myjesz r\u0119ce.<\/li>\n<li><em>Se acuestan tarde.<\/em> \u2013 K\u0142ad\u0105 si\u0119 spa\u0107 p\u00f3\u017ano.<\/li>\n<\/ul>\n<h2>Odmiana czasownik\u00f3w zwrotnych z pronombres reflexivos<\/h2>\n<p>Aby poprawnie u\u017cywa\u0107 czasownik\u00f3w zwrotnych, nale\u017cy odmieni\u0107 zar\u00f3wno czasownik, jak i zaimek zwrotny zgodnie z osob\u0105 gramatyczn\u0105.<\/p>\n<h3>Przyk\u0142ad odmiany: \u201elavarse\u201d (my\u0107 si\u0119)<\/h3>\n<table>\n<tr>\n<th>Osoba<\/th>\n<th>Zaimek<\/th>\n<th>Odmiana<\/th>\n<\/tr>\n<tr>\n<td>yo<\/td>\n<td>me<\/td>\n<td>me lavo<\/td>\n<\/tr>\n<tr>\n<td>t\u00fa<\/td>\n<td>te<\/td>\n<td>te lavas<\/td>\n<\/tr>\n<tr>\n<td>\u00e9l\/ella\/usted<\/td>\n<td>se<\/td>\n<td>se lava<\/td>\n<\/tr>\n<tr>\n<td>nosotros\/as<\/td>\n<td>nos<\/td>\n<td>nos lavamos<\/td>\n<\/tr>\n<tr>\n<td>vosotros\/as<\/td>\n<td>os<\/td>\n<td>os lav\u00e1is<\/td>\n<\/tr>\n<tr>\n<td>ellos\/ellas\/ustedes<\/td>\n<td>se<\/td>\n<td>se lavan<\/td>\n<\/tr>\n<\/table>\n<h2>Pozycja pronombres reflexivos w zdaniu<\/h2>\n<p>Pozycja zaimka zwrotnego zale\u017cy od formy czasownika w zdaniu:<\/p>\n<ul>\n<li><strong>Przed odmienionym czasownikiem:<\/strong> <em>Me levanto a las siete.<\/em><\/li>\n<li><strong>Do\u0142\u0105czony do bezokolicznika:<\/strong> <em>Voy a levantarme temprano.<\/em><\/li>\n<li><strong>Do\u0142\u0105czony do formy gerundio:<\/strong> <em>Estoy lav\u00e1ndome las manos.<\/em><\/li>\n<\/ul>\n<p>Warto pami\u0119ta\u0107, \u017ce w j\u0119zyku hiszpa\u0144skim zachowanie odpowiedniej pozycji zaimka zwrotnego jest kluczowe dla zrozumia\u0142o\u015bci i poprawno\u015bci gramatycznej wypowiedzi.<\/p>\n<h2>R\u00f3\u017cnice mi\u0119dzy czasownikami zwrotnymi a niezwrotnymi<\/h2>\n<p>Niekt\u00f3re czasowniki mog\u0105 wyst\u0119powa\u0107 zar\u00f3wno w formie zwrotnej, jak i niezwrotnej, zmieniaj\u0105c tym samym swoje znaczenie. Oto kilka przyk\u0142ad\u00f3w:<\/p>\n<ul>\n<li><strong>llamar<\/strong> \u2013 wo\u0142a\u0107 kogo\u015b<\/li>\n<li><strong>llamarse<\/strong> \u2013 nazywa\u0107 si\u0119<\/li>\n<li><strong>poner<\/strong> \u2013 k\u0142a\u015b\u0107, po\u0142o\u017cy\u0107<\/li>\n<li><strong>ponerse<\/strong> \u2013 zak\u0142ada\u0107 (ubranie), stawa\u0107 si\u0119<\/li>\n<li><strong>ir<\/strong> \u2013 i\u015b\u0107<\/li>\n<li><strong>irse<\/strong> \u2013 odchodzi\u0107, wyje\u017cd\u017ca\u0107<\/li>\n<\/ul>\n<h2>Funkcje i znaczenie pronombres reflexivos<\/h2>\n<p>Pronombres reflexivos nie tylko wskazuj\u0105, \u017ce czynno\u015b\u0107 wraca do podmiotu, ale pe\u0142ni\u0105 r\u00f3wnie\u017c inne funkcje w j\u0119zyku hiszpa\u0144skim:<\/p>\n<ul>\n<li><strong>Refleksyjno\u015b\u0107:<\/strong> Akcentuj\u0105, \u017ce czynno\u015b\u0107 dotyczy wykonawcy (np. <em>Me cuido<\/em> \u2013 Dbam o siebie).<\/li>\n<li><strong>Wzajemno\u015b\u0107:<\/strong> Przy niekt\u00f3rych czasownikach w liczbie mnogiej wyra\u017caj\u0105 wzajemno\u015b\u0107 (np. <em>Nos vemos<\/em> \u2013 Widzimy si\u0119).<\/li>\n<li><strong>Zmiana znaczenia:<\/strong> Z niekt\u00f3rymi czasownikami zwrotnymi znaczenie jest zupe\u0142nie inne ni\u017c w formie niezwrotnej.<\/li>\n<\/ul>\n<h2>B\u0142\u0119dy najcz\u0119\u015bciej pope\u0142niane przy u\u017cyciu pronombres reflexivos<\/h2>\n<p>Osoby ucz\u0105ce si\u0119 j\u0119zyka hiszpa\u0144skiego cz\u0119sto pope\u0142niaj\u0105 nast\u0119puj\u0105ce b\u0142\u0119dy:<\/p>\n<ul>\n<li>Zapominanie o u\u017cyciu zaimka zwrotnego przy czasownikach, kt\u00f3re tego wymagaj\u0105.<\/li>\n<li>Mylenie formy zaimka zwrotnego z zaimkami dope\u0142nienia bli\u017cszego lub dalszego.<\/li>\n<li>Niew\u0142a\u015bciwe umieszczanie zaimka zwrotnego w zdaniu.<\/li>\n<li>Stosowanie zaimka zwrotnego tam, gdzie nie jest on potrzebny.<\/li>\n<\/ul>\n<p>Aby unikn\u0105\u0107 tych b\u0142\u0119d\u00f3w, warto regularnie \u0107wiczy\u0107 u\u017cycie pronombres reflexivos, np. korzystaj\u0105c z interaktywnych \u0107wicze\u0144 na platformach takich jak Talkpal.<\/p>\n<h2>Pronombres reflexivos a inne zaimki w j\u0119zyku hiszpa\u0144skim<\/h2>\n<p>W hiszpa\u0144skim istnieje wiele r\u00f3\u017cnych zaimk\u00f3w, kt\u00f3re mog\u0105 sprawia\u0107 trudno\u015b\u0107 osobom ucz\u0105cym si\u0119 tego j\u0119zyka. Pronombres reflexivos nale\u017cy odr\u00f3\u017cnia\u0107 od:<\/p>\n<ul>\n<li><strong>Pronombres de objeto directo<\/strong> (me, te, lo\/la, nos, os, los\/las)<\/li>\n<li><strong>Pronombres de objeto indirecto<\/strong> (me, te, le, nos, os, les)<\/li>\n<\/ul>\n<p>Chocia\u017c niekt\u00f3re formy s\u0105 identyczne, pe\u0142ni\u0105 one zupe\u0142nie inne funkcje w zdaniu.<\/p>\n<h2>\u0106wiczenia i praktyka \u2013 jak skutecznie nauczy\u0107 si\u0119 pronombres reflexivos?<\/h2>\n<p>Aby opanowa\u0107 pronombres reflexivos, warto stosowa\u0107 r\u00f3\u017cnorodne metody nauki:<\/p>\n<ul>\n<li>Tworzenie w\u0142asnych zda\u0144 z czasownikami zwrotnymi.<\/li>\n<li>Rozwi\u0105zywanie \u0107wicze\u0144 online, np. na platformie Talkpal.<\/li>\n<li>S\u0142uchanie i powtarzanie dialog\u00f3w z \u017cycia codziennego.<\/li>\n<li>Uczestnictwo w konwersacjach z native speakerami.<\/li>\n<li>Regularne powtarzanie i utrwalanie poznanych struktur gramatycznych.<\/li>\n<\/ul>\n<p>Talkpal to nowoczesna platforma edukacyjna, kt\u00f3ra umo\u017cliwia praktyczn\u0105 <a href=\"https:\/\/talkpal.ai\/pl\/najlepszy-sposob-na-nauke-jezyka-hiszpanskiego-szybko-i-skutecznie\/\">nauk\u0119 j\u0119zyka hiszpa\u0144skiego<\/a>, w tym pronombres reflexivos, poprzez interaktywne \u0107wiczenia, gry i rozmowy z wirtualnymi nauczycielami.<\/p>\n<h2>Podsumowanie \u2013 Pronombres reflexivos w gramatyce hiszpa\u0144skiej<\/h2>\n<p>Zaimki zwrotne (pronombres reflexivos) to nieod\u0142\u0105czny element gramatyki hiszpa\u0144skiej, niezb\u0119dny do poprawnego stosowania wielu czasownik\u00f3w i wyra\u017cania r\u00f3\u017cnych niuans\u00f3w znaczeniowych. Kluczowe jest poznanie ich form, zasad u\u017cycia oraz regularna praktyka w mowie i pi\u015bmie. Dzi\u0119ki takim narz\u0119dziom jak Talkpal nauka pronombres reflexivos mo\u017ce by\u0107 nie tylko skuteczna, ale i przyjemna. Pami\u0119taj, \u017ce opanowanie tego zagadnienia otwiera drzwi do swobodnej komunikacji po hiszpa\u0144sku i lepszego rozumienia hiszpa\u0144skiej kultury j\u0119zykowej.<\/p>\n","protected":false},"featured_media":1527724,"template":"","language":[12666,12672],"class_list":["post-1079710","grammar","type-grammar","status-publish","has-post-thumbnail","hentry","language-hiszpanski","language-zaimki-gramatyka-hiszpanska"],"acf":[],"yoast_head":"<!-- This site is optimized with the Yoast SEO Premium plugin v27.2 (Yoast SEO v27.2) - https:\/\/yoast.com\/product\/yoast-seo-premium-wordpress\/ -->\n<title>Pronombres reflexivos w gramatyce hiszpa\u0144skiej - Talkpal<\/title>\n<meta name=\"description\" content=\"W nauce j\u0119zyka hiszpa\u0144skiego jednym z kluczowych zagadnie\u0144 gramatycznych s\u0105 pronombres reflexivos, czyli zaimki zwrotne. Ich poprawne u\u017cycie pozwala nie\" \/>\n<meta name=\"robots\" content=\"index, follow, max-snippet:-1, max-image-preview:large, max-video-preview:-1\" \/>\n<link rel=\"canonical\" href=\"https:\/\/talkpal.ai\/pl\/grammar\/pronombres-reflexivos-w-gramatyce-hiszpanskiej\/\" \/>\n<meta property=\"og:locale\" content=\"pl_PL\" \/>\n<meta property=\"og:type\" content=\"article\" \/>\n<meta property=\"og:title\" content=\"Pronombres reflexivos w gramatyce hiszpa\u0144skiej\" \/>\n<meta property=\"og:description\" content=\"W nauce j\u0119zyka hiszpa\u0144skiego jednym z kluczowych zagadnie\u0144 gramatycznych s\u0105 pronombres reflexivos, czyli zaimki zwrotne. Ich poprawne u\u017cycie pozwala nie\" \/>\n<meta property=\"og:url\" content=\"https:\/\/talkpal.ai\/pl\/grammar\/pronombres-reflexivos-w-gramatyce-hiszpanskiej\/\" \/>\n<meta property=\"og:site_name\" content=\"Talkpal\" \/>\n<meta property=\"article:publisher\" content=\"https:\/\/www.facebook.com\/profile.php?id=100090733639311\" \/>\n<meta property=\"og:image\" content=\"https:\/\/talkpal.ai\/wp-content\/uploads\/2025\/02\/Progress-tab-16_9.png\" \/>\n\t<meta property=\"og:image:width\" content=\"2880\" \/>\n\t<meta property=\"og:image:height\" content=\"1620\" \/>\n\t<meta property=\"og:image:type\" content=\"image\/png\" \/>\n<meta name=\"twitter:card\" content=\"summary_large_image\" \/>\n<meta name=\"twitter:site\" content=\"@talkpalai\" \/>\n<meta name=\"twitter:label1\" content=\"Szacowany czas czytania\" \/>\n\t<meta name=\"twitter:data1\" content=\"5 minut\" \/>\n<script type=\"application\/ld+json\" class=\"yoast-schema-graph\">{\"@context\":\"https:\/\/schema.org\",\"@graph\":[{\"@type\":\"WebPage\",\"@id\":\"https:\/\/talkpal.ai\/pl\/grammar\/pronombres-reflexivos-w-gramatyce-hiszpanskiej\/\",\"url\":\"https:\/\/talkpal.ai\/pl\/grammar\/pronombres-reflexivos-w-gramatyce-hiszpanskiej\/\",\"name\":\"Pronombres reflexivos w gramatyce hiszpa\u0144skiej - Talkpal\",\"isPartOf\":{\"@id\":\"https:\/\/talkpal.ai\/pl\/#website\"},\"primaryImageOfPage\":{\"@id\":\"https:\/\/talkpal.ai\/pl\/grammar\/pronombres-reflexivos-w-gramatyce-hiszpanskiej\/#primaryimage\"},\"image\":{\"@id\":\"https:\/\/talkpal.ai\/pl\/grammar\/pronombres-reflexivos-w-gramatyce-hiszpanskiej\/#primaryimage\"},\"thumbnailUrl\":\"https:\/\/talkpal.ai\/wp-content\/uploads\/2025\/12\/laptops-are-opened-to-learn-languages.webp\",\"datePublished\":\"2025-07-01T23:11:55+00:00\",\"description\":\"W nauce j\u0119zyka hiszpa\u0144skiego jednym z kluczowych zagadnie\u0144 gramatycznych s\u0105 pronombres reflexivos, czyli zaimki zwrotne. Ich poprawne u\u017cycie pozwala nie\",\"breadcrumb\":{\"@id\":\"https:\/\/talkpal.ai\/pl\/grammar\/pronombres-reflexivos-w-gramatyce-hiszpanskiej\/#breadcrumb\"},\"inLanguage\":\"pl-PL\",\"potentialAction\":[{\"@type\":\"ReadAction\",\"target\":[\"https:\/\/talkpal.ai\/pl\/grammar\/pronombres-reflexivos-w-gramatyce-hiszpanskiej\/\"]}]},{\"@type\":\"ImageObject\",\"inLanguage\":\"pl-PL\",\"@id\":\"https:\/\/talkpal.ai\/pl\/grammar\/pronombres-reflexivos-w-gramatyce-hiszpanskiej\/#primaryimage\",\"url\":\"https:\/\/talkpal.ai\/wp-content\/uploads\/2025\/12\/laptops-are-opened-to-learn-languages.webp\",\"contentUrl\":\"https:\/\/talkpal.ai\/wp-content\/uploads\/2025\/12\/laptops-are-opened-to-learn-languages.webp\",\"width\":1200,\"height\":896,\"caption\":\"Many laptops are opened by a group of people at a long table during a workshop for learning languages.\"},{\"@type\":\"BreadcrumbList\",\"@id\":\"https:\/\/talkpal.ai\/pl\/grammar\/pronombres-reflexivos-w-gramatyce-hiszpanskiej\/#breadcrumb\",\"itemListElement\":[{\"@type\":\"ListItem\",\"position\":1,\"name\":\"Homepage\",\"item\":\"https:\/\/talkpal.ai\/pl\/\"},{\"@type\":\"ListItem\",\"position\":2,\"name\":\"Pronombres reflexivos w gramatyce hiszpa\u0144skiej\"}]},{\"@type\":\"WebSite\",\"@id\":\"https:\/\/talkpal.ai\/pl\/#website\",\"url\":\"https:\/\/talkpal.ai\/pl\/\",\"name\":\"Talkpal\",\"description\":\"AI Language Learning\",\"publisher\":{\"@id\":\"https:\/\/talkpal.ai\/pl\/#organization\"},\"alternateName\":\"Talkpal AI\",\"potentialAction\":[{\"@type\":\"SearchAction\",\"target\":{\"@type\":\"EntryPoint\",\"urlTemplate\":\"https:\/\/talkpal.ai\/pl\/?s={search_term_string}\"},\"query-input\":{\"@type\":\"PropertyValueSpecification\",\"valueRequired\":true,\"valueName\":\"search_term_string\"}}],\"inLanguage\":\"pl-PL\"},{\"@type\":\"Organization\",\"@id\":\"https:\/\/talkpal.ai\/pl\/#organization\",\"name\":\"Talkpal, Inc.\",\"alternateName\":\"Talkpal AI\",\"url\":\"https:\/\/talkpal.ai\/pl\/\",\"logo\":{\"@type\":\"ImageObject\",\"inLanguage\":\"pl-PL\",\"@id\":\"https:\/\/talkpal.ai\/pl\/#\/schema\/logo\/image\/\",\"url\":\"https:\/\/talkpal.ai\/wp-content\/uploads\/2024\/03\/Talkpal-Logo-Icon.png\",\"contentUrl\":\"https:\/\/talkpal.ai\/wp-content\/uploads\/2024\/03\/Talkpal-Logo-Icon.png\",\"width\":2880,\"height\":2880,\"caption\":\"Talkpal, Inc.\"},\"image\":{\"@id\":\"https:\/\/talkpal.ai\/pl\/#\/schema\/logo\/image\/\"},\"sameAs\":[\"https:\/\/www.facebook.com\/profile.php?id=100090733639311\",\"https:\/\/x.com\/talkpalai\",\"https:\/\/www.linkedin.com\/company\/talkpal\/\",\"https:\/\/www.youtube.com\/@TalkPal\/\",\"https:\/\/www.tiktok.com\/@talkpal\",\"https:\/\/www.instagram.com\/talkpal_ai\/\",\"https:\/\/www.crunchbase.com\/organization\/talkpal-9cde\",\"https:\/\/www.g2.com\/products\/talkpal-for-business\/\",\"https:\/\/www.trustpilot.com\/review\/talkpal.ai\",\"https:\/\/www.capterra.com\/p\/10006800\/TalkPal\/\"],\"description\":\"Talkpal is a language learning web and mobile education app, powered by the latest AI technologies, that provides engaging experiences to its customers in many different languages to help them improve their language skills. Users can chat about unlimited amount of topics with the app and use other modes to practice their language learning.\",\"email\":\"support@talkpal.ai\",\"legalName\":\"Talkpal, Inc.\",\"foundingDate\":\"2023-04-03\",\"duns\":\"118989042\",\"numberOfEmployees\":{\"@type\":\"QuantitativeValue\",\"minValue\":\"11\",\"maxValue\":\"50\"},\"publishingPrinciples\":\"https:\/\/talkpal.ai\/publishing-principles\/\",\"actionableFeedbackPolicy\":\"https:\/\/talkpal.ai\/actionable-feedback-policy\/\",\"correctionsPolicy\":\"https:\/\/talkpal.ai\/corrections-policy\/\",\"ethicsPolicy\":\"https:\/\/talkpal.ai\/ethics-policy\/\",\"diversityPolicy\":\"https:\/\/talkpal.ai\/diversity-policy\/\",\"diversityStaffingReport\":\"https:\/\/talkpal.ai\/diversity-policy\/\"}]}<\/script>\n<!-- \/ Yoast SEO Premium plugin. -->","yoast_head_json":{"title":"Pronombres reflexivos w gramatyce hiszpa\u0144skiej - Talkpal","description":"W nauce j\u0119zyka hiszpa\u0144skiego jednym z kluczowych zagadnie\u0144 gramatycznych s\u0105 pronombres reflexivos, czyli zaimki zwrotne. Ich poprawne u\u017cycie pozwala nie","robots":{"index":"index","follow":"follow","max-snippet":"max-snippet:-1","max-image-preview":"max-image-preview:large","max-video-preview":"max-video-preview:-1"},"canonical":"https:\/\/talkpal.ai\/pl\/grammar\/pronombres-reflexivos-w-gramatyce-hiszpanskiej\/","og_locale":"pl_PL","og_type":"article","og_title":"Pronombres reflexivos w gramatyce hiszpa\u0144skiej","og_description":"W nauce j\u0119zyka hiszpa\u0144skiego jednym z kluczowych zagadnie\u0144 gramatycznych s\u0105 pronombres reflexivos, czyli zaimki zwrotne. Ich poprawne u\u017cycie pozwala nie","og_url":"https:\/\/talkpal.ai\/pl\/grammar\/pronombres-reflexivos-w-gramatyce-hiszpanskiej\/","og_site_name":"Talkpal","article_publisher":"https:\/\/www.facebook.com\/profile.php?id=100090733639311","og_image":[{"width":2880,"height":1620,"url":"https:\/\/talkpal.ai\/wp-content\/uploads\/2025\/02\/Progress-tab-16_9.png","type":"image\/png"}],"twitter_card":"summary_large_image","twitter_site":"@talkpalai","twitter_misc":{"Szacowany czas czytania":"5 minut"},"schema":{"@context":"https:\/\/schema.org","@graph":[{"@type":"WebPage","@id":"https:\/\/talkpal.ai\/pl\/grammar\/pronombres-reflexivos-w-gramatyce-hiszpanskiej\/","url":"https:\/\/talkpal.ai\/pl\/grammar\/pronombres-reflexivos-w-gramatyce-hiszpanskiej\/","name":"Pronombres reflexivos w gramatyce hiszpa\u0144skiej - Talkpal","isPartOf":{"@id":"https:\/\/talkpal.ai\/pl\/#website"},"primaryImageOfPage":{"@id":"https:\/\/talkpal.ai\/pl\/grammar\/pronombres-reflexivos-w-gramatyce-hiszpanskiej\/#primaryimage"},"image":{"@id":"https:\/\/talkpal.ai\/pl\/grammar\/pronombres-reflexivos-w-gramatyce-hiszpanskiej\/#primaryimage"},"thumbnailUrl":"https:\/\/talkpal.ai\/wp-content\/uploads\/2025\/12\/laptops-are-opened-to-learn-languages.webp","datePublished":"2025-07-01T23:11:55+00:00","description":"W nauce j\u0119zyka hiszpa\u0144skiego jednym z kluczowych zagadnie\u0144 gramatycznych s\u0105 pronombres reflexivos, czyli zaimki zwrotne. Ich poprawne u\u017cycie pozwala nie","breadcrumb":{"@id":"https:\/\/talkpal.ai\/pl\/grammar\/pronombres-reflexivos-w-gramatyce-hiszpanskiej\/#breadcrumb"},"inLanguage":"pl-PL","potentialAction":[{"@type":"ReadAction","target":["https:\/\/talkpal.ai\/pl\/grammar\/pronombres-reflexivos-w-gramatyce-hiszpanskiej\/"]}]},{"@type":"ImageObject","inLanguage":"pl-PL","@id":"https:\/\/talkpal.ai\/pl\/grammar\/pronombres-reflexivos-w-gramatyce-hiszpanskiej\/#primaryimage","url":"https:\/\/talkpal.ai\/wp-content\/uploads\/2025\/12\/laptops-are-opened-to-learn-languages.webp","contentUrl":"https:\/\/talkpal.ai\/wp-content\/uploads\/2025\/12\/laptops-are-opened-to-learn-languages.webp","width":1200,"height":896,"caption":"Many laptops are opened by a group of people at a long table during a workshop for learning languages."},{"@type":"BreadcrumbList","@id":"https:\/\/talkpal.ai\/pl\/grammar\/pronombres-reflexivos-w-gramatyce-hiszpanskiej\/#breadcrumb","itemListElement":[{"@type":"ListItem","position":1,"name":"Homepage","item":"https:\/\/talkpal.ai\/pl\/"},{"@type":"ListItem","position":2,"name":"Pronombres reflexivos w gramatyce hiszpa\u0144skiej"}]},{"@type":"WebSite","@id":"https:\/\/talkpal.ai\/pl\/#website","url":"https:\/\/talkpal.ai\/pl\/","name":"Talkpal","description":"AI Language Learning","publisher":{"@id":"https:\/\/talkpal.ai\/pl\/#organization"},"alternateName":"Talkpal AI","potentialAction":[{"@type":"SearchAction","target":{"@type":"EntryPoint","urlTemplate":"https:\/\/talkpal.ai\/pl\/?s={search_term_string}"},"query-input":{"@type":"PropertyValueSpecification","valueRequired":true,"valueName":"search_term_string"}}],"inLanguage":"pl-PL"},{"@type":"Organization","@id":"https:\/\/talkpal.ai\/pl\/#organization","name":"Talkpal, Inc.","alternateName":"Talkpal AI","url":"https:\/\/talkpal.ai\/pl\/","logo":{"@type":"ImageObject","inLanguage":"pl-PL","@id":"https:\/\/talkpal.ai\/pl\/#\/schema\/logo\/image\/","url":"https:\/\/talkpal.ai\/wp-content\/uploads\/2024\/03\/Talkpal-Logo-Icon.png","contentUrl":"https:\/\/talkpal.ai\/wp-content\/uploads\/2024\/03\/Talkpal-Logo-Icon.png","width":2880,"height":2880,"caption":"Talkpal, Inc."},"image":{"@id":"https:\/\/talkpal.ai\/pl\/#\/schema\/logo\/image\/"},"sameAs":["https:\/\/www.facebook.com\/profile.php?id=100090733639311","https:\/\/x.com\/talkpalai","https:\/\/www.linkedin.com\/company\/talkpal\/","https:\/\/www.youtube.com\/@TalkPal\/","https:\/\/www.tiktok.com\/@talkpal","https:\/\/www.instagram.com\/talkpal_ai\/","https:\/\/www.crunchbase.com\/organization\/talkpal-9cde","https:\/\/www.g2.com\/products\/talkpal-for-business\/","https:\/\/www.trustpilot.com\/review\/talkpal.ai","https:\/\/www.capterra.com\/p\/10006800\/TalkPal\/"],"description":"Talkpal is a language learning web and mobile education app, powered by the latest AI technologies, that provides engaging experiences to its customers in many different languages to help them improve their language skills. Users can chat about unlimited amount of topics with the app and use other modes to practice their language learning.","email":"support@talkpal.ai","legalName":"Talkpal, Inc.","foundingDate":"2023-04-03","duns":"118989042","numberOfEmployees":{"@type":"QuantitativeValue","minValue":"11","maxValue":"50"},"publishingPrinciples":"https:\/\/talkpal.ai\/publishing-principles\/","actionableFeedbackPolicy":"https:\/\/talkpal.ai\/actionable-feedback-policy\/","correctionsPolicy":"https:\/\/talkpal.ai\/corrections-policy\/","ethicsPolicy":"https:\/\/talkpal.ai\/ethics-policy\/","diversityPolicy":"https:\/\/talkpal.ai\/diversity-policy\/","diversityStaffingReport":"https:\/\/talkpal.ai\/diversity-policy\/"}]}},"_links":{"self":[{"href":"https:\/\/talkpal.ai\/pl\/wp-json\/wp\/v2\/grammar\/1079710","targetHints":{"allow":["GET"]}}],"collection":[{"href":"https:\/\/talkpal.ai\/pl\/wp-json\/wp\/v2\/grammar"}],"about":[{"href":"https:\/\/talkpal.ai\/pl\/wp-json\/wp\/v2\/types\/grammar"}],"wp:featuredmedia":[{"embeddable":true,"href":"https:\/\/talkpal.ai\/pl\/wp-json\/wp\/v2\/media\/1527724"}],"wp:attachment":[{"href":"https:\/\/talkpal.ai\/pl\/wp-json\/wp\/v2\/media?parent=1079710"}],"wp:term":[{"taxonomy":"language","embeddable":true,"href":"https:\/\/talkpal.ai\/pl\/wp-json\/wp\/v2\/language?post=1079710"}],"curies":[{"name":"wp","href":"https:\/\/api.w.org\/{rel}","templated":true}]}}