{"id":1165467,"date":"2025-07-06T16:30:26","date_gmt":"2025-07-06T16:30:26","guid":{"rendered":"https:\/\/talkpal.ai\/grammar_exercises\/refleksive-verben-ovelser-for-tysk-grammatikk\/"},"modified":"2025-07-06T16:30:26","modified_gmt":"2025-07-06T16:30:26","slug":"refleksive-verben-ovelser-for-tysk-grammatikk","status":"publish","type":"grammar_exercises","link":"https:\/\/talkpal.ai\/no\/grammar_exercises\/refleksive-verben-ovelser-for-tysk-grammatikk\/","title":{"rendered":"Refleksive Verben-\u00f8velser for tysk grammatikk"},"content":{"rendered":"<p>Refleksive verb i <a href=\"https:\/\/talkpal.ai\/no\/snakker-tysk\/\">tysk grammatikk<\/a> brukes n\u00e5r subjektet i setningen b\u00e5de utf\u00f8rer og mottar handlingen. Det betyr at verbet alltid kobles til et refleksivt pronomen som viser tilbake til subjektet. Her f\u00e5r du \u00f8ve p\u00e5 hvordan du bruker refleksive verb i forskjellige setninger med riktig refleksivt pronomen og verbform.<\/p>\n<h3>Refleksive Verben-\u00f8velser: Pr\u00e4sens (n\u00e5tid)<\/h3>\n<div class=\"input_sentences\">\n1. Ich *wasche mich* jeden Morgen. (Hint: Verb \u201ewaschen\u201c \u2013 \u00e5 vaske, refleksivt pronomen \u201emich\u201c for \u201eich\u201c)<br \/>\n2. Du *k\u00e4mst dich* vor dem Spiegel. (Hint: Verb \u201ek\u00e4mmen\u201c \u2013 \u00e5 gre, refleksivt pronomen \u201edich\u201c for \u201edu\u201c)<br \/>\n3. Er *zieht sich* schnell an. (Hint: Verb \u201eanziehen\u201c \u2013 \u00e5 kle p\u00e5 seg, refleksivt pronomen \u201esich\u201c for \u201eer\u201c)<br \/>\n4. Wir *freuen uns* auf das Konzert. (Hint: Verb \u201efreuen\u201c \u2013 \u00e5 glede seg, refleksivt pronomen \u201euns\u201c for \u201ewir\u201c)<br \/>\n5. Ihr *setzt euch* auf die St\u00fchle. (Hint: Verb \u201esetzen\u201c \u2013 \u00e5 sette seg, refleksivt pronomen \u201eeuch\u201c for \u201eihr\u201c)<br \/>\n6. Sie *bereiten sich* auf die Pr\u00fcfung vor. (Hint: Verb \u201evorbereiten\u201c \u2013 \u00e5 forberede seg, refleksivt pronomen \u201esich\u201c for \u201esie (flertall)\u201c)<br \/>\n7. Du *entschuldigst dich* f\u00fcr den Fehler. (Hint: Verb \u201eentschuldigen\u201c \u2013 \u00e5 unnskylde seg, refleksivt pronomen \u201edich\u201c for \u201edu\u201c)<br \/>\n8. Ich *freue mich* \u00fcber das Geschenk. (Hint: Verb \u201efreuen\u201c \u2013 \u00e5 glede seg, refleksivt pronomen \u201emich\u201c for \u201eich\u201c)<br \/>\n9. Er *erinnert sich* an den Urlaub. (Hint: Verb \u201eerinnern\u201c \u2013 \u00e5 huske, refleksivt pronomen \u201esich\u201c for \u201eer\u201c)<br \/>\n10. Wir *unterhalten uns* gern. (Hint: Verb \u201eunterhalten\u201c \u2013 \u00e5 snakke med hverandre, refleksivt pronomen \u201euns\u201c for \u201ewir\u201c)\n<\/div>\n<div class=\"exercise\"><\/div>\n<h3>Refleksive Verben-\u00f8velser: Pr\u00e4teritum (preteritum\/past tense)<\/h3>\n<div class=\"input_sentences\">\n1. Ich *wusch mich* gestern Abend. (Hint: Verb \u201ewaschen\u201c i preteritum, refleksivt pronomen \u201emich\u201c for \u201eich\u201c)<br \/>\n2. Du *k\u00e4mmtest dich* vor dem Spiegel. (Hint: Verb \u201ek\u00e4mmen\u201c i preteritum, refleksivt pronomen \u201edich\u201c for \u201edu\u201c)<br \/>\n3. Er *zog sich* warm an. (Hint: Verb \u201eanziehen\u201c i preteritum, refleksivt pronomen \u201esich\u201c for \u201eer\u201c)<br \/>\n4. Wir *freuten uns* \u00fcber die gute Nachricht. (Hint: Verb \u201efreuen\u201c i preteritum, refleksivt pronomen \u201euns\u201c for \u201ewir\u201c)<br \/>\n5. Ihr *setztet euch* auf die B\u00e4nke. (Hint: Verb \u201esetzen\u201c i preteritum, refleksivt pronomen \u201eeuch\u201c for \u201eihr\u201c)<br \/>\n6. Sie *bereiteten sich* auf die Reise vor. (Hint: Verb \u201evorbereiten\u201c i preteritum, refleksivt pronomen \u201esich\u201c for \u201esie (flertall)\u201c)<br \/>\n7. Du *entschuldigtest dich* f\u00fcr den Fehler. (Hint: Verb \u201eentschuldigen\u201c i preteritum, refleksivt pronomen \u201edich\u201c for \u201edu\u201c)<br \/>\n8. Ich *freute mich* \u00fcber das Lob. (Hint: Verb \u201efreuen\u201c i preteritum, refleksivt pronomen \u201emich\u201c for \u201eich\u201c)<br \/>\n9. Er *erinnerte sich* an den Tag. (Hint: Verb \u201eerinnern\u201c i preteritum, refleksivt pronomen \u201esich\u201c for \u201eer\u201c)<br \/>\n10. Wir *unterhielten uns* lange. (Hint: Verb \u201eunterhalten\u201c i preteritum, refleksivt pronomen \u201euns\u201c for \u201ewir\u201c)\n<\/div>\n<div class=\"exercise\"><\/div>\n","protected":false},"featured_media":1527931,"parent":0,"menu_order":0,"template":"","exercise_language":[20765,20810],"class_list":["post-1165467","grammar_exercises","type-grammar_exercises","status-publish","has-post-thumbnail","hentry","exercise_language-tyske-ovelser","exercise_language-verb-tysk-grammatikk"],"acf":[],"yoast_head":"<!-- This site is optimized with the Yoast SEO Premium plugin v27.2 (Yoast SEO v27.2) - https:\/\/yoast.com\/product\/yoast-seo-premium-wordpress\/ -->\n<title>Refleksive Verben-\u00f8velser for tysk grammatikk - Talkpal<\/title>\n<meta name=\"description\" content=\"Refleksive verb i tysk grammatikk brukes n\u00e5r subjektet i setningen b\u00e5de utf\u00f8rer og mottar handlingen. Det betyr at verbet alltid kobles til et refleksivt\" \/>\n<meta name=\"robots\" content=\"index, follow, max-snippet:-1, max-image-preview:large, max-video-preview:-1\" \/>\n<link rel=\"canonical\" href=\"https:\/\/talkpal.ai\/no\/grammar_exercises\/refleksive-verben-ovelser-for-tysk-grammatikk\/\" \/>\n<meta property=\"og:locale\" content=\"nb_NO\" \/>\n<meta property=\"og:type\" content=\"article\" \/>\n<meta property=\"og:title\" content=\"Refleksive Verben-\u00f8velser for tysk grammatikk\" \/>\n<meta property=\"og:description\" content=\"Refleksive verb i tysk grammatikk brukes n\u00e5r subjektet i setningen b\u00e5de utf\u00f8rer og mottar handlingen. Det betyr at verbet alltid kobles til et refleksivt\" \/>\n<meta property=\"og:url\" content=\"https:\/\/talkpal.ai\/no\/grammar_exercises\/refleksive-verben-ovelser-for-tysk-grammatikk\/\" \/>\n<meta property=\"og:site_name\" content=\"Talkpal\" \/>\n<meta property=\"article:publisher\" content=\"https:\/\/www.facebook.com\/profile.php?id=100090733639311\" \/>\n<meta property=\"og:image\" content=\"https:\/\/talkpal.ai\/wp-content\/uploads\/2025\/02\/Progress-tab-16_9.png\" \/>\n\t<meta property=\"og:image:width\" content=\"2880\" \/>\n\t<meta property=\"og:image:height\" content=\"1620\" \/>\n\t<meta property=\"og:image:type\" content=\"image\/png\" \/>\n<meta name=\"twitter:card\" content=\"summary_large_image\" \/>\n<meta name=\"twitter:site\" content=\"@talkpalai\" \/>\n<meta name=\"twitter:label1\" content=\"Ansl. lesetid\" \/>\n\t<meta name=\"twitter:data1\" content=\"2 minutter\" \/>\n<script type=\"application\/ld+json\" class=\"yoast-schema-graph\">{\"@context\":\"https:\/\/schema.org\",\"@graph\":[{\"@type\":\"WebPage\",\"@id\":\"https:\/\/talkpal.ai\/no\/grammar_exercises\/refleksive-verben-ovelser-for-tysk-grammatikk\/\",\"url\":\"https:\/\/talkpal.ai\/no\/grammar_exercises\/refleksive-verben-ovelser-for-tysk-grammatikk\/\",\"name\":\"Refleksive Verben-\u00f8velser for tysk grammatikk - Talkpal\",\"isPartOf\":{\"@id\":\"https:\/\/talkpal.ai\/no\/#website\"},\"primaryImageOfPage\":{\"@id\":\"https:\/\/talkpal.ai\/no\/grammar_exercises\/refleksive-verben-ovelser-for-tysk-grammatikk\/#primaryimage\"},\"image\":{\"@id\":\"https:\/\/talkpal.ai\/no\/grammar_exercises\/refleksive-verben-ovelser-for-tysk-grammatikk\/#primaryimage\"},\"thumbnailUrl\":\"https:\/\/talkpal.ai\/wp-content\/uploads\/2025\/12\/students-at-shared-desk-learning-languages.webp\",\"datePublished\":\"2025-07-06T16:30:26+00:00\",\"description\":\"Refleksive verb i tysk grammatikk brukes n\u00e5r subjektet i setningen b\u00e5de utf\u00f8rer og mottar handlingen. Det betyr at verbet alltid kobles til et refleksivt\",\"breadcrumb\":{\"@id\":\"https:\/\/talkpal.ai\/no\/grammar_exercises\/refleksive-verben-ovelser-for-tysk-grammatikk\/#breadcrumb\"},\"inLanguage\":\"nb-NO\",\"potentialAction\":[{\"@type\":\"ReadAction\",\"target\":[\"https:\/\/talkpal.ai\/no\/grammar_exercises\/refleksive-verben-ovelser-for-tysk-grammatikk\/\"]}]},{\"@type\":\"ImageObject\",\"inLanguage\":\"nb-NO\",\"@id\":\"https:\/\/talkpal.ai\/no\/grammar_exercises\/refleksive-verben-ovelser-for-tysk-grammatikk\/#primaryimage\",\"url\":\"https:\/\/talkpal.ai\/wp-content\/uploads\/2025\/12\/students-at-shared-desk-learning-languages.webp\",\"contentUrl\":\"https:\/\/talkpal.ai\/wp-content\/uploads\/2025\/12\/students-at-shared-desk-learning-languages.webp\",\"width\":1200,\"height\":896,\"caption\":\"Many students work side-by-side at a long shared desk for learning languages.\"},{\"@type\":\"BreadcrumbList\",\"@id\":\"https:\/\/talkpal.ai\/no\/grammar_exercises\/refleksive-verben-ovelser-for-tysk-grammatikk\/#breadcrumb\",\"itemListElement\":[{\"@type\":\"ListItem\",\"position\":1,\"name\":\"Homepage\",\"item\":\"https:\/\/talkpal.ai\/no\/\"},{\"@type\":\"ListItem\",\"position\":2,\"name\":\"Refleksive Verben-\u00f8velser for tysk grammatikk\"}]},{\"@type\":\"WebSite\",\"@id\":\"https:\/\/talkpal.ai\/no\/#website\",\"url\":\"https:\/\/talkpal.ai\/no\/\",\"name\":\"Talkpal\",\"description\":\"AI Language Learning\",\"publisher\":{\"@id\":\"https:\/\/talkpal.ai\/no\/#organization\"},\"alternateName\":\"Talkpal AI\",\"potentialAction\":[{\"@type\":\"SearchAction\",\"target\":{\"@type\":\"EntryPoint\",\"urlTemplate\":\"https:\/\/talkpal.ai\/no\/?s={search_term_string}\"},\"query-input\":{\"@type\":\"PropertyValueSpecification\",\"valueRequired\":true,\"valueName\":\"search_term_string\"}}],\"inLanguage\":\"nb-NO\"},{\"@type\":\"Organization\",\"@id\":\"https:\/\/talkpal.ai\/no\/#organization\",\"name\":\"Talkpal, Inc.\",\"alternateName\":\"Talkpal AI\",\"url\":\"https:\/\/talkpal.ai\/no\/\",\"logo\":{\"@type\":\"ImageObject\",\"inLanguage\":\"nb-NO\",\"@id\":\"https:\/\/talkpal.ai\/no\/#\/schema\/logo\/image\/\",\"url\":\"https:\/\/talkpal.ai\/wp-content\/uploads\/2024\/03\/Talkpal-Logo-Icon.png\",\"contentUrl\":\"https:\/\/talkpal.ai\/wp-content\/uploads\/2024\/03\/Talkpal-Logo-Icon.png\",\"width\":2880,\"height\":2880,\"caption\":\"Talkpal, Inc.\"},\"image\":{\"@id\":\"https:\/\/talkpal.ai\/no\/#\/schema\/logo\/image\/\"},\"sameAs\":[\"https:\/\/www.facebook.com\/profile.php?id=100090733639311\",\"https:\/\/x.com\/talkpalai\",\"https:\/\/www.linkedin.com\/company\/talkpal\/\",\"https:\/\/www.youtube.com\/@TalkPal\/\",\"https:\/\/www.tiktok.com\/@talkpal\",\"https:\/\/www.instagram.com\/talkpal_ai\/\",\"https:\/\/www.crunchbase.com\/organization\/talkpal-9cde\",\"https:\/\/www.g2.com\/products\/talkpal-for-business\/\",\"https:\/\/www.trustpilot.com\/review\/talkpal.ai\",\"https:\/\/www.capterra.com\/p\/10006800\/TalkPal\/\"],\"description\":\"Talkpal is a language learning web and mobile education app, powered by the latest AI technologies, that provides engaging experiences to its customers in many different languages to help them improve their language skills. Users can chat about unlimited amount of topics with the app and use other modes to practice their language learning.\",\"email\":\"support@talkpal.ai\",\"legalName\":\"Talkpal, Inc.\",\"foundingDate\":\"2023-04-03\",\"duns\":\"118989042\",\"numberOfEmployees\":{\"@type\":\"QuantitativeValue\",\"minValue\":\"11\",\"maxValue\":\"50\"},\"publishingPrinciples\":\"https:\/\/talkpal.ai\/publishing-principles\/\",\"actionableFeedbackPolicy\":\"https:\/\/talkpal.ai\/actionable-feedback-policy\/\",\"correctionsPolicy\":\"https:\/\/talkpal.ai\/corrections-policy\/\",\"ethicsPolicy\":\"https:\/\/talkpal.ai\/ethics-policy\/\",\"diversityPolicy\":\"https:\/\/talkpal.ai\/diversity-policy\/\",\"diversityStaffingReport\":\"https:\/\/talkpal.ai\/diversity-policy\/\"}]}<\/script>\n<!-- \/ Yoast SEO Premium plugin. -->","yoast_head_json":{"title":"Refleksive Verben-\u00f8velser for tysk grammatikk - Talkpal","description":"Refleksive verb i tysk grammatikk brukes n\u00e5r subjektet i setningen b\u00e5de utf\u00f8rer og mottar handlingen. Det betyr at verbet alltid kobles til et refleksivt","robots":{"index":"index","follow":"follow","max-snippet":"max-snippet:-1","max-image-preview":"max-image-preview:large","max-video-preview":"max-video-preview:-1"},"canonical":"https:\/\/talkpal.ai\/no\/grammar_exercises\/refleksive-verben-ovelser-for-tysk-grammatikk\/","og_locale":"nb_NO","og_type":"article","og_title":"Refleksive Verben-\u00f8velser for tysk grammatikk","og_description":"Refleksive verb i tysk grammatikk brukes n\u00e5r subjektet i setningen b\u00e5de utf\u00f8rer og mottar handlingen. Det betyr at verbet alltid kobles til et refleksivt","og_url":"https:\/\/talkpal.ai\/no\/grammar_exercises\/refleksive-verben-ovelser-for-tysk-grammatikk\/","og_site_name":"Talkpal","article_publisher":"https:\/\/www.facebook.com\/profile.php?id=100090733639311","og_image":[{"width":2880,"height":1620,"url":"https:\/\/talkpal.ai\/wp-content\/uploads\/2025\/02\/Progress-tab-16_9.png","type":"image\/png"}],"twitter_card":"summary_large_image","twitter_site":"@talkpalai","twitter_misc":{"Ansl. lesetid":"2 minutter"},"schema":{"@context":"https:\/\/schema.org","@graph":[{"@type":"WebPage","@id":"https:\/\/talkpal.ai\/no\/grammar_exercises\/refleksive-verben-ovelser-for-tysk-grammatikk\/","url":"https:\/\/talkpal.ai\/no\/grammar_exercises\/refleksive-verben-ovelser-for-tysk-grammatikk\/","name":"Refleksive Verben-\u00f8velser for tysk grammatikk - Talkpal","isPartOf":{"@id":"https:\/\/talkpal.ai\/no\/#website"},"primaryImageOfPage":{"@id":"https:\/\/talkpal.ai\/no\/grammar_exercises\/refleksive-verben-ovelser-for-tysk-grammatikk\/#primaryimage"},"image":{"@id":"https:\/\/talkpal.ai\/no\/grammar_exercises\/refleksive-verben-ovelser-for-tysk-grammatikk\/#primaryimage"},"thumbnailUrl":"https:\/\/talkpal.ai\/wp-content\/uploads\/2025\/12\/students-at-shared-desk-learning-languages.webp","datePublished":"2025-07-06T16:30:26+00:00","description":"Refleksive verb i tysk grammatikk brukes n\u00e5r subjektet i setningen b\u00e5de utf\u00f8rer og mottar handlingen. Det betyr at verbet alltid kobles til et refleksivt","breadcrumb":{"@id":"https:\/\/talkpal.ai\/no\/grammar_exercises\/refleksive-verben-ovelser-for-tysk-grammatikk\/#breadcrumb"},"inLanguage":"nb-NO","potentialAction":[{"@type":"ReadAction","target":["https:\/\/talkpal.ai\/no\/grammar_exercises\/refleksive-verben-ovelser-for-tysk-grammatikk\/"]}]},{"@type":"ImageObject","inLanguage":"nb-NO","@id":"https:\/\/talkpal.ai\/no\/grammar_exercises\/refleksive-verben-ovelser-for-tysk-grammatikk\/#primaryimage","url":"https:\/\/talkpal.ai\/wp-content\/uploads\/2025\/12\/students-at-shared-desk-learning-languages.webp","contentUrl":"https:\/\/talkpal.ai\/wp-content\/uploads\/2025\/12\/students-at-shared-desk-learning-languages.webp","width":1200,"height":896,"caption":"Many students work side-by-side at a long shared desk for learning languages."},{"@type":"BreadcrumbList","@id":"https:\/\/talkpal.ai\/no\/grammar_exercises\/refleksive-verben-ovelser-for-tysk-grammatikk\/#breadcrumb","itemListElement":[{"@type":"ListItem","position":1,"name":"Homepage","item":"https:\/\/talkpal.ai\/no\/"},{"@type":"ListItem","position":2,"name":"Refleksive Verben-\u00f8velser for tysk grammatikk"}]},{"@type":"WebSite","@id":"https:\/\/talkpal.ai\/no\/#website","url":"https:\/\/talkpal.ai\/no\/","name":"Talkpal","description":"AI Language Learning","publisher":{"@id":"https:\/\/talkpal.ai\/no\/#organization"},"alternateName":"Talkpal AI","potentialAction":[{"@type":"SearchAction","target":{"@type":"EntryPoint","urlTemplate":"https:\/\/talkpal.ai\/no\/?s={search_term_string}"},"query-input":{"@type":"PropertyValueSpecification","valueRequired":true,"valueName":"search_term_string"}}],"inLanguage":"nb-NO"},{"@type":"Organization","@id":"https:\/\/talkpal.ai\/no\/#organization","name":"Talkpal, Inc.","alternateName":"Talkpal AI","url":"https:\/\/talkpal.ai\/no\/","logo":{"@type":"ImageObject","inLanguage":"nb-NO","@id":"https:\/\/talkpal.ai\/no\/#\/schema\/logo\/image\/","url":"https:\/\/talkpal.ai\/wp-content\/uploads\/2024\/03\/Talkpal-Logo-Icon.png","contentUrl":"https:\/\/talkpal.ai\/wp-content\/uploads\/2024\/03\/Talkpal-Logo-Icon.png","width":2880,"height":2880,"caption":"Talkpal, Inc."},"image":{"@id":"https:\/\/talkpal.ai\/no\/#\/schema\/logo\/image\/"},"sameAs":["https:\/\/www.facebook.com\/profile.php?id=100090733639311","https:\/\/x.com\/talkpalai","https:\/\/www.linkedin.com\/company\/talkpal\/","https:\/\/www.youtube.com\/@TalkPal\/","https:\/\/www.tiktok.com\/@talkpal","https:\/\/www.instagram.com\/talkpal_ai\/","https:\/\/www.crunchbase.com\/organization\/talkpal-9cde","https:\/\/www.g2.com\/products\/talkpal-for-business\/","https:\/\/www.trustpilot.com\/review\/talkpal.ai","https:\/\/www.capterra.com\/p\/10006800\/TalkPal\/"],"description":"Talkpal is a language learning web and mobile education app, powered by the latest AI technologies, that provides engaging experiences to its customers in many different languages to help them improve their language skills. Users can chat about unlimited amount of topics with the app and use other modes to practice their language learning.","email":"support@talkpal.ai","legalName":"Talkpal, Inc.","foundingDate":"2023-04-03","duns":"118989042","numberOfEmployees":{"@type":"QuantitativeValue","minValue":"11","maxValue":"50"},"publishingPrinciples":"https:\/\/talkpal.ai\/publishing-principles\/","actionableFeedbackPolicy":"https:\/\/talkpal.ai\/actionable-feedback-policy\/","correctionsPolicy":"https:\/\/talkpal.ai\/corrections-policy\/","ethicsPolicy":"https:\/\/talkpal.ai\/ethics-policy\/","diversityPolicy":"https:\/\/talkpal.ai\/diversity-policy\/","diversityStaffingReport":"https:\/\/talkpal.ai\/diversity-policy\/"}]}},"_links":{"self":[{"href":"https:\/\/talkpal.ai\/no\/wp-json\/wp\/v2\/grammar_exercises\/1165467","targetHints":{"allow":["GET"]}}],"collection":[{"href":"https:\/\/talkpal.ai\/no\/wp-json\/wp\/v2\/grammar_exercises"}],"about":[{"href":"https:\/\/talkpal.ai\/no\/wp-json\/wp\/v2\/types\/grammar_exercises"}],"wp:featuredmedia":[{"embeddable":true,"href":"https:\/\/talkpal.ai\/no\/wp-json\/wp\/v2\/media\/1527931"}],"wp:attachment":[{"href":"https:\/\/talkpal.ai\/no\/wp-json\/wp\/v2\/media?parent=1165467"}],"wp:term":[{"taxonomy":"exercise_language","embeddable":true,"href":"https:\/\/talkpal.ai\/no\/wp-json\/wp\/v2\/exercise_language?post=1165467"}],"curies":[{"name":"wp","href":"https:\/\/api.w.org\/{rel}","templated":true}]}}