{"id":755403,"date":"2024-06-11T09:04:07","date_gmt":"2024-06-11T09:04:07","guid":{"rendered":"https:\/\/talkpal.ai\/vocabulary\/forma-vs-proposito-vorm-versus-doel-in-het-galicisch\/"},"modified":"2025-12-26T13:45:54","modified_gmt":"2025-12-26T13:45:54","slug":"forma-vs-proposito-vorm-versus-doel-in-het-galicisch","status":"publish","type":"vocabulary","link":"https:\/\/talkpal.ai\/nl\/vocabulary\/forma-vs-proposito-vorm-versus-doel-in-het-galicisch\/","title":{"rendered":"Forma vs. Prop\u00f3sito &#8211; Vorm versus doel in het Galicisch"},"content":{"rendered":"<p>Het <a href=\"https:\/\/talkpal.ai\/learn-galician\/\">Galicisch<\/a>, een prachtige taal gesproken in de autonome gemeenschap Galici\u00eb in Spanje, biedt een interessante studie in termen <a href=\"https:\/\/talkpal.ai\/locations\/language-courses-in-van\/\">van<\/a> lingu\u00efstische vorm en doel. In dit artikel zullen we de verschillen tussen vorm en doel in het Galicisch onderzoeken. We zullen ook enkele nuttige woordenschat bekijken en hun betekenis uitleggen, zodat je een beter begrip krijgt van deze taal. <\/p>\n<h2>Vorm (Forma)<\/h2>\n<p>In elke taal speelt vorm een cruciale rol. De vorm van een woord of een zin kan de betekenis en de manier waarop het wordt gebruikt, be\u00efnvloeden. Laten we enkele Galicische woorden onderzoeken en hun vormen begrijpen.<\/p>\n<p><b>Forma<\/b> &#8211; Vorm<br \/>\nDe fysieke of grammaticale structuur van een woord of zin.<br \/>\n<font color=\"#2D3AC7\">A forma desta palabra \u00e9 moi interesante.<\/font><\/p>\n<p><b>Palabra<\/b> &#8211; Woord<br \/>\nEen enkele eenheid van taal die betekenis heeft.<br \/>\n<font color=\"#2D3AC7\">Esta palabra \u00e9 dif\u00edcil de pronunciar.<\/font><\/p>\n<p><b>Frase<\/b> &#8211; Zin<br \/>\nEen reeks woorden die samen een betekenisvolle eenheid vormen.<br \/>\n<font color=\"#2D3AC7\">Esta frase \u00e9 moi longa.<\/font><\/p>\n<p><b>Conxugaci\u00f3n<\/b> &#8211; Vervoeging<br \/>\nDe variatie van de vorm van een werkwoord om verschillende grammaticale categorie\u00ebn aan te geven.<br \/>\n<font color=\"#2D3AC7\">A conxugaci\u00f3n deste verbo \u00e9 irregular.<\/font><\/p>\n<p><b>X\u00e9nero<\/b> &#8211; Geslacht<br \/>\nEen grammaticaal kenmerk dat woorden in categorie\u00ebn zoals mannelijk, vrouwelijk of onzijdig verdeelt.<br \/>\n<font color=\"#2D3AC7\">O x\u00e9nero desta palabra \u00e9 feminino.<\/font><\/p>\n<p><b>N\u00famero<\/b> &#8211; Getal<br \/>\nEen grammaticaal kenmerk dat aangeeft of een woord enkelvoud of meervoud is.<br \/>\n<font color=\"#2D3AC7\">O n\u00famero desta palabra \u00e9 plural.<\/font><\/p>\n<h3>Voorbeelden van Vorm in Zinnen<\/h3>\n<p>Het is belangrijk <a href=\"https:\/\/talkpal.ai\/culture\/how-do-you-use-the-construction-om-te-in-afrikaans\/\">om te<\/a> begrijpen hoe vorm in de context van volledige zinnen werkt. Hier zijn enkele zinnen die de vormen van verschillende woorden benadrukken.<\/p>\n<p><b>Oraci\u00f3n<\/b> &#8211; Zin<br \/>\nEen volledige gedachte die bestaat uit een onderwerp en een predicaat.<br \/>\n<font color=\"#2D3AC7\">A oraci\u00f3n \u00e9 gramaticalmente correcta.<\/font><\/p>\n<p><b>Suxeto<\/b> &#8211; Onderwerp<br \/>\nHet deel van de zin dat de handeling uitvoert of waarover iets gezegd wordt.<br \/>\n<font color=\"#2D3AC7\">O suxeto desta oraci\u00f3n \u00e9 un nome propio.<\/font><\/p>\n<p><b>Predicado<\/b> &#8211; Gezegde<br \/>\nHet deel van de zin dat iets zegt over het onderwerp.<br \/>\n<font color=\"#2D3AC7\">O predicado explica a acci\u00f3n.<\/font><\/p>\n<p><b>Adxectivo<\/b> &#8211; Bijvoeglijk Naamwoord<br \/>\nEen woord dat een zelfstandig naamwoord beschrijft of modificeert.<br \/>\n<font color=\"#2D3AC7\">O adxectivo describe a calidade do substantivo.<\/font><\/p>\n<p><b>Substantivo<\/b> &#8211; Zelfstandig Naamwoord<br \/>\nEen woord dat een persoon, plaats, ding of idee benoemt.<br \/>\n<font color=\"#2D3AC7\">O substantivo nesta frase \u00e9 &#8220;casa&#8221;.<\/font><\/p>\n<h2>Doel (Prop\u00f3sito)<\/h2>\n<p>Naast de vorm is het doel van taal essentieel. Taal wordt niet alleen gevormd; het wordt ook gebruikt om bepaalde doelen te bereiken, zoals het overbrengen van informatie, uitdrukken van emoties, of het be\u00efnvloeden van anderen.<\/p>\n<p><b>Prop\u00f3sito<\/b> &#8211; Doel<br \/>\nDe reden waarom iets gedaan wordt of bestaat.<br \/>\n<font color=\"#2D3AC7\">O prop\u00f3sito desta lecci\u00f3n \u00e9 ensinar vocabulario.<\/font><\/p>\n<p><b>Comunicaci\u00f3n<\/b> &#8211; Communicatie<br \/>\nHet proces van informatie uitwisselen tussen individuen.<br \/>\n<font color=\"#2D3AC7\">A comunicaci\u00f3n \u00e9 esencial nas relaci\u00f3ns humanas.<\/font><\/p>\n<p><b>Expresi\u00f3n<\/b> &#8211; Uitdrukking<br \/>\nHet proces van het uiten van gedachten, gevoelens of idee\u00ebn.<br \/>\n<font color=\"#2D3AC7\">A expresi\u00f3n art\u00edstica \u00e9 moi importante.<\/font><\/p>\n<p><b>Informar<\/b> &#8211; Informeren<br \/>\nHet geven van informatie of kennis.<br \/>\n<font color=\"#2D3AC7\">Debemos informar aos <a href=\"https:\/\/talkpal.ai\/talkpal-discount-for-students\/\">estudantes<\/a> sobre o exame.<\/font><\/p>\n<p><b>Influ\u00edr<\/b> &#8211; Be\u00efnvloeden<br \/>\nHet vermogen om het gedrag of de opvattingen van anderen te veranderen.<br \/>\n<font color=\"#2D3AC7\">Os l\u00edderes poden influ\u00edr na opini\u00f3n p\u00fablica.<\/font><\/p>\n<h3>Voorbeelden van Doel in Actie<\/h3>\n<p>Hier zijn enkele zinnen die laten zien hoe taal wordt gebruikt om verschillende doelen te bereiken.<\/p>\n<p><b>Pregunta<\/b> &#8211; Vraag<br \/>\nEen zin die informatie of een reactie vraagt.<br \/>\n<font color=\"#2D3AC7\"><a href=\"https:\/\/talkpal.ai\/talkpal-discount-for-test-takers-e-g-toefl-ielts\/\">Tes<\/a> algunha pregunta sobre a lecci\u00f3n?<\/font><\/p>\n<p><b>Resposta<\/b> &#8211; Antwoord<br \/>\nEen reactie op een vraag of verklaring.<br \/>\n<font color=\"#2D3AC7\">A t\u00faa resposta \u00e9 correcta.<\/font><\/p>\n<p><b>Instruci\u00f3n<\/b> &#8211; Instructie<br \/>\nEen verklaring die uitlegt hoe iets gedaan moet worden.<br \/>\n<font color=\"#2D3AC7\">Sigue a instruci\u00f3n con atenci\u00f3n.<\/font><\/p>\n<p><b>Descrici\u00f3n<\/b> &#8211; Beschrijving<br \/>\nEen gedetailleerde weergave van iemand of iets.<br \/>\n<font color=\"#2D3AC7\">A descrici\u00f3n do lugar foi moi precisa.<\/font><\/p>\n<p><b>Convencer<\/b> &#8211; Overtuigen<br \/>\nHet proces van iemand ervan te overtuigen om iets te doen of te geloven.<br \/>\n<font color=\"#2D3AC7\">Intentou convencerme de cambiar de opini\u00f3n.<\/font><\/p>\n<p><b>Solicitar<\/b> &#8211; Verzoeken<br \/>\nHet vragen om iets op een formele manier.<br \/>\n<font color=\"#2D3AC7\">Vou solicitar unha reuni\u00f3n co director.<\/font><\/p>\n<h2>Vorm en Doel in Samenwerking<\/h2>\n<p>De kracht van taal ligt in de combinatie van vorm en doel. Een goed gevormde zin kan een duidelijk doel dienen, en omgekeerd kan een duidelijk doel de vorm van een zin be\u00efnvloeden.<\/p>\n<p><b>Contexto<\/b> &#8211; Context<br \/>\nDe omstandigheden of achtergrond die helpen de betekenis van iets te verduidelijken.<br \/>\n<font color=\"#2D3AC7\">O contexto da conversaci\u00f3n era moi importante.<\/font><\/p>\n<p><b>Claridade<\/b> &#8211; Duidelijkheid<br \/>\nDe kwaliteit van gemakkelijk te begrijpen of te zien zijn.<br \/>\n<font color=\"#2D3AC7\">A claridade da s\u00faa explicaci\u00f3n axudou moito.<\/font><\/p>\n<p><b>Precisi\u00f3n<\/b> &#8211; Nauwkeurigheid<br \/>\nDe kwaliteit van zeer precies of exact te zijn.<br \/>\n<font color=\"#2D3AC7\">A precisi\u00f3n dos seus c\u00e1lculos era impresionante.<\/font><\/p>\n<p><b>Coherencia<\/b> &#8211; Samenhang<br \/>\nDe kwaliteit van logisch en consistent te zijn.<br \/>\n<font color=\"#2D3AC7\">A coherencia no seu discurso foi notable.<\/font><\/p>\n<p><b>Flexibilidade<\/b> &#8211; Flexibiliteit<br \/>\nDe kwaliteit van gemakkelijk aangepast of gewijzigd te kunnen worden.<br \/>\n<font color=\"#2D3AC7\">A flexibilidade da lingua permite moitas variaci\u00f3ns.<\/font><\/p>\n<p><b>Adaptabilidade<\/b> &#8211; Aanpassingsvermogen<br \/>\nHet vermogen om zich aan verschillende omstandigheden aan te passen.<br \/>\n<font color=\"#2D3AC7\">A adaptabilidade \u00e9 unha habilidade importante.<\/font><\/p>\n<p>In het Galicisch, net als in elke andere taal, kunnen vorm en doel elkaar versterken. Een goed begrip van zowel de grammaticale structuren als de communicatieve doeleinden kan je helpen de taal effectiever te gebruiken.<\/p>\n<h3>Oefeningen en Praktische Toepassingen<\/h3>\n<p>Om je begrip van vorm en doel in het Galicisch te verbeteren, is het nuttig om praktische oefeningen te doen. Hier zijn enkele suggesties:<\/p>\n<p>1. <b>Schrijf zinnen<\/b> waarin je verschillende vormen van werkwoorden en <a href=\"https:\/\/talkpal.ai\/nl\/grammar\/overeenkomst-met-zelfstandige-naamwoorden-geslacht-en-getal-in-authentieke-grammatica\/\">zelfstandige naamwoorden<\/a> gebruikt.<br \/>\n2. <b>Oefen communicatie<\/b> door gesprekken te voeren met moedertaalsprekers.<br \/>\n3. <b>Lees Galicische teksten<\/b> en let op hoe vorm en doel in de context worden gebruikt.<br \/>\n4. <b>Maak gebruik van taalapps<\/b> die speciaal zijn ontworpen om Galicisch te leren.<br \/>\n5. <b>Werk samen<\/b> met andere taalstudenten om elkaar te helpen en te corrigeren.<\/p>\n<p>Het begrijpen van de balans tussen vorm en doel kan je taalvaardigheid aanzienlijk verbeteren. Door aandacht te besteden aan zowel de structuur als het gebruik van taal, kun je effectiever communiceren en een diepere waardering voor het Galicisch ontwikkelen.<\/p>\n<p>Ik hoop dat dit artikel je helpt om een beter begrip te krijgen van de verschillen en overeenkomsten tussen vorm en doel in het Galicisch. Blijf oefenen en wees geduldig; <a href=\"https:\/\/talkpal.ai\/nl\/hoe-leer-je-een-taal-via-talkpal-chat\/\">taal leren<\/a> is een reis, geen bestemming. Veel succes!<\/p>\n","protected":false},"featured_media":1527845,"template":"","vocabulary_language":[3765],"class_list":["post-755403","vocabulary","type-vocabulary","status-publish","has-post-thumbnail","hentry","vocabulary_language-galicisch"],"acf":[],"yoast_head":"<!-- This site is optimized with the Yoast SEO Premium plugin v27.2 (Yoast SEO v27.2) - https:\/\/yoast.com\/product\/yoast-seo-premium-wordpress\/ -->\n<title>Forma vs. Prop\u00f3sito - Vorm versus doel in het Galicisch - Talkpal<\/title>\n<meta name=\"description\" content=\"Het Galicisch, een prachtige taal gesproken in de autonome gemeenschap Galici\u00eb in Spanje, biedt een interessante studie in termen van lingu\u00efstische vorm\" \/>\n<meta name=\"robots\" content=\"index, follow, max-snippet:-1, max-image-preview:large, max-video-preview:-1\" \/>\n<link rel=\"canonical\" href=\"https:\/\/talkpal.ai\/nl\/vocabulary\/forma-vs-proposito-vorm-versus-doel-in-het-galicisch\/\" \/>\n<meta property=\"og:locale\" content=\"nl_NL\" \/>\n<meta property=\"og:type\" content=\"article\" \/>\n<meta property=\"og:title\" content=\"Forma vs. Prop\u00f3sito - Vorm versus doel in het Galicisch\" \/>\n<meta property=\"og:description\" content=\"Het Galicisch, een prachtige taal gesproken in de autonome gemeenschap Galici\u00eb in Spanje, biedt een interessante studie in termen van lingu\u00efstische vorm\" \/>\n<meta property=\"og:url\" content=\"https:\/\/talkpal.ai\/nl\/vocabulary\/forma-vs-proposito-vorm-versus-doel-in-het-galicisch\/\" \/>\n<meta property=\"og:site_name\" content=\"Talkpal\" \/>\n<meta property=\"article:publisher\" content=\"https:\/\/www.facebook.com\/profile.php?id=100090733639311\" \/>\n<meta property=\"article:modified_time\" content=\"2025-12-26T13:45:54+00:00\" \/>\n<meta property=\"og:image\" content=\"https:\/\/talkpal.ai\/wp-content\/uploads\/2024\/10\/talkpal_flat_illustration_of_a_employees_working_together_happi_c674ff77-e477-4e09-835a-01d30e561e99.png\" \/>\n\t<meta property=\"og:image:width\" content=\"1024\" \/>\n\t<meta property=\"og:image:height\" content=\"1024\" \/>\n\t<meta property=\"og:image:type\" content=\"image\/png\" \/>\n<meta name=\"twitter:card\" content=\"summary_large_image\" \/>\n<meta name=\"twitter:site\" content=\"@talkpalai\" \/>\n<meta name=\"twitter:label1\" content=\"Geschatte leestijd\" \/>\n\t<meta name=\"twitter:data1\" content=\"5 minuten\" \/>\n<script type=\"application\/ld+json\" class=\"yoast-schema-graph\">{\"@context\":\"https:\/\/schema.org\",\"@graph\":[{\"@type\":\"WebPage\",\"@id\":\"https:\/\/talkpal.ai\/nl\/vocabulary\/forma-vs-proposito-vorm-versus-doel-in-het-galicisch\/\",\"url\":\"https:\/\/talkpal.ai\/nl\/vocabulary\/forma-vs-proposito-vorm-versus-doel-in-het-galicisch\/\",\"name\":\"Forma vs. Prop\u00f3sito - Vorm versus doel in het Galicisch - Talkpal\",\"isPartOf\":{\"@id\":\"https:\/\/talkpal.ai\/nl\/#website\"},\"primaryImageOfPage\":{\"@id\":\"https:\/\/talkpal.ai\/nl\/vocabulary\/forma-vs-proposito-vorm-versus-doel-in-het-galicisch\/#primaryimage\"},\"image\":{\"@id\":\"https:\/\/talkpal.ai\/nl\/vocabulary\/forma-vs-proposito-vorm-versus-doel-in-het-galicisch\/#primaryimage\"},\"thumbnailUrl\":\"https:\/\/talkpal.ai\/wp-content\/uploads\/2025\/12\/people-type-to-learn-languages.webp\",\"datePublished\":\"2024-06-11T09:04:07+00:00\",\"dateModified\":\"2025-12-26T13:45:54+00:00\",\"description\":\"Het Galicisch, een prachtige taal gesproken in de autonome gemeenschap Galici\u00eb in Spanje, biedt een interessante studie in termen van lingu\u00efstische vorm\",\"breadcrumb\":{\"@id\":\"https:\/\/talkpal.ai\/nl\/vocabulary\/forma-vs-proposito-vorm-versus-doel-in-het-galicisch\/#breadcrumb\"},\"inLanguage\":\"nl-NL\",\"potentialAction\":[{\"@type\":\"ReadAction\",\"target\":[\"https:\/\/talkpal.ai\/nl\/vocabulary\/forma-vs-proposito-vorm-versus-doel-in-het-galicisch\/\"]}]},{\"@type\":\"ImageObject\",\"inLanguage\":\"nl-NL\",\"@id\":\"https:\/\/talkpal.ai\/nl\/vocabulary\/forma-vs-proposito-vorm-versus-doel-in-het-galicisch\/#primaryimage\",\"url\":\"https:\/\/talkpal.ai\/wp-content\/uploads\/2025\/12\/people-type-to-learn-languages.webp\",\"contentUrl\":\"https:\/\/talkpal.ai\/wp-content\/uploads\/2025\/12\/people-type-to-learn-languages.webp\",\"width\":1200,\"height\":896,\"caption\":\"Several people sit at a large desk using laptops for learning languages in a modern, blue-toned workspace.\"},{\"@type\":\"BreadcrumbList\",\"@id\":\"https:\/\/talkpal.ai\/nl\/vocabulary\/forma-vs-proposito-vorm-versus-doel-in-het-galicisch\/#breadcrumb\",\"itemListElement\":[{\"@type\":\"ListItem\",\"position\":1,\"name\":\"Homepage\",\"item\":\"https:\/\/talkpal.ai\/nl\/\"},{\"@type\":\"ListItem\",\"position\":2,\"name\":\"Forma vs. Prop\u00f3sito &#8211; Vorm versus doel in het Galicisch\"}]},{\"@type\":\"WebSite\",\"@id\":\"https:\/\/talkpal.ai\/nl\/#website\",\"url\":\"https:\/\/talkpal.ai\/nl\/\",\"name\":\"Talkpal\",\"description\":\"AI Language Learning\",\"publisher\":{\"@id\":\"https:\/\/talkpal.ai\/nl\/#organization\"},\"alternateName\":\"Talkpal AI\",\"potentialAction\":[{\"@type\":\"SearchAction\",\"target\":{\"@type\":\"EntryPoint\",\"urlTemplate\":\"https:\/\/talkpal.ai\/nl\/?s={search_term_string}\"},\"query-input\":{\"@type\":\"PropertyValueSpecification\",\"valueRequired\":true,\"valueName\":\"search_term_string\"}}],\"inLanguage\":\"nl-NL\"},{\"@type\":\"Organization\",\"@id\":\"https:\/\/talkpal.ai\/nl\/#organization\",\"name\":\"Talkpal, Inc.\",\"alternateName\":\"Talkpal AI\",\"url\":\"https:\/\/talkpal.ai\/nl\/\",\"logo\":{\"@type\":\"ImageObject\",\"inLanguage\":\"nl-NL\",\"@id\":\"https:\/\/talkpal.ai\/nl\/#\/schema\/logo\/image\/\",\"url\":\"https:\/\/talkpal.ai\/wp-content\/uploads\/2024\/03\/Talkpal-Logo-Icon.png\",\"contentUrl\":\"https:\/\/talkpal.ai\/wp-content\/uploads\/2024\/03\/Talkpal-Logo-Icon.png\",\"width\":2880,\"height\":2880,\"caption\":\"Talkpal, Inc.\"},\"image\":{\"@id\":\"https:\/\/talkpal.ai\/nl\/#\/schema\/logo\/image\/\"},\"sameAs\":[\"https:\/\/www.facebook.com\/profile.php?id=100090733639311\",\"https:\/\/x.com\/talkpalai\",\"https:\/\/www.linkedin.com\/company\/talkpal\/\",\"https:\/\/www.youtube.com\/@TalkPal\/\",\"https:\/\/www.tiktok.com\/@talkpal\",\"https:\/\/www.instagram.com\/talkpal_ai\/\",\"https:\/\/www.crunchbase.com\/organization\/talkpal-9cde\",\"https:\/\/www.g2.com\/products\/talkpal-for-business\/\",\"https:\/\/www.trustpilot.com\/review\/talkpal.ai\",\"https:\/\/www.capterra.com\/p\/10006800\/TalkPal\/\"],\"description\":\"Talkpal is a language learning web and mobile education app, powered by the latest AI technologies, that provides engaging experiences to its customers in many different languages to help them improve their language skills. Users can chat about unlimited amount of topics with the app and use other modes to practice their language learning.\",\"email\":\"support@talkpal.ai\",\"legalName\":\"Talkpal, Inc.\",\"foundingDate\":\"2023-04-03\",\"duns\":\"118989042\",\"numberOfEmployees\":{\"@type\":\"QuantitativeValue\",\"minValue\":\"11\",\"maxValue\":\"50\"},\"publishingPrinciples\":\"https:\/\/talkpal.ai\/publishing-principles\/\",\"actionableFeedbackPolicy\":\"https:\/\/talkpal.ai\/actionable-feedback-policy\/\",\"correctionsPolicy\":\"https:\/\/talkpal.ai\/corrections-policy\/\",\"ethicsPolicy\":\"https:\/\/talkpal.ai\/ethics-policy\/\",\"diversityPolicy\":\"https:\/\/talkpal.ai\/diversity-policy\/\",\"diversityStaffingReport\":\"https:\/\/talkpal.ai\/diversity-policy\/\"}]}<\/script>\n<!-- \/ Yoast SEO Premium plugin. -->","yoast_head_json":{"title":"Forma vs. Prop\u00f3sito - Vorm versus doel in het Galicisch - Talkpal","description":"Het Galicisch, een prachtige taal gesproken in de autonome gemeenschap Galici\u00eb in Spanje, biedt een interessante studie in termen van lingu\u00efstische vorm","robots":{"index":"index","follow":"follow","max-snippet":"max-snippet:-1","max-image-preview":"max-image-preview:large","max-video-preview":"max-video-preview:-1"},"canonical":"https:\/\/talkpal.ai\/nl\/vocabulary\/forma-vs-proposito-vorm-versus-doel-in-het-galicisch\/","og_locale":"nl_NL","og_type":"article","og_title":"Forma vs. Prop\u00f3sito - Vorm versus doel in het Galicisch","og_description":"Het Galicisch, een prachtige taal gesproken in de autonome gemeenschap Galici\u00eb in Spanje, biedt een interessante studie in termen van lingu\u00efstische vorm","og_url":"https:\/\/talkpal.ai\/nl\/vocabulary\/forma-vs-proposito-vorm-versus-doel-in-het-galicisch\/","og_site_name":"Talkpal","article_publisher":"https:\/\/www.facebook.com\/profile.php?id=100090733639311","article_modified_time":"2025-12-26T13:45:54+00:00","og_image":[{"width":1024,"height":1024,"url":"https:\/\/talkpal.ai\/wp-content\/uploads\/2024\/10\/talkpal_flat_illustration_of_a_employees_working_together_happi_c674ff77-e477-4e09-835a-01d30e561e99.png","type":"image\/png"}],"twitter_card":"summary_large_image","twitter_site":"@talkpalai","twitter_misc":{"Geschatte leestijd":"5 minuten"},"schema":{"@context":"https:\/\/schema.org","@graph":[{"@type":"WebPage","@id":"https:\/\/talkpal.ai\/nl\/vocabulary\/forma-vs-proposito-vorm-versus-doel-in-het-galicisch\/","url":"https:\/\/talkpal.ai\/nl\/vocabulary\/forma-vs-proposito-vorm-versus-doel-in-het-galicisch\/","name":"Forma vs. Prop\u00f3sito - Vorm versus doel in het Galicisch - Talkpal","isPartOf":{"@id":"https:\/\/talkpal.ai\/nl\/#website"},"primaryImageOfPage":{"@id":"https:\/\/talkpal.ai\/nl\/vocabulary\/forma-vs-proposito-vorm-versus-doel-in-het-galicisch\/#primaryimage"},"image":{"@id":"https:\/\/talkpal.ai\/nl\/vocabulary\/forma-vs-proposito-vorm-versus-doel-in-het-galicisch\/#primaryimage"},"thumbnailUrl":"https:\/\/talkpal.ai\/wp-content\/uploads\/2025\/12\/people-type-to-learn-languages.webp","datePublished":"2024-06-11T09:04:07+00:00","dateModified":"2025-12-26T13:45:54+00:00","description":"Het Galicisch, een prachtige taal gesproken in de autonome gemeenschap Galici\u00eb in Spanje, biedt een interessante studie in termen van lingu\u00efstische vorm","breadcrumb":{"@id":"https:\/\/talkpal.ai\/nl\/vocabulary\/forma-vs-proposito-vorm-versus-doel-in-het-galicisch\/#breadcrumb"},"inLanguage":"nl-NL","potentialAction":[{"@type":"ReadAction","target":["https:\/\/talkpal.ai\/nl\/vocabulary\/forma-vs-proposito-vorm-versus-doel-in-het-galicisch\/"]}]},{"@type":"ImageObject","inLanguage":"nl-NL","@id":"https:\/\/talkpal.ai\/nl\/vocabulary\/forma-vs-proposito-vorm-versus-doel-in-het-galicisch\/#primaryimage","url":"https:\/\/talkpal.ai\/wp-content\/uploads\/2025\/12\/people-type-to-learn-languages.webp","contentUrl":"https:\/\/talkpal.ai\/wp-content\/uploads\/2025\/12\/people-type-to-learn-languages.webp","width":1200,"height":896,"caption":"Several people sit at a large desk using laptops for learning languages in a modern, blue-toned workspace."},{"@type":"BreadcrumbList","@id":"https:\/\/talkpal.ai\/nl\/vocabulary\/forma-vs-proposito-vorm-versus-doel-in-het-galicisch\/#breadcrumb","itemListElement":[{"@type":"ListItem","position":1,"name":"Homepage","item":"https:\/\/talkpal.ai\/nl\/"},{"@type":"ListItem","position":2,"name":"Forma vs. Prop\u00f3sito &#8211; Vorm versus doel in het Galicisch"}]},{"@type":"WebSite","@id":"https:\/\/talkpal.ai\/nl\/#website","url":"https:\/\/talkpal.ai\/nl\/","name":"Talkpal","description":"AI Language Learning","publisher":{"@id":"https:\/\/talkpal.ai\/nl\/#organization"},"alternateName":"Talkpal AI","potentialAction":[{"@type":"SearchAction","target":{"@type":"EntryPoint","urlTemplate":"https:\/\/talkpal.ai\/nl\/?s={search_term_string}"},"query-input":{"@type":"PropertyValueSpecification","valueRequired":true,"valueName":"search_term_string"}}],"inLanguage":"nl-NL"},{"@type":"Organization","@id":"https:\/\/talkpal.ai\/nl\/#organization","name":"Talkpal, Inc.","alternateName":"Talkpal AI","url":"https:\/\/talkpal.ai\/nl\/","logo":{"@type":"ImageObject","inLanguage":"nl-NL","@id":"https:\/\/talkpal.ai\/nl\/#\/schema\/logo\/image\/","url":"https:\/\/talkpal.ai\/wp-content\/uploads\/2024\/03\/Talkpal-Logo-Icon.png","contentUrl":"https:\/\/talkpal.ai\/wp-content\/uploads\/2024\/03\/Talkpal-Logo-Icon.png","width":2880,"height":2880,"caption":"Talkpal, Inc."},"image":{"@id":"https:\/\/talkpal.ai\/nl\/#\/schema\/logo\/image\/"},"sameAs":["https:\/\/www.facebook.com\/profile.php?id=100090733639311","https:\/\/x.com\/talkpalai","https:\/\/www.linkedin.com\/company\/talkpal\/","https:\/\/www.youtube.com\/@TalkPal\/","https:\/\/www.tiktok.com\/@talkpal","https:\/\/www.instagram.com\/talkpal_ai\/","https:\/\/www.crunchbase.com\/organization\/talkpal-9cde","https:\/\/www.g2.com\/products\/talkpal-for-business\/","https:\/\/www.trustpilot.com\/review\/talkpal.ai","https:\/\/www.capterra.com\/p\/10006800\/TalkPal\/"],"description":"Talkpal is a language learning web and mobile education app, powered by the latest AI technologies, that provides engaging experiences to its customers in many different languages to help them improve their language skills. Users can chat about unlimited amount of topics with the app and use other modes to practice their language learning.","email":"support@talkpal.ai","legalName":"Talkpal, Inc.","foundingDate":"2023-04-03","duns":"118989042","numberOfEmployees":{"@type":"QuantitativeValue","minValue":"11","maxValue":"50"},"publishingPrinciples":"https:\/\/talkpal.ai\/publishing-principles\/","actionableFeedbackPolicy":"https:\/\/talkpal.ai\/actionable-feedback-policy\/","correctionsPolicy":"https:\/\/talkpal.ai\/corrections-policy\/","ethicsPolicy":"https:\/\/talkpal.ai\/ethics-policy\/","diversityPolicy":"https:\/\/talkpal.ai\/diversity-policy\/","diversityStaffingReport":"https:\/\/talkpal.ai\/diversity-policy\/"}]}},"_links":{"self":[{"href":"https:\/\/talkpal.ai\/nl\/wp-json\/wp\/v2\/vocabulary\/755403","targetHints":{"allow":["GET"]}}],"collection":[{"href":"https:\/\/talkpal.ai\/nl\/wp-json\/wp\/v2\/vocabulary"}],"about":[{"href":"https:\/\/talkpal.ai\/nl\/wp-json\/wp\/v2\/types\/vocabulary"}],"wp:featuredmedia":[{"embeddable":true,"href":"https:\/\/talkpal.ai\/nl\/wp-json\/wp\/v2\/media\/1527845"}],"wp:attachment":[{"href":"https:\/\/talkpal.ai\/nl\/wp-json\/wp\/v2\/media?parent=755403"}],"wp:term":[{"taxonomy":"vocabulary_language","embeddable":true,"href":"https:\/\/talkpal.ai\/nl\/wp-json\/wp\/v2\/vocabulary_language?post=755403"}],"curies":[{"name":"wp","href":"https:\/\/api.w.org\/{rel}","templated":true}]}}