{"id":694134,"date":"2024-06-07T14:18:11","date_gmt":"2024-06-07T14:18:11","guid":{"rendered":"https:\/\/talkpal.ai\/vocabulary\/zinnen-voor-het-bespreken-van-tijd-en-datums-in-het-galicisch\/"},"modified":"2024-06-07T14:18:11","modified_gmt":"2024-06-07T14:18:11","slug":"zinnen-voor-het-bespreken-van-tijd-en-datums-in-het-galicisch","status":"publish","type":"vocabulary","link":"https:\/\/talkpal.ai\/nl\/vocabulary\/zinnen-voor-het-bespreken-van-tijd-en-datums-in-het-galicisch\/","title":{"rendered":"Zinnen voor het bespreken van tijd en datums in het Galicisch"},"content":{"rendered":"<p>Het bespreken <a href=\"https:\/\/talkpal.ai\/locations\/language-courses-in-van\/\">van<\/a> tijd en datums is een essentieel onderdeel van het leren van een nieuwe taal. Het helpt je niet alleen om afspraken te maken en je dagelijkse leven te organiseren, maar het geeft je ook de mogelijkheid om gesprekken over verleden, heden en toekomst te voeren. In dit artikel zullen we ons richten op zinnen en vocabulaire die je kunt gebruiken om tijd en datums in het <a href=\"https:\/\/talkpal.ai\/learn-galician\/\">Galicisch<\/a> te bespreken.<\/p>\n<h2>Basisvocabulaire voor Tijd<\/h2>\n<p><b>Hora<\/b> &#8211; Uur<br \/>\n<font color=\"#2D3AC7\">Son as tres da tarde.<\/font><br \/>\nIn deze zin betekent <b>hora<\/b> het uur van de dag. <\/p>\n<p><b>Minuto<\/b> &#8211; Minuut<br \/>\n<font color=\"#2D3AC7\">Faltan cinco minutos para as nove.<\/font><br \/>\nEen <b>minuto<\/b> is een eenheid van tijd gelijk aan 60 seconden.<\/p>\n<p><b>Segundo<\/b> &#8211; Seconde<br \/>\n<font color=\"#2D3AC7\">S\u00f3 precisas un segundo.<\/font><br \/>\nEen <b>segundo<\/b> is de kleinste eenheid van tijd in deze context.<\/p>\n<p><b>Mediod\u00eda<\/b> &#8211; Middag<br \/>\n<font color=\"#2D3AC7\">Quedamos ao mediod\u00eda.<\/font><br \/>\n<b>Mediod\u00eda<\/b> betekent letterlijk het midden van de dag, om 12 uur &#8217;s middags.<\/p>\n<p><b>Medianoche<\/b> &#8211; Middernacht<br \/>\n<font color=\"#2D3AC7\">A festa remata \u00e1 medianoche.<\/font><br \/>\n<b>Medianoche<\/b> betekent 12 uur &#8217;s nachts.<\/p>\n<h2>Dagindeling<\/h2>\n<p><b>Ma\u00f1\u00e1<\/b> &#8211; Ochtend<br \/>\n<font color=\"#2D3AC7\">Ve\u00f1o ma\u00f1\u00e1 cedo.<\/font><br \/>\n<b>Ma\u00f1\u00e1<\/b> verwijst naar de periode van zonsopgang tot de middag.<\/p>\n<p><b>Tarde<\/b> &#8211; Middag<br \/>\n<font color=\"#2D3AC7\">Temos unha reuni\u00f3n esta tarde.<\/font><br \/>\n<b>Tarde<\/b> verwijst naar de periode na de middag tot zonsondergang.<\/p>\n<p><b>Noite<\/b> &#8211; Avond\/Nacht<br \/>\n<font color=\"#2D3AC7\">Boas noites, ata ma\u00f1\u00e1.<\/font><br \/>\n<b>Noite<\/b> kan zowel avond als nacht betekenen, afhankelijk van de context.<\/p>\n<h2>Dagen van de Week<\/h2>\n<p><b>Luns<\/b> &#8211; Maandag<br \/>\n<font color=\"#2D3AC7\">O luns te\u00f1o clase de <a href=\"https:\/\/talkpal.ai\/learn-galician\/\">galego<\/a>.<\/font><br \/>\n<b>Luns<\/b> is de eerste dag van de week in Galicisch.<\/p>\n<p><b>Martes<\/b> &#8211; Dinsdag<br \/>\n<font color=\"#2D3AC7\">O martes imos ao cine.<\/font><br \/>\n<b>Martes<\/b> is de tweede dag van de week.<\/p>\n<p><b>M\u00e9rcores<\/b> &#8211; Woensdag<br \/>\n<font color=\"#2D3AC7\">Os m\u00e9rcores xogo ao f\u00fatbol.<\/font><br \/>\n<b>M\u00e9rcores<\/b> is de derde dag van de week.<\/p>\n<p><b>Xoves<\/b> &#8211; Donderdag<br \/>\n<font color=\"#2D3AC7\">O xoves temos unha reuni\u00f3n importante.<\/font><br \/>\n<b>Xoves<\/b> is de vierde dag van de week.<\/p>\n<p><b>Venres<\/b> &#8211; Vrijdag<br \/>\n<font color=\"#2D3AC7\">O venres \u00e9 o \u00faltimo d\u00eda de traballo.<\/font><br \/>\n<b>Venres<\/b> is de vijfde dag van de week.<\/p>\n<p><b>S\u00e1bado<\/b> &#8211; Zaterdag<br \/>\n<font color=\"#2D3AC7\">O s\u00e1bado imos de excursi\u00f3n.<\/font><br \/>\n<b>S\u00e1bado<\/b> is de zesde dag van de week.<\/p>\n<p><b>Domingo<\/b> &#8211; Zondag<br \/>\n<font color=\"#2D3AC7\">O domingo descansamos.<\/font><br \/>\n<b>Domingo<\/b> is de zevende en laatste dag van de week.<\/p>\n<h2>Maanden van het Jaar<\/h2>\n<p><b>Xaneiro<\/b> &#8211; Januari<br \/>\n<font color=\"#2D3AC7\">Xaneiro \u00e9 o primeiro mes do ano.<\/font><br \/>\n<b>Xaneiro<\/b> is de eerste maand van het jaar.<\/p>\n<p><b>Febreiro<\/b> &#8211; Februari<br \/>\n<font color=\"#2D3AC7\">Febreiro ten 28 d\u00edas.<\/font><br \/>\n<b>Febreiro<\/b> is de tweede maand van het jaar.<\/p>\n<p><b>Marzo<\/b> &#8211; Maart<br \/>\n<font color=\"#2D3AC7\">Marzo \u00e9 o comezo da primavera.<\/font><br \/>\n<b>Marzo<\/b> is de derde maand van het jaar.<\/p>\n<p><b>Abril<\/b> &#8211; April<br \/>\n<font color=\"#2D3AC7\">Abril trae choivas.<\/font><br \/>\n<b>Abril<\/b> is de vierde maand van het jaar.<\/p>\n<p><b>Maio<\/b> &#8211; Mei<br \/>\n<font color=\"#2D3AC7\">Maio \u00e9 un mes de flores.<\/font><br \/>\n<b>Maio<\/b> is de vijfde maand van het jaar.<\/p>\n<p><b>Xu\u00f1o<\/b> &#8211; Juni<br \/>\n<font color=\"#2D3AC7\">Xu\u00f1o \u00e9 o comezo do ver\u00e1n.<\/font><br \/>\n<b>Xu\u00f1o<\/b> is de zesde maand van het jaar.<\/p>\n<p><b>Xullo<\/b> &#8211; Juli<br \/>\n<font color=\"#2D3AC7\">Xullo \u00e9 o mes m\u00e1is quente.<\/font><br \/>\n<b>Xullo<\/b> is de zevende maand van het jaar.<\/p>\n<p><b>Agosto<\/b> &#8211; Augustus<br \/>\n<font color=\"#2D3AC7\">En agosto <a href=\"https:\/\/talkpal.ai\/locations\/language-courses-in-moita\/\">moita<\/a> xente vai de vacaci\u00f3ns.<\/font><br \/>\n<b>Agosto<\/b> is de achtste maand van het jaar.<\/p>\n<p><b>Setembro<\/b> &#8211; September<br \/>\n<font color=\"#2D3AC7\">Setembro \u00e9 o comezo do outono.<\/font><br \/>\n<b>Setembro<\/b> is de negende maand van het jaar.<\/p>\n<p><b>Outubro<\/b> &#8211; Oktober<br \/>\n<font color=\"#2D3AC7\">Outubro \u00e9 un mes de follas ca\u00eddas.<\/font><br \/>\n<b>Outubro<\/b> is de tiende maand van het jaar.<\/p>\n<p><b>Novembro<\/b> &#8211; November<br \/>\n<font color=\"#2D3AC7\">Novembro \u00e9 un mes fr\u00edo.<\/font><br \/>\n<b>Novembro<\/b> is de elfde maand van het jaar.<\/p>\n<p><b>Decembro<\/b> &#8211; December<br \/>\n<font color=\"#2D3AC7\">Decembro \u00e9 o mes do <a href=\"https:\/\/talkpal.ai\/talkpal-christmas-discount\/\">Nadal<\/a>.<\/font><br \/>\n<b>Decembro<\/b> is de twaalfde maand van het jaar.<\/p>\n<h2>Veelvoorkomende Zinnen voor Tijd en Datum<\/h2>\n<p><b>\u00bfQue hora \u00e9?<\/b> &#8211; Hoe laat is het?<br \/>\n<font color=\"#2D3AC7\">\u00bfQue hora \u00e9 agora?<\/font><br \/>\nDeze zin gebruik je <a href=\"https:\/\/talkpal.ai\/culture\/how-do-you-use-the-construction-om-te-in-afrikaans\/\">om te<\/a> vragen hoe laat het is.<\/p>\n<p><b>Son as&#8230;<\/b> &#8211; Het is&#8230;<br \/>\n<font color=\"#2D3AC7\">Son as catro da tarde.<\/font><br \/>\nGebruik deze zin om de tijd aan te geven.<\/p>\n<p><b>\u00bfCando?<\/b> &#8211; Wanneer?<br \/>\n<font color=\"#2D3AC7\">\u00bfCando \u00e9 a t\u00faa festa?<\/font><br \/>\nGebruik deze vraag om naar een tijd of datum te vragen.<\/p>\n<p><b>Hoxe<\/b> &#8211; Vandaag<br \/>\n<font color=\"#2D3AC7\">Hoxe \u00e9 un d\u00eda especial.<\/font><br \/>\n<b>Hoxe<\/b> betekent vandaag.<\/p>\n<p><b>Ma\u00f1\u00e1<\/b> &#8211; Morgen<br \/>\n<font color=\"#2D3AC7\">Ma\u00f1\u00e1 ser\u00e1 un d\u00eda ocupado.<\/font><br \/>\n<b>Ma\u00f1\u00e1<\/b> betekent morgen.<\/p>\n<p><b>Onte<\/b> &#8211; Gisteren<br \/>\n<font color=\"#2D3AC7\">Onte fun ao cine.<\/font><br \/>\n<b>Onte<\/b> betekent gisteren.<\/p>\n<p><b>Esta semana<\/b> &#8211; Deze week<br \/>\n<font color=\"#2D3AC7\">Esta semana te\u00f1o moito traballo.<\/font><br \/>\nGebruik <b>esta semana<\/b> om te verwijzen naar de huidige week.<\/p>\n<p><b>A pr\u00f3xima semana<\/b> &#8211; Volgende week<br \/>\n<font color=\"#2D3AC7\">A pr\u00f3xima semana imos de vacaci\u00f3ns.<\/font><br \/>\n<b>A pr\u00f3xima semana<\/b> betekent volgende week.<\/p>\n<p><b>A semana pasada<\/b> &#8211; Vorige week<br \/>\n<font color=\"#2D3AC7\">A semana pasada foi moi estresante.<\/font><br \/>\n<b>A semana pasada<\/b> betekent vorige week.<\/p>\n<h2>Het Gebruik van Voorzetsels<\/h2>\n<p><b>En<\/b> &#8211; In\/Om<br \/>\n<font color=\"#2D3AC7\">En xaneiro imos \u00e1 monta\u00f1a.<\/font><br \/>\nGebruik <b>en<\/b> om een maand of tijd aan te geven.<\/p>\n<p><b>Dende<\/b> &#8211; Sinds<br \/>\n<font color=\"#2D3AC7\">Dende marzo estou estudando galego.<\/font><br \/>\n<b>Dende<\/b> gebruik je om aan te geven vanaf wanneer iets gebeurt.<\/p>\n<p><b>Ata<\/b> &#8211; Tot<br \/>\n<font color=\"#2D3AC7\">Traballo ata as seis.<\/font><br \/>\n<b>Ata<\/b> betekent tot, om een eindtijd aan te geven.<\/p>\n<p><b>Antes de<\/b> &#8211; Voor<br \/>\n<font color=\"#2D3AC7\">Antes de xullo, temos que rematar o proxecto.<\/font><br \/>\n<b>Antes de<\/b> betekent voor, om een tijdstip in de toekomst aan te geven.<\/p>\n<p><b>Despois de<\/b> &#8211; Na<br \/>\n<font color=\"#2D3AC7\">Despois de abril, o clima mellora.<\/font><br \/>\n<b>Despois de<\/b> betekent na, om een tijdstip in de toekomst aan te geven.<\/p>\n<h2>Het Gebruik van Werkwoorden<\/h2>\n<p><b>Comenzar<\/b> &#8211; Beginnen<br \/>\n<font color=\"#2D3AC7\">O curso comeza en setembro.<\/font><br \/>\n<b>Comenzar<\/b> gebruik je om het <a href=\"https:\/\/talkpal.ai\/ko\/ai-%ec%96%b8%ec%96%b4-%ea%b5%90%ec%82%ac\/\">begin<\/a> van iets aan te geven.<\/p>\n<p><b>Acabar<\/b> &#8211; Eindigen<br \/>\n<font color=\"#2D3AC7\">A reuni\u00f3n acaba \u00e1s oito.<\/font><br \/>\n<b>Acabar<\/b> gebruik je om het einde van iets aan te geven.<\/p>\n<p><b>Durar<\/b> &#8211; Duren<br \/>\n<font color=\"#2D3AC7\">A pel\u00edcula dura d\u00faas horas.<\/font><br \/>\n<b>Durar<\/b> betekent hoe lang iets duurt.<\/p>\n<p><b>Esperar<\/b> &#8211; Wachten<br \/>\n<font color=\"#2D3AC7\">Te\u00f1o que esperar ata as cinco.<\/font><br \/>\n<b>Esperar<\/b> betekent wachten.<\/p>\n<p><b>Llegar<\/b> &#8211; Aankomen<br \/>\n<font color=\"#2D3AC7\">Chegarei \u00e1s sete.<\/font><br \/>\n<b>Llegar<\/b> betekent aankomen.<\/p>\n<p>Door deze woorden en zinnen te leren, zul je in staat zijn om gesprekken over tijd en datums in het Galicisch te voeren. Het is belangrijk om regelmatig te oefenen en deze woorden in je dagelijkse gesprekken te gebruiken om ze goed te onthouden. Veel succes met je studie van het Galicisch!<\/p>\n","protected":false},"featured_media":1527697,"template":"","vocabulary_language":[3765],"class_list":["post-694134","vocabulary","type-vocabulary","status-publish","has-post-thumbnail","hentry","vocabulary_language-galicisch"],"acf":[],"yoast_head":"<!-- This site is optimized with the Yoast SEO Premium plugin v27.2 (Yoast SEO v27.2) - https:\/\/yoast.com\/product\/yoast-seo-premium-wordpress\/ -->\n<title>Zinnen voor het bespreken van tijd en datums in het Galicisch - Talkpal<\/title>\n<meta name=\"description\" content=\"Het bespreken van tijd en datums is een essentieel onderdeel van het leren van een nieuwe taal. Het helpt je niet alleen om afspraken te maken en je\" \/>\n<meta name=\"robots\" content=\"index, follow, max-snippet:-1, max-image-preview:large, max-video-preview:-1\" \/>\n<link rel=\"canonical\" href=\"https:\/\/talkpal.ai\/nl\/vocabulary\/zinnen-voor-het-bespreken-van-tijd-en-datums-in-het-galicisch\/\" \/>\n<meta property=\"og:locale\" content=\"nl_NL\" \/>\n<meta property=\"og:type\" content=\"article\" \/>\n<meta property=\"og:title\" content=\"Zinnen voor het bespreken van tijd en datums in het Galicisch\" \/>\n<meta property=\"og:description\" content=\"Het bespreken van tijd en datums is een essentieel onderdeel van het leren van een nieuwe taal. Het helpt je niet alleen om afspraken te maken en je\" \/>\n<meta property=\"og:url\" content=\"https:\/\/talkpal.ai\/nl\/vocabulary\/zinnen-voor-het-bespreken-van-tijd-en-datums-in-het-galicisch\/\" \/>\n<meta property=\"og:site_name\" content=\"Talkpal\" \/>\n<meta property=\"article:publisher\" content=\"https:\/\/www.facebook.com\/profile.php?id=100090733639311\" \/>\n<meta property=\"og:image\" content=\"https:\/\/talkpal.ai\/wp-content\/uploads\/2024\/10\/talkpal_flat_illustration_of_a_employees_working_together_happi_c674ff77-e477-4e09-835a-01d30e561e99.png\" \/>\n\t<meta property=\"og:image:width\" content=\"1024\" \/>\n\t<meta property=\"og:image:height\" content=\"1024\" \/>\n\t<meta property=\"og:image:type\" content=\"image\/png\" \/>\n<meta name=\"twitter:card\" content=\"summary_large_image\" \/>\n<meta name=\"twitter:site\" content=\"@talkpalai\" \/>\n<meta name=\"twitter:label1\" content=\"Geschatte leestijd\" \/>\n\t<meta name=\"twitter:data1\" content=\"5 minuten\" \/>\n<script type=\"application\/ld+json\" class=\"yoast-schema-graph\">{\"@context\":\"https:\/\/schema.org\",\"@graph\":[{\"@type\":\"WebPage\",\"@id\":\"https:\/\/talkpal.ai\/nl\/vocabulary\/zinnen-voor-het-bespreken-van-tijd-en-datums-in-het-galicisch\/\",\"url\":\"https:\/\/talkpal.ai\/nl\/vocabulary\/zinnen-voor-het-bespreken-van-tijd-en-datums-in-het-galicisch\/\",\"name\":\"Zinnen voor het bespreken van tijd en datums in het Galicisch - Talkpal\",\"isPartOf\":{\"@id\":\"https:\/\/talkpal.ai\/nl\/#website\"},\"primaryImageOfPage\":{\"@id\":\"https:\/\/talkpal.ai\/nl\/vocabulary\/zinnen-voor-het-bespreken-van-tijd-en-datums-in-het-galicisch\/#primaryimage\"},\"image\":{\"@id\":\"https:\/\/talkpal.ai\/nl\/vocabulary\/zinnen-voor-het-bespreken-van-tijd-en-datums-in-het-galicisch\/#primaryimage\"},\"thumbnailUrl\":\"https:\/\/talkpal.ai\/wp-content\/uploads\/2025\/12\/group-uses-laptop-learning-languages.webp\",\"datePublished\":\"2024-06-07T14:18:11+00:00\",\"description\":\"Het bespreken van tijd en datums is een essentieel onderdeel van het leren van een nieuwe taal. Het helpt je niet alleen om afspraken te maken en je\",\"breadcrumb\":{\"@id\":\"https:\/\/talkpal.ai\/nl\/vocabulary\/zinnen-voor-het-bespreken-van-tijd-en-datums-in-het-galicisch\/#breadcrumb\"},\"inLanguage\":\"nl-NL\",\"potentialAction\":[{\"@type\":\"ReadAction\",\"target\":[\"https:\/\/talkpal.ai\/nl\/vocabulary\/zinnen-voor-het-bespreken-van-tijd-en-datums-in-het-galicisch\/\"]}]},{\"@type\":\"ImageObject\",\"inLanguage\":\"nl-NL\",\"@id\":\"https:\/\/talkpal.ai\/nl\/vocabulary\/zinnen-voor-het-bespreken-van-tijd-en-datums-in-het-galicisch\/#primaryimage\",\"url\":\"https:\/\/talkpal.ai\/wp-content\/uploads\/2025\/12\/group-uses-laptop-learning-languages.webp\",\"contentUrl\":\"https:\/\/talkpal.ai\/wp-content\/uploads\/2025\/12\/group-uses-laptop-learning-languages.webp\",\"width\":1200,\"height\":896,\"caption\":\"A group of students gather at a long table with a laptop while learning languages in a caf\u00e9 setting.\"},{\"@type\":\"BreadcrumbList\",\"@id\":\"https:\/\/talkpal.ai\/nl\/vocabulary\/zinnen-voor-het-bespreken-van-tijd-en-datums-in-het-galicisch\/#breadcrumb\",\"itemListElement\":[{\"@type\":\"ListItem\",\"position\":1,\"name\":\"Homepage\",\"item\":\"https:\/\/talkpal.ai\/nl\/\"},{\"@type\":\"ListItem\",\"position\":2,\"name\":\"Zinnen voor het bespreken van tijd en datums in het Galicisch\"}]},{\"@type\":\"WebSite\",\"@id\":\"https:\/\/talkpal.ai\/nl\/#website\",\"url\":\"https:\/\/talkpal.ai\/nl\/\",\"name\":\"Talkpal\",\"description\":\"AI Language Learning\",\"publisher\":{\"@id\":\"https:\/\/talkpal.ai\/nl\/#organization\"},\"alternateName\":\"Talkpal AI\",\"potentialAction\":[{\"@type\":\"SearchAction\",\"target\":{\"@type\":\"EntryPoint\",\"urlTemplate\":\"https:\/\/talkpal.ai\/nl\/?s={search_term_string}\"},\"query-input\":{\"@type\":\"PropertyValueSpecification\",\"valueRequired\":true,\"valueName\":\"search_term_string\"}}],\"inLanguage\":\"nl-NL\"},{\"@type\":\"Organization\",\"@id\":\"https:\/\/talkpal.ai\/nl\/#organization\",\"name\":\"Talkpal, Inc.\",\"alternateName\":\"Talkpal AI\",\"url\":\"https:\/\/talkpal.ai\/nl\/\",\"logo\":{\"@type\":\"ImageObject\",\"inLanguage\":\"nl-NL\",\"@id\":\"https:\/\/talkpal.ai\/nl\/#\/schema\/logo\/image\/\",\"url\":\"https:\/\/talkpal.ai\/wp-content\/uploads\/2024\/03\/Talkpal-Logo-Icon.png\",\"contentUrl\":\"https:\/\/talkpal.ai\/wp-content\/uploads\/2024\/03\/Talkpal-Logo-Icon.png\",\"width\":2880,\"height\":2880,\"caption\":\"Talkpal, Inc.\"},\"image\":{\"@id\":\"https:\/\/talkpal.ai\/nl\/#\/schema\/logo\/image\/\"},\"sameAs\":[\"https:\/\/www.facebook.com\/profile.php?id=100090733639311\",\"https:\/\/x.com\/talkpalai\",\"https:\/\/www.linkedin.com\/company\/talkpal\/\",\"https:\/\/www.youtube.com\/@TalkPal\/\",\"https:\/\/www.tiktok.com\/@talkpal\",\"https:\/\/www.instagram.com\/talkpal_ai\/\",\"https:\/\/www.crunchbase.com\/organization\/talkpal-9cde\",\"https:\/\/www.g2.com\/products\/talkpal-for-business\/\",\"https:\/\/www.trustpilot.com\/review\/talkpal.ai\",\"https:\/\/www.capterra.com\/p\/10006800\/TalkPal\/\"],\"description\":\"Talkpal is a language learning web and mobile education app, powered by the latest AI technologies, that provides engaging experiences to its customers in many different languages to help them improve their language skills. Users can chat about unlimited amount of topics with the app and use other modes to practice their language learning.\",\"email\":\"support@talkpal.ai\",\"legalName\":\"Talkpal, Inc.\",\"foundingDate\":\"2023-04-03\",\"duns\":\"118989042\",\"numberOfEmployees\":{\"@type\":\"QuantitativeValue\",\"minValue\":\"11\",\"maxValue\":\"50\"},\"publishingPrinciples\":\"https:\/\/talkpal.ai\/publishing-principles\/\",\"actionableFeedbackPolicy\":\"https:\/\/talkpal.ai\/actionable-feedback-policy\/\",\"correctionsPolicy\":\"https:\/\/talkpal.ai\/corrections-policy\/\",\"ethicsPolicy\":\"https:\/\/talkpal.ai\/ethics-policy\/\",\"diversityPolicy\":\"https:\/\/talkpal.ai\/diversity-policy\/\",\"diversityStaffingReport\":\"https:\/\/talkpal.ai\/diversity-policy\/\"}]}<\/script>\n<!-- \/ Yoast SEO Premium plugin. -->","yoast_head_json":{"title":"Zinnen voor het bespreken van tijd en datums in het Galicisch - Talkpal","description":"Het bespreken van tijd en datums is een essentieel onderdeel van het leren van een nieuwe taal. Het helpt je niet alleen om afspraken te maken en je","robots":{"index":"index","follow":"follow","max-snippet":"max-snippet:-1","max-image-preview":"max-image-preview:large","max-video-preview":"max-video-preview:-1"},"canonical":"https:\/\/talkpal.ai\/nl\/vocabulary\/zinnen-voor-het-bespreken-van-tijd-en-datums-in-het-galicisch\/","og_locale":"nl_NL","og_type":"article","og_title":"Zinnen voor het bespreken van tijd en datums in het Galicisch","og_description":"Het bespreken van tijd en datums is een essentieel onderdeel van het leren van een nieuwe taal. Het helpt je niet alleen om afspraken te maken en je","og_url":"https:\/\/talkpal.ai\/nl\/vocabulary\/zinnen-voor-het-bespreken-van-tijd-en-datums-in-het-galicisch\/","og_site_name":"Talkpal","article_publisher":"https:\/\/www.facebook.com\/profile.php?id=100090733639311","og_image":[{"width":1024,"height":1024,"url":"https:\/\/talkpal.ai\/wp-content\/uploads\/2024\/10\/talkpal_flat_illustration_of_a_employees_working_together_happi_c674ff77-e477-4e09-835a-01d30e561e99.png","type":"image\/png"}],"twitter_card":"summary_large_image","twitter_site":"@talkpalai","twitter_misc":{"Geschatte leestijd":"5 minuten"},"schema":{"@context":"https:\/\/schema.org","@graph":[{"@type":"WebPage","@id":"https:\/\/talkpal.ai\/nl\/vocabulary\/zinnen-voor-het-bespreken-van-tijd-en-datums-in-het-galicisch\/","url":"https:\/\/talkpal.ai\/nl\/vocabulary\/zinnen-voor-het-bespreken-van-tijd-en-datums-in-het-galicisch\/","name":"Zinnen voor het bespreken van tijd en datums in het Galicisch - Talkpal","isPartOf":{"@id":"https:\/\/talkpal.ai\/nl\/#website"},"primaryImageOfPage":{"@id":"https:\/\/talkpal.ai\/nl\/vocabulary\/zinnen-voor-het-bespreken-van-tijd-en-datums-in-het-galicisch\/#primaryimage"},"image":{"@id":"https:\/\/talkpal.ai\/nl\/vocabulary\/zinnen-voor-het-bespreken-van-tijd-en-datums-in-het-galicisch\/#primaryimage"},"thumbnailUrl":"https:\/\/talkpal.ai\/wp-content\/uploads\/2025\/12\/group-uses-laptop-learning-languages.webp","datePublished":"2024-06-07T14:18:11+00:00","description":"Het bespreken van tijd en datums is een essentieel onderdeel van het leren van een nieuwe taal. Het helpt je niet alleen om afspraken te maken en je","breadcrumb":{"@id":"https:\/\/talkpal.ai\/nl\/vocabulary\/zinnen-voor-het-bespreken-van-tijd-en-datums-in-het-galicisch\/#breadcrumb"},"inLanguage":"nl-NL","potentialAction":[{"@type":"ReadAction","target":["https:\/\/talkpal.ai\/nl\/vocabulary\/zinnen-voor-het-bespreken-van-tijd-en-datums-in-het-galicisch\/"]}]},{"@type":"ImageObject","inLanguage":"nl-NL","@id":"https:\/\/talkpal.ai\/nl\/vocabulary\/zinnen-voor-het-bespreken-van-tijd-en-datums-in-het-galicisch\/#primaryimage","url":"https:\/\/talkpal.ai\/wp-content\/uploads\/2025\/12\/group-uses-laptop-learning-languages.webp","contentUrl":"https:\/\/talkpal.ai\/wp-content\/uploads\/2025\/12\/group-uses-laptop-learning-languages.webp","width":1200,"height":896,"caption":"A group of students gather at a long table with a laptop while learning languages in a caf\u00e9 setting."},{"@type":"BreadcrumbList","@id":"https:\/\/talkpal.ai\/nl\/vocabulary\/zinnen-voor-het-bespreken-van-tijd-en-datums-in-het-galicisch\/#breadcrumb","itemListElement":[{"@type":"ListItem","position":1,"name":"Homepage","item":"https:\/\/talkpal.ai\/nl\/"},{"@type":"ListItem","position":2,"name":"Zinnen voor het bespreken van tijd en datums in het Galicisch"}]},{"@type":"WebSite","@id":"https:\/\/talkpal.ai\/nl\/#website","url":"https:\/\/talkpal.ai\/nl\/","name":"Talkpal","description":"AI Language Learning","publisher":{"@id":"https:\/\/talkpal.ai\/nl\/#organization"},"alternateName":"Talkpal AI","potentialAction":[{"@type":"SearchAction","target":{"@type":"EntryPoint","urlTemplate":"https:\/\/talkpal.ai\/nl\/?s={search_term_string}"},"query-input":{"@type":"PropertyValueSpecification","valueRequired":true,"valueName":"search_term_string"}}],"inLanguage":"nl-NL"},{"@type":"Organization","@id":"https:\/\/talkpal.ai\/nl\/#organization","name":"Talkpal, Inc.","alternateName":"Talkpal AI","url":"https:\/\/talkpal.ai\/nl\/","logo":{"@type":"ImageObject","inLanguage":"nl-NL","@id":"https:\/\/talkpal.ai\/nl\/#\/schema\/logo\/image\/","url":"https:\/\/talkpal.ai\/wp-content\/uploads\/2024\/03\/Talkpal-Logo-Icon.png","contentUrl":"https:\/\/talkpal.ai\/wp-content\/uploads\/2024\/03\/Talkpal-Logo-Icon.png","width":2880,"height":2880,"caption":"Talkpal, Inc."},"image":{"@id":"https:\/\/talkpal.ai\/nl\/#\/schema\/logo\/image\/"},"sameAs":["https:\/\/www.facebook.com\/profile.php?id=100090733639311","https:\/\/x.com\/talkpalai","https:\/\/www.linkedin.com\/company\/talkpal\/","https:\/\/www.youtube.com\/@TalkPal\/","https:\/\/www.tiktok.com\/@talkpal","https:\/\/www.instagram.com\/talkpal_ai\/","https:\/\/www.crunchbase.com\/organization\/talkpal-9cde","https:\/\/www.g2.com\/products\/talkpal-for-business\/","https:\/\/www.trustpilot.com\/review\/talkpal.ai","https:\/\/www.capterra.com\/p\/10006800\/TalkPal\/"],"description":"Talkpal is a language learning web and mobile education app, powered by the latest AI technologies, that provides engaging experiences to its customers in many different languages to help them improve their language skills. Users can chat about unlimited amount of topics with the app and use other modes to practice their language learning.","email":"support@talkpal.ai","legalName":"Talkpal, Inc.","foundingDate":"2023-04-03","duns":"118989042","numberOfEmployees":{"@type":"QuantitativeValue","minValue":"11","maxValue":"50"},"publishingPrinciples":"https:\/\/talkpal.ai\/publishing-principles\/","actionableFeedbackPolicy":"https:\/\/talkpal.ai\/actionable-feedback-policy\/","correctionsPolicy":"https:\/\/talkpal.ai\/corrections-policy\/","ethicsPolicy":"https:\/\/talkpal.ai\/ethics-policy\/","diversityPolicy":"https:\/\/talkpal.ai\/diversity-policy\/","diversityStaffingReport":"https:\/\/talkpal.ai\/diversity-policy\/"}]}},"_links":{"self":[{"href":"https:\/\/talkpal.ai\/nl\/wp-json\/wp\/v2\/vocabulary\/694134","targetHints":{"allow":["GET"]}}],"collection":[{"href":"https:\/\/talkpal.ai\/nl\/wp-json\/wp\/v2\/vocabulary"}],"about":[{"href":"https:\/\/talkpal.ai\/nl\/wp-json\/wp\/v2\/types\/vocabulary"}],"wp:featuredmedia":[{"embeddable":true,"href":"https:\/\/talkpal.ai\/nl\/wp-json\/wp\/v2\/media\/1527697"}],"wp:attachment":[{"href":"https:\/\/talkpal.ai\/nl\/wp-json\/wp\/v2\/media?parent=694134"}],"wp:term":[{"taxonomy":"vocabulary_language","embeddable":true,"href":"https:\/\/talkpal.ai\/nl\/wp-json\/wp\/v2\/vocabulary_language?post=694134"}],"curies":[{"name":"wp","href":"https:\/\/api.w.org\/{rel}","templated":true}]}}