{"id":1147021,"date":"2025-07-06T11:23:05","date_gmt":"2025-07-06T11:23:05","guid":{"rendered":"https:\/\/talkpal.ai\/grammar_exercises\/oefeningen-met-reflexieve-voornaamwoorden-voor-de-slowaakse-grammatica\/"},"modified":"2025-07-06T11:23:05","modified_gmt":"2025-07-06T11:23:05","slug":"oefeningen-met-reflexieve-voornaamwoorden-voor-de-slowaakse-grammatica","status":"publish","type":"grammar_exercises","link":"https:\/\/talkpal.ai\/nl\/grammar_exercises\/oefeningen-met-reflexieve-voornaamwoorden-voor-de-slowaakse-grammatica\/","title":{"rendered":"Oefeningen met reflexieve voornaamwoorden voor de Slowaakse grammatica"},"content":{"rendered":"<p>In deze oefeningen <a href=\"https:\/\/talkpal.ai\/locations\/language-courses-in-leer\/\">leer<\/a> je hoe je <a href=\"https:\/\/talkpal.ai\/nl\/grammar_exercises\/oefeningen-met-reflexieve-voornaamwoorden-voor-de-finse-grammatica\/\">reflexieve voornaamwoorden<\/a> correct gebruikt in het <a href=\"https:\/\/talkpal.ai\/learn-slovak\/\">Slowaaks<\/a>. <a href=\"https:\/\/talkpal.ai\/nl\/grammar_exercises\/oefeningen-met-reflexieve-voornaamwoorden-voor-de-finse-grammatica\/\">Reflexieve voornaamwoorden<\/a> verwijzen terug naar het onderwerp <a href=\"https:\/\/talkpal.ai\/locations\/language-courses-in-van\/\">van<\/a> de zin en worden vaak gebruikt bij werkwoorden die aangeven dat iemand iets aan zichzelf doet. Let goed op de vorm van het reflexieve voornaamwoord passend bij het onderwerp.<\/p>\n<h3>Oefening 1: Reflexieve voornaamwoorden in de tegenwoordige tijd<\/h3>\n<div class=\"input_sentences\">\n1. Ja *sa* um\u00fdvam ka\u017ed\u00fd de\u0148. (Hint: Reflexief voor \u201cik\u201d in het Slowaaks is \u201esa\u201c bij deze werkwoordvorm)<br \/>\n2. Ty *sa* pozer\u00e1\u0161 do zrkadla. (Hint: Gebruik het reflexieve voornaamwoord bij \u201ejij\u201c in het Slowaaks)<br \/>\n3. On *sa* u\u010d\u00ed po slovensky. (Hint: Reflexief voor \u201ehij\u201c is \u201esa\u201c in de <a href=\"https:\/\/talkpal.ai\/nl\/grammar\/tegenwoordige-tijd-in-kroatische-grammatica\/\">tegenwoordige tijd<\/a>)<br \/>\n4. My *sa* pripravujeme na sk\u00fa\u0161ku. (Hint: Gebruik het reflexieve voornaamwoord dat bij \u201ewij\u201c hoort)<br \/>\n5. Vy *sa* oblievate studenou vodou. (Hint: Reflexief voor \u201ejullie\u201c in het Slowaaks is \u201esa\u201c)<br \/>\n6. Oni *sa* stret\u00e1vaj\u00fa ka\u017ed\u00fd t\u00fd\u017ede\u0148. (Hint: Reflexief voor \u201ezij\u201c meervoud is \u201esa\u201c)<br \/>\n7. Ja *si* \u010dist\u00edm zuby r\u00e1no a ve\u010der. (Hint: Gebruik \u201esi\u201c wanneer het reflexief voor \u201eik\u201c is en het zich richt op een deel van het lichaam)<br \/>\n8. Ty *si* kupuje\u0161 nov\u00e9 oble\u010denie. (Hint: Gebruik \u201esi\u201c bij \u201ejij\u201c als het om jezelf gaat)<br \/>\n9. On *si* oblieka bundu, lebo je zima. (Hint: \u201esi\u201c wordt gebruikt bij hem als het gaat om iets wat hij zelf doet)<br \/>\n10. My *si* d\u00e1vame pauzu po pr\u00e1ci. (Hint: \u201esi\u201c bij \u201ewij\u201c voor iets wat wij onszelf geven)\n<\/div>\n<div class=\"exercise\"><\/div>\n<h3>Oefening 2: Reflexieve voornaamwoorden in de verleden tijd<\/h3>\n<div class=\"input_sentences\">\n1. Ja *som sa* u\u010dil doma v\u010dera. (Hint: Gebruik het reflexieve voornaamwoord bij \u201eik\u201c in de verleden tijd met \u201esom\u201c)<br \/>\n2. Ty *si sa* pozrel na film. (Hint: Reflexief voor \u201ejij\u201c in verleden tijd met \u201esi\u201c)<br \/>\n3. Ona *sa* upratovala cel\u00fd de\u0148. (Hint: Reflexief voor \u201ezij\u201c enkelvoud in verleden tijd)<br \/>\n4. My *sme sa* zab\u00e1vali na oslave. (Hint: Gebruik \u201esme sa\u201c voor \u201ewij\u201c verleden tijd)<br \/>\n5. Vy *ste sa* stretli v centre mesta. (Hint: Reflexief voor \u201ejullie\u201c verleden tijd met \u201este\u201c)<br \/>\n6. Oni *sa* smiali po\u010das filmu. (Hint: Reflexief voor \u201ezij\u201c meervoud verleden tijd)<br \/>\n7. Ja *som si* umyl ruky pred jedlom. (Hint: Gebruik \u201esom si\u201c als het gaat om iets aan jezelf in verleden tijd)<br \/>\n8. Ty *si si* zabalil veci na cestu. (Hint: Dubbele \u201esi\u201c bij \u201ejij\u201c als het reflexief is en gericht op jezelf)<br \/>\n9. On *si* dal pauzu po pr\u00e1ci. (Hint: \u201esi\u201c bij \u201ehij\u201c in verleden tijd als het om zichzelf gaat)<br \/>\n10. My *sme si* pripravili v\u0161etko na prezent\u00e1ciu. (Hint: \u201esme si\u201c voor \u201ewij\u201c in verleden tijd met reflexief)\n<\/div>\n<div class=\"exercise\"><\/div>\n","protected":false},"featured_media":1527788,"parent":0,"menu_order":0,"template":"","exercise_language":[17120,17140],"class_list":["post-1147021","grammar_exercises","type-grammar_exercises","status-publish","has-post-thumbnail","hentry","exercise_language-slowaaks-oefeningen","exercise_language-voornaamwoorden-bepalers-slowaakse-grammatica"],"acf":[],"yoast_head":"<!-- This site is optimized with the Yoast SEO Premium plugin v27.2 (Yoast SEO v27.2) - https:\/\/yoast.com\/product\/yoast-seo-premium-wordpress\/ -->\n<title>Oefeningen met reflexieve voornaamwoorden voor de Slowaakse grammatica - Talkpal<\/title>\n<meta name=\"description\" content=\"In deze oefeningen leer je hoe je reflexieve voornaamwoorden correct gebruikt in het Slowaaks. Reflexieve voornaamwoorden verwijzen terug naar het\" \/>\n<meta name=\"robots\" content=\"index, follow, max-snippet:-1, max-image-preview:large, max-video-preview:-1\" \/>\n<link rel=\"canonical\" href=\"https:\/\/talkpal.ai\/nl\/grammar_exercises\/oefeningen-met-reflexieve-voornaamwoorden-voor-de-slowaakse-grammatica\/\" \/>\n<meta property=\"og:locale\" content=\"nl_NL\" \/>\n<meta property=\"og:type\" content=\"article\" \/>\n<meta property=\"og:title\" content=\"Oefeningen met reflexieve voornaamwoorden voor de Slowaakse grammatica\" \/>\n<meta property=\"og:description\" content=\"In deze oefeningen leer je hoe je reflexieve voornaamwoorden correct gebruikt in het Slowaaks. Reflexieve voornaamwoorden verwijzen terug naar het\" \/>\n<meta property=\"og:url\" content=\"https:\/\/talkpal.ai\/nl\/grammar_exercises\/oefeningen-met-reflexieve-voornaamwoorden-voor-de-slowaakse-grammatica\/\" \/>\n<meta property=\"og:site_name\" content=\"Talkpal\" \/>\n<meta property=\"article:publisher\" content=\"https:\/\/www.facebook.com\/profile.php?id=100090733639311\" \/>\n<meta property=\"og:image\" content=\"https:\/\/talkpal.ai\/wp-content\/uploads\/2025\/02\/Progress-tab-16_9.png\" \/>\n\t<meta property=\"og:image:width\" content=\"2880\" \/>\n\t<meta property=\"og:image:height\" content=\"1620\" \/>\n\t<meta property=\"og:image:type\" content=\"image\/png\" \/>\n<meta name=\"twitter:card\" content=\"summary_large_image\" \/>\n<meta name=\"twitter:site\" content=\"@talkpalai\" \/>\n<meta name=\"twitter:label1\" content=\"Geschatte leestijd\" \/>\n\t<meta name=\"twitter:data1\" content=\"2 minuten\" \/>\n<script type=\"application\/ld+json\" class=\"yoast-schema-graph\">{\"@context\":\"https:\/\/schema.org\",\"@graph\":[{\"@type\":\"WebPage\",\"@id\":\"https:\/\/talkpal.ai\/nl\/grammar_exercises\/oefeningen-met-reflexieve-voornaamwoorden-voor-de-slowaakse-grammatica\/\",\"url\":\"https:\/\/talkpal.ai\/nl\/grammar_exercises\/oefeningen-met-reflexieve-voornaamwoorden-voor-de-slowaakse-grammatica\/\",\"name\":\"Oefeningen met reflexieve voornaamwoorden voor de Slowaakse grammatica - Talkpal\",\"isPartOf\":{\"@id\":\"https:\/\/talkpal.ai\/nl\/#website\"},\"primaryImageOfPage\":{\"@id\":\"https:\/\/talkpal.ai\/nl\/grammar_exercises\/oefeningen-met-reflexieve-voornaamwoorden-voor-de-slowaakse-grammatica\/#primaryimage\"},\"image\":{\"@id\":\"https:\/\/talkpal.ai\/nl\/grammar_exercises\/oefeningen-met-reflexieve-voornaamwoorden-voor-de-slowaakse-grammatica\/#primaryimage\"},\"thumbnailUrl\":\"https:\/\/talkpal.ai\/wp-content\/uploads\/2025\/12\/man-talks-while-learning-languages.webp\",\"datePublished\":\"2025-07-06T11:23:05+00:00\",\"description\":\"In deze oefeningen leer je hoe je reflexieve voornaamwoorden correct gebruikt in het Slowaaks. Reflexieve voornaamwoorden verwijzen terug naar het\",\"breadcrumb\":{\"@id\":\"https:\/\/talkpal.ai\/nl\/grammar_exercises\/oefeningen-met-reflexieve-voornaamwoorden-voor-de-slowaakse-grammatica\/#breadcrumb\"},\"inLanguage\":\"nl-NL\",\"potentialAction\":[{\"@type\":\"ReadAction\",\"target\":[\"https:\/\/talkpal.ai\/nl\/grammar_exercises\/oefeningen-met-reflexieve-voornaamwoorden-voor-de-slowaakse-grammatica\/\"]}]},{\"@type\":\"ImageObject\",\"inLanguage\":\"nl-NL\",\"@id\":\"https:\/\/talkpal.ai\/nl\/grammar_exercises\/oefeningen-met-reflexieve-voornaamwoorden-voor-de-slowaakse-grammatica\/#primaryimage\",\"url\":\"https:\/\/talkpal.ai\/wp-content\/uploads\/2025\/12\/man-talks-while-learning-languages.webp\",\"contentUrl\":\"https:\/\/talkpal.ai\/wp-content\/uploads\/2025\/12\/man-talks-while-learning-languages.webp\",\"width\":1200,\"height\":896,\"caption\":\"A man and woman sit at a caf\u00e9 table with books while learning languages and discussing their progress.\"},{\"@type\":\"BreadcrumbList\",\"@id\":\"https:\/\/talkpal.ai\/nl\/grammar_exercises\/oefeningen-met-reflexieve-voornaamwoorden-voor-de-slowaakse-grammatica\/#breadcrumb\",\"itemListElement\":[{\"@type\":\"ListItem\",\"position\":1,\"name\":\"Homepage\",\"item\":\"https:\/\/talkpal.ai\/nl\/\"},{\"@type\":\"ListItem\",\"position\":2,\"name\":\"Oefeningen met reflexieve voornaamwoorden voor de Slowaakse grammatica\"}]},{\"@type\":\"WebSite\",\"@id\":\"https:\/\/talkpal.ai\/nl\/#website\",\"url\":\"https:\/\/talkpal.ai\/nl\/\",\"name\":\"Talkpal\",\"description\":\"AI Language Learning\",\"publisher\":{\"@id\":\"https:\/\/talkpal.ai\/nl\/#organization\"},\"alternateName\":\"Talkpal AI\",\"potentialAction\":[{\"@type\":\"SearchAction\",\"target\":{\"@type\":\"EntryPoint\",\"urlTemplate\":\"https:\/\/talkpal.ai\/nl\/?s={search_term_string}\"},\"query-input\":{\"@type\":\"PropertyValueSpecification\",\"valueRequired\":true,\"valueName\":\"search_term_string\"}}],\"inLanguage\":\"nl-NL\"},{\"@type\":\"Organization\",\"@id\":\"https:\/\/talkpal.ai\/nl\/#organization\",\"name\":\"Talkpal, Inc.\",\"alternateName\":\"Talkpal AI\",\"url\":\"https:\/\/talkpal.ai\/nl\/\",\"logo\":{\"@type\":\"ImageObject\",\"inLanguage\":\"nl-NL\",\"@id\":\"https:\/\/talkpal.ai\/nl\/#\/schema\/logo\/image\/\",\"url\":\"https:\/\/talkpal.ai\/wp-content\/uploads\/2024\/03\/Talkpal-Logo-Icon.png\",\"contentUrl\":\"https:\/\/talkpal.ai\/wp-content\/uploads\/2024\/03\/Talkpal-Logo-Icon.png\",\"width\":2880,\"height\":2880,\"caption\":\"Talkpal, Inc.\"},\"image\":{\"@id\":\"https:\/\/talkpal.ai\/nl\/#\/schema\/logo\/image\/\"},\"sameAs\":[\"https:\/\/www.facebook.com\/profile.php?id=100090733639311\",\"https:\/\/x.com\/talkpalai\",\"https:\/\/www.linkedin.com\/company\/talkpal\/\",\"https:\/\/www.youtube.com\/@TalkPal\/\",\"https:\/\/www.tiktok.com\/@talkpal\",\"https:\/\/www.instagram.com\/talkpal_ai\/\",\"https:\/\/www.crunchbase.com\/organization\/talkpal-9cde\",\"https:\/\/www.g2.com\/products\/talkpal-for-business\/\",\"https:\/\/www.trustpilot.com\/review\/talkpal.ai\",\"https:\/\/www.capterra.com\/p\/10006800\/TalkPal\/\"],\"description\":\"Talkpal is a language learning web and mobile education app, powered by the latest AI technologies, that provides engaging experiences to its customers in many different languages to help them improve their language skills. Users can chat about unlimited amount of topics with the app and use other modes to practice their language learning.\",\"email\":\"support@talkpal.ai\",\"legalName\":\"Talkpal, Inc.\",\"foundingDate\":\"2023-04-03\",\"duns\":\"118989042\",\"numberOfEmployees\":{\"@type\":\"QuantitativeValue\",\"minValue\":\"11\",\"maxValue\":\"50\"},\"publishingPrinciples\":\"https:\/\/talkpal.ai\/publishing-principles\/\",\"actionableFeedbackPolicy\":\"https:\/\/talkpal.ai\/actionable-feedback-policy\/\",\"correctionsPolicy\":\"https:\/\/talkpal.ai\/corrections-policy\/\",\"ethicsPolicy\":\"https:\/\/talkpal.ai\/ethics-policy\/\",\"diversityPolicy\":\"https:\/\/talkpal.ai\/diversity-policy\/\",\"diversityStaffingReport\":\"https:\/\/talkpal.ai\/diversity-policy\/\"}]}<\/script>\n<!-- \/ Yoast SEO Premium plugin. -->","yoast_head_json":{"title":"Oefeningen met reflexieve voornaamwoorden voor de Slowaakse grammatica - Talkpal","description":"In deze oefeningen leer je hoe je reflexieve voornaamwoorden correct gebruikt in het Slowaaks. Reflexieve voornaamwoorden verwijzen terug naar het","robots":{"index":"index","follow":"follow","max-snippet":"max-snippet:-1","max-image-preview":"max-image-preview:large","max-video-preview":"max-video-preview:-1"},"canonical":"https:\/\/talkpal.ai\/nl\/grammar_exercises\/oefeningen-met-reflexieve-voornaamwoorden-voor-de-slowaakse-grammatica\/","og_locale":"nl_NL","og_type":"article","og_title":"Oefeningen met reflexieve voornaamwoorden voor de Slowaakse grammatica","og_description":"In deze oefeningen leer je hoe je reflexieve voornaamwoorden correct gebruikt in het Slowaaks. Reflexieve voornaamwoorden verwijzen terug naar het","og_url":"https:\/\/talkpal.ai\/nl\/grammar_exercises\/oefeningen-met-reflexieve-voornaamwoorden-voor-de-slowaakse-grammatica\/","og_site_name":"Talkpal","article_publisher":"https:\/\/www.facebook.com\/profile.php?id=100090733639311","og_image":[{"width":2880,"height":1620,"url":"https:\/\/talkpal.ai\/wp-content\/uploads\/2025\/02\/Progress-tab-16_9.png","type":"image\/png"}],"twitter_card":"summary_large_image","twitter_site":"@talkpalai","twitter_misc":{"Geschatte leestijd":"2 minuten"},"schema":{"@context":"https:\/\/schema.org","@graph":[{"@type":"WebPage","@id":"https:\/\/talkpal.ai\/nl\/grammar_exercises\/oefeningen-met-reflexieve-voornaamwoorden-voor-de-slowaakse-grammatica\/","url":"https:\/\/talkpal.ai\/nl\/grammar_exercises\/oefeningen-met-reflexieve-voornaamwoorden-voor-de-slowaakse-grammatica\/","name":"Oefeningen met reflexieve voornaamwoorden voor de Slowaakse grammatica - Talkpal","isPartOf":{"@id":"https:\/\/talkpal.ai\/nl\/#website"},"primaryImageOfPage":{"@id":"https:\/\/talkpal.ai\/nl\/grammar_exercises\/oefeningen-met-reflexieve-voornaamwoorden-voor-de-slowaakse-grammatica\/#primaryimage"},"image":{"@id":"https:\/\/talkpal.ai\/nl\/grammar_exercises\/oefeningen-met-reflexieve-voornaamwoorden-voor-de-slowaakse-grammatica\/#primaryimage"},"thumbnailUrl":"https:\/\/talkpal.ai\/wp-content\/uploads\/2025\/12\/man-talks-while-learning-languages.webp","datePublished":"2025-07-06T11:23:05+00:00","description":"In deze oefeningen leer je hoe je reflexieve voornaamwoorden correct gebruikt in het Slowaaks. Reflexieve voornaamwoorden verwijzen terug naar het","breadcrumb":{"@id":"https:\/\/talkpal.ai\/nl\/grammar_exercises\/oefeningen-met-reflexieve-voornaamwoorden-voor-de-slowaakse-grammatica\/#breadcrumb"},"inLanguage":"nl-NL","potentialAction":[{"@type":"ReadAction","target":["https:\/\/talkpal.ai\/nl\/grammar_exercises\/oefeningen-met-reflexieve-voornaamwoorden-voor-de-slowaakse-grammatica\/"]}]},{"@type":"ImageObject","inLanguage":"nl-NL","@id":"https:\/\/talkpal.ai\/nl\/grammar_exercises\/oefeningen-met-reflexieve-voornaamwoorden-voor-de-slowaakse-grammatica\/#primaryimage","url":"https:\/\/talkpal.ai\/wp-content\/uploads\/2025\/12\/man-talks-while-learning-languages.webp","contentUrl":"https:\/\/talkpal.ai\/wp-content\/uploads\/2025\/12\/man-talks-while-learning-languages.webp","width":1200,"height":896,"caption":"A man and woman sit at a caf\u00e9 table with books while learning languages and discussing their progress."},{"@type":"BreadcrumbList","@id":"https:\/\/talkpal.ai\/nl\/grammar_exercises\/oefeningen-met-reflexieve-voornaamwoorden-voor-de-slowaakse-grammatica\/#breadcrumb","itemListElement":[{"@type":"ListItem","position":1,"name":"Homepage","item":"https:\/\/talkpal.ai\/nl\/"},{"@type":"ListItem","position":2,"name":"Oefeningen met reflexieve voornaamwoorden voor de Slowaakse grammatica"}]},{"@type":"WebSite","@id":"https:\/\/talkpal.ai\/nl\/#website","url":"https:\/\/talkpal.ai\/nl\/","name":"Talkpal","description":"AI Language Learning","publisher":{"@id":"https:\/\/talkpal.ai\/nl\/#organization"},"alternateName":"Talkpal AI","potentialAction":[{"@type":"SearchAction","target":{"@type":"EntryPoint","urlTemplate":"https:\/\/talkpal.ai\/nl\/?s={search_term_string}"},"query-input":{"@type":"PropertyValueSpecification","valueRequired":true,"valueName":"search_term_string"}}],"inLanguage":"nl-NL"},{"@type":"Organization","@id":"https:\/\/talkpal.ai\/nl\/#organization","name":"Talkpal, Inc.","alternateName":"Talkpal AI","url":"https:\/\/talkpal.ai\/nl\/","logo":{"@type":"ImageObject","inLanguage":"nl-NL","@id":"https:\/\/talkpal.ai\/nl\/#\/schema\/logo\/image\/","url":"https:\/\/talkpal.ai\/wp-content\/uploads\/2024\/03\/Talkpal-Logo-Icon.png","contentUrl":"https:\/\/talkpal.ai\/wp-content\/uploads\/2024\/03\/Talkpal-Logo-Icon.png","width":2880,"height":2880,"caption":"Talkpal, Inc."},"image":{"@id":"https:\/\/talkpal.ai\/nl\/#\/schema\/logo\/image\/"},"sameAs":["https:\/\/www.facebook.com\/profile.php?id=100090733639311","https:\/\/x.com\/talkpalai","https:\/\/www.linkedin.com\/company\/talkpal\/","https:\/\/www.youtube.com\/@TalkPal\/","https:\/\/www.tiktok.com\/@talkpal","https:\/\/www.instagram.com\/talkpal_ai\/","https:\/\/www.crunchbase.com\/organization\/talkpal-9cde","https:\/\/www.g2.com\/products\/talkpal-for-business\/","https:\/\/www.trustpilot.com\/review\/talkpal.ai","https:\/\/www.capterra.com\/p\/10006800\/TalkPal\/"],"description":"Talkpal is a language learning web and mobile education app, powered by the latest AI technologies, that provides engaging experiences to its customers in many different languages to help them improve their language skills. Users can chat about unlimited amount of topics with the app and use other modes to practice their language learning.","email":"support@talkpal.ai","legalName":"Talkpal, Inc.","foundingDate":"2023-04-03","duns":"118989042","numberOfEmployees":{"@type":"QuantitativeValue","minValue":"11","maxValue":"50"},"publishingPrinciples":"https:\/\/talkpal.ai\/publishing-principles\/","actionableFeedbackPolicy":"https:\/\/talkpal.ai\/actionable-feedback-policy\/","correctionsPolicy":"https:\/\/talkpal.ai\/corrections-policy\/","ethicsPolicy":"https:\/\/talkpal.ai\/ethics-policy\/","diversityPolicy":"https:\/\/talkpal.ai\/diversity-policy\/","diversityStaffingReport":"https:\/\/talkpal.ai\/diversity-policy\/"}]}},"_links":{"self":[{"href":"https:\/\/talkpal.ai\/nl\/wp-json\/wp\/v2\/grammar_exercises\/1147021","targetHints":{"allow":["GET"]}}],"collection":[{"href":"https:\/\/talkpal.ai\/nl\/wp-json\/wp\/v2\/grammar_exercises"}],"about":[{"href":"https:\/\/talkpal.ai\/nl\/wp-json\/wp\/v2\/types\/grammar_exercises"}],"wp:featuredmedia":[{"embeddable":true,"href":"https:\/\/talkpal.ai\/nl\/wp-json\/wp\/v2\/media\/1527788"}],"wp:attachment":[{"href":"https:\/\/talkpal.ai\/nl\/wp-json\/wp\/v2\/media?parent=1147021"}],"wp:term":[{"taxonomy":"exercise_language","embeddable":true,"href":"https:\/\/talkpal.ai\/nl\/wp-json\/wp\/v2\/exercise_language?post=1147021"}],"curies":[{"name":"wp","href":"https:\/\/api.w.org\/{rel}","templated":true}]}}