{"id":1144202,"date":"2025-07-06T10:36:02","date_gmt":"2025-07-06T10:36:02","guid":{"rendered":"https:\/\/talkpal.ai\/grammar_exercises\/verbos-reflexivos-oefeningen-voor-de-portugese-grammatica\/"},"modified":"2025-07-06T10:36:02","modified_gmt":"2025-07-06T10:36:02","slug":"verbos-reflexivos-oefeningen-voor-de-portugese-grammatica","status":"publish","type":"grammar_exercises","link":"https:\/\/talkpal.ai\/nl\/grammar_exercises\/verbos-reflexivos-oefeningen-voor-de-portugese-grammatica\/","title":{"rendered":"Verbos Reflexivos-oefeningen voor de Portugese grammatica"},"content":{"rendered":"<p>In deze oefeningen oefen je met Portugese werkwoorden die zich reflexief gedragen, dat wil zeggen dat de handeling op het onderwerp zelf wordt uitgevoerd. <a href=\"https:\/\/talkpal.ai\/fr\/grammar\/verbes-reflechis-en-grammaire-neerlandaise\/\">Reflexieve werkwoorden<\/a> worden vaak gebruikt met een wederkerend voornaamwoord (me, te, se, nos, vos) en zijn belangrijk om goed te begrijpen voor correcte zinnen in het <a href=\"https:\/\/talkpal.ai\/learn-portuguese\/\">Portugees<\/a>.<\/p>\n<h3>Verbos Reflexivos-oefening 1: Basisvormen en dagelijkse handelingen<\/h3>\n<div class=\"input_sentences\">\n1. Eu *me levanto* cedo todos os dias. (Gebruik de juiste reflexieve vorm <a href=\"https:\/\/talkpal.ai\/locations\/language-courses-in-van\/\">van<\/a> &#8216;levantar&#8217; voor &#8216;eu&#8217;)<br \/>\n2. Tu *te vestes* rapidamente para a escola. (Gebruik de juiste reflexieve vorm van &#8216;vestir&#8217; voor &#8217;tu&#8217;)<br \/>\n3. Ela *se penteia* antes de sair. (Gebruik de juiste reflexieve vorm van &#8216;pentear&#8217; voor &#8216;ela&#8217;)<br \/>\n4. N\u00f3s *nos lavamos* as m\u00e3os antes do jantar. (Gebruik de juiste reflexieve vorm van &#8216;lavar&#8217; voor &#8216;n\u00f3s&#8217;)<br \/>\n5. Voc\u00eas *se deitam* tarde durante a semana. (Gebruik de juiste reflexieve vorm van &#8216;deitar&#8217; voor &#8216;voc\u00eas&#8217;)<br \/>\n6. Ele *se barbeia* todas as manh\u00e3s. (Gebruik de juiste reflexieve vorm van &#8216;barbear&#8217; voor &#8216;ele&#8217;)<br \/>\n7. Eu *me sinto* feliz hoje. (Gebruik de juiste reflexieve vorm van &#8216;sentir&#8217; voor &#8216;eu&#8217; in de betekenis &#8216;voelen&#8217;)<br \/>\n8. Tu *te preocupas* muito com os estudos. (Gebruik de juiste reflexieve vorm van &#8216;preocupar&#8217; voor &#8217;tu&#8217;)<br \/>\n9. Ela *se maquilha* antes da festa. (Gebruik de juiste reflexieve vorm van &#8216;maquilhar&#8217; voor &#8216;ela&#8217;)<br \/>\n10. N\u00f3s *nos encontramos* no parque \u00e0 tarde. (Gebruik de juiste reflexieve vorm van &#8216;encontrar&#8217; voor &#8216;n\u00f3s&#8217;)\n<\/div>\n<div class=\"exercise\"><\/div>\n<h3>Verbos Reflexivos-oefening 2: Reflexieve werkwoorden in verleden tijd<\/h3>\n<div class=\"input_sentences\">\n1. Eu *me levantei* atrasado ontem. (Gebruik de verleden tijd van &#8216;levantar&#8217; reflexief bij &#8216;eu&#8217;)<br \/>\n2. Tu *te vestiste* para a festa na semana passada. (Gebruik de verleden tijd van &#8216;vestir&#8217; reflexief bij &#8217;tu&#8217;)<br \/>\n3. Ela *se penteou* antes do trabalho ontem. (Gebruik de verleden tijd van &#8216;pentear&#8217; reflexief bij &#8216;ela&#8217;)<br \/>\n4. N\u00f3s *nos lavamos* depois do treino ontem. (Gebruik de verleden tijd van &#8216;lavar&#8217; reflexief bij &#8216;n\u00f3s&#8217;)<br \/>\n5. Voc\u00eas *se deitaram* cedo no fim de semana passado. (Gebruik de verleden tijd van &#8216;deitar&#8217; reflexief bij &#8216;voc\u00eas&#8217;)<br \/>\n6. Ele *se barbeou* antes da reuni\u00e3o ontem. (Gebruik de verleden tijd van &#8216;barbear&#8217; reflexief bij &#8216;ele&#8217;)<br \/>\n7. Eu *me senti* cansado depois da caminhada. (Gebruik de verleden tijd van &#8216;sentir&#8217; reflexief bij &#8216;eu&#8217;)<br \/>\n8. Tu *te preocupaste* com o exame ontem? (Gebruik de verleden tijd van &#8216;preocupar&#8217; reflexief bij &#8217;tu&#8217;)<br \/>\n9. Ela *se maquiou* para a apresenta\u00e7\u00e3o. (Gebruik de verleden tijd van &#8216;maquilhar&#8217; reflexief bij &#8216;ela&#8217;)<br \/>\n10. N\u00f3s *nos encontramos* na esta\u00e7\u00e3o ontem \u00e0 tarde. (Gebruik de verleden tijd van &#8216;encontrar&#8217; reflexief bij &#8216;n\u00f3s&#8217;)\n<\/div>\n<div class=\"exercise\"><\/div>\n","protected":false},"featured_media":1527957,"parent":0,"menu_order":0,"template":"","exercise_language":[16905,16917],"class_list":["post-1144202","grammar_exercises","type-grammar_exercises","status-publish","has-post-thumbnail","hentry","exercise_language-portugees-oefeningen","exercise_language-werkwoorden-portugese-grammatica"],"acf":[],"yoast_head":"<!-- This site is optimized with the Yoast SEO Premium plugin v27.2 (Yoast SEO v27.2) - https:\/\/yoast.com\/product\/yoast-seo-premium-wordpress\/ -->\n<title>Verbos Reflexivos-oefeningen voor de Portugese grammatica - Talkpal<\/title>\n<meta name=\"description\" content=\"In deze oefeningen oefen je met Portugese werkwoorden die zich reflexief gedragen, dat wil zeggen dat de handeling op het onderwerp zelf wordt uitgevoerd.\" \/>\n<meta name=\"robots\" content=\"index, follow, max-snippet:-1, max-image-preview:large, max-video-preview:-1\" \/>\n<link rel=\"canonical\" href=\"https:\/\/talkpal.ai\/nl\/grammar_exercises\/verbos-reflexivos-oefeningen-voor-de-portugese-grammatica\/\" \/>\n<meta property=\"og:locale\" content=\"nl_NL\" \/>\n<meta property=\"og:type\" content=\"article\" \/>\n<meta property=\"og:title\" content=\"Verbos Reflexivos-oefeningen voor de Portugese grammatica\" \/>\n<meta property=\"og:description\" content=\"In deze oefeningen oefen je met Portugese werkwoorden die zich reflexief gedragen, dat wil zeggen dat de handeling op het onderwerp zelf wordt uitgevoerd.\" \/>\n<meta property=\"og:url\" content=\"https:\/\/talkpal.ai\/nl\/grammar_exercises\/verbos-reflexivos-oefeningen-voor-de-portugese-grammatica\/\" \/>\n<meta property=\"og:site_name\" content=\"Talkpal\" \/>\n<meta property=\"article:publisher\" content=\"https:\/\/www.facebook.com\/profile.php?id=100090733639311\" \/>\n<meta property=\"og:image\" content=\"https:\/\/talkpal.ai\/wp-content\/uploads\/2025\/02\/Progress-tab-16_9.png\" \/>\n\t<meta property=\"og:image:width\" content=\"2880\" \/>\n\t<meta property=\"og:image:height\" content=\"1620\" \/>\n\t<meta property=\"og:image:type\" content=\"image\/png\" \/>\n<meta name=\"twitter:card\" content=\"summary_large_image\" \/>\n<meta name=\"twitter:site\" content=\"@talkpalai\" \/>\n<meta name=\"twitter:label1\" content=\"Geschatte leestijd\" \/>\n\t<meta name=\"twitter:data1\" content=\"2 minuten\" \/>\n<script type=\"application\/ld+json\" class=\"yoast-schema-graph\">{\"@context\":\"https:\/\/schema.org\",\"@graph\":[{\"@type\":\"WebPage\",\"@id\":\"https:\/\/talkpal.ai\/nl\/grammar_exercises\/verbos-reflexivos-oefeningen-voor-de-portugese-grammatica\/\",\"url\":\"https:\/\/talkpal.ai\/nl\/grammar_exercises\/verbos-reflexivos-oefeningen-voor-de-portugese-grammatica\/\",\"name\":\"Verbos Reflexivos-oefeningen voor de Portugese grammatica - Talkpal\",\"isPartOf\":{\"@id\":\"https:\/\/talkpal.ai\/nl\/#website\"},\"primaryImageOfPage\":{\"@id\":\"https:\/\/talkpal.ai\/nl\/grammar_exercises\/verbos-reflexivos-oefeningen-voor-de-portugese-grammatica\/#primaryimage\"},\"image\":{\"@id\":\"https:\/\/talkpal.ai\/nl\/grammar_exercises\/verbos-reflexivos-oefeningen-voor-de-portugese-grammatica\/#primaryimage\"},\"thumbnailUrl\":\"https:\/\/talkpal.ai\/wp-content\/uploads\/2025\/12\/students-reading-textbooks-to-learn-languages.webp\",\"datePublished\":\"2025-07-06T10:36:02+00:00\",\"description\":\"In deze oefeningen oefen je met Portugese werkwoorden die zich reflexief gedragen, dat wil zeggen dat de handeling op het onderwerp zelf wordt uitgevoerd.\",\"breadcrumb\":{\"@id\":\"https:\/\/talkpal.ai\/nl\/grammar_exercises\/verbos-reflexivos-oefeningen-voor-de-portugese-grammatica\/#breadcrumb\"},\"inLanguage\":\"nl-NL\",\"potentialAction\":[{\"@type\":\"ReadAction\",\"target\":[\"https:\/\/talkpal.ai\/nl\/grammar_exercises\/verbos-reflexivos-oefeningen-voor-de-portugese-grammatica\/\"]}]},{\"@type\":\"ImageObject\",\"inLanguage\":\"nl-NL\",\"@id\":\"https:\/\/talkpal.ai\/nl\/grammar_exercises\/verbos-reflexivos-oefeningen-voor-de-portugese-grammatica\/#primaryimage\",\"url\":\"https:\/\/talkpal.ai\/wp-content\/uploads\/2025\/12\/students-reading-textbooks-to-learn-languages.webp\",\"contentUrl\":\"https:\/\/talkpal.ai\/wp-content\/uploads\/2025\/12\/students-reading-textbooks-to-learn-languages.webp\",\"width\":1200,\"height\":896,\"caption\":\"Two students read textbooks at a picnic table near a university while learning languages.\"},{\"@type\":\"BreadcrumbList\",\"@id\":\"https:\/\/talkpal.ai\/nl\/grammar_exercises\/verbos-reflexivos-oefeningen-voor-de-portugese-grammatica\/#breadcrumb\",\"itemListElement\":[{\"@type\":\"ListItem\",\"position\":1,\"name\":\"Homepage\",\"item\":\"https:\/\/talkpal.ai\/nl\/\"},{\"@type\":\"ListItem\",\"position\":2,\"name\":\"Verbos Reflexivos-oefeningen voor de Portugese grammatica\"}]},{\"@type\":\"WebSite\",\"@id\":\"https:\/\/talkpal.ai\/nl\/#website\",\"url\":\"https:\/\/talkpal.ai\/nl\/\",\"name\":\"Talkpal\",\"description\":\"AI Language Learning\",\"publisher\":{\"@id\":\"https:\/\/talkpal.ai\/nl\/#organization\"},\"alternateName\":\"Talkpal AI\",\"potentialAction\":[{\"@type\":\"SearchAction\",\"target\":{\"@type\":\"EntryPoint\",\"urlTemplate\":\"https:\/\/talkpal.ai\/nl\/?s={search_term_string}\"},\"query-input\":{\"@type\":\"PropertyValueSpecification\",\"valueRequired\":true,\"valueName\":\"search_term_string\"}}],\"inLanguage\":\"nl-NL\"},{\"@type\":\"Organization\",\"@id\":\"https:\/\/talkpal.ai\/nl\/#organization\",\"name\":\"Talkpal, Inc.\",\"alternateName\":\"Talkpal AI\",\"url\":\"https:\/\/talkpal.ai\/nl\/\",\"logo\":{\"@type\":\"ImageObject\",\"inLanguage\":\"nl-NL\",\"@id\":\"https:\/\/talkpal.ai\/nl\/#\/schema\/logo\/image\/\",\"url\":\"https:\/\/talkpal.ai\/wp-content\/uploads\/2024\/03\/Talkpal-Logo-Icon.png\",\"contentUrl\":\"https:\/\/talkpal.ai\/wp-content\/uploads\/2024\/03\/Talkpal-Logo-Icon.png\",\"width\":2880,\"height\":2880,\"caption\":\"Talkpal, Inc.\"},\"image\":{\"@id\":\"https:\/\/talkpal.ai\/nl\/#\/schema\/logo\/image\/\"},\"sameAs\":[\"https:\/\/www.facebook.com\/profile.php?id=100090733639311\",\"https:\/\/x.com\/talkpalai\",\"https:\/\/www.linkedin.com\/company\/talkpal\/\",\"https:\/\/www.youtube.com\/@TalkPal\/\",\"https:\/\/www.tiktok.com\/@talkpal\",\"https:\/\/www.instagram.com\/talkpal_ai\/\",\"https:\/\/www.crunchbase.com\/organization\/talkpal-9cde\",\"https:\/\/www.g2.com\/products\/talkpal-for-business\/\",\"https:\/\/www.trustpilot.com\/review\/talkpal.ai\",\"https:\/\/www.capterra.com\/p\/10006800\/TalkPal\/\"],\"description\":\"Talkpal is a language learning web and mobile education app, powered by the latest AI technologies, that provides engaging experiences to its customers in many different languages to help them improve their language skills. Users can chat about unlimited amount of topics with the app and use other modes to practice their language learning.\",\"email\":\"support@talkpal.ai\",\"legalName\":\"Talkpal, Inc.\",\"foundingDate\":\"2023-04-03\",\"duns\":\"118989042\",\"numberOfEmployees\":{\"@type\":\"QuantitativeValue\",\"minValue\":\"11\",\"maxValue\":\"50\"},\"publishingPrinciples\":\"https:\/\/talkpal.ai\/publishing-principles\/\",\"actionableFeedbackPolicy\":\"https:\/\/talkpal.ai\/actionable-feedback-policy\/\",\"correctionsPolicy\":\"https:\/\/talkpal.ai\/corrections-policy\/\",\"ethicsPolicy\":\"https:\/\/talkpal.ai\/ethics-policy\/\",\"diversityPolicy\":\"https:\/\/talkpal.ai\/diversity-policy\/\",\"diversityStaffingReport\":\"https:\/\/talkpal.ai\/diversity-policy\/\"}]}<\/script>\n<!-- \/ Yoast SEO Premium plugin. -->","yoast_head_json":{"title":"Verbos Reflexivos-oefeningen voor de Portugese grammatica - Talkpal","description":"In deze oefeningen oefen je met Portugese werkwoorden die zich reflexief gedragen, dat wil zeggen dat de handeling op het onderwerp zelf wordt uitgevoerd.","robots":{"index":"index","follow":"follow","max-snippet":"max-snippet:-1","max-image-preview":"max-image-preview:large","max-video-preview":"max-video-preview:-1"},"canonical":"https:\/\/talkpal.ai\/nl\/grammar_exercises\/verbos-reflexivos-oefeningen-voor-de-portugese-grammatica\/","og_locale":"nl_NL","og_type":"article","og_title":"Verbos Reflexivos-oefeningen voor de Portugese grammatica","og_description":"In deze oefeningen oefen je met Portugese werkwoorden die zich reflexief gedragen, dat wil zeggen dat de handeling op het onderwerp zelf wordt uitgevoerd.","og_url":"https:\/\/talkpal.ai\/nl\/grammar_exercises\/verbos-reflexivos-oefeningen-voor-de-portugese-grammatica\/","og_site_name":"Talkpal","article_publisher":"https:\/\/www.facebook.com\/profile.php?id=100090733639311","og_image":[{"width":2880,"height":1620,"url":"https:\/\/talkpal.ai\/wp-content\/uploads\/2025\/02\/Progress-tab-16_9.png","type":"image\/png"}],"twitter_card":"summary_large_image","twitter_site":"@talkpalai","twitter_misc":{"Geschatte leestijd":"2 minuten"},"schema":{"@context":"https:\/\/schema.org","@graph":[{"@type":"WebPage","@id":"https:\/\/talkpal.ai\/nl\/grammar_exercises\/verbos-reflexivos-oefeningen-voor-de-portugese-grammatica\/","url":"https:\/\/talkpal.ai\/nl\/grammar_exercises\/verbos-reflexivos-oefeningen-voor-de-portugese-grammatica\/","name":"Verbos Reflexivos-oefeningen voor de Portugese grammatica - Talkpal","isPartOf":{"@id":"https:\/\/talkpal.ai\/nl\/#website"},"primaryImageOfPage":{"@id":"https:\/\/talkpal.ai\/nl\/grammar_exercises\/verbos-reflexivos-oefeningen-voor-de-portugese-grammatica\/#primaryimage"},"image":{"@id":"https:\/\/talkpal.ai\/nl\/grammar_exercises\/verbos-reflexivos-oefeningen-voor-de-portugese-grammatica\/#primaryimage"},"thumbnailUrl":"https:\/\/talkpal.ai\/wp-content\/uploads\/2025\/12\/students-reading-textbooks-to-learn-languages.webp","datePublished":"2025-07-06T10:36:02+00:00","description":"In deze oefeningen oefen je met Portugese werkwoorden die zich reflexief gedragen, dat wil zeggen dat de handeling op het onderwerp zelf wordt uitgevoerd.","breadcrumb":{"@id":"https:\/\/talkpal.ai\/nl\/grammar_exercises\/verbos-reflexivos-oefeningen-voor-de-portugese-grammatica\/#breadcrumb"},"inLanguage":"nl-NL","potentialAction":[{"@type":"ReadAction","target":["https:\/\/talkpal.ai\/nl\/grammar_exercises\/verbos-reflexivos-oefeningen-voor-de-portugese-grammatica\/"]}]},{"@type":"ImageObject","inLanguage":"nl-NL","@id":"https:\/\/talkpal.ai\/nl\/grammar_exercises\/verbos-reflexivos-oefeningen-voor-de-portugese-grammatica\/#primaryimage","url":"https:\/\/talkpal.ai\/wp-content\/uploads\/2025\/12\/students-reading-textbooks-to-learn-languages.webp","contentUrl":"https:\/\/talkpal.ai\/wp-content\/uploads\/2025\/12\/students-reading-textbooks-to-learn-languages.webp","width":1200,"height":896,"caption":"Two students read textbooks at a picnic table near a university while learning languages."},{"@type":"BreadcrumbList","@id":"https:\/\/talkpal.ai\/nl\/grammar_exercises\/verbos-reflexivos-oefeningen-voor-de-portugese-grammatica\/#breadcrumb","itemListElement":[{"@type":"ListItem","position":1,"name":"Homepage","item":"https:\/\/talkpal.ai\/nl\/"},{"@type":"ListItem","position":2,"name":"Verbos Reflexivos-oefeningen voor de Portugese grammatica"}]},{"@type":"WebSite","@id":"https:\/\/talkpal.ai\/nl\/#website","url":"https:\/\/talkpal.ai\/nl\/","name":"Talkpal","description":"AI Language Learning","publisher":{"@id":"https:\/\/talkpal.ai\/nl\/#organization"},"alternateName":"Talkpal AI","potentialAction":[{"@type":"SearchAction","target":{"@type":"EntryPoint","urlTemplate":"https:\/\/talkpal.ai\/nl\/?s={search_term_string}"},"query-input":{"@type":"PropertyValueSpecification","valueRequired":true,"valueName":"search_term_string"}}],"inLanguage":"nl-NL"},{"@type":"Organization","@id":"https:\/\/talkpal.ai\/nl\/#organization","name":"Talkpal, Inc.","alternateName":"Talkpal AI","url":"https:\/\/talkpal.ai\/nl\/","logo":{"@type":"ImageObject","inLanguage":"nl-NL","@id":"https:\/\/talkpal.ai\/nl\/#\/schema\/logo\/image\/","url":"https:\/\/talkpal.ai\/wp-content\/uploads\/2024\/03\/Talkpal-Logo-Icon.png","contentUrl":"https:\/\/talkpal.ai\/wp-content\/uploads\/2024\/03\/Talkpal-Logo-Icon.png","width":2880,"height":2880,"caption":"Talkpal, Inc."},"image":{"@id":"https:\/\/talkpal.ai\/nl\/#\/schema\/logo\/image\/"},"sameAs":["https:\/\/www.facebook.com\/profile.php?id=100090733639311","https:\/\/x.com\/talkpalai","https:\/\/www.linkedin.com\/company\/talkpal\/","https:\/\/www.youtube.com\/@TalkPal\/","https:\/\/www.tiktok.com\/@talkpal","https:\/\/www.instagram.com\/talkpal_ai\/","https:\/\/www.crunchbase.com\/organization\/talkpal-9cde","https:\/\/www.g2.com\/products\/talkpal-for-business\/","https:\/\/www.trustpilot.com\/review\/talkpal.ai","https:\/\/www.capterra.com\/p\/10006800\/TalkPal\/"],"description":"Talkpal is a language learning web and mobile education app, powered by the latest AI technologies, that provides engaging experiences to its customers in many different languages to help them improve their language skills. Users can chat about unlimited amount of topics with the app and use other modes to practice their language learning.","email":"support@talkpal.ai","legalName":"Talkpal, Inc.","foundingDate":"2023-04-03","duns":"118989042","numberOfEmployees":{"@type":"QuantitativeValue","minValue":"11","maxValue":"50"},"publishingPrinciples":"https:\/\/talkpal.ai\/publishing-principles\/","actionableFeedbackPolicy":"https:\/\/talkpal.ai\/actionable-feedback-policy\/","correctionsPolicy":"https:\/\/talkpal.ai\/corrections-policy\/","ethicsPolicy":"https:\/\/talkpal.ai\/ethics-policy\/","diversityPolicy":"https:\/\/talkpal.ai\/diversity-policy\/","diversityStaffingReport":"https:\/\/talkpal.ai\/diversity-policy\/"}]}},"_links":{"self":[{"href":"https:\/\/talkpal.ai\/nl\/wp-json\/wp\/v2\/grammar_exercises\/1144202","targetHints":{"allow":["GET"]}}],"collection":[{"href":"https:\/\/talkpal.ai\/nl\/wp-json\/wp\/v2\/grammar_exercises"}],"about":[{"href":"https:\/\/talkpal.ai\/nl\/wp-json\/wp\/v2\/types\/grammar_exercises"}],"wp:featuredmedia":[{"embeddable":true,"href":"https:\/\/talkpal.ai\/nl\/wp-json\/wp\/v2\/media\/1527957"}],"wp:attachment":[{"href":"https:\/\/talkpal.ai\/nl\/wp-json\/wp\/v2\/media?parent=1144202"}],"wp:term":[{"taxonomy":"exercise_language","embeddable":true,"href":"https:\/\/talkpal.ai\/nl\/wp-json\/wp\/v2\/exercise_language?post=1144202"}],"curies":[{"name":"wp","href":"https:\/\/api.w.org\/{rel}","templated":true}]}}