{"id":1447939,"date":"2023-06-21T14:29:48","date_gmt":"2023-06-21T14:29:48","guid":{"rendered":"https:\/\/talkpal.ai\/ezercizzji-tal-grammatika-ungeriza\/"},"modified":"2025-12-17T15:49:46","modified_gmt":"2025-12-17T15:49:46","slug":"ezercizzji-tal-grammatika-ungeriza","status":"publish","type":"page","link":"https:\/\/talkpal.ai\/mt\/ezercizzji-tal-grammatika-ungeriza\/","title":{"rendered":"E\u017cer\u010bizzji tal-Grammatika Ungeri\u017ca"},"content":{"rendered":"\r\n\r\n\r\n<section class=\"languageChallengeSection\">\r\n    <div class=\"languageInfoWrapper\">\r\n        \r\n        <h1>E\u017cer\u010bizzji tal-Grammatika Ungeri\u017ca<\/h1>\r\n        <p>Lest biex issa\u0127\u0127a\u0127 il-\u0127iliet Ungeri\u017ci tieg\u0127ek? Il-prattika tal-e\u017cer\u010bizzji tal-grammatika hija mod meravilju\u017c biex tikkontrolla l-ordni tal-kliem, it-truf tal-verb, u l-istruttura unika tal-Ungeri\u017c. G\u0127addas fil-<a href=\"https:\/\/talkpal.ai\/hungarian-grammar\/\">grammatika Ungeri\u017ca<\/a> llum u ara l-kunfidenza u l-\u0127effa tieg\u0127ek jikbru ma &#039;kull e\u017cer\u010bizzju!<\/p>\r\n\r\n                            <a class=\"getStartedHidden\" href=\"https:\/\/app.talkpal.ai\/signup?lng=\">Ibda<\/a>\r\n        \r\n    <\/div>\r\n\r\n    <figure>\r\n    <img decoding=\"async\" width=\"768\" height=\"768\" src=\"https:\/\/talkpal.ai\/wp-content\/uploads\/2023\/06\/hungarian-768x768.png\" class=\"languageImage no-lazy\" alt=\"Language learning strategies for advanced learners\" fetchpriority=\"high\" sizes=\"(max-width: 768px) 150px, 768px\" srcset=\"https:\/\/talkpal.ai\/wp-content\/uploads\/2023\/06\/hungarian-768x768.png 768w, https:\/\/talkpal.ai\/wp-content\/uploads\/2023\/06\/hungarian-300x300.png 300w\" \/>\r\n    \r\n\r\n    <\/figure>\r\n\r\n            <a class=\"getStartedVisible\" href=\"https:\/\/app.talkpal.ai\/signup?lng=\">Ibda<\/a>\r\n    \r\n<\/section>\r\n\r\n\r\n<!-- <section class=\"grammarSection\">\r\n    <div class=\"grammarLinks\">\r\n            <\/div>\r\n<\/section> -->\r\n\r\n\r\n\r\n\r\n<section class=\"promotionalBanner\">\r\n    <p class=\"promotionalText\">L-aktar mod effi\u010bjenti biex titg\u0127allem lingwa<\/p>\r\n    <a class=\"promotionalLink\" href=\"https:\/\/app.talkpal.ai\/signup?lng=\">Ipprova Talkpal b&#8217;xejn<\/a>\r\n<\/section>\n<div class=\"wp-block-group pageContainerStyle\"><div class=\"wp-block-group__inner-container is-layout-constrained wp-block-group-is-layout-constrained\">\n<h2 class=\"wp-block-heading\" id=\"h-hungarian-grammar-topics\">Su\u0121\u0121etti tal-Grammatika Ungeri\u017ca<\/h2>\n\n\n\n<p>It-tag\u0127lim ta &#8216;lingwa \u0121dida jista&#8217; jkun esperjenza e\u010b\u010bitanti u ta &#8216;sodisfazzjon. Madankollu, jista &#8216;jkun ukoll pjuttost kbir \u0127afna, spe\u010bjalment meta ni\u0121u g\u0127all-fehim u l-\u0127akma ta&#8217; su\u0121\u0121etti tal-grammatika. Appro\u010b\u010b strutturat tajjeb g\u0127at-tag\u0127lim tal-grammatika huwa kru\u010bjali g\u0127as-su\u010b\u010bess fl-akkwist ta&#8217; lingwa \u0121dida. F&#8217;din il-gwida, g\u0127andna su\u0121\u0121etti tal-grammatika raggruppati f&#8217;sekwenza li tg\u0127inek titg\u0127allem il-lingwa b&#8217;mod aktar effettiv. Billi tifhem u tikkontrolla dawn is-su\u0121\u0121etti, tkun fi triqtek sew biex issir profi\u010bjenti fil-lingwa fil-mira tieg\u0127ek.<\/p>\n\n\n\n<h3 class=\"wp-block-heading\" id=\"h-1-nouns-and-articles\">1. Nomi u Artikoli<\/h3>\n\n\n\n<p>Ibda l-vja\u0121\u0121 tat-tag\u0127lim tal-lingwa tieg\u0127ek billi tifhem il-punti ba\u017ci\u010bi tan-nomi u l-artikli. Nomi huma kliem li jirrappre\u017centaw nies, postijiet, affarijiet, jew ideat. L-artikli jintu\u017caw biex jindikaw l-ispe\u010bifi\u010bit\u00e0 ta&#8217; nom. It-tag\u0127lim ta&#8217; dawn jg\u0127inek tifforma sentenzi sempli\u010bi u tifhem l-istruttura tal-lingwa.<\/p>\n\n\n\n<h3 class=\"wp-block-heading\" id=\"h-2-pronouns-determiners\">2. Pronomi\/Determinaturi<\/h3>\n\n\n\n<p>Il-pronomi jissostitwixxu n-nomi f&#8217;sentenza u jg\u0127inu biex ti\u0121i evitata r-ripetizzjoni, filwaqt li d-determinanti jipprovdu informazzjoni dwar il-kwantit\u00e0 jew id-definittivit\u00e0 ta&#8217; nom. Il-\u0127akma ta &#8216;dawn is-su\u0121\u0121etti ttejjeb il-fluwenza u l-komprensjoni tieg\u0127ek.<\/p>\n\n\n\n<h3 class=\"wp-block-heading\" id=\"h-3-adjectives-and-adverbs\">3. A\u0121\u0121ettivi u Avverbji<\/h3>\n\n\n\n<p>L-a\u0121\u0121ettivi jiddeskrivu nomi, filwaqt li l-avverbji jimmodifikaw il-verbi, l-a\u0121\u0121ettivi, jew avverbji o\u0127ra. Billi titg\u0127allem dawn, tista &#8216;\u017c\u017cid aktar dettall u \u010barezza mas-sentenzi tieg\u0127ek, u tag\u0127mel il-\u0127iliet lingwisti\u010bi tieg\u0127ek aktar espressivi u impenjattivi.<\/p>\n\n\n\n<h3 class=\"wp-block-heading\" id=\"h-4-verbs-tenses-and-tense-comparison\">4. Verbi, Tempi, u Tqabbil tat-Temp<\/h3>\n\n\n\n<p>Il-verbi jwasslu azzjonijiet jew stati ta &#8216;esseri, u t-tempijiet jindikaw il-\u0127in li sse\u0127\u0127 azzjoni. Understanding tense comparison allows you to discuss past, present, and <a href=\"https:\/\/talkpal.ai\/culture\/how-do-you-use-the-suffix-acaq-%c9%99c%c9%99k-for-future-actions\/\">future actions<\/a> accurately.<\/p>\n\n\n\n<h3 class=\"wp-block-heading\" id=\"h-5-progressive-and-perfect-progressive\">5. Progressiv u Progressiv Perfett<\/h3>\n\n\n\n<p>It-temp progressiv jiffoka fuq azzjonijiet li g\u0127addejjin, filwaqt li t-temp progressiv perfett jenfasizza t-tul ta &#8216;azzjoni sa punt spe\u010bifiku ta&#8217; \u017cmien. Dawn it-tempi jtejbu l-abbilt\u00e0 tieg\u0127ek li tesprimi \u0127sibijiet u ideat kumplessi fil-lingwa.<\/p>\n\n\n\n<h3 class=\"wp-block-heading\" id=\"h-6-conditionals\">6. Kondizzjonali<\/h3>\n\n\n\n<p>Il-kondizzjonali jiddeskrivu sitwazzjonijiet ipoteti\u010bi jew possibbli u l-konsegwenzi tag\u0127hom. Il-\u0127akma tal-kundizzjonali tg\u0127inek tesprimi \u0127sibijiet aktar sfumati u dettaljati fil-lingwa fil-mira tieg\u0127ek.<\/p>\n\n\n\n<h3 class=\"wp-block-heading\" id=\"h-7-prepositions\">7. Prepo\u017cizzjonijiet<\/h3>\n\n\n\n<p>Il-prepo\u017cizzjonijiet juru relazzjonijiet bejn il-kliem f&#8217;sentenza, b\u0127all-post, id-direzzjoni, jew il-\u0127in. Dawn il-kliem \u017cg\u0127ar g\u0127andhom rwol sinifikanti fit-tfassil tat-tifsira ta &#8216;sentenza.<\/p>\n\n\n\n<h3 class=\"wp-block-heading\" id=\"h-8-sentences\">8. Sentenzi<\/h3>\n\n\n\n<p>Fl-a\u0127\u0127arnett, il-fehim tal-istruttura tas-sentenzi u l-kapa\u010bit\u00e0 li tibni diversi tipi ta &#8216;sentenzi hija essenzjali g\u0127al komunikazzjoni \u010bara u effettiva fi kwalunkwe lingwa. Tg\u0127allem kif tifforma sentenzi sempli\u010bi, komposti u kumplessi, u prattika bl-u\u017cu ta &#8216;diversi strutturi ta&#8217; sentenzi biex twassal il-\u0127sibijiet tieg\u0127ek b&#8217;mod pre\u010bi\u017c.<\/p>\n<\/div><\/div>\n\r\n<section class=\"learnNavigationSection\">\r\n            \r\n        <a href=\"https:\/\/talkpal.ai\/mt\/tghallem-l-ungeriz\/\">\r\n            <div class=\"learnNavigationWrapper\">\r\n                <div class=\"learnNavigationContent\">\r\n                    <img decoding=\"async\" src=\"https:\/\/talkpal.ai\/wp-content\/uploads\/2024\/08\/Hungarian.jpg\" alt=\"Hungarian Flag\">\r\n                    <div>\r\n                        <h4>Dwar it-Tag\u0127lim Ungeri\u017c<\/h4>\r\n                        <p>Sir af kollox dwar il-grammatika Ungeri\u017ca.<\/p>\r\n                    <\/div>\r\n                <\/div>\r\n            <\/div>\r\n        <\/a>\r\n\r\n        \r\n        <a href=\"https:\/\/talkpal.ai\/mt\/grammatika-ungeriza\/\">\r\n            <div class=\"learnNavigationWrapper\">\r\n                <div class=\"learnNavigationContent\">\r\n                    <img decoding=\"async\" src=\"https:\/\/talkpal.ai\/wp-content\/uploads\/2024\/08\/Hungarian.jpg\" alt=\"Hungarian Flag\">\r\n                    <div>\r\n                        <h4>Lezzjonijiet tal-Grammatika Ungeri\u017ca<\/h4>\r\n                        <p>Prattika grammatika Ungeri\u017ca.<\/p>\r\n                    <\/div>\r\n                <\/div>\r\n            <\/div>\r\n        <\/a>\r\n\r\n        \r\n        <a href=\"https:\/\/talkpal.ai\/vocabulary_language\/hungarian\/\">\r\n            <div class=\"learnNavigationWrapper\">\r\n                <div class=\"learnNavigationContent\">\r\n                    <img decoding=\"async\" src=\"https:\/\/talkpal.ai\/wp-content\/uploads\/2024\/08\/Hungarian.jpg\" alt=\"Hungarian Flag\">\r\n                    <div>\r\n                        <h4>Vokabularju Ungeri\u017c<\/h4>\r\n                        <p>Espandi l-vokabularju Ungeri\u017c tieg\u0127ek.<\/p>\r\n                    <\/div>\r\n                <\/div>\r\n            <\/div>\r\n        <\/a>\r\n\r\n            <\/section>","protected":false},"excerpt":{"rendered":"<p>Su\u0121\u0121etti tal-Grammatika Ungeri\u017ca It-tag\u0127lim ta &#8216;lingwa \u0121dida jista&#8217; jkun esperjenza e\u010b\u010bitanti u ta &#8216;sodisfazzjon. Madankollu, jista &#8216;jkun ukoll pjuttost kbir \u0127afna, spe\u010bjalment meta ni\u0121u g\u0127all-fehim u l-\u0127akma ta&#8217; su\u0121\u0121etti tal-grammatika. Appro\u010b\u010b strutturat tajjeb g\u0127at-tag\u0127lim tal-grammatika huwa kru\u010bjali g\u0127as-su\u010b\u010bess fl-akkwist ta&#8217; lingwa \u0121dida. F&#8217;din il-gwida, g\u0127andna su\u0121\u0121etti tal-grammatika raggruppati f&#8217;sekwenza li tg\u0127inek titg\u0127allem il-lingwa b&#8217;mod aktar [&hellip;]<\/p>\n","protected":false},"author":6,"featured_media":1443560,"parent":0,"menu_order":0,"comment_status":"closed","ping_status":"closed","template":"LearningContentPage.php","meta":{"_acf_changed":false,"footnotes":""},"class_list":["post-1447939","page","type-page","status-publish","has-post-thumbnail","hentry"],"acf":[],"yoast_head":"<!-- This site is optimized with the Yoast SEO Premium plugin v27.2 (Yoast SEO v27.2) - https:\/\/yoast.com\/product\/yoast-seo-premium-wordpress\/ -->\n<title>E\u017cer\u010bizzji tal-Grammatika Ungeri\u017ca - Talkpal<\/title>\n<meta name=\"description\" content=\"Spinta l-\u0127iliet grammatikali Ungeri\u017ci tieg\u0127ek fa\u010bilment - imla e\u017cer\u010bizzji pratti\u010bi, prattika interattiva, u r\u010bievi feedback personalizzat\" \/>\n<meta name=\"robots\" content=\"index, follow, max-snippet:-1, max-image-preview:large, max-video-preview:-1\" \/>\n<link rel=\"canonical\" href=\"https:\/\/talkpal.ai\/mt\/ezercizzji-tal-grammatika-ungeriza\/\" \/>\n<meta property=\"og:locale\" content=\"mt_MT\" \/>\n<meta property=\"og:type\" content=\"article\" \/>\n<meta property=\"og:title\" content=\"E\u017cer\u010bizzji tal-Grammatika Ungeri\u017ca\" \/>\n<meta property=\"og:description\" content=\"Su\u0121\u0121etti tal-Grammatika Ungeri\u017ca It-tag\u0127lim ta &#039;lingwa \u0121dida jista&#039; jkun esperjenza e\u010b\u010bitanti u ta &#039;sodisfazzjon. Madankollu, jista &#039;jkun ukoll pjuttost\" \/>\n<meta property=\"og:url\" content=\"https:\/\/talkpal.ai\/mt\/ezercizzji-tal-grammatika-ungeriza\/\" \/>\n<meta property=\"og:site_name\" content=\"Talkpal\" \/>\n<meta property=\"article:publisher\" content=\"https:\/\/www.facebook.com\/profile.php?id=100090733639311\" \/>\n<meta property=\"article:modified_time\" content=\"2025-12-17T15:49:46+00:00\" \/>\n<meta property=\"og:image\" content=\"https:\/\/talkpal.ai\/wp-content\/uploads\/2023\/05\/Hungarian.png\" \/>\n\t<meta property=\"og:image:width\" content=\"512\" \/>\n\t<meta property=\"og:image:height\" content=\"512\" \/>\n\t<meta property=\"og:image:type\" content=\"image\/png\" \/>\n<meta name=\"twitter:card\" content=\"summary_large_image\" \/>\n<meta name=\"twitter:site\" content=\"@talkpalai\" \/>\n<meta name=\"twitter:label1\" content=\"Est. reading time\" \/>\n\t<meta name=\"twitter:data1\" content=\"2 minutes\" \/>\n<script type=\"application\/ld+json\" class=\"yoast-schema-graph\">{\"@context\":\"https:\/\/schema.org\",\"@graph\":[{\"@type\":\"WebPage\",\"@id\":\"https:\/\/talkpal.ai\/mt\/ezercizzji-tal-grammatika-ungeriza\/\",\"url\":\"https:\/\/talkpal.ai\/mt\/ezercizzji-tal-grammatika-ungeriza\/\",\"name\":\"E\u017cer\u010bizzji tal-Grammatika Ungeri\u017ca - Talkpal\",\"isPartOf\":{\"@id\":\"https:\/\/talkpal.ai\/mt\/#website\"},\"primaryImageOfPage\":{\"@id\":\"https:\/\/talkpal.ai\/mt\/ezercizzji-tal-grammatika-ungeriza\/#primaryimage\"},\"image\":{\"@id\":\"https:\/\/talkpal.ai\/mt\/ezercizzji-tal-grammatika-ungeriza\/#primaryimage\"},\"thumbnailUrl\":\"https:\/\/talkpal.ai\/wp-content\/uploads\/2023\/05\/Hungarian.png\",\"datePublished\":\"2023-06-21T14:29:48+00:00\",\"dateModified\":\"2025-12-17T15:49:46+00:00\",\"description\":\"Spinta l-\u0127iliet grammatikali Ungeri\u017ci tieg\u0127ek fa\u010bilment - imla e\u017cer\u010bizzji pratti\u010bi, prattika interattiva, u r\u010bievi feedback personalizzat\",\"breadcrumb\":{\"@id\":\"https:\/\/talkpal.ai\/mt\/ezercizzji-tal-grammatika-ungeriza\/#breadcrumb\"},\"inLanguage\":\"mt-MT\",\"potentialAction\":[{\"@type\":\"ReadAction\",\"target\":[\"https:\/\/talkpal.ai\/mt\/ezercizzji-tal-grammatika-ungeriza\/\"]}]},{\"@type\":\"ImageObject\",\"inLanguage\":\"mt-MT\",\"@id\":\"https:\/\/talkpal.ai\/mt\/ezercizzji-tal-grammatika-ungeriza\/#primaryimage\",\"url\":\"https:\/\/talkpal.ai\/wp-content\/uploads\/2023\/05\/Hungarian.png\",\"contentUrl\":\"https:\/\/talkpal.ai\/wp-content\/uploads\/2023\/05\/Hungarian.png\",\"width\":512,\"height\":512,\"caption\":\"TalkPal Hungarian Flag\"},{\"@type\":\"BreadcrumbList\",\"@id\":\"https:\/\/talkpal.ai\/mt\/ezercizzji-tal-grammatika-ungeriza\/#breadcrumb\",\"itemListElement\":[{\"@type\":\"ListItem\",\"position\":1,\"name\":\"Homepage\",\"item\":\"https:\/\/talkpal.ai\/mt\/\"},{\"@type\":\"ListItem\",\"position\":2,\"name\":\"E\u017cer\u010bizzji tal-Grammatika Ungeri\u017ca\"}]},{\"@type\":\"WebSite\",\"@id\":\"https:\/\/talkpal.ai\/mt\/#website\",\"url\":\"https:\/\/talkpal.ai\/mt\/\",\"name\":\"Talkpal\",\"description\":\"AI Language Learning\",\"publisher\":{\"@id\":\"https:\/\/talkpal.ai\/mt\/#organization\"},\"alternateName\":\"Talkpal AI\",\"potentialAction\":[{\"@type\":\"SearchAction\",\"target\":{\"@type\":\"EntryPoint\",\"urlTemplate\":\"https:\/\/talkpal.ai\/mt\/?s={search_term_string}\"},\"query-input\":{\"@type\":\"PropertyValueSpecification\",\"valueRequired\":true,\"valueName\":\"search_term_string\"}}],\"inLanguage\":\"mt-MT\"},{\"@type\":\"Organization\",\"@id\":\"https:\/\/talkpal.ai\/mt\/#organization\",\"name\":\"Talkpal, Inc.\",\"alternateName\":\"Talkpal AI\",\"url\":\"https:\/\/talkpal.ai\/mt\/\",\"logo\":{\"@type\":\"ImageObject\",\"inLanguage\":\"mt-MT\",\"@id\":\"https:\/\/talkpal.ai\/mt\/#\/schema\/logo\/image\/\",\"url\":\"https:\/\/talkpal.ai\/wp-content\/uploads\/2024\/03\/Talkpal-Logo-Icon.png\",\"contentUrl\":\"https:\/\/talkpal.ai\/wp-content\/uploads\/2024\/03\/Talkpal-Logo-Icon.png\",\"width\":2880,\"height\":2880,\"caption\":\"Talkpal, Inc.\"},\"image\":{\"@id\":\"https:\/\/talkpal.ai\/mt\/#\/schema\/logo\/image\/\"},\"sameAs\":[\"https:\/\/www.facebook.com\/profile.php?id=100090733639311\",\"https:\/\/x.com\/talkpalai\",\"https:\/\/www.linkedin.com\/company\/talkpal\/\",\"https:\/\/www.youtube.com\/@TalkPal\/\",\"https:\/\/www.tiktok.com\/@talkpal\",\"https:\/\/www.instagram.com\/talkpal_ai\/\",\"https:\/\/www.crunchbase.com\/organization\/talkpal-9cde\",\"https:\/\/www.g2.com\/products\/talkpal-for-business\/\",\"https:\/\/www.trustpilot.com\/review\/talkpal.ai\",\"https:\/\/www.capterra.com\/p\/10006800\/TalkPal\/\"],\"description\":\"Talkpal is a language learning web and mobile education app, powered by the latest AI technologies, that provides engaging experiences to its customers in many different languages to help them improve their language skills. Users can chat about unlimited amount of topics with the app and use other modes to practice their language learning.\",\"email\":\"support@talkpal.ai\",\"legalName\":\"Talkpal, Inc.\",\"foundingDate\":\"2023-04-03\",\"duns\":\"118989042\",\"numberOfEmployees\":{\"@type\":\"QuantitativeValue\",\"minValue\":\"11\",\"maxValue\":\"50\"},\"publishingPrinciples\":\"https:\/\/talkpal.ai\/publishing-principles\/\",\"actionableFeedbackPolicy\":\"https:\/\/talkpal.ai\/actionable-feedback-policy\/\",\"correctionsPolicy\":\"https:\/\/talkpal.ai\/corrections-policy\/\",\"ethicsPolicy\":\"https:\/\/talkpal.ai\/ethics-policy\/\",\"diversityPolicy\":\"https:\/\/talkpal.ai\/diversity-policy\/\",\"diversityStaffingReport\":\"https:\/\/talkpal.ai\/diversity-policy\/\"}]}<\/script>\n<!-- \/ Yoast SEO Premium plugin. -->","yoast_head_json":{"title":"E\u017cer\u010bizzji tal-Grammatika Ungeri\u017ca - Talkpal","description":"Spinta l-\u0127iliet grammatikali Ungeri\u017ci tieg\u0127ek fa\u010bilment - imla e\u017cer\u010bizzji pratti\u010bi, prattika interattiva, u r\u010bievi feedback personalizzat","robots":{"index":"index","follow":"follow","max-snippet":"max-snippet:-1","max-image-preview":"max-image-preview:large","max-video-preview":"max-video-preview:-1"},"canonical":"https:\/\/talkpal.ai\/mt\/ezercizzji-tal-grammatika-ungeriza\/","og_locale":"mt_MT","og_type":"article","og_title":"E\u017cer\u010bizzji tal-Grammatika Ungeri\u017ca","og_description":"Su\u0121\u0121etti tal-Grammatika Ungeri\u017ca It-tag\u0127lim ta 'lingwa \u0121dida jista' jkun esperjenza e\u010b\u010bitanti u ta 'sodisfazzjon. Madankollu, jista 'jkun ukoll pjuttost","og_url":"https:\/\/talkpal.ai\/mt\/ezercizzji-tal-grammatika-ungeriza\/","og_site_name":"Talkpal","article_publisher":"https:\/\/www.facebook.com\/profile.php?id=100090733639311","article_modified_time":"2025-12-17T15:49:46+00:00","og_image":[{"width":512,"height":512,"url":"https:\/\/talkpal.ai\/wp-content\/uploads\/2023\/05\/Hungarian.png","type":"image\/png"}],"twitter_card":"summary_large_image","twitter_site":"@talkpalai","twitter_misc":{"Est. reading time":"2 minutes"},"schema":{"@context":"https:\/\/schema.org","@graph":[{"@type":"WebPage","@id":"https:\/\/talkpal.ai\/mt\/ezercizzji-tal-grammatika-ungeriza\/","url":"https:\/\/talkpal.ai\/mt\/ezercizzji-tal-grammatika-ungeriza\/","name":"E\u017cer\u010bizzji tal-Grammatika Ungeri\u017ca - Talkpal","isPartOf":{"@id":"https:\/\/talkpal.ai\/mt\/#website"},"primaryImageOfPage":{"@id":"https:\/\/talkpal.ai\/mt\/ezercizzji-tal-grammatika-ungeriza\/#primaryimage"},"image":{"@id":"https:\/\/talkpal.ai\/mt\/ezercizzji-tal-grammatika-ungeriza\/#primaryimage"},"thumbnailUrl":"https:\/\/talkpal.ai\/wp-content\/uploads\/2023\/05\/Hungarian.png","datePublished":"2023-06-21T14:29:48+00:00","dateModified":"2025-12-17T15:49:46+00:00","description":"Spinta l-\u0127iliet grammatikali Ungeri\u017ci tieg\u0127ek fa\u010bilment - imla e\u017cer\u010bizzji pratti\u010bi, prattika interattiva, u r\u010bievi feedback personalizzat","breadcrumb":{"@id":"https:\/\/talkpal.ai\/mt\/ezercizzji-tal-grammatika-ungeriza\/#breadcrumb"},"inLanguage":"mt-MT","potentialAction":[{"@type":"ReadAction","target":["https:\/\/talkpal.ai\/mt\/ezercizzji-tal-grammatika-ungeriza\/"]}]},{"@type":"ImageObject","inLanguage":"mt-MT","@id":"https:\/\/talkpal.ai\/mt\/ezercizzji-tal-grammatika-ungeriza\/#primaryimage","url":"https:\/\/talkpal.ai\/wp-content\/uploads\/2023\/05\/Hungarian.png","contentUrl":"https:\/\/talkpal.ai\/wp-content\/uploads\/2023\/05\/Hungarian.png","width":512,"height":512,"caption":"TalkPal Hungarian Flag"},{"@type":"BreadcrumbList","@id":"https:\/\/talkpal.ai\/mt\/ezercizzji-tal-grammatika-ungeriza\/#breadcrumb","itemListElement":[{"@type":"ListItem","position":1,"name":"Homepage","item":"https:\/\/talkpal.ai\/mt\/"},{"@type":"ListItem","position":2,"name":"E\u017cer\u010bizzji tal-Grammatika Ungeri\u017ca"}]},{"@type":"WebSite","@id":"https:\/\/talkpal.ai\/mt\/#website","url":"https:\/\/talkpal.ai\/mt\/","name":"Talkpal","description":"AI Language Learning","publisher":{"@id":"https:\/\/talkpal.ai\/mt\/#organization"},"alternateName":"Talkpal AI","potentialAction":[{"@type":"SearchAction","target":{"@type":"EntryPoint","urlTemplate":"https:\/\/talkpal.ai\/mt\/?s={search_term_string}"},"query-input":{"@type":"PropertyValueSpecification","valueRequired":true,"valueName":"search_term_string"}}],"inLanguage":"mt-MT"},{"@type":"Organization","@id":"https:\/\/talkpal.ai\/mt\/#organization","name":"Talkpal, Inc.","alternateName":"Talkpal AI","url":"https:\/\/talkpal.ai\/mt\/","logo":{"@type":"ImageObject","inLanguage":"mt-MT","@id":"https:\/\/talkpal.ai\/mt\/#\/schema\/logo\/image\/","url":"https:\/\/talkpal.ai\/wp-content\/uploads\/2024\/03\/Talkpal-Logo-Icon.png","contentUrl":"https:\/\/talkpal.ai\/wp-content\/uploads\/2024\/03\/Talkpal-Logo-Icon.png","width":2880,"height":2880,"caption":"Talkpal, Inc."},"image":{"@id":"https:\/\/talkpal.ai\/mt\/#\/schema\/logo\/image\/"},"sameAs":["https:\/\/www.facebook.com\/profile.php?id=100090733639311","https:\/\/x.com\/talkpalai","https:\/\/www.linkedin.com\/company\/talkpal\/","https:\/\/www.youtube.com\/@TalkPal\/","https:\/\/www.tiktok.com\/@talkpal","https:\/\/www.instagram.com\/talkpal_ai\/","https:\/\/www.crunchbase.com\/organization\/talkpal-9cde","https:\/\/www.g2.com\/products\/talkpal-for-business\/","https:\/\/www.trustpilot.com\/review\/talkpal.ai","https:\/\/www.capterra.com\/p\/10006800\/TalkPal\/"],"description":"Talkpal is a language learning web and mobile education app, powered by the latest AI technologies, that provides engaging experiences to its customers in many different languages to help them improve their language skills. Users can chat about unlimited amount of topics with the app and use other modes to practice their language learning.","email":"support@talkpal.ai","legalName":"Talkpal, Inc.","foundingDate":"2023-04-03","duns":"118989042","numberOfEmployees":{"@type":"QuantitativeValue","minValue":"11","maxValue":"50"},"publishingPrinciples":"https:\/\/talkpal.ai\/publishing-principles\/","actionableFeedbackPolicy":"https:\/\/talkpal.ai\/actionable-feedback-policy\/","correctionsPolicy":"https:\/\/talkpal.ai\/corrections-policy\/","ethicsPolicy":"https:\/\/talkpal.ai\/ethics-policy\/","diversityPolicy":"https:\/\/talkpal.ai\/diversity-policy\/","diversityStaffingReport":"https:\/\/talkpal.ai\/diversity-policy\/"}]}},"_links":{"self":[{"href":"https:\/\/talkpal.ai\/mt\/wp-json\/wp\/v2\/pages\/1447939","targetHints":{"allow":["GET"]}}],"collection":[{"href":"https:\/\/talkpal.ai\/mt\/wp-json\/wp\/v2\/pages"}],"about":[{"href":"https:\/\/talkpal.ai\/mt\/wp-json\/wp\/v2\/types\/page"}],"author":[{"embeddable":true,"href":"https:\/\/talkpal.ai\/mt\/wp-json\/wp\/v2\/users\/6"}],"replies":[{"embeddable":true,"href":"https:\/\/talkpal.ai\/mt\/wp-json\/wp\/v2\/comments?post=1447939"}],"version-history":[{"count":0,"href":"https:\/\/talkpal.ai\/mt\/wp-json\/wp\/v2\/pages\/1447939\/revisions"}],"wp:featuredmedia":[{"embeddable":true,"href":"https:\/\/talkpal.ai\/mt\/wp-json\/wp\/v2\/media\/1443560"}],"wp:attachment":[{"href":"https:\/\/talkpal.ai\/mt\/wp-json\/wp\/v2\/media?parent=1447939"}],"curies":[{"name":"wp","href":"https:\/\/api.w.org\/{rel}","templated":true}]}}