{"id":1447902,"date":"2023-06-22T08:24:14","date_gmt":"2023-06-22T08:24:14","guid":{"rendered":"https:\/\/talkpal.ai\/ezercizzji-tal-grammatika-tal-macedonja\/"},"modified":"2025-12-17T15:55:51","modified_gmt":"2025-12-17T15:55:51","slug":"ezercizzji-tal-grammatika-tal-macedonja","status":"publish","type":"page","link":"https:\/\/talkpal.ai\/mt\/ezercizzji-tal-grammatika-tal-macedonja\/","title":{"rendered":"E\u017cer\u010bizzji tal-Grammatika tal-Ma\u010bedonja"},"content":{"rendered":"\r\n\r\n\r\n<section class=\"languageChallengeSection\">\r\n    <div class=\"languageInfoWrapper\">\r\n        \r\n        <h1>E\u017cer\u010bizzji tal-Grammatika tal-Ma\u010bedonja<\/h1>\r\n        <p>Qed tfittex li tibni fidu\u010bja fil-<a href=\"https:\/\/talkpal.ai\/learn-macedonian\/\">Ma\u010bedonjan<\/a>? Il-prattika tal-e\u017cer\u010bizzji tal-grammatika hija mod tajjeb \u0127afna biex tifhem l-istruttura tas-sentenza, il-forom tal-verb, u l-karatteristi\u010bi uni\u010bi tal-lingwa Ma\u010bedonjana. Ibda tesplora l-<a href=\"https:\/\/talkpal.ai\/macedonian-grammar\/\">grammatika Ma\u010bedonjana<\/a> llum u ara l-\u0127iliet u l-\u0127effa tieg\u0127ek jikbru ma &#039;kull e\u017cer\u010bizzju!<\/p>\r\n\r\n                            <a class=\"getStartedHidden\" href=\"https:\/\/app.talkpal.ai\/signup?lng=\">Ibda<\/a>\r\n        \r\n    <\/div>\r\n\r\n    <figure>\r\n    <img decoding=\"async\" width=\"768\" height=\"768\" src=\"https:\/\/talkpal.ai\/wp-content\/uploads\/2023\/06\/macedonian-768x768.png\" class=\"languageImage no-lazy\" alt=\"Language learning through conversational practice\" fetchpriority=\"high\" sizes=\"(max-width: 768px) 150px, 768px\" srcset=\"https:\/\/talkpal.ai\/wp-content\/uploads\/2023\/06\/macedonian-768x768.png 768w, https:\/\/talkpal.ai\/wp-content\/uploads\/2023\/06\/macedonian-300x300.png 300w\" \/>\r\n    \r\n\r\n    <\/figure>\r\n\r\n            <a class=\"getStartedVisible\" href=\"https:\/\/app.talkpal.ai\/signup?lng=\">Ibda<\/a>\r\n    \r\n<\/section>\r\n\r\n\r\n<!-- <section class=\"grammarSection\">\r\n    <div class=\"grammarLinks\">\r\n            <\/div>\r\n<\/section> -->\r\n\r\n\r\n\r\n\r\n<section class=\"promotionalBanner\">\r\n    <p class=\"promotionalText\">L-aktar mod effi\u010bjenti biex titg\u0127allem lingwa<\/p>\r\n    <a class=\"promotionalLink\" href=\"https:\/\/app.talkpal.ai\/signup?lng=\">Ipprova Talkpal b&#8217;xejn<\/a>\r\n<\/section>\n<div class=\"wp-block-group pageContainerStyle\"><div class=\"wp-block-group__inner-container is-layout-constrained wp-block-group-is-layout-constrained\">\n<h2 class=\"wp-block-heading\" id=\"h-macedonian-grammar-topics\">Su\u0121\u0121etti tal-Grammatika Ma\u010bedonjana<\/h2>\n\n\n\n<header id=\"main-header\" data-height-onload=\"80\" data-height-loaded=\"true\" data-fixed-height-onload=\"80\">\n<p>Il-Ma\u010bedonjan, lingwa Slava tan-Nofsinhar, hija l-lingwa uffi\u010bjali tal-Ma\u010bedonja ta&#8217; Fuq. Hija mitkellma minn aktar minn \u017cew\u0121 miljun ru\u0127 madwar id-dinja u toffri esperjenza lingwistika unika min\u0127abba r-regoli grammatikali spe\u010bifi\u010bi u l-vokabularju rikk tag\u0127ha. Din il-gwida tipprovdilek \u0127arsa \u0121enerali lejn is-su\u0121\u0121etti essenzjali tal-grammatika tal-Ma\u010bedonja, organizzati f&#8217;sekwenza li tiffa\u010bilita l-pro\u010bess tat-tag\u0127lim tieg\u0127ek. Minn tempi g\u0127al strutturi ta &#8216;sentenzi, a\u0127na se nkopru l-informazzjoni kollha me\u0127tie\u0121a biex ng\u0127inuk tibda l-vja\u0121\u0121 tieg\u0127ek biex titg\u0127allem il-lingwa Ma\u010bedonjana.<\/p>\n<h3>1. Nomi:<\/h3>\n<p>B\u0127al lingwi Slavi o\u0127ra, in-nomi Ma\u010bedonjani g\u0127andhom tliet \u0121eneri (maskili, femminili, u neutri) u huma inflected g\u0127all-ka\u017c u n-numru. It-tag\u0127lim tal-\u0121eneru u l-inflessjonijiet korretti huwa kru\u010bjali biex jiffurmaw sentenzi grammatikalment korretti.<\/p>\n<h3>2. Artikoli:<\/h3>\n<p>il-lingwa Ma\u010bedonjana g\u0127andha biss artiklu definit wie\u0127ed, li jvarja skont is-sess u l-ka\u017c. M&#8217;hemm l-ebda artikli indefiniti bil-Ma\u010bedonjan, i\u017cda n-numru &#8220;wie\u0127ed&#8221; jista&#8217; jintu\u017ca bl-istess mod.<\/p>\n<h3>3. A\u0121\u0121ettivi:<\/h3>\n<p>L-a\u0121\u0121ettivi fil-Ma\u010bedonjan jaqblu man-nomi li jimmodifikaw fis-sess, in-numru, u l-ka\u017c. G\u0127andhom kemm forom twal kif ukoll qosra, li jintu\u017caw f&#8217;kuntesti differenti.<\/p>\n<h3>4. Pronomi \/ Determinaturi:<\/h3>\n<p>Il-Ma\u010bedonjan g\u0127andu varjet\u00e0 ta &#8216;pronomi u determinaturi, li huma essenzjali fil-formazzjoni ta&#8217; sentenzi. Huma jissostitwixxu jew jimmodifikaw nomi u jaqblu mag\u0127hom fis-sess, in-numru, u l-ka\u017c.<\/p>\n<h3>5. Verbi:<\/h3>\n<p>Il-verbi huma \u010bentrali g\u0127all-<a href=\"https:\/\/talkpal.ai\/macedonian-grammar\/\">grammatika Ma\u010bedonjana<\/a>. Huma jikkonjugaw g\u0127all-persuna u n-numru u g\u0127andhom diversi tempi, aspetti u burdati.<\/p>\n<h3>6. Tempi:<\/h3>\n<p>Il-Ma\u010bedonjan g\u0127andu tliet tempijiet ba\u017ci\u010bi &#8211; passat, pre\u017cent u futur. Huma ffurmati bl-u\u017cu ta &#8216;konjugazzjonijiet ta&#8217; verbi u verbi aw\u017ciljarji differenti. Huwa essenzjali li wie\u0127ed jifhem il-formazzjoni u l-u\u017cu ta &#8216;kull temp biex jesprimu azzjonijiet u avvenimenti b&#8217;mod pre\u010bi\u017c.<\/p>\n<h3>7. Paragun tat-Tensjoni:<\/h3>\n<p>It-tqabbil ta &#8216;azzjonijiet u avvenimenti f&#8217;tempi differenti huwa essenzjali biex twassal tifsira. Fil-Ma\u010bedonjan, dan it-tqabbil jinkiseb bl-u\u017cu ta&#8217; forom ta&#8217; verbi spe\u010bifi\u010bi u verbi aw\u017ciljarji.<\/p>\n<h3>8. Progressiv:<\/h3>\n<p>L-aspett progressiv fil-Ma\u010bedonjan jintu\u017ca biex jindika azzjonijiet li g\u0127addejjin. Huwa ffurmat bl-u\u017cu tat-temp pre\u017centi tal-verb &#8220;to be&#8221; u l-parti\u010bipju attiv pre\u017centi tal-verb ewlieni.<\/p>\n<h3>9. Progressiv Perfett:<\/h3>\n<p>Dan l-aspett jg\u0127aqqad l-aspetti progressivi u perfetti biex jiddeskrivi azzjonijiet li kienu g\u0127addejjin fil-passat u g\u0127andhom konnessjoni mal-pre\u017cent. Huwa ffurmat bl-u\u017cu tat-temp pre\u017centi tal-verb &#8220;to be&#8221; u l-parti\u010bipju attiv tal-passat tal-verb ewlieni.<\/p>\n<h3>10. Avverbji:<\/h3>\n<p>L-avverbji fil-Ma\u010bedonjan jintu\u017caw biex jimmodifikaw verbi, a\u0121\u0121ettivi, jew avverbji o\u0127ra. Normalment ma jbiddlux il-forma tag\u0127hom u jistg\u0127u ji\u0121u rikonoxxuti fa\u010bilment mit-truf tipi\u010bi tag\u0127hom.<\/p>\n<h3>11. Kondizzjonali:<\/h3>\n<p>Il-Ma\u010bedonjan g\u0127andu tliet tipi ta &#8216;kondizzjonali &#8211; reali, irreali, u potenzjali. Jintu\u017caw biex jesprimu sitwazzjonijiet ipoteti\u010bi u l-konsegwenzi tag\u0127hom.<\/p>\n<h3>12. Prepo\u017cizzjonijiet:<\/h3>\n<p>Il-prepo\u017cizzjonijiet bil-Ma\u010bedonjan huma essenzjali fil-formazzjoni ta&#8217; fra\u017cijiet u sentenzi. Huma jindikaw diversi relazzjonijiet bejn il-kliem, b\u0127al post, direzzjoni, \u0127in, jew kaw\u017ca.<\/p>\n<h3>13. Sentenzi:<\/h3>\n<p>Il-fehim tal-istruttura tas-sentenzi Ma\u010bedonjani huwa kru\u010bjali g\u0127al komunikazzjoni effettiva. Sentenzi Ma\u010bedonjani tipikament isegwu l-ordni tal-kliem su\u0121\u0121ett-verb-o\u0121\u0121ett (SVO), i\u017cda varjazzjonijiet jistg\u0127u jse\u0127\u0127u skont l-enfasi u l-kuntest.<\/p>\n<\/header>\n\n\n\n<footer> <\/footer>\n<\/div><\/div>\n\r\n<section class=\"learnNavigationSection\">\r\n            \r\n        <a href=\"https:\/\/talkpal.ai\/mt\/tghallem-il-macedonja\/\">\r\n            <div class=\"learnNavigationWrapper\">\r\n                <div class=\"learnNavigationContent\">\r\n                    <img decoding=\"async\" src=\"https:\/\/talkpal.ai\/wp-content\/uploads\/2024\/08\/Macedonian.jpg\" alt=\"Macedonian Flag\">\r\n                    <div>\r\n                        <h4>Dwar it-Tag\u0127lim tal-Ma\u010bedonjan<\/h4>\r\n                        <p>Sir af kollox dwar il-grammatika Ma\u010bedonjana.<\/p>\r\n                    <\/div>\r\n                <\/div>\r\n            <\/div>\r\n        <\/a>\r\n\r\n        \r\n        <a href=\"https:\/\/talkpal.ai\/mt\/grammatika-macedonjana\/\">\r\n            <div class=\"learnNavigationWrapper\">\r\n                <div class=\"learnNavigationContent\">\r\n                    <img decoding=\"async\" src=\"https:\/\/talkpal.ai\/wp-content\/uploads\/2024\/08\/Macedonian.jpg\" alt=\"Macedonian Flag\">\r\n                    <div>\r\n                        <h4>Lezzjonijiet tal-Grammatika Ma\u010bedonjana<\/h4>\r\n                        <p>Ipprattika l-grammatika Ma\u010bedonjana.<\/p>\r\n                    <\/div>\r\n                <\/div>\r\n            <\/div>\r\n        <\/a>\r\n\r\n        \r\n        <a href=\"https:\/\/talkpal.ai\/vocabulary_language\/macedonian\/\">\r\n            <div class=\"learnNavigationWrapper\">\r\n                <div class=\"learnNavigationContent\">\r\n                    <img decoding=\"async\" src=\"https:\/\/talkpal.ai\/wp-content\/uploads\/2024\/08\/Macedonian.jpg\" alt=\"Macedonian Flag\">\r\n                    <div>\r\n                        <h4>Vokabularju Ma\u010bedonjan<\/h4>\r\n                        <p>Espandi l-vokabularju Ma\u010bedonjan tieg\u0127ek.<\/p>\r\n                    <\/div>\r\n                <\/div>\r\n            <\/div>\r\n        <\/a>\r\n\r\n            <\/section>","protected":false},"excerpt":{"rendered":"<p>Su\u0121\u0121etti tal-Grammatika Ma\u010bedonjana Il-Ma\u010bedonjan, lingwa Slava tan-Nofsinhar, hija l-lingwa uffi\u010bjali tal-Ma\u010bedonja ta&#8217; Fuq. Hija mitkellma minn aktar minn \u017cew\u0121 miljun ru\u0127 madwar id-dinja u toffri esperjenza lingwistika unika min\u0127abba r-regoli grammatikali spe\u010bifi\u010bi u l-vokabularju rikk tag\u0127ha. Din il-gwida tipprovdilek \u0127arsa \u0121enerali lejn is-su\u0121\u0121etti essenzjali tal-grammatika tal-Ma\u010bedonja, organizzati f&#8217;sekwenza li tiffa\u010bilita l-pro\u010bess tat-tag\u0127lim tieg\u0127ek. Minn tempi [&hellip;]<\/p>\n","protected":false},"author":6,"featured_media":1443591,"parent":0,"menu_order":0,"comment_status":"closed","ping_status":"closed","template":"LearningContentPage.php","meta":{"_acf_changed":false,"footnotes":""},"class_list":["post-1447902","page","type-page","status-publish","has-post-thumbnail","hentry"],"acf":[],"yoast_head":"<!-- This site is optimized with the Yoast SEO Premium plugin v27.2 (Yoast SEO v27.2) - https:\/\/yoast.com\/product\/yoast-seo-premium-wordpress\/ -->\n<title>E\u017cer\u010bizzji tal-Grammatika tal-Ma\u010bedonja - Talkpal<\/title>\n<meta name=\"description\" content=\"Kaptan il-grammatika tal-Ma\u010bedonja b&#039;E\u017cer\u010bizzji interattivi tal-Grammatika Ma\u010bedonjana minn TalkPal, l-g\u0127alliem tal-lingwa tieg\u0127ek li ja\u0127dem bl-AI.\" \/>\n<meta name=\"robots\" content=\"index, follow, max-snippet:-1, max-image-preview:large, max-video-preview:-1\" \/>\n<link rel=\"canonical\" href=\"https:\/\/talkpal.ai\/mt\/ezercizzji-tal-grammatika-tal-macedonja\/\" \/>\n<meta property=\"og:locale\" content=\"mt_MT\" \/>\n<meta property=\"og:type\" content=\"article\" \/>\n<meta property=\"og:title\" content=\"E\u017cer\u010bizzji tal-Grammatika tal-Ma\u010bedonja\" \/>\n<meta property=\"og:description\" content=\"Su\u0121\u0121etti tal-Grammatika Ma\u010bedonjana Il-Ma\u010bedonjan, lingwa Slava tan-Nofsinhar, hija l-lingwa uffi\u010bjali tal-Ma\u010bedonja ta&#039; Fuq. Hija mitkellma minn aktar\" \/>\n<meta property=\"og:url\" content=\"https:\/\/talkpal.ai\/mt\/ezercizzji-tal-grammatika-tal-macedonja\/\" \/>\n<meta property=\"og:site_name\" content=\"Talkpal\" \/>\n<meta property=\"article:publisher\" content=\"https:\/\/www.facebook.com\/profile.php?id=100090733639311\" \/>\n<meta property=\"article:modified_time\" content=\"2025-12-17T15:55:51+00:00\" \/>\n<meta property=\"og:image\" content=\"https:\/\/talkpal.ai\/wp-content\/uploads\/2023\/05\/republic-of-macedonia.png\" \/>\n\t<meta property=\"og:image:width\" content=\"512\" \/>\n\t<meta property=\"og:image:height\" content=\"512\" \/>\n\t<meta property=\"og:image:type\" content=\"image\/png\" \/>\n<meta name=\"twitter:card\" content=\"summary_large_image\" \/>\n<meta name=\"twitter:site\" content=\"@talkpalai\" \/>\n<meta name=\"twitter:label1\" content=\"Est. reading time\" \/>\n\t<meta name=\"twitter:data1\" content=\"3 minutes\" \/>\n<script type=\"application\/ld+json\" class=\"yoast-schema-graph\">{\"@context\":\"https:\/\/schema.org\",\"@graph\":[{\"@type\":\"WebPage\",\"@id\":\"https:\/\/talkpal.ai\/mt\/ezercizzji-tal-grammatika-tal-macedonja\/\",\"url\":\"https:\/\/talkpal.ai\/mt\/ezercizzji-tal-grammatika-tal-macedonja\/\",\"name\":\"E\u017cer\u010bizzji tal-Grammatika tal-Ma\u010bedonja - Talkpal\",\"isPartOf\":{\"@id\":\"https:\/\/talkpal.ai\/mt\/#website\"},\"primaryImageOfPage\":{\"@id\":\"https:\/\/talkpal.ai\/mt\/ezercizzji-tal-grammatika-tal-macedonja\/#primaryimage\"},\"image\":{\"@id\":\"https:\/\/talkpal.ai\/mt\/ezercizzji-tal-grammatika-tal-macedonja\/#primaryimage\"},\"thumbnailUrl\":\"https:\/\/talkpal.ai\/wp-content\/uploads\/2023\/05\/republic-of-macedonia.png\",\"datePublished\":\"2023-06-22T08:24:14+00:00\",\"dateModified\":\"2025-12-17T15:55:51+00:00\",\"description\":\"Kaptan il-grammatika tal-Ma\u010bedonja b'E\u017cer\u010bizzji interattivi tal-Grammatika Ma\u010bedonjana minn TalkPal, l-g\u0127alliem tal-lingwa tieg\u0127ek li ja\u0127dem bl-AI.\",\"breadcrumb\":{\"@id\":\"https:\/\/talkpal.ai\/mt\/ezercizzji-tal-grammatika-tal-macedonja\/#breadcrumb\"},\"inLanguage\":\"mt-MT\",\"potentialAction\":[{\"@type\":\"ReadAction\",\"target\":[\"https:\/\/talkpal.ai\/mt\/ezercizzji-tal-grammatika-tal-macedonja\/\"]}]},{\"@type\":\"ImageObject\",\"inLanguage\":\"mt-MT\",\"@id\":\"https:\/\/talkpal.ai\/mt\/ezercizzji-tal-grammatika-tal-macedonja\/#primaryimage\",\"url\":\"https:\/\/talkpal.ai\/wp-content\/uploads\/2023\/05\/republic-of-macedonia.png\",\"contentUrl\":\"https:\/\/talkpal.ai\/wp-content\/uploads\/2023\/05\/republic-of-macedonia.png\",\"width\":512,\"height\":512,\"caption\":\"TalkPal Republic of Macedonia Flag\"},{\"@type\":\"BreadcrumbList\",\"@id\":\"https:\/\/talkpal.ai\/mt\/ezercizzji-tal-grammatika-tal-macedonja\/#breadcrumb\",\"itemListElement\":[{\"@type\":\"ListItem\",\"position\":1,\"name\":\"Homepage\",\"item\":\"https:\/\/talkpal.ai\/mt\/\"},{\"@type\":\"ListItem\",\"position\":2,\"name\":\"E\u017cer\u010bizzji tal-Grammatika tal-Ma\u010bedonja\"}]},{\"@type\":\"WebSite\",\"@id\":\"https:\/\/talkpal.ai\/mt\/#website\",\"url\":\"https:\/\/talkpal.ai\/mt\/\",\"name\":\"Talkpal\",\"description\":\"AI Language Learning\",\"publisher\":{\"@id\":\"https:\/\/talkpal.ai\/mt\/#organization\"},\"alternateName\":\"Talkpal AI\",\"potentialAction\":[{\"@type\":\"SearchAction\",\"target\":{\"@type\":\"EntryPoint\",\"urlTemplate\":\"https:\/\/talkpal.ai\/mt\/?s={search_term_string}\"},\"query-input\":{\"@type\":\"PropertyValueSpecification\",\"valueRequired\":true,\"valueName\":\"search_term_string\"}}],\"inLanguage\":\"mt-MT\"},{\"@type\":\"Organization\",\"@id\":\"https:\/\/talkpal.ai\/mt\/#organization\",\"name\":\"Talkpal, Inc.\",\"alternateName\":\"Talkpal AI\",\"url\":\"https:\/\/talkpal.ai\/mt\/\",\"logo\":{\"@type\":\"ImageObject\",\"inLanguage\":\"mt-MT\",\"@id\":\"https:\/\/talkpal.ai\/mt\/#\/schema\/logo\/image\/\",\"url\":\"https:\/\/talkpal.ai\/wp-content\/uploads\/2024\/03\/Talkpal-Logo-Icon.png\",\"contentUrl\":\"https:\/\/talkpal.ai\/wp-content\/uploads\/2024\/03\/Talkpal-Logo-Icon.png\",\"width\":2880,\"height\":2880,\"caption\":\"Talkpal, Inc.\"},\"image\":{\"@id\":\"https:\/\/talkpal.ai\/mt\/#\/schema\/logo\/image\/\"},\"sameAs\":[\"https:\/\/www.facebook.com\/profile.php?id=100090733639311\",\"https:\/\/x.com\/talkpalai\",\"https:\/\/www.linkedin.com\/company\/talkpal\/\",\"https:\/\/www.youtube.com\/@TalkPal\/\",\"https:\/\/www.tiktok.com\/@talkpal\",\"https:\/\/www.instagram.com\/talkpal_ai\/\",\"https:\/\/www.crunchbase.com\/organization\/talkpal-9cde\",\"https:\/\/www.g2.com\/products\/talkpal-for-business\/\",\"https:\/\/www.trustpilot.com\/review\/talkpal.ai\",\"https:\/\/www.capterra.com\/p\/10006800\/TalkPal\/\"],\"description\":\"Talkpal is a language learning web and mobile education app, powered by the latest AI technologies, that provides engaging experiences to its customers in many different languages to help them improve their language skills. Users can chat about unlimited amount of topics with the app and use other modes to practice their language learning.\",\"email\":\"support@talkpal.ai\",\"legalName\":\"Talkpal, Inc.\",\"foundingDate\":\"2023-04-03\",\"duns\":\"118989042\",\"numberOfEmployees\":{\"@type\":\"QuantitativeValue\",\"minValue\":\"11\",\"maxValue\":\"50\"},\"publishingPrinciples\":\"https:\/\/talkpal.ai\/publishing-principles\/\",\"actionableFeedbackPolicy\":\"https:\/\/talkpal.ai\/actionable-feedback-policy\/\",\"correctionsPolicy\":\"https:\/\/talkpal.ai\/corrections-policy\/\",\"ethicsPolicy\":\"https:\/\/talkpal.ai\/ethics-policy\/\",\"diversityPolicy\":\"https:\/\/talkpal.ai\/diversity-policy\/\",\"diversityStaffingReport\":\"https:\/\/talkpal.ai\/diversity-policy\/\"}]}<\/script>\n<!-- \/ Yoast SEO Premium plugin. -->","yoast_head_json":{"title":"E\u017cer\u010bizzji tal-Grammatika tal-Ma\u010bedonja - Talkpal","description":"Kaptan il-grammatika tal-Ma\u010bedonja b'E\u017cer\u010bizzji interattivi tal-Grammatika Ma\u010bedonjana minn TalkPal, l-g\u0127alliem tal-lingwa tieg\u0127ek li ja\u0127dem bl-AI.","robots":{"index":"index","follow":"follow","max-snippet":"max-snippet:-1","max-image-preview":"max-image-preview:large","max-video-preview":"max-video-preview:-1"},"canonical":"https:\/\/talkpal.ai\/mt\/ezercizzji-tal-grammatika-tal-macedonja\/","og_locale":"mt_MT","og_type":"article","og_title":"E\u017cer\u010bizzji tal-Grammatika tal-Ma\u010bedonja","og_description":"Su\u0121\u0121etti tal-Grammatika Ma\u010bedonjana Il-Ma\u010bedonjan, lingwa Slava tan-Nofsinhar, hija l-lingwa uffi\u010bjali tal-Ma\u010bedonja ta' Fuq. Hija mitkellma minn aktar","og_url":"https:\/\/talkpal.ai\/mt\/ezercizzji-tal-grammatika-tal-macedonja\/","og_site_name":"Talkpal","article_publisher":"https:\/\/www.facebook.com\/profile.php?id=100090733639311","article_modified_time":"2025-12-17T15:55:51+00:00","og_image":[{"width":512,"height":512,"url":"https:\/\/talkpal.ai\/wp-content\/uploads\/2023\/05\/republic-of-macedonia.png","type":"image\/png"}],"twitter_card":"summary_large_image","twitter_site":"@talkpalai","twitter_misc":{"Est. reading time":"3 minutes"},"schema":{"@context":"https:\/\/schema.org","@graph":[{"@type":"WebPage","@id":"https:\/\/talkpal.ai\/mt\/ezercizzji-tal-grammatika-tal-macedonja\/","url":"https:\/\/talkpal.ai\/mt\/ezercizzji-tal-grammatika-tal-macedonja\/","name":"E\u017cer\u010bizzji tal-Grammatika tal-Ma\u010bedonja - Talkpal","isPartOf":{"@id":"https:\/\/talkpal.ai\/mt\/#website"},"primaryImageOfPage":{"@id":"https:\/\/talkpal.ai\/mt\/ezercizzji-tal-grammatika-tal-macedonja\/#primaryimage"},"image":{"@id":"https:\/\/talkpal.ai\/mt\/ezercizzji-tal-grammatika-tal-macedonja\/#primaryimage"},"thumbnailUrl":"https:\/\/talkpal.ai\/wp-content\/uploads\/2023\/05\/republic-of-macedonia.png","datePublished":"2023-06-22T08:24:14+00:00","dateModified":"2025-12-17T15:55:51+00:00","description":"Kaptan il-grammatika tal-Ma\u010bedonja b'E\u017cer\u010bizzji interattivi tal-Grammatika Ma\u010bedonjana minn TalkPal, l-g\u0127alliem tal-lingwa tieg\u0127ek li ja\u0127dem bl-AI.","breadcrumb":{"@id":"https:\/\/talkpal.ai\/mt\/ezercizzji-tal-grammatika-tal-macedonja\/#breadcrumb"},"inLanguage":"mt-MT","potentialAction":[{"@type":"ReadAction","target":["https:\/\/talkpal.ai\/mt\/ezercizzji-tal-grammatika-tal-macedonja\/"]}]},{"@type":"ImageObject","inLanguage":"mt-MT","@id":"https:\/\/talkpal.ai\/mt\/ezercizzji-tal-grammatika-tal-macedonja\/#primaryimage","url":"https:\/\/talkpal.ai\/wp-content\/uploads\/2023\/05\/republic-of-macedonia.png","contentUrl":"https:\/\/talkpal.ai\/wp-content\/uploads\/2023\/05\/republic-of-macedonia.png","width":512,"height":512,"caption":"TalkPal Republic of Macedonia Flag"},{"@type":"BreadcrumbList","@id":"https:\/\/talkpal.ai\/mt\/ezercizzji-tal-grammatika-tal-macedonja\/#breadcrumb","itemListElement":[{"@type":"ListItem","position":1,"name":"Homepage","item":"https:\/\/talkpal.ai\/mt\/"},{"@type":"ListItem","position":2,"name":"E\u017cer\u010bizzji tal-Grammatika tal-Ma\u010bedonja"}]},{"@type":"WebSite","@id":"https:\/\/talkpal.ai\/mt\/#website","url":"https:\/\/talkpal.ai\/mt\/","name":"Talkpal","description":"AI Language Learning","publisher":{"@id":"https:\/\/talkpal.ai\/mt\/#organization"},"alternateName":"Talkpal AI","potentialAction":[{"@type":"SearchAction","target":{"@type":"EntryPoint","urlTemplate":"https:\/\/talkpal.ai\/mt\/?s={search_term_string}"},"query-input":{"@type":"PropertyValueSpecification","valueRequired":true,"valueName":"search_term_string"}}],"inLanguage":"mt-MT"},{"@type":"Organization","@id":"https:\/\/talkpal.ai\/mt\/#organization","name":"Talkpal, Inc.","alternateName":"Talkpal AI","url":"https:\/\/talkpal.ai\/mt\/","logo":{"@type":"ImageObject","inLanguage":"mt-MT","@id":"https:\/\/talkpal.ai\/mt\/#\/schema\/logo\/image\/","url":"https:\/\/talkpal.ai\/wp-content\/uploads\/2024\/03\/Talkpal-Logo-Icon.png","contentUrl":"https:\/\/talkpal.ai\/wp-content\/uploads\/2024\/03\/Talkpal-Logo-Icon.png","width":2880,"height":2880,"caption":"Talkpal, Inc."},"image":{"@id":"https:\/\/talkpal.ai\/mt\/#\/schema\/logo\/image\/"},"sameAs":["https:\/\/www.facebook.com\/profile.php?id=100090733639311","https:\/\/x.com\/talkpalai","https:\/\/www.linkedin.com\/company\/talkpal\/","https:\/\/www.youtube.com\/@TalkPal\/","https:\/\/www.tiktok.com\/@talkpal","https:\/\/www.instagram.com\/talkpal_ai\/","https:\/\/www.crunchbase.com\/organization\/talkpal-9cde","https:\/\/www.g2.com\/products\/talkpal-for-business\/","https:\/\/www.trustpilot.com\/review\/talkpal.ai","https:\/\/www.capterra.com\/p\/10006800\/TalkPal\/"],"description":"Talkpal is a language learning web and mobile education app, powered by the latest AI technologies, that provides engaging experiences to its customers in many different languages to help them improve their language skills. Users can chat about unlimited amount of topics with the app and use other modes to practice their language learning.","email":"support@talkpal.ai","legalName":"Talkpal, Inc.","foundingDate":"2023-04-03","duns":"118989042","numberOfEmployees":{"@type":"QuantitativeValue","minValue":"11","maxValue":"50"},"publishingPrinciples":"https:\/\/talkpal.ai\/publishing-principles\/","actionableFeedbackPolicy":"https:\/\/talkpal.ai\/actionable-feedback-policy\/","correctionsPolicy":"https:\/\/talkpal.ai\/corrections-policy\/","ethicsPolicy":"https:\/\/talkpal.ai\/ethics-policy\/","diversityPolicy":"https:\/\/talkpal.ai\/diversity-policy\/","diversityStaffingReport":"https:\/\/talkpal.ai\/diversity-policy\/"}]}},"_links":{"self":[{"href":"https:\/\/talkpal.ai\/mt\/wp-json\/wp\/v2\/pages\/1447902","targetHints":{"allow":["GET"]}}],"collection":[{"href":"https:\/\/talkpal.ai\/mt\/wp-json\/wp\/v2\/pages"}],"about":[{"href":"https:\/\/talkpal.ai\/mt\/wp-json\/wp\/v2\/types\/page"}],"author":[{"embeddable":true,"href":"https:\/\/talkpal.ai\/mt\/wp-json\/wp\/v2\/users\/6"}],"replies":[{"embeddable":true,"href":"https:\/\/talkpal.ai\/mt\/wp-json\/wp\/v2\/comments?post=1447902"}],"version-history":[{"count":0,"href":"https:\/\/talkpal.ai\/mt\/wp-json\/wp\/v2\/pages\/1447902\/revisions"}],"wp:featuredmedia":[{"embeddable":true,"href":"https:\/\/talkpal.ai\/mt\/wp-json\/wp\/v2\/media\/1443591"}],"wp:attachment":[{"href":"https:\/\/talkpal.ai\/mt\/wp-json\/wp\/v2\/media?parent=1447902"}],"curies":[{"name":"wp","href":"https:\/\/api.w.org\/{rel}","templated":true}]}}