{"id":1446417,"date":"2023-06-16T09:31:38","date_gmt":"2023-06-16T09:31:38","guid":{"rendered":"https:\/\/talkpal.ai\/ezercizzji-tal-grammatika-gharbija\/"},"modified":"2025-09-06T20:51:21","modified_gmt":"2025-09-06T20:51:21","slug":"ezercizzji-tal-grammatika-gharbija","status":"publish","type":"page","link":"https:\/\/talkpal.ai\/mt\/ezercizzji-tal-grammatika-gharbija\/","title":{"rendered":"E\u017cer\u010bizzji tal-Grammatika G\u0127arbija"},"content":{"rendered":"\r\n\r\n\r\n<section class=\"languageChallengeSection\">\r\n    <div class=\"languageInfoWrapper\">\r\n        \r\n        <h1>E\u017cer\u010bizzji tal-Grammatika G\u0127arbija<\/h1>\r\n        <p>Lest biex tg\u0127olli l-\u0127iliet G\u0127arab tieg\u0127ek? Il-prattika tal-e\u017cer\u010bizzji tal-grammatika hija essenzjali g\u0127all-\u0127akma tal-istruttura tas-sentenza, il-forom tal-verb, u l-mudelli uni\u010bi tal-lingwa G\u0127arbija. Iffoka fuq dawn l-e\u017cer\u010bizzji biex tag\u0127ti spinta lill-kunfidenza tieg\u0127ek, tespandi l-vokabularju tieg\u0127ek, u tag\u0127mel l-espressjoni bl-G\u0127arbi \u0127afna aktar fa\u010bli. Ibda tipprattika llum u ara l-\u0127iliet lingwisti\u010bi tieg\u0127ek jikbru!<\/p>\r\n\r\n                            <a class=\"getStartedHidden\" href=\"https:\/\/app.talkpal.ai\/signup?lng=\">Ibda<\/a>\r\n        \r\n    <\/div>\r\n\r\n    <figure>\r\n    <img decoding=\"async\" width=\"768\" height=\"768\" src=\"https:\/\/talkpal.ai\/wp-content\/uploads\/2023\/06\/arabic-768x768.png\" class=\"languageImage no-lazy\" alt=\"Language learning for linguistic diversity\" fetchpriority=\"high\" sizes=\"(max-width: 768px) 150px, 768px\" srcset=\"https:\/\/talkpal.ai\/wp-content\/uploads\/2023\/06\/arabic-768x768.png 768w, https:\/\/talkpal.ai\/wp-content\/uploads\/2023\/06\/arabic-300x300.png 300w\" \/>\r\n    \r\n\r\n    <\/figure>\r\n\r\n            <a class=\"getStartedVisible\" href=\"https:\/\/app.talkpal.ai\/signup?lng=\">Ibda<\/a>\r\n    \r\n<\/section>\r\n\r\n\r\n<!-- <section class=\"grammarSection\">\r\n    <div class=\"grammarLinks\">\r\n            <\/div>\r\n<\/section> -->\r\n\r\n\r\n\r\n\r\n<section class=\"promotionalBanner\">\r\n    <p class=\"promotionalText\">L-aktar mod effi\u010bjenti biex titg\u0127allem lingwa<\/p>\r\n    <a class=\"promotionalLink\" href=\"https:\/\/app.talkpal.ai\/signup?lng=\">Ipprova Talkpal b&#8217;xejn<\/a>\r\n<\/section>\n<div class=\"wp-block-group pageContainerStyle\"><div class=\"wp-block-group__inner-container is-layout-constrained wp-block-group-is-layout-constrained\">\n<h2 class=\"wp-block-heading\" id=\"h-arabic-grammar-topics\">Su\u0121\u0121etti tal-Grammatika G\u0127arbija<\/h2>\n\n\n\n<p>Il-lingwa G\u0127arbija, bl-istorja rikka u s-sinifikat kulturali tag\u0127ha, hija sforz affaxxinanti u ta&#8217; sodisfazzjon g\u0127al dawk li jitg\u0127allmu l-lingwi. B\u0127ala wa\u0127da mis-sitt lingwi uffi\u010bjali tan-Nazzjonijiet Uniti u mitkellma minn aktar minn 420 miljun ru\u0127 madwar id-dinja, it-tag\u0127lim tal-G\u0127arbi jifta\u0127 opportunitajiet g\u0127al komunikazzjoni u fehim globali. Madankollu, il-\u0127akma tal-lingwa te\u0127tie\u0121 fehim bir-reqqa tar-regoli u l-istrutturi grammatikali uni\u010bi tag\u0127ha. F&#8217;dan l-artikolu, se nesploraw is-su\u0121\u0121etti essenzjali tal-grammatika G\u0127arbija li jg\u0127inuk tibni pedament b&#8217;sa\u0127\u0127tu fil-lingwa, minn tempi ba\u017ci\u010bi u konjugazzjonijiet tal-verbi g\u0127al strutturi ta &#8216;sentenzi nominali u verbali aktar kumplessi.<\/p>\n\n\n\n<h3 class=\"wp-block-heading\" id=\"h-1-tenses-indicative\">1. Tempi Indikattivi:<\/h3>\n\n\n\n<p>It-temp indikattiv jintu\u017ca biex jesprimi azzjonijiet jew stati fil-pre\u017cent, fil-passat jew fil-futur. Fl-G\u0127arbi, il-konjugazzjoni tal-verb tinbidel ibba\u017cata fuq it-temp. Ibda billi titg\u0127allem il-konjugazzjonijiet ba\u017ci\u010bi g\u0127al verbi regolari u familjarizza ru\u0127ek mal-mudelli differenti g\u0127at-tempi pre\u017centi, passati u futuri.<\/p>\n\n\n\n<h3 class=\"wp-block-heading\" id=\"h-2-tenses-subjunctive\">2. Tenses Subjunctive:<\/h3>\n\n\n\n<p>It-temp subjunctive jintu\u017ca biex jesprimi in\u010bertezza, dubju, jew xewqa. Huwa kru\u010bjali li titg\u0127allem il-konjugazzjonijiet tal-verbi spe\u010bifi\u010bi u kif huma differenti mit-temp indikattiv. Dan jg\u0127inek twassal \u0127sibijiet u sentimenti aktar sfumati fil-komunikazzjoni tieg\u0127ek.<\/p>\n\n\n\n<h3 class=\"wp-block-heading\" id=\"h-3-tense-comparison\">3. Paragun tat-tensjoni:<\/h3>\n\n\n\n<p>Il-fehim tad-differenzi bejn it-temp indikattiv u subjunctive huwa vitali. Iffoka fuq kif il-konjugazzjonijiet tal-verb huma modifikati u l-kuntest li fih jintu\u017ca kull temp.<\/p>\n\n\n\n<h3 class=\"wp-block-heading\" id=\"h-4-verbs\">4. Verbi:<\/h3>\n\n\n\n<p>Il-verbi G\u0127arab huma kategorizzati f&#8217;forom differenti bba\u017cati fuq l-ittri u l-mudelli tal-g\u0127eruq tag\u0127hom. Tg\u0127allem l-g\u0127axar forom ba\u017ci\u010bi tal-verbi u r-regoli tal-konjugazzjoni tag\u0127hom, li jg\u0127inuk tag\u0127raf u tu\u017ca l-verbi b&#8217;mod korrett f&#8217;diversi sitwazzjonijiet.<\/p>\n\n\n\n<h3 class=\"wp-block-heading\" id=\"h-5-nouns\">5. Nomi:<\/h3>\n\n\n\n<p>In-nomi G\u0127arbi huma maskili jew femminili, u t-truf tag\u0127hom jinbidlu abba\u017ci tar-rwol grammatikali tag\u0127hom f&#8217;sentenza. Tg\u0127allem il-mudelli differenti tan-nomi u kif huma affettwati mill-marki tal-ka\u017cijiet u elementi grammatikali o\u0127ra.<\/p>\n\n\n\n<h3 class=\"wp-block-heading\" id=\"h-6-articles\">6. Artikoli:<\/h3>\n\n\n\n<p>L-G\u0127arbi g\u0127andu artikli definiti u indefiniti, li g\u0127andhom rwol kru\u010bjali fl-identifikazzjoni tan-nomi. Tg\u0127allem ir-regoli u l-u\u017cu tal-artiklu definit &#8220;al-&#8221; u n-nuqqas ta&#8217; artiklu indefinit bl-G\u0127arbi.<\/p>\n\n\n\n<h3 class=\"wp-block-heading\" id=\"h-7-definite-and-indefinite-articles\">7. Artikoli definiti u indefiniti:<\/h3>\n\n\n\n<p>Kif imsemmi qabel, il-fehim tal-u\u017cu ta&#8217; artikli definiti u indefiniti bl-G\u0127arbi huwa essenzjali. Prattika l-u\u017cu tag\u0127hom f&#8217;sentenzi b&#8217;nomi differenti biex issa\u0127\u0127a\u0127 il-fehim tieg\u0127ek tal-kun\u010bett.<\/p>\n\n\n\n<h3 class=\"wp-block-heading\" id=\"h-8-pronouns\">8. Pronomi:<\/h3>\n\n\n\n<p>Il-pronomi G\u0127arbi huma maqsuma fi <a href=\"https:\/\/talkpal.ai\/ar\/grammar_exercises\/pronomi-personali-%d8%aa%d9%85%d8%a7%d8%b1%d9%8a%d9%86-%d9%84%d9%84%d9%82%d9%88%d8%a7%d8%b9%d8%af-%d8%a7%d9%84%d8%a5%d9%8a%d8%b7%d8%a7%d9%84%d9%8a%d8%a9\/\">pronomi personali<\/a>, dimostrattivi u relattivi. Tg\u0127allem il-forom u l-u\u017cu tag\u0127hom, kif ukoll ir-regoli biex tehme\u017chom mal-verbi, nomi u prepo\u017cizzjonijiet.<\/p>\n\n\n\n<h3 class=\"wp-block-heading\" id=\"h-9-adjectives\">9. A\u0121\u0121ettivi:<\/h3>\n\n\n\n<p>L-a\u0121\u0121ettivi fl-G\u0127arbi jaqblu man-nomi li jimmodifikaw fis-sess u n-numru. Tg\u0127allem ir-regoli g\u0127all-ftehim tal-a\u0121\u0121ettivi u l-mudelli ba\u017ci\u010bi tal-a\u0121\u0121ettivi.<\/p>\n\n\n\n<h3 class=\"wp-block-heading\" id=\"h-10-adverbs\">10. Avverbji:<\/h3>\n\n\n\n<p>Familjarizza ru\u0127ek mal-avverbji G\u0127arbi komuni u t-tqeg\u0127id tag\u0127hom fis-sentenzi. Il-fehim tal-funzjoni tal-avverbji jg\u0127inek twassal informazzjoni aktar dettaljata fil-komunikazzjoni tieg\u0127ek.<\/p>\n\n\n\n<h3 class=\"wp-block-heading\" id=\"h-11-prepositions\">11. Prepo\u017cizzjonijiet:<\/h3>\n\n\n\n<p>Il-prepo\u017cizzjonijiet G\u0127arbi huma essenzjali biex jg\u0127aqqdu kliem u fra\u017cijiet u jesprimu relazzjonijiet bejniethom. Tg\u0127allem id-diversi prepo\u017cizzjonijiet u l-u\u017cu tag\u0127hom fis-sentenzi.<\/p>\n\n\n\n<h3 class=\"wp-block-heading\" id=\"h-12-idaafa-genitive-construction\">12. Idaafa (Kostruzzjoni \u0120enittiva):<\/h3>\n\n\n\n<p>Il-kostruzzjoni Idaafa tintu\u017ca biex tesprimi pussess jew relazzjonijiet bejn nomi. Tg\u0127allem ir-regoli u l-mudelli g\u0127all-formazzjoni ta &#8216;kostruzzjonijiet Idaafa, li huma parti integrali mill-grammatika G\u0127arbija.<\/p>\n\n\n\n<h3 class=\"wp-block-heading\" id=\"h-13-sentence-structure\">13. Struttura tas-sentenza:<\/h3>\n\n\n\n<p>Is-sentenzi G\u0127arbi jistg\u0127u jkunu nominali jew verbali. Tg\u0127allem l-istruttura ba\u017cika ta\u017c-\u017cew\u0121 tipi ta &#8216;sentenzi u prattika li tifforma sentenzi b&#8217;komponenti differenti.<\/p>\n\n\n\n<h3 class=\"wp-block-heading\" id=\"h-14-nominal-and-verbal-sentences\">14. Sentenzi Nominali u Verbali:<\/h3>\n\n\n\n<p>Dive deeper into the differences between <a href=\"https:\/\/talkpal.ai\/grammar\/nominal-and-verbal-sentences-in-arabic-grammar\/\">nominal and verbal sentences<\/a>, and learn how to use them effective in various contexts.<\/p>\n\n\n\n<h3 class=\"wp-block-heading\" id=\"h-15-subject-and-predicate-in-arabic\">15. Su\u0121\u0121ett u Predikat bl-G\u0127arbi:<\/h3>\n\n\n\n<p>Il-fehim tar-rwoli tas-su\u0121\u0121ett u l-predikat fis-sentenzi G\u0127arbi huwa fundamentali g\u0127al komunikazzjoni effettiva. Tg\u0127allem ir-regoli g\u0127all-identifikazzjoni u l-u\u017cu ta&#8217; su\u0121\u0121etti u predikati f&#8217;tipi differenti ta&#8217; sentenzi.<\/p>\n<\/div><\/div>\n\r\n<section class=\"learnNavigationSection\">\r\n            \r\n        <a href=\"https:\/\/talkpal.ai\/mt\/tghallem-l-gharbi\/\">\r\n            <div class=\"learnNavigationWrapper\">\r\n                <div class=\"learnNavigationContent\">\r\n                    <img decoding=\"async\" src=\"https:\/\/talkpal.ai\/wp-content\/uploads\/2024\/08\/Arabic.jpg\" alt=\"Arabic Flag\">\r\n                    <div>\r\n                        <h4>Dwar it-Tag\u0127lim tal-G\u0127arbi<\/h4>\r\n                        <p>Sir af kollox dwar il-grammatika G\u0127arbija.<\/p>\r\n                    <\/div>\r\n                <\/div>\r\n            <\/div>\r\n        <\/a>\r\n\r\n        \r\n        <a href=\"https:\/\/talkpal.ai\/mt\/grammatika-gharbija\/\">\r\n            <div class=\"learnNavigationWrapper\">\r\n                <div class=\"learnNavigationContent\">\r\n                    <img decoding=\"async\" src=\"https:\/\/talkpal.ai\/wp-content\/uploads\/2024\/08\/Arabic.jpg\" alt=\"Arabic Flag\">\r\n                    <div>\r\n                        <h4>Lezzjonijiet tal-Grammatika G\u0127arbija<\/h4>\r\n                        <p>Ipprattika grammatika G\u0127arbija.<\/p>\r\n                    <\/div>\r\n                <\/div>\r\n            <\/div>\r\n        <\/a>\r\n\r\n        \r\n        <a href=\"https:\/\/talkpal.ai\/vocabulary_language\/arabic\/\">\r\n            <div class=\"learnNavigationWrapper\">\r\n                <div class=\"learnNavigationContent\">\r\n                    <img decoding=\"async\" src=\"https:\/\/talkpal.ai\/wp-content\/uploads\/2024\/08\/Arabic.jpg\" alt=\"Arabic Flag\">\r\n                    <div>\r\n                        <h4>Vokabularju G\u0127arbi<\/h4>\r\n                        <p>Espandi l-vokabularju G\u0127arbi tieg\u0127ek.<\/p>\r\n                    <\/div>\r\n                <\/div>\r\n            <\/div>\r\n        <\/a>\r\n\r\n            <\/section>","protected":false},"excerpt":{"rendered":"<p>Su\u0121\u0121etti tal-Grammatika G\u0127arbija Il-lingwa G\u0127arbija, bl-istorja rikka u s-sinifikat kulturali tag\u0127ha, hija sforz affaxxinanti u ta&#8217; sodisfazzjon g\u0127al dawk li jitg\u0127allmu l-lingwi. B\u0127ala wa\u0127da mis-sitt lingwi uffi\u010bjali tan-Nazzjonijiet Uniti u mitkellma minn aktar minn 420 miljun ru\u0127 madwar id-dinja, it-tag\u0127lim tal-G\u0127arbi jifta\u0127 opportunitajiet g\u0127al komunikazzjoni u fehim globali. Madankollu, il-\u0127akma tal-lingwa te\u0127tie\u0121 fehim bir-reqqa tar-regoli [&hellip;]<\/p>\n","protected":false},"author":6,"featured_media":1441425,"parent":0,"menu_order":0,"comment_status":"closed","ping_status":"closed","template":"LearningContentPage.php","meta":{"_acf_changed":false,"footnotes":""},"class_list":["post-1446417","page","type-page","status-publish","has-post-thumbnail","hentry"],"acf":[],"yoast_head":"<!-- This site is optimized with the Yoast SEO Premium plugin v27.2 (Yoast SEO v27.2) - https:\/\/yoast.com\/product\/yoast-seo-premium-wordpress\/ -->\n<title>E\u017cer\u010bizzji tal-Grammatika G\u0127arbija - Talkpal<\/title>\n<meta name=\"description\" content=\"Ittejjeb il-fehim tieg\u0127ek b&#039;e\u017cer\u010bizzji tal-grammatika G\u0127arbija li jkopru regoli u strutturi essenzjali g\u0127all-\u0127akma tal-lingwa.\" \/>\n<meta name=\"robots\" content=\"index, follow, max-snippet:-1, max-image-preview:large, max-video-preview:-1\" \/>\n<link rel=\"canonical\" href=\"https:\/\/talkpal.ai\/mt\/ezercizzji-tal-grammatika-gharbija\/\" \/>\n<meta property=\"og:locale\" content=\"mt_MT\" \/>\n<meta property=\"og:type\" content=\"article\" \/>\n<meta property=\"og:title\" content=\"E\u017cer\u010bizzji tal-Grammatika G\u0127arbija\" \/>\n<meta property=\"og:description\" content=\"Su\u0121\u0121etti tal-Grammatika G\u0127arbija Il-lingwa G\u0127arbija, bl-istorja rikka u s-sinifikat kulturali tag\u0127ha, hija sforz affaxxinanti u ta&#039; sodisfazzjon g\u0127al dawk\" \/>\n<meta property=\"og:url\" content=\"https:\/\/talkpal.ai\/mt\/ezercizzji-tal-grammatika-gharbija\/\" \/>\n<meta property=\"og:site_name\" content=\"Talkpal\" \/>\n<meta property=\"article:publisher\" content=\"https:\/\/www.facebook.com\/profile.php?id=100090733639311\" \/>\n<meta property=\"article:modified_time\" content=\"2025-09-06T20:51:21+00:00\" \/>\n<meta property=\"og:image\" content=\"https:\/\/talkpal.ai\/wp-content\/uploads\/2023\/04\/arabic-united-arab-emirates.png\" \/>\n\t<meta property=\"og:image:width\" content=\"512\" \/>\n\t<meta property=\"og:image:height\" content=\"512\" \/>\n\t<meta property=\"og:image:type\" content=\"image\/png\" \/>\n<meta name=\"twitter:card\" content=\"summary_large_image\" \/>\n<meta name=\"twitter:site\" content=\"@talkpalai\" \/>\n<meta name=\"twitter:label1\" content=\"Est. reading time\" \/>\n\t<meta name=\"twitter:data1\" content=\"3 minutes\" \/>\n<script type=\"application\/ld+json\" class=\"yoast-schema-graph\">{\"@context\":\"https:\/\/schema.org\",\"@graph\":[{\"@type\":\"WebPage\",\"@id\":\"https:\/\/talkpal.ai\/mt\/ezercizzji-tal-grammatika-gharbija\/\",\"url\":\"https:\/\/talkpal.ai\/mt\/ezercizzji-tal-grammatika-gharbija\/\",\"name\":\"E\u017cer\u010bizzji tal-Grammatika G\u0127arbija - Talkpal\",\"isPartOf\":{\"@id\":\"https:\/\/talkpal.ai\/mt\/#website\"},\"primaryImageOfPage\":{\"@id\":\"https:\/\/talkpal.ai\/mt\/ezercizzji-tal-grammatika-gharbija\/#primaryimage\"},\"image\":{\"@id\":\"https:\/\/talkpal.ai\/mt\/ezercizzji-tal-grammatika-gharbija\/#primaryimage\"},\"thumbnailUrl\":\"https:\/\/talkpal.ai\/wp-content\/uploads\/2023\/04\/arabic-united-arab-emirates.png\",\"datePublished\":\"2023-06-16T09:31:38+00:00\",\"dateModified\":\"2025-09-06T20:51:21+00:00\",\"description\":\"Ittejjeb il-fehim tieg\u0127ek b'e\u017cer\u010bizzji tal-grammatika G\u0127arbija li jkopru regoli u strutturi essenzjali g\u0127all-\u0127akma tal-lingwa.\",\"breadcrumb\":{\"@id\":\"https:\/\/talkpal.ai\/mt\/ezercizzji-tal-grammatika-gharbija\/#breadcrumb\"},\"inLanguage\":\"mt-MT\",\"potentialAction\":[{\"@type\":\"ReadAction\",\"target\":[\"https:\/\/talkpal.ai\/mt\/ezercizzji-tal-grammatika-gharbija\/\"]}]},{\"@type\":\"ImageObject\",\"inLanguage\":\"mt-MT\",\"@id\":\"https:\/\/talkpal.ai\/mt\/ezercizzji-tal-grammatika-gharbija\/#primaryimage\",\"url\":\"https:\/\/talkpal.ai\/wp-content\/uploads\/2023\/04\/arabic-united-arab-emirates.png\",\"contentUrl\":\"https:\/\/talkpal.ai\/wp-content\/uploads\/2023\/04\/arabic-united-arab-emirates.png\",\"width\":512,\"height\":512,\"caption\":\"TalkPal Catalan Flag\"},{\"@type\":\"BreadcrumbList\",\"@id\":\"https:\/\/talkpal.ai\/mt\/ezercizzji-tal-grammatika-gharbija\/#breadcrumb\",\"itemListElement\":[{\"@type\":\"ListItem\",\"position\":1,\"name\":\"Homepage\",\"item\":\"https:\/\/talkpal.ai\/mt\/\"},{\"@type\":\"ListItem\",\"position\":2,\"name\":\"E\u017cer\u010bizzji tal-Grammatika G\u0127arbija\"}]},{\"@type\":\"WebSite\",\"@id\":\"https:\/\/talkpal.ai\/mt\/#website\",\"url\":\"https:\/\/talkpal.ai\/mt\/\",\"name\":\"Talkpal\",\"description\":\"AI Language Learning\",\"publisher\":{\"@id\":\"https:\/\/talkpal.ai\/mt\/#organization\"},\"alternateName\":\"Talkpal AI\",\"potentialAction\":[{\"@type\":\"SearchAction\",\"target\":{\"@type\":\"EntryPoint\",\"urlTemplate\":\"https:\/\/talkpal.ai\/mt\/?s={search_term_string}\"},\"query-input\":{\"@type\":\"PropertyValueSpecification\",\"valueRequired\":true,\"valueName\":\"search_term_string\"}}],\"inLanguage\":\"mt-MT\"},{\"@type\":\"Organization\",\"@id\":\"https:\/\/talkpal.ai\/mt\/#organization\",\"name\":\"Talkpal, Inc.\",\"alternateName\":\"Talkpal AI\",\"url\":\"https:\/\/talkpal.ai\/mt\/\",\"logo\":{\"@type\":\"ImageObject\",\"inLanguage\":\"mt-MT\",\"@id\":\"https:\/\/talkpal.ai\/mt\/#\/schema\/logo\/image\/\",\"url\":\"https:\/\/talkpal.ai\/wp-content\/uploads\/2024\/03\/Talkpal-Logo-Icon.png\",\"contentUrl\":\"https:\/\/talkpal.ai\/wp-content\/uploads\/2024\/03\/Talkpal-Logo-Icon.png\",\"width\":2880,\"height\":2880,\"caption\":\"Talkpal, Inc.\"},\"image\":{\"@id\":\"https:\/\/talkpal.ai\/mt\/#\/schema\/logo\/image\/\"},\"sameAs\":[\"https:\/\/www.facebook.com\/profile.php?id=100090733639311\",\"https:\/\/x.com\/talkpalai\",\"https:\/\/www.linkedin.com\/company\/talkpal\/\",\"https:\/\/www.youtube.com\/@TalkPal\/\",\"https:\/\/www.tiktok.com\/@talkpal\",\"https:\/\/www.instagram.com\/talkpal_ai\/\",\"https:\/\/www.crunchbase.com\/organization\/talkpal-9cde\",\"https:\/\/www.g2.com\/products\/talkpal-for-business\/\",\"https:\/\/www.trustpilot.com\/review\/talkpal.ai\",\"https:\/\/www.capterra.com\/p\/10006800\/TalkPal\/\"],\"description\":\"Talkpal is a language learning web and mobile education app, powered by the latest AI technologies, that provides engaging experiences to its customers in many different languages to help them improve their language skills. Users can chat about unlimited amount of topics with the app and use other modes to practice their language learning.\",\"email\":\"support@talkpal.ai\",\"legalName\":\"Talkpal, Inc.\",\"foundingDate\":\"2023-04-03\",\"duns\":\"118989042\",\"numberOfEmployees\":{\"@type\":\"QuantitativeValue\",\"minValue\":\"11\",\"maxValue\":\"50\"},\"publishingPrinciples\":\"https:\/\/talkpal.ai\/publishing-principles\/\",\"actionableFeedbackPolicy\":\"https:\/\/talkpal.ai\/actionable-feedback-policy\/\",\"correctionsPolicy\":\"https:\/\/talkpal.ai\/corrections-policy\/\",\"ethicsPolicy\":\"https:\/\/talkpal.ai\/ethics-policy\/\",\"diversityPolicy\":\"https:\/\/talkpal.ai\/diversity-policy\/\",\"diversityStaffingReport\":\"https:\/\/talkpal.ai\/diversity-policy\/\"}]}<\/script>\n<!-- \/ Yoast SEO Premium plugin. -->","yoast_head_json":{"title":"E\u017cer\u010bizzji tal-Grammatika G\u0127arbija - Talkpal","description":"Ittejjeb il-fehim tieg\u0127ek b'e\u017cer\u010bizzji tal-grammatika G\u0127arbija li jkopru regoli u strutturi essenzjali g\u0127all-\u0127akma tal-lingwa.","robots":{"index":"index","follow":"follow","max-snippet":"max-snippet:-1","max-image-preview":"max-image-preview:large","max-video-preview":"max-video-preview:-1"},"canonical":"https:\/\/talkpal.ai\/mt\/ezercizzji-tal-grammatika-gharbija\/","og_locale":"mt_MT","og_type":"article","og_title":"E\u017cer\u010bizzji tal-Grammatika G\u0127arbija","og_description":"Su\u0121\u0121etti tal-Grammatika G\u0127arbija Il-lingwa G\u0127arbija, bl-istorja rikka u s-sinifikat kulturali tag\u0127ha, hija sforz affaxxinanti u ta' sodisfazzjon g\u0127al dawk","og_url":"https:\/\/talkpal.ai\/mt\/ezercizzji-tal-grammatika-gharbija\/","og_site_name":"Talkpal","article_publisher":"https:\/\/www.facebook.com\/profile.php?id=100090733639311","article_modified_time":"2025-09-06T20:51:21+00:00","og_image":[{"width":512,"height":512,"url":"https:\/\/talkpal.ai\/wp-content\/uploads\/2023\/04\/arabic-united-arab-emirates.png","type":"image\/png"}],"twitter_card":"summary_large_image","twitter_site":"@talkpalai","twitter_misc":{"Est. reading time":"3 minutes"},"schema":{"@context":"https:\/\/schema.org","@graph":[{"@type":"WebPage","@id":"https:\/\/talkpal.ai\/mt\/ezercizzji-tal-grammatika-gharbija\/","url":"https:\/\/talkpal.ai\/mt\/ezercizzji-tal-grammatika-gharbija\/","name":"E\u017cer\u010bizzji tal-Grammatika G\u0127arbija - Talkpal","isPartOf":{"@id":"https:\/\/talkpal.ai\/mt\/#website"},"primaryImageOfPage":{"@id":"https:\/\/talkpal.ai\/mt\/ezercizzji-tal-grammatika-gharbija\/#primaryimage"},"image":{"@id":"https:\/\/talkpal.ai\/mt\/ezercizzji-tal-grammatika-gharbija\/#primaryimage"},"thumbnailUrl":"https:\/\/talkpal.ai\/wp-content\/uploads\/2023\/04\/arabic-united-arab-emirates.png","datePublished":"2023-06-16T09:31:38+00:00","dateModified":"2025-09-06T20:51:21+00:00","description":"Ittejjeb il-fehim tieg\u0127ek b'e\u017cer\u010bizzji tal-grammatika G\u0127arbija li jkopru regoli u strutturi essenzjali g\u0127all-\u0127akma tal-lingwa.","breadcrumb":{"@id":"https:\/\/talkpal.ai\/mt\/ezercizzji-tal-grammatika-gharbija\/#breadcrumb"},"inLanguage":"mt-MT","potentialAction":[{"@type":"ReadAction","target":["https:\/\/talkpal.ai\/mt\/ezercizzji-tal-grammatika-gharbija\/"]}]},{"@type":"ImageObject","inLanguage":"mt-MT","@id":"https:\/\/talkpal.ai\/mt\/ezercizzji-tal-grammatika-gharbija\/#primaryimage","url":"https:\/\/talkpal.ai\/wp-content\/uploads\/2023\/04\/arabic-united-arab-emirates.png","contentUrl":"https:\/\/talkpal.ai\/wp-content\/uploads\/2023\/04\/arabic-united-arab-emirates.png","width":512,"height":512,"caption":"TalkPal Catalan Flag"},{"@type":"BreadcrumbList","@id":"https:\/\/talkpal.ai\/mt\/ezercizzji-tal-grammatika-gharbija\/#breadcrumb","itemListElement":[{"@type":"ListItem","position":1,"name":"Homepage","item":"https:\/\/talkpal.ai\/mt\/"},{"@type":"ListItem","position":2,"name":"E\u017cer\u010bizzji tal-Grammatika G\u0127arbija"}]},{"@type":"WebSite","@id":"https:\/\/talkpal.ai\/mt\/#website","url":"https:\/\/talkpal.ai\/mt\/","name":"Talkpal","description":"AI Language Learning","publisher":{"@id":"https:\/\/talkpal.ai\/mt\/#organization"},"alternateName":"Talkpal AI","potentialAction":[{"@type":"SearchAction","target":{"@type":"EntryPoint","urlTemplate":"https:\/\/talkpal.ai\/mt\/?s={search_term_string}"},"query-input":{"@type":"PropertyValueSpecification","valueRequired":true,"valueName":"search_term_string"}}],"inLanguage":"mt-MT"},{"@type":"Organization","@id":"https:\/\/talkpal.ai\/mt\/#organization","name":"Talkpal, Inc.","alternateName":"Talkpal AI","url":"https:\/\/talkpal.ai\/mt\/","logo":{"@type":"ImageObject","inLanguage":"mt-MT","@id":"https:\/\/talkpal.ai\/mt\/#\/schema\/logo\/image\/","url":"https:\/\/talkpal.ai\/wp-content\/uploads\/2024\/03\/Talkpal-Logo-Icon.png","contentUrl":"https:\/\/talkpal.ai\/wp-content\/uploads\/2024\/03\/Talkpal-Logo-Icon.png","width":2880,"height":2880,"caption":"Talkpal, Inc."},"image":{"@id":"https:\/\/talkpal.ai\/mt\/#\/schema\/logo\/image\/"},"sameAs":["https:\/\/www.facebook.com\/profile.php?id=100090733639311","https:\/\/x.com\/talkpalai","https:\/\/www.linkedin.com\/company\/talkpal\/","https:\/\/www.youtube.com\/@TalkPal\/","https:\/\/www.tiktok.com\/@talkpal","https:\/\/www.instagram.com\/talkpal_ai\/","https:\/\/www.crunchbase.com\/organization\/talkpal-9cde","https:\/\/www.g2.com\/products\/talkpal-for-business\/","https:\/\/www.trustpilot.com\/review\/talkpal.ai","https:\/\/www.capterra.com\/p\/10006800\/TalkPal\/"],"description":"Talkpal is a language learning web and mobile education app, powered by the latest AI technologies, that provides engaging experiences to its customers in many different languages to help them improve their language skills. Users can chat about unlimited amount of topics with the app and use other modes to practice their language learning.","email":"support@talkpal.ai","legalName":"Talkpal, Inc.","foundingDate":"2023-04-03","duns":"118989042","numberOfEmployees":{"@type":"QuantitativeValue","minValue":"11","maxValue":"50"},"publishingPrinciples":"https:\/\/talkpal.ai\/publishing-principles\/","actionableFeedbackPolicy":"https:\/\/talkpal.ai\/actionable-feedback-policy\/","correctionsPolicy":"https:\/\/talkpal.ai\/corrections-policy\/","ethicsPolicy":"https:\/\/talkpal.ai\/ethics-policy\/","diversityPolicy":"https:\/\/talkpal.ai\/diversity-policy\/","diversityStaffingReport":"https:\/\/talkpal.ai\/diversity-policy\/"}]}},"_links":{"self":[{"href":"https:\/\/talkpal.ai\/mt\/wp-json\/wp\/v2\/pages\/1446417","targetHints":{"allow":["GET"]}}],"collection":[{"href":"https:\/\/talkpal.ai\/mt\/wp-json\/wp\/v2\/pages"}],"about":[{"href":"https:\/\/talkpal.ai\/mt\/wp-json\/wp\/v2\/types\/page"}],"author":[{"embeddable":true,"href":"https:\/\/talkpal.ai\/mt\/wp-json\/wp\/v2\/users\/6"}],"replies":[{"embeddable":true,"href":"https:\/\/talkpal.ai\/mt\/wp-json\/wp\/v2\/comments?post=1446417"}],"version-history":[{"count":0,"href":"https:\/\/talkpal.ai\/mt\/wp-json\/wp\/v2\/pages\/1446417\/revisions"}],"wp:featuredmedia":[{"embeddable":true,"href":"https:\/\/talkpal.ai\/mt\/wp-json\/wp\/v2\/media\/1441425"}],"wp:attachment":[{"href":"https:\/\/talkpal.ai\/mt\/wp-json\/wp\/v2\/media?parent=1446417"}],"curies":[{"name":"wp","href":"https:\/\/api.w.org\/{rel}","templated":true}]}}