{"id":1446394,"date":"2023-06-16T10:42:00","date_gmt":"2023-06-16T10:42:00","guid":{"rendered":"https:\/\/talkpal.ai\/ezercizzji-tal-grammatika-portugiza\/"},"modified":"2025-12-17T16:16:50","modified_gmt":"2025-12-17T16:16:50","slug":"ezercizzji-tal-grammatika-portugiza","status":"publish","type":"page","link":"https:\/\/talkpal.ai\/mt\/ezercizzji-tal-grammatika-portugiza\/","title":{"rendered":"E\u017cer\u010bizzji tal-Grammatika Portugi\u017ca"},"content":{"rendered":"\r\n\r\n\r\n<section class=\"languageChallengeSection\">\r\n    <div class=\"languageInfoWrapper\">\r\n        \r\n        <h1>E\u017cer\u010bizzji tal-Grammatika Portugi\u017ca<\/h1>\r\n        <p>\u0126erqana li ssa\u0127\u0127a\u0127 il-\u0127iliet Portugi\u017ci tieg\u0127ek? Aqbe\u017c fil-prattika tal-grammatika biex tikkontrolla l-istruttura tas-sentenza, il-konjugazzjonijiet tal-verb, u l-mudelli uni\u010bi tal-lingwa Portugi\u017ca. Ibda tipprattika l-<a href=\"https:\/\/talkpal.ai\/portuguese-grammar\/\">grammatika Portugi\u017ca<\/a> issa u ara l-kunfidenza u l-fluwenza tieg\u0127ek jikbru ma &#039;kull e\u017cer\u010bizzju!<\/p>\r\n\r\n                            <a class=\"getStartedHidden\" href=\"https:\/\/app.talkpal.ai\/signup?lng=\">Ibda<\/a>\r\n        \r\n    <\/div>\r\n\r\n    <figure>\r\n    <img decoding=\"async\" width=\"768\" height=\"768\" src=\"https:\/\/talkpal.ai\/wp-content\/uploads\/2023\/06\/portuguese-768x768.png\" class=\"languageImage no-lazy\" alt=\"Language learning for broader world view\" fetchpriority=\"high\" sizes=\"(max-width: 768px) 150px, 768px\" srcset=\"https:\/\/talkpal.ai\/wp-content\/uploads\/2023\/06\/portuguese-768x768.png 768w, https:\/\/talkpal.ai\/wp-content\/uploads\/2023\/06\/portuguese-300x300.png 300w\" \/>\r\n    \r\n\r\n    <\/figure>\r\n\r\n            <a class=\"getStartedVisible\" href=\"https:\/\/app.talkpal.ai\/signup?lng=\">Ibda<\/a>\r\n    \r\n<\/section>\r\n\r\n\r\n<!-- <section class=\"grammarSection\">\r\n    <div class=\"grammarLinks\">\r\n            <\/div>\r\n<\/section> -->\r\n\r\n\r\n\r\n\r\n<section class=\"promotionalBanner\">\r\n    <p class=\"promotionalText\">L-aktar mod effi\u010bjenti biex titg\u0127allem lingwa<\/p>\r\n    <a class=\"promotionalLink\" href=\"https:\/\/app.talkpal.ai\/signup?lng=\">Ipprova Talkpal b&#8217;xejn<\/a>\r\n<\/section>\n<div class=\"wp-block-group pageContainerStyle\"><div class=\"wp-block-group__inner-container is-layout-constrained wp-block-group-is-layout-constrained\">\n<h2 class=\"wp-block-heading\" id=\"h-portuguese-grammar-topics\">Su\u0121\u0121etti tal-Grammatika Portugi\u017ca<\/h2>\n\n\n\n<p>It-tag\u0127lim ta &#8216;lingwa \u0121dida jista&#8217; jkun esperjenza e\u010b\u010bitanti u ta &#8216;sodisfazzjon, u l-<a href=\"https:\/\/talkpal.ai\/learn-portuguese\/\">Portugi\u017c<\/a> mhix e\u010b\u010bezzjoni. B\u0127ala s-sitt lingwa l-aktar mitkellma fid-dinja, toffri bosta opportunitajiet g\u0127al tkabbir personali u professjonali. Il-fehim u l-\u0127akma tal-kumplessitajiet lingwisti\u010bi u l-grammatika tag\u0127ha jistg\u0127u jift\u0127u l-bibien g\u0127al esperjenzi kulturali sinjuri f&#8217;pajji\u017ci b\u0127all-Portugall, il-Bra\u017cil, u diversi nazzjonijiet Afrikani. Biex tiffa\u010bilita l-vja\u0121\u0121 tieg\u0127ek fid-dinja tal-Portugi\u017c, din il-gwida tiddeskrivi s-sekwenza tas-su\u0121\u0121etti tal-grammatika li g\u0127andek issegwi, u ti\u017cgura li tibni pedament b&#8217;sa\u0127\u0127tu u timxi &#8216;l quddiem b&#8217;pass komdu.<\/p>\n\n\n\n<h3 class=\"wp-block-heading\" id=\"h-1-articles\">1. Artikoli:<\/h3>\n\n\n\n<p>Ibda bit-tag\u0127lim ta&#8217; artikli definiti u indefiniti, li huma elementi essenzjali tal-lingwa. Dawn jipprovdu qafas biex wie\u0127ed jifhem is-sess u n-numru ta&#8217; nomi fis-sentenzi.<\/p>\n\n\n\n<h3 class=\"wp-block-heading\" id=\"h-2-nouns\">2. Nomi:<\/h3>\n\n\n\n<p>Familjarizza ru\u0127ek man-nomi Portugi\u017ci, inklu\u017c is-sess tag\u0127hom (maskili jew femminili) u n-numru (singular jew plural). Dan l-g\u0127arfien se jkun kru\u010bjali g\u0127all-formazzjoni ta&#8217; sentenzi koerenti u ftehimiet ma&#8217; elementi o\u0127ra, b\u0127al a\u0121\u0121ettivi.<\/p>\n\n\n\n<h3 class=\"wp-block-heading\" id=\"h-3-adjectives\">3. A\u0121\u0121ettivi:<\/h3>\n\n\n\n<p>Tg\u0127allem kif tiddeskrivi nomi billi tu\u017ca a\u0121\u0121ettivi, li g\u0127andhom jaqblu man-nom fis-sess, u n-numru. Dan se jtejjeb il-\u0127ila tieg\u0127ek li tesprimi ideat u tiddeskrivi o\u0121\u0121etti jew nies bil-Portugi\u017c.<\/p>\n\n\n\n<h3 class=\"wp-block-heading\" id=\"h-4-pronouns\">4. Pronomi:<\/h3>\n\n\n\n<p>G\u0127addas fid-dinja tal-pronomi, inklu\u017ci <a href=\"https:\/\/talkpal.ai\/ar\/grammar_exercises\/pronomi-personali-%d8%aa%d9%85%d8%a7%d8%b1%d9%8a%d9%86-%d9%84%d9%84%d9%82%d9%88%d8%a7%d8%b9%d8%af-%d8%a7%d9%84%d8%a5%d9%8a%d8%b7%d8%a7%d9%84%d9%8a%d8%a9\/\">pronomi personali<\/a>, possessivi, dimostrattivi u relattivi. Dawn jissostitwixxu nomi fis-sentenzi u jg\u0127inu biex ti\u0121i evitata ripetizzjoni bla b\u017conn.<\/p>\n\n\n\n<h3 class=\"wp-block-heading\" id=\"h-5-verbs\">5. Verbi:<\/h3>\n\n\n\n<p>Jifhmu l-konjugazzjonijiet tal-verbi differenti fil-Portugi\u017c, li huma essenzjali g\u0127all-espressjoni ta&#8217; azzjonijiet, avvenimenti u stati. Ibda bil-verbi regolari, u mbag\u0127ad g\u0127addi g\u0127all-verbi irregolari u l-konjugazzjonijiet varji tag\u0127hom.<\/p>\n\n\n\n<h3 class=\"wp-block-heading\" id=\"h-6-tenses-indicative\">6. Tempi Indikattivi:<\/h3>\n\n\n\n<p>Tg\u0127allem il-burdata indikattiva, li tintu\u017ca biex tesprimi fatti jew \u010bertezza. Dan jinkludi l-fehim tat-tempi differenti b\u0127all-pre\u017cent, il-passat u l-futur, kif ukoll il-konjugazzjonijiet tag\u0127hom g\u0127al tipi differenti ta &#8216;verbi.<\/p>\n\n\n\n<h3 class=\"wp-block-heading\" id=\"h-7-tenses-subjunctive\">7. Tenses Subjunctive:<\/h3>\n\n\n\n<p>T\u0127affef fil-burdata subjunctive, li twassal dubju, possibbilt\u00e0, jew in\u010bertezza. Dan jinkludi t-tag\u0127lim tat-tempi subkon\u0121untivi pre\u017centi, passati u futuri, u l-konjugazzjonijiet rispettivi tag\u0127hom.<\/p>\n\n\n\n<h3 class=\"wp-block-heading\" id=\"h-8-tense-comparison\">8. Paragun tat-tensjoni:<\/h3>\n\n\n\n<p>Studja kif tqabbel u tikkuntrasta t-tempi differenti kemm fil-burdati indikattivi kif ukoll fis-subjunctive. Dan jg\u0127inek tag\u0127\u017cel it-temp xieraq g\u0127al diversi kuntesti u sitwazzjonijiet.<\/p>\n\n\n\n<h3 class=\"wp-block-heading\" id=\"h-9-adverbs\">9. Avverbji:<\/h3>\n\n\n\n<p>Tg\u0127allem dwar l-avverbji, li jimmodifikaw verbi, a\u0121\u0121ettivi, jew avverbji o\u0127ra, u jipprovdu informazzjoni addizzjonali dwar il-mod, il-post, jew il-\u0127in ta &#8216;azzjoni.<\/p>\n\n\n\n<h3 class=\"wp-block-heading\" id=\"h-10-prepositions\">10. Prepo\u017cizzjonijiet:<\/h3>\n\n\n\n<p>Familjarizza ru\u0127ek mal-u\u017cu ta &#8216;prepo\u017cizzjonijiet, li jistabbilixxu relazzjonijiet bejn kliem f&#8217;sentenza, b\u0127al post, direzzjoni, \u0127in, jew skop.<\/p>\n\n\n\n<h3 class=\"wp-block-heading\" id=\"h-11-sentence-structure\">11. Struttura tas-sentenza:<\/h3>\n\n\n\n<p>Fl-a\u0127\u0127arnett, tifhem l-istruttura ba\u017cika tas-sentenza fil-Portugi\u017c, inklu\u017c l-ordni tal-kliem, in-negazzjoni, u l-formazzjoni ta &#8216;mistoqsijiet. Dan jippermettilek tibni sentenzi sinifikanti u grammatikalment korretti, li jippermettu komunikazzjoni effettiva fil-lingwa Portugi\u017ca.<\/p>\n<\/div><\/div>\n\r\n<section class=\"learnNavigationSection\">\r\n            \r\n        <a href=\"https:\/\/talkpal.ai\/mt\/tghallem-il-portugiz\/\">\r\n            <div class=\"learnNavigationWrapper\">\r\n                <div class=\"learnNavigationContent\">\r\n                    <img decoding=\"async\" src=\"https:\/\/talkpal.ai\/wp-content\/uploads\/2024\/08\/Portuguese.jpg\" alt=\"Portuguese Flag\">\r\n                    <div>\r\n                        <h4>Dwar it-Tag\u0127lim tal-Portugall<\/h4>\r\n                        <p>Sir af kollox dwar il-grammatika tal-Portugall.<\/p>\r\n                    <\/div>\r\n                <\/div>\r\n            <\/div>\r\n        <\/a>\r\n\r\n        \r\n        <a href=\"https:\/\/talkpal.ai\/mt\/grammatika-portugiza\/\">\r\n            <div class=\"learnNavigationWrapper\">\r\n                <div class=\"learnNavigationContent\">\r\n                    <img decoding=\"async\" src=\"https:\/\/talkpal.ai\/wp-content\/uploads\/2024\/08\/Portuguese.jpg\" alt=\"Portuguese Flag\">\r\n                    <div>\r\n                        <h4>Lezzjonijiet tal-Grammatika Portugi\u017ca<\/h4>\r\n                        <p>Ipprattika l-grammatika Portugi\u017ca.<\/p>\r\n                    <\/div>\r\n                <\/div>\r\n            <\/div>\r\n        <\/a>\r\n\r\n        \r\n        <a href=\"https:\/\/talkpal.ai\/vocabulary_language\/portuguese\/\">\r\n            <div class=\"learnNavigationWrapper\">\r\n                <div class=\"learnNavigationContent\">\r\n                    <img decoding=\"async\" src=\"https:\/\/talkpal.ai\/wp-content\/uploads\/2024\/08\/Portuguese.jpg\" alt=\"Portuguese Flag\">\r\n                    <div>\r\n                        <h4>Vokabularju Portugi\u017c<\/h4>\r\n                        <p>Espandi l-vokabularju Portugi\u017c tieg\u0127ek.<\/p>\r\n                    <\/div>\r\n                <\/div>\r\n            <\/div>\r\n        <\/a>\r\n\r\n            <\/section>","protected":false},"excerpt":{"rendered":"<p>Su\u0121\u0121etti tal-Grammatika Portugi\u017ca It-tag\u0127lim ta &#8216;lingwa \u0121dida jista&#8217; jkun esperjenza e\u010b\u010bitanti u ta &#8216;sodisfazzjon, u l-Portugi\u017c mhix e\u010b\u010bezzjoni. B\u0127ala s-sitt lingwa l-aktar mitkellma fid-dinja, toffri bosta opportunitajiet g\u0127al tkabbir personali u professjonali. Il-fehim u l-\u0127akma tal-kumplessitajiet lingwisti\u010bi u l-grammatika tag\u0127ha jistg\u0127u jift\u0127u l-bibien g\u0127al esperjenzi kulturali sinjuri f&#8217;pajji\u017ci b\u0127all-Portugall, il-Bra\u017cil, u diversi nazzjonijiet Afrikani. Biex [&hellip;]<\/p>\n","protected":false},"author":6,"featured_media":1439908,"parent":0,"menu_order":0,"comment_status":"closed","ping_status":"closed","template":"LearningContentPage.php","meta":{"_acf_changed":false,"footnotes":""},"class_list":["post-1446394","page","type-page","status-publish","has-post-thumbnail","hentry"],"acf":[],"yoast_head":"<!-- This site is optimized with the Yoast SEO Premium plugin v27.2 (Yoast SEO v27.2) - https:\/\/yoast.com\/product\/yoast-seo-premium-wordpress\/ -->\n<title>E\u017cer\u010bizzji tal-Grammatika Portugi\u017ca - Talkpal<\/title>\n<meta name=\"description\" content=\"Sa\u0127\u0127a\u0127 il-\u0127iliet grammatikali Portugi\u017ci tieg\u0127ek b&#039;e\u017cer\u010bizzji interattivi ddisinjati g\u0127al-livelli kollha.\" \/>\n<meta name=\"robots\" content=\"index, follow, max-snippet:-1, max-image-preview:large, max-video-preview:-1\" \/>\n<link rel=\"canonical\" href=\"https:\/\/talkpal.ai\/mt\/ezercizzji-tal-grammatika-portugiza\/\" \/>\n<meta property=\"og:locale\" content=\"mt_MT\" \/>\n<meta property=\"og:type\" content=\"article\" \/>\n<meta property=\"og:title\" content=\"E\u017cer\u010bizzji tal-Grammatika Portugi\u017ca\" \/>\n<meta property=\"og:description\" content=\"Su\u0121\u0121etti tal-Grammatika Portugi\u017ca It-tag\u0127lim ta &#039;lingwa \u0121dida jista&#039; jkun esperjenza e\u010b\u010bitanti u ta &#039;sodisfazzjon, u l-Portugi\u017c mhix e\u010b\u010bezzjoni. B\u0127ala\" \/>\n<meta property=\"og:url\" content=\"https:\/\/talkpal.ai\/mt\/ezercizzji-tal-grammatika-portugiza\/\" \/>\n<meta property=\"og:site_name\" content=\"Talkpal\" \/>\n<meta property=\"article:publisher\" content=\"https:\/\/www.facebook.com\/profile.php?id=100090733639311\" \/>\n<meta property=\"article:modified_time\" content=\"2025-12-17T16:16:50+00:00\" \/>\n<meta property=\"og:image\" content=\"https:\/\/talkpal.ai\/wp-content\/uploads\/2023\/04\/portugal.png\" \/>\n\t<meta property=\"og:image:width\" content=\"512\" \/>\n\t<meta property=\"og:image:height\" content=\"512\" \/>\n\t<meta property=\"og:image:type\" content=\"image\/png\" \/>\n<meta name=\"twitter:card\" content=\"summary_large_image\" \/>\n<meta name=\"twitter:site\" content=\"@talkpalai\" \/>\n<meta name=\"twitter:label1\" content=\"Est. reading time\" \/>\n\t<meta name=\"twitter:data1\" content=\"2 minutes\" \/>\n<script type=\"application\/ld+json\" class=\"yoast-schema-graph\">{\"@context\":\"https:\/\/schema.org\",\"@graph\":[{\"@type\":\"WebPage\",\"@id\":\"https:\/\/talkpal.ai\/mt\/ezercizzji-tal-grammatika-portugiza\/\",\"url\":\"https:\/\/talkpal.ai\/mt\/ezercizzji-tal-grammatika-portugiza\/\",\"name\":\"E\u017cer\u010bizzji tal-Grammatika Portugi\u017ca - Talkpal\",\"isPartOf\":{\"@id\":\"https:\/\/talkpal.ai\/mt\/#website\"},\"primaryImageOfPage\":{\"@id\":\"https:\/\/talkpal.ai\/mt\/ezercizzji-tal-grammatika-portugiza\/#primaryimage\"},\"image\":{\"@id\":\"https:\/\/talkpal.ai\/mt\/ezercizzji-tal-grammatika-portugiza\/#primaryimage\"},\"thumbnailUrl\":\"https:\/\/talkpal.ai\/wp-content\/uploads\/2023\/04\/portugal.png\",\"datePublished\":\"2023-06-16T10:42:00+00:00\",\"dateModified\":\"2025-12-17T16:16:50+00:00\",\"description\":\"Sa\u0127\u0127a\u0127 il-\u0127iliet grammatikali Portugi\u017ci tieg\u0127ek b'e\u017cer\u010bizzji interattivi ddisinjati g\u0127al-livelli kollha.\",\"breadcrumb\":{\"@id\":\"https:\/\/talkpal.ai\/mt\/ezercizzji-tal-grammatika-portugiza\/#breadcrumb\"},\"inLanguage\":\"mt-MT\",\"potentialAction\":[{\"@type\":\"ReadAction\",\"target\":[\"https:\/\/talkpal.ai\/mt\/ezercizzji-tal-grammatika-portugiza\/\"]}]},{\"@type\":\"ImageObject\",\"inLanguage\":\"mt-MT\",\"@id\":\"https:\/\/talkpal.ai\/mt\/ezercizzji-tal-grammatika-portugiza\/#primaryimage\",\"url\":\"https:\/\/talkpal.ai\/wp-content\/uploads\/2023\/04\/portugal.png\",\"contentUrl\":\"https:\/\/talkpal.ai\/wp-content\/uploads\/2023\/04\/portugal.png\",\"width\":512,\"height\":512,\"caption\":\"TalkPal Catalan Flag\"},{\"@type\":\"BreadcrumbList\",\"@id\":\"https:\/\/talkpal.ai\/mt\/ezercizzji-tal-grammatika-portugiza\/#breadcrumb\",\"itemListElement\":[{\"@type\":\"ListItem\",\"position\":1,\"name\":\"Homepage\",\"item\":\"https:\/\/talkpal.ai\/mt\/\"},{\"@type\":\"ListItem\",\"position\":2,\"name\":\"E\u017cer\u010bizzji tal-Grammatika Portugi\u017ca\"}]},{\"@type\":\"WebSite\",\"@id\":\"https:\/\/talkpal.ai\/mt\/#website\",\"url\":\"https:\/\/talkpal.ai\/mt\/\",\"name\":\"Talkpal\",\"description\":\"AI Language Learning\",\"publisher\":{\"@id\":\"https:\/\/talkpal.ai\/mt\/#organization\"},\"alternateName\":\"Talkpal AI\",\"potentialAction\":[{\"@type\":\"SearchAction\",\"target\":{\"@type\":\"EntryPoint\",\"urlTemplate\":\"https:\/\/talkpal.ai\/mt\/?s={search_term_string}\"},\"query-input\":{\"@type\":\"PropertyValueSpecification\",\"valueRequired\":true,\"valueName\":\"search_term_string\"}}],\"inLanguage\":\"mt-MT\"},{\"@type\":\"Organization\",\"@id\":\"https:\/\/talkpal.ai\/mt\/#organization\",\"name\":\"Talkpal, Inc.\",\"alternateName\":\"Talkpal AI\",\"url\":\"https:\/\/talkpal.ai\/mt\/\",\"logo\":{\"@type\":\"ImageObject\",\"inLanguage\":\"mt-MT\",\"@id\":\"https:\/\/talkpal.ai\/mt\/#\/schema\/logo\/image\/\",\"url\":\"https:\/\/talkpal.ai\/wp-content\/uploads\/2024\/03\/Talkpal-Logo-Icon.png\",\"contentUrl\":\"https:\/\/talkpal.ai\/wp-content\/uploads\/2024\/03\/Talkpal-Logo-Icon.png\",\"width\":2880,\"height\":2880,\"caption\":\"Talkpal, Inc.\"},\"image\":{\"@id\":\"https:\/\/talkpal.ai\/mt\/#\/schema\/logo\/image\/\"},\"sameAs\":[\"https:\/\/www.facebook.com\/profile.php?id=100090733639311\",\"https:\/\/x.com\/talkpalai\",\"https:\/\/www.linkedin.com\/company\/talkpal\/\",\"https:\/\/www.youtube.com\/@TalkPal\/\",\"https:\/\/www.tiktok.com\/@talkpal\",\"https:\/\/www.instagram.com\/talkpal_ai\/\",\"https:\/\/www.crunchbase.com\/organization\/talkpal-9cde\",\"https:\/\/www.g2.com\/products\/talkpal-for-business\/\",\"https:\/\/www.trustpilot.com\/review\/talkpal.ai\",\"https:\/\/www.capterra.com\/p\/10006800\/TalkPal\/\"],\"description\":\"Talkpal is a language learning web and mobile education app, powered by the latest AI technologies, that provides engaging experiences to its customers in many different languages to help them improve their language skills. Users can chat about unlimited amount of topics with the app and use other modes to practice their language learning.\",\"email\":\"support@talkpal.ai\",\"legalName\":\"Talkpal, Inc.\",\"foundingDate\":\"2023-04-03\",\"duns\":\"118989042\",\"numberOfEmployees\":{\"@type\":\"QuantitativeValue\",\"minValue\":\"11\",\"maxValue\":\"50\"},\"publishingPrinciples\":\"https:\/\/talkpal.ai\/publishing-principles\/\",\"actionableFeedbackPolicy\":\"https:\/\/talkpal.ai\/actionable-feedback-policy\/\",\"correctionsPolicy\":\"https:\/\/talkpal.ai\/corrections-policy\/\",\"ethicsPolicy\":\"https:\/\/talkpal.ai\/ethics-policy\/\",\"diversityPolicy\":\"https:\/\/talkpal.ai\/diversity-policy\/\",\"diversityStaffingReport\":\"https:\/\/talkpal.ai\/diversity-policy\/\"}]}<\/script>\n<!-- \/ Yoast SEO Premium plugin. -->","yoast_head_json":{"title":"E\u017cer\u010bizzji tal-Grammatika Portugi\u017ca - Talkpal","description":"Sa\u0127\u0127a\u0127 il-\u0127iliet grammatikali Portugi\u017ci tieg\u0127ek b'e\u017cer\u010bizzji interattivi ddisinjati g\u0127al-livelli kollha.","robots":{"index":"index","follow":"follow","max-snippet":"max-snippet:-1","max-image-preview":"max-image-preview:large","max-video-preview":"max-video-preview:-1"},"canonical":"https:\/\/talkpal.ai\/mt\/ezercizzji-tal-grammatika-portugiza\/","og_locale":"mt_MT","og_type":"article","og_title":"E\u017cer\u010bizzji tal-Grammatika Portugi\u017ca","og_description":"Su\u0121\u0121etti tal-Grammatika Portugi\u017ca It-tag\u0127lim ta 'lingwa \u0121dida jista' jkun esperjenza e\u010b\u010bitanti u ta 'sodisfazzjon, u l-Portugi\u017c mhix e\u010b\u010bezzjoni. B\u0127ala","og_url":"https:\/\/talkpal.ai\/mt\/ezercizzji-tal-grammatika-portugiza\/","og_site_name":"Talkpal","article_publisher":"https:\/\/www.facebook.com\/profile.php?id=100090733639311","article_modified_time":"2025-12-17T16:16:50+00:00","og_image":[{"width":512,"height":512,"url":"https:\/\/talkpal.ai\/wp-content\/uploads\/2023\/04\/portugal.png","type":"image\/png"}],"twitter_card":"summary_large_image","twitter_site":"@talkpalai","twitter_misc":{"Est. reading time":"2 minutes"},"schema":{"@context":"https:\/\/schema.org","@graph":[{"@type":"WebPage","@id":"https:\/\/talkpal.ai\/mt\/ezercizzji-tal-grammatika-portugiza\/","url":"https:\/\/talkpal.ai\/mt\/ezercizzji-tal-grammatika-portugiza\/","name":"E\u017cer\u010bizzji tal-Grammatika Portugi\u017ca - Talkpal","isPartOf":{"@id":"https:\/\/talkpal.ai\/mt\/#website"},"primaryImageOfPage":{"@id":"https:\/\/talkpal.ai\/mt\/ezercizzji-tal-grammatika-portugiza\/#primaryimage"},"image":{"@id":"https:\/\/talkpal.ai\/mt\/ezercizzji-tal-grammatika-portugiza\/#primaryimage"},"thumbnailUrl":"https:\/\/talkpal.ai\/wp-content\/uploads\/2023\/04\/portugal.png","datePublished":"2023-06-16T10:42:00+00:00","dateModified":"2025-12-17T16:16:50+00:00","description":"Sa\u0127\u0127a\u0127 il-\u0127iliet grammatikali Portugi\u017ci tieg\u0127ek b'e\u017cer\u010bizzji interattivi ddisinjati g\u0127al-livelli kollha.","breadcrumb":{"@id":"https:\/\/talkpal.ai\/mt\/ezercizzji-tal-grammatika-portugiza\/#breadcrumb"},"inLanguage":"mt-MT","potentialAction":[{"@type":"ReadAction","target":["https:\/\/talkpal.ai\/mt\/ezercizzji-tal-grammatika-portugiza\/"]}]},{"@type":"ImageObject","inLanguage":"mt-MT","@id":"https:\/\/talkpal.ai\/mt\/ezercizzji-tal-grammatika-portugiza\/#primaryimage","url":"https:\/\/talkpal.ai\/wp-content\/uploads\/2023\/04\/portugal.png","contentUrl":"https:\/\/talkpal.ai\/wp-content\/uploads\/2023\/04\/portugal.png","width":512,"height":512,"caption":"TalkPal Catalan Flag"},{"@type":"BreadcrumbList","@id":"https:\/\/talkpal.ai\/mt\/ezercizzji-tal-grammatika-portugiza\/#breadcrumb","itemListElement":[{"@type":"ListItem","position":1,"name":"Homepage","item":"https:\/\/talkpal.ai\/mt\/"},{"@type":"ListItem","position":2,"name":"E\u017cer\u010bizzji tal-Grammatika Portugi\u017ca"}]},{"@type":"WebSite","@id":"https:\/\/talkpal.ai\/mt\/#website","url":"https:\/\/talkpal.ai\/mt\/","name":"Talkpal","description":"AI Language Learning","publisher":{"@id":"https:\/\/talkpal.ai\/mt\/#organization"},"alternateName":"Talkpal AI","potentialAction":[{"@type":"SearchAction","target":{"@type":"EntryPoint","urlTemplate":"https:\/\/talkpal.ai\/mt\/?s={search_term_string}"},"query-input":{"@type":"PropertyValueSpecification","valueRequired":true,"valueName":"search_term_string"}}],"inLanguage":"mt-MT"},{"@type":"Organization","@id":"https:\/\/talkpal.ai\/mt\/#organization","name":"Talkpal, Inc.","alternateName":"Talkpal AI","url":"https:\/\/talkpal.ai\/mt\/","logo":{"@type":"ImageObject","inLanguage":"mt-MT","@id":"https:\/\/talkpal.ai\/mt\/#\/schema\/logo\/image\/","url":"https:\/\/talkpal.ai\/wp-content\/uploads\/2024\/03\/Talkpal-Logo-Icon.png","contentUrl":"https:\/\/talkpal.ai\/wp-content\/uploads\/2024\/03\/Talkpal-Logo-Icon.png","width":2880,"height":2880,"caption":"Talkpal, Inc."},"image":{"@id":"https:\/\/talkpal.ai\/mt\/#\/schema\/logo\/image\/"},"sameAs":["https:\/\/www.facebook.com\/profile.php?id=100090733639311","https:\/\/x.com\/talkpalai","https:\/\/www.linkedin.com\/company\/talkpal\/","https:\/\/www.youtube.com\/@TalkPal\/","https:\/\/www.tiktok.com\/@talkpal","https:\/\/www.instagram.com\/talkpal_ai\/","https:\/\/www.crunchbase.com\/organization\/talkpal-9cde","https:\/\/www.g2.com\/products\/talkpal-for-business\/","https:\/\/www.trustpilot.com\/review\/talkpal.ai","https:\/\/www.capterra.com\/p\/10006800\/TalkPal\/"],"description":"Talkpal is a language learning web and mobile education app, powered by the latest AI technologies, that provides engaging experiences to its customers in many different languages to help them improve their language skills. Users can chat about unlimited amount of topics with the app and use other modes to practice their language learning.","email":"support@talkpal.ai","legalName":"Talkpal, Inc.","foundingDate":"2023-04-03","duns":"118989042","numberOfEmployees":{"@type":"QuantitativeValue","minValue":"11","maxValue":"50"},"publishingPrinciples":"https:\/\/talkpal.ai\/publishing-principles\/","actionableFeedbackPolicy":"https:\/\/talkpal.ai\/actionable-feedback-policy\/","correctionsPolicy":"https:\/\/talkpal.ai\/corrections-policy\/","ethicsPolicy":"https:\/\/talkpal.ai\/ethics-policy\/","diversityPolicy":"https:\/\/talkpal.ai\/diversity-policy\/","diversityStaffingReport":"https:\/\/talkpal.ai\/diversity-policy\/"}]}},"_links":{"self":[{"href":"https:\/\/talkpal.ai\/mt\/wp-json\/wp\/v2\/pages\/1446394","targetHints":{"allow":["GET"]}}],"collection":[{"href":"https:\/\/talkpal.ai\/mt\/wp-json\/wp\/v2\/pages"}],"about":[{"href":"https:\/\/talkpal.ai\/mt\/wp-json\/wp\/v2\/types\/page"}],"author":[{"embeddable":true,"href":"https:\/\/talkpal.ai\/mt\/wp-json\/wp\/v2\/users\/6"}],"replies":[{"embeddable":true,"href":"https:\/\/talkpal.ai\/mt\/wp-json\/wp\/v2\/comments?post=1446394"}],"version-history":[{"count":0,"href":"https:\/\/talkpal.ai\/mt\/wp-json\/wp\/v2\/pages\/1446394\/revisions"}],"wp:featuredmedia":[{"embeddable":true,"href":"https:\/\/talkpal.ai\/mt\/wp-json\/wp\/v2\/media\/1439908"}],"wp:attachment":[{"href":"https:\/\/talkpal.ai\/mt\/wp-json\/wp\/v2\/media?parent=1446394"}],"curies":[{"name":"wp","href":"https:\/\/api.w.org\/{rel}","templated":true}]}}