{"id":1446358,"date":"2023-06-16T12:01:29","date_gmt":"2023-06-16T12:01:29","guid":{"rendered":"https:\/\/talkpal.ai\/ezercizzji-tal-grammatika-bosnjaka\/"},"modified":"2025-09-06T20:48:52","modified_gmt":"2025-09-06T20:48:52","slug":"ezercizzji-tal-grammatika-bosnjaka","status":"publish","type":"page","link":"https:\/\/talkpal.ai\/mt\/ezercizzji-tal-grammatika-bosnjaka\/","title":{"rendered":"E\u017cer\u010bizzji tal-Grammatika Bosnjaka"},"content":{"rendered":"\r\n\r\n\r\n<section class=\"languageChallengeSection\">\r\n    <div class=\"languageInfoWrapper\">\r\n        \r\n        <h1>E\u017cer\u010bizzji tal-Grammatika Bosnjaka<\/h1>\r\n        <p>Lest li tikseb aktar kunfidenti fil-Bosnja? Il-prattika tal-e\u017cer\u010bizzji tal-grammatika hija mod tajjeb \u0127afna biex tikkontrolla l-istruttura tas-sentenza, il-forom tal-verb, u l-mudelli distintivi tal-lingwa Bosnjaka. Ibda ta\u0127dem fuq il-grammatika tal-Bosnja llum u ara l-fehim u l-\u0127effa tieg\u0127ek jikbru ma&#039; kull e\u017cer\u010bizzju!\r\n\r\n<\/p>\r\n\r\n                            <a class=\"getStartedHidden\" href=\"https:\/\/app.talkpal.ai\/signup?lng=\">Ibda<\/a>\r\n        \r\n    <\/div>\r\n\r\n    <figure>\r\n    <img decoding=\"async\" width=\"768\" height=\"768\" src=\"https:\/\/talkpal.ai\/wp-content\/uploads\/2023\/06\/bosinian-768x768.png\" class=\"languageImage no-lazy\" alt=\"Language learning for increasing employability\" fetchpriority=\"high\" sizes=\"(max-width: 768px) 150px, 768px\" srcset=\"https:\/\/talkpal.ai\/wp-content\/uploads\/2023\/06\/bosinian-768x768.png 768w, https:\/\/talkpal.ai\/wp-content\/uploads\/2023\/06\/bosinian-300x300.png 300w\" \/>\r\n    \r\n\r\n    <\/figure>\r\n\r\n            <a class=\"getStartedVisible\" href=\"https:\/\/app.talkpal.ai\/signup?lng=\">Ibda<\/a>\r\n    \r\n<\/section>\r\n\r\n\r\n<!-- <section class=\"grammarSection\">\r\n    <div class=\"grammarLinks\">\r\n            <\/div>\r\n<\/section> -->\r\n\r\n\r\n\r\n\r\n<section class=\"promotionalBanner\">\r\n    <p class=\"promotionalText\">L-aktar mod effi\u010bjenti biex titg\u0127allem lingwa<\/p>\r\n    <a class=\"promotionalLink\" href=\"https:\/\/app.talkpal.ai\/signup?lng=\">Ipprova Talkpal b&#8217;xejn<\/a>\r\n<\/section>\n<div class=\"wp-block-group pageContainerStyle\"><div class=\"wp-block-group__inner-container is-layout-constrained wp-block-group-is-layout-constrained\">\n<h2 class=\"wp-block-heading\" id=\"h-bosnian-grammar-topics\">Su\u0121\u0121etti tal-Grammatika tal-Bosnja<\/h2>\n\n\n\n<p>Il-Bosnjan huwa lingwa Slava tan-Nofsinhar mitkellma primarjament fil-Bosnja-\u0126erzegovina, is-Serbja, il-Montenegro, u l-Kroazja. Huwa re\u010biprokament jinftiehem mas-Serb u l-Kroat u huwa parti mill-lingwa standardizzata Serbo-Kroata. It-tag\u0127lim tal-Bosnjan jista &#8216;jkun esperjenza affaxxinanti u ta&#8217; sodisfazzjon, peress li jipprovdi g\u0127arfien dwar l-istorja, il-kultura u t-tradizzjonijiet rikki tar-re\u0121jun tal-Balkani. Biex titg\u0127allem il-Bosnjan b&#8217;mod effettiv, huwa essenzjali li tifhem is-sistema grammatikali tag\u0127ha, li tinkludi diversi tempi, forom ta &#8216;nomi u a\u0121\u0121ettivi, u strutturi ta&#8217; sentenzi. F&#8217;din il-gwida, se nesploraw is-sekwenza ta&#8217; su\u0121\u0121etti tal-grammatika tal-Bosnja biex ng\u0127inuk tikkontrolla l-lingwa b&#8217;mod effi\u010bjenti.<\/p>\n\n\n\n<h3 class=\"wp-block-heading\" id=\"h-1-nouns-and-articles\">1. Nomi u Artikoli:<\/h3>\n\n\n\n<p>Ibda billi titg\u0127allem in-nomi, li huma maqsuma fi tliet \u0121eneri (maskili, femminili, neutri) u g\u0127andhom forom singulari u plurali. Il-Bosnjan m&#8217;g\u0127andux artikli b\u0127all-<a href=\"https:\/\/talkpal.ai\/learn-english-with-ai\/\">Ingli\u017c<\/a>, i\u017cda ju\u017ca pronomi dimostrattivi biex jindika l-ispe\u010bifi\u010bit\u00e0.<\/p>\n\n\n\n<h3 class=\"wp-block-heading\" id=\"h-2-adjectives\">2. A\u0121\u0121ettivi:<\/h3>\n\n\n\n<p>L-a\u0121\u0121ettivi jaqblu man-nomi fis-sess, in-numru, u l-ka\u017c. Tg\u0127allem kif tifforma u tu\u017ca a\u0121\u0121ettivi biex tiddeskrivi nomi b&#8217;mod pre\u010bi\u017c.<\/p>\n\n\n\n<h3 class=\"wp-block-heading\" id=\"h-3-pronouns-determiners\">3. Pronomi \/ Determinaturi:<\/h3>\n\n\n\n<p>Il-pronomi u d-determinanti tal-Bosnja jaqblu wkoll man-nomi fis-sess, in-numru, u l-ka\u017c. Studja <a href=\"https:\/\/talkpal.ai\/ar\/grammar_exercises\/pronomi-personali-%d8%aa%d9%85%d8%a7%d8%b1%d9%8a%d9%86-%d9%84%d9%84%d9%82%d9%88%d8%a7%d8%b9%d8%af-%d8%a7%d9%84%d8%a5%d9%8a%d8%b7%d8%a7%d9%84%d9%8a%d8%a9\/\">pronomi personali<\/a>, possessivi, dimostrattivi u interrogattivi biex ittejjeb il-\u0127iliet ta &#8216;komunikazzjoni tieg\u0127ek.<\/p>\n\n\n\n<h3 class=\"wp-block-heading\" id=\"h-4-verbs\">4. Verbi:<\/h3>\n\n\n\n<p>Get familiar with regular and irregular verbs, their conjugation patterns, and the distinction between perfective and imperfective aspects.<\/p>\n\n\n\n<h3 class=\"wp-block-heading\" id=\"h-5-tenses\">5. Tempi:<\/h3>\n\n\n\n<p>Il-Bosnjan g\u0127andu tliet tempi: passat, pre\u017cent u futur. Tg\u0127allem kif tifforma u tu\u017ca dawn it-tempi biex tesprimi azzjonijiet u avvenimenti f&#8217;perjodi ta &#8216;\u017cmien differenti.<\/p>\n\n\n\n<h3 class=\"wp-block-heading\" id=\"h-6-tense-comparison\">6. Paragun tat-Tensjoni:<\/h3>\n\n\n\n<p>Jifhmu d-differenzi u s-similaritajiet bejn it-tempi, billi tiffoka fuq l-u\u017cu tag\u0127hom f&#8217;diversi kuntesti.<\/p>\n\n\n\n<h3 class=\"wp-block-heading\" id=\"h-7-progressive-and-perfect-progressive\">7. Progressiv u Progressiv Perfett:<\/h3>\n\n\n\n<p>Il-Bosnjan m&#8217;g\u0127andux ekwivalenti dirett g\u0127at-tempi progressivi u progressivi Ingli\u017ci perfetti. Madankollu, ju\u017ca l-aspett verbali (perfettiv u imperfettiv) biex iwassal tifsiriet simili.<\/p>\n\n\n\n<h3 class=\"wp-block-heading\" id=\"h-8-adverbs\">8. Avverbji:<\/h3>\n\n\n\n<p>Studja l-avverbji u t-tqeg\u0127id tag\u0127hom f&#8217;sentenzi biex jesprimu l-\u0127in, il-mod, u l-grad.<\/p>\n\n\n\n<h3 class=\"wp-block-heading\" id=\"h-9-conditionals\">9. Kondizzjonali:<\/h3>\n\n\n\n<p>Tg\u0127allem kif tifforma u tu\u017ca sentenzi kondizzjonali (reali u mhux reali) biex tesprimi sitwazzjonijiet ipoteti\u010bi u l-konsegwenzi tag\u0127hom.<\/p>\n\n\n\n<h3 class=\"wp-block-heading\" id=\"h-10-prepositions\">10. Prepo\u017cizzjonijiet:<\/h3>\n\n\n\n<p>Il-prepo\u017cizzjonijiet huma essenzjali biex jindikaw ir-relazzjonijiet bejn il-kliem u l-fra\u017cijiet. Tg\u0127allem kif tu\u017cahom b&#8217;mod pre\u010bi\u017c f&#8217;diversi kuntesti.<\/p>\n\n\n\n<h3 class=\"wp-block-heading\" id=\"h-11-sentences\">11. Sentenzi:<\/h3>\n\n\n\n<p>Fl-a\u0127\u0127arnett, ipprattika l-kostruzzjoni ta &#8216;sentenzi sempli\u010bi u kumplessi billi tu\u017ca l-elementi grammatikali kollha li tg\u0127allimt. Dan jg\u0127inek ti\u017cviluppa pedament b&#8217;sa\u0127\u0127tu fil-Bosnjan u jippermettilek tikkomunika b&#8217;mod effettiv mal-kelliema nattivi.<\/p>\n<\/div><\/div>\n\r\n<section class=\"learnNavigationSection\">\r\n            \r\n        <a href=\"https:\/\/talkpal.ai\/mt\/tghallem-il-bosnja\/\">\r\n            <div class=\"learnNavigationWrapper\">\r\n                <div class=\"learnNavigationContent\">\r\n                    <img decoding=\"async\" src=\"https:\/\/talkpal.ai\/wp-content\/uploads\/2024\/08\/Bosnian.jpg\" alt=\"Bosnian Flag\">\r\n                    <div>\r\n                        <h4>Dwar it-Tag\u0127lim tal-Bosnja<\/h4>\r\n                        <p>Sir af kollox dwar il-grammatika tal-Bosnja.<\/p>\r\n                    <\/div>\r\n                <\/div>\r\n            <\/div>\r\n        <\/a>\r\n\r\n        \r\n        <a href=\"https:\/\/talkpal.ai\/mt\/grammatika-tal-bosnja\/\">\r\n            <div class=\"learnNavigationWrapper\">\r\n                <div class=\"learnNavigationContent\">\r\n                    <img decoding=\"async\" src=\"https:\/\/talkpal.ai\/wp-content\/uploads\/2024\/08\/Bosnian.jpg\" alt=\"Bosnian Flag\">\r\n                    <div>\r\n                        <h4>Lezzjonijiet tal-Grammatika tal-Bosnja<\/h4>\r\n                        <p>Ipprattika l-grammatika tal-Bosnja.<\/p>\r\n                    <\/div>\r\n                <\/div>\r\n            <\/div>\r\n        <\/a>\r\n\r\n        \r\n        <a href=\"https:\/\/talkpal.ai\/vocabulary_language\/bosnian\/\">\r\n            <div class=\"learnNavigationWrapper\">\r\n                <div class=\"learnNavigationContent\">\r\n                    <img decoding=\"async\" src=\"https:\/\/talkpal.ai\/wp-content\/uploads\/2024\/08\/Bosnian.jpg\" alt=\"Bosnian Flag\">\r\n                    <div>\r\n                        <h4>Vokabularju tal-Bosnja<\/h4>\r\n                        <p>Espandi l-vokabularju Bosnjan tieg\u0127ek.<\/p>\r\n                    <\/div>\r\n                <\/div>\r\n            <\/div>\r\n        <\/a>\r\n\r\n            <\/section>","protected":false},"excerpt":{"rendered":"<p>Su\u0121\u0121etti tal-Grammatika tal-Bosnja Il-Bosnjan huwa lingwa Slava tan-Nofsinhar mitkellma primarjament fil-Bosnja-\u0126erzegovina, is-Serbja, il-Montenegro, u l-Kroazja. Huwa re\u010biprokament jinftiehem mas-Serb u l-Kroat u huwa parti mill-lingwa standardizzata Serbo-Kroata. It-tag\u0127lim tal-Bosnjan jista &#8216;jkun esperjenza affaxxinanti u ta&#8217; sodisfazzjon, peress li jipprovdi g\u0127arfien dwar l-istorja, il-kultura u t-tradizzjonijiet rikki tar-re\u0121jun tal-Balkani. Biex titg\u0127allem il-Bosnjan b&#8217;mod effettiv, huwa essenzjali [&hellip;]<\/p>\n","protected":false},"author":6,"featured_media":1443501,"parent":0,"menu_order":0,"comment_status":"closed","ping_status":"closed","template":"LearningContentPage.php","meta":{"_acf_changed":false,"footnotes":""},"class_list":["post-1446358","page","type-page","status-publish","has-post-thumbnail","hentry"],"acf":[],"yoast_head":"<!-- This site is optimized with the Yoast SEO Premium plugin v27.2 (Yoast SEO v27.2) - https:\/\/yoast.com\/product\/yoast-seo-premium-wordpress\/ -->\n<title>E\u017cer\u010bizzji tal-Grammatika Bosnjaka - Talkpal<\/title>\n<meta name=\"description\" content=\"Master Bosnian with engaging Bosnian Grammar Exercises designed to enhance your understanding of sentence structures and tenses.\" \/>\n<meta name=\"robots\" content=\"index, follow, max-snippet:-1, max-image-preview:large, max-video-preview:-1\" \/>\n<link rel=\"canonical\" href=\"https:\/\/talkpal.ai\/mt\/ezercizzji-tal-grammatika-bosnjaka\/\" \/>\n<meta property=\"og:locale\" content=\"mt_MT\" \/>\n<meta property=\"og:type\" content=\"article\" \/>\n<meta property=\"og:title\" content=\"E\u017cer\u010bizzji tal-Grammatika Bosnjaka\" \/>\n<meta property=\"og:description\" content=\"Su\u0121\u0121etti tal-Grammatika tal-Bosnja Il-Bosnjan huwa lingwa Slava tan-Nofsinhar mitkellma primarjament fil-Bosnja-\u0126erzegovina, is-Serbja, il-Montenegro, u\" \/>\n<meta property=\"og:url\" content=\"https:\/\/talkpal.ai\/mt\/ezercizzji-tal-grammatika-bosnjaka\/\" \/>\n<meta property=\"og:site_name\" content=\"Talkpal\" \/>\n<meta property=\"article:publisher\" content=\"https:\/\/www.facebook.com\/profile.php?id=100090733639311\" \/>\n<meta property=\"article:modified_time\" content=\"2025-09-06T20:48:52+00:00\" \/>\n<meta property=\"og:image\" content=\"https:\/\/talkpal.ai\/wp-content\/uploads\/2023\/05\/bosnia-and-herzegovina.png\" \/>\n\t<meta property=\"og:image:width\" content=\"512\" \/>\n\t<meta property=\"og:image:height\" content=\"512\" \/>\n\t<meta property=\"og:image:type\" content=\"image\/png\" \/>\n<meta name=\"twitter:card\" content=\"summary_large_image\" \/>\n<meta name=\"twitter:site\" content=\"@talkpalai\" \/>\n<meta name=\"twitter:label1\" content=\"Est. reading time\" \/>\n\t<meta name=\"twitter:data1\" content=\"2 minutes\" \/>\n<script type=\"application\/ld+json\" class=\"yoast-schema-graph\">{\"@context\":\"https:\/\/schema.org\",\"@graph\":[{\"@type\":\"WebPage\",\"@id\":\"https:\/\/talkpal.ai\/mt\/ezercizzji-tal-grammatika-bosnjaka\/\",\"url\":\"https:\/\/talkpal.ai\/mt\/ezercizzji-tal-grammatika-bosnjaka\/\",\"name\":\"E\u017cer\u010bizzji tal-Grammatika Bosnjaka - Talkpal\",\"isPartOf\":{\"@id\":\"https:\/\/talkpal.ai\/mt\/#website\"},\"primaryImageOfPage\":{\"@id\":\"https:\/\/talkpal.ai\/mt\/ezercizzji-tal-grammatika-bosnjaka\/#primaryimage\"},\"image\":{\"@id\":\"https:\/\/talkpal.ai\/mt\/ezercizzji-tal-grammatika-bosnjaka\/#primaryimage\"},\"thumbnailUrl\":\"https:\/\/talkpal.ai\/wp-content\/uploads\/2023\/05\/bosnia-and-herzegovina.png\",\"datePublished\":\"2023-06-16T12:01:29+00:00\",\"dateModified\":\"2025-09-06T20:48:52+00:00\",\"description\":\"Master Bosnian with engaging Bosnian Grammar Exercises designed to enhance your understanding of sentence structures and tenses.\",\"breadcrumb\":{\"@id\":\"https:\/\/talkpal.ai\/mt\/ezercizzji-tal-grammatika-bosnjaka\/#breadcrumb\"},\"inLanguage\":\"mt-MT\",\"potentialAction\":[{\"@type\":\"ReadAction\",\"target\":[\"https:\/\/talkpal.ai\/mt\/ezercizzji-tal-grammatika-bosnjaka\/\"]}]},{\"@type\":\"ImageObject\",\"inLanguage\":\"mt-MT\",\"@id\":\"https:\/\/talkpal.ai\/mt\/ezercizzji-tal-grammatika-bosnjaka\/#primaryimage\",\"url\":\"https:\/\/talkpal.ai\/wp-content\/uploads\/2023\/05\/bosnia-and-herzegovina.png\",\"contentUrl\":\"https:\/\/talkpal.ai\/wp-content\/uploads\/2023\/05\/bosnia-and-herzegovina.png\",\"width\":512,\"height\":512,\"caption\":\"TalkPal Bosnia and herzegovina Flag\"},{\"@type\":\"BreadcrumbList\",\"@id\":\"https:\/\/talkpal.ai\/mt\/ezercizzji-tal-grammatika-bosnjaka\/#breadcrumb\",\"itemListElement\":[{\"@type\":\"ListItem\",\"position\":1,\"name\":\"Homepage\",\"item\":\"https:\/\/talkpal.ai\/mt\/\"},{\"@type\":\"ListItem\",\"position\":2,\"name\":\"E\u017cer\u010bizzji tal-Grammatika Bosnjaka\"}]},{\"@type\":\"WebSite\",\"@id\":\"https:\/\/talkpal.ai\/mt\/#website\",\"url\":\"https:\/\/talkpal.ai\/mt\/\",\"name\":\"Talkpal\",\"description\":\"AI Language Learning\",\"publisher\":{\"@id\":\"https:\/\/talkpal.ai\/mt\/#organization\"},\"alternateName\":\"Talkpal AI\",\"potentialAction\":[{\"@type\":\"SearchAction\",\"target\":{\"@type\":\"EntryPoint\",\"urlTemplate\":\"https:\/\/talkpal.ai\/mt\/?s={search_term_string}\"},\"query-input\":{\"@type\":\"PropertyValueSpecification\",\"valueRequired\":true,\"valueName\":\"search_term_string\"}}],\"inLanguage\":\"mt-MT\"},{\"@type\":\"Organization\",\"@id\":\"https:\/\/talkpal.ai\/mt\/#organization\",\"name\":\"Talkpal, Inc.\",\"alternateName\":\"Talkpal AI\",\"url\":\"https:\/\/talkpal.ai\/mt\/\",\"logo\":{\"@type\":\"ImageObject\",\"inLanguage\":\"mt-MT\",\"@id\":\"https:\/\/talkpal.ai\/mt\/#\/schema\/logo\/image\/\",\"url\":\"https:\/\/talkpal.ai\/wp-content\/uploads\/2024\/03\/Talkpal-Logo-Icon.png\",\"contentUrl\":\"https:\/\/talkpal.ai\/wp-content\/uploads\/2024\/03\/Talkpal-Logo-Icon.png\",\"width\":2880,\"height\":2880,\"caption\":\"Talkpal, Inc.\"},\"image\":{\"@id\":\"https:\/\/talkpal.ai\/mt\/#\/schema\/logo\/image\/\"},\"sameAs\":[\"https:\/\/www.facebook.com\/profile.php?id=100090733639311\",\"https:\/\/x.com\/talkpalai\",\"https:\/\/www.linkedin.com\/company\/talkpal\/\",\"https:\/\/www.youtube.com\/@TalkPal\/\",\"https:\/\/www.tiktok.com\/@talkpal\",\"https:\/\/www.instagram.com\/talkpal_ai\/\",\"https:\/\/www.crunchbase.com\/organization\/talkpal-9cde\",\"https:\/\/www.g2.com\/products\/talkpal-for-business\/\",\"https:\/\/www.trustpilot.com\/review\/talkpal.ai\",\"https:\/\/www.capterra.com\/p\/10006800\/TalkPal\/\"],\"description\":\"Talkpal is a language learning web and mobile education app, powered by the latest AI technologies, that provides engaging experiences to its customers in many different languages to help them improve their language skills. Users can chat about unlimited amount of topics with the app and use other modes to practice their language learning.\",\"email\":\"support@talkpal.ai\",\"legalName\":\"Talkpal, Inc.\",\"foundingDate\":\"2023-04-03\",\"duns\":\"118989042\",\"numberOfEmployees\":{\"@type\":\"QuantitativeValue\",\"minValue\":\"11\",\"maxValue\":\"50\"},\"publishingPrinciples\":\"https:\/\/talkpal.ai\/publishing-principles\/\",\"actionableFeedbackPolicy\":\"https:\/\/talkpal.ai\/actionable-feedback-policy\/\",\"correctionsPolicy\":\"https:\/\/talkpal.ai\/corrections-policy\/\",\"ethicsPolicy\":\"https:\/\/talkpal.ai\/ethics-policy\/\",\"diversityPolicy\":\"https:\/\/talkpal.ai\/diversity-policy\/\",\"diversityStaffingReport\":\"https:\/\/talkpal.ai\/diversity-policy\/\"}]}<\/script>\n<!-- \/ Yoast SEO Premium plugin. -->","yoast_head_json":{"title":"E\u017cer\u010bizzji tal-Grammatika Bosnjaka - Talkpal","description":"Master Bosnian with engaging Bosnian Grammar Exercises designed to enhance your understanding of sentence structures and tenses.","robots":{"index":"index","follow":"follow","max-snippet":"max-snippet:-1","max-image-preview":"max-image-preview:large","max-video-preview":"max-video-preview:-1"},"canonical":"https:\/\/talkpal.ai\/mt\/ezercizzji-tal-grammatika-bosnjaka\/","og_locale":"mt_MT","og_type":"article","og_title":"E\u017cer\u010bizzji tal-Grammatika Bosnjaka","og_description":"Su\u0121\u0121etti tal-Grammatika tal-Bosnja Il-Bosnjan huwa lingwa Slava tan-Nofsinhar mitkellma primarjament fil-Bosnja-\u0126erzegovina, is-Serbja, il-Montenegro, u","og_url":"https:\/\/talkpal.ai\/mt\/ezercizzji-tal-grammatika-bosnjaka\/","og_site_name":"Talkpal","article_publisher":"https:\/\/www.facebook.com\/profile.php?id=100090733639311","article_modified_time":"2025-09-06T20:48:52+00:00","og_image":[{"width":512,"height":512,"url":"https:\/\/talkpal.ai\/wp-content\/uploads\/2023\/05\/bosnia-and-herzegovina.png","type":"image\/png"}],"twitter_card":"summary_large_image","twitter_site":"@talkpalai","twitter_misc":{"Est. reading time":"2 minutes"},"schema":{"@context":"https:\/\/schema.org","@graph":[{"@type":"WebPage","@id":"https:\/\/talkpal.ai\/mt\/ezercizzji-tal-grammatika-bosnjaka\/","url":"https:\/\/talkpal.ai\/mt\/ezercizzji-tal-grammatika-bosnjaka\/","name":"E\u017cer\u010bizzji tal-Grammatika Bosnjaka - Talkpal","isPartOf":{"@id":"https:\/\/talkpal.ai\/mt\/#website"},"primaryImageOfPage":{"@id":"https:\/\/talkpal.ai\/mt\/ezercizzji-tal-grammatika-bosnjaka\/#primaryimage"},"image":{"@id":"https:\/\/talkpal.ai\/mt\/ezercizzji-tal-grammatika-bosnjaka\/#primaryimage"},"thumbnailUrl":"https:\/\/talkpal.ai\/wp-content\/uploads\/2023\/05\/bosnia-and-herzegovina.png","datePublished":"2023-06-16T12:01:29+00:00","dateModified":"2025-09-06T20:48:52+00:00","description":"Master Bosnian with engaging Bosnian Grammar Exercises designed to enhance your understanding of sentence structures and tenses.","breadcrumb":{"@id":"https:\/\/talkpal.ai\/mt\/ezercizzji-tal-grammatika-bosnjaka\/#breadcrumb"},"inLanguage":"mt-MT","potentialAction":[{"@type":"ReadAction","target":["https:\/\/talkpal.ai\/mt\/ezercizzji-tal-grammatika-bosnjaka\/"]}]},{"@type":"ImageObject","inLanguage":"mt-MT","@id":"https:\/\/talkpal.ai\/mt\/ezercizzji-tal-grammatika-bosnjaka\/#primaryimage","url":"https:\/\/talkpal.ai\/wp-content\/uploads\/2023\/05\/bosnia-and-herzegovina.png","contentUrl":"https:\/\/talkpal.ai\/wp-content\/uploads\/2023\/05\/bosnia-and-herzegovina.png","width":512,"height":512,"caption":"TalkPal Bosnia and herzegovina Flag"},{"@type":"BreadcrumbList","@id":"https:\/\/talkpal.ai\/mt\/ezercizzji-tal-grammatika-bosnjaka\/#breadcrumb","itemListElement":[{"@type":"ListItem","position":1,"name":"Homepage","item":"https:\/\/talkpal.ai\/mt\/"},{"@type":"ListItem","position":2,"name":"E\u017cer\u010bizzji tal-Grammatika Bosnjaka"}]},{"@type":"WebSite","@id":"https:\/\/talkpal.ai\/mt\/#website","url":"https:\/\/talkpal.ai\/mt\/","name":"Talkpal","description":"AI Language Learning","publisher":{"@id":"https:\/\/talkpal.ai\/mt\/#organization"},"alternateName":"Talkpal AI","potentialAction":[{"@type":"SearchAction","target":{"@type":"EntryPoint","urlTemplate":"https:\/\/talkpal.ai\/mt\/?s={search_term_string}"},"query-input":{"@type":"PropertyValueSpecification","valueRequired":true,"valueName":"search_term_string"}}],"inLanguage":"mt-MT"},{"@type":"Organization","@id":"https:\/\/talkpal.ai\/mt\/#organization","name":"Talkpal, Inc.","alternateName":"Talkpal AI","url":"https:\/\/talkpal.ai\/mt\/","logo":{"@type":"ImageObject","inLanguage":"mt-MT","@id":"https:\/\/talkpal.ai\/mt\/#\/schema\/logo\/image\/","url":"https:\/\/talkpal.ai\/wp-content\/uploads\/2024\/03\/Talkpal-Logo-Icon.png","contentUrl":"https:\/\/talkpal.ai\/wp-content\/uploads\/2024\/03\/Talkpal-Logo-Icon.png","width":2880,"height":2880,"caption":"Talkpal, Inc."},"image":{"@id":"https:\/\/talkpal.ai\/mt\/#\/schema\/logo\/image\/"},"sameAs":["https:\/\/www.facebook.com\/profile.php?id=100090733639311","https:\/\/x.com\/talkpalai","https:\/\/www.linkedin.com\/company\/talkpal\/","https:\/\/www.youtube.com\/@TalkPal\/","https:\/\/www.tiktok.com\/@talkpal","https:\/\/www.instagram.com\/talkpal_ai\/","https:\/\/www.crunchbase.com\/organization\/talkpal-9cde","https:\/\/www.g2.com\/products\/talkpal-for-business\/","https:\/\/www.trustpilot.com\/review\/talkpal.ai","https:\/\/www.capterra.com\/p\/10006800\/TalkPal\/"],"description":"Talkpal is a language learning web and mobile education app, powered by the latest AI technologies, that provides engaging experiences to its customers in many different languages to help them improve their language skills. Users can chat about unlimited amount of topics with the app and use other modes to practice their language learning.","email":"support@talkpal.ai","legalName":"Talkpal, Inc.","foundingDate":"2023-04-03","duns":"118989042","numberOfEmployees":{"@type":"QuantitativeValue","minValue":"11","maxValue":"50"},"publishingPrinciples":"https:\/\/talkpal.ai\/publishing-principles\/","actionableFeedbackPolicy":"https:\/\/talkpal.ai\/actionable-feedback-policy\/","correctionsPolicy":"https:\/\/talkpal.ai\/corrections-policy\/","ethicsPolicy":"https:\/\/talkpal.ai\/ethics-policy\/","diversityPolicy":"https:\/\/talkpal.ai\/diversity-policy\/","diversityStaffingReport":"https:\/\/talkpal.ai\/diversity-policy\/"}]}},"_links":{"self":[{"href":"https:\/\/talkpal.ai\/mt\/wp-json\/wp\/v2\/pages\/1446358","targetHints":{"allow":["GET"]}}],"collection":[{"href":"https:\/\/talkpal.ai\/mt\/wp-json\/wp\/v2\/pages"}],"about":[{"href":"https:\/\/talkpal.ai\/mt\/wp-json\/wp\/v2\/types\/page"}],"author":[{"embeddable":true,"href":"https:\/\/talkpal.ai\/mt\/wp-json\/wp\/v2\/users\/6"}],"replies":[{"embeddable":true,"href":"https:\/\/talkpal.ai\/mt\/wp-json\/wp\/v2\/comments?post=1446358"}],"version-history":[{"count":0,"href":"https:\/\/talkpal.ai\/mt\/wp-json\/wp\/v2\/pages\/1446358\/revisions"}],"wp:featuredmedia":[{"embeddable":true,"href":"https:\/\/talkpal.ai\/mt\/wp-json\/wp\/v2\/media\/1443501"}],"wp:attachment":[{"href":"https:\/\/talkpal.ai\/mt\/wp-json\/wp\/v2\/media?parent=1446358"}],"curies":[{"name":"wp","href":"https:\/\/api.w.org\/{rel}","templated":true}]}}