{"id":1446346,"date":"2023-06-16T13:10:39","date_gmt":"2023-06-16T13:10:39","guid":{"rendered":"https:\/\/talkpal.ai\/ezercizzji-tal-grammatika-ceka\/"},"modified":"2025-12-17T16:28:30","modified_gmt":"2025-12-17T16:28:30","slug":"ezercizzji-tal-grammatika-ceka","status":"publish","type":"page","link":"https:\/\/talkpal.ai\/mt\/ezercizzji-tal-grammatika-ceka\/","title":{"rendered":"E\u017cer\u010bizzji tal-Grammatika \u010aeka"},"content":{"rendered":"\r\n\r\n\r\n<section class=\"languageChallengeSection\">\r\n    <div class=\"languageInfoWrapper\">\r\n        \r\n        <h1>E\u017cer\u010bizzji tal-Grammatika \u010aeka<\/h1>\r\n        <p>Lest biex issa\u0127\u0127a\u0127 il-\u0127iliet \u010aeki tieg\u0127ek? Il-prattika tal-e\u017cer\u010bizzji tal-grammatika hija l-mod perfett biex tikkontrolla l-istruttura tas-sentenza, it-truf tal-verb, u l-mudelli distintivi tal-lingwa \u010aeka. Ibda ta\u0127dem fuq il-<a href=\"https:\/\/talkpal.ai\/czech-grammar\/\">grammatika \u010aeka<\/a> llum u ara l-kunfidenza u l-fluwenza tieg\u0127ek jikbru ma &#039;kull e\u017cer\u010bizzju!\n\n<\/p>\r\n\r\n                            <a class=\"getStartedHidden\" href=\"https:\/\/app.talkpal.ai\/signup?lng=\">Ibda<\/a>\r\n        \r\n    <\/div>\r\n\r\n    <figure>\r\n    <img decoding=\"async\" width=\"768\" height=\"768\" src=\"https:\/\/talkpal.ai\/wp-content\/uploads\/2023\/06\/Czech-768x768.png\" class=\"languageImage no-lazy\" alt=\"Language learning for intellectual development\" fetchpriority=\"high\" sizes=\"(max-width: 768px) 150px, 768px\" srcset=\"https:\/\/talkpal.ai\/wp-content\/uploads\/2023\/06\/Czech-768x768.png 768w, https:\/\/talkpal.ai\/wp-content\/uploads\/2023\/06\/Czech-300x300.png 300w\" \/>\r\n    \r\n\r\n    <\/figure>\r\n\r\n            <a class=\"getStartedVisible\" href=\"https:\/\/app.talkpal.ai\/signup?lng=\">Ibda<\/a>\r\n    \r\n<\/section>\r\n\r\n\r\n<!-- <section class=\"grammarSection\">\r\n    <div class=\"grammarLinks\">\r\n            <\/div>\r\n<\/section> -->\r\n\r\n\r\n\r\n\r\n<section class=\"promotionalBanner\">\r\n    <p class=\"promotionalText\">L-aktar mod effi\u010bjenti biex titg\u0127allem lingwa<\/p>\r\n    <a class=\"promotionalLink\" href=\"https:\/\/app.talkpal.ai\/signup?lng=\">Ipprova Talkpal b&#8217;xejn<\/a>\r\n<\/section>\n<div class=\"wp-block-group pageContainerStyle\"><div class=\"wp-block-group__inner-container is-layout-constrained wp-block-group-is-layout-constrained\">\n<h2 class=\"wp-block-heading\" id=\"h-czech-grammar-topics\">Su\u0121\u0121etti tal-Grammatika \u010aeka<\/h2>\n\n\n\n<p>It-tag\u0127lim ta&#8217; lingwa \u0121dida jista&#8217; jkun esperjenza e\u010b\u010bitanti u arrikkienti, u l-lingwa \u010aeka mhix e\u010b\u010bezzjoni. Bl-istorja rikka tag\u0127ha u s-se\u0127er Slavu uniku, il-lingwa \u010aeka toffri lill-istudenti bieb g\u0127all-qalba tal-Ewropa \u010aentrali. Biex tag\u0127mel l-a\u0127jar u\u017cu mill-vja\u0121\u0121 tal-lingwa \u010aeka tieg\u0127ek, huwa essenzjali li tifhem u tikkontrolla l-grammatika tag\u0127ha, li hija s-sinsla ta &#8216;kwalunkwe lingwa. Minn tempi u verbi g\u0127al a\u0121\u0121ettivi u prepo\u017cizzjonijiet, li tkun taf dawn is-su\u0121\u0121etti tal-grammatika tg\u0127inek tikkomunika b&#8217;mod effettiv u kunfidenti. F&#8217;din il-gwida, a\u0127na se nie\u0127duk permezz tas-su\u0121\u0121etti essenzjali tal-<a href=\"https:\/\/talkpal.ai\/czech-grammar\/\">grammatika \u010aeka<\/a>, mi\u0121bura f&#8217;sekwenza li tiffa\u010bilita t-tag\u0127lim u l-fehim tieg\u0127ek tal-lingwa.<\/p>\n\n\n\n<h3 class=\"wp-block-heading\" id=\"h-1-nouns\">1. Nomi:<\/h3>\n\n\n\n<p>Ibda t-tag\u0127lim tieg\u0127ek bin-nomi \u010aeki, peress li huma l-pedament tal-lingwa. I\u010b-nomi \u010aeki g\u0127andhom tliet \u0121eneri (maskili, femminili, u neutri) u seba&#8217; ka\u017cijiet (nominativ, \u0121enittiv, dattiv, akku\u017cattiv, vokattiv, lokattiv, u strumentali). Il-fehim tas-sistema tal-\u0121eneru u tal-ka\u017c huwa kru\u010bjali g\u0127all-formazzjoni xierqa tas-sentenza.<\/p>\n\n\n\n<h3 class=\"wp-block-heading\" id=\"h-2-articles\">2. Artikoli:<\/h3>\n\n\n\n<p>il-lingwa \u010aeka m&#8217;g\u0127andha l-ebda artikli indefiniti (a, an), u l-artiklu definit (the) jintu\u017ca biss f&#8217;xi sitwazzjonijiet spe\u010bifi\u010bi. Tg\u0127allem meta u kif tu\u017ca l-artiklu definit biex ittejjeb il-fehim tieg\u0127ek tal-grammatika \u010aeka.<\/p>\n\n\n\n<h3 class=\"wp-block-heading\" id=\"h-3-pronouns-determiners\">3. Pronomi \/ Determinaturi:<\/h3>\n\n\n\n<p>Il-pronomi jissostitwixxu n-nomi fis-sentenzi, filwaqt li d-determinaturi jispe\u010bifikaw jew jimmodifikaw in-nomi. Familjarizza ru\u0127ek mal-pronomi personali, possessivi, dimostrattivi, riflessivi u interrogattivi \u010aeki, kif ukoll determinaturi, biex to\u0127loq sentenzi aktar kumplessi.<\/p>\n\n\n\n<h3 class=\"wp-block-heading\" id=\"h-4-adjectives\">4. A\u0121\u0121ettivi:<\/h3>\n\n\n\n<p>L-a\u0121\u0121ettivi jiddeskrivu jew jimmodifikaw nomi bi\u010b-\u010aek. Tg\u0127allem kif tu\u017cahom fis-sess, in-numru, u l-ka\u017c korretti biex taqbel man-nom li jiddeskrivu.<\/p>\n\n\n\n<h3 class=\"wp-block-heading\" id=\"h-5-adverbs\">5. Avverbji:<\/h3>\n\n\n\n<p>L-avverbji jimmodifikaw verbi, a\u0121\u0121ettivi, jew avverbji o\u0127ra. Huma jipprovdu informazzjoni addizzjonali dwar l-azzjoni, b\u0127al mod, \u0127in, jew post. Il-\u0127akma tal-avverbji \u010aeki tg\u0127inek twassal il-messa\u0121\u0121 tieg\u0127ek b&#8217;mod aktar pre\u010bi\u017c.<\/p>\n\n\n\n<h3 class=\"wp-block-heading\" id=\"h-6-verbs\">6. Verbi:<\/h3>\n\n\n\n<p>Il-verbi \u010aeki huma essenzjali g\u0127all-espressjoni ta&#8217; azzjonijiet, avvenimenti, jew stati. Tg\u0127allem il-mudelli ta &#8216;konjugazzjoni, it-tempi (passat, pre\u017cent, u futur), u l-aspetti (perfettivi u imperfettivi) biex tikkomunika b&#8217;mod effettiv.<\/p>\n\n\n\n<h3 class=\"wp-block-heading\" id=\"h-7-tense-comparison\">7. Paragun tat-Tensjoni:<\/h3>\n\n\n\n<p>Il-fehim tad-differenzi u l-u\u017cu tat-tempi \u010aeki (passat, pre\u017cent, u futur) jippermettilek tesprimi l-\u0127sibijiet tieg\u0127ek b&#8217;mod pre\u010bi\u017c u tevita konfu\u017cjoni.<\/p>\n\n\n\n<h3 class=\"wp-block-heading\" id=\"h-8-progressive-and-perfect-progressive\">8. Progressiv u Progressiv Perfett:<\/h3>\n\n\n\n<p>I\u010b-\u010aek m&#8217;g\u0127andu l-ebda ekwivalenti diretti g\u0127at-tempi progressivi u progressivi Ingli\u017ci perfetti. Minflok, il-lingwa tu\u017ca aspetti verbali differenti (perfettivi u imperfettivi) u kostruzzjonijiet biex twassal tifsiriet simili. Tg\u0127allem kif tifforma u tu\u017ca dawn il-kostruzzjonijiet biex tesprimi azzjonijiet li g\u0127addejjin jew kompluti.<\/p>\n\n\n\n<h3 class=\"wp-block-heading\" id=\"h-9-conditionals\">9. Kondizzjonali:<\/h3>\n\n\n\n<p>Il-kondizzjonali jintu\u017caw biex jesprimu sitwazzjonijiet jew kundizzjonijiet ipoteti\u010bi. Kaptan il-formoli kondizzjonali \u010aeki biex jiddiskutu l-possibbiltajiet u jag\u0127mlu tbassir.<\/p>\n\n\n\n<h3 class=\"wp-block-heading\" id=\"h-10-prepositions\">10. Prepo\u017cizzjonijiet:<\/h3>\n\n\n\n<p>Il-prepo\u017cizzjonijiet jintu\u017caw biex jindikaw relazzjonijiet bejn il-kliem, b\u0127all-post, id-direzzjoni, il-\u0127in, jew il-kaw\u017ca. It-tag\u0127lim u l-u\u017cu korrett tal-prepo\u017cizzjonijiet \u010aeki jg\u0127inek tibni sentenzi \u010bari u sinifikanti.<\/p>\n\n\n\n<h3 class=\"wp-block-heading\" id=\"h-11-sentences\">11. Sentenzi:<\/h3>\n\n\n\n<p>Fl-a\u0127\u0127arnett, ipprattika l-formazzjoni ta&#8217; sentenzi \u010aeki billi tg\u0127aqqad l-elementi grammatikali li tg\u0127allimt. Iffoka fuq il-\u0127olqien ta &#8216;sentenzi sempli\u010bi, komposti, kumplessi u kumplessi biex ittejjeb il-\u0127ila fluwenti u l-\u0127iliet ta&#8217; komunikazzjoni tieg\u0127ek fil-lingwa \u010aeka.<\/p>\n<\/div><\/div>\n\r\n<section class=\"learnNavigationSection\">\r\n            \r\n        <a href=\"https:\/\/talkpal.ai\/mt\/tghallem-ic-cek\/\">\r\n            <div class=\"learnNavigationWrapper\">\r\n                <div class=\"learnNavigationContent\">\r\n                    <img decoding=\"async\" src=\"https:\/\/talkpal.ai\/wp-content\/uploads\/2024\/08\/Czech.jpg\" alt=\"Czech Flag\">\r\n                    <div>\r\n                        <h4>Dwar it-Tag\u0127lim \u010aek<\/h4>\r\n                        <p>Skopri kollox dwar il-grammatika \u010aeka.<\/p>\r\n                    <\/div>\r\n                <\/div>\r\n            <\/div>\r\n        <\/a>\r\n\r\n        \r\n        <a href=\"https:\/\/talkpal.ai\/mt\/grammatika-ceka\/\">\r\n            <div class=\"learnNavigationWrapper\">\r\n                <div class=\"learnNavigationContent\">\r\n                    <img decoding=\"async\" src=\"https:\/\/talkpal.ai\/wp-content\/uploads\/2024\/08\/Czech.jpg\" alt=\"Czech Flag\">\r\n                    <div>\r\n                        <h4>Lezzjonijiet tal-Grammatika ta\u010b-\u010aeka<\/h4>\r\n                        <p>Ipprattika l-grammatika \u010aeka.<\/p>\r\n                    <\/div>\r\n                <\/div>\r\n            <\/div>\r\n        <\/a>\r\n\r\n        \r\n        <a href=\"https:\/\/talkpal.ai\/vocabulary_language\/czech\/\">\r\n            <div class=\"learnNavigationWrapper\">\r\n                <div class=\"learnNavigationContent\">\r\n                    <img decoding=\"async\" src=\"https:\/\/talkpal.ai\/wp-content\/uploads\/2024\/08\/Czech.jpg\" alt=\"Czech Flag\">\r\n                    <div>\r\n                        <h4>Vokabularju \u010aek<\/h4>\r\n                        <p>Espandi l-vokabularju \u010aek tieg\u0127ek.<\/p>\r\n                    <\/div>\r\n                <\/div>\r\n            <\/div>\r\n        <\/a>\r\n\r\n            <\/section>","protected":false},"excerpt":{"rendered":"<p>Su\u0121\u0121etti tal-Grammatika \u010aeka It-tag\u0127lim ta&#8217; lingwa \u0121dida jista&#8217; jkun esperjenza e\u010b\u010bitanti u arrikkienti, u l-lingwa \u010aeka mhix e\u010b\u010bezzjoni. Bl-istorja rikka tag\u0127ha u s-se\u0127er Slavu uniku, il-lingwa \u010aeka toffri lill-istudenti bieb g\u0127all-qalba tal-Ewropa \u010aentrali. Biex tag\u0127mel l-a\u0127jar u\u017cu mill-vja\u0121\u0121 tal-lingwa \u010aeka tieg\u0127ek, huwa essenzjali li tifhem u tikkontrolla l-grammatika tag\u0127ha, li hija s-sinsla ta &#8216;kwalunkwe lingwa. [&hellip;]<\/p>\n","protected":false},"author":6,"featured_media":1443542,"parent":0,"menu_order":0,"comment_status":"closed","ping_status":"closed","template":"LearningContentPage.php","meta":{"_acf_changed":false,"footnotes":""},"class_list":["post-1446346","page","type-page","status-publish","has-post-thumbnail","hentry"],"acf":[],"yoast_head":"<!-- This site is optimized with the Yoast SEO Premium plugin v27.2 (Yoast SEO v27.2) - https:\/\/yoast.com\/product\/yoast-seo-premium-wordpress\/ -->\n<title>E\u017cer\u010bizzji tal-Grammatika \u010aeka - Talkpal<\/title>\n<meta name=\"description\" content=\"Tifta\u0127 is-sigrieti tal-lingwa \u010aeka b&#039;e\u017cer\u010bizzji essenzjali tal-Grammatika \u010aeka g\u0127al komunikazzjoni kunfidenti.\" \/>\n<meta name=\"robots\" content=\"index, follow, max-snippet:-1, max-image-preview:large, max-video-preview:-1\" \/>\n<link rel=\"canonical\" href=\"https:\/\/talkpal.ai\/mt\/ezercizzji-tal-grammatika-ceka\/\" \/>\n<meta property=\"og:locale\" content=\"mt_MT\" \/>\n<meta property=\"og:type\" content=\"article\" \/>\n<meta property=\"og:title\" content=\"E\u017cer\u010bizzji tal-Grammatika \u010aeka\" \/>\n<meta property=\"og:description\" content=\"Su\u0121\u0121etti tal-Grammatika \u010aeka It-tag\u0127lim ta&#039; lingwa \u0121dida jista&#039; jkun esperjenza e\u010b\u010bitanti u arrikkienti, u l-lingwa \u010aeka mhix e\u010b\u010bezzjoni. Bl-istorja rikka\" \/>\n<meta property=\"og:url\" content=\"https:\/\/talkpal.ai\/mt\/ezercizzji-tal-grammatika-ceka\/\" \/>\n<meta property=\"og:site_name\" content=\"Talkpal\" \/>\n<meta property=\"article:publisher\" content=\"https:\/\/www.facebook.com\/profile.php?id=100090733639311\" \/>\n<meta property=\"article:modified_time\" content=\"2025-12-17T16:28:30+00:00\" \/>\n<meta property=\"og:image\" content=\"https:\/\/talkpal.ai\/wp-content\/uploads\/2023\/05\/czech-republic.png\" \/>\n\t<meta property=\"og:image:width\" content=\"512\" \/>\n\t<meta property=\"og:image:height\" content=\"512\" \/>\n\t<meta property=\"og:image:type\" content=\"image\/png\" \/>\n<meta name=\"twitter:card\" content=\"summary_large_image\" \/>\n<meta name=\"twitter:site\" content=\"@talkpalai\" \/>\n<meta name=\"twitter:label1\" content=\"Est. reading time\" \/>\n\t<meta name=\"twitter:data1\" content=\"3 minutes\" \/>\n<script type=\"application\/ld+json\" class=\"yoast-schema-graph\">{\"@context\":\"https:\/\/schema.org\",\"@graph\":[{\"@type\":\"WebPage\",\"@id\":\"https:\/\/talkpal.ai\/mt\/ezercizzji-tal-grammatika-ceka\/\",\"url\":\"https:\/\/talkpal.ai\/mt\/ezercizzji-tal-grammatika-ceka\/\",\"name\":\"E\u017cer\u010bizzji tal-Grammatika \u010aeka - Talkpal\",\"isPartOf\":{\"@id\":\"https:\/\/talkpal.ai\/mt\/#website\"},\"primaryImageOfPage\":{\"@id\":\"https:\/\/talkpal.ai\/mt\/ezercizzji-tal-grammatika-ceka\/#primaryimage\"},\"image\":{\"@id\":\"https:\/\/talkpal.ai\/mt\/ezercizzji-tal-grammatika-ceka\/#primaryimage\"},\"thumbnailUrl\":\"https:\/\/talkpal.ai\/wp-content\/uploads\/2023\/05\/czech-republic.png\",\"datePublished\":\"2023-06-16T13:10:39+00:00\",\"dateModified\":\"2025-12-17T16:28:30+00:00\",\"description\":\"Tifta\u0127 is-sigrieti tal-lingwa \u010aeka b'e\u017cer\u010bizzji essenzjali tal-Grammatika \u010aeka g\u0127al komunikazzjoni kunfidenti.\",\"breadcrumb\":{\"@id\":\"https:\/\/talkpal.ai\/mt\/ezercizzji-tal-grammatika-ceka\/#breadcrumb\"},\"inLanguage\":\"mt-MT\",\"potentialAction\":[{\"@type\":\"ReadAction\",\"target\":[\"https:\/\/talkpal.ai\/mt\/ezercizzji-tal-grammatika-ceka\/\"]}]},{\"@type\":\"ImageObject\",\"inLanguage\":\"mt-MT\",\"@id\":\"https:\/\/talkpal.ai\/mt\/ezercizzji-tal-grammatika-ceka\/#primaryimage\",\"url\":\"https:\/\/talkpal.ai\/wp-content\/uploads\/2023\/05\/czech-republic.png\",\"contentUrl\":\"https:\/\/talkpal.ai\/wp-content\/uploads\/2023\/05\/czech-republic.png\",\"width\":512,\"height\":512,\"caption\":\"TalkPal Czech republic Flag\"},{\"@type\":\"BreadcrumbList\",\"@id\":\"https:\/\/talkpal.ai\/mt\/ezercizzji-tal-grammatika-ceka\/#breadcrumb\",\"itemListElement\":[{\"@type\":\"ListItem\",\"position\":1,\"name\":\"Homepage\",\"item\":\"https:\/\/talkpal.ai\/mt\/\"},{\"@type\":\"ListItem\",\"position\":2,\"name\":\"E\u017cer\u010bizzji tal-Grammatika \u010aeka\"}]},{\"@type\":\"WebSite\",\"@id\":\"https:\/\/talkpal.ai\/mt\/#website\",\"url\":\"https:\/\/talkpal.ai\/mt\/\",\"name\":\"Talkpal\",\"description\":\"AI Language Learning\",\"publisher\":{\"@id\":\"https:\/\/talkpal.ai\/mt\/#organization\"},\"alternateName\":\"Talkpal AI\",\"potentialAction\":[{\"@type\":\"SearchAction\",\"target\":{\"@type\":\"EntryPoint\",\"urlTemplate\":\"https:\/\/talkpal.ai\/mt\/?s={search_term_string}\"},\"query-input\":{\"@type\":\"PropertyValueSpecification\",\"valueRequired\":true,\"valueName\":\"search_term_string\"}}],\"inLanguage\":\"mt-MT\"},{\"@type\":\"Organization\",\"@id\":\"https:\/\/talkpal.ai\/mt\/#organization\",\"name\":\"Talkpal, Inc.\",\"alternateName\":\"Talkpal AI\",\"url\":\"https:\/\/talkpal.ai\/mt\/\",\"logo\":{\"@type\":\"ImageObject\",\"inLanguage\":\"mt-MT\",\"@id\":\"https:\/\/talkpal.ai\/mt\/#\/schema\/logo\/image\/\",\"url\":\"https:\/\/talkpal.ai\/wp-content\/uploads\/2024\/03\/Talkpal-Logo-Icon.png\",\"contentUrl\":\"https:\/\/talkpal.ai\/wp-content\/uploads\/2024\/03\/Talkpal-Logo-Icon.png\",\"width\":2880,\"height\":2880,\"caption\":\"Talkpal, Inc.\"},\"image\":{\"@id\":\"https:\/\/talkpal.ai\/mt\/#\/schema\/logo\/image\/\"},\"sameAs\":[\"https:\/\/www.facebook.com\/profile.php?id=100090733639311\",\"https:\/\/x.com\/talkpalai\",\"https:\/\/www.linkedin.com\/company\/talkpal\/\",\"https:\/\/www.youtube.com\/@TalkPal\/\",\"https:\/\/www.tiktok.com\/@talkpal\",\"https:\/\/www.instagram.com\/talkpal_ai\/\",\"https:\/\/www.crunchbase.com\/organization\/talkpal-9cde\",\"https:\/\/www.g2.com\/products\/talkpal-for-business\/\",\"https:\/\/www.trustpilot.com\/review\/talkpal.ai\",\"https:\/\/www.capterra.com\/p\/10006800\/TalkPal\/\"],\"description\":\"Talkpal is a language learning web and mobile education app, powered by the latest AI technologies, that provides engaging experiences to its customers in many different languages to help them improve their language skills. Users can chat about unlimited amount of topics with the app and use other modes to practice their language learning.\",\"email\":\"support@talkpal.ai\",\"legalName\":\"Talkpal, Inc.\",\"foundingDate\":\"2023-04-03\",\"duns\":\"118989042\",\"numberOfEmployees\":{\"@type\":\"QuantitativeValue\",\"minValue\":\"11\",\"maxValue\":\"50\"},\"publishingPrinciples\":\"https:\/\/talkpal.ai\/publishing-principles\/\",\"actionableFeedbackPolicy\":\"https:\/\/talkpal.ai\/actionable-feedback-policy\/\",\"correctionsPolicy\":\"https:\/\/talkpal.ai\/corrections-policy\/\",\"ethicsPolicy\":\"https:\/\/talkpal.ai\/ethics-policy\/\",\"diversityPolicy\":\"https:\/\/talkpal.ai\/diversity-policy\/\",\"diversityStaffingReport\":\"https:\/\/talkpal.ai\/diversity-policy\/\"}]}<\/script>\n<!-- \/ Yoast SEO Premium plugin. -->","yoast_head_json":{"title":"E\u017cer\u010bizzji tal-Grammatika \u010aeka - Talkpal","description":"Tifta\u0127 is-sigrieti tal-lingwa \u010aeka b'e\u017cer\u010bizzji essenzjali tal-Grammatika \u010aeka g\u0127al komunikazzjoni kunfidenti.","robots":{"index":"index","follow":"follow","max-snippet":"max-snippet:-1","max-image-preview":"max-image-preview:large","max-video-preview":"max-video-preview:-1"},"canonical":"https:\/\/talkpal.ai\/mt\/ezercizzji-tal-grammatika-ceka\/","og_locale":"mt_MT","og_type":"article","og_title":"E\u017cer\u010bizzji tal-Grammatika \u010aeka","og_description":"Su\u0121\u0121etti tal-Grammatika \u010aeka It-tag\u0127lim ta' lingwa \u0121dida jista' jkun esperjenza e\u010b\u010bitanti u arrikkienti, u l-lingwa \u010aeka mhix e\u010b\u010bezzjoni. Bl-istorja rikka","og_url":"https:\/\/talkpal.ai\/mt\/ezercizzji-tal-grammatika-ceka\/","og_site_name":"Talkpal","article_publisher":"https:\/\/www.facebook.com\/profile.php?id=100090733639311","article_modified_time":"2025-12-17T16:28:30+00:00","og_image":[{"width":512,"height":512,"url":"https:\/\/talkpal.ai\/wp-content\/uploads\/2023\/05\/czech-republic.png","type":"image\/png"}],"twitter_card":"summary_large_image","twitter_site":"@talkpalai","twitter_misc":{"Est. reading time":"3 minutes"},"schema":{"@context":"https:\/\/schema.org","@graph":[{"@type":"WebPage","@id":"https:\/\/talkpal.ai\/mt\/ezercizzji-tal-grammatika-ceka\/","url":"https:\/\/talkpal.ai\/mt\/ezercizzji-tal-grammatika-ceka\/","name":"E\u017cer\u010bizzji tal-Grammatika \u010aeka - Talkpal","isPartOf":{"@id":"https:\/\/talkpal.ai\/mt\/#website"},"primaryImageOfPage":{"@id":"https:\/\/talkpal.ai\/mt\/ezercizzji-tal-grammatika-ceka\/#primaryimage"},"image":{"@id":"https:\/\/talkpal.ai\/mt\/ezercizzji-tal-grammatika-ceka\/#primaryimage"},"thumbnailUrl":"https:\/\/talkpal.ai\/wp-content\/uploads\/2023\/05\/czech-republic.png","datePublished":"2023-06-16T13:10:39+00:00","dateModified":"2025-12-17T16:28:30+00:00","description":"Tifta\u0127 is-sigrieti tal-lingwa \u010aeka b'e\u017cer\u010bizzji essenzjali tal-Grammatika \u010aeka g\u0127al komunikazzjoni kunfidenti.","breadcrumb":{"@id":"https:\/\/talkpal.ai\/mt\/ezercizzji-tal-grammatika-ceka\/#breadcrumb"},"inLanguage":"mt-MT","potentialAction":[{"@type":"ReadAction","target":["https:\/\/talkpal.ai\/mt\/ezercizzji-tal-grammatika-ceka\/"]}]},{"@type":"ImageObject","inLanguage":"mt-MT","@id":"https:\/\/talkpal.ai\/mt\/ezercizzji-tal-grammatika-ceka\/#primaryimage","url":"https:\/\/talkpal.ai\/wp-content\/uploads\/2023\/05\/czech-republic.png","contentUrl":"https:\/\/talkpal.ai\/wp-content\/uploads\/2023\/05\/czech-republic.png","width":512,"height":512,"caption":"TalkPal Czech republic Flag"},{"@type":"BreadcrumbList","@id":"https:\/\/talkpal.ai\/mt\/ezercizzji-tal-grammatika-ceka\/#breadcrumb","itemListElement":[{"@type":"ListItem","position":1,"name":"Homepage","item":"https:\/\/talkpal.ai\/mt\/"},{"@type":"ListItem","position":2,"name":"E\u017cer\u010bizzji tal-Grammatika \u010aeka"}]},{"@type":"WebSite","@id":"https:\/\/talkpal.ai\/mt\/#website","url":"https:\/\/talkpal.ai\/mt\/","name":"Talkpal","description":"AI Language Learning","publisher":{"@id":"https:\/\/talkpal.ai\/mt\/#organization"},"alternateName":"Talkpal AI","potentialAction":[{"@type":"SearchAction","target":{"@type":"EntryPoint","urlTemplate":"https:\/\/talkpal.ai\/mt\/?s={search_term_string}"},"query-input":{"@type":"PropertyValueSpecification","valueRequired":true,"valueName":"search_term_string"}}],"inLanguage":"mt-MT"},{"@type":"Organization","@id":"https:\/\/talkpal.ai\/mt\/#organization","name":"Talkpal, Inc.","alternateName":"Talkpal AI","url":"https:\/\/talkpal.ai\/mt\/","logo":{"@type":"ImageObject","inLanguage":"mt-MT","@id":"https:\/\/talkpal.ai\/mt\/#\/schema\/logo\/image\/","url":"https:\/\/talkpal.ai\/wp-content\/uploads\/2024\/03\/Talkpal-Logo-Icon.png","contentUrl":"https:\/\/talkpal.ai\/wp-content\/uploads\/2024\/03\/Talkpal-Logo-Icon.png","width":2880,"height":2880,"caption":"Talkpal, Inc."},"image":{"@id":"https:\/\/talkpal.ai\/mt\/#\/schema\/logo\/image\/"},"sameAs":["https:\/\/www.facebook.com\/profile.php?id=100090733639311","https:\/\/x.com\/talkpalai","https:\/\/www.linkedin.com\/company\/talkpal\/","https:\/\/www.youtube.com\/@TalkPal\/","https:\/\/www.tiktok.com\/@talkpal","https:\/\/www.instagram.com\/talkpal_ai\/","https:\/\/www.crunchbase.com\/organization\/talkpal-9cde","https:\/\/www.g2.com\/products\/talkpal-for-business\/","https:\/\/www.trustpilot.com\/review\/talkpal.ai","https:\/\/www.capterra.com\/p\/10006800\/TalkPal\/"],"description":"Talkpal is a language learning web and mobile education app, powered by the latest AI technologies, that provides engaging experiences to its customers in many different languages to help them improve their language skills. Users can chat about unlimited amount of topics with the app and use other modes to practice their language learning.","email":"support@talkpal.ai","legalName":"Talkpal, Inc.","foundingDate":"2023-04-03","duns":"118989042","numberOfEmployees":{"@type":"QuantitativeValue","minValue":"11","maxValue":"50"},"publishingPrinciples":"https:\/\/talkpal.ai\/publishing-principles\/","actionableFeedbackPolicy":"https:\/\/talkpal.ai\/actionable-feedback-policy\/","correctionsPolicy":"https:\/\/talkpal.ai\/corrections-policy\/","ethicsPolicy":"https:\/\/talkpal.ai\/ethics-policy\/","diversityPolicy":"https:\/\/talkpal.ai\/diversity-policy\/","diversityStaffingReport":"https:\/\/talkpal.ai\/diversity-policy\/"}]}},"_links":{"self":[{"href":"https:\/\/talkpal.ai\/mt\/wp-json\/wp\/v2\/pages\/1446346","targetHints":{"allow":["GET"]}}],"collection":[{"href":"https:\/\/talkpal.ai\/mt\/wp-json\/wp\/v2\/pages"}],"about":[{"href":"https:\/\/talkpal.ai\/mt\/wp-json\/wp\/v2\/types\/page"}],"author":[{"embeddable":true,"href":"https:\/\/talkpal.ai\/mt\/wp-json\/wp\/v2\/users\/6"}],"replies":[{"embeddable":true,"href":"https:\/\/talkpal.ai\/mt\/wp-json\/wp\/v2\/comments?post=1446346"}],"version-history":[{"count":0,"href":"https:\/\/talkpal.ai\/mt\/wp-json\/wp\/v2\/pages\/1446346\/revisions"}],"wp:featuredmedia":[{"embeddable":true,"href":"https:\/\/talkpal.ai\/mt\/wp-json\/wp\/v2\/media\/1443542"}],"wp:attachment":[{"href":"https:\/\/talkpal.ai\/mt\/wp-json\/wp\/v2\/media?parent=1446346"}],"curies":[{"name":"wp","href":"https:\/\/api.w.org\/{rel}","templated":true}]}}