{"id":1446326,"date":"2023-06-21T14:25:56","date_gmt":"2023-06-21T14:25:56","guid":{"rendered":"https:\/\/talkpal.ai\/ezercizzji-tal-grammatika-ebrajka\/"},"modified":"2025-12-17T16:06:12","modified_gmt":"2025-12-17T16:06:12","slug":"ezercizzji-tal-grammatika-ebrajka","status":"publish","type":"page","link":"https:\/\/talkpal.ai\/mt\/ezercizzji-tal-grammatika-ebrajka\/","title":{"rendered":"E\u017cer\u010bizzji tal-Grammatika Ebrajka"},"content":{"rendered":"\r\n\r\n\r\n<section class=\"languageChallengeSection\">\r\n    <div class=\"languageInfoWrapper\">\r\n        \r\n        <h1>E\u017cer\u010bizzji tal-Grammatika Ebrajka<\/h1>\r\n        <p>Lest biex tg\u0127addas fil-grammatika Ebrajka? Dawn l-e\u017cer\u010bizzji sempli\u010bi jg\u0127inuk tikseb komdu mal-affarijiet ba\u017ci\u010bi u tibni l-kunfidenza tieg\u0127ek hekk kif titg\u0127allem din il-lingwa sabi\u0127a.<\/p>\r\n\r\n                            <a class=\"getStartedHidden\" href=\"https:\/\/app.talkpal.ai\/signup?lng=\">Ibda<\/a>\r\n        \r\n    <\/div>\r\n\r\n    <figure>\r\n    <img decoding=\"async\" width=\"768\" height=\"768\" src=\"https:\/\/talkpal.ai\/wp-content\/uploads\/2023\/06\/hebrew-768x768.png\" class=\"languageImage no-lazy\" alt=\"Language learning for proficient communication\" fetchpriority=\"high\" sizes=\"(max-width: 768px) 150px, 768px\" srcset=\"https:\/\/talkpal.ai\/wp-content\/uploads\/2023\/06\/hebrew-768x768.png 768w, https:\/\/talkpal.ai\/wp-content\/uploads\/2023\/06\/hebrew-300x300.png 300w\" \/>\r\n    \r\n\r\n    <\/figure>\r\n\r\n            <a class=\"getStartedVisible\" href=\"https:\/\/app.talkpal.ai\/signup?lng=\">Ibda<\/a>\r\n    \r\n<\/section>\r\n\r\n\r\n<!-- <section class=\"grammarSection\">\r\n    <div class=\"grammarLinks\">\r\n            <\/div>\r\n<\/section> -->\r\n\r\n\r\n\r\n\r\n<section class=\"promotionalBanner\">\r\n    <p class=\"promotionalText\">L-aktar mod effi\u010bjenti biex titg\u0127allem lingwa<\/p>\r\n    <a class=\"promotionalLink\" href=\"https:\/\/app.talkpal.ai\/signup?lng=\">Ipprova Talkpal b&#8217;xejn<\/a>\r\n<\/section>\n<div class=\"wp-block-group pageContainerStyle\"><div class=\"wp-block-group__inner-container is-layout-constrained wp-block-group-is-layout-constrained\">\n<h2 class=\"wp-block-heading\" id=\"h-hebrew-grammar-topics\">Su\u0121\u0121etti tal-Grammatika Ebrajka<\/h2>\n\n\n\n<p>L-Ebrajk huwa lingwa affaxxinanti u antika li g\u0127andha sinifikat storiku u kulturali kbir. B\u0127ala wa\u0127da mill-eqdem lingwi fid-dinja, evolviet u adattat ma\u017c-\u017cmien, u b&#8217;hekk tag\u0127milha lingwa kemm ta &#8216;sfida kif ukoll ta&#8217; sodisfazzjon biex titg\u0127allem. Kemm jekk qed titg\u0127allem l-Ebrajk g\u0127al ra\u0121unijiet reli\u0121ju\u017ci, biex tikkonnettja mal-wirt tieg\u0127ek, jew sempli\u010bement g\u0127at-tkabbir personali, il-fehim tal-grammatika huwa essenzjali g\u0127al komunikazzjoni effettiva. F&#8217;din il-gwida, a\u0127na se nesploraw is-su\u0121\u0121etti ewlenin tal-grammatika Ebrajka li g\u0127andek b\u017conn tikkontrolla f&#8217;sekwenza lo\u0121ika, li tipprovdi pedament sod g\u0127all-vja\u0121\u0121 tat-tag\u0127lim tal-lingwa tieg\u0127ek.<\/p>\n\n\n\n<h3 class=\"wp-block-heading\" id=\"h-1-nouns\">1. Nomi:<\/h3>\n\n\n\n<p>B\u0127ala l-blokki tal-bini ta &#8216;kwalunkwe lingwa, il-fehim tan-nomi <a href=\"https:\/\/talkpal.ai\/learn-hebrew\/\">Ebrajk<\/a> huwa kru\u010bjali. In-nomi fl-Ebrajk g\u0127andhom \u0121eneru (maskili jew femminili) u numru (singular, plural, u xi kultant doppju). It-tag\u0127lim tal-mudelli g\u0127all-ftehim bejn is-sessi u n-numri jg\u0127inek tifforma sentenzi ba\u017ci\u010bi u tifhem l-istruttura tal-lingwa.<\/p>\n\n\n\n<h3 class=\"wp-block-heading\" id=\"h-2-articles\">2. Artikoli:<\/h3>\n\n\n\n<p>L-Ebrajk g\u0127andu artiklu definit, &#8220;\u05d4&#8221; (ha), li huwa mehmu\u017c mal-bidu ta&#8217; nom biex jindika li huwa spe\u010bifiku jew mag\u0127ruf. M&#8217;hemm l-ebda artiklu indefinit bl-Ebrajk, g\u0127alhekk it-tag\u0127lim ta&#8217; meta u kif tu\u017ca l-artiklu definit huwa essenzjali g\u0127all-komunikazzjoni xierqa.<\/p>\n\n\n\n<h3 class=\"wp-block-heading\" id=\"h-3-adjectives\">3. A\u0121\u0121ettivi:<\/h3>\n\n\n\n<p>L-a\u0121\u0121ettivi Ebrajk, b\u0127an-nomi, g\u0127andhom ftehim bejn is-sess u n-numru. Huma jsegwu n-nom li jimmodifikaw u g\u0127andhom jaqblu fis-sess u n-numru. Understanding the patterns and rules for <a href=\"https:\/\/talkpal.ai\/ko\/grammar\/%ed%98%95%ec%9a%a9%ec%82%ac-%eb%8f%99%ec%9d%98%ec%84%9c\/\">adjective agreement<\/a> will help you accurate describe objects and ideas in Hebrew.<\/p>\n\n\n\n<h3 class=\"wp-block-heading\" id=\"h-4-pronouns-determiners\">4. Pronomi \/ Determinaturi:<\/h3>\n\n\n\n<p>Il-pronomi jissostitwixxu n-nomi fis-sentenzi, filwaqt li d-determinaturi jispe\u010bifikawhom jew jikkwantifikawhom. It-tnejn g\u0127andhom rwol kru\u010bjali biex jag\u0127mlu l-Ebrajk tieg\u0127ek aktar fluwenti u naturali. Il-\u0127akma tad-diversi pronomi (su\u0121\u0121ett, o\u0121\u0121ett, possessiv) u determinaturi (dimostrattivi, interrogattivi, indefiniti) jg\u0127inek to\u0127loq sentenzi aktar kumplessi u twassal l-ideat tieg\u0127ek b&#8217;mod aktar effettiv.<\/p>\n\n\n\n<h3 class=\"wp-block-heading\" id=\"h-5-verbs\">5. Verbi:<\/h3>\n\n\n\n<p>Il-verbi Ebrajk huma fil-qalba tal-grammatika tal-lingwa. Huma bba\u017cati fuq sistema ta &#8216;g\u0127eruq li tikkonsisti minn tlieta jew erba&#8217; konsonanti u huma konjugati skont it-temp, il-persuna, is-sess, u n-numru. Familjarizza ru\u0127ek mal-forom u t-tempi varji tal-verbi jippermettilek tesprimi azzjonijiet u stati b&#8217;mod effettiv.<\/p>\n\n\n\n<h3 class=\"wp-block-heading\" id=\"h-6-tenses\">6. Tempi:<\/h3>\n\n\n\n<p>L-Ebrajk g\u0127andu tliet tempijiet ewlenin: passat, pre\u017cent, u futur. Kull temp g\u0127andu regoli spe\u010bifi\u010bi ta&#8217; konjugazzjoni li jiddependu fuq l-g\u0127erq tal-verb u s-sess u n-numru tas-su\u0121\u0121ett. Il-fehim ta &#8216;dawn ir-regoli jippermettilek twassal il-\u0127in tal-azzjonijiet b&#8217;mod pre\u010bi\u017c.<\/p>\n\n\n\n<h3 class=\"wp-block-heading\" id=\"h-7-tense-comparison\">7. Paragun tat-Tensjoni:<\/h3>\n\n\n\n<p>Huwa essenzjali li tkun taf meta u kif tu\u017ca kull temp Ebrajk biex tikkomunika b&#8217;mod effettiv. It-tqabbil u l-kuntrast tad-diversi tempijiet jg\u0127inek tifhem l-isfumaturi tal-lingwa u tippermettilek tesprimi ru\u0127ek b&#8217;mod aktar pre\u010bi\u017c.<\/p>\n\n\n\n<h3 class=\"wp-block-heading\" id=\"h-8-progressive-and-perfect-progressive\">8. Progressiv u Progressiv Perfett:<\/h3>\n\n\n\n<p>Dawn il-formoli tal-verb jintu\u017caw biex jindikaw azzjonijiet li g\u0127addejjin jew kompluti. Il-forma progressiva tintu\u017ca g\u0127al azzjonijiet li g\u0127adhom g\u0127addejjin, filwaqt li l-progressiv perfett jenfasizza t-tlestija ta &#8216;azzjoni. Il-fehim ta &#8216;dawn il-forom se jtejjeb il-\u0127ila tieg\u0127ek li tesprimi ideat u azzjonijiet kumplessi.<\/p>\n\n\n\n<h3 class=\"wp-block-heading\" id=\"h-9-adverbs\">9. Avverbji:<\/h3>\n\n\n\n<p>L-avverbji jimmodifikaw verbi, a\u0121\u0121ettivi, jew avverbji o\u0127ra, u jipprovdu informazzjoni addizzjonali dwar l-azzjoni jew il-kwalit\u00e0 li qed ti\u0121i deskritta. It-tag\u0127lim tad-diversi tipi ta &#8216;avverbji Ebrajk u kif tu\u017cahom b&#8217;mod korrett se j\u017cid varjet\u00e0 u profondit\u00e0 g\u0127all-\u0127iliet lingwisti\u010bi tieg\u0127ek.<\/p>\n\n\n\n<h3 class=\"wp-block-heading\" id=\"h-10-prepositions\">10. Prepo\u017cizzjonijiet:<\/h3>\n\n\n\n<p>Il-prepo\u017cizzjonijiet jg\u0127aqqdu nomi, pronomi, jew kliem ie\u0127or biex juru relazzjonijiet fil-\u0127in, il-post, jew kuntesti o\u0127ra. Il-\u0127akma tal-prepo\u017cizzjonijiet Ebrajk tg\u0127inek to\u0127loq sentenzi aktar kumplessi u tesprimi relazzjonijiet bejn l-ideat b&#8217;mod aktar \u010bar.<\/p>\n\n\n\n<h3 class=\"wp-block-heading\" id=\"h-11-conditionals\">11. Kondizzjonali:<\/h3>\n\n\n\n<p>Il-kundizzjonali Ebrajk jintu\u017caw biex jesprimu sitwazzjonijiet ipoteti\u010bi u l-konsegwenzi tag\u0127hom. It-tag\u0127lim tad-diversi strutturi kondizzjonali (jekk \/ imbag\u0127ad dikjarazzjonijiet) jippermettilek tikkomunika b&#8217;mod effettiv f&#8217;sitwazzjonijiet ipoteti\u010bi jew in\u010berti.<\/p>\n\n\n\n<h3 class=\"wp-block-heading\" id=\"h-12-sentences\">12. Sentenzi:<\/h3>\n\n\n\n<p>Fl-a\u0127\u0127arnett, it-tqeg\u0127id tal-komponenti kollha tal-grammatika flimkien biex jiffurmaw sentenzi kompluti u koerenti huwa l-g\u0127an a\u0127\u0127ari tat-tag\u0127lim tal-Ebrajk. Prattika li tg\u0127aqqad nomi, verbi, a\u0121\u0121ettivi, u elementi o\u0127ra biex to\u0127loq sentenzi li jwasslu b&#8217;mod pre\u010bi\u017c il-\u0127sibijiet u l-ideat tieg\u0127ek fil-lingwa Ebrajka.<\/p>\n<\/div><\/div>\n\r\n<section class=\"learnNavigationSection\">\r\n            \r\n        <a href=\"https:\/\/talkpal.ai\/mt\/tghallem-l-ebrajk\/\">\r\n            <div class=\"learnNavigationWrapper\">\r\n                <div class=\"learnNavigationContent\">\r\n                    <img decoding=\"async\" src=\"https:\/\/talkpal.ai\/wp-content\/uploads\/2024\/08\/Hebrew.jpg\" alt=\"Israel Flag\">\r\n                    <div>\r\n                        <h4>Dwar it-Tag\u0127lim tal-Ebrajk<\/h4>\r\n                        <p>Sir af kollox dwar il-grammatika Ebrajka.<\/p>\r\n                    <\/div>\r\n                <\/div>\r\n            <\/div>\r\n        <\/a>\r\n\r\n        \r\n        <a href=\"https:\/\/talkpal.ai\/mt\/grammatika-ebrajka\/\">\r\n            <div class=\"learnNavigationWrapper\">\r\n                <div class=\"learnNavigationContent\">\r\n                    <img decoding=\"async\" src=\"https:\/\/talkpal.ai\/wp-content\/uploads\/2024\/08\/Hebrew.jpg\" alt=\"Israel Flag\">\r\n                    <div>\r\n                        <h4>Lezzjonijiet tal-Grammatika Ebrajka<\/h4>\r\n                        <p>Ipprattika l-grammatika Ebrajka.<\/p>\r\n                    <\/div>\r\n                <\/div>\r\n            <\/div>\r\n        <\/a>\r\n\r\n        \r\n        <a href=\"https:\/\/talkpal.ai\/vocabulary_language\/hebrew\/\">\r\n            <div class=\"learnNavigationWrapper\">\r\n                <div class=\"learnNavigationContent\">\r\n                    <img decoding=\"async\" src=\"https:\/\/talkpal.ai\/wp-content\/uploads\/2024\/08\/Hebrew.jpg\" alt=\"Israel Flag\">\r\n                    <div>\r\n                        <h4>Vokabularju Ebrajk<\/h4>\r\n                        <p>Espandi l-vokabularju Ebrajk tieg\u0127ek.<\/p>\r\n                    <\/div>\r\n                <\/div>\r\n            <\/div>\r\n        <\/a>\r\n\r\n            <\/section>","protected":false},"excerpt":{"rendered":"<p>Su\u0121\u0121etti tal-Grammatika Ebrajka L-Ebrajk huwa lingwa affaxxinanti u antika li g\u0127andha sinifikat storiku u kulturali kbir. B\u0127ala wa\u0127da mill-eqdem lingwi fid-dinja, evolviet u adattat ma\u017c-\u017cmien, u b&#8217;hekk tag\u0127milha lingwa kemm ta &#8216;sfida kif ukoll ta&#8217; sodisfazzjon biex titg\u0127allem. Kemm jekk qed titg\u0127allem l-Ebrajk g\u0127al ra\u0121unijiet reli\u0121ju\u017ci, biex tikkonnettja mal-wirt tieg\u0127ek, jew sempli\u010bement g\u0127at-tkabbir personali, il-fehim [&hellip;]<\/p>\n","protected":false},"author":6,"featured_media":1443548,"parent":0,"menu_order":0,"comment_status":"closed","ping_status":"closed","template":"LearningContentPage.php","meta":{"_acf_changed":false,"footnotes":""},"class_list":["post-1446326","page","type-page","status-publish","has-post-thumbnail","hentry"],"acf":[],"yoast_head":"<!-- This site is optimized with the Yoast SEO Premium plugin v27.2 (Yoast SEO v27.2) - https:\/\/yoast.com\/product\/yoast-seo-premium-wordpress\/ -->\n<title>E\u017cer\u010bizzji tal-Grammatika Ebrajka - Talkpal<\/title>\n<meta name=\"description\" content=\"Boost your Hebrew grammar\u2014engage in clear, practical exercises to easily strengthen your language skills with TalkPal AI.\" \/>\n<meta name=\"robots\" content=\"index, follow, max-snippet:-1, max-image-preview:large, max-video-preview:-1\" \/>\n<link rel=\"canonical\" href=\"https:\/\/talkpal.ai\/mt\/ezercizzji-tal-grammatika-ebrajka\/\" \/>\n<meta property=\"og:locale\" content=\"mt_MT\" \/>\n<meta property=\"og:type\" content=\"article\" \/>\n<meta property=\"og:title\" content=\"E\u017cer\u010bizzji tal-Grammatika Ebrajka\" \/>\n<meta property=\"og:description\" content=\"Su\u0121\u0121etti tal-Grammatika Ebrajka L-Ebrajk huwa lingwa affaxxinanti u antika li g\u0127andha sinifikat storiku u kulturali kbir. B\u0127ala wa\u0127da mill-eqdem lingwi\" \/>\n<meta property=\"og:url\" content=\"https:\/\/talkpal.ai\/mt\/ezercizzji-tal-grammatika-ebrajka\/\" \/>\n<meta property=\"og:site_name\" content=\"Talkpal\" \/>\n<meta property=\"article:publisher\" content=\"https:\/\/www.facebook.com\/profile.php?id=100090733639311\" \/>\n<meta property=\"article:modified_time\" content=\"2025-12-17T16:06:12+00:00\" \/>\n<meta property=\"og:image\" content=\"https:\/\/talkpal.ai\/wp-content\/uploads\/2023\/05\/israel.png\" \/>\n\t<meta property=\"og:image:width\" content=\"512\" \/>\n\t<meta property=\"og:image:height\" content=\"512\" \/>\n\t<meta property=\"og:image:type\" content=\"image\/png\" \/>\n<meta name=\"twitter:card\" content=\"summary_large_image\" \/>\n<meta name=\"twitter:site\" content=\"@talkpalai\" \/>\n<meta name=\"twitter:label1\" content=\"Est. reading time\" \/>\n\t<meta name=\"twitter:data1\" content=\"3 minutes\" \/>\n<script type=\"application\/ld+json\" class=\"yoast-schema-graph\">{\"@context\":\"https:\/\/schema.org\",\"@graph\":[{\"@type\":\"WebPage\",\"@id\":\"https:\/\/talkpal.ai\/mt\/ezercizzji-tal-grammatika-ebrajka\/\",\"url\":\"https:\/\/talkpal.ai\/mt\/ezercizzji-tal-grammatika-ebrajka\/\",\"name\":\"E\u017cer\u010bizzji tal-Grammatika Ebrajka - Talkpal\",\"isPartOf\":{\"@id\":\"https:\/\/talkpal.ai\/mt\/#website\"},\"primaryImageOfPage\":{\"@id\":\"https:\/\/talkpal.ai\/mt\/ezercizzji-tal-grammatika-ebrajka\/#primaryimage\"},\"image\":{\"@id\":\"https:\/\/talkpal.ai\/mt\/ezercizzji-tal-grammatika-ebrajka\/#primaryimage\"},\"thumbnailUrl\":\"https:\/\/talkpal.ai\/wp-content\/uploads\/2023\/05\/israel.png\",\"datePublished\":\"2023-06-21T14:25:56+00:00\",\"dateModified\":\"2025-12-17T16:06:12+00:00\",\"description\":\"Boost your Hebrew grammar\u2014engage in clear, practical exercises to easily strengthen your language skills with TalkPal AI.\",\"breadcrumb\":{\"@id\":\"https:\/\/talkpal.ai\/mt\/ezercizzji-tal-grammatika-ebrajka\/#breadcrumb\"},\"inLanguage\":\"mt-MT\",\"potentialAction\":[{\"@type\":\"ReadAction\",\"target\":[\"https:\/\/talkpal.ai\/mt\/ezercizzji-tal-grammatika-ebrajka\/\"]}]},{\"@type\":\"ImageObject\",\"inLanguage\":\"mt-MT\",\"@id\":\"https:\/\/talkpal.ai\/mt\/ezercizzji-tal-grammatika-ebrajka\/#primaryimage\",\"url\":\"https:\/\/talkpal.ai\/wp-content\/uploads\/2023\/05\/israel.png\",\"contentUrl\":\"https:\/\/talkpal.ai\/wp-content\/uploads\/2023\/05\/israel.png\",\"width\":512,\"height\":512,\"caption\":\"TalkPal Israel Flag\"},{\"@type\":\"BreadcrumbList\",\"@id\":\"https:\/\/talkpal.ai\/mt\/ezercizzji-tal-grammatika-ebrajka\/#breadcrumb\",\"itemListElement\":[{\"@type\":\"ListItem\",\"position\":1,\"name\":\"Homepage\",\"item\":\"https:\/\/talkpal.ai\/mt\/\"},{\"@type\":\"ListItem\",\"position\":2,\"name\":\"E\u017cer\u010bizzji tal-Grammatika Ebrajka\"}]},{\"@type\":\"WebSite\",\"@id\":\"https:\/\/talkpal.ai\/mt\/#website\",\"url\":\"https:\/\/talkpal.ai\/mt\/\",\"name\":\"Talkpal\",\"description\":\"AI Language Learning\",\"publisher\":{\"@id\":\"https:\/\/talkpal.ai\/mt\/#organization\"},\"alternateName\":\"Talkpal AI\",\"potentialAction\":[{\"@type\":\"SearchAction\",\"target\":{\"@type\":\"EntryPoint\",\"urlTemplate\":\"https:\/\/talkpal.ai\/mt\/?s={search_term_string}\"},\"query-input\":{\"@type\":\"PropertyValueSpecification\",\"valueRequired\":true,\"valueName\":\"search_term_string\"}}],\"inLanguage\":\"mt-MT\"},{\"@type\":\"Organization\",\"@id\":\"https:\/\/talkpal.ai\/mt\/#organization\",\"name\":\"Talkpal, Inc.\",\"alternateName\":\"Talkpal AI\",\"url\":\"https:\/\/talkpal.ai\/mt\/\",\"logo\":{\"@type\":\"ImageObject\",\"inLanguage\":\"mt-MT\",\"@id\":\"https:\/\/talkpal.ai\/mt\/#\/schema\/logo\/image\/\",\"url\":\"https:\/\/talkpal.ai\/wp-content\/uploads\/2024\/03\/Talkpal-Logo-Icon.png\",\"contentUrl\":\"https:\/\/talkpal.ai\/wp-content\/uploads\/2024\/03\/Talkpal-Logo-Icon.png\",\"width\":2880,\"height\":2880,\"caption\":\"Talkpal, Inc.\"},\"image\":{\"@id\":\"https:\/\/talkpal.ai\/mt\/#\/schema\/logo\/image\/\"},\"sameAs\":[\"https:\/\/www.facebook.com\/profile.php?id=100090733639311\",\"https:\/\/x.com\/talkpalai\",\"https:\/\/www.linkedin.com\/company\/talkpal\/\",\"https:\/\/www.youtube.com\/@TalkPal\/\",\"https:\/\/www.tiktok.com\/@talkpal\",\"https:\/\/www.instagram.com\/talkpal_ai\/\",\"https:\/\/www.crunchbase.com\/organization\/talkpal-9cde\",\"https:\/\/www.g2.com\/products\/talkpal-for-business\/\",\"https:\/\/www.trustpilot.com\/review\/talkpal.ai\",\"https:\/\/www.capterra.com\/p\/10006800\/TalkPal\/\"],\"description\":\"Talkpal is a language learning web and mobile education app, powered by the latest AI technologies, that provides engaging experiences to its customers in many different languages to help them improve their language skills. Users can chat about unlimited amount of topics with the app and use other modes to practice their language learning.\",\"email\":\"support@talkpal.ai\",\"legalName\":\"Talkpal, Inc.\",\"foundingDate\":\"2023-04-03\",\"duns\":\"118989042\",\"numberOfEmployees\":{\"@type\":\"QuantitativeValue\",\"minValue\":\"11\",\"maxValue\":\"50\"},\"publishingPrinciples\":\"https:\/\/talkpal.ai\/publishing-principles\/\",\"actionableFeedbackPolicy\":\"https:\/\/talkpal.ai\/actionable-feedback-policy\/\",\"correctionsPolicy\":\"https:\/\/talkpal.ai\/corrections-policy\/\",\"ethicsPolicy\":\"https:\/\/talkpal.ai\/ethics-policy\/\",\"diversityPolicy\":\"https:\/\/talkpal.ai\/diversity-policy\/\",\"diversityStaffingReport\":\"https:\/\/talkpal.ai\/diversity-policy\/\"}]}<\/script>\n<!-- \/ Yoast SEO Premium plugin. -->","yoast_head_json":{"title":"E\u017cer\u010bizzji tal-Grammatika Ebrajka - Talkpal","description":"Boost your Hebrew grammar\u2014engage in clear, practical exercises to easily strengthen your language skills with TalkPal AI.","robots":{"index":"index","follow":"follow","max-snippet":"max-snippet:-1","max-image-preview":"max-image-preview:large","max-video-preview":"max-video-preview:-1"},"canonical":"https:\/\/talkpal.ai\/mt\/ezercizzji-tal-grammatika-ebrajka\/","og_locale":"mt_MT","og_type":"article","og_title":"E\u017cer\u010bizzji tal-Grammatika Ebrajka","og_description":"Su\u0121\u0121etti tal-Grammatika Ebrajka L-Ebrajk huwa lingwa affaxxinanti u antika li g\u0127andha sinifikat storiku u kulturali kbir. B\u0127ala wa\u0127da mill-eqdem lingwi","og_url":"https:\/\/talkpal.ai\/mt\/ezercizzji-tal-grammatika-ebrajka\/","og_site_name":"Talkpal","article_publisher":"https:\/\/www.facebook.com\/profile.php?id=100090733639311","article_modified_time":"2025-12-17T16:06:12+00:00","og_image":[{"width":512,"height":512,"url":"https:\/\/talkpal.ai\/wp-content\/uploads\/2023\/05\/israel.png","type":"image\/png"}],"twitter_card":"summary_large_image","twitter_site":"@talkpalai","twitter_misc":{"Est. reading time":"3 minutes"},"schema":{"@context":"https:\/\/schema.org","@graph":[{"@type":"WebPage","@id":"https:\/\/talkpal.ai\/mt\/ezercizzji-tal-grammatika-ebrajka\/","url":"https:\/\/talkpal.ai\/mt\/ezercizzji-tal-grammatika-ebrajka\/","name":"E\u017cer\u010bizzji tal-Grammatika Ebrajka - Talkpal","isPartOf":{"@id":"https:\/\/talkpal.ai\/mt\/#website"},"primaryImageOfPage":{"@id":"https:\/\/talkpal.ai\/mt\/ezercizzji-tal-grammatika-ebrajka\/#primaryimage"},"image":{"@id":"https:\/\/talkpal.ai\/mt\/ezercizzji-tal-grammatika-ebrajka\/#primaryimage"},"thumbnailUrl":"https:\/\/talkpal.ai\/wp-content\/uploads\/2023\/05\/israel.png","datePublished":"2023-06-21T14:25:56+00:00","dateModified":"2025-12-17T16:06:12+00:00","description":"Boost your Hebrew grammar\u2014engage in clear, practical exercises to easily strengthen your language skills with TalkPal AI.","breadcrumb":{"@id":"https:\/\/talkpal.ai\/mt\/ezercizzji-tal-grammatika-ebrajka\/#breadcrumb"},"inLanguage":"mt-MT","potentialAction":[{"@type":"ReadAction","target":["https:\/\/talkpal.ai\/mt\/ezercizzji-tal-grammatika-ebrajka\/"]}]},{"@type":"ImageObject","inLanguage":"mt-MT","@id":"https:\/\/talkpal.ai\/mt\/ezercizzji-tal-grammatika-ebrajka\/#primaryimage","url":"https:\/\/talkpal.ai\/wp-content\/uploads\/2023\/05\/israel.png","contentUrl":"https:\/\/talkpal.ai\/wp-content\/uploads\/2023\/05\/israel.png","width":512,"height":512,"caption":"TalkPal Israel Flag"},{"@type":"BreadcrumbList","@id":"https:\/\/talkpal.ai\/mt\/ezercizzji-tal-grammatika-ebrajka\/#breadcrumb","itemListElement":[{"@type":"ListItem","position":1,"name":"Homepage","item":"https:\/\/talkpal.ai\/mt\/"},{"@type":"ListItem","position":2,"name":"E\u017cer\u010bizzji tal-Grammatika Ebrajka"}]},{"@type":"WebSite","@id":"https:\/\/talkpal.ai\/mt\/#website","url":"https:\/\/talkpal.ai\/mt\/","name":"Talkpal","description":"AI Language Learning","publisher":{"@id":"https:\/\/talkpal.ai\/mt\/#organization"},"alternateName":"Talkpal AI","potentialAction":[{"@type":"SearchAction","target":{"@type":"EntryPoint","urlTemplate":"https:\/\/talkpal.ai\/mt\/?s={search_term_string}"},"query-input":{"@type":"PropertyValueSpecification","valueRequired":true,"valueName":"search_term_string"}}],"inLanguage":"mt-MT"},{"@type":"Organization","@id":"https:\/\/talkpal.ai\/mt\/#organization","name":"Talkpal, Inc.","alternateName":"Talkpal AI","url":"https:\/\/talkpal.ai\/mt\/","logo":{"@type":"ImageObject","inLanguage":"mt-MT","@id":"https:\/\/talkpal.ai\/mt\/#\/schema\/logo\/image\/","url":"https:\/\/talkpal.ai\/wp-content\/uploads\/2024\/03\/Talkpal-Logo-Icon.png","contentUrl":"https:\/\/talkpal.ai\/wp-content\/uploads\/2024\/03\/Talkpal-Logo-Icon.png","width":2880,"height":2880,"caption":"Talkpal, Inc."},"image":{"@id":"https:\/\/talkpal.ai\/mt\/#\/schema\/logo\/image\/"},"sameAs":["https:\/\/www.facebook.com\/profile.php?id=100090733639311","https:\/\/x.com\/talkpalai","https:\/\/www.linkedin.com\/company\/talkpal\/","https:\/\/www.youtube.com\/@TalkPal\/","https:\/\/www.tiktok.com\/@talkpal","https:\/\/www.instagram.com\/talkpal_ai\/","https:\/\/www.crunchbase.com\/organization\/talkpal-9cde","https:\/\/www.g2.com\/products\/talkpal-for-business\/","https:\/\/www.trustpilot.com\/review\/talkpal.ai","https:\/\/www.capterra.com\/p\/10006800\/TalkPal\/"],"description":"Talkpal is a language learning web and mobile education app, powered by the latest AI technologies, that provides engaging experiences to its customers in many different languages to help them improve their language skills. Users can chat about unlimited amount of topics with the app and use other modes to practice their language learning.","email":"support@talkpal.ai","legalName":"Talkpal, Inc.","foundingDate":"2023-04-03","duns":"118989042","numberOfEmployees":{"@type":"QuantitativeValue","minValue":"11","maxValue":"50"},"publishingPrinciples":"https:\/\/talkpal.ai\/publishing-principles\/","actionableFeedbackPolicy":"https:\/\/talkpal.ai\/actionable-feedback-policy\/","correctionsPolicy":"https:\/\/talkpal.ai\/corrections-policy\/","ethicsPolicy":"https:\/\/talkpal.ai\/ethics-policy\/","diversityPolicy":"https:\/\/talkpal.ai\/diversity-policy\/","diversityStaffingReport":"https:\/\/talkpal.ai\/diversity-policy\/"}]}},"_links":{"self":[{"href":"https:\/\/talkpal.ai\/mt\/wp-json\/wp\/v2\/pages\/1446326","targetHints":{"allow":["GET"]}}],"collection":[{"href":"https:\/\/talkpal.ai\/mt\/wp-json\/wp\/v2\/pages"}],"about":[{"href":"https:\/\/talkpal.ai\/mt\/wp-json\/wp\/v2\/types\/page"}],"author":[{"embeddable":true,"href":"https:\/\/talkpal.ai\/mt\/wp-json\/wp\/v2\/users\/6"}],"replies":[{"embeddable":true,"href":"https:\/\/talkpal.ai\/mt\/wp-json\/wp\/v2\/comments?post=1446326"}],"version-history":[{"count":0,"href":"https:\/\/talkpal.ai\/mt\/wp-json\/wp\/v2\/pages\/1446326\/revisions"}],"wp:featuredmedia":[{"embeddable":true,"href":"https:\/\/talkpal.ai\/mt\/wp-json\/wp\/v2\/media\/1443548"}],"wp:attachment":[{"href":"https:\/\/talkpal.ai\/mt\/wp-json\/wp\/v2\/media?parent=1446326"}],"curies":[{"name":"wp","href":"https:\/\/api.w.org\/{rel}","templated":true}]}}