{"id":1443458,"date":"2023-05-14T13:51:46","date_gmt":"2023-05-14T13:51:46","guid":{"rendered":"https:\/\/talkpal.ai\/grammatika-portugiza\/"},"modified":"2025-12-11T16:46:48","modified_gmt":"2025-12-11T16:46:48","slug":"grammatika-portugiza","status":"publish","type":"page","link":"https:\/\/talkpal.ai\/mt\/grammatika-portugiza\/","title":{"rendered":"Grammatika Portugi\u017ca"},"content":{"rendered":"\r\n\r\n\r\n<section class=\"languageChallengeSection\">\r\n    <div class=\"languageInfoWrapper\">\r\n        \r\n        <h1>Grammatika Portugi\u017ca<\/h1>\r\n        <p>Esplora l-elementi essenzjali tal-<a href=\"https:\/\/talkpal.ai\/portuguese-grammar\/\">grammatika Portugi\u017ca<\/a> u tifta\u0127 dinja ta &#039;opportunitajiet biex tikkonnettja ma&#039; miljuni ta &#039;kelliema madwar id-dinja. Billi tikkontrolla r-regoli u l-istrutturi ewlenin tag\u0127ha, tkun lest li tikkomunika b&#039;kunfidenza u tgawdi bis-s\u0127i\u0127 il-kultura Portugi\u017ca. Ibda titg\u0127allem il-<a href=\"https:\/\/talkpal.ai\/portuguese-grammar\/\">grammatika Portugi\u017ca<\/a> llum u \u0127u l-ewwel pass tieg\u0127ek lejn il-\u0127effa!<\/p>\r\n\r\n                            <a class=\"getStartedHidden\" href=\"https:\/\/app.talkpal.ai\/signup?lng=\">Ibda<\/a>\r\n        \r\n    <\/div>\r\n\r\n    <figure>\r\n    <img decoding=\"async\" width=\"768\" height=\"768\" src=\"https:\/\/talkpal.ai\/wp-content\/uploads\/2023\/06\/portuguese-768x768.png\" class=\"languageImage no-lazy\" alt=\"Language learning for broader world view\" fetchpriority=\"high\" sizes=\"(max-width: 768px) 150px, 768px\" srcset=\"https:\/\/talkpal.ai\/wp-content\/uploads\/2023\/06\/portuguese-768x768.png 768w, https:\/\/talkpal.ai\/wp-content\/uploads\/2023\/06\/portuguese-300x300.png 300w\" \/>\r\n    \r\n\r\n    <\/figure>\r\n\r\n            <a class=\"getStartedVisible\" href=\"https:\/\/app.talkpal.ai\/signup?lng=\">Ibda<\/a>\r\n    \r\n<\/section>\r\n<section class=\"promotionalBanner\">\r\n    <p class=\"promotionalText\">L-aktar mod effi\u010bjenti biex titg\u0127allem lingwa<\/p>\r\n    <a class=\"promotionalLink\" href=\"https:\/\/app.talkpal.ai\/signup?lng=\">Ipprova Talkpal b&#8217;xejn<\/a>\r\n<\/section>\n<div class=\"wp-block-group pageContainerStyle\"><div class=\"wp-block-group__inner-container is-layout-constrained wp-block-group-is-layout-constrained\">\n<h2 class=\"wp-block-heading\" id=\"h-a-beginner-s-guide-to-understanding-portuguese-grammar\">Gwida g\u0127all-Bidu biex Tifhem il-Grammatika Portugi\u017ca<\/h2>\n\n\n\n<p>Kemm jekk qed tippjana vja\u0121\u0121 lejn il-Portugall jew sempli\u010bement interessat li tikkontrolla lingwa \u0121dida, it-tag\u0127lim tal-<a href=\"https:\/\/talkpal.ai\/learn-portuguese\/\">Portugi\u017c<\/a> jista &#8216;jkun esperjenza e\u010b\u010bitanti u ta&#8217; sodisfazzjon. Aspett essenzjali tat-tag\u0127lim tal-lingwa Portugi\u017ca, b\u0127al kull ie\u0127or, huwa l-fehim tal-grammatika tag\u0127ha. Dan l-artikolu jiggwidak permezz tal-affarijiet ba\u017ci\u010bi tal-grammatika Portugi\u017ca, u jipprovdilek pariri u g\u0127arfien essenzjali biex jg\u0127inuk tinnaviga u tikkomunika ming\u0127ajr sforz. Allura, jekk kont qed tistenna li tg\u0127addas fid-dinja tal-Portugi\u017c, ejja nibdew!<\/p>\n\n\n\n<h3 class=\"wp-block-heading\" id=\"h-1-the-basics-nouns-pronouns-and-articles\">1. Il-Ba\u017ci\u010bi: Nomi, Pronomi, u Artikoli<\/h3>\n\n\n\n<p>B\u0127al fl-<a href=\"https:\/\/talkpal.ai\/learn-english-with-ai\/\">Ingli\u017c<\/a>, il-grammatika Portugi\u017ca hija mibnija madwar nomi, pronomi, u artikli. In-nomi bil-Portugi\u017c jistg\u0127u jkunu maskili jew femminili, u huwa importanti li ji\u0121i stabbilit is-sess g\u0127all-formazzjoni xierqa tas-sentenza. Pere\u017cempju, &#8220;o menino&#8221; jittradu\u010bi g\u0127al &#8220;it-tifel,&#8221; filwaqt li &#8220;a menina&#8221; tittradu\u010bi g\u0127al &#8220;it-tifla.&#8221;<\/p>\n\n\n\n<p>Il-pronomi bil-Portugi\u017c, b\u0127all-Ingli\u017c, ja\u0121ixxu b\u0127ala sostituti g\u0127an-nomi. Huma wkoll g\u0127andhom sess. Il-pronomi personali jinkludu eu (I), voc\u00ea\/tu (int), ele\/ela (hu \/ hi), n\u00f3s (a\u0127na), u eles \/ elas (huma).<\/p>\n\n\n\n<p>Artikli definiti (the) u artikli indefiniti (a\/an) huma wkoll spe\u010bifi\u010bi g\u0127all-\u0121eneru u huma essenzjali g\u0127all-kostruzzjoni xierqa tas-sentenza. Fil-Portugi\u017c, l-artikli definiti huma &#8220;o&#8221; (maskili) u &#8220;a&#8221; (femminili), u l-artikli indefiniti huma &#8220;um&#8221; (maskili) u &#8220;uma&#8221; (femminili).<\/p>\n\n\n\n<h3 class=\"wp-block-heading\" id=\"h-2-adjectives-and-adverbs-add-spice-to-your-sentences\">2. A\u0121\u0121ettivi u Adverbji: \u017bid \u0126wawar mas-Sentenzi Tieg\u0127ek<\/h3>\n\n\n\n<p>L-a\u0121\u0121ettivi huma kliem li jiddeskrivu jew jimmodifikaw in-nomi, u b\u0127an-nomi, g\u0127andhom \u0121eneri. Normalment, l-a\u0121\u0121ettivi li jispi\u010b\u010baw b'&#8221;o&#8221; huma maskili, filwaqt li dawk li jispi\u010b\u010baw b'&#8221;a&#8221; huma femminili. Huwa essenzjali li taqbel il-\u0121eneru tal-a\u0121\u0121ettiv man-nom li qed jiddeskrivi. Pere\u017cempju, &#8220;homem alto&#8221; jittradu\u010bi g\u0127al &#8220;ra\u0121el twil,&#8221; filwaqt li &#8220;mulher alta&#8221; tfisser &#8220;mara twila.&#8221;<\/p>\n\n\n\n<p>L-avverbji, min-na\u0127a l-o\u0127ra, jimmodifikaw verbi, a\u0121\u0121ettivi, jew avverbji o\u0127ra. Fil-Portugi\u017c, l-avverbji normalment ma jkollhomx forom spe\u010bifi\u010bi g\u0127all-\u0121eneru. Xi avverbji komuni jinkludu &#8220;rapidamente&#8221; (malajr), &#8220;lentamente&#8221; (bil-mod), u &#8220;sempre&#8221; (dejjem).<\/p>\n\n\n\n<h3 class=\"wp-block-heading\" id=\"h-3-verbs-the-action-words\">3. Verbi: Il-Kliem ta &#8216;Azzjoni<\/h3>\n\n\n\n<p>Il-verbi Portugi\u017ci huma kklassifikati fi tliet gruppi ta&#8217; konjugazzjoni (-ar, -er, -ir), u l-forom tag\u0127hom jinbidlu skont it-temp u s-su\u0121\u0121ett. Dawn huma xi tempijiet essenzjali li g\u0127andek b\u017conn tkun taf:<\/p>\n\n\n\n<p>&#8211; Pre\u017centi (Pre\u017centi): Jiddeskrivi azzjonijiet li ji\u0121ru issa jew azzjonijiet abitwali.<br\/>&#8211; Passat (Pret\u00e9rito): Jiddeskrivi azzjonijiet li \u0121raw fil-passat. Hemm \u017cew\u0121 tipi: <a href=\"https:\/\/talkpal.ai\/grammar\/preterite-perfect-in-portuguese-grammar\/\">Pret\u00e9rito Perfeito<\/a> (passat sempli\u010bi) u Pret\u00e9rito Imperfeito (kontinwu tal-passat).<br\/>\u2013 Futur (Futuro): Jiddeskrivi azzjonijiet li se ji\u0121ru fil-futur.<\/p>\n\n\n\n<p>Il-\u0127akma tal-konjugazzjoni tal-verb tista &#8216;tkun sfida bil-Portugi\u017c, i\u017cda l-prattika u l-konsistenza jg\u0127inuk tifhemha b&#8217;mod aktar effi\u010bjenti.<\/p>\n\n\n\n<h3 class=\"wp-block-heading\" id=\"h-4-word-order-building-understandable-sentences\">4. Ordni tal-Kelma: Bini ta &#8216;Sentenzi li Jinftiehmu<\/h3>\n\n\n\n<p>L-istruttura tipika tas-sentenza Portugi\u017ca ssegwi l-ordni Subject-Verb-Object (SVO). Pere\u017cempju, is-sentenza &#8220;Eu amo pizza&#8221; (&#8220;In\u0127obb il-pizza&#8221;) issegwi dan il-mudell. Madankollu, il-grammatika Portugi\u017ca tista &#8216;tkun pjuttost flessibbli, u tista&#8217; tiltaqa &#8216;ma&#8217; varjazzjonijiet fl-ordni tal-kliem, spe\u010bjalment fil-letteratura jew konversazzjonijiet informali. Il-kuntest u s-sens komun huma kru\u010bjali biex wie\u0127ed jifhem dawn il-varjazzjonijiet.<\/p>\n\n\n\n<h3 class=\"wp-block-heading\" id=\"h-5-negation-and-interrogation-say-no-and-ask-questions\">5. Negazzjoni u Interrogazzjoni: G\u0127id Le u Staqsi Mistoqsijiet<\/h3>\n\n\n\n<p>Biex ti\u010b\u0127ad sentenza bil-Portugi\u017c, sempli\u010bement tpo\u0121\u0121i l-kelma &#8220;n\u00e3o&#8221; qabel il-verb. Pere\u017cempju, &#8220;Eu n\u00e3o falo portugu\u00eas&#8221; tfisser &#8220;Ma nitkellimx bil-Portugi\u017c.&#8221;<\/p>\n\n\n\n<p>Biex tbiddel dikjarazzjoni f&#8217;mistoqsija bil-Portugi\u017c, tista &#8216;jew tibdel l-ordni tal-kliem jew tu\u017ca kelma interrogattiva (b\u0127al &#8220;quem&#8221; g\u0127al &#8220;min,&#8221; &#8220;o que&#8221; g\u0127al &#8220;xiex,&#8221; jew &#8220;onde&#8221; g\u0127al &#8220;fejn&#8221;). Pere\u017cempju, &#8220;Voc\u00ea fala ingl\u00eas?&#8221; tittradu\u010bi g\u0127al &#8220;Titkellem bl-Ingli\u017c?&#8221;<\/p>\n\n\n\n<h3 class=\"wp-block-heading\" id=\"h-conclusion\">Konklu\u017cjoni<\/h3>\n\n\n\n<p>It-tag\u0127lim tal-grammatika Portugi\u017ca jista &#8216;jidher skora\u0121\u0121anti, imma ma tkunx skora\u0121\u0121ut! Kull lingwa g\u0127andha l-kumplessitajiet tag\u0127ha, i\u017cda b&#8217;konsistenza, prattika, u daqsxejn ta &#8216;pa\u010benzja, issib ru\u0127ek tikkomunika b&#8217;kunfidenza u b&#8217;mod effettiv. \u017bomm f&#8217;mo\u0127\u0127ok li t-tag\u0127lim tal-grammatika huwa biss parti wa\u0127da mill-akkwist tal-lingwa, u g\u0127andek ukoll tipprattika tisma&#8217;, titkellem u taqra bil-Portugi\u017c. Boa sorte! (Xorti tajba!)<\/p>\n<\/div><\/div>\n\r\n<section class=\"learnNavigationSection\">\r\n            \r\n        <a href=\"https:\/\/talkpal.ai\/mt\/tghallem-il-portugiz\/\">\r\n            <div class=\"learnNavigationWrapper\">\r\n                <div class=\"learnNavigationContent\">\r\n                    <img decoding=\"async\" src=\"https:\/\/talkpal.ai\/wp-content\/uploads\/2024\/08\/Portuguese.jpg\" alt=\"Portuguese Flag\">\r\n                    <div>\r\n                        <h4>Dwar it-Tag\u0127lim tal-Portugall<\/h4>\r\n                        <p>Sir af kollox dwar il-grammatika tal-Portugall.<\/p>\r\n                    <\/div>\r\n                <\/div>\r\n            <\/div>\r\n        <\/a>\r\n\r\n        \r\n        <a href=\"https:\/\/talkpal.ai\/mt\/ezercizzji-tal-grammatika-portugiza\/\">\r\n            <div class=\"learnNavigationWrapper\">\r\n                <div class=\"learnNavigationContent\">\r\n                    <img decoding=\"async\" src=\"https:\/\/talkpal.ai\/wp-content\/uploads\/2024\/08\/Portuguese.jpg\" alt=\"Portuguese Flag\">\r\n                    <div>\r\n                        <h4>E\u017cer\u010bizzju tal-Grammatika Portugi\u017ca<\/h4>\r\n                        <p>Ipprattika l-grammatika Portugi\u017ca.<\/p>\r\n                    <\/div>\r\n                <\/div>\r\n            <\/div>\r\n        <\/a>\r\n\r\n        \r\n        <a href=\"https:\/\/talkpal.ai\/vocabulary_language\/portuguese\/\">\r\n            <div class=\"learnNavigationWrapper\">\r\n                <div class=\"learnNavigationContent\">\r\n                    <img decoding=\"async\" src=\"https:\/\/talkpal.ai\/wp-content\/uploads\/2024\/08\/Portuguese.jpg\" alt=\"Portuguese Flag\">\r\n                    <div>\r\n                        <h4>Vokabularju Portugi\u017c<\/h4>\r\n                        <p>Espandi l-vokabularju Portugi\u017c tieg\u0127ek.<\/p>\r\n                    <\/div>\r\n                <\/div>\r\n            <\/div>\r\n        <\/a>\r\n\r\n            <\/section>","protected":false},"excerpt":{"rendered":"<p>Gwida g\u0127all-Bidu biex Tifhem il-Grammatika Portugi\u017ca Kemm jekk qed tippjana vja\u0121\u0121 lejn il-Portugall jew sempli\u010bement interessat li tikkontrolla lingwa \u0121dida, it-tag\u0127lim tal-Portugi\u017c jista &#8216;jkun esperjenza e\u010b\u010bitanti u ta&#8217; sodisfazzjon. Aspett essenzjali tat-tag\u0127lim tal-lingwa Portugi\u017ca, b\u0127al kull ie\u0127or, huwa l-fehim tal-grammatika tag\u0127ha. Dan l-artikolu jiggwidak permezz tal-affarijiet ba\u017ci\u010bi tal-grammatika Portugi\u017ca, u jipprovdilek pariri u g\u0127arfien essenzjali [&hellip;]<\/p>\n","protected":false},"author":1,"featured_media":1439908,"parent":0,"menu_order":0,"comment_status":"closed","ping_status":"closed","template":"LearningContentPage.php","meta":{"_acf_changed":false,"footnotes":""},"class_list":["post-1443458","page","type-page","status-publish","has-post-thumbnail","hentry"],"acf":[],"yoast_head":"<!-- This site is optimized with the Yoast SEO Premium plugin v27.2 (Yoast SEO v27.2) - https:\/\/yoast.com\/product\/yoast-seo-premium-wordpress\/ -->\n<title>Grammatika Portugi\u017ca - Talkpal<\/title>\n<meta name=\"description\" content=\"Kaptan il-grammatika Portugi\u017ca b&#039;e\u017cer\u010bizzji interattivi ddisinjati g\u0127al-livelli kollha tal-\u0127iliet. Ittejjeb il-profi\u010bjenza lingwistika tieg\u0127ek!\" \/>\n<meta name=\"robots\" content=\"index, follow, max-snippet:-1, max-image-preview:large, max-video-preview:-1\" \/>\n<link rel=\"canonical\" href=\"https:\/\/talkpal.ai\/mt\/grammatika-portugiza\/\" \/>\n<meta property=\"og:locale\" content=\"mt_MT\" \/>\n<meta property=\"og:type\" content=\"article\" \/>\n<meta property=\"og:title\" content=\"Grammatika Portugi\u017ca\" \/>\n<meta property=\"og:description\" content=\"Gwida g\u0127all-Bidu biex Tifhem il-Grammatika Portugi\u017ca Kemm jekk qed tippjana vja\u0121\u0121 lejn il-Portugall jew sempli\u010bement interessat li tikkontrolla lingwa\" \/>\n<meta property=\"og:url\" content=\"https:\/\/talkpal.ai\/mt\/grammatika-portugiza\/\" \/>\n<meta property=\"og:site_name\" content=\"Talkpal\" \/>\n<meta property=\"article:publisher\" content=\"https:\/\/www.facebook.com\/profile.php?id=100090733639311\" \/>\n<meta property=\"article:modified_time\" content=\"2025-12-11T16:46:48+00:00\" \/>\n<meta property=\"og:image\" content=\"https:\/\/talkpal.ai\/wp-content\/uploads\/2023\/04\/portugal.png\" \/>\n\t<meta property=\"og:image:width\" content=\"512\" \/>\n\t<meta property=\"og:image:height\" content=\"512\" \/>\n\t<meta property=\"og:image:type\" content=\"image\/png\" \/>\n<meta name=\"twitter:card\" content=\"summary_large_image\" \/>\n<meta name=\"twitter:site\" content=\"@talkpalai\" \/>\n<meta name=\"twitter:label1\" content=\"Est. reading time\" \/>\n\t<meta name=\"twitter:data1\" content=\"3 minutes\" \/>\n<script type=\"application\/ld+json\" class=\"yoast-schema-graph\">{\"@context\":\"https:\/\/schema.org\",\"@graph\":[{\"@type\":\"WebPage\",\"@id\":\"https:\/\/talkpal.ai\/mt\/grammatika-portugiza\/\",\"url\":\"https:\/\/talkpal.ai\/mt\/grammatika-portugiza\/\",\"name\":\"Grammatika Portugi\u017ca - Talkpal\",\"isPartOf\":{\"@id\":\"https:\/\/talkpal.ai\/mt\/#website\"},\"primaryImageOfPage\":{\"@id\":\"https:\/\/talkpal.ai\/mt\/grammatika-portugiza\/#primaryimage\"},\"image\":{\"@id\":\"https:\/\/talkpal.ai\/mt\/grammatika-portugiza\/#primaryimage\"},\"thumbnailUrl\":\"https:\/\/talkpal.ai\/wp-content\/uploads\/2023\/04\/portugal.png\",\"datePublished\":\"2023-05-14T13:51:46+00:00\",\"dateModified\":\"2025-12-11T16:46:48+00:00\",\"description\":\"Kaptan il-grammatika Portugi\u017ca b'e\u017cer\u010bizzji interattivi ddisinjati g\u0127al-livelli kollha tal-\u0127iliet. Ittejjeb il-profi\u010bjenza lingwistika tieg\u0127ek!\",\"breadcrumb\":{\"@id\":\"https:\/\/talkpal.ai\/mt\/grammatika-portugiza\/#breadcrumb\"},\"inLanguage\":\"mt-MT\",\"potentialAction\":[{\"@type\":\"ReadAction\",\"target\":[\"https:\/\/talkpal.ai\/mt\/grammatika-portugiza\/\"]}]},{\"@type\":\"ImageObject\",\"inLanguage\":\"mt-MT\",\"@id\":\"https:\/\/talkpal.ai\/mt\/grammatika-portugiza\/#primaryimage\",\"url\":\"https:\/\/talkpal.ai\/wp-content\/uploads\/2023\/04\/portugal.png\",\"contentUrl\":\"https:\/\/talkpal.ai\/wp-content\/uploads\/2023\/04\/portugal.png\",\"width\":512,\"height\":512,\"caption\":\"TalkPal Catalan Flag\"},{\"@type\":\"BreadcrumbList\",\"@id\":\"https:\/\/talkpal.ai\/mt\/grammatika-portugiza\/#breadcrumb\",\"itemListElement\":[{\"@type\":\"ListItem\",\"position\":1,\"name\":\"Homepage\",\"item\":\"https:\/\/talkpal.ai\/mt\/\"},{\"@type\":\"ListItem\",\"position\":2,\"name\":\"Grammatika Portugi\u017ca\"}]},{\"@type\":\"WebSite\",\"@id\":\"https:\/\/talkpal.ai\/mt\/#website\",\"url\":\"https:\/\/talkpal.ai\/mt\/\",\"name\":\"Talkpal\",\"description\":\"AI Language Learning\",\"publisher\":{\"@id\":\"https:\/\/talkpal.ai\/mt\/#organization\"},\"alternateName\":\"Talkpal AI\",\"potentialAction\":[{\"@type\":\"SearchAction\",\"target\":{\"@type\":\"EntryPoint\",\"urlTemplate\":\"https:\/\/talkpal.ai\/mt\/?s={search_term_string}\"},\"query-input\":{\"@type\":\"PropertyValueSpecification\",\"valueRequired\":true,\"valueName\":\"search_term_string\"}}],\"inLanguage\":\"mt-MT\"},{\"@type\":\"Organization\",\"@id\":\"https:\/\/talkpal.ai\/mt\/#organization\",\"name\":\"Talkpal, Inc.\",\"alternateName\":\"Talkpal AI\",\"url\":\"https:\/\/talkpal.ai\/mt\/\",\"logo\":{\"@type\":\"ImageObject\",\"inLanguage\":\"mt-MT\",\"@id\":\"https:\/\/talkpal.ai\/mt\/#\/schema\/logo\/image\/\",\"url\":\"https:\/\/talkpal.ai\/wp-content\/uploads\/2024\/03\/Talkpal-Logo-Icon.png\",\"contentUrl\":\"https:\/\/talkpal.ai\/wp-content\/uploads\/2024\/03\/Talkpal-Logo-Icon.png\",\"width\":2880,\"height\":2880,\"caption\":\"Talkpal, Inc.\"},\"image\":{\"@id\":\"https:\/\/talkpal.ai\/mt\/#\/schema\/logo\/image\/\"},\"sameAs\":[\"https:\/\/www.facebook.com\/profile.php?id=100090733639311\",\"https:\/\/x.com\/talkpalai\",\"https:\/\/www.linkedin.com\/company\/talkpal\/\",\"https:\/\/www.youtube.com\/@TalkPal\/\",\"https:\/\/www.tiktok.com\/@talkpal\",\"https:\/\/www.instagram.com\/talkpal_ai\/\",\"https:\/\/www.crunchbase.com\/organization\/talkpal-9cde\",\"https:\/\/www.g2.com\/products\/talkpal-for-business\/\",\"https:\/\/www.trustpilot.com\/review\/talkpal.ai\",\"https:\/\/www.capterra.com\/p\/10006800\/TalkPal\/\"],\"description\":\"Talkpal is a language learning web and mobile education app, powered by the latest AI technologies, that provides engaging experiences to its customers in many different languages to help them improve their language skills. Users can chat about unlimited amount of topics with the app and use other modes to practice their language learning.\",\"email\":\"support@talkpal.ai\",\"legalName\":\"Talkpal, Inc.\",\"foundingDate\":\"2023-04-03\",\"duns\":\"118989042\",\"numberOfEmployees\":{\"@type\":\"QuantitativeValue\",\"minValue\":\"11\",\"maxValue\":\"50\"},\"publishingPrinciples\":\"https:\/\/talkpal.ai\/publishing-principles\/\",\"actionableFeedbackPolicy\":\"https:\/\/talkpal.ai\/actionable-feedback-policy\/\",\"correctionsPolicy\":\"https:\/\/talkpal.ai\/corrections-policy\/\",\"ethicsPolicy\":\"https:\/\/talkpal.ai\/ethics-policy\/\",\"diversityPolicy\":\"https:\/\/talkpal.ai\/diversity-policy\/\",\"diversityStaffingReport\":\"https:\/\/talkpal.ai\/diversity-policy\/\"}]}<\/script>\n<!-- \/ Yoast SEO Premium plugin. -->","yoast_head_json":{"title":"Grammatika Portugi\u017ca - Talkpal","description":"Kaptan il-grammatika Portugi\u017ca b'e\u017cer\u010bizzji interattivi ddisinjati g\u0127al-livelli kollha tal-\u0127iliet. Ittejjeb il-profi\u010bjenza lingwistika tieg\u0127ek!","robots":{"index":"index","follow":"follow","max-snippet":"max-snippet:-1","max-image-preview":"max-image-preview:large","max-video-preview":"max-video-preview:-1"},"canonical":"https:\/\/talkpal.ai\/mt\/grammatika-portugiza\/","og_locale":"mt_MT","og_type":"article","og_title":"Grammatika Portugi\u017ca","og_description":"Gwida g\u0127all-Bidu biex Tifhem il-Grammatika Portugi\u017ca Kemm jekk qed tippjana vja\u0121\u0121 lejn il-Portugall jew sempli\u010bement interessat li tikkontrolla lingwa","og_url":"https:\/\/talkpal.ai\/mt\/grammatika-portugiza\/","og_site_name":"Talkpal","article_publisher":"https:\/\/www.facebook.com\/profile.php?id=100090733639311","article_modified_time":"2025-12-11T16:46:48+00:00","og_image":[{"width":512,"height":512,"url":"https:\/\/talkpal.ai\/wp-content\/uploads\/2023\/04\/portugal.png","type":"image\/png"}],"twitter_card":"summary_large_image","twitter_site":"@talkpalai","twitter_misc":{"Est. reading time":"3 minutes"},"schema":{"@context":"https:\/\/schema.org","@graph":[{"@type":"WebPage","@id":"https:\/\/talkpal.ai\/mt\/grammatika-portugiza\/","url":"https:\/\/talkpal.ai\/mt\/grammatika-portugiza\/","name":"Grammatika Portugi\u017ca - Talkpal","isPartOf":{"@id":"https:\/\/talkpal.ai\/mt\/#website"},"primaryImageOfPage":{"@id":"https:\/\/talkpal.ai\/mt\/grammatika-portugiza\/#primaryimage"},"image":{"@id":"https:\/\/talkpal.ai\/mt\/grammatika-portugiza\/#primaryimage"},"thumbnailUrl":"https:\/\/talkpal.ai\/wp-content\/uploads\/2023\/04\/portugal.png","datePublished":"2023-05-14T13:51:46+00:00","dateModified":"2025-12-11T16:46:48+00:00","description":"Kaptan il-grammatika Portugi\u017ca b'e\u017cer\u010bizzji interattivi ddisinjati g\u0127al-livelli kollha tal-\u0127iliet. Ittejjeb il-profi\u010bjenza lingwistika tieg\u0127ek!","breadcrumb":{"@id":"https:\/\/talkpal.ai\/mt\/grammatika-portugiza\/#breadcrumb"},"inLanguage":"mt-MT","potentialAction":[{"@type":"ReadAction","target":["https:\/\/talkpal.ai\/mt\/grammatika-portugiza\/"]}]},{"@type":"ImageObject","inLanguage":"mt-MT","@id":"https:\/\/talkpal.ai\/mt\/grammatika-portugiza\/#primaryimage","url":"https:\/\/talkpal.ai\/wp-content\/uploads\/2023\/04\/portugal.png","contentUrl":"https:\/\/talkpal.ai\/wp-content\/uploads\/2023\/04\/portugal.png","width":512,"height":512,"caption":"TalkPal Catalan Flag"},{"@type":"BreadcrumbList","@id":"https:\/\/talkpal.ai\/mt\/grammatika-portugiza\/#breadcrumb","itemListElement":[{"@type":"ListItem","position":1,"name":"Homepage","item":"https:\/\/talkpal.ai\/mt\/"},{"@type":"ListItem","position":2,"name":"Grammatika Portugi\u017ca"}]},{"@type":"WebSite","@id":"https:\/\/talkpal.ai\/mt\/#website","url":"https:\/\/talkpal.ai\/mt\/","name":"Talkpal","description":"AI Language Learning","publisher":{"@id":"https:\/\/talkpal.ai\/mt\/#organization"},"alternateName":"Talkpal AI","potentialAction":[{"@type":"SearchAction","target":{"@type":"EntryPoint","urlTemplate":"https:\/\/talkpal.ai\/mt\/?s={search_term_string}"},"query-input":{"@type":"PropertyValueSpecification","valueRequired":true,"valueName":"search_term_string"}}],"inLanguage":"mt-MT"},{"@type":"Organization","@id":"https:\/\/talkpal.ai\/mt\/#organization","name":"Talkpal, Inc.","alternateName":"Talkpal AI","url":"https:\/\/talkpal.ai\/mt\/","logo":{"@type":"ImageObject","inLanguage":"mt-MT","@id":"https:\/\/talkpal.ai\/mt\/#\/schema\/logo\/image\/","url":"https:\/\/talkpal.ai\/wp-content\/uploads\/2024\/03\/Talkpal-Logo-Icon.png","contentUrl":"https:\/\/talkpal.ai\/wp-content\/uploads\/2024\/03\/Talkpal-Logo-Icon.png","width":2880,"height":2880,"caption":"Talkpal, Inc."},"image":{"@id":"https:\/\/talkpal.ai\/mt\/#\/schema\/logo\/image\/"},"sameAs":["https:\/\/www.facebook.com\/profile.php?id=100090733639311","https:\/\/x.com\/talkpalai","https:\/\/www.linkedin.com\/company\/talkpal\/","https:\/\/www.youtube.com\/@TalkPal\/","https:\/\/www.tiktok.com\/@talkpal","https:\/\/www.instagram.com\/talkpal_ai\/","https:\/\/www.crunchbase.com\/organization\/talkpal-9cde","https:\/\/www.g2.com\/products\/talkpal-for-business\/","https:\/\/www.trustpilot.com\/review\/talkpal.ai","https:\/\/www.capterra.com\/p\/10006800\/TalkPal\/"],"description":"Talkpal is a language learning web and mobile education app, powered by the latest AI technologies, that provides engaging experiences to its customers in many different languages to help them improve their language skills. Users can chat about unlimited amount of topics with the app and use other modes to practice their language learning.","email":"support@talkpal.ai","legalName":"Talkpal, Inc.","foundingDate":"2023-04-03","duns":"118989042","numberOfEmployees":{"@type":"QuantitativeValue","minValue":"11","maxValue":"50"},"publishingPrinciples":"https:\/\/talkpal.ai\/publishing-principles\/","actionableFeedbackPolicy":"https:\/\/talkpal.ai\/actionable-feedback-policy\/","correctionsPolicy":"https:\/\/talkpal.ai\/corrections-policy\/","ethicsPolicy":"https:\/\/talkpal.ai\/ethics-policy\/","diversityPolicy":"https:\/\/talkpal.ai\/diversity-policy\/","diversityStaffingReport":"https:\/\/talkpal.ai\/diversity-policy\/"}]}},"_links":{"self":[{"href":"https:\/\/talkpal.ai\/mt\/wp-json\/wp\/v2\/pages\/1443458","targetHints":{"allow":["GET"]}}],"collection":[{"href":"https:\/\/talkpal.ai\/mt\/wp-json\/wp\/v2\/pages"}],"about":[{"href":"https:\/\/talkpal.ai\/mt\/wp-json\/wp\/v2\/types\/page"}],"author":[{"embeddable":true,"href":"https:\/\/talkpal.ai\/mt\/wp-json\/wp\/v2\/users\/1"}],"replies":[{"embeddable":true,"href":"https:\/\/talkpal.ai\/mt\/wp-json\/wp\/v2\/comments?post=1443458"}],"version-history":[{"count":0,"href":"https:\/\/talkpal.ai\/mt\/wp-json\/wp\/v2\/pages\/1443458\/revisions"}],"wp:featuredmedia":[{"embeddable":true,"href":"https:\/\/talkpal.ai\/mt\/wp-json\/wp\/v2\/media\/1439908"}],"wp:attachment":[{"href":"https:\/\/talkpal.ai\/mt\/wp-json\/wp\/v2\/media?parent=1443458"}],"curies":[{"name":"wp","href":"https:\/\/api.w.org\/{rel}","templated":true}]}}