{"id":1167635,"date":"2025-07-06T17:06:35","date_gmt":"2025-07-06T17:06:35","guid":{"rendered":"https:\/\/talkpal.ai\/grammar_exercises\/refleksivie-verbena-vingrinajumi-vacu-valodas-gramatikai\/"},"modified":"2025-07-06T17:06:35","modified_gmt":"2025-07-06T17:06:35","slug":"refleksivie-verbena-vingrinajumi-vacu-valodas-gramatikai","status":"publish","type":"grammar_exercises","link":"https:\/\/talkpal.ai\/lv\/grammar_exercises\/refleksivie-verbena-vingrinajumi-vacu-valodas-gramatikai\/","title":{"rendered":"Refleks\u012bvie verbena vingrin\u0101jumi v\u0101cu valodas gramatikai"},"content":{"rendered":"<p>Refleks\u012bvie verbi <a href=\"https:\/\/talkpal.ai\/lv\/runasana-vacu-valoda\/\">v\u0101cu valod\u0101<\/a> ir verbi, kas prasa refleks\u012bvo vietniekv\u0101rdu, lai nor\u0101d\u012btu, ka darb\u012bba attiecas uz izpild\u012bt\u0101ju pa\u0161u. \u0160ie vingrin\u0101jumi pal\u012bdz\u0113s jums lab\u0101k saprast, k\u0101 pareizi lietot refleks\u012bvos verbus <a href=\"https:\/\/talkpal.ai\/lv\/vacu-valodas-apguves-nodarbibas\/\">v\u0101cu valodas<\/a> teikumos.<\/p>\n<h3>Refleks\u012bvo verbu lieto\u0161ana tagadn\u0113<\/h3>\n<div class=\"input_sentences\">\n1. Ich *wasche* mich jeden Morgen. (Verbs &#8220;waschen&#8221; refleks\u012bv\u0101 forma tagadn\u0113)<br \/>\n2. Du *ziehst* dich schnell an. (Verb &#8220;anziehen&#8221; refleks\u012bv\u0101 forma tagadn\u0113)<br \/>\n3. Er *k\u00e4mmt* sich die Haare. (Verb &#8220;k\u00e4mmen&#8221; refleks\u012bv\u0101 forma tagadn\u0113)<br \/>\n4. Wir *freuen* uns auf das Wochenende. (Verb &#8220;freuen&#8221; refleks\u012bv\u0101 forma tagadn\u0113)<br \/>\n5. Ihr *setzt* euch auf die St\u00fchle. (Verb &#8220;setzen&#8221; refleks\u012bv\u0101 forma tagadn\u0113, otr\u0101 persona daudzskaitl\u012b)<br \/>\n6. Sie *entschuldigen* sich f\u00fcr die Versp\u00e4tung. (Verb &#8220;entschuldigen&#8221; refleks\u012bv\u0101 forma tagadn\u0113, tre\u0161\u0101 persona daudzskaitl\u012b)<br \/>\n7. Ich *rasiere* mich jeden zweiten Tag. (Verb &#8220;rasieren&#8221; refleks\u012bv\u0101 forma tagadn\u0113)<br \/>\n8. Du *interessierst* dich f\u00fcr Musik. (Verb &#8220;interessieren&#8221; refleks\u012bv\u0101 forma tagadn\u0113)<br \/>\n9. Er *erinnert* sich an den Geburtstag. (Verb &#8220;erinnern&#8221; refleks\u012bv\u0101 forma tagadn\u0113)<br \/>\n10. Wir *treffen* uns im Park. (Verb &#8220;treffen&#8221; refleks\u012bv\u0101 forma tagadn\u0113)\n<\/div>\n<div class=\"exercise\"><\/div>\n<h3>Refleks\u012bvo verbu lieto\u0161ana pag\u0101tnes form\u0101 (Perfekt\u0101)<\/h3>\n<div class=\"input_sentences\">\n1. Ich *habe* mich gestern gewaschen. (Perfekts ar refleks\u012bvo verbu &#8220;waschen&#8221;)<br \/>\n2. Du *hast* dich schnell angezogen. (Perfekts ar refleks\u012bvo verbu &#8220;anziehen&#8221;)<br \/>\n3. Er *hat* sich die Haare gek\u00e4mmt. (Perfekts ar refleks\u012bvo verbu &#8220;k\u00e4mmen&#8221;)<br \/>\n4. Wir *haben* uns \u00fcber die Nachricht gefreut. (Perfekts ar refleks\u012bvo verbu &#8220;freuen&#8221;)<br \/>\n5. Ihr *habt* euch auf die St\u00fchle gesetzt. (Perfekts ar refleks\u012bvo verbu &#8220;setzen&#8221;, otr\u0101 persona daudzskaitl\u012b)<br \/>\n6. Sie *haben* sich f\u00fcr den Fehler entschuldigt. (Perfekts ar refleks\u012bvo verbu &#8220;entschuldigen&#8221;, tre\u0161\u0101 persona daudzskaitl\u012b)<br \/>\n7. Ich *habe* mich gestern rasiert. (Perfekts ar refleks\u012bvo verbu &#8220;rasieren&#8221;)<br \/>\n8. Du *hast* dich f\u00fcr das Konzert interessiert. (Perfekts ar refleks\u012bvo verbu &#8220;interessieren&#8221;)<br \/>\n9. Er *hat* sich an den Termin erinnert. (Perfekts ar refleks\u012bvo verbu &#8220;erinnern&#8221;)<br \/>\n10. Wir *haben* uns im Caf\u00e9 getroffen. (Perfekts ar refleks\u012bvo verbu &#8220;treffen&#8221;)\n<\/div>\n<div class=\"exercise\"><\/div>\n","protected":false},"featured_media":1527627,"parent":0,"menu_order":0,"template":"","exercise_language":[21013,20997],"class_list":["post-1167635","grammar_exercises","type-grammar_exercises","status-publish","has-post-thumbnail","hentry","exercise_language-darbibas-vardi-vacu-gramatika","exercise_language-vacu-valodas-macibas"],"acf":[],"yoast_head":"<!-- This site is optimized with the Yoast SEO Premium plugin v27.2 (Yoast SEO v27.2) - https:\/\/yoast.com\/product\/yoast-seo-premium-wordpress\/ -->\n<title>Refleks\u012bvie verbena vingrin\u0101jumi v\u0101cu valodas gramatikai - Talkpal<\/title>\n<meta name=\"description\" content=\"Refleks\u012bvie verbi v\u0101cu valod\u0101 ir verbi, kas prasa refleks\u012bvo vietniekv\u0101rdu, lai nor\u0101d\u012btu, ka darb\u012bba attiecas uz izpild\u012bt\u0101ju pa\u0161u. \u0160ie vingrin\u0101jumi\" \/>\n<meta name=\"robots\" content=\"index, follow, max-snippet:-1, max-image-preview:large, max-video-preview:-1\" \/>\n<link rel=\"canonical\" href=\"https:\/\/talkpal.ai\/lv\/grammar_exercises\/refleksivie-verbena-vingrinajumi-vacu-valodas-gramatikai\/\" \/>\n<meta property=\"og:locale\" content=\"lv_LV\" \/>\n<meta property=\"og:type\" content=\"article\" \/>\n<meta property=\"og:title\" content=\"Refleks\u012bvie verbena vingrin\u0101jumi v\u0101cu valodas gramatikai\" \/>\n<meta property=\"og:description\" content=\"Refleks\u012bvie verbi v\u0101cu valod\u0101 ir verbi, kas prasa refleks\u012bvo vietniekv\u0101rdu, lai nor\u0101d\u012btu, ka darb\u012bba attiecas uz izpild\u012bt\u0101ju pa\u0161u. \u0160ie vingrin\u0101jumi\" \/>\n<meta property=\"og:url\" content=\"https:\/\/talkpal.ai\/lv\/grammar_exercises\/refleksivie-verbena-vingrinajumi-vacu-valodas-gramatikai\/\" \/>\n<meta property=\"og:site_name\" content=\"Talkpal\" \/>\n<meta property=\"article:publisher\" content=\"https:\/\/www.facebook.com\/profile.php?id=100090733639311\" \/>\n<meta property=\"og:image\" content=\"https:\/\/talkpal.ai\/wp-content\/uploads\/2025\/02\/Progress-tab-16_9.png\" \/>\n\t<meta property=\"og:image:width\" content=\"2880\" \/>\n\t<meta property=\"og:image:height\" content=\"1620\" \/>\n\t<meta property=\"og:image:type\" content=\"image\/png\" \/>\n<meta name=\"twitter:card\" content=\"summary_large_image\" \/>\n<meta name=\"twitter:site\" content=\"@talkpalai\" \/>\n<meta name=\"twitter:label1\" content=\"Est. reading time\" \/>\n\t<meta name=\"twitter:data1\" content=\"2 minutes\" \/>\n<script type=\"application\/ld+json\" class=\"yoast-schema-graph\">{\"@context\":\"https:\/\/schema.org\",\"@graph\":[{\"@type\":\"WebPage\",\"@id\":\"https:\/\/talkpal.ai\/lv\/grammar_exercises\/refleksivie-verbena-vingrinajumi-vacu-valodas-gramatikai\/\",\"url\":\"https:\/\/talkpal.ai\/lv\/grammar_exercises\/refleksivie-verbena-vingrinajumi-vacu-valodas-gramatikai\/\",\"name\":\"Refleks\u012bvie verbena vingrin\u0101jumi v\u0101cu valodas gramatikai - Talkpal\",\"isPartOf\":{\"@id\":\"https:\/\/talkpal.ai\/lv\/#website\"},\"primaryImageOfPage\":{\"@id\":\"https:\/\/talkpal.ai\/lv\/grammar_exercises\/refleksivie-verbena-vingrinajumi-vacu-valodas-gramatikai\/#primaryimage\"},\"image\":{\"@id\":\"https:\/\/talkpal.ai\/lv\/grammar_exercises\/refleksivie-verbena-vingrinajumi-vacu-valodas-gramatikai\/#primaryimage\"},\"thumbnailUrl\":\"https:\/\/talkpal.ai\/wp-content\/uploads\/2025\/12\/desk-is-organized-while-learning-languages.webp\",\"datePublished\":\"2025-07-06T17:06:35+00:00\",\"description\":\"Refleks\u012bvie verbi v\u0101cu valod\u0101 ir verbi, kas prasa refleks\u012bvo vietniekv\u0101rdu, lai nor\u0101d\u012btu, ka darb\u012bba attiecas uz izpild\u012bt\u0101ju pa\u0161u. \u0160ie vingrin\u0101jumi\",\"breadcrumb\":{\"@id\":\"https:\/\/talkpal.ai\/lv\/grammar_exercises\/refleksivie-verbena-vingrinajumi-vacu-valodas-gramatikai\/#breadcrumb\"},\"inLanguage\":\"lv-LV\",\"potentialAction\":[{\"@type\":\"ReadAction\",\"target\":[\"https:\/\/talkpal.ai\/lv\/grammar_exercises\/refleksivie-verbena-vingrinajumi-vacu-valodas-gramatikai\/\"]}]},{\"@type\":\"ImageObject\",\"inLanguage\":\"lv-LV\",\"@id\":\"https:\/\/talkpal.ai\/lv\/grammar_exercises\/refleksivie-verbena-vingrinajumi-vacu-valodas-gramatikai\/#primaryimage\",\"url\":\"https:\/\/talkpal.ai\/wp-content\/uploads\/2025\/12\/desk-is-organized-while-learning-languages.webp\",\"contentUrl\":\"https:\/\/talkpal.ai\/wp-content\/uploads\/2025\/12\/desk-is-organized-while-learning-languages.webp\",\"width\":1200,\"height\":896,\"caption\":\"A person works at a desk crowded with books while learning languages near a bright window.\"},{\"@type\":\"BreadcrumbList\",\"@id\":\"https:\/\/talkpal.ai\/lv\/grammar_exercises\/refleksivie-verbena-vingrinajumi-vacu-valodas-gramatikai\/#breadcrumb\",\"itemListElement\":[{\"@type\":\"ListItem\",\"position\":1,\"name\":\"Homepage\",\"item\":\"https:\/\/talkpal.ai\/lv\/\"},{\"@type\":\"ListItem\",\"position\":2,\"name\":\"Refleks\u012bvie verbena vingrin\u0101jumi v\u0101cu valodas gramatikai\"}]},{\"@type\":\"WebSite\",\"@id\":\"https:\/\/talkpal.ai\/lv\/#website\",\"url\":\"https:\/\/talkpal.ai\/lv\/\",\"name\":\"Talkpal\",\"description\":\"AI Language Learning\",\"publisher\":{\"@id\":\"https:\/\/talkpal.ai\/lv\/#organization\"},\"alternateName\":\"Talkpal AI\",\"potentialAction\":[{\"@type\":\"SearchAction\",\"target\":{\"@type\":\"EntryPoint\",\"urlTemplate\":\"https:\/\/talkpal.ai\/lv\/?s={search_term_string}\"},\"query-input\":{\"@type\":\"PropertyValueSpecification\",\"valueRequired\":true,\"valueName\":\"search_term_string\"}}],\"inLanguage\":\"lv-LV\"},{\"@type\":\"Organization\",\"@id\":\"https:\/\/talkpal.ai\/lv\/#organization\",\"name\":\"Talkpal, Inc.\",\"alternateName\":\"Talkpal AI\",\"url\":\"https:\/\/talkpal.ai\/lv\/\",\"logo\":{\"@type\":\"ImageObject\",\"inLanguage\":\"lv-LV\",\"@id\":\"https:\/\/talkpal.ai\/lv\/#\/schema\/logo\/image\/\",\"url\":\"https:\/\/talkpal.ai\/wp-content\/uploads\/2024\/03\/Talkpal-Logo-Icon.png\",\"contentUrl\":\"https:\/\/talkpal.ai\/wp-content\/uploads\/2024\/03\/Talkpal-Logo-Icon.png\",\"width\":2880,\"height\":2880,\"caption\":\"Talkpal, Inc.\"},\"image\":{\"@id\":\"https:\/\/talkpal.ai\/lv\/#\/schema\/logo\/image\/\"},\"sameAs\":[\"https:\/\/www.facebook.com\/profile.php?id=100090733639311\",\"https:\/\/x.com\/talkpalai\",\"https:\/\/www.linkedin.com\/company\/talkpal\/\",\"https:\/\/www.youtube.com\/@TalkPal\/\",\"https:\/\/www.tiktok.com\/@talkpal\",\"https:\/\/www.instagram.com\/talkpal_ai\/\",\"https:\/\/www.crunchbase.com\/organization\/talkpal-9cde\",\"https:\/\/www.g2.com\/products\/talkpal-for-business\/\",\"https:\/\/www.trustpilot.com\/review\/talkpal.ai\",\"https:\/\/www.capterra.com\/p\/10006800\/TalkPal\/\"],\"description\":\"Talkpal is a language learning web and mobile education app, powered by the latest AI technologies, that provides engaging experiences to its customers in many different languages to help them improve their language skills. Users can chat about unlimited amount of topics with the app and use other modes to practice their language learning.\",\"email\":\"support@talkpal.ai\",\"legalName\":\"Talkpal, Inc.\",\"foundingDate\":\"2023-04-03\",\"duns\":\"118989042\",\"numberOfEmployees\":{\"@type\":\"QuantitativeValue\",\"minValue\":\"11\",\"maxValue\":\"50\"},\"publishingPrinciples\":\"https:\/\/talkpal.ai\/publishing-principles\/\",\"actionableFeedbackPolicy\":\"https:\/\/talkpal.ai\/actionable-feedback-policy\/\",\"correctionsPolicy\":\"https:\/\/talkpal.ai\/corrections-policy\/\",\"ethicsPolicy\":\"https:\/\/talkpal.ai\/ethics-policy\/\",\"diversityPolicy\":\"https:\/\/talkpal.ai\/diversity-policy\/\",\"diversityStaffingReport\":\"https:\/\/talkpal.ai\/diversity-policy\/\"}]}<\/script>\n<!-- \/ Yoast SEO Premium plugin. -->","yoast_head_json":{"title":"Refleks\u012bvie verbena vingrin\u0101jumi v\u0101cu valodas gramatikai - Talkpal","description":"Refleks\u012bvie verbi v\u0101cu valod\u0101 ir verbi, kas prasa refleks\u012bvo vietniekv\u0101rdu, lai nor\u0101d\u012btu, ka darb\u012bba attiecas uz izpild\u012bt\u0101ju pa\u0161u. \u0160ie vingrin\u0101jumi","robots":{"index":"index","follow":"follow","max-snippet":"max-snippet:-1","max-image-preview":"max-image-preview:large","max-video-preview":"max-video-preview:-1"},"canonical":"https:\/\/talkpal.ai\/lv\/grammar_exercises\/refleksivie-verbena-vingrinajumi-vacu-valodas-gramatikai\/","og_locale":"lv_LV","og_type":"article","og_title":"Refleks\u012bvie verbena vingrin\u0101jumi v\u0101cu valodas gramatikai","og_description":"Refleks\u012bvie verbi v\u0101cu valod\u0101 ir verbi, kas prasa refleks\u012bvo vietniekv\u0101rdu, lai nor\u0101d\u012btu, ka darb\u012bba attiecas uz izpild\u012bt\u0101ju pa\u0161u. \u0160ie vingrin\u0101jumi","og_url":"https:\/\/talkpal.ai\/lv\/grammar_exercises\/refleksivie-verbena-vingrinajumi-vacu-valodas-gramatikai\/","og_site_name":"Talkpal","article_publisher":"https:\/\/www.facebook.com\/profile.php?id=100090733639311","og_image":[{"width":2880,"height":1620,"url":"https:\/\/talkpal.ai\/wp-content\/uploads\/2025\/02\/Progress-tab-16_9.png","type":"image\/png"}],"twitter_card":"summary_large_image","twitter_site":"@talkpalai","twitter_misc":{"Est. reading time":"2 minutes"},"schema":{"@context":"https:\/\/schema.org","@graph":[{"@type":"WebPage","@id":"https:\/\/talkpal.ai\/lv\/grammar_exercises\/refleksivie-verbena-vingrinajumi-vacu-valodas-gramatikai\/","url":"https:\/\/talkpal.ai\/lv\/grammar_exercises\/refleksivie-verbena-vingrinajumi-vacu-valodas-gramatikai\/","name":"Refleks\u012bvie verbena vingrin\u0101jumi v\u0101cu valodas gramatikai - Talkpal","isPartOf":{"@id":"https:\/\/talkpal.ai\/lv\/#website"},"primaryImageOfPage":{"@id":"https:\/\/talkpal.ai\/lv\/grammar_exercises\/refleksivie-verbena-vingrinajumi-vacu-valodas-gramatikai\/#primaryimage"},"image":{"@id":"https:\/\/talkpal.ai\/lv\/grammar_exercises\/refleksivie-verbena-vingrinajumi-vacu-valodas-gramatikai\/#primaryimage"},"thumbnailUrl":"https:\/\/talkpal.ai\/wp-content\/uploads\/2025\/12\/desk-is-organized-while-learning-languages.webp","datePublished":"2025-07-06T17:06:35+00:00","description":"Refleks\u012bvie verbi v\u0101cu valod\u0101 ir verbi, kas prasa refleks\u012bvo vietniekv\u0101rdu, lai nor\u0101d\u012btu, ka darb\u012bba attiecas uz izpild\u012bt\u0101ju pa\u0161u. \u0160ie vingrin\u0101jumi","breadcrumb":{"@id":"https:\/\/talkpal.ai\/lv\/grammar_exercises\/refleksivie-verbena-vingrinajumi-vacu-valodas-gramatikai\/#breadcrumb"},"inLanguage":"lv-LV","potentialAction":[{"@type":"ReadAction","target":["https:\/\/talkpal.ai\/lv\/grammar_exercises\/refleksivie-verbena-vingrinajumi-vacu-valodas-gramatikai\/"]}]},{"@type":"ImageObject","inLanguage":"lv-LV","@id":"https:\/\/talkpal.ai\/lv\/grammar_exercises\/refleksivie-verbena-vingrinajumi-vacu-valodas-gramatikai\/#primaryimage","url":"https:\/\/talkpal.ai\/wp-content\/uploads\/2025\/12\/desk-is-organized-while-learning-languages.webp","contentUrl":"https:\/\/talkpal.ai\/wp-content\/uploads\/2025\/12\/desk-is-organized-while-learning-languages.webp","width":1200,"height":896,"caption":"A person works at a desk crowded with books while learning languages near a bright window."},{"@type":"BreadcrumbList","@id":"https:\/\/talkpal.ai\/lv\/grammar_exercises\/refleksivie-verbena-vingrinajumi-vacu-valodas-gramatikai\/#breadcrumb","itemListElement":[{"@type":"ListItem","position":1,"name":"Homepage","item":"https:\/\/talkpal.ai\/lv\/"},{"@type":"ListItem","position":2,"name":"Refleks\u012bvie verbena vingrin\u0101jumi v\u0101cu valodas gramatikai"}]},{"@type":"WebSite","@id":"https:\/\/talkpal.ai\/lv\/#website","url":"https:\/\/talkpal.ai\/lv\/","name":"Talkpal","description":"AI Language Learning","publisher":{"@id":"https:\/\/talkpal.ai\/lv\/#organization"},"alternateName":"Talkpal AI","potentialAction":[{"@type":"SearchAction","target":{"@type":"EntryPoint","urlTemplate":"https:\/\/talkpal.ai\/lv\/?s={search_term_string}"},"query-input":{"@type":"PropertyValueSpecification","valueRequired":true,"valueName":"search_term_string"}}],"inLanguage":"lv-LV"},{"@type":"Organization","@id":"https:\/\/talkpal.ai\/lv\/#organization","name":"Talkpal, Inc.","alternateName":"Talkpal AI","url":"https:\/\/talkpal.ai\/lv\/","logo":{"@type":"ImageObject","inLanguage":"lv-LV","@id":"https:\/\/talkpal.ai\/lv\/#\/schema\/logo\/image\/","url":"https:\/\/talkpal.ai\/wp-content\/uploads\/2024\/03\/Talkpal-Logo-Icon.png","contentUrl":"https:\/\/talkpal.ai\/wp-content\/uploads\/2024\/03\/Talkpal-Logo-Icon.png","width":2880,"height":2880,"caption":"Talkpal, Inc."},"image":{"@id":"https:\/\/talkpal.ai\/lv\/#\/schema\/logo\/image\/"},"sameAs":["https:\/\/www.facebook.com\/profile.php?id=100090733639311","https:\/\/x.com\/talkpalai","https:\/\/www.linkedin.com\/company\/talkpal\/","https:\/\/www.youtube.com\/@TalkPal\/","https:\/\/www.tiktok.com\/@talkpal","https:\/\/www.instagram.com\/talkpal_ai\/","https:\/\/www.crunchbase.com\/organization\/talkpal-9cde","https:\/\/www.g2.com\/products\/talkpal-for-business\/","https:\/\/www.trustpilot.com\/review\/talkpal.ai","https:\/\/www.capterra.com\/p\/10006800\/TalkPal\/"],"description":"Talkpal is a language learning web and mobile education app, powered by the latest AI technologies, that provides engaging experiences to its customers in many different languages to help them improve their language skills. Users can chat about unlimited amount of topics with the app and use other modes to practice their language learning.","email":"support@talkpal.ai","legalName":"Talkpal, Inc.","foundingDate":"2023-04-03","duns":"118989042","numberOfEmployees":{"@type":"QuantitativeValue","minValue":"11","maxValue":"50"},"publishingPrinciples":"https:\/\/talkpal.ai\/publishing-principles\/","actionableFeedbackPolicy":"https:\/\/talkpal.ai\/actionable-feedback-policy\/","correctionsPolicy":"https:\/\/talkpal.ai\/corrections-policy\/","ethicsPolicy":"https:\/\/talkpal.ai\/ethics-policy\/","diversityPolicy":"https:\/\/talkpal.ai\/diversity-policy\/","diversityStaffingReport":"https:\/\/talkpal.ai\/diversity-policy\/"}]}},"_links":{"self":[{"href":"https:\/\/talkpal.ai\/lv\/wp-json\/wp\/v2\/grammar_exercises\/1167635","targetHints":{"allow":["GET"]}}],"collection":[{"href":"https:\/\/talkpal.ai\/lv\/wp-json\/wp\/v2\/grammar_exercises"}],"about":[{"href":"https:\/\/talkpal.ai\/lv\/wp-json\/wp\/v2\/types\/grammar_exercises"}],"wp:featuredmedia":[{"embeddable":true,"href":"https:\/\/talkpal.ai\/lv\/wp-json\/wp\/v2\/media\/1527627"}],"wp:attachment":[{"href":"https:\/\/talkpal.ai\/lv\/wp-json\/wp\/v2\/media?parent=1167635"}],"wp:term":[{"taxonomy":"exercise_language","embeddable":true,"href":"https:\/\/talkpal.ai\/lv\/wp-json\/wp\/v2\/exercise_language?post=1167635"}],"curies":[{"name":"wp","href":"https:\/\/api.w.org\/{rel}","templated":true}]}}