{"id":1079191,"date":"2025-07-01T22:28:55","date_gmt":"2025-07-01T22:28:55","guid":{"rendered":"https:\/\/talkpal.ai\/grammar\/verbi-riflessivi-italu-valodas-gramatika\/"},"modified":"2025-07-01T22:28:55","modified_gmt":"2025-07-01T22:28:55","slug":"verbi-riflessivi-italu-valodas-gramatika","status":"publish","type":"grammar","link":"https:\/\/talkpal.ai\/lv\/grammar\/verbi-riflessivi-italu-valodas-gramatika\/","title":{"rendered":"Verbi Riflessivi it\u0101\u013cu valodas gramatik\u0101"},"content":{"rendered":"<p><a href=\"https:\/\/talkpal.ai\/lv\/italu-valodas-kursi-2\/\">It\u0101\u013cu valodas<\/a> <a href=\"https:\/\/talkpal.ai\/sq\/gramatika\/\">gramatika<\/a> ir bag\u0101ta ar da\u017e\u0101diem v\u0101rdu veidiem, kas pal\u012bdz prec\u012bzi izteikt domas un nianses. Viens no \u0161\u0101diem b\u016btiskiem <a href=\"https:\/\/talkpal.ai\/what-language-is-spoken-on-the-international-space-station\/\">valodas<\/a> elementiem ir refleks\u012bvie darb\u012bbas v\u0101rdi jeb &#8220;verbi riflessivi&#8221;. Tie \u013cauj run\u0101t\u0101jam uzsv\u0113rt, ka darb\u012bba attiecas uz pa\u0161u izpild\u012bt\u0101ju. Lai apg\u016btu \u0161os darb\u012bbas v\u0101rdus un veiksm\u012bgi tos izmantotu, <a href=\"https:\/\/talkpal.ai\/ko\/ai-%ec%96%b8%ec%96%b4-%ea%b5%90%ec%82%ac\/\">Talkpal<\/a> pied\u0101v\u0101 efekt\u012bvus un interakt\u012bvus r\u012bkus, kas padara m\u0101c\u012bbu procesu viegl\u0101ku un interesant\u0101ku. \u0160aj\u0101 rakst\u0101 detaliz\u0113ti izskaidrosim, kas ir <a href=\"https:\/\/talkpal.ai\/ar\/grammar_exercises\/verbi-riflessivi-%d8%aa%d9%85%d8%a7%d8%b1%d9%8a%d9%86-%d9%84%d9%84%d9%82%d9%88%d8%a7%d8%b9%d8%af-%d8%a7%d9%84%d8%a5%d9%8a%d8%b7%d8%a7%d9%84%d9%8a%d8%a9\/\">verbi riflessivi<\/a> <a href=\"https:\/\/talkpal.ai\/lv\/italu-valodas-kursi-2\/\">it\u0101\u013cu valodas<\/a> gramatik\u0101, to lietojumu, loc\u012b\u0161anu un bie\u017e\u0101k sastopam\u0101s k\u013c\u016bdas, k\u0101 ar\u012b sniegsim padomus, k\u0101 tos apg\u016bt efekt\u012bvi.<\/p>\n<h2>Kas ir Verbi Riflessivi?<\/h2>\n<p>Verbi riflessivi jeb refleks\u012bvie darb\u012bbas v\u0101rdi ir t\u0101di darb\u012bbas v\u0101rdi, kuru darb\u012bba atgrie\u017eas pie subjekta \u2013 tas noz\u012bm\u0113, ka darb\u012bbas izpild\u012bt\u0101js un sa\u0146\u0113m\u0113js ir viens un tas pats. \u0160\u0101di darb\u012bbas v\u0101rdi bie\u017ei izsaka personas darb\u012bbas attiec\u012bb\u0101 pa\u0161am uz sevi, piem\u0113ram, mazg\u0101ties, \u0137emm\u0113ties, sa\u0123\u0113rbties.<\/p>\n<h3>Refleks\u012bvo darb\u012bbas v\u0101rdu \u012bpa\u0161\u012bbas<\/h3>\n<p>&#8211; Nor\u0101da uz darb\u012bbas subjektu un objektu k\u0101 uz vienu personu.<br \/>\n&#8211; Tiek lietoti ar refleks\u012bvajiem vietniekv\u0101rdiem (piem\u0113ram, mi, ti, si).<br \/>\n&#8211; Bie\u017ei sastopami ikdienas darb\u012bbu aprakst\u0101.<\/p>\n<h3>Piem\u0113ri<\/h3>\n<ul>\n<li><b>lavarsi<\/b> \u2013 mazg\u0101ties<\/li>\n<li><b>alzarsi<\/b> \u2013 piecelties<\/li>\n<li><b>vestirsi<\/b> \u2013 sa\u0123\u0113rbties<\/li>\n<\/ul>\n<h2>Refleks\u012bvo darb\u012bbas v\u0101rdu uzb\u016bve<\/h2>\n<p>It\u0101\u013cu valod\u0101 refleks\u012bvie darb\u012bbas v\u0101rdi veidojas, pievienojot refleks\u012bvo vietniekv\u0101rdu (&#8220;si&#8221;) pie infinit\u012bva beig\u0101m. Loc\u012bjot \u0161os darb\u012bbas v\u0101rdus, vietniekv\u0101rds main\u0101s atbilsto\u0161i personai.<\/p>\n<h3>Refleks\u012bvie vietniekv\u0101rdi<\/h3>\n<ul>\n<li><b>mi<\/b> \u2013 es<\/li>\n<li><b>ti<\/b> \u2013 tu<\/li>\n<li><b>si<\/b> \u2013 vi\u0146\u0161\/vi\u0146a<\/li>\n<li><b>ci<\/b> \u2013 m\u0113s<\/li>\n<li><b>vi<\/b> \u2013 j\u016bs<\/li>\n<li><b>si<\/b> \u2013 vi\u0146i\/vi\u0146as<\/li>\n<\/ul>\n<h3>Piem\u0113rs: darb\u012bbas v\u0101rda \u201calzarsi\u201d (piecelties) loc\u012b\u0161ana tagadnes laik\u0101<\/h3>\n<ul>\n<li><b>io mi alzo<\/b> \u2013 es piece\u013cos<\/li>\n<li><b>tu ti alzi<\/b> \u2013 tu piecelies<\/li>\n<li><b>lui\/lei si alza<\/b> \u2013 vi\u0146\u0161\/vi\u0146a piece\u013cas<\/li>\n<li><b>noi ci alziamo<\/b> \u2013 m\u0113s piece\u013camies<\/li>\n<li><b>voi vi alzate<\/b> \u2013 j\u016bs piece\u013caties<\/li>\n<li><b>loro si alzano<\/b> \u2013 vi\u0146i piece\u013cas<\/li>\n<\/ul>\n<h2>Refleks\u012bvo darb\u012bbas v\u0101rdu lietojums<\/h2>\n<p>Refleks\u012bvie darb\u012bbas v\u0101rdi it\u0101\u013cu valod\u0101 tiek lietoti vair\u0101kos gad\u012bjumos:<\/p>\n<h3>Ikdienas darb\u012bbas<\/h3>\n<p>&#8211; Mazg\u0101ties (lavarsi)<br \/>\n&#8211; \u0136emm\u0113ties (pettinarsi)<br \/>\n&#8211; Sa\u0123\u0113rbties (vestirsi)<br \/>\n&#8211; Gulties (coricarsi)<\/p>\n<h3>St\u0101vok\u013ca mai\u0146as un emocion\u0101las reakcijas<\/h3>\n<p>&#8211; Priec\u0101ties (rallegrarsi)<br \/>\n&#8211; Dusmoties (arrabbiarsi)<br \/>\n&#8211; Iem\u012bl\u0113ties (innamorarsi)<\/p>\n<h3>Abpus\u0113jas darb\u012bbas<\/h3>\n<p>Da\u017ek\u0101rt refleks\u012bvie v\u0101rdi tiek lietoti, lai apz\u012bm\u0113tu abpus\u0113jas darb\u012bbas, piem\u0113ram:<\/p>\n<ul>\n<li><b>abbracciarsi<\/b> \u2013 apskauties (viens otru)<\/li>\n<li><b>incontrarsi<\/b> \u2013 satikties<\/li>\n<\/ul>\n<h2>Refleks\u012bvo darb\u012bbas v\u0101rdu loc\u012b\u0161ana da\u017e\u0101dos laikos<\/h2>\n<p>Refleks\u012bvie darb\u012bbas v\u0101rdi it\u0101\u013cu valod\u0101 tiek loc\u012bti atbilsto\u0161i laikam un personai, atceroties piel\u0101got refleks\u012bvo vietniekv\u0101rdu.<\/p>\n<h3>Tagadnes laiks (Presente)<\/h3>\n<p>Piem\u0113rs ar \u201clavarsi\u201d (mazg\u0101ties):<\/p>\n<ul>\n<li><b>io mi lavo<\/b> \u2013 es mazg\u0101jos<\/li>\n<li><b>tu ti lavi<\/b> \u2013 tu mazg\u0101jies<\/li>\n<li><b>lui\/lei si lava<\/b> \u2013 vi\u0146\u0161\/vi\u0146a mazg\u0101jas<\/li>\n<li><b>noi ci laviamo<\/b> \u2013 m\u0113s mazg\u0101jamies<\/li>\n<li><b>voi vi lavate<\/b> \u2013 j\u016bs mazg\u0101jaties<\/li>\n<li><b>loro si lavano<\/b> \u2013 vi\u0146i mazg\u0101jas<\/li>\n<\/ul>\n<h3>P\u0101rejo\u0161ais pag\u0101tnes laiks (Passato prossimo)<\/h3>\n<p>\u0160aj\u0101 laik\u0101 refleks\u012bvie darb\u012bbas v\u0101rdi vienm\u0113r tiek lietoti ar pal\u012bgdar\u012bbas v\u0101rdu \u201cessere\u201d un refleks\u012bvo vietniekv\u0101rdu.<\/p>\n<ul>\n<li><b>io mi sono lavato\/a<\/b> \u2013 es nomazg\u0101jos<\/li>\n<li><b>tu ti sei lavato\/a<\/b> \u2013 tu nomazg\u0101jies<\/li>\n<li><b>lui\/lei si \u00e8 lavato\/a<\/b> \u2013 vi\u0146\u0161\/vi\u0146a nomazg\u0101j\u0101s<\/li>\n<li><b>noi ci siamo lavati\/e<\/b> \u2013 m\u0113s nomazg\u0101j\u0101mies<\/li>\n<li><b>voi vi siete lavati\/e<\/b> \u2013 j\u016bs nomazg\u0101j\u0101ties<\/li>\n<li><b>loro si sono lavati\/e<\/b> \u2013 vi\u0146i\/vi\u0146as nomazg\u0101j\u0101s<\/li>\n<\/ul>\n<h3>N\u0101kotnes laiks (Futuro semplice)<\/h3>\n<ul>\n<li><b>io mi laver\u00f2<\/b> \u2013 es mazg\u0101\u0161os<\/li>\n<li><b>tu ti laverai<\/b> \u2013 tu mazg\u0101sies<\/li>\n<li><b>lui\/lei si laver\u00e0<\/b> \u2013 vi\u0146\u0161\/vi\u0146a mazg\u0101sies<\/li>\n<li><b>noi ci laveremo<\/b> \u2013 m\u0113s mazg\u0101simies<\/li>\n<li><b>voi vi laverete<\/b> \u2013 j\u016bs mazg\u0101sieties<\/li>\n<li><b>loro si laveranno<\/b> \u2013 vi\u0146i mazg\u0101sies<\/li>\n<\/ul>\n<h2>Svar\u012bg\u0101kie Verbi Riflessivi it\u0101\u013cu valod\u0101<\/h2>\n<p>Lai atvieglotu m\u0101c\u012b\u0161anos, svar\u012bgi apg\u016bt bie\u017e\u0101k lietotos refleks\u012bvos darb\u012bbas v\u0101rdus:<\/p>\n<ul>\n<li><b>svegliarsi<\/b> \u2013 mosties<\/li>\n<li><b>alzarsi<\/b> \u2013 piecelties<\/li>\n<li><b>lavarsi<\/b> \u2013 mazg\u0101ties<\/li>\n<li><b>pettinarsi<\/b> \u2013 \u0137emm\u0113ties<\/li>\n<li><b>vestirsi<\/b> \u2013 sa\u0123\u0113rbties<\/li>\n<li><b>addormentarsi<\/b> \u2013 aizmigt<\/li>\n<li><b>chiamarsi<\/b> \u2013 saukties, saukt sevi<\/li>\n<li><b>sentirsi<\/b> \u2013 justies<\/li>\n<li><b>divertirsi<\/b> \u2013 izklaid\u0113ties<\/li>\n<li><b>preoccuparsi<\/b> \u2013 uztraukties<\/li>\n<li><b>arrabbiarsi<\/b> \u2013 sadusmoties<\/li>\n<li><b>incontrarsi<\/b> \u2013 satikties<\/li>\n<\/ul>\n<h2>Bie\u017e\u0101k\u0101s k\u013c\u016bdas, lietojot Verbi Riflessivi<\/h2>\n<p>M\u0101coties refleks\u012bvos darb\u012bbas v\u0101rdus, studenti bie\u017ei sastopas ar noteikt\u0101m gr\u016bt\u012bb\u0101m. L\u016bk, izplat\u012bt\u0101k\u0101s k\u013c\u016bdas un k\u0101 t\u0101s nov\u0113rst:<\/p>\n<ul>\n<li><b>Refleks\u012bv\u0101 vietniekv\u0101rda izlai\u0161ana:<\/b> Atcerieties vienm\u0113r lietot mi, ti, si, ci, vi, si!<\/li>\n<li><b>Pal\u012bgdar\u012bbas v\u0101rda izv\u0113le pag\u0101tnes laik\u0101:<\/b> Refleks\u012bvie darb\u012bbas v\u0101rdi vienm\u0113r j\u0101lieto ar &#8220;essere&#8221;, nevis &#8220;avere&#8221;.<\/li>\n<li><b>Dzimuma un skait\u013ca saska\u0146a:<\/b> Pied\u0113klim j\u0101atbilst subjekta dzimumam un skaitlim pag\u0101tnes laik\u0101 (piem\u0113ram, lavato\/a\/i\/e).<\/li>\n<li><b>Vietniekv\u0101rdu poz\u012bcija:<\/b> Vienk\u0101r\u0161os laikos refleks\u012bvais vietniekv\u0101rds st\u0101v pirms darb\u012bbas v\u0101rda, bet ar nenoteiksmi \u2013 p\u0113c darb\u012bbas v\u0101rda.<\/li>\n<\/ul>\n<h2>Padomi, k\u0101 efekt\u012bvi apg\u016bt Verbi Riflessivi<\/h2>\n<p>Lai veiksm\u012bgi apg\u016btu un pielietotu refleks\u012bvos darb\u012bbas v\u0101rdus it\u0101\u013cu valod\u0101, izmantojiet \u0161os padomus:<\/p>\n<ul>\n<li><b>Regul\u0101ri veiciet vingrin\u0101jumus:<\/b> Praktiz\u0113jiet refleks\u012bvo darb\u012bbas v\u0101rdu loc\u012b\u0161anu da\u017e\u0101dos laikos.<\/li>\n<li><b>Izmantojiet Talkpal platformu:<\/b> Talkpal pied\u0101v\u0101 interakt\u012bvus vingrin\u0101jumus un run\u0101\u0161anas prakses iesp\u0113jas ar refleks\u012bvajiem darb\u012bbas v\u0101rdiem.<\/li>\n<li><b>Veidojiet teikumus par savu ikdienu:<\/b> Aprakstiet savas dienas gaitas, izmantojot refleks\u012bvos darb\u012bbas v\u0101rdus.<\/li>\n<li><b>Klausieties un atk\u0101rtojiet:<\/b> Skatieties it\u0101\u013cu valodas video vai klausieties audioierakstus, atz\u012bm\u0113jot un atk\u0101rtojot refleks\u012bvos darb\u012bbas v\u0101rdus.<\/li>\n<li><b>Izveidojiet v\u0101rdu kart\u012btes:<\/b> Sagatavojiet kart\u012btes ar bie\u017e\u0101k lietotajiem refleks\u012bvajiem darb\u012bbas v\u0101rdiem un to loc\u012bjumu.<\/li>\n<\/ul>\n<h2>Kopsavilkums<\/h2>\n<p>Verbi riflessivi ir neat\u0146emama it\u0101\u013cu valodas gramatikas sast\u0101vda\u013ca, kas pal\u012bdz nians\u0113ti izteikt darb\u012bbu, kas v\u0113rsta uz pa\u0161u subjektu. To pareiza lieto\u0161ana b\u016btiski uzlabo valodas prasmes un \u013cauj lab\u0101k saprast gan ikdienas sarunas, gan liter\u0101ros tekstus. Apg\u016bstot refleks\u012bvos darb\u012bbas v\u0101rdus, \u012bpa\u0161i svar\u012bgi piev\u0113rst uzman\u012bbu vietniekv\u0101rdu lietojumam, darb\u012bbas v\u0101rda loc\u012b\u0161anai da\u017e\u0101dos laikos un dzimuma\/skait\u013ca saska\u0146ai. Talkpal platforma ir lielisks pal\u012bgs, lai tren\u0113tu un nostiprin\u0101tu \u0161\u012bs zin\u0101\u0161anas ar interakt\u012bv\u0101m metod\u0113m, padarot m\u0101c\u012bbu procesu efekt\u012bvu un saisto\u0161u. S\u0101ciet praktiz\u0113t jau \u0161odien, un dr\u012bz refleks\u012bvo darb\u012bbas v\u0101rdu lieto\u0161ana k\u013c\u016bs dabiska j\u016bsu it\u0101\u013cu valod\u0101!<\/p>\n","protected":false},"featured_media":1527929,"template":"","language":[12531,12501],"class_list":["post-1079191","grammar","type-grammar","status-publish","has-post-thumbnail","hentry","language-darbibas-vardi-italu-gramatika","language-italu"],"acf":[],"yoast_head":"<!-- This site is optimized with the Yoast SEO Premium plugin v27.2 (Yoast SEO v27.2) - https:\/\/yoast.com\/product\/yoast-seo-premium-wordpress\/ -->\n<title>Verbi Riflessivi it\u0101\u013cu valodas gramatik\u0101 - Talkpal<\/title>\n<meta name=\"description\" content=\"It\u0101\u013cu valodas gramatika ir bag\u0101ta ar da\u017e\u0101diem v\u0101rdu veidiem, kas pal\u012bdz prec\u012bzi izteikt domas un nianses. Viens no \u0161\u0101diem b\u016btiskiem valodas elementiem ir\" \/>\n<meta name=\"robots\" content=\"index, follow, max-snippet:-1, max-image-preview:large, max-video-preview:-1\" \/>\n<link rel=\"canonical\" href=\"https:\/\/talkpal.ai\/lv\/grammar\/verbi-riflessivi-italu-valodas-gramatika\/\" \/>\n<meta property=\"og:locale\" content=\"lv_LV\" \/>\n<meta property=\"og:type\" content=\"article\" \/>\n<meta property=\"og:title\" content=\"Verbi Riflessivi it\u0101\u013cu valodas gramatik\u0101\" \/>\n<meta property=\"og:description\" content=\"It\u0101\u013cu valodas gramatika ir bag\u0101ta ar da\u017e\u0101diem v\u0101rdu veidiem, kas pal\u012bdz prec\u012bzi izteikt domas un nianses. Viens no \u0161\u0101diem b\u016btiskiem valodas elementiem ir\" \/>\n<meta property=\"og:url\" content=\"https:\/\/talkpal.ai\/lv\/grammar\/verbi-riflessivi-italu-valodas-gramatika\/\" \/>\n<meta property=\"og:site_name\" content=\"Talkpal\" \/>\n<meta property=\"article:publisher\" content=\"https:\/\/www.facebook.com\/profile.php?id=100090733639311\" \/>\n<meta property=\"og:image\" content=\"https:\/\/talkpal.ai\/wp-content\/uploads\/2025\/02\/Progress-tab-16_9.png\" \/>\n\t<meta property=\"og:image:width\" content=\"2880\" \/>\n\t<meta property=\"og:image:height\" content=\"1620\" \/>\n\t<meta property=\"og:image:type\" content=\"image\/png\" \/>\n<meta name=\"twitter:card\" content=\"summary_large_image\" \/>\n<meta name=\"twitter:site\" content=\"@talkpalai\" \/>\n<meta name=\"twitter:label1\" content=\"Est. reading time\" \/>\n\t<meta name=\"twitter:data1\" content=\"6 minutes\" \/>\n<script type=\"application\/ld+json\" class=\"yoast-schema-graph\">{\"@context\":\"https:\/\/schema.org\",\"@graph\":[{\"@type\":\"WebPage\",\"@id\":\"https:\/\/talkpal.ai\/lv\/grammar\/verbi-riflessivi-italu-valodas-gramatika\/\",\"url\":\"https:\/\/talkpal.ai\/lv\/grammar\/verbi-riflessivi-italu-valodas-gramatika\/\",\"name\":\"Verbi Riflessivi it\u0101\u013cu valodas gramatik\u0101 - Talkpal\",\"isPartOf\":{\"@id\":\"https:\/\/talkpal.ai\/lv\/#website\"},\"primaryImageOfPage\":{\"@id\":\"https:\/\/talkpal.ai\/lv\/grammar\/verbi-riflessivi-italu-valodas-gramatika\/#primaryimage\"},\"image\":{\"@id\":\"https:\/\/talkpal.ai\/lv\/grammar\/verbi-riflessivi-italu-valodas-gramatika\/#primaryimage\"},\"thumbnailUrl\":\"https:\/\/talkpal.ai\/wp-content\/uploads\/2025\/12\/students-at-night-learning-languages-quietly.webp\",\"datePublished\":\"2025-07-01T22:28:55+00:00\",\"description\":\"It\u0101\u013cu valodas gramatika ir bag\u0101ta ar da\u017e\u0101diem v\u0101rdu veidiem, kas pal\u012bdz prec\u012bzi izteikt domas un nianses. Viens no \u0161\u0101diem b\u016btiskiem valodas elementiem ir\",\"breadcrumb\":{\"@id\":\"https:\/\/talkpal.ai\/lv\/grammar\/verbi-riflessivi-italu-valodas-gramatika\/#breadcrumb\"},\"inLanguage\":\"lv-LV\",\"potentialAction\":[{\"@type\":\"ReadAction\",\"target\":[\"https:\/\/talkpal.ai\/lv\/grammar\/verbi-riflessivi-italu-valodas-gramatika\/\"]}]},{\"@type\":\"ImageObject\",\"inLanguage\":\"lv-LV\",\"@id\":\"https:\/\/talkpal.ai\/lv\/grammar\/verbi-riflessivi-italu-valodas-gramatika\/#primaryimage\",\"url\":\"https:\/\/talkpal.ai\/wp-content\/uploads\/2025\/12\/students-at-night-learning-languages-quietly.webp\",\"contentUrl\":\"https:\/\/talkpal.ai\/wp-content\/uploads\/2025\/12\/students-at-night-learning-languages-quietly.webp\",\"width\":1200,\"height\":896,\"caption\":\"Students sit at a long table with laptops and lamps in a dark library for learning languages.\"},{\"@type\":\"BreadcrumbList\",\"@id\":\"https:\/\/talkpal.ai\/lv\/grammar\/verbi-riflessivi-italu-valodas-gramatika\/#breadcrumb\",\"itemListElement\":[{\"@type\":\"ListItem\",\"position\":1,\"name\":\"Homepage\",\"item\":\"https:\/\/talkpal.ai\/lv\/\"},{\"@type\":\"ListItem\",\"position\":2,\"name\":\"Verbi Riflessivi it\u0101\u013cu valodas gramatik\u0101\"}]},{\"@type\":\"WebSite\",\"@id\":\"https:\/\/talkpal.ai\/lv\/#website\",\"url\":\"https:\/\/talkpal.ai\/lv\/\",\"name\":\"Talkpal\",\"description\":\"AI Language Learning\",\"publisher\":{\"@id\":\"https:\/\/talkpal.ai\/lv\/#organization\"},\"alternateName\":\"Talkpal AI\",\"potentialAction\":[{\"@type\":\"SearchAction\",\"target\":{\"@type\":\"EntryPoint\",\"urlTemplate\":\"https:\/\/talkpal.ai\/lv\/?s={search_term_string}\"},\"query-input\":{\"@type\":\"PropertyValueSpecification\",\"valueRequired\":true,\"valueName\":\"search_term_string\"}}],\"inLanguage\":\"lv-LV\"},{\"@type\":\"Organization\",\"@id\":\"https:\/\/talkpal.ai\/lv\/#organization\",\"name\":\"Talkpal, Inc.\",\"alternateName\":\"Talkpal AI\",\"url\":\"https:\/\/talkpal.ai\/lv\/\",\"logo\":{\"@type\":\"ImageObject\",\"inLanguage\":\"lv-LV\",\"@id\":\"https:\/\/talkpal.ai\/lv\/#\/schema\/logo\/image\/\",\"url\":\"https:\/\/talkpal.ai\/wp-content\/uploads\/2024\/03\/Talkpal-Logo-Icon.png\",\"contentUrl\":\"https:\/\/talkpal.ai\/wp-content\/uploads\/2024\/03\/Talkpal-Logo-Icon.png\",\"width\":2880,\"height\":2880,\"caption\":\"Talkpal, Inc.\"},\"image\":{\"@id\":\"https:\/\/talkpal.ai\/lv\/#\/schema\/logo\/image\/\"},\"sameAs\":[\"https:\/\/www.facebook.com\/profile.php?id=100090733639311\",\"https:\/\/x.com\/talkpalai\",\"https:\/\/www.linkedin.com\/company\/talkpal\/\",\"https:\/\/www.youtube.com\/@TalkPal\/\",\"https:\/\/www.tiktok.com\/@talkpal\",\"https:\/\/www.instagram.com\/talkpal_ai\/\",\"https:\/\/www.crunchbase.com\/organization\/talkpal-9cde\",\"https:\/\/www.g2.com\/products\/talkpal-for-business\/\",\"https:\/\/www.trustpilot.com\/review\/talkpal.ai\",\"https:\/\/www.capterra.com\/p\/10006800\/TalkPal\/\"],\"description\":\"Talkpal is a language learning web and mobile education app, powered by the latest AI technologies, that provides engaging experiences to its customers in many different languages to help them improve their language skills. Users can chat about unlimited amount of topics with the app and use other modes to practice their language learning.\",\"email\":\"support@talkpal.ai\",\"legalName\":\"Talkpal, Inc.\",\"foundingDate\":\"2023-04-03\",\"duns\":\"118989042\",\"numberOfEmployees\":{\"@type\":\"QuantitativeValue\",\"minValue\":\"11\",\"maxValue\":\"50\"},\"publishingPrinciples\":\"https:\/\/talkpal.ai\/publishing-principles\/\",\"actionableFeedbackPolicy\":\"https:\/\/talkpal.ai\/actionable-feedback-policy\/\",\"correctionsPolicy\":\"https:\/\/talkpal.ai\/corrections-policy\/\",\"ethicsPolicy\":\"https:\/\/talkpal.ai\/ethics-policy\/\",\"diversityPolicy\":\"https:\/\/talkpal.ai\/diversity-policy\/\",\"diversityStaffingReport\":\"https:\/\/talkpal.ai\/diversity-policy\/\"}]}<\/script>\n<!-- \/ Yoast SEO Premium plugin. -->","yoast_head_json":{"title":"Verbi Riflessivi it\u0101\u013cu valodas gramatik\u0101 - Talkpal","description":"It\u0101\u013cu valodas gramatika ir bag\u0101ta ar da\u017e\u0101diem v\u0101rdu veidiem, kas pal\u012bdz prec\u012bzi izteikt domas un nianses. Viens no \u0161\u0101diem b\u016btiskiem valodas elementiem ir","robots":{"index":"index","follow":"follow","max-snippet":"max-snippet:-1","max-image-preview":"max-image-preview:large","max-video-preview":"max-video-preview:-1"},"canonical":"https:\/\/talkpal.ai\/lv\/grammar\/verbi-riflessivi-italu-valodas-gramatika\/","og_locale":"lv_LV","og_type":"article","og_title":"Verbi Riflessivi it\u0101\u013cu valodas gramatik\u0101","og_description":"It\u0101\u013cu valodas gramatika ir bag\u0101ta ar da\u017e\u0101diem v\u0101rdu veidiem, kas pal\u012bdz prec\u012bzi izteikt domas un nianses. Viens no \u0161\u0101diem b\u016btiskiem valodas elementiem ir","og_url":"https:\/\/talkpal.ai\/lv\/grammar\/verbi-riflessivi-italu-valodas-gramatika\/","og_site_name":"Talkpal","article_publisher":"https:\/\/www.facebook.com\/profile.php?id=100090733639311","og_image":[{"width":2880,"height":1620,"url":"https:\/\/talkpal.ai\/wp-content\/uploads\/2025\/02\/Progress-tab-16_9.png","type":"image\/png"}],"twitter_card":"summary_large_image","twitter_site":"@talkpalai","twitter_misc":{"Est. reading time":"6 minutes"},"schema":{"@context":"https:\/\/schema.org","@graph":[{"@type":"WebPage","@id":"https:\/\/talkpal.ai\/lv\/grammar\/verbi-riflessivi-italu-valodas-gramatika\/","url":"https:\/\/talkpal.ai\/lv\/grammar\/verbi-riflessivi-italu-valodas-gramatika\/","name":"Verbi Riflessivi it\u0101\u013cu valodas gramatik\u0101 - Talkpal","isPartOf":{"@id":"https:\/\/talkpal.ai\/lv\/#website"},"primaryImageOfPage":{"@id":"https:\/\/talkpal.ai\/lv\/grammar\/verbi-riflessivi-italu-valodas-gramatika\/#primaryimage"},"image":{"@id":"https:\/\/talkpal.ai\/lv\/grammar\/verbi-riflessivi-italu-valodas-gramatika\/#primaryimage"},"thumbnailUrl":"https:\/\/talkpal.ai\/wp-content\/uploads\/2025\/12\/students-at-night-learning-languages-quietly.webp","datePublished":"2025-07-01T22:28:55+00:00","description":"It\u0101\u013cu valodas gramatika ir bag\u0101ta ar da\u017e\u0101diem v\u0101rdu veidiem, kas pal\u012bdz prec\u012bzi izteikt domas un nianses. Viens no \u0161\u0101diem b\u016btiskiem valodas elementiem ir","breadcrumb":{"@id":"https:\/\/talkpal.ai\/lv\/grammar\/verbi-riflessivi-italu-valodas-gramatika\/#breadcrumb"},"inLanguage":"lv-LV","potentialAction":[{"@type":"ReadAction","target":["https:\/\/talkpal.ai\/lv\/grammar\/verbi-riflessivi-italu-valodas-gramatika\/"]}]},{"@type":"ImageObject","inLanguage":"lv-LV","@id":"https:\/\/talkpal.ai\/lv\/grammar\/verbi-riflessivi-italu-valodas-gramatika\/#primaryimage","url":"https:\/\/talkpal.ai\/wp-content\/uploads\/2025\/12\/students-at-night-learning-languages-quietly.webp","contentUrl":"https:\/\/talkpal.ai\/wp-content\/uploads\/2025\/12\/students-at-night-learning-languages-quietly.webp","width":1200,"height":896,"caption":"Students sit at a long table with laptops and lamps in a dark library for learning languages."},{"@type":"BreadcrumbList","@id":"https:\/\/talkpal.ai\/lv\/grammar\/verbi-riflessivi-italu-valodas-gramatika\/#breadcrumb","itemListElement":[{"@type":"ListItem","position":1,"name":"Homepage","item":"https:\/\/talkpal.ai\/lv\/"},{"@type":"ListItem","position":2,"name":"Verbi Riflessivi it\u0101\u013cu valodas gramatik\u0101"}]},{"@type":"WebSite","@id":"https:\/\/talkpal.ai\/lv\/#website","url":"https:\/\/talkpal.ai\/lv\/","name":"Talkpal","description":"AI Language Learning","publisher":{"@id":"https:\/\/talkpal.ai\/lv\/#organization"},"alternateName":"Talkpal AI","potentialAction":[{"@type":"SearchAction","target":{"@type":"EntryPoint","urlTemplate":"https:\/\/talkpal.ai\/lv\/?s={search_term_string}"},"query-input":{"@type":"PropertyValueSpecification","valueRequired":true,"valueName":"search_term_string"}}],"inLanguage":"lv-LV"},{"@type":"Organization","@id":"https:\/\/talkpal.ai\/lv\/#organization","name":"Talkpal, Inc.","alternateName":"Talkpal AI","url":"https:\/\/talkpal.ai\/lv\/","logo":{"@type":"ImageObject","inLanguage":"lv-LV","@id":"https:\/\/talkpal.ai\/lv\/#\/schema\/logo\/image\/","url":"https:\/\/talkpal.ai\/wp-content\/uploads\/2024\/03\/Talkpal-Logo-Icon.png","contentUrl":"https:\/\/talkpal.ai\/wp-content\/uploads\/2024\/03\/Talkpal-Logo-Icon.png","width":2880,"height":2880,"caption":"Talkpal, Inc."},"image":{"@id":"https:\/\/talkpal.ai\/lv\/#\/schema\/logo\/image\/"},"sameAs":["https:\/\/www.facebook.com\/profile.php?id=100090733639311","https:\/\/x.com\/talkpalai","https:\/\/www.linkedin.com\/company\/talkpal\/","https:\/\/www.youtube.com\/@TalkPal\/","https:\/\/www.tiktok.com\/@talkpal","https:\/\/www.instagram.com\/talkpal_ai\/","https:\/\/www.crunchbase.com\/organization\/talkpal-9cde","https:\/\/www.g2.com\/products\/talkpal-for-business\/","https:\/\/www.trustpilot.com\/review\/talkpal.ai","https:\/\/www.capterra.com\/p\/10006800\/TalkPal\/"],"description":"Talkpal is a language learning web and mobile education app, powered by the latest AI technologies, that provides engaging experiences to its customers in many different languages to help them improve their language skills. Users can chat about unlimited amount of topics with the app and use other modes to practice their language learning.","email":"support@talkpal.ai","legalName":"Talkpal, Inc.","foundingDate":"2023-04-03","duns":"118989042","numberOfEmployees":{"@type":"QuantitativeValue","minValue":"11","maxValue":"50"},"publishingPrinciples":"https:\/\/talkpal.ai\/publishing-principles\/","actionableFeedbackPolicy":"https:\/\/talkpal.ai\/actionable-feedback-policy\/","correctionsPolicy":"https:\/\/talkpal.ai\/corrections-policy\/","ethicsPolicy":"https:\/\/talkpal.ai\/ethics-policy\/","diversityPolicy":"https:\/\/talkpal.ai\/diversity-policy\/","diversityStaffingReport":"https:\/\/talkpal.ai\/diversity-policy\/"}]}},"_links":{"self":[{"href":"https:\/\/talkpal.ai\/lv\/wp-json\/wp\/v2\/grammar\/1079191","targetHints":{"allow":["GET"]}}],"collection":[{"href":"https:\/\/talkpal.ai\/lv\/wp-json\/wp\/v2\/grammar"}],"about":[{"href":"https:\/\/talkpal.ai\/lv\/wp-json\/wp\/v2\/types\/grammar"}],"wp:featuredmedia":[{"embeddable":true,"href":"https:\/\/talkpal.ai\/lv\/wp-json\/wp\/v2\/media\/1527929"}],"wp:attachment":[{"href":"https:\/\/talkpal.ai\/lv\/wp-json\/wp\/v2\/media?parent=1079191"}],"wp:term":[{"taxonomy":"language","embeddable":true,"href":"https:\/\/talkpal.ai\/lv\/wp-json\/wp\/v2\/language?post=1079191"}],"curies":[{"name":"wp","href":"https:\/\/api.w.org\/{rel}","templated":true}]}}