{"id":1079091,"date":"2025-07-01T22:20:29","date_gmt":"2025-07-01T22:20:29","guid":{"rendered":"https:\/\/talkpal.ai\/grammar\/verbes-pronominaux-francu-valodas-gramatika\/"},"modified":"2025-07-01T22:20:29","modified_gmt":"2025-07-01T22:20:29","slug":"verbes-pronominaux-francu-valodas-gramatika","status":"publish","type":"grammar","link":"https:\/\/talkpal.ai\/lv\/grammar\/verbes-pronominaux-francu-valodas-gramatika\/","title":{"rendered":"Verbes pronominaux fran\u010du valodas gramatik\u0101"},"content":{"rendered":"<p><a href=\"https:\/\/talkpal.ai\/learn-french\/\">Fran\u010du valoda<\/a> ir viena no popul\u0101r\u0101kaj\u0101m valod\u0101m pasaul\u0113, un t\u0101s <a href=\"https:\/\/talkpal.ai\/sq\/gramatika\/\">gramatika<\/a> bie\u017ei vien rada izaicin\u0101jumus <a href=\"https:\/\/talkpal.ai\/what-language-is-spoken-on-the-international-space-station\/\">valodas<\/a> apguv\u0113jiem. Viens no specifisk\u0101kajiem fran\u010du gramatikas aspektiem ir <a href=\"https:\/\/talkpal.ai\/ar\/grammar_exercises\/verbes-pronominaux-%d8%aa%d9%85%d8%a7%d8%b1%d9%8a%d9%86-%d9%84%d9%84%d9%82%d9%88%d8%a7%d8%b9%d8%af-%d8%a7%d9%84%d9%81%d8%b1%d9%86%d8%b3%d9%8a%d8%a9\/\">verbes pronominaux<\/a> jeb pronomin\u0101lie darb\u012bbas v\u0101rdi. \u0160ie darb\u012bbas v\u0101rdi b\u016btiski at\u0161\u0137iras no parastajiem darb\u012bbas v\u0101rdiem, jo tiem lieto atgriezeniskos vietniekv\u0101rdus, kas maina teikuma noz\u012bmi un strukt\u016bru. Lai veiksm\u012bgi apg\u016btu verbes pronominaux <a href=\"https:\/\/talkpal.ai\/lv\/francu-valodas-apguves-nodarbibas\/\">fran\u010du valodas<\/a> gramatik\u0101, svar\u012bgi izprast to veidus, lietojumu un \u012bpa\u0161\u012bbas. <a href=\"https:\/\/talkpal.ai\/ko\/ai-%ec%96%b8%ec%96%b4-%ea%b5%90%ec%82%ac\/\">Talkpal<\/a> ir lielisks r\u012bks, kas pal\u012bdz apg\u016bt verbes pronominaux, pied\u0101v\u0101jot interakt\u012bvus vingrin\u0101jumus un praktiskus piem\u0113rus.<\/p>\n<h2>Kas ir verbes pronominaux?<\/h2>\n<p>Verbes pronominaux jeb pronomin\u0101lie darb\u012bbas v\u0101rdi fran\u010du valod\u0101 ir darb\u012bbas v\u0101rdi, kuriem teikum\u0101 oblig\u0101ti izmanto atgriezenisko vietniekv\u0101rdu. At\u0161\u0137ir\u012bb\u0101 no parastajiem darb\u012bbas v\u0101rdiem, kas nor\u0101da uz darb\u012bbu, ko subjekts veic vai piedz\u012bvo, pronomin\u0101lie darb\u012bbas v\u0101rdi uzsver, ka subjekts ir gan darb\u012bbas veic\u0113js, gan sa\u0146\u0113m\u0113js.<\/p>\n<h3>Verbes pronominaux strukt\u016bra<\/h3>\n<p>Fran\u010du pronomin\u0101lie darb\u012bbas v\u0101rdi veidojas \u0161\u0101di:<\/p>\n<ul>\n<li>Atgriezeniskais vietniekv\u0101rds (se, me, te, nous, vous, se)<\/li>\n<li>Darb\u012bbas v\u0101rds atbilsto\u0161\u0101 loc\u012bjum\u0101<\/li>\n<\/ul>\n<p>Piem\u0113rs: <i>se laver<\/i> (mazg\u0101ties) \u2013 <i>Je me lave<\/i> (Es mazg\u0101jos).<\/p>\n<h3>Pronomin\u0101lo darb\u012bbas v\u0101rdu noz\u012bmes nianses<\/h3>\n<p>Atkar\u012bb\u0101 no konteksta, verbes pronominaux var b\u016bt:<\/p>\n<ul>\n<li><b>Atgriezeniski<\/b> \u2013 darb\u012bba tiek veikta pa\u0161am sev (piem\u0113ram, se laver \u2013 mazg\u0101ties).<\/li>\n<li><b>Savstarp\u0113ji<\/b> \u2013 darb\u012bba tiek veikta diviem vai vair\u0101kiem subjektiem vienam pret otru (piem\u0113ram, se parler \u2013 sarun\u0101ties).<\/li>\n<li><b>Uzved\u012bbas vai st\u0101vok\u013ca aprakstam<\/b> \u2013 darb\u012bbas v\u0101rdi, kuri maina noz\u012bmi, k\u013c\u016bstot pronomin\u0101li (piem\u0113ram, s\u2019en aller \u2013 doties prom).<\/li>\n<\/ul>\n<h2>Verbes pronominaux veidi<\/h2>\n<p>Fran\u010du valod\u0101 iz\u0161\u0137ir vair\u0101kus pronomin\u0101lo darb\u012bbas v\u0101rdu veidus, kuriem katram ir savas lietojuma \u012bpatn\u012bbas.<\/p>\n<h3>1. Atgriezeniskie darb\u012bbas v\u0101rdi (verbes r\u00e9fl\u00e9chis)<\/h3>\n<p>\u0160ie v\u0101rdi nor\u0101da, ka darb\u012bba atgrie\u017eas pie subjekta:<\/p>\n<ul>\n<li><i>se laver<\/i> \u2013 mazg\u0101ties<\/li>\n<li><i>se brosser<\/i> \u2013 suk\u0101ties<\/li>\n<li><i>se r\u00e9veiller<\/i> \u2013 mosties<\/li>\n<\/ul>\n<p>Piem\u0113rs: <i>Elle se maquille chaque matin.<\/i> (Vi\u0146a katru r\u012btu uzkr\u0101sojas.)<\/p>\n<h3>2. Savstarp\u0113jie darb\u012bbas v\u0101rdi (verbes r\u00e9ciproques)<\/h3>\n<p>Izmanto, kad divi vai vair\u0101ki subjekti veic darb\u012bbu viens pret otru:<\/p>\n<ul>\n<li><i>se parler<\/i> \u2013 sarun\u0101ties<\/li>\n<li><i>se voir<\/i> \u2013 satikties<\/li>\n<li><i>se comprendre<\/i> \u2013 saprasties<\/li>\n<\/ul>\n<p>Piem\u0113rs: <i>Nous nous \u00e9crivons souvent.<\/i> (M\u0113s bie\u017ei rakst\u0101m viens otram.)<\/p>\n<h3>3. Pronomin\u0101lie darb\u012bbas v\u0101rdi ar \u012bpa\u0161u noz\u012bmi (verbes essentiellement pronominaux)<\/h3>\n<p>\u0160ie darb\u012bbas v\u0101rdi fran\u010du valod\u0101 past\u0101v tikai pronomin\u0101l\u0101 form\u0101 un tiem nav atbilsto\u0161as ne-pronomin\u0101las formas:<\/p>\n<ul>\n<li><i>se souvenir<\/i> \u2013 atcer\u0113ties<\/li>\n<li><i>s\u2019en aller<\/i> \u2013 doties prom<\/li>\n<li><i>se m\u00e9fier<\/i> \u2013 uzman\u012bties, neuztic\u0113ties<\/li>\n<\/ul>\n<p>Piem\u0113rs: <i>Je me souviens de ce jour.<\/i> (Es atceros \u0161o dienu.)<\/p>\n<h3>4. Pronomin\u0101lie darb\u012bbas v\u0101rdi ar noz\u012bmes mai\u0146u<\/h3>\n<p>Daudzi darb\u012bbas v\u0101rdi fran\u010du valod\u0101 ieg\u016bst citu noz\u012bmi, ja tiem pievieno atgriezenisko vietniekv\u0101rdu:<\/p>\n<ul>\n<li><i>aller<\/i> \u2013 iet \/ <i>s\u2019en aller<\/i> \u2013 doties prom<\/li>\n<li><i>passer<\/i> \u2013 pavad\u012bt, iet gar\u0101m \/ <i>se passer<\/i> \u2013 notikt<\/li>\n<li><i>appeler<\/i> \u2013 saukt \/ <i>s\u2019appeler<\/i> \u2013 saukties (v\u0101rds)<\/li>\n<\/ul>\n<p>Piem\u0113rs: <i>Comment tu t\u2019appelles?<\/i> (K\u0101 tevi sauc?)<\/p>\n<h2>Pronomin\u0101lo darb\u012bbas v\u0101rdu loc\u012bjums<\/h2>\n<p>Fran\u010du pronomin\u0101lie darb\u012bbas v\u0101rdi tiek loc\u012bti atbilsto\u0161i subjektam, un tiem pievieno atgriezeniskos vietniekv\u0101rdus:<\/p>\n<ul>\n<li><b>Je me<\/b> (es)<\/li>\n<li><b>Tu te<\/b> (tu)<\/li>\n<li><b>Il\/elle\/on se<\/b> (vi\u0146\u0161\/vi\u0146a\/m\u0113s \u2013 neform\u0101li)<\/li>\n<li><b>Nous nous<\/b> (m\u0113s)<\/li>\n<li><b>Vous vous<\/b> (j\u016bs)<\/li>\n<li><b>Ils\/elles se<\/b> (vi\u0146i\/vi\u0146as)<\/li>\n<\/ul>\n<p>Piem\u0113rs ar darb\u012bbas v\u0101rdu <i>se lever<\/i> (celties):<\/p>\n<ul>\n<li>Je me l\u00e8ve<\/li>\n<li>Tu te l\u00e8ves<\/li>\n<li>Il\/elle\/on se l\u00e8ve<\/li>\n<li>Nous nous levons<\/li>\n<li>Vous vous levez<\/li>\n<li>Ils\/elles se l\u00e8vent<\/li>\n<\/ul>\n<h3>Pronomin\u0101lo darb\u012bbas v\u0101rdu loc\u012bjums da\u017e\u0101dos laikos<\/h3>\n<p>Lietojot da\u017e\u0101dus laikus, atgriezeniskais vietniekv\u0101rds saglab\u0101jas, bet darb\u012bbas v\u0101rds tiek loc\u012bts attiec\u012bgaj\u0101 laik\u0101:<\/p>\n<ul>\n<li><b>Pamatlaiks:<\/b> <i>Je me couche t\u00f4t.<\/i> (Es eju gul\u0113t agri.)<\/li>\n<li><b>Passe compos\u00e9:<\/b> <i>Je me suis couch\u00e9(e) t\u00f4t.<\/i> (Es aizg\u0101ju gul\u0113t agri.)<\/li>\n<li><b>Fut\u016brs:<\/b> <i>Je vais me coucher t\u00f4t.<\/i> (Es ie\u0161u gul\u0113t agri.)<\/li>\n<\/ul>\n<p>Svar\u012bgi! Pronomin\u0101lo darb\u012bbas v\u0101rdu passe compos\u00e9 laiks vienm\u0113r tiek veidots ar pal\u012bgdarb\u012bbas v\u0101rdu <i>\u00eatre<\/i>.<\/p>\n<h2>Pronomin\u0101lo darb\u012bbas v\u0101rdu saska\u0146o\u0161ana<\/h2>\n<p>Fran\u010du valod\u0101 pronomin\u0101lie darb\u012bbas v\u0101rdi, lietojot <a href=\"https:\/\/talkpal.ai\/ar\/grammar_exercises\/passe-compose-%d8%aa%d9%85%d8%a7%d8%b1%d9%8a%d9%86-%d9%84%d9%84%d9%82%d9%88%d8%a7%d8%b9%d8%af-%d8%a7%d9%84%d9%81%d8%b1%d9%86%d8%b3%d9%8a%d8%a9\/\">pass\u00e9 compos\u00e9<\/a>, parasti tiek saska\u0146oti ar priek\u0161metu:<\/p>\n<ul>\n<li><i>Elle s\u2019est lav\u00e9e.<\/i> (Vi\u0146a nomazg\u0101j\u0101s.) \u2013 <b>lav\u00e9e<\/b> saska\u0146ots ar sujet (elle).<\/li>\n<li><i>Ils se sont vus.<\/i> (Vi\u0146i satik\u0101s.) \u2013 <b>vus<\/b> saska\u0146ots ar sujet (ils).<\/li>\n<\/ul>\n<p>Ta\u010du ir iz\u0146\u0113mumi, kad darb\u012bba v\u0113rsta uz citu objektu, nevis subjektu, tad saska\u0146o\u0161ana nav nepiecie\u0161ama:<\/p>\n<ul>\n<li><i>Elle s\u2019est lav\u00e9 les mains.<\/i> (Vi\u0146a nomazg\u0101ja rokas.) \u2013 \u0161eit <i>lav\u00e9<\/i> nav saska\u0146ots, jo objekts ir <i>les mains<\/i>.<\/li>\n<\/ul>\n<h2>Bie\u017e\u0101k sastopamie verbes pronominaux<\/h2>\n<p>L\u016bk, da\u017eas no popul\u0101r\u0101kaj\u0101m pronomin\u0101laj\u0101m konstrukcij\u0101m, kuras bie\u017ei izmanto gan sarunvalod\u0101, gan rakstu valod\u0101:<\/p>\n<ul>\n<li><b>s\u2019appeler<\/b> \u2013 saukties<\/li>\n<li><b>se lever<\/b> \u2013 celties<\/li>\n<li><b>se coucher<\/b> \u2013 iet gul\u0113t<\/li>\n<li><b>se souvenir<\/b> \u2013 atcer\u0113ties<\/li>\n<li><b>se d\u00e9p\u00eacher<\/b> \u2013 steigties<\/li>\n<li><b>s\u2019amuser<\/b> \u2013 izklaid\u0113ties<\/li>\n<li><b>se tromper<\/b> \u2013 k\u013c\u016bd\u012bties<\/li>\n<li><b>se rencontrer<\/b> \u2013 satikties<\/li>\n<\/ul>\n<h2>Padomi, k\u0101 viegl\u0101k apg\u016bt verbes pronominaux fran\u010du valod\u0101<\/h2>\n<p>Fran\u010du pronomin\u0101lie darb\u012bbas v\u0101rdi s\u0101kotn\u0113ji var \u0161\u0137ist sare\u017e\u0123\u012bti, ta\u010du ar pareizu pieeju tos var apg\u016bt sal\u012bdzino\u0161i \u0101tri. \u0160eit da\u017ei noder\u012bgi padomi:<\/p>\n<ul>\n<li><b>M\u0101cieties kop\u0101 ar piem\u0113riem:<\/b> Pierakstiet bie\u017e\u0101k lietotos pronomin\u0101los darb\u012bbas v\u0101rdus ar piem\u0113ru teikumiem.<\/li>\n<li><b>Izmantojiet interakt\u012bvus r\u012bkus:<\/b> Talkpal platform\u0101 pieejami praktiski vingrin\u0101jumi pronomin\u0101lo darb\u012bbas v\u0101rdu apg\u016b\u0161anai.<\/li>\n<li><b>Regul\u0101ri atk\u0101rtojiet:<\/b> Vingriniet teikumu veido\u0161anu ar da\u017e\u0101diem subjektiem un laikumiem.<\/li>\n<li><b>Sal\u012bdziniet ar latvie\u0161u valodu:<\/b> Mekl\u0113jiet l\u012bdz\u012bbas un at\u0161\u0137ir\u012bbas starp fran\u010du un latvie\u0161u gramatiku.<\/li>\n<li><b>Klausieties fran\u010du sarunvalodu:<\/b> Piev\u0113rsiet uzman\u012bbu, k\u0101 pronomin\u0101lie darb\u012bbas v\u0101rdi tiek lietoti ikdienas run\u0101, film\u0101s vai dziesm\u0101s.<\/li>\n<\/ul>\n<h2>K\u0101 Talkpal pal\u012bdz apg\u016bt verbes pronominaux?<\/h2>\n<p>Talkpal ir m\u016bsdien\u012bga valodu apguves platforma, kas \u012bpa\u0161i noder fran\u010du valodas gramatikas apg\u016b\u0161an\u0101. Izmantojot Talkpal, j\u016bs varat:<\/p>\n<ul>\n<li><b>Sa\u0146emt personaliz\u0113tus vingrin\u0101jumus<\/b> par pronomin\u0101lo darb\u012bbas v\u0101rdu lietojumu da\u017e\u0101dos laikos un kontekstos.<\/li>\n<li><b>Tren\u0113t klaus\u012b\u0161an\u0101s un run\u0101\u0161anas prasmes<\/b> ar interakt\u012bviem uzdevumiem un sarun\u0101m ar m\u0101ksl\u012bgo intelektu.<\/li>\n<li><b>Redz\u0113t k\u013c\u016bdu anal\u012bzi<\/b> un uzreiz sa\u0146emt paskaidrojumus par nepareizu pronomin\u0101lo darb\u012bbas v\u0101rdu lietojumu.<\/li>\n<li><b>M\u0101c\u012bties ar sp\u0113\u013cu elementiem<\/b>, kas motiv\u0113 regul\u0101ri atk\u0101rtot un nostiprin\u0101t zin\u0101\u0161anas.<\/li>\n<\/ul>\n<p>Talkpal sniedz iesp\u0113ju apg\u016bt verbes pronominaux gan ies\u0101c\u0113jiem, gan pieredz\u0113ju\u0161iem valodas prat\u0113jiem, pied\u0101v\u0101jot individualiz\u0113tus m\u0101c\u012bbu ce\u013cus.<\/p>\n<h2>Bie\u017e\u0101k pie\u013caut\u0101s k\u013c\u016bdas, apg\u016bstot verbes pronominaux<\/h2>\n<p>Lai izvair\u012btos no tipisk\u0101m k\u013c\u016bd\u0101m, piev\u0113rsiet uzman\u012bbu \u0161\u0101diem aspektiem:<\/p>\n<ul>\n<li><b>Neaizmirstiet vietniekv\u0101rdu:<\/b> Pronomin\u0101lajam darb\u012bbas v\u0101rdam vienm\u0113r j\u0101b\u016bt pievienotam atgriezeniskajam vietniekv\u0101rdam.<\/li>\n<li><b>Pareizi saska\u0146ojiet laiku:<\/b> Passe compos\u00e9 form\u0101 lietojiet pal\u012bgdarb\u012bbas v\u0101rdu \u00eatre, nevis avoir.<\/li>\n<li><b>Nesajauciet verbes pronominaux ar parastajiem darb\u012bbas v\u0101rdiem:<\/b> Da\u017eiem v\u0101rdiem noz\u012bme main\u0101s atkar\u012bb\u0101 no t\u0101, vai tie ir pronomin\u0101li.<\/li>\n<li><b>R\u016bp\u012bgi izv\u0113lieties vietniekv\u0101rda formu:<\/b> T\u0101 j\u0101atbilst subjektam.<\/li>\n<\/ul>\n<h2>Kopsavilkums<\/h2>\n<p>Verbes pronominaux fran\u010du valodas gramatik\u0101 ir neat\u0146emama da\u013ca, kas b\u016btiski ietekm\u0113 teikuma noz\u012bmi un strukt\u016bru. To pareiza lieto\u0161ana pal\u012bdz veidot dabisku, pl\u016bsto\u0161u un gramatiski pareizu runu. S\u0101kot apg\u016bt fran\u010du valodu, ieteicams m\u0101c\u012bties pronomin\u0101los darb\u012bbas v\u0101rdus kop\u0101 ar piem\u0113riem, vingrin\u0101ties ar da\u017e\u0101diem subjektiem un laikumiem, k\u0101 ar\u012b izmantot digit\u0101los m\u0101c\u012bbu r\u012bkus, piem\u0113ram, Talkpal. \u0160\u0101di j\u016bs ne tikai viegl\u0101k apg\u016bsiet verbes pronominaux, bet ar\u012b ieg\u016bsiet p\u0101rliec\u012bbu par sav\u0101m fran\u010du valodas zin\u0101\u0161an\u0101m.<\/p>\n<p>Pareiza verbes pronominaux lieto\u0161ana atver durvis pla\u0161\u0101kam fran\u010du valodas prasmju kl\u0101stam un uzlabo komunik\u0101ciju gan rakstiski, gan mutiski. S\u0101ciet jau \u0161odien \u2013 un ar laiku j\u016bs br\u012bvi p\u0101rvald\u012bsiet \u0161o svar\u012bgo fran\u010du gramatikas aspektu!<\/p>\n","protected":false},"featured_media":1527758,"template":"","language":[12176,12174],"class_list":["post-1079091","grammar","type-grammar","status-publish","has-post-thumbnail","hentry","language-darbibas-vardi-francu-gramatika","language-francu"],"acf":[],"yoast_head":"<!-- This site is optimized with the Yoast SEO Premium plugin v27.2 (Yoast SEO v27.2) - https:\/\/yoast.com\/product\/yoast-seo-premium-wordpress\/ -->\n<title>Verbes pronominaux fran\u010du valodas gramatik\u0101 - Talkpal<\/title>\n<meta name=\"description\" content=\"Fran\u010du valoda ir viena no popul\u0101r\u0101kaj\u0101m valod\u0101m pasaul\u0113, un t\u0101s gramatika bie\u017ei vien rada izaicin\u0101jumus valodas apguv\u0113jiem. Viens no specifisk\u0101kajiem\" \/>\n<meta name=\"robots\" content=\"index, follow, max-snippet:-1, max-image-preview:large, max-video-preview:-1\" \/>\n<link rel=\"canonical\" href=\"https:\/\/talkpal.ai\/lv\/grammar\/verbes-pronominaux-francu-valodas-gramatika\/\" \/>\n<meta property=\"og:locale\" content=\"lv_LV\" \/>\n<meta property=\"og:type\" content=\"article\" \/>\n<meta property=\"og:title\" content=\"Verbes pronominaux fran\u010du valodas gramatik\u0101\" \/>\n<meta property=\"og:description\" content=\"Fran\u010du valoda ir viena no popul\u0101r\u0101kaj\u0101m valod\u0101m pasaul\u0113, un t\u0101s gramatika bie\u017ei vien rada izaicin\u0101jumus valodas apguv\u0113jiem. Viens no specifisk\u0101kajiem\" \/>\n<meta property=\"og:url\" content=\"https:\/\/talkpal.ai\/lv\/grammar\/verbes-pronominaux-francu-valodas-gramatika\/\" \/>\n<meta property=\"og:site_name\" content=\"Talkpal\" \/>\n<meta property=\"article:publisher\" content=\"https:\/\/www.facebook.com\/profile.php?id=100090733639311\" \/>\n<meta property=\"og:image\" content=\"https:\/\/talkpal.ai\/wp-content\/uploads\/2025\/02\/Progress-tab-16_9.png\" \/>\n\t<meta property=\"og:image:width\" content=\"2880\" \/>\n\t<meta property=\"og:image:height\" content=\"1620\" \/>\n\t<meta property=\"og:image:type\" content=\"image\/png\" \/>\n<meta name=\"twitter:card\" content=\"summary_large_image\" \/>\n<meta name=\"twitter:site\" content=\"@talkpalai\" \/>\n<meta name=\"twitter:label1\" content=\"Est. reading time\" \/>\n\t<meta name=\"twitter:data1\" content=\"7 minutes\" \/>\n<script type=\"application\/ld+json\" class=\"yoast-schema-graph\">{\"@context\":\"https:\/\/schema.org\",\"@graph\":[{\"@type\":\"WebPage\",\"@id\":\"https:\/\/talkpal.ai\/lv\/grammar\/verbes-pronominaux-francu-valodas-gramatika\/\",\"url\":\"https:\/\/talkpal.ai\/lv\/grammar\/verbes-pronominaux-francu-valodas-gramatika\/\",\"name\":\"Verbes pronominaux fran\u010du valodas gramatik\u0101 - Talkpal\",\"isPartOf\":{\"@id\":\"https:\/\/talkpal.ai\/lv\/#website\"},\"primaryImageOfPage\":{\"@id\":\"https:\/\/talkpal.ai\/lv\/grammar\/verbes-pronominaux-francu-valodas-gramatika\/#primaryimage\"},\"image\":{\"@id\":\"https:\/\/talkpal.ai\/lv\/grammar\/verbes-pronominaux-francu-valodas-gramatika\/#primaryimage\"},\"thumbnailUrl\":\"https:\/\/talkpal.ai\/wp-content\/uploads\/2025\/12\/library-lamps-are-used-learning-languages.webp\",\"datePublished\":\"2025-07-01T22:20:29+00:00\",\"description\":\"Fran\u010du valoda ir viena no popul\u0101r\u0101kaj\u0101m valod\u0101m pasaul\u0113, un t\u0101s gramatika bie\u017ei vien rada izaicin\u0101jumus valodas apguv\u0113jiem. Viens no specifisk\u0101kajiem\",\"breadcrumb\":{\"@id\":\"https:\/\/talkpal.ai\/lv\/grammar\/verbes-pronominaux-francu-valodas-gramatika\/#breadcrumb\"},\"inLanguage\":\"lv-LV\",\"potentialAction\":[{\"@type\":\"ReadAction\",\"target\":[\"https:\/\/talkpal.ai\/lv\/grammar\/verbes-pronominaux-francu-valodas-gramatika\/\"]}]},{\"@type\":\"ImageObject\",\"inLanguage\":\"lv-LV\",\"@id\":\"https:\/\/talkpal.ai\/lv\/grammar\/verbes-pronominaux-francu-valodas-gramatika\/#primaryimage\",\"url\":\"https:\/\/talkpal.ai\/wp-content\/uploads\/2025\/12\/library-lamps-are-used-learning-languages.webp\",\"contentUrl\":\"https:\/\/talkpal.ai\/wp-content\/uploads\/2025\/12\/library-lamps-are-used-learning-languages.webp\",\"width\":1200,\"height\":896,\"caption\":\"Students study under warm library lamps at night while learning languages with books and laptops.\"},{\"@type\":\"BreadcrumbList\",\"@id\":\"https:\/\/talkpal.ai\/lv\/grammar\/verbes-pronominaux-francu-valodas-gramatika\/#breadcrumb\",\"itemListElement\":[{\"@type\":\"ListItem\",\"position\":1,\"name\":\"Homepage\",\"item\":\"https:\/\/talkpal.ai\/lv\/\"},{\"@type\":\"ListItem\",\"position\":2,\"name\":\"Verbes pronominaux fran\u010du valodas gramatik\u0101\"}]},{\"@type\":\"WebSite\",\"@id\":\"https:\/\/talkpal.ai\/lv\/#website\",\"url\":\"https:\/\/talkpal.ai\/lv\/\",\"name\":\"Talkpal\",\"description\":\"AI Language Learning\",\"publisher\":{\"@id\":\"https:\/\/talkpal.ai\/lv\/#organization\"},\"alternateName\":\"Talkpal AI\",\"potentialAction\":[{\"@type\":\"SearchAction\",\"target\":{\"@type\":\"EntryPoint\",\"urlTemplate\":\"https:\/\/talkpal.ai\/lv\/?s={search_term_string}\"},\"query-input\":{\"@type\":\"PropertyValueSpecification\",\"valueRequired\":true,\"valueName\":\"search_term_string\"}}],\"inLanguage\":\"lv-LV\"},{\"@type\":\"Organization\",\"@id\":\"https:\/\/talkpal.ai\/lv\/#organization\",\"name\":\"Talkpal, Inc.\",\"alternateName\":\"Talkpal AI\",\"url\":\"https:\/\/talkpal.ai\/lv\/\",\"logo\":{\"@type\":\"ImageObject\",\"inLanguage\":\"lv-LV\",\"@id\":\"https:\/\/talkpal.ai\/lv\/#\/schema\/logo\/image\/\",\"url\":\"https:\/\/talkpal.ai\/wp-content\/uploads\/2024\/03\/Talkpal-Logo-Icon.png\",\"contentUrl\":\"https:\/\/talkpal.ai\/wp-content\/uploads\/2024\/03\/Talkpal-Logo-Icon.png\",\"width\":2880,\"height\":2880,\"caption\":\"Talkpal, Inc.\"},\"image\":{\"@id\":\"https:\/\/talkpal.ai\/lv\/#\/schema\/logo\/image\/\"},\"sameAs\":[\"https:\/\/www.facebook.com\/profile.php?id=100090733639311\",\"https:\/\/x.com\/talkpalai\",\"https:\/\/www.linkedin.com\/company\/talkpal\/\",\"https:\/\/www.youtube.com\/@TalkPal\/\",\"https:\/\/www.tiktok.com\/@talkpal\",\"https:\/\/www.instagram.com\/talkpal_ai\/\",\"https:\/\/www.crunchbase.com\/organization\/talkpal-9cde\",\"https:\/\/www.g2.com\/products\/talkpal-for-business\/\",\"https:\/\/www.trustpilot.com\/review\/talkpal.ai\",\"https:\/\/www.capterra.com\/p\/10006800\/TalkPal\/\"],\"description\":\"Talkpal is a language learning web and mobile education app, powered by the latest AI technologies, that provides engaging experiences to its customers in many different languages to help them improve their language skills. Users can chat about unlimited amount of topics with the app and use other modes to practice their language learning.\",\"email\":\"support@talkpal.ai\",\"legalName\":\"Talkpal, Inc.\",\"foundingDate\":\"2023-04-03\",\"duns\":\"118989042\",\"numberOfEmployees\":{\"@type\":\"QuantitativeValue\",\"minValue\":\"11\",\"maxValue\":\"50\"},\"publishingPrinciples\":\"https:\/\/talkpal.ai\/publishing-principles\/\",\"actionableFeedbackPolicy\":\"https:\/\/talkpal.ai\/actionable-feedback-policy\/\",\"correctionsPolicy\":\"https:\/\/talkpal.ai\/corrections-policy\/\",\"ethicsPolicy\":\"https:\/\/talkpal.ai\/ethics-policy\/\",\"diversityPolicy\":\"https:\/\/talkpal.ai\/diversity-policy\/\",\"diversityStaffingReport\":\"https:\/\/talkpal.ai\/diversity-policy\/\"}]}<\/script>\n<!-- \/ Yoast SEO Premium plugin. -->","yoast_head_json":{"title":"Verbes pronominaux fran\u010du valodas gramatik\u0101 - Talkpal","description":"Fran\u010du valoda ir viena no popul\u0101r\u0101kaj\u0101m valod\u0101m pasaul\u0113, un t\u0101s gramatika bie\u017ei vien rada izaicin\u0101jumus valodas apguv\u0113jiem. Viens no specifisk\u0101kajiem","robots":{"index":"index","follow":"follow","max-snippet":"max-snippet:-1","max-image-preview":"max-image-preview:large","max-video-preview":"max-video-preview:-1"},"canonical":"https:\/\/talkpal.ai\/lv\/grammar\/verbes-pronominaux-francu-valodas-gramatika\/","og_locale":"lv_LV","og_type":"article","og_title":"Verbes pronominaux fran\u010du valodas gramatik\u0101","og_description":"Fran\u010du valoda ir viena no popul\u0101r\u0101kaj\u0101m valod\u0101m pasaul\u0113, un t\u0101s gramatika bie\u017ei vien rada izaicin\u0101jumus valodas apguv\u0113jiem. Viens no specifisk\u0101kajiem","og_url":"https:\/\/talkpal.ai\/lv\/grammar\/verbes-pronominaux-francu-valodas-gramatika\/","og_site_name":"Talkpal","article_publisher":"https:\/\/www.facebook.com\/profile.php?id=100090733639311","og_image":[{"width":2880,"height":1620,"url":"https:\/\/talkpal.ai\/wp-content\/uploads\/2025\/02\/Progress-tab-16_9.png","type":"image\/png"}],"twitter_card":"summary_large_image","twitter_site":"@talkpalai","twitter_misc":{"Est. reading time":"7 minutes"},"schema":{"@context":"https:\/\/schema.org","@graph":[{"@type":"WebPage","@id":"https:\/\/talkpal.ai\/lv\/grammar\/verbes-pronominaux-francu-valodas-gramatika\/","url":"https:\/\/talkpal.ai\/lv\/grammar\/verbes-pronominaux-francu-valodas-gramatika\/","name":"Verbes pronominaux fran\u010du valodas gramatik\u0101 - Talkpal","isPartOf":{"@id":"https:\/\/talkpal.ai\/lv\/#website"},"primaryImageOfPage":{"@id":"https:\/\/talkpal.ai\/lv\/grammar\/verbes-pronominaux-francu-valodas-gramatika\/#primaryimage"},"image":{"@id":"https:\/\/talkpal.ai\/lv\/grammar\/verbes-pronominaux-francu-valodas-gramatika\/#primaryimage"},"thumbnailUrl":"https:\/\/talkpal.ai\/wp-content\/uploads\/2025\/12\/library-lamps-are-used-learning-languages.webp","datePublished":"2025-07-01T22:20:29+00:00","description":"Fran\u010du valoda ir viena no popul\u0101r\u0101kaj\u0101m valod\u0101m pasaul\u0113, un t\u0101s gramatika bie\u017ei vien rada izaicin\u0101jumus valodas apguv\u0113jiem. Viens no specifisk\u0101kajiem","breadcrumb":{"@id":"https:\/\/talkpal.ai\/lv\/grammar\/verbes-pronominaux-francu-valodas-gramatika\/#breadcrumb"},"inLanguage":"lv-LV","potentialAction":[{"@type":"ReadAction","target":["https:\/\/talkpal.ai\/lv\/grammar\/verbes-pronominaux-francu-valodas-gramatika\/"]}]},{"@type":"ImageObject","inLanguage":"lv-LV","@id":"https:\/\/talkpal.ai\/lv\/grammar\/verbes-pronominaux-francu-valodas-gramatika\/#primaryimage","url":"https:\/\/talkpal.ai\/wp-content\/uploads\/2025\/12\/library-lamps-are-used-learning-languages.webp","contentUrl":"https:\/\/talkpal.ai\/wp-content\/uploads\/2025\/12\/library-lamps-are-used-learning-languages.webp","width":1200,"height":896,"caption":"Students study under warm library lamps at night while learning languages with books and laptops."},{"@type":"BreadcrumbList","@id":"https:\/\/talkpal.ai\/lv\/grammar\/verbes-pronominaux-francu-valodas-gramatika\/#breadcrumb","itemListElement":[{"@type":"ListItem","position":1,"name":"Homepage","item":"https:\/\/talkpal.ai\/lv\/"},{"@type":"ListItem","position":2,"name":"Verbes pronominaux fran\u010du valodas gramatik\u0101"}]},{"@type":"WebSite","@id":"https:\/\/talkpal.ai\/lv\/#website","url":"https:\/\/talkpal.ai\/lv\/","name":"Talkpal","description":"AI Language Learning","publisher":{"@id":"https:\/\/talkpal.ai\/lv\/#organization"},"alternateName":"Talkpal AI","potentialAction":[{"@type":"SearchAction","target":{"@type":"EntryPoint","urlTemplate":"https:\/\/talkpal.ai\/lv\/?s={search_term_string}"},"query-input":{"@type":"PropertyValueSpecification","valueRequired":true,"valueName":"search_term_string"}}],"inLanguage":"lv-LV"},{"@type":"Organization","@id":"https:\/\/talkpal.ai\/lv\/#organization","name":"Talkpal, Inc.","alternateName":"Talkpal AI","url":"https:\/\/talkpal.ai\/lv\/","logo":{"@type":"ImageObject","inLanguage":"lv-LV","@id":"https:\/\/talkpal.ai\/lv\/#\/schema\/logo\/image\/","url":"https:\/\/talkpal.ai\/wp-content\/uploads\/2024\/03\/Talkpal-Logo-Icon.png","contentUrl":"https:\/\/talkpal.ai\/wp-content\/uploads\/2024\/03\/Talkpal-Logo-Icon.png","width":2880,"height":2880,"caption":"Talkpal, Inc."},"image":{"@id":"https:\/\/talkpal.ai\/lv\/#\/schema\/logo\/image\/"},"sameAs":["https:\/\/www.facebook.com\/profile.php?id=100090733639311","https:\/\/x.com\/talkpalai","https:\/\/www.linkedin.com\/company\/talkpal\/","https:\/\/www.youtube.com\/@TalkPal\/","https:\/\/www.tiktok.com\/@talkpal","https:\/\/www.instagram.com\/talkpal_ai\/","https:\/\/www.crunchbase.com\/organization\/talkpal-9cde","https:\/\/www.g2.com\/products\/talkpal-for-business\/","https:\/\/www.trustpilot.com\/review\/talkpal.ai","https:\/\/www.capterra.com\/p\/10006800\/TalkPal\/"],"description":"Talkpal is a language learning web and mobile education app, powered by the latest AI technologies, that provides engaging experiences to its customers in many different languages to help them improve their language skills. Users can chat about unlimited amount of topics with the app and use other modes to practice their language learning.","email":"support@talkpal.ai","legalName":"Talkpal, Inc.","foundingDate":"2023-04-03","duns":"118989042","numberOfEmployees":{"@type":"QuantitativeValue","minValue":"11","maxValue":"50"},"publishingPrinciples":"https:\/\/talkpal.ai\/publishing-principles\/","actionableFeedbackPolicy":"https:\/\/talkpal.ai\/actionable-feedback-policy\/","correctionsPolicy":"https:\/\/talkpal.ai\/corrections-policy\/","ethicsPolicy":"https:\/\/talkpal.ai\/ethics-policy\/","diversityPolicy":"https:\/\/talkpal.ai\/diversity-policy\/","diversityStaffingReport":"https:\/\/talkpal.ai\/diversity-policy\/"}]}},"_links":{"self":[{"href":"https:\/\/talkpal.ai\/lv\/wp-json\/wp\/v2\/grammar\/1079091","targetHints":{"allow":["GET"]}}],"collection":[{"href":"https:\/\/talkpal.ai\/lv\/wp-json\/wp\/v2\/grammar"}],"about":[{"href":"https:\/\/talkpal.ai\/lv\/wp-json\/wp\/v2\/types\/grammar"}],"wp:featuredmedia":[{"embeddable":true,"href":"https:\/\/talkpal.ai\/lv\/wp-json\/wp\/v2\/media\/1527758"}],"wp:attachment":[{"href":"https:\/\/talkpal.ai\/lv\/wp-json\/wp\/v2\/media?parent=1079091"}],"wp:term":[{"taxonomy":"language","embeddable":true,"href":"https:\/\/talkpal.ai\/lv\/wp-json\/wp\/v2\/language?post=1079091"}],"curies":[{"name":"wp","href":"https:\/\/api.w.org\/{rel}","templated":true}]}}