{"id":1079377,"date":"2025-07-01T22:44:08","date_gmt":"2025-07-01T22:44:08","guid":{"rendered":"https:\/\/talkpal.ai\/grammar\/pronoms-reflexifs-prancuzu-kalbos-gramatikoje\/"},"modified":"2025-07-01T22:44:08","modified_gmt":"2025-07-01T22:44:08","slug":"pronoms-reflexifs-prancuzu-kalbos-gramatikoje","status":"publish","type":"grammar","link":"https:\/\/talkpal.ai\/lt\/grammar\/pronoms-reflexifs-prancuzu-kalbos-gramatikoje\/","title":{"rendered":"Pronoms r\u00e9flexifs pranc\u016bz\u0173 kalbos gramatikoje"},"content":{"rendered":"<p><a href=\"https:\/\/talkpal.ai\/lt\/sertifikatai-prancuzu-kalba\/\">Pranc\u016bz\u0173 kalba<\/a> \u017eavi savo gramatikos subtilyb\u0117mis, kurios gali pasirodyti sud\u0117tingos tiek pradedantiesiems, tiek pa\u017eengusiems besimokantiesiems. Viena i\u0161 pagrindini\u0173 \u0161ios <a href=\"https:\/\/talkpal.ai\/what-language-is-spoken-on-the-international-space-station\/\">kalbos<\/a> tem\u0173 \u2013 refleksiniai \u012fvard\u017eiai (pranc. <a href=\"https:\/\/talkpal.ai\/ar\/grammar_exercises\/pronoms-reflexifs-%d8%aa%d9%85%d8%a7%d8%b1%d9%8a%d9%86-%d9%84%d9%84%d9%82%d9%88%d8%a7%d8%b9%d8%af-%d8%a7%d9%84%d9%81%d8%b1%d9%86%d8%b3%d9%8a%d8%a9\/\">pronoms r\u00e9flexifs<\/a>). Jie atlieka itin svarb\u0173 vaidmen\u012f sakinio strukt\u016broje, ypa\u010d kalbant apie kasdien\u0119 komunikacij\u0105 ir i\u0161rei\u0161kiant veiksmus, kuriuos veiksmo atlik\u0117jas atlieka pats sau. Tinkamas refleksini\u0173 \u012fvard\u017ei\u0173 vartojimas ne tik pagerina kalbos taisyklingum\u0105, bet ir leid\u017eia lengviau suprasti pranc\u016bzi\u0161k\u0105 m\u0105stym\u0105. Norint \u012fvaldyti \u0161i\u0105 gramatikos srit\u012f, rekomenduojama naudotis interaktyviomis mokymosi platformomis, tokiomis kaip <a href=\"https:\/\/talkpal.ai\/ko\/ai-%ec%96%b8%ec%96%b4-%ea%b5%90%ec%82%ac\/\">Talkpal<\/a>, kurios padeda grei\u010diau ir efektyviau \u012fsisavinti refleksini\u0173 \u012fvard\u017ei\u0173 vartojim\u0105. \u0160iame straipsnyje i\u0161samiai paai\u0161kinsime, kas yra refleksiniai \u012fvard\u017eiai pranc\u016bz\u0173 kalboje, kaip jie vartojami, kokios yra pagrindin\u0117s j\u0173 r\u016b\u0161ys, pateiksime praktini\u0173 pavyzd\u017ei\u0173 ir patarim\u0173, kaip j\u0173 mokytis.<\/p>\n<h2>Kas yra refleksiniai \u012fvard\u017eiai pranc\u016bz\u0173 kalboje?<\/h2>\n<p>Refleksiniai \u012fvard\u017eiai \u2013 <a href=\"https:\/\/talkpal.ai\/learn-thai\/\">tai<\/a> \u017eod\u017eiai, vartojami kartu su veiksma\u017eod\u017eiais tam, kad parodyt\u0173, jog veiksmo atlik\u0117jas ir veiksmo objektas yra tas pats asmuo. Kitaip tariant, veiksmas \u201egr\u012f\u017eta\u201c \u012f subjekt\u0105. Pranc\u016bz\u0173 kalboje refleksiniai \u012fvard\u017eiai yra neatsiejami nuo refleksini\u0173 veiksma\u017eod\u017ei\u0173 (<a href=\"https:\/\/talkpal.ai\/ar\/grammar_exercises\/verbes-pronominaux-%d8%aa%d9%85%d8%a7%d8%b1%d9%8a%d9%86-%d9%84%d9%84%d9%82%d9%88%d8%a7%d8%b9%d8%af-%d8%a7%d9%84%d9%81%d8%b1%d9%86%d8%b3%d9%8a%d8%a9\/\">verbes pronominaux<\/a>), kurie da\u017enai vartojami kasdien\u0117je kalboje.<\/p>\n<h3>Pagrindiniai refleksiniai \u012fvard\u017eiai<\/h3>\n<p>Pranc\u016bz\u0173 kalboje refleksini\u0173 \u012fvard\u017ei\u0173 forma priklauso nuo asmens:<\/p>\n<ul>\n<li><strong>me<\/strong> \u2013 a\u0161 (je)<\/li>\n<li><strong>te<\/strong> \u2013 tu (tu)<\/li>\n<li><strong>se<\/strong> \u2013 jis, ji, jie, jos (il, elle, on, ils, elles)<\/li>\n<li><strong>nous<\/strong> \u2013 mes (nous)<\/li>\n<li><strong>vous<\/strong> \u2013 j\u016bs (vous)<\/li>\n<\/ul>\n<p>\u0160ie \u012fvard\u017eiai visada ra\u0161omi prie\u0161 veiksma\u017eod\u012f.<\/p>\n<h3>Refleksini\u0173 \u012fvard\u017ei\u0173 vartojimo pavyzd\u017eiai<\/h3>\n<ul>\n<li><strong>Je me lave<\/strong> \u2013 A\u0161 prausiuosi.<\/li>\n<li><strong>Tu te l\u00e8ves<\/strong> \u2013 Tu keliiesi.<\/li>\n<li><strong>Elle se maquille<\/strong> \u2013 Ji da\u017eosi.<\/li>\n<li><strong>Nous nous promenons<\/strong> \u2013 Mes vaik\u0161tome.<\/li>\n<li><strong>Vous vous amusez<\/strong> \u2013 J\u016bs linksminat\u0117s.<\/li>\n<li><strong>Ils se couchent<\/strong> \u2013 Jie eina miegoti.<\/li>\n<\/ul>\n<h2>Refleksini\u0173 \u012fvard\u017ei\u0173 vartojimo taisykl\u0117s<\/h2>\n<h3>Kuriais atvejais vartojami refleksiniai \u012fvard\u017eiai?<\/h3>\n<p>Refleksiniai \u012fvard\u017eiai vartojami \u0161iose situacijose:<\/p>\n<ul>\n<li><a href=\"https:\/\/talkpal.ai\/locations\/language-courses-in-kai\/\">Kai<\/a> veiksmas gr\u012f\u017eta \u012f subjekt\u0105 (pvz., \u201eA\u0161 plaunuosi rankas\u201c \u2013 Je me lave les mains).<\/li>\n<li>Su daugybe kasdieni\u0173 veiksm\u0173 apib\u016bdinim\u0173 (pvz., rengtis, praustis, skustis).<\/li>\n<li>Apib\u016bdinant abipusius veiksmus (pvz., \u201eJie vieni kitus mato\u201c \u2013 Ils se voient).<\/li>\n<li>Pranc\u016bz\u0173 kalboje <a href=\"https:\/\/talkpal.ai\/locations\/language-courses-in-kai\/\">kai<\/a> kurie veiksma\u017eod\u017eiai gali b\u016bti vartojami tik refleksine forma (pvz., se souvenir \u2013 prisiminti).<\/li>\n<\/ul>\n<h3>Refleksini\u0173 veiksma\u017eod\u017ei\u0173 r\u016b\u0161ys<\/h3>\n<p>Pranc\u016bz\u0173 kalboje i\u0161skiriamos kelios refleksini\u0173 veiksma\u017eod\u017ei\u0173 r\u016b\u0161ys:<\/p>\n<ul>\n<li><strong>Refleksiniai veiksma\u017eod\u017eiai tikr\u0105ja prasme<\/strong> \u2013 kai veiksmas gr\u012f\u017eta \u012f atlik\u0117j\u0105 (se laver \u2013 praustis).<\/li>\n<li><strong>Abipusiai veiksma\u017eod\u017eiai<\/strong> \u2013 kai veiksmas atliekamas vienas kitam (se parler \u2013 kalb\u0117tis).<\/li>\n<li><strong>Netikrieji refleksiniai veiksma\u017eod\u017eiai<\/strong> \u2013 kai refleksin\u0117 forma naudojama, nors veiksmas gr\u012f\u017eta ne \u012f subjekt\u0105 (se souvenir \u2013 prisiminti).<\/li>\n<\/ul>\n<h3>Refleksini\u0173 \u012fvard\u017ei\u0173 vieta sakinyje<\/h3>\n<p>Refleksiniai \u012fvard\u017eiai paprastai yra prie\u0161 veiksma\u017eod\u012f:<\/p>\n<ul>\n<li><strong>Je me l\u00e8ve t\u00f4t.<\/strong> \u2013 A\u0161 keliuosi anksti.<\/li>\n<\/ul>\n<p>Ta\u010diau klausiamojoje formoje arba su neiginiais vieta \u0161iek tiek kei\u010diasi:<\/p>\n<ul>\n<li><strong>Est-ce que tu te r\u00e9veilles?<\/strong> \u2013 Ar tu pabundi?<\/li>\n<li><strong>Je ne me couche pas tard.<\/strong> \u2013 A\u0161 neinu miegoti v\u0117lai.<\/li>\n<\/ul>\n<h2>Refleksini\u0173 \u012fvard\u017ei\u0173 vartojimas laik\u0173 ir nuosak\u0173 at\u017evilgiu<\/h2>\n<p>Refleksiniai \u012fvard\u017eiai vartojami su visais veiksma\u017eod\u017ei\u0173 laikais ir nuosakomis:<\/p>\n<h3>Esamasis laikas (pr\u00e9sent)<\/h3>\n<ul>\n<li>Je me l\u00e8ve \u2013 A\u0161 keliuosi.<\/li>\n<\/ul>\n<h3>B\u016bsimasis laikas (futur proche)<\/h3>\n<ul>\n<li>Je vais me lever \u2013 A\u0161 ruo\u0161iuosi keltis.<\/li>\n<\/ul>\n<h3>B\u016btasis laikas (pass\u00e9 compos\u00e9)<\/h3>\n<ul>\n<li>Je me suis lev\u00e9(e) \u2013 A\u0161 atsik\u0117liau.<\/li>\n<\/ul>\n<p>Svarbu atkreipti d\u0117mes\u012f, kad refleksiniai veiksma\u017eod\u017eiai su pass\u00e9 compos\u00e9 visada sudaromi su pagalbiniu veiksma\u017eod\u017eiu \u00eatre, o refleksinis \u012fvardis i\u0161lieka prie\u0161 veiksma\u017eod\u012f.<\/p>\n<h2>Abipusi\u0173 veiksm\u0173 i\u0161rei\u0161kimas<\/h2>\n<p>Kai norime pasakyti, kad veiksmas atliekamas vienas kitam, taip pat naudojami refleksiniai \u012fvard\u017eiai:<\/p>\n<ul>\n<li>Nous nous \u00e9crivons souvent. \u2013 Mes da\u017enai vieni kitiems ra\u0161ome.<\/li>\n<li>Ils se parlent tous les jours. \u2013 Jie kalbasi kiekvien\u0105 dien\u0105.<\/li>\n<\/ul>\n<p>Tokiais atvejais da\u017enai pridedami \u017eod\u017eiai \u201el\u2019un l\u2019autre\u201c arba \u201eles uns les autres\u201c, kad b\u016bt\u0173 ai\u0161kiau, jog veiksmas abipusis.<\/p>\n<h2>Da\u017eniausiai vartojami refleksiniai veiksma\u017eod\u017eiai<\/h2>\n<p>\u0160tai keletas da\u017eniausi\u0173 refleksini\u0173 veiksma\u017eod\u017ei\u0173:<\/p>\n<ul>\n<li>se laver \u2013 praustis<\/li>\n<li>se lever \u2013 keltis<\/li>\n<li>s\u2019habiller \u2013 rengtis<\/li>\n<li>se coucher \u2013 eiti miegoti<\/li>\n<li>se r\u00e9veiller \u2013 pabusti<\/li>\n<li>se souvenir \u2013 prisiminti<\/li>\n<li>se d\u00e9p\u00eacher \u2013 skub\u0117ti<\/li>\n<li>se promener \u2013 vaik\u0161\u010dioti<\/li>\n<li>se reposer \u2013 ils\u0117tis<\/li>\n<li>se sentir \u2013 jaustis<\/li>\n<\/ul>\n<h2>Kaip mokytis refleksini\u0173 \u012fvard\u017ei\u0173?<\/h2>\n<h3>Patarimai efektyviam mokymuisi<\/h3>\n<ul>\n<li>Sudarykite sakinius su skirtingais asmenimis, naudodami refleksinius veiksma\u017eod\u017eius.<\/li>\n<li>Klausykit\u0117s ir skaitykite autenti\u0161kus pranc\u016bzi\u0161kus tekstus, atkreipdami d\u0117mes\u012f \u012f refleksini\u0173 \u012fvard\u017ei\u0173 vartojim\u0105.<\/li>\n<li>Praktikuokite refleksini\u0173 veiksma\u017eod\u017ei\u0173 vartojim\u0105 \u012fvairiuose laikuose (pr\u00e9sent, pass\u00e9 compos\u00e9, futur proche ir kt.).<\/li>\n<li>Naudokit\u0117s interaktyviomis mokymosi programomis, tokiomis kaip Talkpal, kurios leid\u017eia kartoti, \u012ftvirtinti ir aktyviai vartoti naujus \u012fg\u016bd\u017eius.<\/li>\n<\/ul>\n<h3>Da\u017eniausios klaidos ir kaip j\u0173 i\u0161vengti<\/h3>\n<ul>\n<li>Nepamir\u0161kite, kad refleksinis \u012fvardis visada turi atitikti sakinio subjekt\u0105.<\/li>\n<li>Nesupainiokite refleksini\u0173 ir asmenini\u0173 \u012fvard\u017ei\u0173 vietos sakinyje.<\/li>\n<li>Refleksinius veiksma\u017eod\u017eius su pass\u00e9 compos\u00e9 laikykite tik su \u00eatre pagalbiniu veiksma\u017eod\u017eiu.<\/li>\n<\/ul>\n<h2>Refleksini\u0173 \u012fvard\u017ei\u0173 reik\u0161m\u0117s ir niuansai<\/h2>\n<p>Refleksiniai \u012fvard\u017eiai gali pakeisti veiksma\u017eod\u017eio reik\u0161m\u0119. Pavyzd\u017eiui:<\/p>\n<ul>\n<li><strong>Appeler<\/strong> \u2013 kviesti, <strong>s\u2019appeler<\/strong> \u2013 vadintis.<\/li>\n<li><strong>Rendre<\/strong> \u2013 gr\u0105\u017einti, <strong>se rendre<\/strong> \u2013 vykti ka\u017ekur.<\/li>\n<li><strong>Passer<\/strong> \u2013 praeiti, <strong>se passer<\/strong> \u2013 vykti, nutikti.<\/li>\n<\/ul>\n<p>Tod\u0117l mokantis nauj\u0173 veiksma\u017eod\u017ei\u0173 svarbu \u012fsiminti ir j\u0173 refleksines formas bei reik\u0161mes.<\/p>\n<h2>Refleksini\u0173 \u012fvard\u017ei\u0173 vartojimas kasdien\u0117je kalboje<\/h2>\n<p>Refleksiniai \u012fvard\u017eiai da\u017enai vartojami apra\u0161ant:<\/p>\n<ul>\n<li>Kasdienius veiksmus (higiena, apranga, poilsis).<\/li>\n<li>Emocines b\u016bsenas (se sentir bien\/mal \u2013 jaustis gerai\/blogai).<\/li>\n<li>Socialin\u0119 s\u0105veik\u0105 (susitikti, bendrauti, gin\u010dytis).<\/li>\n<\/ul>\n<p>Taisyklingas refleksini\u0173 \u012fvard\u017ei\u0173 vartojimas padeda skland\u017eiai ir nat\u016braliai bendrauti pranc\u016bzi\u0161kai.<\/p>\n<h2>Refleksiniai \u012fvard\u017eiai ir j\u0173 reik\u0161m\u0117 kalbos \u012fg\u016bd\u017ei\u0173 ugdymui<\/h2>\n<p>Refleksiniai \u012fvard\u017eiai \u2013 neatsiejama pranc\u016bz\u0173 kalbos dalis, kuri\u0105 b\u016btina \u012fvaldyti norint:<\/p>\n<ul>\n<li>Suprasti pranc\u016bzi\u0161kus tekstus ir pokalbius.<\/li>\n<li>Teisingai sudaryti sakinius \u012fvairiose situacijose.<\/li>\n<li>Efektyviai i\u0161reik\u0161ti mintis apie save ir kitus.<\/li>\n<\/ul>\n<p>\u0160i\u0173 \u012fvard\u017ei\u0173 mokymasis lavina gramatinius \u012fg\u016bd\u017eius ir padeda i\u0161vengti da\u017en\u0173 klaid\u0173.<\/p>\n<h2>I\u0161vados<\/h2>\n<p>Refleksiniai \u012fvard\u017eiai (pronoms r\u00e9flexifs) \u2013 svarbus pranc\u016bz\u0173 kalbos gramatikos elementas, be kurio sunku \u012fsivaizduoti kasdien\u0119 komunikacij\u0105. Jie leid\u017eia taisyklingai i\u0161reik\u0161ti veiksmus, kuriuos \u017emogus atlieka pats sau ar kitiems, taip pat perteikti abipusius veiksmus ir emocines b\u016bsenas. Mokantis refleksini\u0173 \u012fvard\u017ei\u0173, verta aktyviai taikyti nauj\u0105 informacij\u0105 praktikoje, spr\u0119sti pratimus ir naudotis \u0161iuolaikin\u0117mis mokymosi platformomis, tokiomis kaip Talkpal. Sistemingai kartojant ir taikant \u0161i\u0105 gramatikos srit\u012f, pranc\u016bz\u0173 kalba taps ai\u0161kesn\u0117, nat\u016bralesn\u0117 ir lengvesn\u0117 tiek ra\u0161tu, tiek \u017eod\u017eiu.<\/p>\n","protected":false},"featured_media":1527764,"template":"","language":[12291,12274],"class_list":["post-1079377","grammar","type-grammar","status-publish","has-post-thumbnail","hentry","language-ivardziai-ir-determinantai-prancuzu-kalbos-gramatika","language-prancuzu-kalba"],"acf":[],"yoast_head":"<!-- This site is optimized with the Yoast SEO Premium plugin v27.2 (Yoast SEO v27.2) - https:\/\/yoast.com\/product\/yoast-seo-premium-wordpress\/ -->\n<title>Pronoms r\u00e9flexifs pranc\u016bz\u0173 kalbos gramatikoje - Talkpal<\/title>\n<meta name=\"description\" content=\"Pranc\u016bz\u0173 kalba \u017eavi savo gramatikos subtilyb\u0117mis, kurios gali pasirodyti sud\u0117tingos tiek pradedantiesiems, tiek pa\u017eengusiems besimokantiesiems. Viena i\u0161\" \/>\n<meta name=\"robots\" content=\"index, follow, max-snippet:-1, max-image-preview:large, max-video-preview:-1\" \/>\n<link rel=\"canonical\" href=\"https:\/\/talkpal.ai\/lt\/grammar\/pronoms-reflexifs-prancuzu-kalbos-gramatikoje\/\" \/>\n<meta property=\"og:locale\" content=\"lt_LT\" \/>\n<meta property=\"og:type\" content=\"article\" \/>\n<meta property=\"og:title\" content=\"Pronoms r\u00e9flexifs pranc\u016bz\u0173 kalbos gramatikoje\" \/>\n<meta property=\"og:description\" content=\"Pranc\u016bz\u0173 kalba \u017eavi savo gramatikos subtilyb\u0117mis, kurios gali pasirodyti sud\u0117tingos tiek pradedantiesiems, tiek pa\u017eengusiems besimokantiesiems. Viena i\u0161\" \/>\n<meta property=\"og:url\" content=\"https:\/\/talkpal.ai\/lt\/grammar\/pronoms-reflexifs-prancuzu-kalbos-gramatikoje\/\" \/>\n<meta property=\"og:site_name\" content=\"Talkpal\" \/>\n<meta property=\"article:publisher\" content=\"https:\/\/www.facebook.com\/profile.php?id=100090733639311\" \/>\n<meta property=\"og:image\" content=\"https:\/\/talkpal.ai\/wp-content\/uploads\/2025\/02\/Progress-tab-16_9.png\" \/>\n\t<meta property=\"og:image:width\" content=\"2880\" \/>\n\t<meta property=\"og:image:height\" content=\"1620\" \/>\n\t<meta property=\"og:image:type\" content=\"image\/png\" \/>\n<meta name=\"twitter:card\" content=\"summary_large_image\" \/>\n<meta name=\"twitter:site\" content=\"@talkpalai\" \/>\n<meta name=\"twitter:label1\" content=\"Est. reading time\" \/>\n\t<meta name=\"twitter:data1\" content=\"5 minut\u0117s\" \/>\n<script type=\"application\/ld+json\" class=\"yoast-schema-graph\">{\"@context\":\"https:\/\/schema.org\",\"@graph\":[{\"@type\":\"WebPage\",\"@id\":\"https:\/\/talkpal.ai\/lt\/grammar\/pronoms-reflexifs-prancuzu-kalbos-gramatikoje\/\",\"url\":\"https:\/\/talkpal.ai\/lt\/grammar\/pronoms-reflexifs-prancuzu-kalbos-gramatikoje\/\",\"name\":\"Pronoms r\u00e9flexifs pranc\u016bz\u0173 kalbos gramatikoje - Talkpal\",\"isPartOf\":{\"@id\":\"https:\/\/talkpal.ai\/lt\/#website\"},\"primaryImageOfPage\":{\"@id\":\"https:\/\/talkpal.ai\/lt\/grammar\/pronoms-reflexifs-prancuzu-kalbos-gramatikoje\/#primaryimage\"},\"image\":{\"@id\":\"https:\/\/talkpal.ai\/lt\/grammar\/pronoms-reflexifs-prancuzu-kalbos-gramatikoje\/#primaryimage\"},\"thumbnailUrl\":\"https:\/\/talkpal.ai\/wp-content\/uploads\/2025\/12\/man-in-cafe-learning-languages.webp\",\"datePublished\":\"2025-07-01T22:44:08+00:00\",\"description\":\"Pranc\u016bz\u0173 kalba \u017eavi savo gramatikos subtilyb\u0117mis, kurios gali pasirodyti sud\u0117tingos tiek pradedantiesiems, tiek pa\u017eengusiems besimokantiesiems. Viena i\u0161\",\"breadcrumb\":{\"@id\":\"https:\/\/talkpal.ai\/lt\/grammar\/pronoms-reflexifs-prancuzu-kalbos-gramatikoje\/#breadcrumb\"},\"inLanguage\":\"lt-LT\",\"potentialAction\":[{\"@type\":\"ReadAction\",\"target\":[\"https:\/\/talkpal.ai\/lt\/grammar\/pronoms-reflexifs-prancuzu-kalbos-gramatikoje\/\"]}]},{\"@type\":\"ImageObject\",\"inLanguage\":\"lt-LT\",\"@id\":\"https:\/\/talkpal.ai\/lt\/grammar\/pronoms-reflexifs-prancuzu-kalbos-gramatikoje\/#primaryimage\",\"url\":\"https:\/\/talkpal.ai\/wp-content\/uploads\/2025\/12\/man-in-cafe-learning-languages.webp\",\"contentUrl\":\"https:\/\/talkpal.ai\/wp-content\/uploads\/2025\/12\/man-in-cafe-learning-languages.webp\",\"width\":1200,\"height\":896,\"caption\":\"A man with short dreads reads a textbook to learn languages at a cafe window.\"},{\"@type\":\"BreadcrumbList\",\"@id\":\"https:\/\/talkpal.ai\/lt\/grammar\/pronoms-reflexifs-prancuzu-kalbos-gramatikoje\/#breadcrumb\",\"itemListElement\":[{\"@type\":\"ListItem\",\"position\":1,\"name\":\"Homepage\",\"item\":\"https:\/\/talkpal.ai\/lt\/\"},{\"@type\":\"ListItem\",\"position\":2,\"name\":\"Pronoms r\u00e9flexifs pranc\u016bz\u0173 kalbos gramatikoje\"}]},{\"@type\":\"WebSite\",\"@id\":\"https:\/\/talkpal.ai\/lt\/#website\",\"url\":\"https:\/\/talkpal.ai\/lt\/\",\"name\":\"Talkpal\",\"description\":\"AI Language Learning\",\"publisher\":{\"@id\":\"https:\/\/talkpal.ai\/lt\/#organization\"},\"alternateName\":\"Talkpal AI\",\"potentialAction\":[{\"@type\":\"SearchAction\",\"target\":{\"@type\":\"EntryPoint\",\"urlTemplate\":\"https:\/\/talkpal.ai\/lt\/?s={search_term_string}\"},\"query-input\":{\"@type\":\"PropertyValueSpecification\",\"valueRequired\":true,\"valueName\":\"search_term_string\"}}],\"inLanguage\":\"lt-LT\"},{\"@type\":\"Organization\",\"@id\":\"https:\/\/talkpal.ai\/lt\/#organization\",\"name\":\"Talkpal, Inc.\",\"alternateName\":\"Talkpal AI\",\"url\":\"https:\/\/talkpal.ai\/lt\/\",\"logo\":{\"@type\":\"ImageObject\",\"inLanguage\":\"lt-LT\",\"@id\":\"https:\/\/talkpal.ai\/lt\/#\/schema\/logo\/image\/\",\"url\":\"https:\/\/talkpal.ai\/wp-content\/uploads\/2024\/03\/Talkpal-Logo-Icon.png\",\"contentUrl\":\"https:\/\/talkpal.ai\/wp-content\/uploads\/2024\/03\/Talkpal-Logo-Icon.png\",\"width\":2880,\"height\":2880,\"caption\":\"Talkpal, Inc.\"},\"image\":{\"@id\":\"https:\/\/talkpal.ai\/lt\/#\/schema\/logo\/image\/\"},\"sameAs\":[\"https:\/\/www.facebook.com\/profile.php?id=100090733639311\",\"https:\/\/x.com\/talkpalai\",\"https:\/\/www.linkedin.com\/company\/talkpal\/\",\"https:\/\/www.youtube.com\/@TalkPal\/\",\"https:\/\/www.tiktok.com\/@talkpal\",\"https:\/\/www.instagram.com\/talkpal_ai\/\",\"https:\/\/www.crunchbase.com\/organization\/talkpal-9cde\",\"https:\/\/www.g2.com\/products\/talkpal-for-business\/\",\"https:\/\/www.trustpilot.com\/review\/talkpal.ai\",\"https:\/\/www.capterra.com\/p\/10006800\/TalkPal\/\"],\"description\":\"Talkpal is a language learning web and mobile education app, powered by the latest AI technologies, that provides engaging experiences to its customers in many different languages to help them improve their language skills. Users can chat about unlimited amount of topics with the app and use other modes to practice their language learning.\",\"email\":\"support@talkpal.ai\",\"legalName\":\"Talkpal, Inc.\",\"foundingDate\":\"2023-04-03\",\"duns\":\"118989042\",\"numberOfEmployees\":{\"@type\":\"QuantitativeValue\",\"minValue\":\"11\",\"maxValue\":\"50\"},\"publishingPrinciples\":\"https:\/\/talkpal.ai\/publishing-principles\/\",\"actionableFeedbackPolicy\":\"https:\/\/talkpal.ai\/actionable-feedback-policy\/\",\"correctionsPolicy\":\"https:\/\/talkpal.ai\/corrections-policy\/\",\"ethicsPolicy\":\"https:\/\/talkpal.ai\/ethics-policy\/\",\"diversityPolicy\":\"https:\/\/talkpal.ai\/diversity-policy\/\",\"diversityStaffingReport\":\"https:\/\/talkpal.ai\/diversity-policy\/\"}]}<\/script>\n<!-- \/ Yoast SEO Premium plugin. -->","yoast_head_json":{"title":"Pronoms r\u00e9flexifs pranc\u016bz\u0173 kalbos gramatikoje - Talkpal","description":"Pranc\u016bz\u0173 kalba \u017eavi savo gramatikos subtilyb\u0117mis, kurios gali pasirodyti sud\u0117tingos tiek pradedantiesiems, tiek pa\u017eengusiems besimokantiesiems. Viena i\u0161","robots":{"index":"index","follow":"follow","max-snippet":"max-snippet:-1","max-image-preview":"max-image-preview:large","max-video-preview":"max-video-preview:-1"},"canonical":"https:\/\/talkpal.ai\/lt\/grammar\/pronoms-reflexifs-prancuzu-kalbos-gramatikoje\/","og_locale":"lt_LT","og_type":"article","og_title":"Pronoms r\u00e9flexifs pranc\u016bz\u0173 kalbos gramatikoje","og_description":"Pranc\u016bz\u0173 kalba \u017eavi savo gramatikos subtilyb\u0117mis, kurios gali pasirodyti sud\u0117tingos tiek pradedantiesiems, tiek pa\u017eengusiems besimokantiesiems. Viena i\u0161","og_url":"https:\/\/talkpal.ai\/lt\/grammar\/pronoms-reflexifs-prancuzu-kalbos-gramatikoje\/","og_site_name":"Talkpal","article_publisher":"https:\/\/www.facebook.com\/profile.php?id=100090733639311","og_image":[{"width":2880,"height":1620,"url":"https:\/\/talkpal.ai\/wp-content\/uploads\/2025\/02\/Progress-tab-16_9.png","type":"image\/png"}],"twitter_card":"summary_large_image","twitter_site":"@talkpalai","twitter_misc":{"Est. reading time":"5 minut\u0117s"},"schema":{"@context":"https:\/\/schema.org","@graph":[{"@type":"WebPage","@id":"https:\/\/talkpal.ai\/lt\/grammar\/pronoms-reflexifs-prancuzu-kalbos-gramatikoje\/","url":"https:\/\/talkpal.ai\/lt\/grammar\/pronoms-reflexifs-prancuzu-kalbos-gramatikoje\/","name":"Pronoms r\u00e9flexifs pranc\u016bz\u0173 kalbos gramatikoje - Talkpal","isPartOf":{"@id":"https:\/\/talkpal.ai\/lt\/#website"},"primaryImageOfPage":{"@id":"https:\/\/talkpal.ai\/lt\/grammar\/pronoms-reflexifs-prancuzu-kalbos-gramatikoje\/#primaryimage"},"image":{"@id":"https:\/\/talkpal.ai\/lt\/grammar\/pronoms-reflexifs-prancuzu-kalbos-gramatikoje\/#primaryimage"},"thumbnailUrl":"https:\/\/talkpal.ai\/wp-content\/uploads\/2025\/12\/man-in-cafe-learning-languages.webp","datePublished":"2025-07-01T22:44:08+00:00","description":"Pranc\u016bz\u0173 kalba \u017eavi savo gramatikos subtilyb\u0117mis, kurios gali pasirodyti sud\u0117tingos tiek pradedantiesiems, tiek pa\u017eengusiems besimokantiesiems. Viena i\u0161","breadcrumb":{"@id":"https:\/\/talkpal.ai\/lt\/grammar\/pronoms-reflexifs-prancuzu-kalbos-gramatikoje\/#breadcrumb"},"inLanguage":"lt-LT","potentialAction":[{"@type":"ReadAction","target":["https:\/\/talkpal.ai\/lt\/grammar\/pronoms-reflexifs-prancuzu-kalbos-gramatikoje\/"]}]},{"@type":"ImageObject","inLanguage":"lt-LT","@id":"https:\/\/talkpal.ai\/lt\/grammar\/pronoms-reflexifs-prancuzu-kalbos-gramatikoje\/#primaryimage","url":"https:\/\/talkpal.ai\/wp-content\/uploads\/2025\/12\/man-in-cafe-learning-languages.webp","contentUrl":"https:\/\/talkpal.ai\/wp-content\/uploads\/2025\/12\/man-in-cafe-learning-languages.webp","width":1200,"height":896,"caption":"A man with short dreads reads a textbook to learn languages at a cafe window."},{"@type":"BreadcrumbList","@id":"https:\/\/talkpal.ai\/lt\/grammar\/pronoms-reflexifs-prancuzu-kalbos-gramatikoje\/#breadcrumb","itemListElement":[{"@type":"ListItem","position":1,"name":"Homepage","item":"https:\/\/talkpal.ai\/lt\/"},{"@type":"ListItem","position":2,"name":"Pronoms r\u00e9flexifs pranc\u016bz\u0173 kalbos gramatikoje"}]},{"@type":"WebSite","@id":"https:\/\/talkpal.ai\/lt\/#website","url":"https:\/\/talkpal.ai\/lt\/","name":"Talkpal","description":"AI Language Learning","publisher":{"@id":"https:\/\/talkpal.ai\/lt\/#organization"},"alternateName":"Talkpal AI","potentialAction":[{"@type":"SearchAction","target":{"@type":"EntryPoint","urlTemplate":"https:\/\/talkpal.ai\/lt\/?s={search_term_string}"},"query-input":{"@type":"PropertyValueSpecification","valueRequired":true,"valueName":"search_term_string"}}],"inLanguage":"lt-LT"},{"@type":"Organization","@id":"https:\/\/talkpal.ai\/lt\/#organization","name":"Talkpal, Inc.","alternateName":"Talkpal AI","url":"https:\/\/talkpal.ai\/lt\/","logo":{"@type":"ImageObject","inLanguage":"lt-LT","@id":"https:\/\/talkpal.ai\/lt\/#\/schema\/logo\/image\/","url":"https:\/\/talkpal.ai\/wp-content\/uploads\/2024\/03\/Talkpal-Logo-Icon.png","contentUrl":"https:\/\/talkpal.ai\/wp-content\/uploads\/2024\/03\/Talkpal-Logo-Icon.png","width":2880,"height":2880,"caption":"Talkpal, Inc."},"image":{"@id":"https:\/\/talkpal.ai\/lt\/#\/schema\/logo\/image\/"},"sameAs":["https:\/\/www.facebook.com\/profile.php?id=100090733639311","https:\/\/x.com\/talkpalai","https:\/\/www.linkedin.com\/company\/talkpal\/","https:\/\/www.youtube.com\/@TalkPal\/","https:\/\/www.tiktok.com\/@talkpal","https:\/\/www.instagram.com\/talkpal_ai\/","https:\/\/www.crunchbase.com\/organization\/talkpal-9cde","https:\/\/www.g2.com\/products\/talkpal-for-business\/","https:\/\/www.trustpilot.com\/review\/talkpal.ai","https:\/\/www.capterra.com\/p\/10006800\/TalkPal\/"],"description":"Talkpal is a language learning web and mobile education app, powered by the latest AI technologies, that provides engaging experiences to its customers in many different languages to help them improve their language skills. Users can chat about unlimited amount of topics with the app and use other modes to practice their language learning.","email":"support@talkpal.ai","legalName":"Talkpal, Inc.","foundingDate":"2023-04-03","duns":"118989042","numberOfEmployees":{"@type":"QuantitativeValue","minValue":"11","maxValue":"50"},"publishingPrinciples":"https:\/\/talkpal.ai\/publishing-principles\/","actionableFeedbackPolicy":"https:\/\/talkpal.ai\/actionable-feedback-policy\/","correctionsPolicy":"https:\/\/talkpal.ai\/corrections-policy\/","ethicsPolicy":"https:\/\/talkpal.ai\/ethics-policy\/","diversityPolicy":"https:\/\/talkpal.ai\/diversity-policy\/","diversityStaffingReport":"https:\/\/talkpal.ai\/diversity-policy\/"}]}},"_links":{"self":[{"href":"https:\/\/talkpal.ai\/lt\/wp-json\/wp\/v2\/grammar\/1079377","targetHints":{"allow":["GET"]}}],"collection":[{"href":"https:\/\/talkpal.ai\/lt\/wp-json\/wp\/v2\/grammar"}],"about":[{"href":"https:\/\/talkpal.ai\/lt\/wp-json\/wp\/v2\/types\/grammar"}],"wp:featuredmedia":[{"embeddable":true,"href":"https:\/\/talkpal.ai\/lt\/wp-json\/wp\/v2\/media\/1527764"}],"wp:attachment":[{"href":"https:\/\/talkpal.ai\/lt\/wp-json\/wp\/v2\/media?parent=1079377"}],"wp:term":[{"taxonomy":"language","embeddable":true,"href":"https:\/\/talkpal.ai\/lt\/wp-json\/wp\/v2\/language?post=1079377"}],"curies":[{"name":"wp","href":"https:\/\/api.w.org\/{rel}","templated":true}]}}