{"id":741816,"date":"2024-06-10T14:22:14","date_gmt":"2024-06-10T14:22:14","guid":{"rendered":"https:\/\/talkpal.ai\/vocabulary\/ideya-vs-fakt-idea-contro-fatto-in-azero\/"},"modified":"2025-12-26T13:45:53","modified_gmt":"2025-12-26T13:45:53","slug":"ideya-vs-fakt-idea-contro-fatto-in-azero","status":"publish","type":"vocabulary","link":"https:\/\/talkpal.ai\/it\/vocabulary\/ideya-vs-fakt-idea-contro-fatto-in-azero\/","title":{"rendered":"\u0130deya vs. Fakt &#8211; Idea contro fatto in azero"},"content":{"rendered":"<p>\u0130deya v\u0259 faktlar aras\u0131ndak\u0131 f\u0259rqi anlamaq, h\u0259r hans\u0131 bir m\u00f6vzu haqq\u0131nda daha d\u0259qiq d\u00fc\u015f\u00fcnm\u0259yiniz\u0259 v\u0259 daha yax\u015f\u0131 q\u0259rarlar verm\u0259yiniz\u0259 k\u00f6m\u0259k ed\u0259 bil\u0259r. Bu m\u0259qal\u0259d\u0259, &#8220;ideya&#8221; v\u0259 &#8220;fakt&#8221; anlay\u0131\u015flar\u0131 \u00fcz\u0259rind\u0259 dayanacaq v\u0259 h\u0259r iki anlay\u0131\u015f\u0131n \u0259trafl\u0131 izah\u0131n\u0131 ver\u0259c\u0259yik. Bundan \u0259lav\u0259, bu m\u0259qal\u0259d\u0259 m\u00fcxt\u0259lif az\u0259rbaycan dilind\u0259ki s\u00f6zl\u0259rin izah\u0131n\u0131 v\u0259 onlar\u0131n istifad\u0259sini \u00f6yr\u0259n\u0259c\u0259ksiniz.<\/p>\n<h2>\u0130deya (\u0130dea)<\/h2>\n<p><b>\u0130deya<\/b> (idea) &#8211; Bir \u015fey haqq\u0131nda d\u00fc\u015f\u00fcnc\u0259, t\u0259s\u0259vv\u00fcr v\u0259 ya n\u0259z\u0259riyy\u0259dir. Bu, h\u0259l\u0259 s\u00fcbut edilm\u0259mi\u015f v\u0259 ya reall\u0131qda s\u0131nanmam\u0131\u015f bir d\u00fc\u015f\u00fcnc\u0259 ola bil\u0259r.<\/p>\n<p><font color=\"#2D3AC7\">M\u0259nim yeni bir biznes a\u00e7maq haqq\u0131nda maraql\u0131 bir <b>ideyam<\/b> var.<\/font><\/p>\n<p><b>T\u0259s\u0259vv\u00fcr<\/b> (imagination) &#8211; H\u0259l\u0259 m\u00f6vcud olmayan v\u0259 ya real deyil, ancaq a\u011f\u0131l vasit\u0259sil\u0259 yarad\u0131lan obrazlar v\u0259 ya d\u00fc\u015f\u00fcnc\u0259l\u0259rdir.<\/p>\n<p><font color=\"#2D3AC7\">M\u0259nim <b>t\u0259s\u0259vv\u00fcr\u00fcm<\/b> \u00e7ox z\u0259ngindir.<\/font><\/p>\n<p><b>N\u0259z\u0259riyy\u0259<\/b> (theory) &#8211; M\u00fc\u015fahid\u0259 v\u0259 t\u0259cr\u00fcb\u0259 n\u0259tic\u0259sind\u0259 formala\u015fan, lakin h\u0259l\u0259 tam s\u00fcbut edilm\u0259mi\u015f fikir v\u0259 ya konsepsiyad\u0131r.<\/p>\n<p><font color=\"#2D3AC7\">Bu elmi <b>n\u0259z\u0259riyy\u0259<\/b> h\u0259l\u0259 t\u0259cr\u00fcb\u0259l\u0259rl\u0259 t\u0259sdiq olunmay\u0131b.<\/font><\/p>\n<h2>Fakt (Fact)<\/h2>\n<p><b>Fakt<\/b> (fact) &#8211; Reall\u0131qda m\u00f6vcud olan v\u0259 m\u00fc\u015fahid\u0259, t\u0259cr\u00fcb\u0259 v\u0259 ya s\u00fcbut vasit\u0259sil\u0259 t\u0259sdiql\u0259nmi\u015f bir m\u0259lumatd\u0131r.<\/p>\n<p><font color=\"#2D3AC7\">Bu tarixi hadis\u0259 bir <b>fakt<\/b> olaraq q\u0259bul edilir.<\/font><\/p>\n<p><b>S\u00fcbut<\/b> (evidence) &#8211; Bir \u015feyin do\u011fru oldu\u011funu g\u00f6st\u0259r\u0259n m\u0259lumat v\u0259 ya materiald\u0131r.<\/p>\n<p><font color=\"#2D3AC7\">M\u0259hk\u0259m\u0259d\u0259 t\u0259qdim olunan <b>s\u00fcbutlar<\/b> i\u015fin h\u0259llin\u0259 k\u00f6m\u0259k etdi.<\/font><\/p>\n<p><b>M\u00fc\u015fahid\u0259<\/b> (observation) &#8211; Bir \u015feyin diqq\u0259tl\u0259 izl\u0259nm\u0259si v\u0259 ya inc\u0259l\u0259nm\u0259si prosesidir.<\/p>\n<p><font color=\"#2D3AC7\">T\u0259bi\u0259ti <b>m\u00fc\u015fahid\u0259<\/b> etm\u0259k m\u0259nim \u0259n sevdiyim f\u0259aliyy\u0259tl\u0259rd\u0259n biridir.<\/font><\/p>\n<h2>\u0130deya v\u0259 Faktlar\u0131n M\u00fcqayis\u0259si<\/h2>\n<p>\u0130ndi is\u0259 ideya v\u0259 faktlar\u0131n f\u0259rql\u0259rini daha \u0259trafl\u0131 m\u00fczakir\u0259 ed\u0259k. Bir ideya h\u0259l\u0259 s\u00fcbut edilm\u0259mi\u015f bir d\u00fc\u015f\u00fcnc\u0259dir v\u0259 bir \u00e7ox hallarda f\u0259rziyy\u0259l\u0259r\u0259 \u0259saslan\u0131r. M\u0259s\u0259l\u0259n, bir insan yeni bir icad haqq\u0131nda ideya ortaya ata bil\u0259r, amma bu ideyan\u0131n reall\u0131qda i\u015fl\u0259yib-i\u015fl\u0259m\u0259y\u0259c\u0259yi h\u0259l\u0259 m\u0259lum deyil.<\/p>\n<p>Dig\u0259r t\u0259r\u0259fd\u0259n, faktlar reall\u0131qda m\u00f6vcud olan v\u0259 s\u00fcbut edilmi\u015f m\u0259lumatlard\u0131r. Faktlar tez-tez m\u00fc\u015fahid\u0259 v\u0259 t\u0259cr\u00fcb\u0259 il\u0259 t\u0259sdiql\u0259nir v\u0259 onlar\u0131n do\u011frulu\u011fu d\u0259qiqdir.<\/p>\n<h3>\u0130deya il\u0259 Fakt Aras\u0131ndak\u0131 F\u0259rql\u0259r<\/h3>\n<p>Bir ne\u00e7\u0259 \u0259sas f\u0259rql\u0259r var:<\/p>\n<p>1. <b>S\u00fcbut olunma<\/b>: \u0130deyalar h\u0259l\u0259 s\u00fcbut edilm\u0259mi\u015fdir, faktlar is\u0259 s\u00fcbut olunmu\u015f m\u0259lumatlard\u0131r.<br \/>\n2. <b>D\u0259qiqlik<\/b>: Faktlar d\u0259qiqdir v\u0259 d\u0259yi\u015fm\u0259zdir, ideyalar is\u0259 d\u0259yi\u015fk\u0259n v\u0259 f\u0259rqli ola bil\u0259r.<br \/>\n3. <b>M\u0259nb\u0259<\/b>: Faktlar m\u00fc\u015fahid\u0259 v\u0259 t\u0259cr\u00fcb\u0259y\u0259 \u0259saslan\u0131r, ideyalar is\u0259 f\u0259rziyy\u0259 v\u0259 t\u0259s\u0259vv\u00fcr\u0259.<\/p>\n<p><b>F\u0259rziyy\u0259<\/b> (hypothesis) &#8211; H\u0259l\u0259 s\u00fcbut edilm\u0259mi\u015f, lakin ara\u015fd\u0131rma v\u0259 ya t\u0259cr\u00fcb\u0259 vasit\u0259sil\u0259 t\u0259sdiql\u0259nm\u0259si m\u00fcmk\u00fcn olan fikir v\u0259 ya n\u0259z\u0259riyy\u0259dir.<\/p>\n<p><font color=\"#2D3AC7\">Bu elmi <b>f\u0259rziyy\u0259<\/b> h\u0259l\u0259 s\u00fcbut edilm\u0259yib.<\/font><\/p>\n<p><b>T\u0259cr\u00fcb\u0259<\/b> (experiment) &#8211; Bir n\u0259z\u0259riyy\u0259ni v\u0259 ya ideyan\u0131 s\u0131namaq \u00fc\u00e7\u00fcn apar\u0131lan elmi ara\u015fd\u0131rma v\u0259 ya prosedurdur.<\/p>\n<p><font color=\"#2D3AC7\">Biz bu n\u0259z\u0259riyy\u0259ni t\u0259sdiql\u0259m\u0259k \u00fc\u00e7\u00fcn yeni bir <b>t\u0259cr\u00fcb\u0259<\/b> apard\u0131q.<\/font><\/p>\n<h2>\u0130deyalar\u0131n v\u0259 Faktlar\u0131n H\u0259yatdak\u0131 Rolu<\/h2>\n<p>\u0130deyalar v\u0259 faktlar h\u0259r ikisi d\u0259 h\u0259yat\u0131m\u0131zda m\u00fch\u00fcm rol oynay\u0131r. \u0130deyalar yarad\u0131c\u0131l\u0131\u011f\u0131 v\u0259 innovasiyan\u0131 t\u0259\u015fviq edir. M\u0259s\u0259l\u0259n, yeni bir texnologiya v\u0259 ya m\u0259hsulun yaranmas\u0131 bir ideyan\u0131n n\u0259tic\u0259si ola bil\u0259r.<\/p>\n<p>Dig\u0259r t\u0259r\u0259fd\u0259n, faktlar q\u0259rar verm\u0259 prosesind\u0259 m\u00fch\u00fcm rol oynay\u0131r. Faktlar biz\u0259 daha d\u0259qiq v\u0259 do\u011fru q\u0259rarlar verm\u0259y\u0259 k\u00f6m\u0259k edir. M\u0259s\u0259l\u0259n, bir i\u015f q\u0259rar\u0131 ver\u0259rk\u0259n, faktlara \u0259saslanaraq daha m\u0259ntiqli v\u0259 sa\u011flam q\u0259rar verm\u0259k m\u00fcmk\u00fcnd\u00fcr.<\/p>\n<p><b>Yarad\u0131c\u0131l\u0131q<\/b> (creativity) &#8211; Yeni v\u0259 orijinal fikirl\u0259r, konsepsiyalar v\u0259 ya m\u0259hsullar yaratma qabiliyy\u0259tidir.<\/p>\n<p><font color=\"#2D3AC7\">Onun <b>yarad\u0131c\u0131l\u0131\u011f\u0131<\/b> h\u0259r zaman m\u0259ni t\u0259\u0259cc\u00fcbl\u0259ndirir.<\/font><\/p>\n<p><b>\u0130nnovasiya<\/b> (innovation) &#8211; Yeni v\u0259 inki\u015faf etmi\u015f m\u0259hsullar, xidm\u0259tl\u0259r v\u0259 ya prosesl\u0259r yaratma v\u0259 t\u0259tbiq etm\u0259 prosesidir.<\/p>\n<p><font color=\"#2D3AC7\">\u015eirk\u0259timiz h\u0259r zaman <b>innovasiya<\/b>ya \u00f6n\u0259m verir.<\/font><\/p>\n<h2>N\u0259tic\u0259<\/h2>\n<p>\u0130deya v\u0259 faktlar\u0131n f\u0259rql\u0259rini anlamaq, h\u0259m \u015f\u0259xsi, h\u0259m d\u0259 pe\u015f\u0259kar h\u0259yat\u0131n\u0131zda daha yax\u015f\u0131 q\u0259rarlar verm\u0259niz\u0259 k\u00f6m\u0259k ed\u0259 bil\u0259r. \u0130deyalar yarad\u0131c\u0131l\u0131\u011f\u0131 v\u0259 innovasiyan\u0131 t\u0259\u015fviq ets\u0259 d\u0259, faktlar daha d\u0259qiq v\u0259 \u0259sasl\u0131 q\u0259rarlar verm\u0259y\u0259 k\u00f6m\u0259k edir. H\u0259r iki anlay\u0131\u015f\u0131n d\u0259y\u0259rini ba\u015fa d\u00fc\u015fm\u0259k v\u0259 onlar\u0131 d\u00fczg\u00fcn istifad\u0259 etm\u0259k, h\u0259r hans\u0131 bir m\u00f6vzunu daha d\u0259rind\u0259n anlama\u011fa v\u0259 daha u\u011furlu olma\u011fa k\u00f6m\u0259k ed\u0259c\u0259k.<\/p>\n<p>\u0130ndi is\u0259 m\u0259qal\u0259d\u0259 istifad\u0259 olunan b\u0259zi az\u0259rbaycan dilind\u0259ki s\u00f6zl\u0259rin izah\u0131na n\u0259z\u0259r salaq:<\/p>\n<p><b>Yeni<\/b> (new) &#8211; \u018fvv\u0259l m\u00f6vcud olmayan v\u0259 ya yenid\u0259n yarad\u0131lm\u0131\u015f bir \u015feydir.<\/p>\n<p><font color=\"#2D3AC7\">M\u0259n yeni bir kitab ald\u0131m.<\/font><\/p>\n<p><b>Biznes<\/b> (business) &#8211; Mallar\u0131n v\u0259 ya xidm\u0259tl\u0259rin istehsal\u0131, sat\u0131\u015f\u0131 v\u0259 ya m\u00fcbadil\u0259si il\u0259 m\u0259\u015f\u011ful olan bir f\u0259aliyy\u0259tdir.<\/p>\n<p><font color=\"#2D3AC7\">O, \u00f6z biznesin\u0259 ba\u015flamaq ist\u0259yir.<\/font><\/p>\n<p><b>H\u0259qiq\u0259t<\/b> (truth) &#8211; Reall\u0131qda m\u00f6vcud olan v\u0259 ya do\u011fru olan bir \u015feydir.<\/p>\n<p><font color=\"#2D3AC7\">H\u0259qiq\u0259t h\u0259r zaman a\u00e7\u0131qd\u0131r.<\/font><\/p>\n<p><b>Elmi<\/b> (scientific) &#8211; Elm\u0259 aid olan v\u0259 ya elm il\u0259 \u0259laq\u0259li olan bir \u015feydir.<\/p>\n<p><font color=\"#2D3AC7\">Bu elmi ara\u015fd\u0131rma \u00e7ox maraql\u0131d\u0131r.<\/font><\/p>\n<p><b>Tarixi<\/b> (historical) &#8211; Ke\u00e7mi\u015f\u0259 aid olan v\u0259 ya ke\u00e7mi\u015fd\u0259 ba\u015f vermi\u015f hadis\u0259l\u0259rl\u0259 \u0259laq\u0259li olan bir \u015feydir.<\/p>\n<p><font color=\"#2D3AC7\">Bu abid\u0259 tarixi \u0259h\u0259miyy\u0259t da\u015f\u0131y\u0131r.<\/font><\/p>\n<p><b>M\u0259lumat<\/b> (information) &#8211; Bir \u015fey haqq\u0131nda bilgil\u0259r v\u0259 ya m\u0259lumatlard\u0131r.<\/p>\n<p><font color=\"#2D3AC7\">Bu m\u00f6vzu haqq\u0131nda daha \u00e7ox m\u0259lumat \u0259ld\u0259 etm\u0259k ist\u0259yir\u0259m.<\/font><\/p>\n<p><b>Proses<\/b> (process) &#8211; Bir n\u0259tic\u0259y\u0259 g\u0259tirib \u00e7\u0131xaran ard\u0131c\u0131l h\u0259r\u0259k\u0259tl\u0259r v\u0259 ya m\u0259rh\u0259l\u0259l\u0259rdir.<\/p>\n<p><font color=\"#2D3AC7\">Bu layih\u0259 \u00e7ox m\u00fcr\u0259kk\u0259b bir prosesdir.<\/font><\/p>\n<p><b>Ara\u015fd\u0131rma<\/b> (research) &#8211; Yeni bilikl\u0259r \u0259ld\u0259 etm\u0259k v\u0259 ya m\u00f6vcud bilikl\u0259ri geni\u015fl\u0259ndirm\u0259k \u00fc\u00e7\u00fcn apar\u0131lan elmi f\u0259aliyy\u0259t v\u0259 ya ara\u015fd\u0131rmad\u0131r.<\/p>\n<p><font color=\"#2D3AC7\">Bu m\u00f6vzu haqq\u0131nda geni\u015f bir ara\u015fd\u0131rma apar\u0131blar.<\/font><\/p>\n<p><b>Konsepsiya<\/b> (concept) &#8211; Bir \u015feyin \u0259sas ideyas\u0131 v\u0259 ya anlay\u0131\u015f\u0131d\u0131r.<\/p>\n<p><font color=\"#2D3AC7\">Bu layih\u0259nin konsepsiyas\u0131 \u00e7ox maraql\u0131d\u0131r.<\/font><\/p>\n<p><b>Q\u0259rar<\/b> (decision) &#8211; Bir \u015fey haqq\u0131nda verilmi\u015f son q\u0259rard\u0131r.<\/p>\n<p><font color=\"#2D3AC7\">Bu q\u0259rar onun h\u0259yat\u0131n\u0131 d\u0259yi\u015fdi.<\/font><\/p>\n<p><b>M\u0259nb\u0259<\/b> (source) &#8211; Bir \u015feyin g\u0259ldiyi v\u0259 ya ba\u015flad\u0131\u011f\u0131 yerdir.<\/p>\n<p><font color=\"#2D3AC7\">Bu m\u0259lumat\u0131n m\u0259nb\u0259yi \u00e7ox etibarl\u0131d\u0131r.<\/font><\/p>\n<p>\u00dcmid edir\u0259m ki, bu m\u0259qal\u0259 ideya v\u0259 faktlar\u0131n f\u0259rql\u0259rini anlama\u011f\u0131n\u0131za v\u0259 az\u0259rbaycan dilind\u0259ki b\u0259zi vacib s\u00f6zl\u0259rin m\u0259nalar\u0131n\u0131 \u00f6yr\u0259nm\u0259yiniz\u0259 k\u00f6m\u0259k etdi. \u0130deya v\u0259 faktlar aras\u0131ndak\u0131 f\u0259rql\u0259ri ba\u015fa d\u00fc\u015fm\u0259k, daha d\u0259qiq v\u0259 do\u011fru q\u0259rarlar verm\u0259yiniz\u0259 v\u0259 h\u0259r hans\u0131 bir m\u00f6vzunu daha d\u0259rind\u0259n anlama\u011f\u0131n\u0131za k\u00f6m\u0259k ed\u0259c\u0259k.<\/p>\n","protected":false},"featured_media":1528119,"template":"","vocabulary_language":[3965],"class_list":["post-741816","vocabulary","type-vocabulary","status-publish","has-post-thumbnail","hentry","vocabulary_language-azero"],"acf":[],"yoast_head":"<!-- This site is optimized with the Yoast SEO Premium plugin v27.2 (Yoast SEO v27.2) - https:\/\/yoast.com\/product\/yoast-seo-premium-wordpress\/ -->\n<title>\u0130deya vs. Fakt - Idea contro fatto in azero - Talkpal<\/title>\n<meta name=\"description\" content=\"\u0130deya v\u0259 faktlar aras\u0131ndak\u0131 f\u0259rqi anlamaq, h\u0259r hans\u0131 bir m\u00f6vzu haqq\u0131nda daha d\u0259qiq d\u00fc\u015f\u00fcnm\u0259yiniz\u0259 v\u0259 daha yax\u015f\u0131 q\u0259rarlar verm\u0259yiniz\u0259 k\u00f6m\u0259k ed\u0259 bil\u0259r. Bu\" \/>\n<meta name=\"robots\" content=\"index, follow, max-snippet:-1, max-image-preview:large, max-video-preview:-1\" \/>\n<link rel=\"canonical\" href=\"https:\/\/talkpal.ai\/it\/vocabulary\/ideya-vs-fakt-idea-contro-fatto-in-azero\/\" \/>\n<meta property=\"og:locale\" content=\"it_IT\" \/>\n<meta property=\"og:type\" content=\"article\" \/>\n<meta property=\"og:title\" content=\"\u0130deya vs. Fakt - Idea contro fatto in azero\" \/>\n<meta property=\"og:description\" content=\"\u0130deya v\u0259 faktlar aras\u0131ndak\u0131 f\u0259rqi anlamaq, h\u0259r hans\u0131 bir m\u00f6vzu haqq\u0131nda daha d\u0259qiq d\u00fc\u015f\u00fcnm\u0259yiniz\u0259 v\u0259 daha yax\u015f\u0131 q\u0259rarlar verm\u0259yiniz\u0259 k\u00f6m\u0259k ed\u0259 bil\u0259r. Bu\" \/>\n<meta property=\"og:url\" content=\"https:\/\/talkpal.ai\/it\/vocabulary\/ideya-vs-fakt-idea-contro-fatto-in-azero\/\" \/>\n<meta property=\"og:site_name\" content=\"Talkpal\" \/>\n<meta property=\"article:publisher\" content=\"https:\/\/www.facebook.com\/profile.php?id=100090733639311\" \/>\n<meta property=\"article:modified_time\" content=\"2025-12-26T13:45:53+00:00\" \/>\n<meta property=\"og:image\" content=\"https:\/\/talkpal.ai\/wp-content\/uploads\/2024\/10\/talkpal_flat_illustration_of_a_employees_working_together_happi_c674ff77-e477-4e09-835a-01d30e561e99.png\" \/>\n\t<meta property=\"og:image:width\" content=\"1024\" \/>\n\t<meta property=\"og:image:height\" content=\"1024\" \/>\n\t<meta property=\"og:image:type\" content=\"image\/png\" \/>\n<meta name=\"twitter:card\" content=\"summary_large_image\" \/>\n<meta name=\"twitter:site\" content=\"@talkpalai\" \/>\n<meta name=\"twitter:label1\" content=\"Tempo di lettura stimato\" \/>\n\t<meta name=\"twitter:data1\" content=\"7 minuti\" \/>\n<script type=\"application\/ld+json\" class=\"yoast-schema-graph\">{\"@context\":\"https:\/\/schema.org\",\"@graph\":[{\"@type\":\"WebPage\",\"@id\":\"https:\/\/talkpal.ai\/it\/vocabulary\/ideya-vs-fakt-idea-contro-fatto-in-azero\/\",\"url\":\"https:\/\/talkpal.ai\/it\/vocabulary\/ideya-vs-fakt-idea-contro-fatto-in-azero\/\",\"name\":\"\u0130deya vs. Fakt - Idea contro fatto in azero - Talkpal\",\"isPartOf\":{\"@id\":\"https:\/\/talkpal.ai\/it\/#website\"},\"primaryImageOfPage\":{\"@id\":\"https:\/\/talkpal.ai\/it\/vocabulary\/ideya-vs-fakt-idea-contro-fatto-in-azero\/#primaryimage\"},\"image\":{\"@id\":\"https:\/\/talkpal.ai\/it\/vocabulary\/ideya-vs-fakt-idea-contro-fatto-in-azero\/#primaryimage\"},\"thumbnailUrl\":\"https:\/\/talkpal.ai\/wp-content\/uploads\/2025\/12\/young-man-at-a-library-learning-languages.webp\",\"datePublished\":\"2024-06-10T14:22:14+00:00\",\"dateModified\":\"2025-12-26T13:45:53+00:00\",\"description\":\"\u0130deya v\u0259 faktlar aras\u0131ndak\u0131 f\u0259rqi anlamaq, h\u0259r hans\u0131 bir m\u00f6vzu haqq\u0131nda daha d\u0259qiq d\u00fc\u015f\u00fcnm\u0259yiniz\u0259 v\u0259 daha yax\u015f\u0131 q\u0259rarlar verm\u0259yiniz\u0259 k\u00f6m\u0259k ed\u0259 bil\u0259r. Bu\",\"breadcrumb\":{\"@id\":\"https:\/\/talkpal.ai\/it\/vocabulary\/ideya-vs-fakt-idea-contro-fatto-in-azero\/#breadcrumb\"},\"inLanguage\":\"it-IT\",\"potentialAction\":[{\"@type\":\"ReadAction\",\"target\":[\"https:\/\/talkpal.ai\/it\/vocabulary\/ideya-vs-fakt-idea-contro-fatto-in-azero\/\"]}]},{\"@type\":\"ImageObject\",\"inLanguage\":\"it-IT\",\"@id\":\"https:\/\/talkpal.ai\/it\/vocabulary\/ideya-vs-fakt-idea-contro-fatto-in-azero\/#primaryimage\",\"url\":\"https:\/\/talkpal.ai\/wp-content\/uploads\/2025\/12\/young-man-at-a-library-learning-languages.webp\",\"contentUrl\":\"https:\/\/talkpal.ai\/wp-content\/uploads\/2025\/12\/young-man-at-a-library-learning-languages.webp\",\"width\":1200,\"height\":896,\"caption\":\"A young man with glasses and a bun types on his laptop while learning languages in a library.\"},{\"@type\":\"BreadcrumbList\",\"@id\":\"https:\/\/talkpal.ai\/it\/vocabulary\/ideya-vs-fakt-idea-contro-fatto-in-azero\/#breadcrumb\",\"itemListElement\":[{\"@type\":\"ListItem\",\"position\":1,\"name\":\"Homepage\",\"item\":\"https:\/\/talkpal.ai\/it\/\"},{\"@type\":\"ListItem\",\"position\":2,\"name\":\"\u0130deya vs. Fakt &#8211; Idea contro fatto in azero\"}]},{\"@type\":\"WebSite\",\"@id\":\"https:\/\/talkpal.ai\/it\/#website\",\"url\":\"https:\/\/talkpal.ai\/it\/\",\"name\":\"Talkpal\",\"description\":\"AI Language Learning\",\"publisher\":{\"@id\":\"https:\/\/talkpal.ai\/it\/#organization\"},\"alternateName\":\"Talkpal AI\",\"potentialAction\":[{\"@type\":\"SearchAction\",\"target\":{\"@type\":\"EntryPoint\",\"urlTemplate\":\"https:\/\/talkpal.ai\/it\/?s={search_term_string}\"},\"query-input\":{\"@type\":\"PropertyValueSpecification\",\"valueRequired\":true,\"valueName\":\"search_term_string\"}}],\"inLanguage\":\"it-IT\"},{\"@type\":\"Organization\",\"@id\":\"https:\/\/talkpal.ai\/it\/#organization\",\"name\":\"Talkpal, Inc.\",\"alternateName\":\"Talkpal AI\",\"url\":\"https:\/\/talkpal.ai\/it\/\",\"logo\":{\"@type\":\"ImageObject\",\"inLanguage\":\"it-IT\",\"@id\":\"https:\/\/talkpal.ai\/it\/#\/schema\/logo\/image\/\",\"url\":\"https:\/\/talkpal.ai\/wp-content\/uploads\/2024\/03\/Talkpal-Logo-Icon.png\",\"contentUrl\":\"https:\/\/talkpal.ai\/wp-content\/uploads\/2024\/03\/Talkpal-Logo-Icon.png\",\"width\":2880,\"height\":2880,\"caption\":\"Talkpal, Inc.\"},\"image\":{\"@id\":\"https:\/\/talkpal.ai\/it\/#\/schema\/logo\/image\/\"},\"sameAs\":[\"https:\/\/www.facebook.com\/profile.php?id=100090733639311\",\"https:\/\/x.com\/talkpalai\",\"https:\/\/www.linkedin.com\/company\/talkpal\/\",\"https:\/\/www.youtube.com\/@TalkPal\/\",\"https:\/\/www.tiktok.com\/@talkpal\",\"https:\/\/www.instagram.com\/talkpal_ai\/\",\"https:\/\/www.crunchbase.com\/organization\/talkpal-9cde\",\"https:\/\/www.g2.com\/products\/talkpal-for-business\/\",\"https:\/\/www.trustpilot.com\/review\/talkpal.ai\",\"https:\/\/www.capterra.com\/p\/10006800\/TalkPal\/\"],\"description\":\"Talkpal is a language learning web and mobile education app, powered by the latest AI technologies, that provides engaging experiences to its customers in many different languages to help them improve their language skills. Users can chat about unlimited amount of topics with the app and use other modes to practice their language learning.\",\"email\":\"support@talkpal.ai\",\"legalName\":\"Talkpal, Inc.\",\"foundingDate\":\"2023-04-03\",\"duns\":\"118989042\",\"numberOfEmployees\":{\"@type\":\"QuantitativeValue\",\"minValue\":\"11\",\"maxValue\":\"50\"},\"publishingPrinciples\":\"https:\/\/talkpal.ai\/publishing-principles\/\",\"actionableFeedbackPolicy\":\"https:\/\/talkpal.ai\/actionable-feedback-policy\/\",\"correctionsPolicy\":\"https:\/\/talkpal.ai\/corrections-policy\/\",\"ethicsPolicy\":\"https:\/\/talkpal.ai\/ethics-policy\/\",\"diversityPolicy\":\"https:\/\/talkpal.ai\/diversity-policy\/\",\"diversityStaffingReport\":\"https:\/\/talkpal.ai\/diversity-policy\/\"}]}<\/script>\n<!-- \/ Yoast SEO Premium plugin. -->","yoast_head_json":{"title":"\u0130deya vs. Fakt - Idea contro fatto in azero - Talkpal","description":"\u0130deya v\u0259 faktlar aras\u0131ndak\u0131 f\u0259rqi anlamaq, h\u0259r hans\u0131 bir m\u00f6vzu haqq\u0131nda daha d\u0259qiq d\u00fc\u015f\u00fcnm\u0259yiniz\u0259 v\u0259 daha yax\u015f\u0131 q\u0259rarlar verm\u0259yiniz\u0259 k\u00f6m\u0259k ed\u0259 bil\u0259r. Bu","robots":{"index":"index","follow":"follow","max-snippet":"max-snippet:-1","max-image-preview":"max-image-preview:large","max-video-preview":"max-video-preview:-1"},"canonical":"https:\/\/talkpal.ai\/it\/vocabulary\/ideya-vs-fakt-idea-contro-fatto-in-azero\/","og_locale":"it_IT","og_type":"article","og_title":"\u0130deya vs. Fakt - Idea contro fatto in azero","og_description":"\u0130deya v\u0259 faktlar aras\u0131ndak\u0131 f\u0259rqi anlamaq, h\u0259r hans\u0131 bir m\u00f6vzu haqq\u0131nda daha d\u0259qiq d\u00fc\u015f\u00fcnm\u0259yiniz\u0259 v\u0259 daha yax\u015f\u0131 q\u0259rarlar verm\u0259yiniz\u0259 k\u00f6m\u0259k ed\u0259 bil\u0259r. Bu","og_url":"https:\/\/talkpal.ai\/it\/vocabulary\/ideya-vs-fakt-idea-contro-fatto-in-azero\/","og_site_name":"Talkpal","article_publisher":"https:\/\/www.facebook.com\/profile.php?id=100090733639311","article_modified_time":"2025-12-26T13:45:53+00:00","og_image":[{"width":1024,"height":1024,"url":"https:\/\/talkpal.ai\/wp-content\/uploads\/2024\/10\/talkpal_flat_illustration_of_a_employees_working_together_happi_c674ff77-e477-4e09-835a-01d30e561e99.png","type":"image\/png"}],"twitter_card":"summary_large_image","twitter_site":"@talkpalai","twitter_misc":{"Tempo di lettura stimato":"7 minuti"},"schema":{"@context":"https:\/\/schema.org","@graph":[{"@type":"WebPage","@id":"https:\/\/talkpal.ai\/it\/vocabulary\/ideya-vs-fakt-idea-contro-fatto-in-azero\/","url":"https:\/\/talkpal.ai\/it\/vocabulary\/ideya-vs-fakt-idea-contro-fatto-in-azero\/","name":"\u0130deya vs. Fakt - Idea contro fatto in azero - Talkpal","isPartOf":{"@id":"https:\/\/talkpal.ai\/it\/#website"},"primaryImageOfPage":{"@id":"https:\/\/talkpal.ai\/it\/vocabulary\/ideya-vs-fakt-idea-contro-fatto-in-azero\/#primaryimage"},"image":{"@id":"https:\/\/talkpal.ai\/it\/vocabulary\/ideya-vs-fakt-idea-contro-fatto-in-azero\/#primaryimage"},"thumbnailUrl":"https:\/\/talkpal.ai\/wp-content\/uploads\/2025\/12\/young-man-at-a-library-learning-languages.webp","datePublished":"2024-06-10T14:22:14+00:00","dateModified":"2025-12-26T13:45:53+00:00","description":"\u0130deya v\u0259 faktlar aras\u0131ndak\u0131 f\u0259rqi anlamaq, h\u0259r hans\u0131 bir m\u00f6vzu haqq\u0131nda daha d\u0259qiq d\u00fc\u015f\u00fcnm\u0259yiniz\u0259 v\u0259 daha yax\u015f\u0131 q\u0259rarlar verm\u0259yiniz\u0259 k\u00f6m\u0259k ed\u0259 bil\u0259r. Bu","breadcrumb":{"@id":"https:\/\/talkpal.ai\/it\/vocabulary\/ideya-vs-fakt-idea-contro-fatto-in-azero\/#breadcrumb"},"inLanguage":"it-IT","potentialAction":[{"@type":"ReadAction","target":["https:\/\/talkpal.ai\/it\/vocabulary\/ideya-vs-fakt-idea-contro-fatto-in-azero\/"]}]},{"@type":"ImageObject","inLanguage":"it-IT","@id":"https:\/\/talkpal.ai\/it\/vocabulary\/ideya-vs-fakt-idea-contro-fatto-in-azero\/#primaryimage","url":"https:\/\/talkpal.ai\/wp-content\/uploads\/2025\/12\/young-man-at-a-library-learning-languages.webp","contentUrl":"https:\/\/talkpal.ai\/wp-content\/uploads\/2025\/12\/young-man-at-a-library-learning-languages.webp","width":1200,"height":896,"caption":"A young man with glasses and a bun types on his laptop while learning languages in a library."},{"@type":"BreadcrumbList","@id":"https:\/\/talkpal.ai\/it\/vocabulary\/ideya-vs-fakt-idea-contro-fatto-in-azero\/#breadcrumb","itemListElement":[{"@type":"ListItem","position":1,"name":"Homepage","item":"https:\/\/talkpal.ai\/it\/"},{"@type":"ListItem","position":2,"name":"\u0130deya vs. Fakt &#8211; Idea contro fatto in azero"}]},{"@type":"WebSite","@id":"https:\/\/talkpal.ai\/it\/#website","url":"https:\/\/talkpal.ai\/it\/","name":"Talkpal","description":"AI Language Learning","publisher":{"@id":"https:\/\/talkpal.ai\/it\/#organization"},"alternateName":"Talkpal AI","potentialAction":[{"@type":"SearchAction","target":{"@type":"EntryPoint","urlTemplate":"https:\/\/talkpal.ai\/it\/?s={search_term_string}"},"query-input":{"@type":"PropertyValueSpecification","valueRequired":true,"valueName":"search_term_string"}}],"inLanguage":"it-IT"},{"@type":"Organization","@id":"https:\/\/talkpal.ai\/it\/#organization","name":"Talkpal, Inc.","alternateName":"Talkpal AI","url":"https:\/\/talkpal.ai\/it\/","logo":{"@type":"ImageObject","inLanguage":"it-IT","@id":"https:\/\/talkpal.ai\/it\/#\/schema\/logo\/image\/","url":"https:\/\/talkpal.ai\/wp-content\/uploads\/2024\/03\/Talkpal-Logo-Icon.png","contentUrl":"https:\/\/talkpal.ai\/wp-content\/uploads\/2024\/03\/Talkpal-Logo-Icon.png","width":2880,"height":2880,"caption":"Talkpal, Inc."},"image":{"@id":"https:\/\/talkpal.ai\/it\/#\/schema\/logo\/image\/"},"sameAs":["https:\/\/www.facebook.com\/profile.php?id=100090733639311","https:\/\/x.com\/talkpalai","https:\/\/www.linkedin.com\/company\/talkpal\/","https:\/\/www.youtube.com\/@TalkPal\/","https:\/\/www.tiktok.com\/@talkpal","https:\/\/www.instagram.com\/talkpal_ai\/","https:\/\/www.crunchbase.com\/organization\/talkpal-9cde","https:\/\/www.g2.com\/products\/talkpal-for-business\/","https:\/\/www.trustpilot.com\/review\/talkpal.ai","https:\/\/www.capterra.com\/p\/10006800\/TalkPal\/"],"description":"Talkpal is a language learning web and mobile education app, powered by the latest AI technologies, that provides engaging experiences to its customers in many different languages to help them improve their language skills. Users can chat about unlimited amount of topics with the app and use other modes to practice their language learning.","email":"support@talkpal.ai","legalName":"Talkpal, Inc.","foundingDate":"2023-04-03","duns":"118989042","numberOfEmployees":{"@type":"QuantitativeValue","minValue":"11","maxValue":"50"},"publishingPrinciples":"https:\/\/talkpal.ai\/publishing-principles\/","actionableFeedbackPolicy":"https:\/\/talkpal.ai\/actionable-feedback-policy\/","correctionsPolicy":"https:\/\/talkpal.ai\/corrections-policy\/","ethicsPolicy":"https:\/\/talkpal.ai\/ethics-policy\/","diversityPolicy":"https:\/\/talkpal.ai\/diversity-policy\/","diversityStaffingReport":"https:\/\/talkpal.ai\/diversity-policy\/"}]}},"_links":{"self":[{"href":"https:\/\/talkpal.ai\/it\/wp-json\/wp\/v2\/vocabulary\/741816","targetHints":{"allow":["GET"]}}],"collection":[{"href":"https:\/\/talkpal.ai\/it\/wp-json\/wp\/v2\/vocabulary"}],"about":[{"href":"https:\/\/talkpal.ai\/it\/wp-json\/wp\/v2\/types\/vocabulary"}],"wp:featuredmedia":[{"embeddable":true,"href":"https:\/\/talkpal.ai\/it\/wp-json\/wp\/v2\/media\/1528119"}],"wp:attachment":[{"href":"https:\/\/talkpal.ai\/it\/wp-json\/wp\/v2\/media?parent=741816"}],"wp:term":[{"taxonomy":"vocabulary_language","embeddable":true,"href":"https:\/\/talkpal.ai\/it\/wp-json\/wp\/v2\/vocabulary_language?post=741816"}],"curies":[{"name":"wp","href":"https:\/\/api.w.org\/{rel}","templated":true}]}}