{"id":741748,"date":"2024-06-10T14:16:41","date_gmt":"2024-06-10T14:16:41","guid":{"rendered":"https:\/\/talkpal.ai\/vocabulary\/s%c9%99kil-vs-fotograf-immagine-contro-fotografia-in-azero\/"},"modified":"2024-06-10T14:16:41","modified_gmt":"2024-06-10T14:16:41","slug":"s%c9%99kil-vs-fotograf-immagine-contro-fotografia-in-azero","status":"publish","type":"vocabulary","link":"https:\/\/talkpal.ai\/it\/vocabulary\/s%c9%99kil-vs-fotograf-immagine-contro-fotografia-in-azero\/","title":{"rendered":"\u015e\u0259kil vs. Foto\u011fraf &#8211; Immagine contro fotografia in azero"},"content":{"rendered":"<p>\u0130talyanca \u00f6\u011frenmek isteyenler i\u00e7in Azerice&#8217;deki baz\u0131 kelimelerin anlamlar\u0131n\u0131 ve kullan\u0131m\u0131n\u0131 \u00f6\u011frenmek olduk\u00e7a faydal\u0131 olabilir. Bug\u00fcn, iki \u00f6nemli kelime olan <b>\u015f\u0259kil<\/b> ve <b>foto\u011fraf<\/b> kelimelerini inceleyece\u011fiz. Her iki kelimenin de farkl\u0131 anlamlar\u0131 ve kullan\u0131m alanlar\u0131 vard\u0131r ve bu kelimeleri do\u011fru bir \u015fekilde kullanmak, dil becerilerinizi geli\u015ftirmenize yard\u0131mc\u0131 olacakt\u0131r.<\/p>\n<h2>\u015e\u0259kil<\/h2>\n<p><b>\u015e\u0259kil<\/b> kelimesi, Azerice&#8217;de genel anlamda &#8220;resim&#8221; veya &#8220;\u015fekil&#8221; anlam\u0131na gelir. Bu kelime, elle \u00e7izilmi\u015f resimler, grafikler veya semboller gibi g\u00f6rsel unsurlar\u0131 ifade etmek i\u00e7in kullan\u0131l\u0131r.<\/p>\n<p><b>\u015e\u0259kil<\/b> \u2013 Azerice&#8217;de &#8220;resim&#8221; veya &#8220;\u015fekil&#8221; anlam\u0131na gelir.<br \/>\n<font color=\"#2D3AC7\">U\u015faqlar r\u0259sm d\u0259rsind\u0259 g\u00f6z\u0259l <b>\u015f\u0259kil<\/b>l\u0259r \u00e7\u0259kdil\u0259r.<\/font><\/p>\n<h3>\u015e\u0259kil \u00c7e\u015fitleri<\/h3>\n<p><b>Qrafik<\/b> \u2013 Statistik verileri veya bilgiyi g\u00f6rsel olarak sunan \u015fekil veya diyagram.<br \/>\n<font color=\"#2D3AC7\">Bu m\u0259qal\u0259d\u0259ki <b>qrafik<\/b>l\u0259r m\u0259lumatlar\u0131 daha yax\u015f\u0131 anlama\u011fa k\u00f6m\u0259k edir.<\/font><\/p>\n<p><b>Diagram<\/b> \u2013 Bir s\u00fcre\u00e7 veya yap\u0131n\u0131n g\u00f6rsel temsili.<br \/>\n<font color=\"#2D3AC7\">Bu <b>diagram<\/b> prosesin m\u0259rh\u0259l\u0259l\u0259rini g\u00f6st\u0259rir.<\/font><\/p>\n<p><b>Portret<\/b> \u2013 Bir insan\u0131n y\u00fcz\u00fcn\u00fc veya v\u00fccudunu g\u00f6steren resim.<br \/>\n<font color=\"#2D3AC7\">R\u0259ssam g\u00f6z\u0259l bir <b>portret<\/b> yaratd\u0131.<\/font><\/p>\n<h3>\u015e\u0259kilin Kullan\u0131m Alanlar\u0131<\/h3>\n<p><b>Kitab<\/b> \u2013 Bir\u00e7ok kitabta konuyu a\u00e7\u0131klamak i\u00e7in \u015f\u0259kil kullan\u0131l\u0131r.<br \/>\n<font color=\"#2D3AC7\">U\u015faqlar \u00fc\u00e7\u00fcn kitablar \u00e7ox vaxt r\u0259ngli <b>\u015f\u0259kil<\/b>l\u0259rl\u0259 b\u0259z\u0259dilir.<\/font><\/p>\n<p><b>Jurnal<\/b> \u2013 Makaleleri desteklemek i\u00e7in \u015f\u0259kil kullan\u0131l\u0131r.<br \/>\n<font color=\"#2D3AC7\">Bu jurnal\u0131n h\u0259r s\u0259hif\u0259sind\u0259 maraql\u0131 <b>\u015f\u0259kil<\/b>l\u0259r var.<\/font><\/p>\n<h2>Foto\u011fraf<\/h2>\n<p><b>Foto\u011fraf<\/b> kelimesi, Azerice&#8217;de &#8220;foto\u011fraf&#8221; anlam\u0131na gelir. Bu kelime, kamerayla \u00e7ekilen g\u00f6rselleri ifade etmek i\u00e7in kullan\u0131l\u0131r. Foto\u011fraf, ger\u00e7ek d\u00fcnyadaki nesnelerin g\u00f6r\u00fcnt\u00fclerini yakalar ve saklar.<\/p>\n<p><b>Foto\u011fraf<\/b> \u2013 Kamerayla \u00e7ekilmi\u015f g\u00f6r\u00fcnt\u00fc.<br \/>\n<font color=\"#2D3AC7\">S\u0259yah\u0259t zaman\u0131 \u00e7oxlu <b>foto\u011fraf<\/b> \u00e7\u0259kdik.<\/font><\/p>\n<h3>Foto\u011fraf \u00c7e\u015fitleri<\/h3>\n<p><b>Portret Foto\u011fraf\u0131<\/b> \u2013 Bir ki\u015finin y\u00fcz\u00fcn\u00fc veya v\u00fccudunu g\u00f6steren foto\u011fraf.<br \/>\n<font color=\"#2D3AC7\">Fotoqraf g\u00f6z\u0259l bir <b>portret foto\u011fraf\u0131<\/b> \u00e7\u0259kdi.<\/font><\/p>\n<p><b>Manzara Foto\u011fraf\u0131<\/b> \u2013 Do\u011fa veya \u00e7evreyi g\u00f6steren foto\u011fraf.<br \/>\n<font color=\"#2D3AC7\">Bu <b>manzara foto\u011fraf\u0131<\/b> da\u011flar\u0131n g\u00f6z\u0259lliyini g\u00f6st\u0259rir.<\/font><\/p>\n<p><b>Makro Foto\u011fraf<\/b> \u2013 K\u00fc\u00e7\u00fck nesnelerin detayl\u0131 foto\u011fraf\u0131.<br \/>\n<font color=\"#2D3AC7\">\u00c7i\u00e7\u0259yin <b>makro foto\u011fraf\u0131<\/b> \u00e7ox maraql\u0131d\u0131r.<\/font><\/p>\n<h3>Foto\u011fraf\u0131n Kullan\u0131m Alanlar\u0131<\/h3>\n<p><b>Sosial Media<\/b> \u2013 \u0130nsanlar sosyal medyada foto\u011fraflar payla\u015f\u0131r.<br \/>\n<font color=\"#2D3AC7\">D\u00fcn\u0259n <b>sosial media<\/b>da \u00e7oxlu yeni <b>foto\u011fraf<\/b> payla\u015fd\u0131m.<\/font><\/p>\n<p><b>Qazet<\/b> \u2013 Haberleri desteklemek i\u00e7in foto\u011fraf kullan\u0131l\u0131r.<br \/>\n<font color=\"#2D3AC7\">Qazetd\u0259ki bu <b>foto\u011fraf<\/b> hadis\u0259ni daha yax\u015f\u0131 anlama\u011fa k\u00f6m\u0259k edir.<\/font><\/p>\n<h2>\u015e\u0259kil v\u0259 Foto\u011fraf\u0131n Farklar\u0131<\/h2>\n<p><b>\u015e\u0259kil<\/b> ve <b>foto\u011fraf<\/b> aras\u0131ndaki en \u00f6nemli fark, bu kelimelerin ifade etti\u011fi g\u00f6rsel t\u00fcrleridir. \u015e\u0259kil, daha geni\u015f bir anlamda kullan\u0131l\u0131r ve elle \u00e7izilmi\u015f resimler, grafikler veya diyagramlar gibi farkl\u0131 t\u00fcrdeki g\u00f6rselleri kapsar. Foto\u011fraf ise kamerayla \u00e7ekilen g\u00f6r\u00fcnt\u00fcleri ifade eder.<\/p>\n<p><b>F\u0259rq<\/b> \u2013 \u0130ki \u015fey aras\u0131ndaki ayr\u0131m veya farkl\u0131l\u0131k.<br \/>\n<font color=\"#2D3AC7\">\u015e\u0259kil v\u0259 foto\u011fraf aras\u0131ndak\u0131 <b>f\u0259rq<\/b>i bilm\u0259k vacibdir.<\/font><\/p>\n<p><b>M\u0259na<\/b> \u2013 Bir kelimenin veya ifad\u0259nin anlam\u0131.<br \/>\n<font color=\"#2D3AC7\">Bu s\u00f6z\u00fcn <b>m\u0259na<\/b>s\u0131n\u0131 ba\u015fa d\u00fc\u015fm\u0259k \u00e7\u0259tindir.<\/font><\/p>\n<p><b>N\u00f6v<\/b> \u2013 Bir \u015feyin \u00e7e\u015fidi veya t\u00fcr\u00fc.<br \/>\n<font color=\"#2D3AC7\">Bu kitabda m\u00fcxt\u0259lif <b>n\u00f6v<\/b> \u015f\u0259kill\u0259r var.<\/font><\/p>\n<h3>Kullan\u0131m \u00d6rnekleri<\/h3>\n<p><b>\u018fl \u0130\u015fi<\/b> \u2013 Elle yap\u0131lm\u0131\u015f bir \u015fey.<br \/>\n<font color=\"#2D3AC7\">Bu <b>\u0259l i\u015fi<\/b> \u015f\u0259kil \u00e7ox g\u00f6z\u0259ldir.<\/font><\/p>\n<p><b>Fotoqraf<\/b> \u2013 Foto\u011fraf \u00e7eken ki\u015fi.<br \/>\n<font color=\"#2D3AC7\">Pe\u015f\u0259kar <b>fotoqraf<\/b> g\u00f6z\u0259l \u015f\u0259kill\u0259r \u00e7\u0259kir.<\/font><\/p>\n<p><b>R\u0259ssam<\/b> \u2013 Resim \u00e7izen veya sanatla u\u011fra\u015fan ki\u015fi.<br \/>\n<font color=\"#2D3AC7\">O, m\u0259\u015fhur bir <b>r\u0259ssam<\/b>d\u0131r.<\/font><\/p>\n<h2>\u015e\u0259kil v\u0259 Foto\u011fraf\u0131n Ortak Kullan\u0131m Alanlar\u0131<\/h2>\n<p>Hem <b>\u015f\u0259kil<\/b> hem de <b>foto\u011fraf<\/b> bir\u00e7ok ortak kullan\u0131m alan\u0131na sahiptir. \u0130kisi de g\u00f6rsel ileti\u015fimde \u00f6nemli bir rol oynar ve bilgiyi g\u00f6rsel olarak ifade etmenin g\u00fc\u00e7l\u00fc ara\u00e7lar\u0131d\u0131r.<\/p>\n<p><b>\u0130stifad\u0259<\/b> \u2013 Bir \u015feyin nas\u0131l kullan\u0131ld\u0131\u011f\u0131 veya uyguland\u0131\u011f\u0131.<br \/>\n<font color=\"#2D3AC7\">Bu cihaz\u0131n <b>istifad\u0259<\/b> qaydalar\u0131n\u0131 bilm\u0259k vacibdir.<\/font><\/p>\n<p><b>T\u0259qdim<\/b> \u2013 Bir \u015feyi sunma veya g\u00f6sterme.<br \/>\n<font color=\"#2D3AC7\">Konfransda maraql\u0131 bir <b>t\u0259qdim<\/b> oldu.<\/font><\/p>\n<h3>G\u00f6rsel \u0130leti\u015fim<\/h3>\n<p>G\u00f6rsel ileti\u015fim, bilgiyi g\u00f6rsel olarak sunma s\u00fcrecidir. Hem \u015f\u0259kil hem d\u0259 foto\u011fraf bu s\u00fcre\u00e7te kritik bir role sahiptir.<\/p>\n<p><b>G\u00f6rsel<\/b> \u2013 G\u00f6rme ile ilgili olan.<br \/>\n<font color=\"#2D3AC7\">Bu m\u0259qal\u0259d\u0259 \u00e7oxlu <b>g\u00f6rsel<\/b> materiallar var.<\/font><\/p>\n<p><b>\u0130leti\u015fim<\/b> \u2013 Bilgi veya d\u00fc\u015f\u00fcncelerin aktar\u0131lmas\u0131.<br \/>\n<font color=\"#2D3AC7\">Effektiv <b>kommunikasiya<\/b> bacar\u0131qlar\u0131 vacibdir.<\/font><\/p>\n<h3>Sanat ve Tasar\u0131m<\/h3>\n<p>Sanat ve tasar\u0131m alan\u0131nda hem \u015f\u0259kil hem d\u0259 foto\u011fraf geni\u015f \u00e7apta kullan\u0131l\u0131r. Resim yapma, grafik tasar\u0131m, foto\u011fraf\u00e7\u0131l\u0131k gibi \u00e7e\u015fitli sanat dallar\u0131nda bu iki kelimenin anlam\u0131n\u0131 ve kullan\u0131m\u0131n\u0131 bilmek \u00f6nemlidir.<\/p>\n<p><b>Sanat<\/b> \u2013 Yarat\u0131c\u0131 ve estetik ifade bi\u00e7imi.<br \/>\n<font color=\"#2D3AC7\">M\u00fcasir <b>inc\u0259s\u0259n\u0259t<\/b> s\u0259rgisi \u00e7ox maraql\u0131 idi.<\/font><\/p>\n<p><b>Tasar\u0131m<\/b> \u2013 Bir \u015feyin planlanmas\u0131 ve olu\u015fturulmas\u0131 s\u00fcreci.<br \/>\n<font color=\"#2D3AC7\">Bu veb sayt\u0131n <b>dizayn<\/b>\u0131 \u00e7ox yenilik\u00e7idir.<\/font><\/p>\n<p><b>Fotoqrafiya<\/b> \u2013 Foto\u011fraf \u00e7ekme sanat\u0131.<br \/>\n<font color=\"#2D3AC7\"><b>Fotoqrafiya<\/b> kursuna qat\u0131lmaq ist\u0259yir\u0259m.<\/font><\/p>\n<p><b>R\u0259sm<\/b> \u2013 Bir nesnenin veya sahnenin elle \u00e7izilmi\u015f temsilidir.<br \/>\n<font color=\"#2D3AC7\">Bu <b>r\u0259sm<\/b> \u00e7ox g\u00f6z\u0259ldir.<\/font><\/p>\n<h2>Sonu\u00e7<\/h2>\n<p>Azerice&#8217;deki <b>\u015f\u0259kil<\/b> ve <b>foto\u011fraf<\/b> kelimelerinin farkl\u0131 anlamlar\u0131 ve kullan\u0131m alanlar\u0131 vard\u0131r. \u015e\u0259kil daha geni\u015f bir anlamda kullan\u0131l\u0131rken, foto\u011fraf spesifik olarak kamerayla \u00e7ekilen g\u00f6rselleri ifade eder. Her iki kelimenin de do\u011fru bir \u015fekilde kullan\u0131lmas\u0131, dil becerilerinizi geli\u015ftirmenize ve g\u00f6rsel ileti\u015fimi daha etkili bir \u015fekilde ger\u00e7ekle\u015ftirebilmenize yard\u0131mc\u0131 olacakt\u0131r. Bu makalede verdi\u011fimiz tan\u0131mlar ve \u00f6rnek c\u00fcmlelerle, \u015f\u0259kil v\u0259 foto\u011fraf aras\u0131ndaki farklar\u0131 ve kullan\u0131m alanlar\u0131n\u0131 daha iyi anlam\u0131\u015f olmal\u0131s\u0131n\u0131z.<\/p>\n","protected":false},"featured_media":1529202,"template":"","vocabulary_language":[3965],"class_list":["post-741748","vocabulary","type-vocabulary","status-publish","has-post-thumbnail","hentry","vocabulary_language-azero"],"acf":[],"yoast_head":"<!-- This site is optimized with the Yoast SEO Premium plugin v27.2 (Yoast SEO v27.2) - https:\/\/yoast.com\/product\/yoast-seo-premium-wordpress\/ -->\n<title>\u015e\u0259kil vs. Foto\u011fraf - Immagine contro fotografia in azero - Talkpal<\/title>\n<meta name=\"description\" content=\"\u0130talyanca \u00f6\u011frenmek isteyenler i\u00e7in Azerice&#039;deki baz\u0131 kelimelerin anlamlar\u0131n\u0131 ve kullan\u0131m\u0131n\u0131 \u00f6\u011frenmek olduk\u00e7a faydal\u0131 olabilir. Bug\u00fcn, iki \u00f6nemli kelime\" \/>\n<meta name=\"robots\" content=\"index, follow, max-snippet:-1, max-image-preview:large, max-video-preview:-1\" \/>\n<link rel=\"canonical\" href=\"https:\/\/talkpal.ai\/it\/vocabulary\/s%c9%99kil-vs-fotograf-immagine-contro-fotografia-in-azero\/\" \/>\n<meta property=\"og:locale\" content=\"it_IT\" \/>\n<meta property=\"og:type\" content=\"article\" \/>\n<meta property=\"og:title\" content=\"\u015e\u0259kil vs. Foto\u011fraf - Immagine contro fotografia in azero\" \/>\n<meta property=\"og:description\" content=\"\u0130talyanca \u00f6\u011frenmek isteyenler i\u00e7in Azerice&#039;deki baz\u0131 kelimelerin anlamlar\u0131n\u0131 ve kullan\u0131m\u0131n\u0131 \u00f6\u011frenmek olduk\u00e7a faydal\u0131 olabilir. Bug\u00fcn, iki \u00f6nemli kelime\" \/>\n<meta property=\"og:url\" content=\"https:\/\/talkpal.ai\/it\/vocabulary\/s%c9%99kil-vs-fotograf-immagine-contro-fotografia-in-azero\/\" \/>\n<meta property=\"og:site_name\" content=\"Talkpal\" \/>\n<meta property=\"article:publisher\" content=\"https:\/\/www.facebook.com\/profile.php?id=100090733639311\" \/>\n<meta property=\"og:image\" content=\"https:\/\/talkpal.ai\/wp-content\/uploads\/2024\/10\/talkpal_flat_illustration_of_a_employees_working_together_happi_c674ff77-e477-4e09-835a-01d30e561e99.png\" \/>\n\t<meta property=\"og:image:width\" content=\"1024\" \/>\n\t<meta property=\"og:image:height\" content=\"1024\" \/>\n\t<meta property=\"og:image:type\" content=\"image\/png\" \/>\n<meta name=\"twitter:card\" content=\"summary_large_image\" \/>\n<meta name=\"twitter:site\" content=\"@talkpalai\" \/>\n<meta name=\"twitter:label1\" content=\"Tempo di lettura stimato\" \/>\n\t<meta name=\"twitter:data1\" content=\"5 minuti\" \/>\n<script type=\"application\/ld+json\" class=\"yoast-schema-graph\">{\"@context\":\"https:\/\/schema.org\",\"@graph\":[{\"@type\":\"WebPage\",\"@id\":\"https:\/\/talkpal.ai\/it\/vocabulary\/s%c9%99kil-vs-fotograf-immagine-contro-fotografia-in-azero\/\",\"url\":\"https:\/\/talkpal.ai\/it\/vocabulary\/s%c9%99kil-vs-fotograf-immagine-contro-fotografia-in-azero\/\",\"name\":\"\u015e\u0259kil vs. Foto\u011fraf - Immagine contro fotografia in azero - Talkpal\",\"isPartOf\":{\"@id\":\"https:\/\/talkpal.ai\/it\/#website\"},\"primaryImageOfPage\":{\"@id\":\"https:\/\/talkpal.ai\/it\/vocabulary\/s%c9%99kil-vs-fotograf-immagine-contro-fotografia-in-azero\/#primaryimage\"},\"image\":{\"@id\":\"https:\/\/talkpal.ai\/it\/vocabulary\/s%c9%99kil-vs-fotograf-immagine-contro-fotografia-in-azero\/#primaryimage\"},\"thumbnailUrl\":\"https:\/\/talkpal.ai\/wp-content\/uploads\/2025\/12\/three-people-on-couch-learning-languages.webp\",\"datePublished\":\"2024-06-10T14:16:41+00:00\",\"description\":\"\u0130talyanca \u00f6\u011frenmek isteyenler i\u00e7in Azerice'deki baz\u0131 kelimelerin anlamlar\u0131n\u0131 ve kullan\u0131m\u0131n\u0131 \u00f6\u011frenmek olduk\u00e7a faydal\u0131 olabilir. Bug\u00fcn, iki \u00f6nemli kelime\",\"breadcrumb\":{\"@id\":\"https:\/\/talkpal.ai\/it\/vocabulary\/s%c9%99kil-vs-fotograf-immagine-contro-fotografia-in-azero\/#breadcrumb\"},\"inLanguage\":\"it-IT\",\"potentialAction\":[{\"@type\":\"ReadAction\",\"target\":[\"https:\/\/talkpal.ai\/it\/vocabulary\/s%c9%99kil-vs-fotograf-immagine-contro-fotografia-in-azero\/\"]}]},{\"@type\":\"ImageObject\",\"inLanguage\":\"it-IT\",\"@id\":\"https:\/\/talkpal.ai\/it\/vocabulary\/s%c9%99kil-vs-fotograf-immagine-contro-fotografia-in-azero\/#primaryimage\",\"url\":\"https:\/\/talkpal.ai\/wp-content\/uploads\/2025\/12\/three-people-on-couch-learning-languages.webp\",\"contentUrl\":\"https:\/\/talkpal.ai\/wp-content\/uploads\/2025\/12\/three-people-on-couch-learning-languages.webp\",\"width\":1200,\"height\":896,\"caption\":\"Three students sit on a brown couch with laptops and books for learning languages.\"},{\"@type\":\"BreadcrumbList\",\"@id\":\"https:\/\/talkpal.ai\/it\/vocabulary\/s%c9%99kil-vs-fotograf-immagine-contro-fotografia-in-azero\/#breadcrumb\",\"itemListElement\":[{\"@type\":\"ListItem\",\"position\":1,\"name\":\"Homepage\",\"item\":\"https:\/\/talkpal.ai\/it\/\"},{\"@type\":\"ListItem\",\"position\":2,\"name\":\"\u015e\u0259kil vs. Foto\u011fraf &#8211; Immagine contro fotografia in azero\"}]},{\"@type\":\"WebSite\",\"@id\":\"https:\/\/talkpal.ai\/it\/#website\",\"url\":\"https:\/\/talkpal.ai\/it\/\",\"name\":\"Talkpal\",\"description\":\"AI Language Learning\",\"publisher\":{\"@id\":\"https:\/\/talkpal.ai\/it\/#organization\"},\"alternateName\":\"Talkpal AI\",\"potentialAction\":[{\"@type\":\"SearchAction\",\"target\":{\"@type\":\"EntryPoint\",\"urlTemplate\":\"https:\/\/talkpal.ai\/it\/?s={search_term_string}\"},\"query-input\":{\"@type\":\"PropertyValueSpecification\",\"valueRequired\":true,\"valueName\":\"search_term_string\"}}],\"inLanguage\":\"it-IT\"},{\"@type\":\"Organization\",\"@id\":\"https:\/\/talkpal.ai\/it\/#organization\",\"name\":\"Talkpal, Inc.\",\"alternateName\":\"Talkpal AI\",\"url\":\"https:\/\/talkpal.ai\/it\/\",\"logo\":{\"@type\":\"ImageObject\",\"inLanguage\":\"it-IT\",\"@id\":\"https:\/\/talkpal.ai\/it\/#\/schema\/logo\/image\/\",\"url\":\"https:\/\/talkpal.ai\/wp-content\/uploads\/2024\/03\/Talkpal-Logo-Icon.png\",\"contentUrl\":\"https:\/\/talkpal.ai\/wp-content\/uploads\/2024\/03\/Talkpal-Logo-Icon.png\",\"width\":2880,\"height\":2880,\"caption\":\"Talkpal, Inc.\"},\"image\":{\"@id\":\"https:\/\/talkpal.ai\/it\/#\/schema\/logo\/image\/\"},\"sameAs\":[\"https:\/\/www.facebook.com\/profile.php?id=100090733639311\",\"https:\/\/x.com\/talkpalai\",\"https:\/\/www.linkedin.com\/company\/talkpal\/\",\"https:\/\/www.youtube.com\/@TalkPal\/\",\"https:\/\/www.tiktok.com\/@talkpal\",\"https:\/\/www.instagram.com\/talkpal_ai\/\",\"https:\/\/www.crunchbase.com\/organization\/talkpal-9cde\",\"https:\/\/www.g2.com\/products\/talkpal-for-business\/\",\"https:\/\/www.trustpilot.com\/review\/talkpal.ai\",\"https:\/\/www.capterra.com\/p\/10006800\/TalkPal\/\"],\"description\":\"Talkpal is a language learning web and mobile education app, powered by the latest AI technologies, that provides engaging experiences to its customers in many different languages to help them improve their language skills. Users can chat about unlimited amount of topics with the app and use other modes to practice their language learning.\",\"email\":\"support@talkpal.ai\",\"legalName\":\"Talkpal, Inc.\",\"foundingDate\":\"2023-04-03\",\"duns\":\"118989042\",\"numberOfEmployees\":{\"@type\":\"QuantitativeValue\",\"minValue\":\"11\",\"maxValue\":\"50\"},\"publishingPrinciples\":\"https:\/\/talkpal.ai\/publishing-principles\/\",\"actionableFeedbackPolicy\":\"https:\/\/talkpal.ai\/actionable-feedback-policy\/\",\"correctionsPolicy\":\"https:\/\/talkpal.ai\/corrections-policy\/\",\"ethicsPolicy\":\"https:\/\/talkpal.ai\/ethics-policy\/\",\"diversityPolicy\":\"https:\/\/talkpal.ai\/diversity-policy\/\",\"diversityStaffingReport\":\"https:\/\/talkpal.ai\/diversity-policy\/\"}]}<\/script>\n<!-- \/ Yoast SEO Premium plugin. -->","yoast_head_json":{"title":"\u015e\u0259kil vs. Foto\u011fraf - Immagine contro fotografia in azero - Talkpal","description":"\u0130talyanca \u00f6\u011frenmek isteyenler i\u00e7in Azerice'deki baz\u0131 kelimelerin anlamlar\u0131n\u0131 ve kullan\u0131m\u0131n\u0131 \u00f6\u011frenmek olduk\u00e7a faydal\u0131 olabilir. Bug\u00fcn, iki \u00f6nemli kelime","robots":{"index":"index","follow":"follow","max-snippet":"max-snippet:-1","max-image-preview":"max-image-preview:large","max-video-preview":"max-video-preview:-1"},"canonical":"https:\/\/talkpal.ai\/it\/vocabulary\/s%c9%99kil-vs-fotograf-immagine-contro-fotografia-in-azero\/","og_locale":"it_IT","og_type":"article","og_title":"\u015e\u0259kil vs. Foto\u011fraf - Immagine contro fotografia in azero","og_description":"\u0130talyanca \u00f6\u011frenmek isteyenler i\u00e7in Azerice'deki baz\u0131 kelimelerin anlamlar\u0131n\u0131 ve kullan\u0131m\u0131n\u0131 \u00f6\u011frenmek olduk\u00e7a faydal\u0131 olabilir. Bug\u00fcn, iki \u00f6nemli kelime","og_url":"https:\/\/talkpal.ai\/it\/vocabulary\/s%c9%99kil-vs-fotograf-immagine-contro-fotografia-in-azero\/","og_site_name":"Talkpal","article_publisher":"https:\/\/www.facebook.com\/profile.php?id=100090733639311","og_image":[{"width":1024,"height":1024,"url":"https:\/\/talkpal.ai\/wp-content\/uploads\/2024\/10\/talkpal_flat_illustration_of_a_employees_working_together_happi_c674ff77-e477-4e09-835a-01d30e561e99.png","type":"image\/png"}],"twitter_card":"summary_large_image","twitter_site":"@talkpalai","twitter_misc":{"Tempo di lettura stimato":"5 minuti"},"schema":{"@context":"https:\/\/schema.org","@graph":[{"@type":"WebPage","@id":"https:\/\/talkpal.ai\/it\/vocabulary\/s%c9%99kil-vs-fotograf-immagine-contro-fotografia-in-azero\/","url":"https:\/\/talkpal.ai\/it\/vocabulary\/s%c9%99kil-vs-fotograf-immagine-contro-fotografia-in-azero\/","name":"\u015e\u0259kil vs. Foto\u011fraf - Immagine contro fotografia in azero - Talkpal","isPartOf":{"@id":"https:\/\/talkpal.ai\/it\/#website"},"primaryImageOfPage":{"@id":"https:\/\/talkpal.ai\/it\/vocabulary\/s%c9%99kil-vs-fotograf-immagine-contro-fotografia-in-azero\/#primaryimage"},"image":{"@id":"https:\/\/talkpal.ai\/it\/vocabulary\/s%c9%99kil-vs-fotograf-immagine-contro-fotografia-in-azero\/#primaryimage"},"thumbnailUrl":"https:\/\/talkpal.ai\/wp-content\/uploads\/2025\/12\/three-people-on-couch-learning-languages.webp","datePublished":"2024-06-10T14:16:41+00:00","description":"\u0130talyanca \u00f6\u011frenmek isteyenler i\u00e7in Azerice'deki baz\u0131 kelimelerin anlamlar\u0131n\u0131 ve kullan\u0131m\u0131n\u0131 \u00f6\u011frenmek olduk\u00e7a faydal\u0131 olabilir. Bug\u00fcn, iki \u00f6nemli kelime","breadcrumb":{"@id":"https:\/\/talkpal.ai\/it\/vocabulary\/s%c9%99kil-vs-fotograf-immagine-contro-fotografia-in-azero\/#breadcrumb"},"inLanguage":"it-IT","potentialAction":[{"@type":"ReadAction","target":["https:\/\/talkpal.ai\/it\/vocabulary\/s%c9%99kil-vs-fotograf-immagine-contro-fotografia-in-azero\/"]}]},{"@type":"ImageObject","inLanguage":"it-IT","@id":"https:\/\/talkpal.ai\/it\/vocabulary\/s%c9%99kil-vs-fotograf-immagine-contro-fotografia-in-azero\/#primaryimage","url":"https:\/\/talkpal.ai\/wp-content\/uploads\/2025\/12\/three-people-on-couch-learning-languages.webp","contentUrl":"https:\/\/talkpal.ai\/wp-content\/uploads\/2025\/12\/three-people-on-couch-learning-languages.webp","width":1200,"height":896,"caption":"Three students sit on a brown couch with laptops and books for learning languages."},{"@type":"BreadcrumbList","@id":"https:\/\/talkpal.ai\/it\/vocabulary\/s%c9%99kil-vs-fotograf-immagine-contro-fotografia-in-azero\/#breadcrumb","itemListElement":[{"@type":"ListItem","position":1,"name":"Homepage","item":"https:\/\/talkpal.ai\/it\/"},{"@type":"ListItem","position":2,"name":"\u015e\u0259kil vs. Foto\u011fraf &#8211; Immagine contro fotografia in azero"}]},{"@type":"WebSite","@id":"https:\/\/talkpal.ai\/it\/#website","url":"https:\/\/talkpal.ai\/it\/","name":"Talkpal","description":"AI Language Learning","publisher":{"@id":"https:\/\/talkpal.ai\/it\/#organization"},"alternateName":"Talkpal AI","potentialAction":[{"@type":"SearchAction","target":{"@type":"EntryPoint","urlTemplate":"https:\/\/talkpal.ai\/it\/?s={search_term_string}"},"query-input":{"@type":"PropertyValueSpecification","valueRequired":true,"valueName":"search_term_string"}}],"inLanguage":"it-IT"},{"@type":"Organization","@id":"https:\/\/talkpal.ai\/it\/#organization","name":"Talkpal, Inc.","alternateName":"Talkpal AI","url":"https:\/\/talkpal.ai\/it\/","logo":{"@type":"ImageObject","inLanguage":"it-IT","@id":"https:\/\/talkpal.ai\/it\/#\/schema\/logo\/image\/","url":"https:\/\/talkpal.ai\/wp-content\/uploads\/2024\/03\/Talkpal-Logo-Icon.png","contentUrl":"https:\/\/talkpal.ai\/wp-content\/uploads\/2024\/03\/Talkpal-Logo-Icon.png","width":2880,"height":2880,"caption":"Talkpal, Inc."},"image":{"@id":"https:\/\/talkpal.ai\/it\/#\/schema\/logo\/image\/"},"sameAs":["https:\/\/www.facebook.com\/profile.php?id=100090733639311","https:\/\/x.com\/talkpalai","https:\/\/www.linkedin.com\/company\/talkpal\/","https:\/\/www.youtube.com\/@TalkPal\/","https:\/\/www.tiktok.com\/@talkpal","https:\/\/www.instagram.com\/talkpal_ai\/","https:\/\/www.crunchbase.com\/organization\/talkpal-9cde","https:\/\/www.g2.com\/products\/talkpal-for-business\/","https:\/\/www.trustpilot.com\/review\/talkpal.ai","https:\/\/www.capterra.com\/p\/10006800\/TalkPal\/"],"description":"Talkpal is a language learning web and mobile education app, powered by the latest AI technologies, that provides engaging experiences to its customers in many different languages to help them improve their language skills. Users can chat about unlimited amount of topics with the app and use other modes to practice their language learning.","email":"support@talkpal.ai","legalName":"Talkpal, Inc.","foundingDate":"2023-04-03","duns":"118989042","numberOfEmployees":{"@type":"QuantitativeValue","minValue":"11","maxValue":"50"},"publishingPrinciples":"https:\/\/talkpal.ai\/publishing-principles\/","actionableFeedbackPolicy":"https:\/\/talkpal.ai\/actionable-feedback-policy\/","correctionsPolicy":"https:\/\/talkpal.ai\/corrections-policy\/","ethicsPolicy":"https:\/\/talkpal.ai\/ethics-policy\/","diversityPolicy":"https:\/\/talkpal.ai\/diversity-policy\/","diversityStaffingReport":"https:\/\/talkpal.ai\/diversity-policy\/"}]}},"_links":{"self":[{"href":"https:\/\/talkpal.ai\/it\/wp-json\/wp\/v2\/vocabulary\/741748","targetHints":{"allow":["GET"]}}],"collection":[{"href":"https:\/\/talkpal.ai\/it\/wp-json\/wp\/v2\/vocabulary"}],"about":[{"href":"https:\/\/talkpal.ai\/it\/wp-json\/wp\/v2\/types\/vocabulary"}],"wp:featuredmedia":[{"embeddable":true,"href":"https:\/\/talkpal.ai\/it\/wp-json\/wp\/v2\/media\/1529202"}],"wp:attachment":[{"href":"https:\/\/talkpal.ai\/it\/wp-json\/wp\/v2\/media?parent=741748"}],"wp:term":[{"taxonomy":"vocabulary_language","embeddable":true,"href":"https:\/\/talkpal.ai\/it\/wp-json\/wp\/v2\/vocabulary_language?post=741748"}],"curies":[{"name":"wp","href":"https:\/\/api.w.org\/{rel}","templated":true}]}}