{"id":705206,"date":"2024-06-08T04:49:43","date_gmt":"2024-06-08T04:49:43","guid":{"rendered":"https:\/\/talkpal.ai\/vocabulary\/monitoraggio-del-tempo-e-parole-del-calendario-in-islandese\/"},"modified":"2024-06-08T04:49:43","modified_gmt":"2024-06-08T04:49:43","slug":"monitoraggio-del-tempo-e-parole-del-calendario-in-islandese","status":"publish","type":"vocabulary","link":"https:\/\/talkpal.ai\/it\/vocabulary\/monitoraggio-del-tempo-e-parole-del-calendario-in-islandese\/","title":{"rendered":"Monitoraggio del tempo e parole del calendario in islandese"},"content":{"rendered":"<p>Imparare una nuova lingua pu\u00f2 essere un&#8217;avventura emozionante e arricchente. Una delle prime cose che spesso impariamo sono le parole per il tempo e il calendario, perch\u00e9 sono utili per la <a href=\"https:\/\/talkpal.ai\/it\/culture\/scorci-di-vita-quotidiana-italiana-e-la-lingua\/\">vita quotidiana<\/a>. In questo articolo, esploreremo il vocabolario <a href=\"https:\/\/talkpal.ai\/learn-icelandic\/\">islandese<\/a> relativo al tempo e al calendario. Questo ti aiuter\u00e0 a monitorare il tempo e a pianificare le tue attivit\u00e0 in islandese.<\/p>\n<h2>D\u00ec della settimana<\/h2>\n<p><b>M\u00e1nudagur<\/b> &#8211; Luned\u00ec.<br \/>\nM\u00e1nudagur \u00e8 il primo giorno della settimana lavorativa.<br \/>\n<font color=\"#2D3AC7\">\u00c9g fer \u00ed r\u00e6ktina \u00e1 m\u00e1nud\u00f6gum.<\/font><\/p>\n<p><b>\u00deri\u00f0judagur<\/b> &#8211; Marted\u00ec.<br \/>\n\u00deri\u00f0judagur segue M\u00e1nudagur e precede Mi\u00f0vikudagur.<br \/>\n<font color=\"#2D3AC7\">Vi\u00f0 h\u00f6fum fund \u00e1 \u00feri\u00f0judag.<\/font><\/p>\n<p><b>Mi\u00f0vikudagur<\/b> &#8211; Mercoled\u00ec.<br \/>\nMi\u00f0vikudagur \u00e8 il terzo giorno della settimana.<br \/>\n<font color=\"#2D3AC7\">\u00c9g fer \u00e1 b\u00f3kasafni\u00f0 \u00e1 mi\u00f0vikud\u00f6gum.<\/font><\/p>\n<p><b>Fimmtudagur<\/b> &#8211; Gioved\u00ec.<br \/>\nFimmtudagur \u00e8 il giorno che segue Mi\u00f0vikudagur.<br \/>\n<font color=\"#2D3AC7\">Vi\u00f0 hittumst \u00e1 fimmtudag.<\/font><\/p>\n<p><b>F\u00f6studagur<\/b> &#8211; Venerd\u00ec.<br \/>\nF\u00f6studagur \u00e8 spesso considerato l&#8217;ultimo giorno della settimana lavorativa.<br \/>\n<font color=\"#2D3AC7\">\u00c9g elska f\u00f6studaga \u00fev\u00ed \u00fe\u00e1 byrjar helgin.<\/font><\/p>\n<p><b>Laugardagur<\/b> &#8211; Sabato.<br \/>\nLaugardagur \u00e8 il primo giorno del fine settimana.<br \/>\n<font color=\"#2D3AC7\">Vi\u00f0 f\u00f6rum oft \u00ed b\u00ed\u00f3 \u00e1 laugard\u00f6gum.<\/font><\/p>\n<p><b>Sunnudagur<\/b> &#8211; Domenica.<br \/>\nSunnudagur \u00e8 il giorno di riposo per molti.<br \/>\n<font color=\"#2D3AC7\">Sunnudagar eru til a\u00f0 slaka \u00e1.<\/font><\/p>\n<h2>Mesi dell&#8217;anno<\/h2>\n<p><b>Jan\u00faar<\/b> &#8211; Gennaio.<br \/>\nJan\u00faar \u00e8 il primo mese dell&#8217;anno.<br \/>\n<font color=\"#2D3AC7\">Jan\u00faar er mj\u00f6g kaldur \u00ed \u00cdslandi.<\/font><\/p>\n<p><b>Febr\u00faar<\/b> &#8211; Febbraio.<br \/>\nFebr\u00faar \u00e8 il secondo mese dell&#8217;anno.<br \/>\n<font color=\"#2D3AC7\">\u00c9g \u00e1 afm\u00e6li \u00ed febr\u00faar.<\/font><\/p>\n<p><b>Mars<\/b> &#8211; Marzo.<br \/>\nMars \u00e8 il terzo mese dell&#8217;anno.<br \/>\n<font color=\"#2D3AC7\">Mars er oft vetrarlegur \u00ed \u00cdslandi.<\/font><\/p>\n<p><b>Apr\u00edl<\/b> &#8211; Aprile.<br \/>\nApr\u00edl \u00e8 il quarto mese dell&#8217;anno.<br \/>\n<font color=\"#2D3AC7\">Bl\u00f3m <a href=\"https:\/\/talkpal.ai\/ko\/ai-%ec%96%b8%ec%96%b4-%ea%b5%90%ec%82%ac\/\">byrja<\/a> a\u00f0 bl\u00f3mstra \u00ed apr\u00edl.<\/font><\/p>\n<p><b>Ma\u00ed<\/b> &#8211; Maggio.<br \/>\nMa\u00ed \u00e8 il quinto mese dell&#8217;anno.<br \/>\n<font color=\"#2D3AC7\">Ma\u00ed er m\u00e1nu\u00f0ur vorsins.<\/font><\/p>\n<p><b>J\u00fan\u00ed<\/b> &#8211; Giugno.<br \/>\nJ\u00fan\u00ed \u00e8 il sesto mese dell&#8217;anno.<br \/>\n<font color=\"#2D3AC7\">Sumari\u00f0 byrjar \u00ed j\u00fan\u00ed.<\/font><\/p>\n<p><b>J\u00fal\u00ed<\/b> &#8211; Luglio.<br \/>\nJ\u00fal\u00ed \u00e8 il settimo mese dell&#8217;anno.<br \/>\n<font color=\"#2D3AC7\">J\u00fal\u00ed er oftast heitasti m\u00e1nu\u00f0urinn.<\/font><\/p>\n<p><b>\u00c1g\u00fast<\/b> &#8211; Agosto.<br \/>\n\u00c1g\u00fast \u00e8 l&#8217;ottavo mese dell&#8217;anno.<br \/>\n<font color=\"#2D3AC7\">Sk\u00f3larnir byrja aftur \u00ed \u00e1g\u00fast.<\/font><\/p>\n<p><b>September<\/b> &#8211; Settembre.<br \/>\nSeptember \u00e8 il nono mese dell&#8217;anno.<br \/>\n<font color=\"#2D3AC7\">Tr\u00e9n byrja a\u00f0 breyta lit \u00ed september.<\/font><\/p>\n<p><b>Okt\u00f3ber<\/b> &#8211; Ottobre.<br \/>\nOkt\u00f3ber \u00e8 il decimo mese dell&#8217;anno.<br \/>\n<font color=\"#2D3AC7\">Hausti\u00f0 er \u00ed fullum gangi \u00ed okt\u00f3ber.<\/font><\/p>\n<p><b>N\u00f3vember<\/b> &#8211; Novembre.<br \/>\nN\u00f3vember \u00e8 l&#8217;undicesimo mese dell&#8217;anno.<br \/>\n<font color=\"#2D3AC7\">\u00dea\u00f0 ver\u00f0ur dimmt \u00ed n\u00f3vember.<\/font><\/p>\n<p><b>Desember<\/b> &#8211; Dicembre.<br \/>\nDesember \u00e8 il dodicesimo mese dell&#8217;anno.<br \/>\n<font color=\"#2D3AC7\">J\u00f3lin koma \u00ed desember.<\/font><\/p>\n<h2>Parole relative al tempo<\/h2>\n<p><b>Klukka<\/b> &#8211; Orologio.<br \/>\nKlukka \u00e8 lo strumento che usiamo per misurare il tempo.<br \/>\n<font color=\"#2D3AC7\">Klukkan er t\u00edu.<\/font><\/p>\n<p><b>M\u00edn\u00fata<\/b> &#8211; Minuto.<br \/>\nM\u00edn\u00fata \u00e8 un&#8217;unit\u00e0 di tempo pari a 60 secondi.<br \/>\n<font color=\"#2D3AC7\">\u00dea\u00f0 tekur fimm m\u00edn\u00fatur a\u00f0 ganga \u00feanga\u00f0.<\/font><\/p>\n<p><b>Sek\u00fanda<\/b> &#8211; Secondo.<br \/>\nSek\u00fanda \u00e8 l&#8217;unit\u00e0 di base del tempo.<br \/>\n<font color=\"#2D3AC7\">\u00dea\u00f0 tekur a\u00f0eins eina sek\u00fandu.<\/font><\/p>\n<p><b>T\u00edmi<\/b> &#8211; Tempo.<br \/>\nT\u00edmi \u00e8 un concetto che indica la progressione degli eventi.<br \/>\n<font color=\"#2D3AC7\">\u00c9g hef ekki mikinn t\u00edma \u00ed dag.<\/font><\/p>\n<p><b>Klukkut\u00edmi<\/b> &#8211; Ora.<br \/>\nKlukkut\u00edmi \u00e8 un periodo di 60 minuti.<br \/>\n<font color=\"#2D3AC7\">N\u00e1mskei\u00f0i\u00f0 tekur tvo klukkut\u00edma.<\/font><\/p>\n<p><b>Dagur<\/b> &#8211; Giorno.<br \/>\nDagur \u00e8 il periodo di 24 ore che costituisce una giornata.<br \/>\n<font color=\"#2D3AC7\">Dagurinn er fallegur \u00ed dag.<\/font><\/p>\n<p><b>Vika<\/b> &#8211; Settimana.<br \/>\nVika \u00e8 un periodo di sette giorni.<br \/>\n<font color=\"#2D3AC7\">\u00c9g fer \u00ed fr\u00ed \u00ed n\u00e6stu viku.<\/font><\/p>\n<p><b>M\u00e1nu\u00f0ur<\/b> &#8211; Mese.<br \/>\nM\u00e1nu\u00f0ur \u00e8 un periodo di circa 30 giorni.<br \/>\n<font color=\"#2D3AC7\">\u00dea\u00f0 eru t\u00f3lf m\u00e1nu\u00f0ir \u00e1 \u00e1ri.<\/font><\/p>\n<p><b>\u00c1r<\/b> &#8211; Anno.<br \/>\n\u00c1r \u00e8 un periodo di 365 o 366 giorni.<br \/>\n<font color=\"#2D3AC7\"><a href=\"https:\/\/talkpal.ai\/talkpal-new-years-discount\/\">N\u00fdtt \u00e1r<\/a> byrjar \u00ed jan\u00faar.<\/font><\/p>\n<p><b>\u00c1ratugur<\/b> &#8211; Decennio.<br \/>\n\u00c1ratugur \u00e8 un periodo di dieci anni.<br \/>\n<font color=\"#2D3AC7\">Vi\u00f0 h\u00f6fum lifa\u00f0 \u00ed \u00e1ratug.<\/font><\/p>\n<p><b>\u00d6ld<\/b> &#8211; Secolo.<br \/>\n\u00d6ld \u00e8 un periodo di <a href=\"https:\/\/talkpal.ai\/locations\/language-courses-in-cento\/\">cento<\/a> anni.<br \/>\n<font color=\"#2D3AC7\">Vi\u00f0 erum \u00e1 tuttugustu og fyrstu \u00f6ld.<\/font><\/p>\n<p><b>\u00c1r\u00fe\u00fasund<\/b> &#8211; Millennio.<br \/>\n\u00c1r\u00fe\u00fasund \u00e8 un periodo di mille anni.<br \/>\n<font color=\"#2D3AC7\">Vi\u00f0 erum \u00e1 \u00feri\u00f0ja \u00e1r\u00fe\u00fasundi.<\/font><\/p>\n<h3>Espressioni comuni<\/h3>\n<p><b>\u00cd dag<\/b> &#8211; Oggi.<br \/>\n\u00cd dag significa il giorno <a href=\"https:\/\/talkpal.ai\/zh-hans\/grammar_exercises\/presente-%e8%a5%bf%e7%8f%ad%e7%89%99%e8%af%ad%e6%b3%95%e7%bb%83%e4%b9%a0\/\">presente<\/a>.<br \/>\n<font color=\"#2D3AC7\">\u00c9g hef mikla vinnu \u00ed dag.<\/font><\/p>\n<p><b>\u00c1 morgun<\/b> &#8211; Domani.<br \/>\n\u00c1 morgun indica il giorno successivo a oggi.<br \/>\n<font color=\"#2D3AC7\">Vi\u00f0 f\u00f6rum \u00ed fer\u00f0alag \u00e1 morgun.<\/font><\/p>\n<p><b>\u00cd g\u00e6r<\/b> &#8211; Ieri.<br \/>\n\u00cd g\u00e6r si riferisce al giorno precedente a oggi.<br \/>\n<font color=\"#2D3AC7\">\u00c9g var \u00ed sk\u00f3lanum \u00ed g\u00e6r.<\/font><\/p>\n<p><b>Um helgina<\/b> &#8211; Nel fine settimana.<br \/>\nUm helgina indica il periodo del weekend.<br \/>\n<font color=\"#2D3AC7\">Vi\u00f0 \u00e6tlum a\u00f0 fara \u00ed b\u00fasta\u00f0 um helgina.<\/font><\/p>\n<p><b>N\u00e6sta vika<\/b> &#8211; La prossima settimana.<br \/>\nN\u00e6sta vika indica la settimana seguente a quella <a href=\"https:\/\/talkpal.ai\/locations\/language-courses-in-corrente\/\">corrente<\/a>.<br \/>\n<font color=\"#2D3AC7\">\u00c9g \u00e1 t\u00edma hj\u00e1 l\u00e6kni \u00ed n\u00e6stu viku.<\/font><\/p>\n<p><b>S\u00ed\u00f0asta vika<\/b> &#8211; La settimana scorsa.<br \/>\nS\u00ed\u00f0asta vika si riferisce alla settimana precedente.<br \/>\n<font color=\"#2D3AC7\">\u00c9g var \u00ed fr\u00edi s\u00ed\u00f0ustu viku.<\/font><\/p>\n<p><b>\u00c1 hverjum degi<\/b> &#8211; Ogni giorno.<br \/>\n\u00c1 hverjum degi significa ogni giorno della settimana.<br \/>\n<font color=\"#2D3AC7\">\u00c9g fer \u00ed vinnuna \u00e1 hverjum degi.<\/font><\/p>\n<p><b>\u00c1rlega<\/b> &#8211; Annualmente.<br \/>\n\u00c1rlega significa una volta all&#8217;anno.<br \/>\n<font color=\"#2D3AC7\">Vi\u00f0 f\u00f6rum \u00ed sumarfr\u00ed \u00e1rlega.<\/font><\/p>\n<p><b>Vikulega<\/b> &#8211; Settimanalmente.<br \/>\nVikulega significa una volta alla settimana.<br \/>\n<font color=\"#2D3AC7\">\u00c9g fer \u00ed sund vikulega.<\/font><\/p>\n<p><b>M\u00e1na\u00f0arlega<\/b> &#8211; Mensilmente.<br \/>\nM\u00e1na\u00f0arlega significa una volta al mese.<br \/>\n<font color=\"#2D3AC7\">Vi\u00f0 hittumst m\u00e1na\u00f0arlega.<\/font><\/p>\n<h2>Conversazioni sul tempo<\/h2>\n<p>Quando parli del tempo in islandese, \u00e8 utile sapere alcune frasi e domande comuni.<\/p>\n<p><b>Hva\u00f0 er klukkan?<\/b> &#8211; Che ore sono?<br \/>\nQuesta \u00e8 una domanda comune per chiedere l&#8217;ora.<br \/>\n<font color=\"#2D3AC7\">Hva\u00f0 er klukkan n\u00fana?<\/font><\/p>\n<p><b>Klukkan er&#8230;<\/b> &#8211; Sono le&#8230;<br \/>\nRisposta alla domanda sull&#8217;ora.<br \/>\n<font color=\"#2D3AC7\">Klukkan er t\u00edu.<\/font><\/p>\n<p><b>N\u00fa<\/b> &#8211; Adesso.<br \/>\nN\u00fa significa il momento presente.<br \/>\n<font color=\"#2D3AC7\">N\u00fa erum vi\u00f0 a\u00f0 bor\u00f0a.<\/font><\/p>\n<p><b>Seinna<\/b> &#8211; Pi\u00f9 tardi.<br \/>\nSeinna indica un momento futuro non specifico.<br \/>\n<font color=\"#2D3AC7\">Vi\u00f0 hittumst seinna.<\/font><\/p>\n<p><b>Strax<\/b> &#8211; Subito.<br \/>\nStrax significa immediatamente.<br \/>\n<font color=\"#2D3AC7\">\u00c9g kem strax.<\/font><\/p>\n<p><b>Seint<\/b> &#8211; Tardi.<br \/>\nSeint indica un tempo tardivo.<br \/>\n<font color=\"#2D3AC7\">\u00c9g kom seint heim \u00ed g\u00e6r.<\/font><\/p>\n<p><b>Snemma<\/b> &#8211; Presto.<br \/>\nSnemma indica un tempo mattiniero o anticipato.<br \/>\n<font color=\"#2D3AC7\">\u00c9g vakna\u00f0i snemma \u00ed morgun.<\/font><\/p>\n<p><b>Alltaf<\/b> &#8211; Sempre.<br \/>\nAlltaf significa in ogni occasione.<br \/>\n<font color=\"#2D3AC7\">\u00c9g fer alltaf \u00ed g\u00f6ngut\u00far \u00e1 morgnana.<\/font><\/p>\n<p><b>Stundum<\/b> &#8211; A volte.<br \/>\nStundum significa occasionalmente.<br \/>\n<font color=\"#2D3AC7\">\u00c9g bor\u00f0a stundum fisk.<\/font><\/p>\n<p><b>Aldrei<\/b> &#8211; Mai.<br \/>\nAldrei significa in nessuna occasione.<br \/>\n<font color=\"#2D3AC7\">\u00c9g drekk aldrei kaffi.<\/font><\/p>\n<p>Imparare il vocabolario del tempo e del calendario in islandese ti permette di comunicare pi\u00f9 facilmente le tue attivit\u00e0 quotidiane e di comprendere meglio le conversazioni. Spero che questo articolo ti sia stato utile e ti invito a continuare ad esplorare la lingua islandese. Buona fortuna!<\/p>\n","protected":false},"featured_media":1527809,"template":"","vocabulary_language":[3978],"class_list":["post-705206","vocabulary","type-vocabulary","status-publish","has-post-thumbnail","hentry","vocabulary_language-islandese"],"acf":[],"yoast_head":"<!-- This site is optimized with the Yoast SEO Premium plugin v27.2 (Yoast SEO v27.2) - https:\/\/yoast.com\/product\/yoast-seo-premium-wordpress\/ -->\n<title>Monitoraggio del tempo e parole del calendario in islandese - Talkpal<\/title>\n<meta name=\"description\" content=\"Imparare una nuova lingua pu\u00f2 essere un&#039;avventura emozionante e arricchente. Una delle prime cose che spesso impariamo sono le parole per il tempo e il\" \/>\n<meta name=\"robots\" content=\"index, follow, max-snippet:-1, max-image-preview:large, max-video-preview:-1\" \/>\n<link rel=\"canonical\" href=\"https:\/\/talkpal.ai\/it\/vocabulary\/monitoraggio-del-tempo-e-parole-del-calendario-in-islandese\/\" \/>\n<meta property=\"og:locale\" content=\"it_IT\" \/>\n<meta property=\"og:type\" content=\"article\" \/>\n<meta property=\"og:title\" content=\"Monitoraggio del tempo e parole del calendario in islandese\" \/>\n<meta property=\"og:description\" content=\"Imparare una nuova lingua pu\u00f2 essere un&#039;avventura emozionante e arricchente. Una delle prime cose che spesso impariamo sono le parole per il tempo e il\" \/>\n<meta property=\"og:url\" content=\"https:\/\/talkpal.ai\/it\/vocabulary\/monitoraggio-del-tempo-e-parole-del-calendario-in-islandese\/\" \/>\n<meta property=\"og:site_name\" content=\"Talkpal\" \/>\n<meta property=\"article:publisher\" content=\"https:\/\/www.facebook.com\/profile.php?id=100090733639311\" \/>\n<meta property=\"og:image\" content=\"https:\/\/talkpal.ai\/wp-content\/uploads\/2024\/10\/talkpal_flat_illustration_of_a_employees_working_together_happi_c674ff77-e477-4e09-835a-01d30e561e99.png\" \/>\n\t<meta property=\"og:image:width\" content=\"1024\" \/>\n\t<meta property=\"og:image:height\" content=\"1024\" \/>\n\t<meta property=\"og:image:type\" content=\"image\/png\" \/>\n<meta name=\"twitter:card\" content=\"summary_large_image\" \/>\n<meta name=\"twitter:site\" content=\"@talkpalai\" \/>\n<meta name=\"twitter:label1\" content=\"Tempo di lettura stimato\" \/>\n\t<meta name=\"twitter:data1\" content=\"5 minuti\" \/>\n<script type=\"application\/ld+json\" class=\"yoast-schema-graph\">{\"@context\":\"https:\/\/schema.org\",\"@graph\":[{\"@type\":\"WebPage\",\"@id\":\"https:\/\/talkpal.ai\/it\/vocabulary\/monitoraggio-del-tempo-e-parole-del-calendario-in-islandese\/\",\"url\":\"https:\/\/talkpal.ai\/it\/vocabulary\/monitoraggio-del-tempo-e-parole-del-calendario-in-islandese\/\",\"name\":\"Monitoraggio del tempo e parole del calendario in islandese - Talkpal\",\"isPartOf\":{\"@id\":\"https:\/\/talkpal.ai\/it\/#website\"},\"primaryImageOfPage\":{\"@id\":\"https:\/\/talkpal.ai\/it\/vocabulary\/monitoraggio-del-tempo-e-parole-del-calendario-in-islandese\/#primaryimage\"},\"image\":{\"@id\":\"https:\/\/talkpal.ai\/it\/vocabulary\/monitoraggio-del-tempo-e-parole-del-calendario-in-islandese\/#primaryimage\"},\"thumbnailUrl\":\"https:\/\/talkpal.ai\/wp-content\/uploads\/2025\/12\/notebook-is-opened-learning-languages.webp\",\"datePublished\":\"2024-06-08T04:49:43+00:00\",\"description\":\"Imparare una nuova lingua pu\u00f2 essere un'avventura emozionante e arricchente. Una delle prime cose che spesso impariamo sono le parole per il tempo e il\",\"breadcrumb\":{\"@id\":\"https:\/\/talkpal.ai\/it\/vocabulary\/monitoraggio-del-tempo-e-parole-del-calendario-in-islandese\/#breadcrumb\"},\"inLanguage\":\"it-IT\",\"potentialAction\":[{\"@type\":\"ReadAction\",\"target\":[\"https:\/\/talkpal.ai\/it\/vocabulary\/monitoraggio-del-tempo-e-parole-del-calendario-in-islandese\/\"]}]},{\"@type\":\"ImageObject\",\"inLanguage\":\"it-IT\",\"@id\":\"https:\/\/talkpal.ai\/it\/vocabulary\/monitoraggio-del-tempo-e-parole-del-calendario-in-islandese\/#primaryimage\",\"url\":\"https:\/\/talkpal.ai\/wp-content\/uploads\/2025\/12\/notebook-is-opened-learning-languages.webp\",\"contentUrl\":\"https:\/\/talkpal.ai\/wp-content\/uploads\/2025\/12\/notebook-is-opened-learning-languages.webp\",\"width\":1200,\"height\":896,\"caption\":\"Students sit at desks with laptops and stacks of books while learning languages in a busy office environment.\"},{\"@type\":\"BreadcrumbList\",\"@id\":\"https:\/\/talkpal.ai\/it\/vocabulary\/monitoraggio-del-tempo-e-parole-del-calendario-in-islandese\/#breadcrumb\",\"itemListElement\":[{\"@type\":\"ListItem\",\"position\":1,\"name\":\"Homepage\",\"item\":\"https:\/\/talkpal.ai\/it\/\"},{\"@type\":\"ListItem\",\"position\":2,\"name\":\"Monitoraggio del tempo e parole del calendario in islandese\"}]},{\"@type\":\"WebSite\",\"@id\":\"https:\/\/talkpal.ai\/it\/#website\",\"url\":\"https:\/\/talkpal.ai\/it\/\",\"name\":\"Talkpal\",\"description\":\"AI Language Learning\",\"publisher\":{\"@id\":\"https:\/\/talkpal.ai\/it\/#organization\"},\"alternateName\":\"Talkpal AI\",\"potentialAction\":[{\"@type\":\"SearchAction\",\"target\":{\"@type\":\"EntryPoint\",\"urlTemplate\":\"https:\/\/talkpal.ai\/it\/?s={search_term_string}\"},\"query-input\":{\"@type\":\"PropertyValueSpecification\",\"valueRequired\":true,\"valueName\":\"search_term_string\"}}],\"inLanguage\":\"it-IT\"},{\"@type\":\"Organization\",\"@id\":\"https:\/\/talkpal.ai\/it\/#organization\",\"name\":\"Talkpal, Inc.\",\"alternateName\":\"Talkpal AI\",\"url\":\"https:\/\/talkpal.ai\/it\/\",\"logo\":{\"@type\":\"ImageObject\",\"inLanguage\":\"it-IT\",\"@id\":\"https:\/\/talkpal.ai\/it\/#\/schema\/logo\/image\/\",\"url\":\"https:\/\/talkpal.ai\/wp-content\/uploads\/2024\/03\/Talkpal-Logo-Icon.png\",\"contentUrl\":\"https:\/\/talkpal.ai\/wp-content\/uploads\/2024\/03\/Talkpal-Logo-Icon.png\",\"width\":2880,\"height\":2880,\"caption\":\"Talkpal, Inc.\"},\"image\":{\"@id\":\"https:\/\/talkpal.ai\/it\/#\/schema\/logo\/image\/\"},\"sameAs\":[\"https:\/\/www.facebook.com\/profile.php?id=100090733639311\",\"https:\/\/x.com\/talkpalai\",\"https:\/\/www.linkedin.com\/company\/talkpal\/\",\"https:\/\/www.youtube.com\/@TalkPal\/\",\"https:\/\/www.tiktok.com\/@talkpal\",\"https:\/\/www.instagram.com\/talkpal_ai\/\",\"https:\/\/www.crunchbase.com\/organization\/talkpal-9cde\",\"https:\/\/www.g2.com\/products\/talkpal-for-business\/\",\"https:\/\/www.trustpilot.com\/review\/talkpal.ai\",\"https:\/\/www.capterra.com\/p\/10006800\/TalkPal\/\"],\"description\":\"Talkpal is a language learning web and mobile education app, powered by the latest AI technologies, that provides engaging experiences to its customers in many different languages to help them improve their language skills. Users can chat about unlimited amount of topics with the app and use other modes to practice their language learning.\",\"email\":\"support@talkpal.ai\",\"legalName\":\"Talkpal, Inc.\",\"foundingDate\":\"2023-04-03\",\"duns\":\"118989042\",\"numberOfEmployees\":{\"@type\":\"QuantitativeValue\",\"minValue\":\"11\",\"maxValue\":\"50\"},\"publishingPrinciples\":\"https:\/\/talkpal.ai\/publishing-principles\/\",\"actionableFeedbackPolicy\":\"https:\/\/talkpal.ai\/actionable-feedback-policy\/\",\"correctionsPolicy\":\"https:\/\/talkpal.ai\/corrections-policy\/\",\"ethicsPolicy\":\"https:\/\/talkpal.ai\/ethics-policy\/\",\"diversityPolicy\":\"https:\/\/talkpal.ai\/diversity-policy\/\",\"diversityStaffingReport\":\"https:\/\/talkpal.ai\/diversity-policy\/\"}]}<\/script>\n<!-- \/ Yoast SEO Premium plugin. -->","yoast_head_json":{"title":"Monitoraggio del tempo e parole del calendario in islandese - Talkpal","description":"Imparare una nuova lingua pu\u00f2 essere un'avventura emozionante e arricchente. Una delle prime cose che spesso impariamo sono le parole per il tempo e il","robots":{"index":"index","follow":"follow","max-snippet":"max-snippet:-1","max-image-preview":"max-image-preview:large","max-video-preview":"max-video-preview:-1"},"canonical":"https:\/\/talkpal.ai\/it\/vocabulary\/monitoraggio-del-tempo-e-parole-del-calendario-in-islandese\/","og_locale":"it_IT","og_type":"article","og_title":"Monitoraggio del tempo e parole del calendario in islandese","og_description":"Imparare una nuova lingua pu\u00f2 essere un'avventura emozionante e arricchente. Una delle prime cose che spesso impariamo sono le parole per il tempo e il","og_url":"https:\/\/talkpal.ai\/it\/vocabulary\/monitoraggio-del-tempo-e-parole-del-calendario-in-islandese\/","og_site_name":"Talkpal","article_publisher":"https:\/\/www.facebook.com\/profile.php?id=100090733639311","og_image":[{"width":1024,"height":1024,"url":"https:\/\/talkpal.ai\/wp-content\/uploads\/2024\/10\/talkpal_flat_illustration_of_a_employees_working_together_happi_c674ff77-e477-4e09-835a-01d30e561e99.png","type":"image\/png"}],"twitter_card":"summary_large_image","twitter_site":"@talkpalai","twitter_misc":{"Tempo di lettura stimato":"5 minuti"},"schema":{"@context":"https:\/\/schema.org","@graph":[{"@type":"WebPage","@id":"https:\/\/talkpal.ai\/it\/vocabulary\/monitoraggio-del-tempo-e-parole-del-calendario-in-islandese\/","url":"https:\/\/talkpal.ai\/it\/vocabulary\/monitoraggio-del-tempo-e-parole-del-calendario-in-islandese\/","name":"Monitoraggio del tempo e parole del calendario in islandese - Talkpal","isPartOf":{"@id":"https:\/\/talkpal.ai\/it\/#website"},"primaryImageOfPage":{"@id":"https:\/\/talkpal.ai\/it\/vocabulary\/monitoraggio-del-tempo-e-parole-del-calendario-in-islandese\/#primaryimage"},"image":{"@id":"https:\/\/talkpal.ai\/it\/vocabulary\/monitoraggio-del-tempo-e-parole-del-calendario-in-islandese\/#primaryimage"},"thumbnailUrl":"https:\/\/talkpal.ai\/wp-content\/uploads\/2025\/12\/notebook-is-opened-learning-languages.webp","datePublished":"2024-06-08T04:49:43+00:00","description":"Imparare una nuova lingua pu\u00f2 essere un'avventura emozionante e arricchente. Una delle prime cose che spesso impariamo sono le parole per il tempo e il","breadcrumb":{"@id":"https:\/\/talkpal.ai\/it\/vocabulary\/monitoraggio-del-tempo-e-parole-del-calendario-in-islandese\/#breadcrumb"},"inLanguage":"it-IT","potentialAction":[{"@type":"ReadAction","target":["https:\/\/talkpal.ai\/it\/vocabulary\/monitoraggio-del-tempo-e-parole-del-calendario-in-islandese\/"]}]},{"@type":"ImageObject","inLanguage":"it-IT","@id":"https:\/\/talkpal.ai\/it\/vocabulary\/monitoraggio-del-tempo-e-parole-del-calendario-in-islandese\/#primaryimage","url":"https:\/\/talkpal.ai\/wp-content\/uploads\/2025\/12\/notebook-is-opened-learning-languages.webp","contentUrl":"https:\/\/talkpal.ai\/wp-content\/uploads\/2025\/12\/notebook-is-opened-learning-languages.webp","width":1200,"height":896,"caption":"Students sit at desks with laptops and stacks of books while learning languages in a busy office environment."},{"@type":"BreadcrumbList","@id":"https:\/\/talkpal.ai\/it\/vocabulary\/monitoraggio-del-tempo-e-parole-del-calendario-in-islandese\/#breadcrumb","itemListElement":[{"@type":"ListItem","position":1,"name":"Homepage","item":"https:\/\/talkpal.ai\/it\/"},{"@type":"ListItem","position":2,"name":"Monitoraggio del tempo e parole del calendario in islandese"}]},{"@type":"WebSite","@id":"https:\/\/talkpal.ai\/it\/#website","url":"https:\/\/talkpal.ai\/it\/","name":"Talkpal","description":"AI Language Learning","publisher":{"@id":"https:\/\/talkpal.ai\/it\/#organization"},"alternateName":"Talkpal AI","potentialAction":[{"@type":"SearchAction","target":{"@type":"EntryPoint","urlTemplate":"https:\/\/talkpal.ai\/it\/?s={search_term_string}"},"query-input":{"@type":"PropertyValueSpecification","valueRequired":true,"valueName":"search_term_string"}}],"inLanguage":"it-IT"},{"@type":"Organization","@id":"https:\/\/talkpal.ai\/it\/#organization","name":"Talkpal, Inc.","alternateName":"Talkpal AI","url":"https:\/\/talkpal.ai\/it\/","logo":{"@type":"ImageObject","inLanguage":"it-IT","@id":"https:\/\/talkpal.ai\/it\/#\/schema\/logo\/image\/","url":"https:\/\/talkpal.ai\/wp-content\/uploads\/2024\/03\/Talkpal-Logo-Icon.png","contentUrl":"https:\/\/talkpal.ai\/wp-content\/uploads\/2024\/03\/Talkpal-Logo-Icon.png","width":2880,"height":2880,"caption":"Talkpal, Inc."},"image":{"@id":"https:\/\/talkpal.ai\/it\/#\/schema\/logo\/image\/"},"sameAs":["https:\/\/www.facebook.com\/profile.php?id=100090733639311","https:\/\/x.com\/talkpalai","https:\/\/www.linkedin.com\/company\/talkpal\/","https:\/\/www.youtube.com\/@TalkPal\/","https:\/\/www.tiktok.com\/@talkpal","https:\/\/www.instagram.com\/talkpal_ai\/","https:\/\/www.crunchbase.com\/organization\/talkpal-9cde","https:\/\/www.g2.com\/products\/talkpal-for-business\/","https:\/\/www.trustpilot.com\/review\/talkpal.ai","https:\/\/www.capterra.com\/p\/10006800\/TalkPal\/"],"description":"Talkpal is a language learning web and mobile education app, powered by the latest AI technologies, that provides engaging experiences to its customers in many different languages to help them improve their language skills. Users can chat about unlimited amount of topics with the app and use other modes to practice their language learning.","email":"support@talkpal.ai","legalName":"Talkpal, Inc.","foundingDate":"2023-04-03","duns":"118989042","numberOfEmployees":{"@type":"QuantitativeValue","minValue":"11","maxValue":"50"},"publishingPrinciples":"https:\/\/talkpal.ai\/publishing-principles\/","actionableFeedbackPolicy":"https:\/\/talkpal.ai\/actionable-feedback-policy\/","correctionsPolicy":"https:\/\/talkpal.ai\/corrections-policy\/","ethicsPolicy":"https:\/\/talkpal.ai\/ethics-policy\/","diversityPolicy":"https:\/\/talkpal.ai\/diversity-policy\/","diversityStaffingReport":"https:\/\/talkpal.ai\/diversity-policy\/"}]}},"_links":{"self":[{"href":"https:\/\/talkpal.ai\/it\/wp-json\/wp\/v2\/vocabulary\/705206","targetHints":{"allow":["GET"]}}],"collection":[{"href":"https:\/\/talkpal.ai\/it\/wp-json\/wp\/v2\/vocabulary"}],"about":[{"href":"https:\/\/talkpal.ai\/it\/wp-json\/wp\/v2\/types\/vocabulary"}],"wp:featuredmedia":[{"embeddable":true,"href":"https:\/\/talkpal.ai\/it\/wp-json\/wp\/v2\/media\/1527809"}],"wp:attachment":[{"href":"https:\/\/talkpal.ai\/it\/wp-json\/wp\/v2\/media?parent=705206"}],"wp:term":[{"taxonomy":"vocabulary_language","embeddable":true,"href":"https:\/\/talkpal.ai\/it\/wp-json\/wp\/v2\/vocabulary_language?post=705206"}],"curies":[{"name":"wp","href":"https:\/\/api.w.org\/{rel}","templated":true}]}}