{"id":704839,"date":"2024-06-08T04:19:20","date_gmt":"2024-06-08T04:19:20","guid":{"rendered":"https:\/\/talkpal.ai\/vocabulary\/feste-tradizionali-ceche-e-parole-festive\/"},"modified":"2024-06-08T04:19:20","modified_gmt":"2024-06-08T04:19:20","slug":"feste-tradizionali-ceche-e-parole-festive","status":"publish","type":"vocabulary","link":"https:\/\/talkpal.ai\/it\/vocabulary\/feste-tradizionali-ceche-e-parole-festive\/","title":{"rendered":"Feste tradizionali ceche e parole festive"},"content":{"rendered":"<p>Le <a href=\"https:\/\/talkpal.ai\/it\/culture\/la-cultura-delle-feste-tradizionali\/\">feste tradizionali<\/a> ceche sono una parte importante della cultura e della storia della Repubblica Ceca. Conoscere queste feste non solo ti aiuter\u00e0 a comprendere meglio la cultura ceca, ma ti fornir\u00e0 anche una serie di vocaboli utili che puoi usare in diverse situazioni. In questo articolo, esploreremo alcune delle feste tradizionali ceche pi\u00f9 significative e introdurremo una serie di parole festive in <a href=\"https:\/\/talkpal.ai\/learn-czech\/\">ceco<\/a>, spiegandone il significato e fornendo esempi di utilizzo.<\/p>\n<h2>Natale (V\u00e1noce)<\/h2>\n<p>Il <a href=\"https:\/\/talkpal.ai\/talkpal-christmas-discount\/\">Natale<\/a> \u00e8 una delle feste pi\u00f9 celebrate in Repubblica Ceca. Durante questa festivit\u00e0, le famiglie si riuniscono per cenare insieme e scambiarsi regali.<\/p>\n<p><b>V\u00e1noce<\/b>: Natale<br \/>\n<font color=\"#2D3AC7\"><a href=\"https:\/\/talkpal.ai\/talkpal-christmas-discount\/\">V\u00e1noce<\/a> je \u010das, kdy se rodiny sch\u00e1zej\u00ed a slav\u00ed spole\u010dn\u011b.<\/font><\/p>\n<p><b>\u0160t\u011bdr\u00fd den<\/b>: Vigilia di Natale<br \/>\n<font color=\"#2D3AC7\">Na \u0160t\u011bdr\u00fd den se tradi\u010dn\u011b j\u00ed kapr a bramborov\u00fd sal\u00e1t.<\/font><\/p>\n<p><b>Kapr<\/b>: Carpa<br \/>\n<font color=\"#2D3AC7\">Kapr je <a href=\"https:\/\/talkpal.ai\/will-ai-kill-traditional-language-learning\/\">tradi\u010dn\u00ed<\/a> v\u00e1no\u010dn\u00ed j\u00eddlo v \u010cesk\u00e9 republice.<\/font><\/p>\n<p><b>Bramborov\u00fd sal\u00e1t<\/b>: Insalata di patate<br \/>\n<font color=\"#2D3AC7\">Bramborov\u00fd sal\u00e1t se p\u0159ipravuje s majon\u00e9zou a zeleninou.<\/font><\/p>\n<p><b>Koledy<\/b>: Canti natalizi<br \/>\n<font color=\"#2D3AC7\">D\u011bti zp\u00edvaj\u00ed koledy b\u011bhem v\u00e1no\u010dn\u00edch sv\u00e1tk\u016f.<\/font><\/p>\n<h2>Pasqua (Velikonoce)<\/h2>\n<p>La <a href=\"https:\/\/talkpal.ai\/talkpal-easter-discount\/\">Pasqua<\/a> \u00e8 un&#8217;altra festa importante in Repubblica Ceca. \u00c8 celebrata con molte tradizioni uniche, come la decorazione delle uova e la preparazione di dolci speciali.<\/p>\n<p><b>Velikonoce<\/b>: Pasqua<br \/>\n<font color=\"#2D3AC7\">Velikonoce jsou oslavov\u00e1ny r\u016fzn\u00fdmi tradicemi a zvyky.<\/font><\/p>\n<p><b>Malov\u00e1n\u00ed vaj\u00ed\u010dek<\/b>: Decorazione delle uova<br \/>\n<font color=\"#2D3AC7\">Malov\u00e1n\u00ed vaj\u00ed\u010dek je obl\u00edbenou velikono\u010dn\u00ed aktivitou pro d\u011bti.<\/font><\/p>\n<p><b>Poml\u00e1zka<\/b>: Frusta di rami di salice<br \/>\n<font color=\"#2D3AC7\">Poml\u00e1zka se pou\u017e\u00edv\u00e1 k symbolick\u00e9mu \u0161leh\u00e1n\u00ed d\u00edvek na Velikono\u010dn\u00ed pond\u011bl\u00ed.<\/font><\/p>\n<p><b>Ber\u00e1nek<\/b>: Agnello (dolce pasquale)<br \/>\n<font color=\"#2D3AC7\">Ber\u00e1nek je tradi\u010dn\u00ed velikono\u010dn\u00ed pe\u010divo ve tvaru jehn\u011bte.<\/font><\/p>\n<p><b>Kraslice<\/b>: Uova decorate<br \/>\n<font color=\"#2D3AC7\">Kraslice jsou kr\u00e1sn\u011b zdoben\u00e1 velikono\u010dn\u00ed vaj\u00ed\u010dka.<\/font><\/p>\n<h2>Festa di San Nicola (Mikul\u00e1\u0161)<\/h2>\n<p>La festa di San Nicola \u00e8 celebrata il 5 dicembre. Durante questa festa, San Nicola, accompagnato da un angelo e un diavolo, visita i bambini per dare loro dolci o carbone, a seconda di come si sono comportati durante l&#8217;anno.<\/p>\n<p><b>Mikul\u00e1\u0161<\/b>: San Nicola<br \/>\n<font color=\"#2D3AC7\">Mikul\u00e1\u0161 p\u0159in\u00e1\u0161\u00ed d\u011btem sladkosti a d\u00e1rky.<\/font><\/p>\n<p><b>And\u011bl<\/b>: Angelo<br \/>\n<font color=\"#2D3AC7\">And\u011bl doprov\u00e1z\u00ed Mikul\u00e1\u0161e a rozd\u00e1v\u00e1 d\u00e1rky hodn\u00fdm d\u011btem.<\/font><\/p>\n<p><b>\u010cert<\/b>: Diavolo<br \/>\n<font color=\"#2D3AC7\">\u010cert stra\u0161\u00ed d\u011bti, kter\u00e9 nebyly b\u011bhem roku hodn\u00e9.<\/font><\/p>\n<p><b>Sladkosti<\/b>: Dolci<br \/>\n<font color=\"#2D3AC7\">D\u011bti dost\u00e1vaj\u00ed sladkosti od Mikul\u00e1\u0161e, pokud byly hodn\u00e9.<\/font><\/p>\n<p><b>Uhl\u00ed<\/b>: Carbone<br \/>\n<font color=\"#2D3AC7\">Zlobiv\u00e9 d\u011bti dost\u00e1vaj\u00ed od \u010derta uhl\u00ed m\u00edsto sladkost\u00ed.<\/font><\/p>\n<h2>Carnevale (Masopust)<\/h2>\n<p>Il carnevale, noto come Masopust, \u00e8 una festa che si svolge prima della Quaresima. \u00c8 caratterizzato da parate, balli e festeggiamenti.<\/p>\n<p><b>Masopust<\/b>: Carnevale<br \/>\n<font color=\"#2D3AC7\">Masopust je \u010das vesel\u00ed a karnevalov\u00fdch pr\u016fvod\u016f.<\/font><\/p>\n<p><b>Pr\u016fvod<\/b>: Parata<br \/>\n<font color=\"#2D3AC7\">Pr\u016fvod masek je jednou z hlavn\u00edch atrakc\u00ed Masopustu.<\/font><\/p>\n<p><b>Maska<\/b>: Maschera<br \/>\n<font color=\"#2D3AC7\">Lid\u00e9 nos\u00ed b\u011bhem Masopustu r\u016fzn\u00e9 masky a kost\u00fdmy.<\/font><\/p>\n<p><b>Tanec<\/b>: Danza<br \/>\n<font color=\"#2D3AC7\">Tanec je ned\u00edlnou sou\u010d\u00e1st\u00ed masopustn\u00edch oslav.<\/font><\/p>\n<p><b>Hostina<\/b>: Banchetto<br \/>\n<font color=\"#2D3AC7\">B\u011bhem Masopustu se po\u0159\u00e1daj\u00ed bohat\u00e9 hostiny a hodov\u00e1n\u00ed.<\/font><\/p>\n<h2>Festa di San Giovanni (Svatoj\u00e1nsk\u00e1 noc)<\/h2>\n<p>La festa di San Giovanni, o Svatoj\u00e1nsk\u00e1 noc, \u00e8 celebrata il 23 giugno. \u00c8 una notte magica piena di tradizioni legate al fuoco, all&#8217;acqua e alle erbe.<\/p>\n<p><b>Svatoj\u00e1nsk\u00e1 noc<\/b>: Notte di San Giovanni<br \/>\n<font color=\"#2D3AC7\">Svatoj\u00e1nsk\u00e1 noc je pln\u00e1 magick\u00fdch ritu\u00e1l\u016f a tradic.<\/font><\/p>\n<p><b>Ohe\u0148<\/b>: Fuoco<br \/>\n<font color=\"#2D3AC7\">Lid\u00e9 sk\u00e1\u010dou p\u0159es ohe\u0148 b\u011bhem svatoj\u00e1nsk\u00fdch oslav.<\/font><\/p>\n<p><b>Voda<\/b>: Acqua<br \/>\n<font color=\"#2D3AC7\">Sb\u00edr\u00e1n\u00ed rosy z tr\u00e1vy je tradi\u010dn\u00ed zvyk Svatoj\u00e1nsk\u00e9 noci.<\/font><\/p>\n<p><b>Byliny<\/b>: Erbe<br \/>\n<font color=\"#2D3AC7\">Na Svatoj\u00e1nskou noc se sb\u00edraj\u00ed l\u00e9\u010div\u00e9 byliny.<\/font><\/p>\n<p><b>Kv\u011btina<\/b>: Fiore<br \/>\n<font color=\"#2D3AC7\">Na Svatoj\u00e1nskou noc hledaj\u00ed lid\u00e9 kouzeln\u00e9 kv\u011btiny.<\/font><\/p>\n<h2>Giorno di San Venceslao (Den svat\u00e9ho V\u00e1clava)<\/h2>\n<p>Il giorno di San Venceslao, celebrato il 28 settembre, \u00e8 una festa nazionale dedicata al patrono della Repubblica Ceca, San Venceslao.<\/p>\n<p><b>Den svat\u00e9ho V\u00e1clava<\/b>: Giorno di San Venceslao<br \/>\n<font color=\"#2D3AC7\">Den svat\u00e9ho V\u00e1clava je st\u00e1tn\u00ed sv\u00e1tek v \u010cesk\u00e9 republice.<\/font><\/p>\n<p><b>Patron<\/b>: Patrono<br \/>\n<font color=\"#2D3AC7\">Svat\u00fd V\u00e1clav je patronem \u010cesk\u00e9 republiky.<\/font><\/p>\n<p><b>Svat\u00fd<\/b>: Santo<br \/>\n<font color=\"#2D3AC7\">Svat\u00fd V\u00e1clav byl \u010desk\u00fd kn\u00ed\u017ee a mu\u010dedn\u00edk.<\/font><\/p>\n<p><b>Mu\u010dedn\u00edk<\/b>: Martire<br \/>\n<font color=\"#2D3AC7\">Svat\u00fd V\u00e1clav je uct\u00edv\u00e1n jako mu\u010dedn\u00edk a ochr\u00e1nce zem\u011b.<\/font><\/p>\n<p><b>Socha<\/b>: Statua<br \/>\n<font color=\"#2D3AC7\">Na V\u00e1clavsk\u00e9m n\u00e1m\u011bst\u00ed v Praze stoj\u00ed socha svat\u00e9ho V\u00e1clava.<\/font><\/p>\n<h2>Festa della Liberazione (Den osvobozen\u00ed)<\/h2>\n<p>La festa della Liberazione, celebrata l&#8217;8 maggio, commemora la liberazione della Cecoslovacchia dalle forze naziste alla fine della Seconda <a href=\"https:\/\/talkpal.ai\/locations\/language-courses-in-guerra\/\">Guerra<\/a> Mondiale.<\/p>\n<p><b>Den osvobozen\u00ed<\/b>: Giorno della Liberazione<br \/>\n<font color=\"#2D3AC7\">Den osvobozen\u00ed p\u0159ipom\u00edn\u00e1 konec druh\u00e9 sv\u011btov\u00e9 v\u00e1lky.<\/font><\/p>\n<p><b>Osvobozen\u00ed<\/b>: Liberazione<br \/>\n<font color=\"#2D3AC7\">Osvobozen\u00ed \u010ceskoslovenska prob\u011bhlo v roce 1945.<\/font><\/p>\n<p><b>V\u00e1lka<\/b>: Guerra<br \/>\n<font color=\"#2D3AC7\">Druh\u00e1 sv\u011btov\u00e1 v\u00e1lka skon\u010dila v roce 1945.<\/font><\/p>\n<p><b>Pam\u00e1tka<\/b>: Commemorazione<br \/>\n<font color=\"#2D3AC7\">Den osvobozen\u00ed je pam\u00e1tkou na ob\u011bti v\u00e1lky.<\/font><\/p>\n<p><b>Vojsko<\/b>: Esercito<br \/>\n<font color=\"#2D3AC7\">Spojeneck\u00e9 vojsko osvobodilo \u010ceskoslovensko.<\/font><\/p>\n<h2>Festa del Lavoro (Sv\u00e1tek pr\u00e1ce)<\/h2>\n<p>La festa del Lavoro, celebrata il 1 maggio, \u00e8 una festa internazionale che celebra i lavoratori e i loro diritti.<\/p>\n<p><b>Sv\u00e1tek pr\u00e1ce<\/b>: Festa del Lavoro<br \/>\n<font color=\"#2D3AC7\">Sv\u00e1tek pr\u00e1ce se slav\u00ed 1. kv\u011btna.<\/font><\/p>\n<p><b>Pr\u00e1ce<\/b>: Lavoro<br \/>\n<font color=\"#2D3AC7\">Pr\u00e1ce je z\u00e1kladn\u00edm pr\u00e1vem ka\u017ed\u00e9ho \u010dlov\u011bka.<\/font><\/p>\n<p><b>Oslava<\/b>: Celebrazione<br \/>\n<font color=\"#2D3AC7\">Oslava Sv\u00e1tku pr\u00e1ce zahrnuje r\u016fzn\u00e9 pr\u016fvody a akce.<\/font><\/p>\n<p><b>Pracovn\u00edk<\/b>: Lavoratore<br \/>\n<font color=\"#2D3AC7\">Pracovn\u00edci slav\u00ed sv\u00e9 \u00fasp\u011bchy a pr\u00e1va na Sv\u00e1tek pr\u00e1ce.<\/font><\/p>\n<p><b>Pr\u016fvod<\/b>: Parata<br \/>\n<font color=\"#2D3AC7\">Lid\u00e9 se \u00fa\u010dastn\u00ed pr\u016fvod\u016f na Sv\u00e1tek pr\u00e1ce.<\/font><\/p>\n<h2>Giorno della Riforma (Den vzniku samostatn\u00e9ho \u010deskoslovensk\u00e9ho st\u00e1tu)<\/h2>\n<p>Celebrato il 28 ottobre, il Giorno della Riforma commemora la fondazione della Cecoslovacchia indipendente nel 1918.<\/p>\n<p><b>Den vzniku samostatn\u00e9ho \u010deskoslovensk\u00e9ho st\u00e1tu<\/b>: Giorno della Riforma<br \/>\n<font color=\"#2D3AC7\">Den vzniku samostatn\u00e9ho \u010deskoslovensk\u00e9ho st\u00e1tu se slav\u00ed 28. \u0159\u00edjna.<\/font><\/p>\n<p><b>Samostatnost<\/b>: Indipendenza<br \/>\n<font color=\"#2D3AC7\">\u010ceskoslovensko z\u00edskalo samostatnost v roce 1918.<\/font><\/p>\n<p><b>St\u00e1t<\/b>: Stato<br \/>\n<font color=\"#2D3AC7\">Nov\u00fd st\u00e1t \u010ceskoslovensko byl zalo\u017een v roce 1918.<\/font><\/p>\n<p><b>Vznik<\/b>: Fondazione<br \/>\n<font color=\"#2D3AC7\">Vznik \u010ceskoslovenska byl v\u00fdznamn\u00fdm historick\u00fdm okam\u017eikem.<\/font><\/p>\n<p><b>Republika<\/b>: Repubblica<br \/>\n<font color=\"#2D3AC7\">\u010ceskoslovensk\u00e1 republika byla vyhl\u00e1\u0161ena 28. \u0159\u00edjna 1918.<\/font><\/p>\n<h2>Conclusione<\/h2>\n<p>Conoscere le feste tradizionali ceche non solo arricchisce la tua comprensione della cultura e delle tradizioni della Repubblica Ceca, ma ti fornisce anche una serie di vocaboli utili che puoi usare in diverse situazioni. Speriamo che questo articolo ti sia stato utile e che tu possa utilizzare queste nuove parole nel tuo percorso di apprendimento del ceco. Buona fortuna e buone feste!<\/p>\n","protected":false},"featured_media":1527743,"template":"","vocabulary_language":[3971],"class_list":["post-704839","vocabulary","type-vocabulary","status-publish","has-post-thumbnail","hentry","vocabulary_language-ceco"],"acf":[],"yoast_head":"<!-- This site is optimized with the Yoast SEO Premium plugin v27.2 (Yoast SEO v27.2) - https:\/\/yoast.com\/product\/yoast-seo-premium-wordpress\/ -->\n<title>Feste tradizionali ceche e parole festive - Talkpal<\/title>\n<meta name=\"description\" content=\"Le feste tradizionali ceche sono una parte importante della cultura e della storia della Repubblica Ceca. Conoscere queste feste non solo ti aiuter\u00e0 a\" \/>\n<meta name=\"robots\" content=\"index, follow, max-snippet:-1, max-image-preview:large, max-video-preview:-1\" \/>\n<link rel=\"canonical\" href=\"https:\/\/talkpal.ai\/it\/vocabulary\/feste-tradizionali-ceche-e-parole-festive\/\" \/>\n<meta property=\"og:locale\" content=\"it_IT\" \/>\n<meta property=\"og:type\" content=\"article\" \/>\n<meta property=\"og:title\" content=\"Feste tradizionali ceche e parole festive\" \/>\n<meta property=\"og:description\" content=\"Le feste tradizionali ceche sono una parte importante della cultura e della storia della Repubblica Ceca. Conoscere queste feste non solo ti aiuter\u00e0 a\" \/>\n<meta property=\"og:url\" content=\"https:\/\/talkpal.ai\/it\/vocabulary\/feste-tradizionali-ceche-e-parole-festive\/\" \/>\n<meta property=\"og:site_name\" content=\"Talkpal\" \/>\n<meta property=\"article:publisher\" content=\"https:\/\/www.facebook.com\/profile.php?id=100090733639311\" \/>\n<meta property=\"og:image\" content=\"https:\/\/talkpal.ai\/wp-content\/uploads\/2024\/10\/talkpal_flat_illustration_of_a_employees_working_together_happi_c674ff77-e477-4e09-835a-01d30e561e99.png\" \/>\n\t<meta property=\"og:image:width\" content=\"1024\" \/>\n\t<meta property=\"og:image:height\" content=\"1024\" \/>\n\t<meta property=\"og:image:type\" content=\"image\/png\" \/>\n<meta name=\"twitter:card\" content=\"summary_large_image\" \/>\n<meta name=\"twitter:site\" content=\"@talkpalai\" \/>\n<meta name=\"twitter:label1\" content=\"Tempo di lettura stimato\" \/>\n\t<meta name=\"twitter:data1\" content=\"5 minuti\" \/>\n<script type=\"application\/ld+json\" class=\"yoast-schema-graph\">{\"@context\":\"https:\/\/schema.org\",\"@graph\":[{\"@type\":\"WebPage\",\"@id\":\"https:\/\/talkpal.ai\/it\/vocabulary\/feste-tradizionali-ceche-e-parole-festive\/\",\"url\":\"https:\/\/talkpal.ai\/it\/vocabulary\/feste-tradizionali-ceche-e-parole-festive\/\",\"name\":\"Feste tradizionali ceche e parole festive - Talkpal\",\"isPartOf\":{\"@id\":\"https:\/\/talkpal.ai\/it\/#website\"},\"primaryImageOfPage\":{\"@id\":\"https:\/\/talkpal.ai\/it\/vocabulary\/feste-tradizionali-ceche-e-parole-festive\/#primaryimage\"},\"image\":{\"@id\":\"https:\/\/talkpal.ai\/it\/vocabulary\/feste-tradizionali-ceche-e-parole-festive\/#primaryimage\"},\"thumbnailUrl\":\"https:\/\/talkpal.ai\/wp-content\/uploads\/2025\/12\/learning-languages-on-a-park-bench.webp\",\"datePublished\":\"2024-06-08T04:19:20+00:00\",\"description\":\"Le feste tradizionali ceche sono una parte importante della cultura e della storia della Repubblica Ceca. Conoscere queste feste non solo ti aiuter\u00e0 a\",\"breadcrumb\":{\"@id\":\"https:\/\/talkpal.ai\/it\/vocabulary\/feste-tradizionali-ceche-e-parole-festive\/#breadcrumb\"},\"inLanguage\":\"it-IT\",\"potentialAction\":[{\"@type\":\"ReadAction\",\"target\":[\"https:\/\/talkpal.ai\/it\/vocabulary\/feste-tradizionali-ceche-e-parole-festive\/\"]}]},{\"@type\":\"ImageObject\",\"inLanguage\":\"it-IT\",\"@id\":\"https:\/\/talkpal.ai\/it\/vocabulary\/feste-tradizionali-ceche-e-parole-festive\/#primaryimage\",\"url\":\"https:\/\/talkpal.ai\/wp-content\/uploads\/2025\/12\/learning-languages-on-a-park-bench.webp\",\"contentUrl\":\"https:\/\/talkpal.ai\/wp-content\/uploads\/2025\/12\/learning-languages-on-a-park-bench.webp\",\"width\":1200,\"height\":896,\"caption\":\"A student sits on a park bench under a large tree while learning languages from an open book.\"},{\"@type\":\"BreadcrumbList\",\"@id\":\"https:\/\/talkpal.ai\/it\/vocabulary\/feste-tradizionali-ceche-e-parole-festive\/#breadcrumb\",\"itemListElement\":[{\"@type\":\"ListItem\",\"position\":1,\"name\":\"Homepage\",\"item\":\"https:\/\/talkpal.ai\/it\/\"},{\"@type\":\"ListItem\",\"position\":2,\"name\":\"Feste tradizionali ceche e parole festive\"}]},{\"@type\":\"WebSite\",\"@id\":\"https:\/\/talkpal.ai\/it\/#website\",\"url\":\"https:\/\/talkpal.ai\/it\/\",\"name\":\"Talkpal\",\"description\":\"AI Language Learning\",\"publisher\":{\"@id\":\"https:\/\/talkpal.ai\/it\/#organization\"},\"alternateName\":\"Talkpal AI\",\"potentialAction\":[{\"@type\":\"SearchAction\",\"target\":{\"@type\":\"EntryPoint\",\"urlTemplate\":\"https:\/\/talkpal.ai\/it\/?s={search_term_string}\"},\"query-input\":{\"@type\":\"PropertyValueSpecification\",\"valueRequired\":true,\"valueName\":\"search_term_string\"}}],\"inLanguage\":\"it-IT\"},{\"@type\":\"Organization\",\"@id\":\"https:\/\/talkpal.ai\/it\/#organization\",\"name\":\"Talkpal, Inc.\",\"alternateName\":\"Talkpal AI\",\"url\":\"https:\/\/talkpal.ai\/it\/\",\"logo\":{\"@type\":\"ImageObject\",\"inLanguage\":\"it-IT\",\"@id\":\"https:\/\/talkpal.ai\/it\/#\/schema\/logo\/image\/\",\"url\":\"https:\/\/talkpal.ai\/wp-content\/uploads\/2024\/03\/Talkpal-Logo-Icon.png\",\"contentUrl\":\"https:\/\/talkpal.ai\/wp-content\/uploads\/2024\/03\/Talkpal-Logo-Icon.png\",\"width\":2880,\"height\":2880,\"caption\":\"Talkpal, Inc.\"},\"image\":{\"@id\":\"https:\/\/talkpal.ai\/it\/#\/schema\/logo\/image\/\"},\"sameAs\":[\"https:\/\/www.facebook.com\/profile.php?id=100090733639311\",\"https:\/\/x.com\/talkpalai\",\"https:\/\/www.linkedin.com\/company\/talkpal\/\",\"https:\/\/www.youtube.com\/@TalkPal\/\",\"https:\/\/www.tiktok.com\/@talkpal\",\"https:\/\/www.instagram.com\/talkpal_ai\/\",\"https:\/\/www.crunchbase.com\/organization\/talkpal-9cde\",\"https:\/\/www.g2.com\/products\/talkpal-for-business\/\",\"https:\/\/www.trustpilot.com\/review\/talkpal.ai\",\"https:\/\/www.capterra.com\/p\/10006800\/TalkPal\/\"],\"description\":\"Talkpal is a language learning web and mobile education app, powered by the latest AI technologies, that provides engaging experiences to its customers in many different languages to help them improve their language skills. Users can chat about unlimited amount of topics with the app and use other modes to practice their language learning.\",\"email\":\"support@talkpal.ai\",\"legalName\":\"Talkpal, Inc.\",\"foundingDate\":\"2023-04-03\",\"duns\":\"118989042\",\"numberOfEmployees\":{\"@type\":\"QuantitativeValue\",\"minValue\":\"11\",\"maxValue\":\"50\"},\"publishingPrinciples\":\"https:\/\/talkpal.ai\/publishing-principles\/\",\"actionableFeedbackPolicy\":\"https:\/\/talkpal.ai\/actionable-feedback-policy\/\",\"correctionsPolicy\":\"https:\/\/talkpal.ai\/corrections-policy\/\",\"ethicsPolicy\":\"https:\/\/talkpal.ai\/ethics-policy\/\",\"diversityPolicy\":\"https:\/\/talkpal.ai\/diversity-policy\/\",\"diversityStaffingReport\":\"https:\/\/talkpal.ai\/diversity-policy\/\"}]}<\/script>\n<!-- \/ Yoast SEO Premium plugin. -->","yoast_head_json":{"title":"Feste tradizionali ceche e parole festive - Talkpal","description":"Le feste tradizionali ceche sono una parte importante della cultura e della storia della Repubblica Ceca. Conoscere queste feste non solo ti aiuter\u00e0 a","robots":{"index":"index","follow":"follow","max-snippet":"max-snippet:-1","max-image-preview":"max-image-preview:large","max-video-preview":"max-video-preview:-1"},"canonical":"https:\/\/talkpal.ai\/it\/vocabulary\/feste-tradizionali-ceche-e-parole-festive\/","og_locale":"it_IT","og_type":"article","og_title":"Feste tradizionali ceche e parole festive","og_description":"Le feste tradizionali ceche sono una parte importante della cultura e della storia della Repubblica Ceca. Conoscere queste feste non solo ti aiuter\u00e0 a","og_url":"https:\/\/talkpal.ai\/it\/vocabulary\/feste-tradizionali-ceche-e-parole-festive\/","og_site_name":"Talkpal","article_publisher":"https:\/\/www.facebook.com\/profile.php?id=100090733639311","og_image":[{"width":1024,"height":1024,"url":"https:\/\/talkpal.ai\/wp-content\/uploads\/2024\/10\/talkpal_flat_illustration_of_a_employees_working_together_happi_c674ff77-e477-4e09-835a-01d30e561e99.png","type":"image\/png"}],"twitter_card":"summary_large_image","twitter_site":"@talkpalai","twitter_misc":{"Tempo di lettura stimato":"5 minuti"},"schema":{"@context":"https:\/\/schema.org","@graph":[{"@type":"WebPage","@id":"https:\/\/talkpal.ai\/it\/vocabulary\/feste-tradizionali-ceche-e-parole-festive\/","url":"https:\/\/talkpal.ai\/it\/vocabulary\/feste-tradizionali-ceche-e-parole-festive\/","name":"Feste tradizionali ceche e parole festive - Talkpal","isPartOf":{"@id":"https:\/\/talkpal.ai\/it\/#website"},"primaryImageOfPage":{"@id":"https:\/\/talkpal.ai\/it\/vocabulary\/feste-tradizionali-ceche-e-parole-festive\/#primaryimage"},"image":{"@id":"https:\/\/talkpal.ai\/it\/vocabulary\/feste-tradizionali-ceche-e-parole-festive\/#primaryimage"},"thumbnailUrl":"https:\/\/talkpal.ai\/wp-content\/uploads\/2025\/12\/learning-languages-on-a-park-bench.webp","datePublished":"2024-06-08T04:19:20+00:00","description":"Le feste tradizionali ceche sono una parte importante della cultura e della storia della Repubblica Ceca. Conoscere queste feste non solo ti aiuter\u00e0 a","breadcrumb":{"@id":"https:\/\/talkpal.ai\/it\/vocabulary\/feste-tradizionali-ceche-e-parole-festive\/#breadcrumb"},"inLanguage":"it-IT","potentialAction":[{"@type":"ReadAction","target":["https:\/\/talkpal.ai\/it\/vocabulary\/feste-tradizionali-ceche-e-parole-festive\/"]}]},{"@type":"ImageObject","inLanguage":"it-IT","@id":"https:\/\/talkpal.ai\/it\/vocabulary\/feste-tradizionali-ceche-e-parole-festive\/#primaryimage","url":"https:\/\/talkpal.ai\/wp-content\/uploads\/2025\/12\/learning-languages-on-a-park-bench.webp","contentUrl":"https:\/\/talkpal.ai\/wp-content\/uploads\/2025\/12\/learning-languages-on-a-park-bench.webp","width":1200,"height":896,"caption":"A student sits on a park bench under a large tree while learning languages from an open book."},{"@type":"BreadcrumbList","@id":"https:\/\/talkpal.ai\/it\/vocabulary\/feste-tradizionali-ceche-e-parole-festive\/#breadcrumb","itemListElement":[{"@type":"ListItem","position":1,"name":"Homepage","item":"https:\/\/talkpal.ai\/it\/"},{"@type":"ListItem","position":2,"name":"Feste tradizionali ceche e parole festive"}]},{"@type":"WebSite","@id":"https:\/\/talkpal.ai\/it\/#website","url":"https:\/\/talkpal.ai\/it\/","name":"Talkpal","description":"AI Language Learning","publisher":{"@id":"https:\/\/talkpal.ai\/it\/#organization"},"alternateName":"Talkpal AI","potentialAction":[{"@type":"SearchAction","target":{"@type":"EntryPoint","urlTemplate":"https:\/\/talkpal.ai\/it\/?s={search_term_string}"},"query-input":{"@type":"PropertyValueSpecification","valueRequired":true,"valueName":"search_term_string"}}],"inLanguage":"it-IT"},{"@type":"Organization","@id":"https:\/\/talkpal.ai\/it\/#organization","name":"Talkpal, Inc.","alternateName":"Talkpal AI","url":"https:\/\/talkpal.ai\/it\/","logo":{"@type":"ImageObject","inLanguage":"it-IT","@id":"https:\/\/talkpal.ai\/it\/#\/schema\/logo\/image\/","url":"https:\/\/talkpal.ai\/wp-content\/uploads\/2024\/03\/Talkpal-Logo-Icon.png","contentUrl":"https:\/\/talkpal.ai\/wp-content\/uploads\/2024\/03\/Talkpal-Logo-Icon.png","width":2880,"height":2880,"caption":"Talkpal, Inc."},"image":{"@id":"https:\/\/talkpal.ai\/it\/#\/schema\/logo\/image\/"},"sameAs":["https:\/\/www.facebook.com\/profile.php?id=100090733639311","https:\/\/x.com\/talkpalai","https:\/\/www.linkedin.com\/company\/talkpal\/","https:\/\/www.youtube.com\/@TalkPal\/","https:\/\/www.tiktok.com\/@talkpal","https:\/\/www.instagram.com\/talkpal_ai\/","https:\/\/www.crunchbase.com\/organization\/talkpal-9cde","https:\/\/www.g2.com\/products\/talkpal-for-business\/","https:\/\/www.trustpilot.com\/review\/talkpal.ai","https:\/\/www.capterra.com\/p\/10006800\/TalkPal\/"],"description":"Talkpal is a language learning web and mobile education app, powered by the latest AI technologies, that provides engaging experiences to its customers in many different languages to help them improve their language skills. Users can chat about unlimited amount of topics with the app and use other modes to practice their language learning.","email":"support@talkpal.ai","legalName":"Talkpal, Inc.","foundingDate":"2023-04-03","duns":"118989042","numberOfEmployees":{"@type":"QuantitativeValue","minValue":"11","maxValue":"50"},"publishingPrinciples":"https:\/\/talkpal.ai\/publishing-principles\/","actionableFeedbackPolicy":"https:\/\/talkpal.ai\/actionable-feedback-policy\/","correctionsPolicy":"https:\/\/talkpal.ai\/corrections-policy\/","ethicsPolicy":"https:\/\/talkpal.ai\/ethics-policy\/","diversityPolicy":"https:\/\/talkpal.ai\/diversity-policy\/","diversityStaffingReport":"https:\/\/talkpal.ai\/diversity-policy\/"}]}},"_links":{"self":[{"href":"https:\/\/talkpal.ai\/it\/wp-json\/wp\/v2\/vocabulary\/704839","targetHints":{"allow":["GET"]}}],"collection":[{"href":"https:\/\/talkpal.ai\/it\/wp-json\/wp\/v2\/vocabulary"}],"about":[{"href":"https:\/\/talkpal.ai\/it\/wp-json\/wp\/v2\/types\/vocabulary"}],"wp:featuredmedia":[{"embeddable":true,"href":"https:\/\/talkpal.ai\/it\/wp-json\/wp\/v2\/media\/1527743"}],"wp:attachment":[{"href":"https:\/\/talkpal.ai\/it\/wp-json\/wp\/v2\/media?parent=704839"}],"wp:term":[{"taxonomy":"vocabulary_language","embeddable":true,"href":"https:\/\/talkpal.ai\/it\/wp-json\/wp\/v2\/vocabulary_language?post=704839"}],"curies":[{"name":"wp","href":"https:\/\/api.w.org\/{rel}","templated":true}]}}